{"id":1044,"date":"2016-08-19T00:26:35","date_gmt":"2016-08-19T00:26:35","guid":{"rendered":"http:\/\/elan.commun-it.ca\/?page_id=1044"},"modified":"2025-12-17T16:38:19","modified_gmt":"2025-12-17T21:38:19","slug":"team-board","status":"publish","type":"page","link":"https:\/\/www.quebec-elan.org\/en\/team-board\/","title":{"rendered":"Team &#038; Board"},"content":{"rendered":"\n<style type=\"text\/css\" data-created_by=\"avia_inline_auto\" id=\"style-css-av-equj78-05d232acc6d3a51c4b1cf4da3f3d1723\">\n#top .av-special-heading.av-equj78-05d232acc6d3a51c4b1cf4da3f3d1723{\npadding-bottom:30px;\nfont-size:60px;\n}\nbody .av-special-heading.av-equj78-05d232acc6d3a51c4b1cf4da3f3d1723 .av-special-heading-tag .heading-char{\nfont-size:25px;\n}\n#top #wrap_all .av-special-heading.av-equj78-05d232acc6d3a51c4b1cf4da3f3d1723 .av-special-heading-tag{\nfont-size:60px;\n}\n.av-special-heading.av-equj78-05d232acc6d3a51c4b1cf4da3f3d1723 .av-subheading{\nfont-size:15px;\n}\n\n@media only screen and (min-width: 480px) and (max-width: 767px){ \n#top #wrap_all .av-special-heading.av-equj78-05d232acc6d3a51c4b1cf4da3f3d1723 .av-special-heading-tag{\nfont-size:0.8em;\n}\n}\n\n@media only screen and (max-width: 479px){ \n#top #wrap_all .av-special-heading.av-equj78-05d232acc6d3a51c4b1cf4da3f3d1723 .av-special-heading-tag{\nfont-size:0.8em;\n}\n}\n<\/style>\n<div  class='av-special-heading av-equj78-05d232acc6d3a51c4b1cf4da3f3d1723 av-special-heading-h1 blockquote modern-quote modern-centered  avia-builder-el-0  el_before_av_heading  avia-builder-el-first  av-inherit-size'><h1 class='av-special-heading-tag '  itemprop=\"headline\"  >Team <span class='special_amp'>&amp;<\/span> Board<\/h1><div class=\"special-heading-border\"><div class=\"special-heading-inner-border\"><\/div><\/div><\/div>\n\n<style type=\"text\/css\" data-created_by=\"avia_inline_auto\" id=\"style-css-av-d7ipyc-52acdc2895f168412db62709176f52db\">\n#top .av-special-heading.av-d7ipyc-52acdc2895f168412db62709176f52db{\npadding-bottom:0;\nfont-size:42px;\n}\nbody .av-special-heading.av-d7ipyc-52acdc2895f168412db62709176f52db .av-special-heading-tag .heading-char{\nfont-size:25px;\n}\n#top #wrap_all .av-special-heading.av-d7ipyc-52acdc2895f168412db62709176f52db .av-special-heading-tag{\nfont-size:42px;\n}\n.av-special-heading.av-d7ipyc-52acdc2895f168412db62709176f52db .av-subheading{\nfont-size:15px;\n}\n\n@media only screen and (min-width: 480px) and (max-width: 767px){ \n#top #wrap_all .av-special-heading.av-d7ipyc-52acdc2895f168412db62709176f52db .av-special-heading-tag{\nfont-size:0.8em;\n}\n}\n\n@media only screen and (max-width: 479px){ \n#top #wrap_all .av-special-heading.av-d7ipyc-52acdc2895f168412db62709176f52db .av-special-heading-tag{\nfont-size:0.8em;\n}\n}\n<\/style>\n<div  class='av-special-heading av-d7ipyc-52acdc2895f168412db62709176f52db av-special-heading-h2 blockquote modern-quote  avia-builder-el-1  el_after_av_heading  el_before_av_hr  av-inherit-size av-linked-heading'><h2 class='av-special-heading-tag '  itemprop=\"headline\"  >Core Staff<\/h2><div class=\"special-heading-border\"><div class=\"special-heading-inner-border\"><\/div><\/div><\/div>\n\n<style type=\"text\/css\" data-created_by=\"avia_inline_auto\" id=\"style-css-av-k2rr9hhv-aefe49f2673f65dda70c4090a7fcd777\">\n#top .hr.av-k2rr9hhv-aefe49f2673f65dda70c4090a7fcd777{\nmargin-top:0px;\nmargin-bottom:0px;\n}\n.hr.av-k2rr9hhv-aefe49f2673f65dda70c4090a7fcd777 .hr-inner{\nwidth:100%;\nborder-color:rgba(0,0,0,0.15);\n}\n<\/style>\n<div  class='hr av-k2rr9hhv-aefe49f2673f65dda70c4090a7fcd777 hr-custom  avia-builder-el-2  el_after_av_heading  el_before_av_hr  hr-center hr-icon-no'><span class='hr-inner inner-border-av-border-thin'><span class=\"hr-inner-style\"><\/span><\/span><\/div>\n\n<style type=\"text\/css\" data-created_by=\"avia_inline_auto\" id=\"style-css-av-2spx7o-f8c35c8a61059326e398018bc61feb15\">\n#top .hr.hr-invisible.av-2spx7o-f8c35c8a61059326e398018bc61feb15{\nheight:50px;\n}\n<\/style>\n<div  class='hr av-2spx7o-f8c35c8a61059326e398018bc61feb15 hr-invisible  avia-builder-el-3  el_after_av_hr  el_before_av_one_third '><span class='hr-inner '><span class=\"hr-inner-style\"><\/span><\/span><\/div>\n\n<style type=\"text\/css\" data-created_by=\"avia_inline_auto\" id=\"style-css-av-279qxlg-45-1fe7a46b8087e385a9555138c9a295aa\">\n.flex_column.av-279qxlg-45-1fe7a46b8087e385a9555138c9a295aa{\nwidth:30.666666666667%;\nborder-radius:0px 0px 0px 0px;\npadding:0px 0px 0px 0px;\n}\n<\/style>\n<div  class='flex_column av-279qxlg-45-1fe7a46b8087e385a9555138c9a295aa av_one_third  avia-builder-el-4  el_after_av_hr  el_before_av_two_third  first flex_column_div av-zero-column-padding  '     ><style type=\"text\/css\" data-created_by=\"avia_inline_auto\" id=\"style-css-av-281z3dw-12be6362f88c665733cc46ae5cbdac09\">\n.avia-image-container.av-281z3dw-12be6362f88c665733cc46ae5cbdac09 img.avia_image{\nbox-shadow:none;\n}\n.avia-image-container.av-281z3dw-12be6362f88c665733cc46ae5cbdac09 .av-image-caption-overlay-center{\ncolor:#ffffff;\n}\n<\/style>\n<div  class='avia-image-container av-281z3dw-12be6362f88c665733cc46ae5cbdac09 av-styling-circle avia_animated_image av-animated-when-visible-95 pop-up avia-align-center  avia-builder-el-5  avia-builder-el-no-sibling '   itemprop=\"image\" itemscope=\"itemscope\" itemtype=\"https:\/\/schema.org\/ImageObject\" ><div class=\"avia-image-container-inner\"><div class=\"avia-image-overlay-wrap\"><img fetchpriority=\"high\" decoding=\"async\" fetchpriority=\"high\" fetchpriority=\"high\" class='wp-image-72497 avia-img-lazy-loading-not-72497 avia_image ' src=\"https:\/\/www.quebec-elan.org\/wp-content\/uploads\/2025\/10\/miranda-castravelli-1030x1030.jpg\" alt='' title='miranda castravelli'  height=\"1030\" width=\"1030\"  itemprop=\"thumbnailUrl\" srcset=\"https:\/\/www.quebec-elan.org\/wp-content\/uploads\/2025\/10\/miranda-castravelli-1030x1030.jpg 1030w, https:\/\/www.quebec-elan.org\/wp-content\/uploads\/2025\/10\/miranda-castravelli-300x300.jpg 300w, https:\/\/www.quebec-elan.org\/wp-content\/uploads\/2025\/10\/miranda-castravelli-80x80.jpg 80w, https:\/\/www.quebec-elan.org\/wp-content\/uploads\/2025\/10\/miranda-castravelli-768x768.jpg 768w, https:\/\/www.quebec-elan.org\/wp-content\/uploads\/2025\/10\/miranda-castravelli-36x36.jpg 36w, https:\/\/www.quebec-elan.org\/wp-content\/uploads\/2025\/10\/miranda-castravelli-180x180.jpg 180w, https:\/\/www.quebec-elan.org\/wp-content\/uploads\/2025\/10\/miranda-castravelli-705x705.jpg 705w, https:\/\/www.quebec-elan.org\/wp-content\/uploads\/2025\/10\/miranda-castravelli.jpg 1080w\" sizes=\"(max-width: 1030px) 100vw, 1030px\" \/><\/div><\/div><\/div><\/div>\n<style type=\"text\/css\" data-created_by=\"avia_inline_auto\" id=\"style-css-av-279qxlg-42-f49a55e42d7daa3ddeb13b82b435c762\">\n.flex_column.av-279qxlg-42-f49a55e42d7daa3ddeb13b82b435c762{\nwidth:65.333333333333%;\nmargin-left:4%;\nborder-radius:0px 0px 0px 0px;\npadding:0px 0px 0px 0px;\n}\n<\/style>\n<div  class='flex_column av-279qxlg-42-f49a55e42d7daa3ddeb13b82b435c762 av_two_third  avia-builder-el-6  el_after_av_one_third  el_before_av_one_third  flex_column_div av-zero-column-padding  '     ><p>\n<style type=\"text\/css\" data-created_by=\"avia_inline_auto\" id=\"style-css-av-9jykes-59f45ffecc92d364ac84571ba52d55fa\">\n#top .av-special-heading.av-9jykes-59f45ffecc92d364ac84571ba52d55fa{\npadding-bottom:10px;\nfont-size:30px;\n}\nbody .av-special-heading.av-9jykes-59f45ffecc92d364ac84571ba52d55fa .av-special-heading-tag .heading-char{\nfont-size:25px;\n}\n#top #wrap_all .av-special-heading.av-9jykes-59f45ffecc92d364ac84571ba52d55fa .av-special-heading-tag{\nfont-size:30px;\n}\n.av-special-heading.av-9jykes-59f45ffecc92d364ac84571ba52d55fa .av-subheading{\nfont-size:15px;\n}\n\n@media only screen and (min-width: 480px) and (max-width: 767px){ \n#top #wrap_all .av-special-heading.av-9jykes-59f45ffecc92d364ac84571ba52d55fa .av-special-heading-tag{\nfont-size:0.8em;\n}\n}\n\n@media only screen and (max-width: 479px){ \n#top #wrap_all .av-special-heading.av-9jykes-59f45ffecc92d364ac84571ba52d55fa .av-special-heading-tag{\nfont-size:0.8em;\n}\n}\n<\/style>\n<div  class='av-special-heading av-9jykes-59f45ffecc92d364ac84571ba52d55fa av-special-heading-h3 blockquote modern-quote  avia-builder-el-7  el_before_av_hr  avia-builder-el-first  av-inherit-size av-linked-heading'><h3 class='av-special-heading-tag '  itemprop=\"headline\"  >Miranda Castravelli<\/h3><div class='av-subheading av-subheading_below'><p>Executive Director<\/p>\n<\/div><div class=\"special-heading-border\"><div class=\"special-heading-inner-border\"><\/div><\/div><\/div><br \/>\n\n<style type=\"text\/css\" data-created_by=\"avia_inline_auto\" id=\"style-css-av-m7c8eb13-e8d043dc01df05a9ff974d791e31cdcd\">\n#top .hr.hr-invisible.av-m7c8eb13-e8d043dc01df05a9ff974d791e31cdcd{\nheight:50px;\n}\n<\/style>\n<div  class='hr av-m7c8eb13-e8d043dc01df05a9ff974d791e31cdcd hr-invisible  avia-builder-el-8  el_after_av_heading  el_before_av_button '><span class='hr-inner '><span class=\"hr-inner-style\"><\/span><\/span><\/div><br \/>\n<div  class='avia-button-wrap av-l9tsosv5-c4dd3bd7e5017eeadb8dbbc7968215a9-wrap avia-button-left  avia-builder-el-9  el_after_av_hr  el_before_av_tab_container '><a href='https:\/\/www.quebec-elan.org\/en\/contact-miranda-castravelli\/'  class='avia-button av-l9tsosv5-c4dd3bd7e5017eeadb8dbbc7968215a9 av-link-btn avia-icon_select-no avia-size-medium avia-position-left avia-color-theme-color'   aria-label=\"Contact Miranda Castravelli\"><span class='avia_iconbox_title' >Contact Miranda Castravelli<\/span><\/a><\/div><br \/>\n<div  class='tabcontainer av-m7142ywq-4cd230775db1aa795ae0215219b42d39 sidebar_tab sidebar_tab_left  avia-builder-el-10  el_after_av_button  avia-builder-el-last  noborder_tabs'>\n<section class='av_tab_section av_tab_section av-m7142x5m-8063d3ce85c6f046f813a9237bc15f0f'  itemscope=\"itemscope\" itemtype=\"https:\/\/schema.org\/CreativeWork\" ><div id='tab-id-1-tab' class='tab active_tab' role='tab' aria-selected=\"true\" tabindex=\"0\" data-fake-id='#tab-id-1' aria-controls='tab-id-1-content'  itemprop=\"headline\" ><span class='tab_icon avia-iconfont avia-font-entypo-fontello' data-av_icon='\ue805' data-av_iconfont='entypo-fontello' ><\/span>Contact Miranda for:<\/div><div id='tab-id-1-content' class='tab_content active_tab_content' role='tabpanel' aria-labelledby='tab-id-1-tab' aria-hidden=\"false\"><div class='tab_inner_content invers-color'  itemprop=\"text\" ><ul>\n<li><span data-contrast=\"auto\">Partnerships between organizations<\/span><span data-ccp-props=\"{}\">\u00a0<\/span><\/li>\n<li><span data-contrast=\"auto\">If you are a funding body and are looking to launch new initiatives<\/span><span data-ccp-props=\"{}\">\u00a0<\/span><\/li>\n<li><span data-contrast=\"auto\">If you are a community organization looking to collaborate<\/span><span data-ccp-props=\"{}\">\u00a0<\/span><\/li>\n<li><span data-contrast=\"auto\">Advocacy initiatives<\/span><span data-ccp-props=\"{}\">\u00a0<\/span><\/li>\n<\/ul>\n<\/div><\/div><\/section>\n<section class='av_tab_section av_tab_section av-m7142a1d-12a7d4acece060d35de65cbf7eed4f25'  itemscope=\"itemscope\" itemtype=\"https:\/\/schema.org\/CreativeWork\" ><div id='tab-id-2-tab' class='tab' role='tab' aria-selected=\"false\" tabindex=\"0\" data-fake-id='#tab-id-2' aria-controls='tab-id-2-content'  itemprop=\"headline\" >About Miranda<\/div><div id='tab-id-2-content' class='tab_content' role='tabpanel' aria-labelledby='tab-id-2-tab' aria-hidden=\"true\"><div class='tab_inner_content invers-color'  itemprop=\"text\" ><p><strong>Miranda Castravelli<\/strong> (she\/her\/hers) has walked a varied path. She is a veteran of the film industry, having produced and delivered multi-million dollar productions to Buena Vista, Viacom, Sony and a host of others.\u00a0 She has studied English literature, art history, interior design, and law. She has worked in the arts, education, film, sales, and technology. She even opened the very first foreign-owned language school in the province of Gyeonggi-do, South Korea. Despite the variation of subject matter, all of these endeavours were connected by two things: a desire for improvement, and a commitment to empowering her teams to reach new heights. She is a multi-disciplinary artist, mostly focusing on writing and visual arts.<\/p>\n<p>She was President of the Women&#8217;s Art Society of Montreal (est. 1894) for almost 5 years, making her the second-longest running president in the organization&#8217;s history. During her tenure, the organization reached\u00a0 a record\u00a0number of members, and re-opened itself to its original mission of &#8220;art for good&#8221;, partnering with large charities in the Montreal area to use the power of art to effect social change. She hopes to continue her mission for artist advocacy into the future.<\/p>\n<\/div><\/div><\/section>\n<\/div><\/p><\/div><\/p>\n\n<style type=\"text\/css\" data-created_by=\"avia_inline_auto\" id=\"style-css-av-assxp0-fb860f309b7c942bc48c9a38099210a3\">\n.flex_column.av-assxp0-fb860f309b7c942bc48c9a38099210a3{\nwidth:30.666666666667%;\nborder-radius:0px 0px 0px 0px;\npadding:0px 0px 0px 0px;\n}\n<\/style>\n<div  class='flex_column av-assxp0-fb860f309b7c942bc48c9a38099210a3 av_one_third  avia-builder-el-11  el_after_av_two_third  el_before_av_two_third  first flex_column_div av-zero-column-padding  column-top-margin'     ><style type=\"text\/css\" data-created_by=\"avia_inline_auto\" id=\"style-css-av-8w1sr8-e13990aa640e9cb0c3e7a70f1de5ec77\">\n.avia-image-container.av-8w1sr8-e13990aa640e9cb0c3e7a70f1de5ec77 img.avia_image{\nbox-shadow:none;\n}\n.avia-image-container.av-8w1sr8-e13990aa640e9cb0c3e7a70f1de5ec77 .av-image-caption-overlay-center{\ncolor:#ffffff;\n}\n<\/style>\n<div  class='avia-image-container av-8w1sr8-e13990aa640e9cb0c3e7a70f1de5ec77 av-styling-circle avia_animated_image av-animated-when-visible-95 pop-up avia-align-center  avia-builder-el-12  avia-builder-el-no-sibling '   itemprop=\"image\" itemscope=\"itemscope\" itemtype=\"https:\/\/schema.org\/ImageObject\" ><div class=\"avia-image-container-inner\"><div class=\"avia-image-overlay-wrap\"><img fetchpriority=\"high\" decoding=\"async\" fetchpriority=\"high\" fetchpriority=\"high\" class='wp-image-46964 avia-img-lazy-loading-not-46964 avia_image ' src=\"https:\/\/www.quebec-elan.org\/wp-content\/uploads\/2022\/11\/ELAN_Team_Nick-1.jpg\" alt='' title='ELAN_Team_Nick'  height=\"380\" width=\"380\"  itemprop=\"thumbnailUrl\" srcset=\"https:\/\/www.quebec-elan.org\/wp-content\/uploads\/2022\/11\/ELAN_Team_Nick-1.jpg 380w, https:\/\/www.quebec-elan.org\/wp-content\/uploads\/2022\/11\/ELAN_Team_Nick-1-300x300.jpg 300w, https:\/\/www.quebec-elan.org\/wp-content\/uploads\/2022\/11\/ELAN_Team_Nick-1-100x100.jpg 100w, https:\/\/www.quebec-elan.org\/wp-content\/uploads\/2022\/11\/ELAN_Team_Nick-1-80x80.jpg 80w, https:\/\/www.quebec-elan.org\/wp-content\/uploads\/2022\/11\/ELAN_Team_Nick-1-36x36.jpg 36w, https:\/\/www.quebec-elan.org\/wp-content\/uploads\/2022\/11\/ELAN_Team_Nick-1-180x180.jpg 180w, https:\/\/www.quebec-elan.org\/wp-content\/uploads\/2022\/11\/ELAN_Team_Nick-1-120x120.jpg 120w, https:\/\/www.quebec-elan.org\/wp-content\/uploads\/2022\/11\/ELAN_Team_Nick-1-250x250.jpg 250w\" sizes=\"(max-width: 380px) 100vw, 380px\" \/><\/div><\/div><\/div><\/div>\n\n<style type=\"text\/css\" data-created_by=\"avia_inline_auto\" id=\"style-css-av-6zxt5g-0fe8b997d85af60381226e72e0338101\">\n.flex_column.av-6zxt5g-0fe8b997d85af60381226e72e0338101{\nwidth:65.333333333333%;\nmargin-left:4%;\nborder-radius:0px 0px 0px 0px;\npadding:0px 0px 0px 0px;\n}\n<\/style>\n<div  class='flex_column av-6zxt5g-0fe8b997d85af60381226e72e0338101 av_two_third  avia-builder-el-13  el_after_av_one_third  el_before_av_one_third  flex_column_div av-zero-column-padding  column-top-margin'     ><p>\n<style type=\"text\/css\" data-created_by=\"avia_inline_auto\" id=\"style-css-av-m23ou396-d82aee86c78cd5b800c45a0af2aa68c7\">\n#top .av-special-heading.av-m23ou396-d82aee86c78cd5b800c45a0af2aa68c7{\npadding-bottom:10px;\nfont-size:30px;\n}\nbody .av-special-heading.av-m23ou396-d82aee86c78cd5b800c45a0af2aa68c7 .av-special-heading-tag .heading-char{\nfont-size:25px;\n}\n#top #wrap_all .av-special-heading.av-m23ou396-d82aee86c78cd5b800c45a0af2aa68c7 .av-special-heading-tag{\nfont-size:30px;\n}\n.av-special-heading.av-m23ou396-d82aee86c78cd5b800c45a0af2aa68c7 .av-subheading{\nfont-size:15px;\n}\n\n@media only screen and (min-width: 480px) and (max-width: 767px){ \n#top #wrap_all .av-special-heading.av-m23ou396-d82aee86c78cd5b800c45a0af2aa68c7 .av-special-heading-tag{\nfont-size:0.8em;\n}\n}\n\n@media only screen and (max-width: 479px){ \n#top #wrap_all .av-special-heading.av-m23ou396-d82aee86c78cd5b800c45a0af2aa68c7 .av-special-heading-tag{\nfont-size:0.8em;\n}\n}\n<\/style>\n<div  class='av-special-heading av-m23ou396-d82aee86c78cd5b800c45a0af2aa68c7 av-special-heading-h3 blockquote modern-quote  avia-builder-el-14  el_before_av_hr  avia-builder-el-first  av-inherit-size av-linked-heading'><h3 class='av-special-heading-tag '  itemprop=\"headline\"  >Nick Maturo<\/h3><div class='av-subheading av-subheading_below'><p>Director of Programming<\/p>\n<\/div><div class=\"special-heading-border\"><div class=\"special-heading-inner-border\"><\/div><\/div><\/div><br \/>\n\n<style type=\"text\/css\" data-created_by=\"avia_inline_auto\" id=\"style-css-av-ebvp1w-1a8e80ea94ea88ed3375c837a78d2175\">\n#top .hr.hr-invisible.av-ebvp1w-1a8e80ea94ea88ed3375c837a78d2175{\nheight:50px;\n}\n<\/style>\n<div  class='hr av-ebvp1w-1a8e80ea94ea88ed3375c837a78d2175 hr-invisible  avia-builder-el-15  el_after_av_heading  el_before_av_button '><span class='hr-inner '><span class=\"hr-inner-style\"><\/span><\/span><\/div><br \/>\n<div  class='avia-button-wrap av-m23p7y6x-24c9d604393e88e350abd9b812d934d7-wrap avia-button-left  avia-builder-el-16  el_after_av_hr  el_before_av_tab_container '><a href='https:\/\/www.quebec-elan.org\/contact-nick-maturo\/'  class='avia-button av-m23p7y6x-24c9d604393e88e350abd9b812d934d7 av-link-btn avia-icon_select-no avia-size-medium avia-position-left avia-color-theme-color'   aria-label=\"Contact Nick Maturo\"><span class='avia_iconbox_title' >Contact Nick Maturo<\/span><\/a><\/div><br \/>\n<div  class='tabcontainer av-m714b6vh-48495179cf0f2fd4bec802f00ee888bc sidebar_tab sidebar_tab_left  avia-builder-el-17  el_after_av_button  avia-builder-el-last  noborder_tabs'>\n<section class='av_tab_section av_tab_section av-m714b1ti-cab9d04fb66a122d482ad199507d77f4'  itemscope=\"itemscope\" itemtype=\"https:\/\/schema.org\/CreativeWork\" ><div id='tab-id-3-tab' class='tab active_tab' role='tab' aria-selected=\"true\" tabindex=\"0\" data-fake-id='#tab-id-3' aria-controls='tab-id-3-content'  itemprop=\"headline\" ><span class='tab_icon avia-iconfont avia-font-entypo-fontello' data-av_icon='\ue805' data-av_iconfont='entypo-fontello' ><\/span>Contact Nick for:<\/div><div id='tab-id-3-content' class='tab_content active_tab_content' role='tabpanel' aria-labelledby='tab-id-3-tab' aria-hidden=\"false\"><div class='tab_inner_content invers-color'  itemprop=\"text\" ><ul>\n<li data-leveltext=\"-\" data-font=\"Aptos\" data-listid=\"1\" data-list-defn-props=\"{\" aria-setsize=\"-1\" data-aria-posinset=\"1\" data-aria-level=\"1\"><span data-contrast=\"auto\">Information regarding ELAN Projects<\/span><span data-ccp-props=\"{}\">\u00a0<\/span><\/li>\n<li data-leveltext=\"-\" data-font=\"Aptos\" data-listid=\"1\" data-list-defn-props=\"{\" aria-setsize=\"-1\" data-aria-posinset=\"1\" data-aria-level=\"1\"><span data-contrast=\"auto\">Human Resources<\/span><span data-ccp-props=\"{}\">\u00a0<\/span><\/li>\n<li data-leveltext=\"-\" data-font=\"Aptos\" data-listid=\"1\" data-list-defn-props=\"{\" aria-setsize=\"-1\" data-aria-posinset=\"1\" data-aria-level=\"1\"><span data-contrast=\"auto\">Regional Activities and Initiatives<\/span><span data-ccp-props=\"{}\">\u00a0<\/span><\/li>\n<li data-leveltext=\"-\" data-font=\"Aptos\" data-listid=\"1\" data-list-defn-props=\"{\" aria-setsize=\"-1\" data-aria-posinset=\"1\" data-aria-level=\"1\"><span data-contrast=\"auto\">General ELAN Programming Inquiries<\/span><span data-ccp-props=\"{}\">\u00a0<\/span><\/li>\n<\/ul>\n<\/div><\/div><\/section>\n<section class='av_tab_section av_tab_section av-m7149o0z-2e98848d307b0c07a0c41964df4a6bfd'  itemscope=\"itemscope\" itemtype=\"https:\/\/schema.org\/CreativeWork\" ><div id='tab-id-4-tab' class='tab' role='tab' aria-selected=\"false\" tabindex=\"0\" data-fake-id='#tab-id-4' aria-controls='tab-id-4-content'  itemprop=\"headline\" >About Nick<\/div><div id='tab-id-4-content' class='tab_content' role='tabpanel' aria-labelledby='tab-id-4-tab' aria-hidden=\"true\"><div class='tab_inner_content invers-color'  itemprop=\"text\" ><p><strong>Nick Maturo<\/strong> (he\/him\/his) holds an M.A. in Communications Studies from McGill University and a B.F.A. in Electroacoustic Studies from Concordia University. His ongoing research considers musician labour and the role of institutions within the rapidly evolving field of online music distribution. As an artist, Nick has been active in Montr\u00e9al\u2019s experimental music community for over ten years and has performed at the <a href=\"https:\/\/suoniperilpopolo.org\/\" target=\"_blank\" rel=\"noopener noreferrer\">Suoni Per Il Popolo<\/a> and <a href=\"http:\/\/www.mutek.org\/en\/\" target=\"_blank\" rel=\"noopener noreferrer\">MUTEK<\/a> festivals.<\/p>\n<\/div><\/div><\/section>\n<\/div><\/p><\/div>\n\n<style type=\"text\/css\" data-created_by=\"avia_inline_auto\" id=\"style-css-av-d48ep0-9bfac28046594a4acffdb4a4d033dfd5\">\n.flex_column.av-d48ep0-9bfac28046594a4acffdb4a4d033dfd5{\nwidth:30.666666666667%;\nborder-radius:0px 0px 0px 0px;\npadding:0px 0px 0px 0px;\n}\n<\/style>\n<div  class='flex_column av-d48ep0-9bfac28046594a4acffdb4a4d033dfd5 av_one_third  avia-builder-el-18  el_after_av_two_third  el_before_av_two_third  first flex_column_div av-zero-column-padding  column-top-margin'     ><style type=\"text\/css\" data-created_by=\"avia_inline_auto\" id=\"style-css-av-b1jd50-e4a5b4cd6a8037e8f4c652628dba02da\">\n.avia-image-container.av-b1jd50-e4a5b4cd6a8037e8f4c652628dba02da img.avia_image{\nbox-shadow:none;\n}\n.avia-image-container.av-b1jd50-e4a5b4cd6a8037e8f4c652628dba02da .av-image-caption-overlay-center{\ncolor:#ffffff;\n}\n<\/style>\n<div  class='avia-image-container av-b1jd50-e4a5b4cd6a8037e8f4c652628dba02da av-styling-circle avia_animated_image av-animated-when-visible-95 pop-up avia-align-center  avia-builder-el-19  avia-builder-el-no-sibling '   itemprop=\"image\" itemscope=\"itemscope\" itemtype=\"https:\/\/schema.org\/ImageObject\" ><div class=\"avia-image-container-inner\"><div class=\"avia-image-overlay-wrap\"><img fetchpriority=\"high\" decoding=\"async\" fetchpriority=\"high\" fetchpriority=\"high\" class='wp-image-46972 avia-img-lazy-loading-not-46972 avia_image ' src=\"https:\/\/www.quebec-elan.org\/wp-content\/uploads\/2022\/11\/ELAN_Team_Deborah-1.jpg\" alt='' title='ELAN_Team_Deborah'  height=\"380\" width=\"380\"  itemprop=\"thumbnailUrl\" srcset=\"https:\/\/www.quebec-elan.org\/wp-content\/uploads\/2022\/11\/ELAN_Team_Deborah-1.jpg 380w, https:\/\/www.quebec-elan.org\/wp-content\/uploads\/2022\/11\/ELAN_Team_Deborah-1-300x300.jpg 300w, https:\/\/www.quebec-elan.org\/wp-content\/uploads\/2022\/11\/ELAN_Team_Deborah-1-100x100.jpg 100w, https:\/\/www.quebec-elan.org\/wp-content\/uploads\/2022\/11\/ELAN_Team_Deborah-1-80x80.jpg 80w, https:\/\/www.quebec-elan.org\/wp-content\/uploads\/2022\/11\/ELAN_Team_Deborah-1-36x36.jpg 36w, https:\/\/www.quebec-elan.org\/wp-content\/uploads\/2022\/11\/ELAN_Team_Deborah-1-180x180.jpg 180w, https:\/\/www.quebec-elan.org\/wp-content\/uploads\/2022\/11\/ELAN_Team_Deborah-1-120x120.jpg 120w, https:\/\/www.quebec-elan.org\/wp-content\/uploads\/2022\/11\/ELAN_Team_Deborah-1-250x250.jpg 250w\" sizes=\"(max-width: 380px) 100vw, 380px\" \/><\/div><\/div><\/div><\/div>\n\n<style type=\"text\/css\" data-created_by=\"avia_inline_auto\" id=\"style-css-av-9d3ft0-3a11c6ec92ab7b4f8d57caf660ff8f4e\">\n.flex_column.av-9d3ft0-3a11c6ec92ab7b4f8d57caf660ff8f4e{\nwidth:65.333333333333%;\nmargin-left:4%;\nborder-radius:0px 0px 0px 0px;\npadding:0px 0px 0px 0px;\n}\n<\/style>\n<div  class='flex_column av-9d3ft0-3a11c6ec92ab7b4f8d57caf660ff8f4e av_two_third  avia-builder-el-20  el_after_av_one_third  el_before_av_one_third  flex_column_div av-zero-column-padding  column-top-margin'     ><p>\n<style type=\"text\/css\" data-created_by=\"avia_inline_auto\" id=\"style-css-av-7qllmc-e1d5d4801cbe9371710d19105e58ed52\">\n#top .av-special-heading.av-7qllmc-e1d5d4801cbe9371710d19105e58ed52{\npadding-bottom:10px;\nfont-size:30px;\n}\nbody .av-special-heading.av-7qllmc-e1d5d4801cbe9371710d19105e58ed52 .av-special-heading-tag .heading-char{\nfont-size:25px;\n}\n#top #wrap_all .av-special-heading.av-7qllmc-e1d5d4801cbe9371710d19105e58ed52 .av-special-heading-tag{\nfont-size:30px;\n}\n.av-special-heading.av-7qllmc-e1d5d4801cbe9371710d19105e58ed52 .av-subheading{\nfont-size:15px;\n}\n\n@media only screen and (min-width: 480px) and (max-width: 767px){ \n#top #wrap_all .av-special-heading.av-7qllmc-e1d5d4801cbe9371710d19105e58ed52 .av-special-heading-tag{\nfont-size:0.8em;\n}\n}\n\n@media only screen and (max-width: 479px){ \n#top #wrap_all .av-special-heading.av-7qllmc-e1d5d4801cbe9371710d19105e58ed52 .av-special-heading-tag{\nfont-size:0.8em;\n}\n}\n<\/style>\n<div  class='av-special-heading av-7qllmc-e1d5d4801cbe9371710d19105e58ed52 av-special-heading-h3 blockquote modern-quote  avia-builder-el-21  el_before_av_hr  avia-builder-el-first  av-inherit-size av-linked-heading'><h3 class='av-special-heading-tag '  itemprop=\"headline\"  >Deborah Forde<\/h3><div class='av-subheading av-subheading_below'><p>Director of Operations<\/p>\n<\/div><div class=\"special-heading-border\"><div class=\"special-heading-inner-border\"><\/div><\/div><\/div><br \/>\n\n<style type=\"text\/css\" data-created_by=\"avia_inline_auto\" id=\"style-css-av-cbogis-a8b2f276559c395bdfe74660a2dfe5a1\">\n#top .hr.hr-invisible.av-cbogis-a8b2f276559c395bdfe74660a2dfe5a1{\nheight:50px;\n}\n<\/style>\n<div  class='hr av-cbogis-a8b2f276559c395bdfe74660a2dfe5a1 hr-invisible  avia-builder-el-22  el_after_av_heading  el_before_av_button '><span class='hr-inner '><span class=\"hr-inner-style\"><\/span><\/span><\/div><br \/>\n<div  class='avia-button-wrap av-l9tsbop3-cfd931baeb7c14ffbc145a99b43a9013-wrap avia-button-left  avia-builder-el-23  el_after_av_hr  el_before_av_tab_container '><a href='https:\/\/www.quebec-elan.org\/contact-deborah-forde\/'  class='avia-button av-l9tsbop3-cfd931baeb7c14ffbc145a99b43a9013 av-link-btn avia-icon_select-no avia-size-medium avia-position-left avia-color-theme-color'   aria-label=\"Contact Deborah Forde\"><span class='avia_iconbox_title' >Contact Deborah Forde<\/span><\/a><\/div><br \/>\n<div  class='tabcontainer av-m714uioh-d47739867aea5299bf2ce2ac54adc256 sidebar_tab sidebar_tab_left  avia-builder-el-24  el_after_av_button  avia-builder-el-last  noborder_tabs'>\n<section class='av_tab_section av_tab_section av-m714uewh-12c10acc3313f5269ecf340e2dd43232'  itemscope=\"itemscope\" itemtype=\"https:\/\/schema.org\/CreativeWork\" ><div id='tab-id-5-tab' class='tab active_tab' role='tab' aria-selected=\"true\" tabindex=\"0\" data-fake-id='#tab-id-5' aria-controls='tab-id-5-content'  itemprop=\"headline\" ><span class='tab_icon avia-iconfont avia-font-entypo-fontello' data-av_icon='\ue805' data-av_iconfont='entypo-fontello' ><\/span>Contact Deborah for:<\/div><div id='tab-id-5-content' class='tab_content active_tab_content' role='tabpanel' aria-labelledby='tab-id-5-tab' aria-hidden=\"false\"><div class='tab_inner_content invers-color'  itemprop=\"text\" ><ul>\n<li data-leveltext=\"-\" data-font=\"Aptos\" data-listid=\"5\" data-list-defn-props=\"{\"335552541\":1,\"335559685\":720,\"335559991\":360,\"469769226\":\"Aptos\",\"469769242\":&#091;8226&#093;,\"469777803\":\"left\",\"469777804\":\"-\",\"469777815\":\"hybridMultilevel\"}\" aria-setsize=\"-1\" data-aria-posinset=\"1\" data-aria-level=\"1\"><span data-contrast=\"auto\">Accounts receivable\/ payable<\/span><span data-ccp-props=\"{}\">\u00a0<\/span><\/li>\n<li data-leveltext=\"-\" data-font=\"Aptos\" data-listid=\"5\" data-list-defn-props=\"{\"335552541\":1,\"335559685\":720,\"335559991\":360,\"469769226\":\"Aptos\",\"469769242\":&#091;8226&#093;,\"469777803\":\"left\",\"469777804\":\"-\",\"469777815\":\"hybridMultilevel\"}\" aria-setsize=\"-1\" data-aria-posinset=\"1\" data-aria-level=\"1\"><span data-contrast=\"auto\">Administrative consultations<\/span><span data-ccp-props=\"{}\">\u00a0<\/span><\/li>\n<li data-leveltext=\"-\" data-font=\"Aptos\" data-listid=\"5\" data-list-defn-props=\"{\"335552541\":1,\"335559685\":720,\"335559991\":360,\"469769226\":\"Aptos\",\"469769242\":&#091;8226&#093;,\"469777803\":\"left\",\"469777804\":\"-\",\"469777815\":\"hybridMultilevel\"}\" aria-setsize=\"-1\" data-aria-posinset=\"1\" data-aria-level=\"1\"><span data-contrast=\"auto\">Board support<\/span><span data-ccp-props=\"{}\">\u00a0<\/span><\/li>\n<li data-leveltext=\"-\" data-font=\"Aptos\" data-listid=\"5\" data-list-defn-props=\"{\"335552541\":1,\"335559685\":720,\"335559991\":360,\"469769226\":\"Aptos\",\"469769242\":&#091;8226&#093;,\"469777803\":\"left\",\"469777804\":\"-\",\"469777815\":\"hybridMultilevel\"}\" aria-setsize=\"-1\" data-aria-posinset=\"1\" data-aria-level=\"1\"><span data-contrast=\"auto\">Arts, Culture and Heritage Working group organization committee<\/span><span data-ccp-props=\"{}\">\u00a0<\/span><\/li>\n<li data-leveltext=\"-\" data-font=\"Aptos\" data-listid=\"5\" data-list-defn-props=\"{\"335552541\":1,\"335559685\":720,\"335559991\":360,\"469769226\":\"Aptos\",\"469769242\":&#091;8226&#093;,\"469777803\":\"left\",\"469777804\":\"-\",\"469777815\":\"hybridMultilevel\"}\" aria-setsize=\"-1\" data-aria-posinset=\"1\" data-aria-level=\"1\"><span data-contrast=\"auto\">Staff liaison for the following committees: SOTA COP, Arts and Culture Round Table, Education and Skills Development Round Table<\/span><span data-ccp-props=\"{}\">\u00a0<\/span><\/li>\n<\/ul>\n<\/div><\/div><\/section>\n<section class='av_tab_section av_tab_section av-m714t9t4-7a0e53d737baa2e8f8c07790a9141527'  itemscope=\"itemscope\" itemtype=\"https:\/\/schema.org\/CreativeWork\" ><div id='tab-id-6-tab' class='tab' role='tab' aria-selected=\"false\" tabindex=\"0\" data-fake-id='#tab-id-6' aria-controls='tab-id-6-content'  itemprop=\"headline\" >About Deborah<\/div><div id='tab-id-6-content' class='tab_content' role='tabpanel' aria-labelledby='tab-id-6-tab' aria-hidden=\"true\"><div class='tab_inner_content invers-color'  itemprop=\"text\" ><p><strong>Deborah Forde<\/strong> (she\/her\/hers) director, dramaturge, playwright arts administrator.<\/p>\n<p>In 1999, after over 20 years in community development, Deborah\u2019s work led her to the practice of professional community engaged arts through the study of Theatre for Development at Concordia. Emerging first as a director, with Bryan James\u2019s <em>Terminal,Terminal<\/em> and Rahul Varma\u2019s <em>State of Denial<\/em>, Deborah went on to spend two years supporting other emerging artists through <a href=\"http:\/\/www.blacktheatreworkshop.ca\/\" target=\"_blank\" rel=\"noopener noreferrer\">Black Theatre Workshop<\/a>\u2019s YouthWorks, and 3 years serving the English-speaking theatre community as Executive Director for the <a href=\"https:\/\/quebecdrama.org\/\" target=\"_blank\" rel=\"noopener noreferrer\">Quebec Drama Federation<\/a>. She has also recently directed the inaugural production of Canada\u2019s first Muslim theatre company, <a href=\"https:\/\/www.silkroadinstitute.ca\/\" target=\"_blank\" rel=\"noopener noreferrer\">Silk Road Institute,<\/a>\u00a0and is the former coordinator for <a href=\"https:\/\/www.teesriduniyatheatre.com\/\" target=\"_blank\" rel=\"noopener noreferrer\">Teesri Duniya Theatre<\/a> Fireworks program. Currently, Deborah is director of operations for ELAN and freelances with the goal of continuing to support emerging artists and facilitate community connection to, and through, theatre.<\/p>\n<\/div><\/div><\/section>\n<\/div><\/p><\/div>\n\n<style type=\"text\/css\" data-created_by=\"avia_inline_auto\" id=\"style-css-av-279qxlg-13b4fb255ef61c5ca43a6df258a654bf\">\n.flex_column.av-279qxlg-13b4fb255ef61c5ca43a6df258a654bf{\nwidth:30.666666666667%;\nborder-radius:0px 0px 0px 0px;\npadding:0px 0px 0px 0px;\n}\n<\/style>\n<div  class='flex_column av-279qxlg-13b4fb255ef61c5ca43a6df258a654bf av_one_third  avia-builder-el-25  el_after_av_two_third  el_before_av_two_third  first flex_column_div av-zero-column-padding  column-top-margin'     ><style type=\"text\/css\" data-created_by=\"avia_inline_auto\" id=\"style-css-av-2mhvvec-37e5b908410149d37afdd7dfe98f623d\">\n.avia-image-container.av-2mhvvec-37e5b908410149d37afdd7dfe98f623d img.avia_image{\nbox-shadow:none;\n}\n.avia-image-container.av-2mhvvec-37e5b908410149d37afdd7dfe98f623d .av-image-caption-overlay-center{\ncolor:#ffffff;\n}\n<\/style>\n<div  class='avia-image-container av-2mhvvec-37e5b908410149d37afdd7dfe98f623d av-styling-circle avia_animated_image av-animated-when-visible-95 pop-up avia-align-center  avia-builder-el-26  avia-builder-el-no-sibling '   itemprop=\"image\" itemscope=\"itemscope\" itemtype=\"https:\/\/schema.org\/ImageObject\" ><div class=\"avia-image-container-inner\"><div class=\"avia-image-overlay-wrap\"><img fetchpriority=\"high\" decoding=\"async\" fetchpriority=\"high\" fetchpriority=\"high\" class='wp-image-46980 avia-img-lazy-loading-not-46980 avia_image ' src=\"https:\/\/www.quebec-elan.org\/wp-content\/uploads\/2022\/11\/ELAN_Team_Lauren-1.jpg\" alt='' title='ELAN_Team_Lauren'  height=\"380\" width=\"380\"  itemprop=\"thumbnailUrl\" srcset=\"https:\/\/www.quebec-elan.org\/wp-content\/uploads\/2022\/11\/ELAN_Team_Lauren-1.jpg 380w, https:\/\/www.quebec-elan.org\/wp-content\/uploads\/2022\/11\/ELAN_Team_Lauren-1-300x300.jpg 300w, https:\/\/www.quebec-elan.org\/wp-content\/uploads\/2022\/11\/ELAN_Team_Lauren-1-100x100.jpg 100w, https:\/\/www.quebec-elan.org\/wp-content\/uploads\/2022\/11\/ELAN_Team_Lauren-1-80x80.jpg 80w, https:\/\/www.quebec-elan.org\/wp-content\/uploads\/2022\/11\/ELAN_Team_Lauren-1-36x36.jpg 36w, https:\/\/www.quebec-elan.org\/wp-content\/uploads\/2022\/11\/ELAN_Team_Lauren-1-180x180.jpg 180w, https:\/\/www.quebec-elan.org\/wp-content\/uploads\/2022\/11\/ELAN_Team_Lauren-1-120x120.jpg 120w, https:\/\/www.quebec-elan.org\/wp-content\/uploads\/2022\/11\/ELAN_Team_Lauren-1-250x250.jpg 250w\" sizes=\"(max-width: 380px) 100vw, 380px\" \/><\/div><\/div><\/div><\/div>\n\n<style type=\"text\/css\" data-created_by=\"avia_inline_auto\" id=\"style-css-av-279qxlg-46-a9d79668d67293064acd60188a9dc48a\">\n.flex_column.av-279qxlg-46-a9d79668d67293064acd60188a9dc48a{\nwidth:65.333333333333%;\nmargin-left:4%;\nborder-radius:0px 0px 0px 0px;\npadding:0px 0px 0px 0px;\n}\n<\/style>\n<div  class='flex_column av-279qxlg-46-a9d79668d67293064acd60188a9dc48a av_two_third  avia-builder-el-27  el_after_av_one_third  el_before_av_one_third  flex_column_div av-zero-column-padding  column-top-margin'     ><p>\n<style type=\"text\/css\" data-created_by=\"avia_inline_auto\" id=\"style-css-av-56cp5g-3cf38f548acc63f1bf9cf1f945a3453d\">\n#top .av-special-heading.av-56cp5g-3cf38f548acc63f1bf9cf1f945a3453d{\npadding-bottom:10px;\nfont-size:30px;\n}\nbody .av-special-heading.av-56cp5g-3cf38f548acc63f1bf9cf1f945a3453d .av-special-heading-tag .heading-char{\nfont-size:25px;\n}\n#top #wrap_all .av-special-heading.av-56cp5g-3cf38f548acc63f1bf9cf1f945a3453d .av-special-heading-tag{\nfont-size:30px;\n}\n.av-special-heading.av-56cp5g-3cf38f548acc63f1bf9cf1f945a3453d .av-subheading{\nfont-size:15px;\n}\n\n@media only screen and (min-width: 480px) and (max-width: 767px){ \n#top #wrap_all .av-special-heading.av-56cp5g-3cf38f548acc63f1bf9cf1f945a3453d .av-special-heading-tag{\nfont-size:0.8em;\n}\n}\n\n@media only screen and (max-width: 479px){ \n#top #wrap_all .av-special-heading.av-56cp5g-3cf38f548acc63f1bf9cf1f945a3453d .av-special-heading-tag{\nfont-size:0.8em;\n}\n}\n<\/style>\n<div  class='av-special-heading av-56cp5g-3cf38f548acc63f1bf9cf1f945a3453d av-special-heading-h3 blockquote modern-quote  avia-builder-el-28  el_before_av_hr  avia-builder-el-first  av-inherit-size av-linked-heading'><h3 class='av-special-heading-tag '  itemprop=\"headline\"  >Lauren Katherine Clinton<\/h3><div class='av-subheading av-subheading_below'><p>Communications &#038; Outreach Manager<\/p>\n<\/div><div class=\"special-heading-border\"><div class=\"special-heading-inner-border\"><\/div><\/div><\/div><br \/>\n\n<style type=\"text\/css\" data-created_by=\"avia_inline_auto\" id=\"style-css-av-a5lgj8-770151d599effec3e60d913af07a7d94\">\n#top .hr.hr-invisible.av-a5lgj8-770151d599effec3e60d913af07a7d94{\nheight:50px;\n}\n<\/style>\n<div  class='hr av-a5lgj8-770151d599effec3e60d913af07a7d94 hr-invisible  avia-builder-el-29  el_after_av_heading  el_before_av_button '><span class='hr-inner '><span class=\"hr-inner-style\"><\/span><\/span><\/div><br \/>\n<div  class='avia-button-wrap av-l9tsnuaz-86305df954b023e79518752ad54a8e39-wrap avia-button-left  avia-builder-el-30  el_after_av_hr  el_before_av_tab_container '><a href='https:\/\/www.quebec-elan.org\/contact-lauren-katherine-clinton\/'  class='avia-button av-l9tsnuaz-86305df954b023e79518752ad54a8e39 av-link-btn avia-icon_select-no avia-size-medium avia-position-left avia-color-theme-color'   aria-label=\"Contact Lauren Katherine Clinton\"><span class='avia_iconbox_title' >Contact Lauren Katherine Clinton<\/span><\/a><\/div><br \/>\n<div  class='tabcontainer av-m714y01p-20834976ce5d08889c303638ba58d539 sidebar_tab sidebar_tab_left  avia-builder-el-31  el_after_av_button  avia-builder-el-last  noborder_tabs'>\n<section class='av_tab_section av_tab_section av-m714xvlz-b99195f1c549dc1192ec6457e2dcc61c'  itemscope=\"itemscope\" itemtype=\"https:\/\/schema.org\/CreativeWork\" ><div id='tab-id-7-tab' class='tab active_tab' role='tab' aria-selected=\"true\" tabindex=\"0\" data-fake-id='#tab-id-7' aria-controls='tab-id-7-content'  itemprop=\"headline\" ><span class='tab_icon avia-iconfont avia-font-entypo-fontello' data-av_icon='\ue805' data-av_iconfont='entypo-fontello' ><\/span>Contact Lauren for:<\/div><div id='tab-id-7-content' class='tab_content active_tab_content' role='tabpanel' aria-labelledby='tab-id-7-tab' aria-hidden=\"false\"><div class='tab_inner_content invers-color'  itemprop=\"text\" ><ul>\n<li data-leveltext=\"-\" data-font=\"Aptos\" data-listid=\"4\" data-list-defn-props=\"{\" aria-setsize=\"-1\" data-aria-posinset=\"1\" data-aria-level=\"1\"><span data-contrast=\"auto\">Coordinating media interviews<\/span><span data-ccp-props=\"{}\">\u00a0<\/span><\/li>\n<li data-leveltext=\"-\" data-font=\"Aptos\" data-listid=\"4\" data-list-defn-props=\"{\" aria-setsize=\"-1\" data-aria-posinset=\"1\" data-aria-level=\"1\"><span data-contrast=\"auto\">Website questions<\/span><span data-ccp-props=\"{}\">\u00a0<\/span><\/li>\n<li data-leveltext=\"-\" data-font=\"Aptos\" data-listid=\"4\" data-list-defn-props=\"{\" aria-setsize=\"-1\" data-aria-posinset=\"1\" data-aria-level=\"1\">ELAN&#8217;s Communications Policy<\/li>\n<li data-leveltext=\"-\" data-font=\"Aptos\" data-listid=\"4\" data-list-defn-props=\"{\" aria-setsize=\"-1\" data-aria-posinset=\"1\" data-aria-level=\"1\">ELAN branding questions<\/li>\n<\/ul>\n<\/div><\/div><\/section>\n<section class='av_tab_section av_tab_section av-m714vlcg-710173279a960d5be91d86fdc17dd289'  itemscope=\"itemscope\" itemtype=\"https:\/\/schema.org\/CreativeWork\" ><div id='tab-id-8-tab' class='tab' role='tab' aria-selected=\"false\" tabindex=\"0\" data-fake-id='#tab-id-8' aria-controls='tab-id-8-content'  itemprop=\"headline\" >About Lauren<\/div><div id='tab-id-8-content' class='tab_content' role='tabpanel' aria-labelledby='tab-id-8-tab' aria-hidden=\"true\"><div class='tab_inner_content invers-color'  itemprop=\"text\" ><p><strong>Lauren Katherine Clinton<\/strong> (she\/her\/hers) is a singer, comedian, songwriter, producer, and writer. In Toronto she studied music theatre at Etobicoke School of the Arts before heading west to the University of Victoria for a BFA in Creative Writing. In Montreal she completed an MA in English Literature with a creative writing thesis at McGill. Lauren has built a career performing as <a href=\"https:\/\/www.loulaurencemusic.com\/\" target=\"_blank\" rel=\"noopener\">Lou Laurence<\/a>. Most recently, she has been performing comedy, improv, and music in both English and in French, participating in festivals like Montreal Sketchfest, Toronto Sketch Comedy Festival, Newfoundland &#038; Labrador Sketchfest, Comedy is Art Festival (Toronto). In 2024, she has been touring her award-winning solo show, <em>Love, Sharks &#038; Frenching: a hot date w\/ Lou Laurence<\/em> across Canada.<\/p>\n<\/div><\/div><\/section>\n<\/div><\/p><\/div>\n\n<style type=\"text\/css\" data-created_by=\"avia_inline_auto\" id=\"style-css-av-87cyas-17282c07f566d711beef018740a3f130\">\n.flex_column.av-87cyas-17282c07f566d711beef018740a3f130{\nwidth:30.666666666667%;\nborder-radius:0px 0px 0px 0px;\npadding:0px 0px 0px 0px;\n}\n<\/style>\n<div  class='flex_column av-87cyas-17282c07f566d711beef018740a3f130 av_one_third  avia-builder-el-32  el_after_av_two_third  el_before_av_three_fifth  first flex_column_div av-zero-column-padding  column-top-margin'     ><style type=\"text\/css\" data-created_by=\"avia_inline_auto\" id=\"style-css-av-m5o9k6cn-e2044fe233704b7d4ff08a9617e3fa94\">\n.avia-image-container.av-m5o9k6cn-e2044fe233704b7d4ff08a9617e3fa94 img.avia_image{\nbox-shadow:none;\n}\n.avia-image-container.av-m5o9k6cn-e2044fe233704b7d4ff08a9617e3fa94 .av-image-caption-overlay-center{\ncolor:#ffffff;\n}\n<\/style>\n<div  class='avia-image-container av-m5o9k6cn-e2044fe233704b7d4ff08a9617e3fa94 av-styling-circle avia_animated_image av-animated-when-visible-95 pop-up avia-align-center  avia-builder-el-33  avia-builder-el-no-sibling '   itemprop=\"image\" itemscope=\"itemscope\" itemtype=\"https:\/\/schema.org\/ImageObject\" ><div class=\"avia-image-container-inner\"><div class=\"avia-image-overlay-wrap\"><img fetchpriority=\"high\" decoding=\"async\" fetchpriority=\"high\" fetchpriority=\"high\" class='wp-image-70783 avia-img-lazy-loading-not-70783 avia_image ' src=\"https:\/\/www.quebec-elan.org\/wp-content\/uploads\/2025\/01\/antonia-1030x1030.png\" alt='' title='antonia'  height=\"1030\" width=\"1030\"  itemprop=\"thumbnailUrl\" srcset=\"https:\/\/www.quebec-elan.org\/wp-content\/uploads\/2025\/01\/antonia-1030x1030.png 1030w, https:\/\/www.quebec-elan.org\/wp-content\/uploads\/2025\/01\/antonia-300x300.png 300w, https:\/\/www.quebec-elan.org\/wp-content\/uploads\/2025\/01\/antonia-80x80.png 80w, https:\/\/www.quebec-elan.org\/wp-content\/uploads\/2025\/01\/antonia-768x768.png 768w, https:\/\/www.quebec-elan.org\/wp-content\/uploads\/2025\/01\/antonia-36x36.png 36w, https:\/\/www.quebec-elan.org\/wp-content\/uploads\/2025\/01\/antonia-180x180.png 180w, https:\/\/www.quebec-elan.org\/wp-content\/uploads\/2025\/01\/antonia-705x705.png 705w, https:\/\/www.quebec-elan.org\/wp-content\/uploads\/2025\/01\/antonia-400x400.png 400w, https:\/\/www.quebec-elan.org\/wp-content\/uploads\/2025\/01\/antonia.png 1080w\" sizes=\"(max-width: 1030px) 100vw, 1030px\" \/><\/div><\/div><\/div><\/div>\n<style type=\"text\/css\" data-created_by=\"avia_inline_auto\" id=\"style-css-av-63e1ic-f31f42b5c540357c42d144acce4b4ebb\">\n.flex_column.av-63e1ic-f31f42b5c540357c42d144acce4b4ebb{\nwidth:58.4%;\nmargin-left:4%;\nborder-radius:0px 0px 0px 0px;\npadding:0px 0px 0px 0px;\n}\n<\/style>\n<div  class='flex_column av-63e1ic-f31f42b5c540357c42d144acce4b4ebb av_three_fifth  avia-builder-el-34  el_after_av_one_third  el_before_av_one_third  flex_column_div av-zero-column-padding  column-top-margin'     ><p>\n<style type=\"text\/css\" data-created_by=\"avia_inline_auto\" id=\"style-css-av-m5o9l4k6-970aef0ce2e4068ab9d7f6274aeff139\">\n#top .av-special-heading.av-m5o9l4k6-970aef0ce2e4068ab9d7f6274aeff139{\npadding-bottom:10px;\nfont-size:30px;\n}\nbody .av-special-heading.av-m5o9l4k6-970aef0ce2e4068ab9d7f6274aeff139 .av-special-heading-tag .heading-char{\nfont-size:25px;\n}\n#top #wrap_all .av-special-heading.av-m5o9l4k6-970aef0ce2e4068ab9d7f6274aeff139 .av-special-heading-tag{\nfont-size:30px;\n}\n.av-special-heading.av-m5o9l4k6-970aef0ce2e4068ab9d7f6274aeff139 .av-subheading{\nfont-size:15px;\n}\n\n@media only screen and (min-width: 480px) and (max-width: 767px){ \n#top #wrap_all .av-special-heading.av-m5o9l4k6-970aef0ce2e4068ab9d7f6274aeff139 .av-special-heading-tag{\nfont-size:0.8em;\n}\n}\n\n@media only screen and (max-width: 479px){ \n#top #wrap_all .av-special-heading.av-m5o9l4k6-970aef0ce2e4068ab9d7f6274aeff139 .av-special-heading-tag{\nfont-size:0.8em;\n}\n}\n<\/style>\n<div  class='av-special-heading av-m5o9l4k6-970aef0ce2e4068ab9d7f6274aeff139 av-special-heading-h3 blockquote modern-quote  avia-builder-el-35  el_before_av_hr  avia-builder-el-first  av-inherit-size av-linked-heading'><h3 class='av-special-heading-tag '  itemprop=\"headline\"  >Antonia Neatby<\/h3><div class='av-subheading av-subheading_below'><p>Membership Coordinator<\/p>\n<\/div><div class=\"special-heading-border\"><div class=\"special-heading-inner-border\"><\/div><\/div><\/div><br \/>\n\n<style type=\"text\/css\" data-created_by=\"avia_inline_auto\" id=\"style-css-av-9b2cms-181ecbdf9f5489a622c7103e8ef2a82a\">\n#top .hr.hr-invisible.av-9b2cms-181ecbdf9f5489a622c7103e8ef2a82a{\nheight:50px;\n}\n<\/style>\n<div  class='hr av-9b2cms-181ecbdf9f5489a622c7103e8ef2a82a hr-invisible  avia-builder-el-36  el_after_av_heading  el_before_av_button '><span class='hr-inner '><span class=\"hr-inner-style\"><\/span><\/span><\/div><br \/>\n<div  class='avia-button-wrap av-m5o9vlgf-31eeb8fb4c21e18b7b609d5bafecafa1-wrap avia-button-left  avia-builder-el-37  el_after_av_hr  el_before_av_tab_container '><a href='https:\/\/www.quebec-elan.org\/en\/contact-antonia-neatby\/'  class='avia-button av-m5o9vlgf-31eeb8fb4c21e18b7b609d5bafecafa1 av-link-btn avia-icon_select-no avia-size-medium avia-position-left avia-color-theme-color'   aria-label=\"Contact Antonia Neatby\"><span class='avia_iconbox_title' >Contact Antonia Neatby<\/span><\/a><\/div><br \/>\n<div  class='tabcontainer av-m7155b1n-1c44694a565f1fe9ce7fb414b31f95c3 sidebar_tab sidebar_tab_left  avia-builder-el-38  el_after_av_button  avia-builder-el-last  noborder_tabs'>\n<section class='av_tab_section av_tab_section av-m7154g0c-b4904ab1ab1c5fca9e1e5ca35f27c3ea'  itemscope=\"itemscope\" itemtype=\"https:\/\/schema.org\/CreativeWork\" ><div id='tab-id-9-tab' class='tab active_tab' role='tab' aria-selected=\"true\" tabindex=\"0\" data-fake-id='#tab-id-9' aria-controls='tab-id-9-content'  itemprop=\"headline\" ><span class='tab_icon avia-iconfont avia-font-entypo-fontello' data-av_icon='\ue805' data-av_iconfont='entypo-fontello' ><\/span>Contact Antonia for:<\/div><div id='tab-id-9-content' class='tab_content active_tab_content' role='tabpanel' aria-labelledby='tab-id-9-tab' aria-hidden=\"false\"><div class='tab_inner_content invers-color'  itemprop=\"text\" ><ul>\n<li data-leveltext=\"-\" data-font=\"Aptos\" data-listid=\"2\" data-list-defn-props=\"{\"335552541\":1,\"335559685\":720,\"335559991\":360,\"469769226\":\"Aptos\",\"469769242\":&#091;8226&#093;,\"469777803\":\"left\",\"469777804\":\"-\",\"469777815\":\"hybridMultilevel\"}\" aria-setsize=\"-1\" data-aria-posinset=\"1\" data-aria-level=\"1\"><span data-contrast=\"auto\">How to become a member &#038; general information about membership<\/span><span data-ccp-props=\"{}\">\u00a0<\/span><\/li>\n<li data-leveltext=\"-\" data-font=\"Aptos\" data-listid=\"2\" data-list-defn-props=\"{\"335552541\":1,\"335559685\":720,\"335559991\":360,\"469769226\":\"Aptos\",\"469769242\":&#091;8226&#093;,\"469777803\":\"left\",\"469777804\":\"-\",\"469777815\":\"hybridMultilevel\"}\" aria-setsize=\"-1\" data-aria-posinset=\"1\" data-aria-level=\"1\"><span data-contrast=\"auto\">Member requests<\/span><span data-ccp-props=\"{}\">\u00a0<\/span><\/li>\n<li data-leveltext=\"-\" data-font=\"Aptos\" data-listid=\"2\" data-list-defn-props=\"{\"335552541\":1,\"335559685\":720,\"335559991\":360,\"469769226\":\"Aptos\",\"469769242\":&#091;8226&#093;,\"469777803\":\"left\",\"469777804\":\"-\",\"469777815\":\"hybridMultilevel\"}\" aria-setsize=\"-1\" data-aria-posinset=\"1\" data-aria-level=\"1\"><span data-contrast=\"auto\">Problems logging in or signing up<\/span><span data-ccp-props=\"{}\">\u00a0<\/span><\/li>\n<li data-leveltext=\"-\" data-font=\"Aptos\" data-listid=\"2\" data-list-defn-props=\"{\"335552541\":1,\"335559685\":720,\"335559991\":360,\"469769226\":\"Aptos\",\"469769242\":&#091;8226&#093;,\"469777803\":\"left\",\"469777804\":\"-\",\"469777815\":\"hybridMultilevel\"}\" aria-setsize=\"-1\" data-aria-posinset=\"1\" data-aria-level=\"1\"><span data-contrast=\"auto\">Event organizing<\/span><span data-ccp-props=\"{}\">\u00a0<\/span><\/li>\n<li data-leveltext=\"-\" data-font=\"Aptos\" data-listid=\"2\" data-list-defn-props=\"{\"335552541\":1,\"335559685\":720,\"335559991\":360,\"469769226\":\"Aptos\",\"469769242\":&#091;8226&#093;,\"469777803\":\"left\",\"469777804\":\"-\",\"469777815\":\"hybridMultilevel\"}\" aria-setsize=\"-1\" data-aria-posinset=\"1\" data-aria-level=\"1\"><span data-contrast=\"auto\">Partnerships, deals &#038; discounts<\/span><span data-ccp-props=\"{}\">\u00a0<\/span><\/li>\n<\/ul>\n<\/div><\/div><\/section>\n<section class='av_tab_section av_tab_section av-m7153k01-2ef584fb68a07481602daa959e472972'  itemscope=\"itemscope\" itemtype=\"https:\/\/schema.org\/CreativeWork\" ><div id='tab-id-10-tab' class='tab' role='tab' aria-selected=\"false\" tabindex=\"0\" data-fake-id='#tab-id-10' aria-controls='tab-id-10-content'  itemprop=\"headline\" >About Antonia<\/div><div id='tab-id-10-content' class='tab_content' role='tabpanel' aria-labelledby='tab-id-10-tab' aria-hidden=\"true\"><div class='tab_inner_content invers-color'  itemprop=\"text\" ><p><span data-olk-copy-source=\"MessageBody\"><strong>Antonia Neatby<\/strong> (she\/they\/he) is an animation filmmaker and multidisciplinary artist based in Tiohti\u00e0:ke (Montreal). Her films have featured in festivals across Canada and internationally, including Les Sommets du cinema d\u2019animation in Montreal and the Sweaty Eyeballs Animation Festival in Baltimore, Maryland. She loves to work with physical media, and her filmmaking tends towards themes of religion and the body.<\/span><\/p>\n<\/div><\/div><\/section>\n<\/div><\/p><\/div><\/p>\n\n<style type=\"text\/css\" data-created_by=\"avia_inline_auto\" id=\"style-css-av-41epvo-ec45eb95e1657cd7bcd7373155cea586\">\n.flex_column.av-41epvo-ec45eb95e1657cd7bcd7373155cea586{\nwidth:30.666666666667%;\nborder-radius:0px 0px 0px 0px;\npadding:0px 0px 0px 0px;\n}\n<\/style>\n<div  class='flex_column av-41epvo-ec45eb95e1657cd7bcd7373155cea586 av_one_third  avia-builder-el-39  el_after_av_three_fifth  el_before_av_two_third  first flex_column_div av-zero-column-padding  '     ><style type=\"text\/css\" data-created_by=\"avia_inline_auto\" id=\"style-css-av-ksp3qe95-ec592b2d7a880f558a5b82186de1e1a1\">\n.avia-image-container.av-ksp3qe95-ec592b2d7a880f558a5b82186de1e1a1 img.avia_image{\nbox-shadow:none;\n}\n.avia-image-container.av-ksp3qe95-ec592b2d7a880f558a5b82186de1e1a1 .av-image-caption-overlay-center{\ncolor:#ffffff;\n}\n<\/style>\n<div  class='avia-image-container av-ksp3qe95-ec592b2d7a880f558a5b82186de1e1a1 av-styling-circle avia-align-center  avia-builder-el-40  avia-builder-el-no-sibling '   itemprop=\"image\" itemscope=\"itemscope\" itemtype=\"https:\/\/schema.org\/ImageObject\" ><div class=\"avia-image-container-inner\"><div class=\"avia-image-overlay-wrap\"><img fetchpriority=\"high\" decoding=\"async\" fetchpriority=\"high\" fetchpriority=\"high\" class='wp-image-72694 avia-img-lazy-loading-not-72694 avia_image ' src=\"https:\/\/www.quebec-elan.org\/wp-content\/uploads\/2025\/12\/Educaloi-square-1030x1030.png\" alt='' title='Educaloi square'  height=\"1030\" width=\"1030\"  itemprop=\"thumbnailUrl\" srcset=\"https:\/\/www.quebec-elan.org\/wp-content\/uploads\/2025\/12\/Educaloi-square-1030x1030.png 1030w, https:\/\/www.quebec-elan.org\/wp-content\/uploads\/2025\/12\/Educaloi-square-300x300.png 300w, https:\/\/www.quebec-elan.org\/wp-content\/uploads\/2025\/12\/Educaloi-square-80x80.png 80w, https:\/\/www.quebec-elan.org\/wp-content\/uploads\/2025\/12\/Educaloi-square-768x768.png 768w, https:\/\/www.quebec-elan.org\/wp-content\/uploads\/2025\/12\/Educaloi-square-36x36.png 36w, https:\/\/www.quebec-elan.org\/wp-content\/uploads\/2025\/12\/Educaloi-square-180x180.png 180w, https:\/\/www.quebec-elan.org\/wp-content\/uploads\/2025\/12\/Educaloi-square-705x705.png 705w, https:\/\/www.quebec-elan.org\/wp-content\/uploads\/2025\/12\/Educaloi-square.png 1080w\" sizes=\"(max-width: 1030px) 100vw, 1030px\" \/><\/div><\/div><\/div><\/div>\n<style type=\"text\/css\" data-created_by=\"avia_inline_auto\" id=\"style-css-av-6m5c4-d9d43139f501d4fefe301371b2c80ad0\">\n.flex_column.av-6m5c4-d9d43139f501d4fefe301371b2c80ad0{\nwidth:65.333333333333%;\nmargin-left:4%;\nborder-radius:0px 0px 0px 0px;\npadding:0px 0px 0px 0px;\n}\n<\/style>\n<div  class='flex_column av-6m5c4-d9d43139f501d4fefe301371b2c80ad0 av_two_third  avia-builder-el-41  el_after_av_one_third  el_before_av_one_third  flex_column_div av-zero-column-padding  '     ><p>\n<style type=\"text\/css\" data-created_by=\"avia_inline_auto\" id=\"style-css-av-ksp3p61g-ffa034ecd6544c00341294257efe4cc0\">\n#top .av-special-heading.av-ksp3p61g-ffa034ecd6544c00341294257efe4cc0{\npadding-bottom:10px;\nfont-size:30px;\n}\nbody .av-special-heading.av-ksp3p61g-ffa034ecd6544c00341294257efe4cc0 .av-special-heading-tag .heading-char{\nfont-size:25px;\n}\n#top #wrap_all .av-special-heading.av-ksp3p61g-ffa034ecd6544c00341294257efe4cc0 .av-special-heading-tag{\nfont-size:30px;\n}\n.av-special-heading.av-ksp3p61g-ffa034ecd6544c00341294257efe4cc0 .av-subheading{\nfont-size:15px;\n}\n\n@media only screen and (min-width: 480px) and (max-width: 767px){ \n#top #wrap_all .av-special-heading.av-ksp3p61g-ffa034ecd6544c00341294257efe4cc0 .av-special-heading-tag{\nfont-size:0.8em;\n}\n}\n\n@media only screen and (max-width: 479px){ \n#top #wrap_all .av-special-heading.av-ksp3p61g-ffa034ecd6544c00341294257efe4cc0 .av-special-heading-tag{\nfont-size:0.8em;\n}\n}\n<\/style>\n<div  class='av-special-heading av-ksp3p61g-ffa034ecd6544c00341294257efe4cc0 av-special-heading-h3 blockquote modern-quote  avia-builder-el-42  el_before_av_hr  avia-builder-el-first  av-inherit-size av-linked-heading'><h3 class='av-special-heading-tag '  itemprop=\"headline\"  >Margot Berner<\/h3><div class='av-subheading av-subheading_below'><p>Communications Coordinator<\/p>\n<\/div><div class=\"special-heading-border\"><div class=\"special-heading-inner-border\"><\/div><\/div><\/div><br \/>\n\n<style type=\"text\/css\" data-created_by=\"avia_inline_auto\" id=\"style-css-av-73iu7o-68ea2ab56acf8d415e6539a03febc211\">\n#top .hr.hr-invisible.av-73iu7o-68ea2ab56acf8d415e6539a03febc211{\nheight:50px;\n}\n<\/style>\n<div  class='hr av-73iu7o-68ea2ab56acf8d415e6539a03febc211 hr-invisible  avia-builder-el-43  el_after_av_heading  el_before_av_button '><span class='hr-inner '><span class=\"hr-inner-style\"><\/span><\/span><\/div><br \/>\n<div  class='avia-button-wrap av-2i6ris-46c09f4b1a1f5096f926ddf7ff83da3d-wrap avia-button-left  avia-builder-el-44  el_after_av_hr  el_before_av_tab_container '><a href='https:\/\/www.quebec-elan.org\/en\/contact-nick-maturo-2\/'  class='avia-button av-2i6ris-46c09f4b1a1f5096f926ddf7ff83da3d av-link-btn avia-icon_select-no avia-size-medium avia-position-left avia-color-theme-color'   aria-label=\"Contact Margot Berner\"><span class='avia_iconbox_title' >Contact Margot Berner<\/span><\/a><\/div><br \/>\n<div  class='tabcontainer av-m7156v47-7adedffb2dc852ef7d50cf3ee8df8c67 sidebar_tab sidebar_tab_left  avia-builder-el-45  el_after_av_button  avia-builder-el-last  noborder_tabs'>\n<section class='av_tab_section av_tab_section av-m7156thk-9b30c56fcf45a50040c54825e7643757'  itemscope=\"itemscope\" itemtype=\"https:\/\/schema.org\/CreativeWork\" ><div id='tab-id-11-tab' class='tab active_tab' role='tab' aria-selected=\"true\" tabindex=\"0\" data-fake-id='#tab-id-11' aria-controls='tab-id-11-content'  itemprop=\"headline\" ><span class='tab_icon avia-iconfont avia-font-entypo-fontello' data-av_icon='\ue805' data-av_iconfont='entypo-fontello' ><\/span>Contact Margot for:<\/div><div id='tab-id-11-content' class='tab_content active_tab_content' role='tabpanel' aria-labelledby='tab-id-11-tab' aria-hidden=\"false\"><div class='tab_inner_content invers-color'  itemprop=\"text\" ><ul>\n<li data-leveltext=\"-\" data-font=\"Aptos\" data-listid=\"4\" data-list-defn-props=\"{\" aria-setsize=\"-1\" data-aria-posinset=\"1\" data-aria-level=\"1\"><span data-contrast=\"auto\">Promotional support for ELAN members<\/span><span data-ccp-props=\"{}\">\u00a0<\/span><\/li>\n<li data-leveltext=\"-\" data-font=\"Aptos\" data-listid=\"4\" data-list-defn-props=\"{\" aria-setsize=\"-1\" data-aria-posinset=\"1\" data-aria-level=\"1\">To submit a job or call for submissions to our site<\/li>\n<li data-leveltext=\"-\" data-font=\"Aptos\" data-listid=\"4\" data-list-defn-props=\"{\" aria-setsize=\"-1\" data-aria-posinset=\"1\" data-aria-level=\"1\"><span data-contrast=\"auto\">ELAN\u2019s social media<\/span><span data-ccp-props=\"{}\">\u00a0<\/span><\/li>\n<li data-leveltext=\"-\" data-font=\"Aptos\" data-listid=\"4\" data-list-defn-props=\"{\" aria-setsize=\"-1\" data-aria-posinset=\"1\" data-aria-level=\"1\"><span data-contrast=\"auto\">Our newsletters<\/span><span data-ccp-props=\"{}\">\u00a0<\/span><\/li>\n<li data-leveltext=\"-\" data-font=\"Aptos\" data-listid=\"4\" data-list-defn-props=\"{\" aria-setsize=\"-1\" data-aria-posinset=\"1\" data-aria-level=\"1\"><span data-contrast=\"auto\">Community events calendar questions<\/span><\/li>\n<\/ul>\n<\/div><\/div><\/section>\n<section class='av_tab_section av_tab_section av-m7157ulj-557e8111598d70b8fff8b1afdc05b5ea'  itemscope=\"itemscope\" itemtype=\"https:\/\/schema.org\/CreativeWork\" ><div id='tab-id-12-tab' class='tab' role='tab' aria-selected=\"false\" tabindex=\"0\" data-fake-id='#tab-id-12' aria-controls='tab-id-12-content'  itemprop=\"headline\" >About Margot<\/div><div id='tab-id-12-content' class='tab_content' role='tabpanel' aria-labelledby='tab-id-12-tab' aria-hidden=\"true\"><div class='tab_inner_content invers-color'  itemprop=\"text\" ><p><strong>Margot Berner<\/strong> (they\/them) is a multidisciplinary artist, musician, and writer based in Tiohti\u00e0:ke \/ Montr\u00e9al. Margot has a background in film and tv, editing, grant-writing, and student organizing. Their writing can be found in zines, and poetry collections published across North America. They studied English Literature at Concordia University.<\/p>\n<\/div><\/div><\/section>\n<\/div><\/p><\/div><\/p>\n\n<style type=\"text\/css\" data-created_by=\"avia_inline_auto\" id=\"style-css-av-fjfp0-4fa28954e46fcab9e6bb03c10a6377e1\">\n.flex_column.av-fjfp0-4fa28954e46fcab9e6bb03c10a6377e1{\nwidth:30.666666666667%;\nborder-radius:0px 0px 0px 0px;\npadding:0px 0px 0px 0px;\n}\n<\/style>\n<div  class='flex_column av-fjfp0-4fa28954e46fcab9e6bb03c10a6377e1 av_one_third  avia-builder-el-46  el_after_av_two_third  el_before_av_two_third  first flex_column_div av-zero-column-padding  column-top-margin'     ><style type=\"text\/css\" data-created_by=\"avia_inline_auto\" id=\"style-css-av-luvf0vas-6a649e348c92a847df5c95725e656e7b\">\n.avia-image-container.av-luvf0vas-6a649e348c92a847df5c95725e656e7b img.avia_image{\nbox-shadow:none;\n}\n.avia-image-container.av-luvf0vas-6a649e348c92a847df5c95725e656e7b .av-image-caption-overlay-center{\ncolor:#ffffff;\n}\n<\/style>\n<div  class='avia-image-container av-luvf0vas-6a649e348c92a847df5c95725e656e7b av-styling-circle avia-align-center  avia-builder-el-47  avia-builder-el-no-sibling '   itemprop=\"image\" itemscope=\"itemscope\" itemtype=\"https:\/\/schema.org\/ImageObject\" ><div class=\"avia-image-container-inner\"><div class=\"avia-image-overlay-wrap\"><img fetchpriority=\"high\" decoding=\"async\" fetchpriority=\"high\" fetchpriority=\"high\" class='wp-image-72509 avia-img-lazy-loading-not-72509 avia_image ' src=\"https:\/\/www.quebec-elan.org\/wp-content\/uploads\/2025\/10\/jp-1030x1030.jpg\" alt='' title='jp'  height=\"1030\" width=\"1030\"  itemprop=\"thumbnailUrl\" srcset=\"https:\/\/www.quebec-elan.org\/wp-content\/uploads\/2025\/10\/jp-1030x1030.jpg 1030w, https:\/\/www.quebec-elan.org\/wp-content\/uploads\/2025\/10\/jp-300x300.jpg 300w, https:\/\/www.quebec-elan.org\/wp-content\/uploads\/2025\/10\/jp-80x80.jpg 80w, https:\/\/www.quebec-elan.org\/wp-content\/uploads\/2025\/10\/jp-768x768.jpg 768w, https:\/\/www.quebec-elan.org\/wp-content\/uploads\/2025\/10\/jp-36x36.jpg 36w, https:\/\/www.quebec-elan.org\/wp-content\/uploads\/2025\/10\/jp-180x180.jpg 180w, https:\/\/www.quebec-elan.org\/wp-content\/uploads\/2025\/10\/jp-705x705.jpg 705w, https:\/\/www.quebec-elan.org\/wp-content\/uploads\/2025\/10\/jp.jpg 1080w\" sizes=\"(max-width: 1030px) 100vw, 1030px\" \/><\/div><\/div><\/div><\/div>\n\n<style type=\"text\/css\" data-created_by=\"avia_inline_auto\" id=\"style-css-av-27rw5g-6534bbd98954c128d4440cf2ff676b1a\">\n.flex_column.av-27rw5g-6534bbd98954c128d4440cf2ff676b1a{\nwidth:65.333333333333%;\nmargin-left:4%;\nborder-radius:0px 0px 0px 0px;\npadding:0px 0px 0px 0px;\n}\n<\/style>\n<div  class='flex_column av-27rw5g-6534bbd98954c128d4440cf2ff676b1a av_two_third  avia-builder-el-48  el_after_av_one_third  el_before_av_hr  flex_column_div av-zero-column-padding  column-top-margin'     ><p>\n<style type=\"text\/css\" data-created_by=\"avia_inline_auto\" id=\"style-css-av-luvf1uu5-b3ec067d50f872d031a23e96b040861e\">\n#top .av-special-heading.av-luvf1uu5-b3ec067d50f872d031a23e96b040861e{\npadding-bottom:10px;\nfont-size:30px;\n}\nbody .av-special-heading.av-luvf1uu5-b3ec067d50f872d031a23e96b040861e .av-special-heading-tag .heading-char{\nfont-size:25px;\n}\n#top #wrap_all .av-special-heading.av-luvf1uu5-b3ec067d50f872d031a23e96b040861e .av-special-heading-tag{\nfont-size:30px;\n}\n.av-special-heading.av-luvf1uu5-b3ec067d50f872d031a23e96b040861e .av-subheading{\nfont-size:15px;\n}\n\n@media only screen and (min-width: 480px) and (max-width: 767px){ \n#top #wrap_all .av-special-heading.av-luvf1uu5-b3ec067d50f872d031a23e96b040861e .av-special-heading-tag{\nfont-size:0.8em;\n}\n}\n\n@media only screen and (max-width: 479px){ \n#top #wrap_all .av-special-heading.av-luvf1uu5-b3ec067d50f872d031a23e96b040861e .av-special-heading-tag{\nfont-size:0.8em;\n}\n}\n<\/style>\n<div  class='av-special-heading av-luvf1uu5-b3ec067d50f872d031a23e96b040861e av-special-heading-h3 blockquote modern-quote  avia-builder-el-49  el_before_av_hr  avia-builder-el-first  av-inherit-size av-linked-heading'><h3 class='av-special-heading-tag '  itemprop=\"headline\"  >Jean-Paul Osta<\/h3><div class='av-subheading av-subheading_below'><p>Capacity Development Manager (Qu\u00e9bec Relations &#038; Artist Inspire Grants)<\/p>\n<\/div><div class=\"special-heading-border\"><div class=\"special-heading-inner-border\"><\/div><\/div><\/div><br \/>\n\n<style type=\"text\/css\" data-created_by=\"avia_inline_auto\" id=\"style-css-av-5npwv8-91d9cbacd818f29eeaa680dbc03dfbcf\">\n#top .hr.hr-invisible.av-5npwv8-91d9cbacd818f29eeaa680dbc03dfbcf{\nheight:50px;\n}\n<\/style>\n<div  class='hr av-5npwv8-91d9cbacd818f29eeaa680dbc03dfbcf hr-invisible  avia-builder-el-50  el_after_av_heading  el_before_av_button '><span class='hr-inner '><span class=\"hr-inner-style\"><\/span><\/span><\/div><br \/>\n<div  class='avia-button-wrap av-m7c8imn9-47bf8bcb6852e2f143f4555cad6f1bba-wrap avia-button-left  avia-builder-el-51  el_after_av_hr  el_before_av_tab_container '><a href='https:\/\/www.quebec-elan.org\/en\/book-a-funding-consultation\/'  class='avia-button av-m7c8imn9-47bf8bcb6852e2f143f4555cad6f1bba av-link-btn avia-icon_select-no avia-size-medium avia-position-left avia-color-theme-color'   aria-label=\"Contact Jean-Paul Osta\"><span class='avia_iconbox_title' >Contact Jean-Paul Osta<\/span><\/a><\/div><br \/>\n<div  class='tabcontainer av-m715anzp-a02556079d6fde7b7552c8be0e47779b sidebar_tab sidebar_tab_left  avia-builder-el-52  el_after_av_button  avia-builder-el-last  noborder_tabs'>\n<section class='av_tab_section av_tab_section av-m7159tug-8b22cd6a42d69d603328b4344e4693f1'  itemscope=\"itemscope\" itemtype=\"https:\/\/schema.org\/CreativeWork\" ><div id='tab-id-13-tab' class='tab active_tab' role='tab' aria-selected=\"true\" tabindex=\"0\" data-fake-id='#tab-id-13' aria-controls='tab-id-13-content'  itemprop=\"headline\" ><span class='tab_icon avia-iconfont avia-font-entypo-fontello' data-av_icon='\ue805' data-av_iconfont='entypo-fontello' ><\/span>Contact Jean-Paul for:<\/div><div id='tab-id-13-content' class='tab_content active_tab_content' role='tabpanel' aria-labelledby='tab-id-13-tab' aria-hidden=\"false\"><div class='tab_inner_content invers-color'  itemprop=\"text\" ><ul>\n<li role=\"presentation\" data-olk-copy-source=\"MessageBody\">Managing referrals to expert grant advisors<\/li>\n<li role=\"presentation\">ArtistsInspire Grants support for schools &#038; artists<\/li>\n<li role=\"presentation\">Grant-writing workshops (planning &#038; presentation)<\/li>\n<\/ul>\n<\/div><\/div><\/section>\n<section class='av_tab_section av_tab_section av-m71597o3-ed752d816f82f6b99dde4da4c5403f69'  itemscope=\"itemscope\" itemtype=\"https:\/\/schema.org\/CreativeWork\" ><div id='tab-id-14-tab' class='tab' role='tab' aria-selected=\"false\" tabindex=\"0\" data-fake-id='#tab-id-14' aria-controls='tab-id-14-content'  itemprop=\"headline\" >About Jean-Paul<\/div><div id='tab-id-14-content' class='tab_content' role='tabpanel' aria-labelledby='tab-id-14-tab' aria-hidden=\"true\"><div class='tab_inner_content invers-color'  itemprop=\"text\" ><p><strong>Jean-Paul Osta\u00a0<\/strong>(he\/him\/his) is an Actor, Director and Theater Mediator\/Facilitator based in Montreal, Canada. He holds a B.A in Theater and a Master\u2019s degree in Actor Training from the Lebanese University \u2013 Faculty of Fine Arts &#038; Architecture. Jean-Paul has performed in the World Premiere Arabic Opera Antar wa Abla &#038; participated in the Lebanese National Theater Festival \u2013 2019. Throughout his career, Jean-Paul directed numerous performances that courageously addressed a spectrum of social issues. His commitment extended to facilitating training sessions for vulnerable women and youth, employing expressive modern theater techniques to empower and foster their individual growth. His belief in the transformative power of theater fuels his conviction that it is not merely a form of entertainment but a crucial tool for community engagement, social change, and development. Jean-Paul&#8217;s multifaceted journey stands as a testament to his unwavering dedication to the arts and their potential to shape a better society.<\/p>\n<\/div><\/div><\/section>\n<\/div><\/p><\/div>\n\n<style type=\"text\/css\" data-created_by=\"avia_inline_auto\" id=\"style-css-av-k2rr2qg7-c15670e6036c37cffdff0f474a2a0196\">\n#top .hr.hr-invisible.av-k2rr2qg7-c15670e6036c37cffdff0f474a2a0196{\nheight:50px;\n}\n<\/style>\n<div  class='hr av-k2rr2qg7-c15670e6036c37cffdff0f474a2a0196 hr-invisible  avia-builder-el-53  el_after_av_two_third  el_before_av_heading '><span class='hr-inner '><span class=\"hr-inner-style\"><\/span><\/span><\/div>\n\n<style type=\"text\/css\" data-created_by=\"avia_inline_auto\" id=\"style-css-av-1l19w-a2abc59b3d4930c4f7848db576b5d1cd\">\n#top .av-special-heading.av-1l19w-a2abc59b3d4930c4f7848db576b5d1cd{\npadding-bottom:0;\nfont-size:42px;\n}\nbody .av-special-heading.av-1l19w-a2abc59b3d4930c4f7848db576b5d1cd .av-special-heading-tag .heading-char{\nfont-size:25px;\n}\n#top #wrap_all .av-special-heading.av-1l19w-a2abc59b3d4930c4f7848db576b5d1cd .av-special-heading-tag{\nfont-size:42px;\n}\n.av-special-heading.av-1l19w-a2abc59b3d4930c4f7848db576b5d1cd .av-subheading{\nfont-size:15px;\n}\n\n@media only screen and (min-width: 480px) and (max-width: 767px){ \n#top #wrap_all .av-special-heading.av-1l19w-a2abc59b3d4930c4f7848db576b5d1cd .av-special-heading-tag{\nfont-size:0.8em;\n}\n}\n\n@media only screen and (max-width: 479px){ \n#top #wrap_all .av-special-heading.av-1l19w-a2abc59b3d4930c4f7848db576b5d1cd .av-special-heading-tag{\nfont-size:0.8em;\n}\n}\n<\/style>\n<div  class='av-special-heading av-1l19w-a2abc59b3d4930c4f7848db576b5d1cd av-special-heading-h2 blockquote modern-quote  avia-builder-el-54  el_after_av_hr  el_before_av_hr  av-inherit-size av-linked-heading'><h2 class='av-special-heading-tag '  itemprop=\"headline\"  >Project Managers<\/h2><div class=\"special-heading-border\"><div class=\"special-heading-inner-border\"><\/div><\/div><\/div>\n\n<style type=\"text\/css\" data-created_by=\"avia_inline_auto\" id=\"style-css-av-jw88iv3b-33d968bf3bf915fe5f161e2af071bb3c\">\n#top .hr.hr-invisible.av-jw88iv3b-33d968bf3bf915fe5f161e2af071bb3c{\nheight:50px;\n}\n<\/style>\n<div  class='hr av-jw88iv3b-33d968bf3bf915fe5f161e2af071bb3c hr-invisible  avia-builder-el-55  el_after_av_heading  el_before_av_hr '><span class='hr-inner '><span class=\"hr-inner-style\"><\/span><\/span><\/div>\n\n<style type=\"text\/css\" data-created_by=\"avia_inline_auto\" id=\"style-css-av-9zgmc-d2ff64f52bd1f058aca0222e92c0f9fe\">\n#top .hr.av-9zgmc-d2ff64f52bd1f058aca0222e92c0f9fe{\nmargin-top:0px;\nmargin-bottom:0px;\n}\n.hr.av-9zgmc-d2ff64f52bd1f058aca0222e92c0f9fe .hr-inner{\nwidth:100%;\nborder-color:rgba(0,0,0,0.15);\n}\n<\/style>\n<div  class='hr av-9zgmc-d2ff64f52bd1f058aca0222e92c0f9fe hr-custom  avia-builder-el-56  el_after_av_hr  el_before_av_one_third  hr-center hr-icon-no'><span class='hr-inner inner-border-av-border-thin'><span class=\"hr-inner-style\"><\/span><\/span><\/div>\n\n<style type=\"text\/css\" data-created_by=\"avia_inline_auto\" id=\"style-css-av-279qxlg-40-e95440566e50274b6b1e9dd6196a5059\">\n.flex_column.av-279qxlg-40-e95440566e50274b6b1e9dd6196a5059{\nwidth:30.666666666667%;\nborder-radius:0px 0px 0px 0px;\npadding:0px 0px 0px 0px;\n}\n<\/style>\n<div  class='flex_column av-279qxlg-40-e95440566e50274b6b1e9dd6196a5059 av_one_third  avia-builder-el-57  el_after_av_hr  el_before_av_two_third  first flex_column_div av-zero-column-padding  '     ><style type=\"text\/css\" data-created_by=\"avia_inline_auto\" id=\"style-css-av-281z3dw-41-283f5bab102067a83fa68a16ed08f6fa\">\n.avia-image-container.av-281z3dw-41-283f5bab102067a83fa68a16ed08f6fa img.avia_image{\nbox-shadow:none;\n}\n.avia-image-container.av-281z3dw-41-283f5bab102067a83fa68a16ed08f6fa .av-image-caption-overlay-center{\ncolor:#ffffff;\n}\n<\/style>\n<div  class='avia-image-container av-281z3dw-41-283f5bab102067a83fa68a16ed08f6fa av-styling-circle avia_animated_image av-animated-when-visible-95 pop-up avia-align-center  avia-builder-el-58  avia-builder-el-no-sibling '   itemprop=\"image\" itemscope=\"itemscope\" itemtype=\"https:\/\/schema.org\/ImageObject\" ><div class=\"avia-image-container-inner\"><div class=\"avia-image-overlay-wrap\"><img fetchpriority=\"high\" decoding=\"async\" fetchpriority=\"high\" fetchpriority=\"high\" class='wp-image-46970 avia-img-lazy-loading-not-46970 avia_image ' src=\"https:\/\/www.quebec-elan.org\/wp-content\/uploads\/2022\/11\/ELAN_Team_Andre-1.jpg\" alt='' title='ELAN_Team_Andre'  height=\"380\" width=\"380\"  itemprop=\"thumbnailUrl\" srcset=\"https:\/\/www.quebec-elan.org\/wp-content\/uploads\/2022\/11\/ELAN_Team_Andre-1.jpg 380w, https:\/\/www.quebec-elan.org\/wp-content\/uploads\/2022\/11\/ELAN_Team_Andre-1-300x300.jpg 300w, https:\/\/www.quebec-elan.org\/wp-content\/uploads\/2022\/11\/ELAN_Team_Andre-1-100x100.jpg 100w, https:\/\/www.quebec-elan.org\/wp-content\/uploads\/2022\/11\/ELAN_Team_Andre-1-80x80.jpg 80w, https:\/\/www.quebec-elan.org\/wp-content\/uploads\/2022\/11\/ELAN_Team_Andre-1-36x36.jpg 36w, https:\/\/www.quebec-elan.org\/wp-content\/uploads\/2022\/11\/ELAN_Team_Andre-1-180x180.jpg 180w, https:\/\/www.quebec-elan.org\/wp-content\/uploads\/2022\/11\/ELAN_Team_Andre-1-120x120.jpg 120w, https:\/\/www.quebec-elan.org\/wp-content\/uploads\/2022\/11\/ELAN_Team_Andre-1-250x250.jpg 250w\" sizes=\"(max-width: 380px) 100vw, 380px\" \/><\/div><\/div><\/div><\/div>\n\n<style type=\"text\/css\" data-created_by=\"avia_inline_auto\" id=\"style-css-av-279qxlg-38-0c10f9f3bcf5c5913b55a813127769bb\">\n.flex_column.av-279qxlg-38-0c10f9f3bcf5c5913b55a813127769bb{\nwidth:65.333333333333%;\nmargin-left:4%;\nborder-radius:0px 0px 0px 0px;\npadding:0px 0px 0px 0px;\n}\n<\/style>\n<div  class='flex_column av-279qxlg-38-0c10f9f3bcf5c5913b55a813127769bb av_two_third  avia-builder-el-59  el_after_av_one_third  el_before_av_one_third  flex_column_div av-zero-column-padding  '     ><p>\n<style type=\"text\/css\" data-created_by=\"avia_inline_auto\" id=\"style-css-av-lqv3us-4b554a40519c743b2462837cb8f7d066\">\n#top .av-special-heading.av-lqv3us-4b554a40519c743b2462837cb8f7d066{\npadding-bottom:10px;\nfont-size:30px;\n}\nbody .av-special-heading.av-lqv3us-4b554a40519c743b2462837cb8f7d066 .av-special-heading-tag .heading-char{\nfont-size:25px;\n}\n#top #wrap_all .av-special-heading.av-lqv3us-4b554a40519c743b2462837cb8f7d066 .av-special-heading-tag{\nfont-size:30px;\n}\n.av-special-heading.av-lqv3us-4b554a40519c743b2462837cb8f7d066 .av-subheading{\nfont-size:15px;\n}\n\n@media only screen and (min-width: 480px) and (max-width: 767px){ \n#top #wrap_all .av-special-heading.av-lqv3us-4b554a40519c743b2462837cb8f7d066 .av-special-heading-tag{\nfont-size:0.8em;\n}\n}\n\n@media only screen and (max-width: 479px){ \n#top #wrap_all .av-special-heading.av-lqv3us-4b554a40519c743b2462837cb8f7d066 .av-special-heading-tag{\nfont-size:0.8em;\n}\n}\n<\/style>\n<div  class='av-special-heading av-lqv3us-4b554a40519c743b2462837cb8f7d066 av-special-heading-h3 blockquote modern-quote  avia-builder-el-60  el_before_av_textblock  avia-builder-el-first  av-inherit-size'><h3 class='av-special-heading-tag '  itemprop=\"headline\"  >Andre Athanasiadis<\/h3><div class='av-subheading av-subheading_below'><p>IT Coordinator and Consultant<\/p>\n<\/div><div class=\"special-heading-border\"><div class=\"special-heading-inner-border\"><\/div><\/div><\/div><br \/>\n<section  class='av_textblock_section av-236mal0-39-6d2e62dd7350503c83e990b2f8da794c '   itemscope=\"itemscope\" itemtype=\"https:\/\/schema.org\/CreativeWork\" ><div class='avia_textblock'  itemprop=\"text\" ><p>Andre Athanasiadis (he\/him\/his) has come to be known as the go-to IT professional of the Montreal arts community. With a breadth of experience in computer systems and networks since 1996, Andre has brought his expertise to numerous technical schools, universities, and arts organizations. Over the years, his work has been trusted by, among many others, McGill University, <a href=\"https:\/\/www.teesriduniyatheatre.com\/\" target=\"_blank\" rel=\"noopener noreferrer\">Teesri Duniya Theatre<\/a> and the <a href=\"https:\/\/quebecdrama.org\/\" target=\"_blank\" rel=\"noopener noreferrer\">Quebec Drama Federation<\/a>. ELAN is proud to have Andre as one of our longest contributing staff for over ten years.<\/p>\n<\/div><\/section><\/p><\/div>\n\n<style type=\"text\/css\" data-created_by=\"avia_inline_auto\" id=\"style-css-av-dhhno-cba2a2c12dd959bfd5db4fb3d17d5fe3\">\n.flex_column.av-dhhno-cba2a2c12dd959bfd5db4fb3d17d5fe3{\nwidth:30.666666666667%;\nborder-radius:0px 0px 0px 0px;\npadding:0px 0px 0px 0px;\n}\n<\/style>\n<div  class='flex_column av-dhhno-cba2a2c12dd959bfd5db4fb3d17d5fe3 av_one_third  avia-builder-el-62  el_after_av_two_third  el_before_av_two_third  first flex_column_div av-zero-column-padding  column-top-margin'     ><style type=\"text\/css\" data-created_by=\"avia_inline_auto\" id=\"style-css-av-m7c8v5ef-93bf925df23a07c703ae7dfa8405b4cb\">\n.avia-image-container.av-m7c8v5ef-93bf925df23a07c703ae7dfa8405b4cb img.avia_image{\nbox-shadow:none;\n}\n.avia-image-container.av-m7c8v5ef-93bf925df23a07c703ae7dfa8405b4cb .av-image-caption-overlay-center{\ncolor:#ffffff;\n}\n<\/style>\n<div  class='avia-image-container av-m7c8v5ef-93bf925df23a07c703ae7dfa8405b4cb av-styling-circle avia_animated_image av-animated-when-visible-95 pop-up avia-align-center  avia-builder-el-63  avia-builder-el-no-sibling '   itemprop=\"image\" itemscope=\"itemscope\" itemtype=\"https:\/\/schema.org\/ImageObject\" ><div class=\"avia-image-container-inner\"><div class=\"avia-image-overlay-wrap\"><img fetchpriority=\"high\" decoding=\"async\" fetchpriority=\"high\" fetchpriority=\"high\" class='wp-image-71096 avia-img-lazy-loading-not-71096 avia_image ' src=\"https:\/\/www.quebec-elan.org\/wp-content\/uploads\/2025\/02\/fred-1030x1030.jpg\" alt='' title='fred'  height=\"1030\" width=\"1030\"  itemprop=\"thumbnailUrl\" srcset=\"https:\/\/www.quebec-elan.org\/wp-content\/uploads\/2025\/02\/fred-1030x1030.jpg 1030w, https:\/\/www.quebec-elan.org\/wp-content\/uploads\/2025\/02\/fred-300x300.jpg 300w, https:\/\/www.quebec-elan.org\/wp-content\/uploads\/2025\/02\/fred-80x80.jpg 80w, https:\/\/www.quebec-elan.org\/wp-content\/uploads\/2025\/02\/fred-768x768.jpg 768w, https:\/\/www.quebec-elan.org\/wp-content\/uploads\/2025\/02\/fred-36x36.jpg 36w, https:\/\/www.quebec-elan.org\/wp-content\/uploads\/2025\/02\/fred-180x180.jpg 180w, https:\/\/www.quebec-elan.org\/wp-content\/uploads\/2025\/02\/fred-705x705.jpg 705w, https:\/\/www.quebec-elan.org\/wp-content\/uploads\/2025\/02\/fred-400x400.jpg 400w, https:\/\/www.quebec-elan.org\/wp-content\/uploads\/2025\/02\/fred.jpg 1080w\" sizes=\"(max-width: 1030px) 100vw, 1030px\" \/><\/div><\/div><\/div><\/div>\n<style type=\"text\/css\" data-created_by=\"avia_inline_auto\" id=\"style-css-av-2pygys-36bfaedc2984a45d55de24c16be207bc\">\n.flex_column.av-2pygys-36bfaedc2984a45d55de24c16be207bc{\nwidth:65.333333333333%;\nmargin-left:4%;\nborder-radius:0px 0px 0px 0px;\npadding:0px 0px 0px 0px;\n}\n<\/style>\n<div  class='flex_column av-2pygys-36bfaedc2984a45d55de24c16be207bc av_two_third  avia-builder-el-64  el_after_av_one_third  el_before_av_one_third  flex_column_div av-zero-column-padding  column-top-margin'     ><p>\n<style type=\"text\/css\" data-created_by=\"avia_inline_auto\" id=\"style-css-av-m7c8vt73-0808b34a6b71a6d383a192eca1b608f1\">\n#top .av-special-heading.av-m7c8vt73-0808b34a6b71a6d383a192eca1b608f1{\npadding-bottom:10px;\nfont-size:30px;\n}\nbody .av-special-heading.av-m7c8vt73-0808b34a6b71a6d383a192eca1b608f1 .av-special-heading-tag .heading-char{\nfont-size:25px;\n}\n#top #wrap_all .av-special-heading.av-m7c8vt73-0808b34a6b71a6d383a192eca1b608f1 .av-special-heading-tag{\nfont-size:30px;\n}\n.av-special-heading.av-m7c8vt73-0808b34a6b71a6d383a192eca1b608f1 .av-subheading{\nfont-size:15px;\n}\n\n@media only screen and (min-width: 480px) and (max-width: 767px){ \n#top #wrap_all .av-special-heading.av-m7c8vt73-0808b34a6b71a6d383a192eca1b608f1 .av-special-heading-tag{\nfont-size:0.8em;\n}\n}\n\n@media only screen and (max-width: 479px){ \n#top #wrap_all .av-special-heading.av-m7c8vt73-0808b34a6b71a6d383a192eca1b608f1 .av-special-heading-tag{\nfont-size:0.8em;\n}\n}\n<\/style>\n<div  class='av-special-heading av-m7c8vt73-0808b34a6b71a6d383a192eca1b608f1 av-special-heading-h3 blockquote modern-quote  avia-builder-el-65  el_before_av_textblock  avia-builder-el-first  av-inherit-size av-linked-heading'><h3 class='av-special-heading-tag '  itemprop=\"headline\"  >Fred Azeredo<\/h3><div class='av-subheading av-subheading_below'><p>Trellis Microgrants Project Coordinator<\/p>\n<\/div><div class=\"special-heading-border\"><div class=\"special-heading-inner-border\"><\/div><\/div><\/div><br \/>\n<section  class='av_textblock_section av-m7c8woxb-7c921492df9730d938e59fc196da41e2 '   itemscope=\"itemscope\" itemtype=\"https:\/\/schema.org\/CreativeWork\" ><div class='avia_textblock'  itemprop=\"text\" ><p><b data-olk-copy-source=\"MessageBody\">Fred Azeredo<\/b>\u00a0(he\/him) is a Brazilian theatre practitioner based in Montreal. A graduate of McGill University, he has written and directed\u00a0extensively for stage and radio, working with companies like Teesri\u00a0Duniya Theatre, TNC Theatre, and CKUT Radio. His latest play,\u00a0<i>Pindorama<\/i>, was produced at the 2024 Montreal Fringe Festival by\u00a0<u><a id=\"OWA008cb79b-d646-2ecf-d100-2bd1bcd49a72\" class=\"x_Hyperlink x_SCXW105250984 x_BCX0 x_OWAAutoLink x_elementToProof\" title=\"https:\/\/www.instagram.com\/mbc.productions\/\" href=\"https:\/\/www.instagram.com\/mbc.productions\/\" target=\"_blank\" rel=\"noopener\" data-auth=\"NotApplicable\" data-linkindex=\"0\">MBC Productions<\/a><\/u>, a collective he co-founded with Alice Wu and Dana Prather. He is currently working as dramaturge\u00a0for MBC\u2019s next production,\u00a0<i>Countercurrents\u00a0<\/i>by Alice Wu, due to premiere at the 2025 Montreal Fringe Festival. Fred is also a columnist at the award-winning webzine\u00a0<i>ImaginAtlas<\/i>.<\/p>\n<\/div><\/section><\/p><\/div><\/p>\n\n<style type=\"text\/css\" data-created_by=\"avia_inline_auto\" id=\"style-css-av-95witg-f2cdc8348955e12352cedca8d022401d\">\n.flex_column.av-95witg-f2cdc8348955e12352cedca8d022401d{\nwidth:30.666666666667%;\nborder-radius:0px 0px 0px 0px;\npadding:0px 0px 0px 0px;\n}\n<\/style>\n<div  class='flex_column av-95witg-f2cdc8348955e12352cedca8d022401d av_one_third  avia-builder-el-67  el_after_av_two_third  el_before_av_two_third  first flex_column_div av-zero-column-padding  column-top-margin'     ><style type=\"text\/css\" data-created_by=\"avia_inline_auto\" id=\"style-css-av-rzto4-e76e16ec0aaffa96296be76f37c39611\">\n.avia-image-container.av-rzto4-e76e16ec0aaffa96296be76f37c39611 img.avia_image{\nbox-shadow:none;\n}\n.avia-image-container.av-rzto4-e76e16ec0aaffa96296be76f37c39611 .av-image-caption-overlay-center{\ncolor:#ffffff;\n}\n<\/style>\n<div  class='avia-image-container av-rzto4-e76e16ec0aaffa96296be76f37c39611 av-styling-circle avia_animated_image av-animated-when-visible-95 pop-up avia-align-center  avia-builder-el-68  avia-builder-el-no-sibling '   itemprop=\"image\" itemscope=\"itemscope\" itemtype=\"https:\/\/schema.org\/ImageObject\" ><div class=\"avia-image-container-inner\"><div class=\"avia-image-overlay-wrap\"><img fetchpriority=\"high\" decoding=\"async\" fetchpriority=\"high\" fetchpriority=\"high\" class='wp-image-72158 avia-img-lazy-loading-not-72158 avia_image ' src=\"https:\/\/www.quebec-elan.org\/wp-content\/uploads\/2025\/07\/kym-1030x1030.jpg\" alt='' title='kym'  height=\"1030\" width=\"1030\"  itemprop=\"thumbnailUrl\" srcset=\"https:\/\/www.quebec-elan.org\/wp-content\/uploads\/2025\/07\/kym-1030x1030.jpg 1030w, https:\/\/www.quebec-elan.org\/wp-content\/uploads\/2025\/07\/kym-300x300.jpg 300w, https:\/\/www.quebec-elan.org\/wp-content\/uploads\/2025\/07\/kym-80x80.jpg 80w, https:\/\/www.quebec-elan.org\/wp-content\/uploads\/2025\/07\/kym-768x768.jpg 768w, https:\/\/www.quebec-elan.org\/wp-content\/uploads\/2025\/07\/kym-36x36.jpg 36w, https:\/\/www.quebec-elan.org\/wp-content\/uploads\/2025\/07\/kym-180x180.jpg 180w, https:\/\/www.quebec-elan.org\/wp-content\/uploads\/2025\/07\/kym-705x705.jpg 705w, https:\/\/www.quebec-elan.org\/wp-content\/uploads\/2025\/07\/kym.jpg 1080w\" sizes=\"(max-width: 1030px) 100vw, 1030px\" \/><\/div><\/div><\/div><\/div>\n<style type=\"text\/css\" data-created_by=\"avia_inline_auto\" id=\"style-css-av-6l01l0-97048c74b9a8848d0839268d3ce8cdf1\">\n.flex_column.av-6l01l0-97048c74b9a8848d0839268d3ce8cdf1{\nwidth:65.333333333333%;\nmargin-left:4%;\nborder-radius:0px 0px 0px 0px;\npadding:0px 0px 0px 0px;\n}\n<\/style>\n<div  class='flex_column av-6l01l0-97048c74b9a8848d0839268d3ce8cdf1 av_two_third  avia-builder-el-69  el_after_av_one_third  el_before_av_one_third  flex_column_div av-zero-column-padding  column-top-margin'     ><p>\n<style type=\"text\/css\" data-created_by=\"avia_inline_auto\" id=\"style-css-av-3z0zgk-7b13949eaba888f1ad8d83955c9bf7ba\">\n#top .av-special-heading.av-3z0zgk-7b13949eaba888f1ad8d83955c9bf7ba{\npadding-bottom:10px;\nfont-size:30px;\n}\nbody .av-special-heading.av-3z0zgk-7b13949eaba888f1ad8d83955c9bf7ba .av-special-heading-tag .heading-char{\nfont-size:25px;\n}\n#top #wrap_all .av-special-heading.av-3z0zgk-7b13949eaba888f1ad8d83955c9bf7ba .av-special-heading-tag{\nfont-size:30px;\n}\n.av-special-heading.av-3z0zgk-7b13949eaba888f1ad8d83955c9bf7ba .av-subheading{\nfont-size:15px;\n}\n\n@media only screen and (min-width: 480px) and (max-width: 767px){ \n#top #wrap_all .av-special-heading.av-3z0zgk-7b13949eaba888f1ad8d83955c9bf7ba .av-special-heading-tag{\nfont-size:0.8em;\n}\n}\n\n@media only screen and (max-width: 479px){ \n#top #wrap_all .av-special-heading.av-3z0zgk-7b13949eaba888f1ad8d83955c9bf7ba .av-special-heading-tag{\nfont-size:0.8em;\n}\n}\n<\/style>\n<div  class='av-special-heading av-3z0zgk-7b13949eaba888f1ad8d83955c9bf7ba av-special-heading-h3 blockquote modern-quote  avia-builder-el-70  el_before_av_textblock  avia-builder-el-first  av-inherit-size av-linked-heading'><h3 class='av-special-heading-tag '  itemprop=\"headline\"  >Kym Dominique-Ferguson<\/h3><div class='av-subheading av-subheading_below'><p>Project Coordinator: Community Digital Arts Hub&#8217;The Hub&#8217;<\/p>\n<\/div><div class=\"special-heading-border\"><div class=\"special-heading-inner-border\"><\/div><\/div><\/div><br \/>\n<section  class='av_textblock_section av-23t59g-9bbf8f4153948ba87a4c690b6b1fc5cb '   itemscope=\"itemscope\" itemtype=\"https:\/\/schema.org\/CreativeWork\" ><div class='avia_textblock'  itemprop=\"text\" ><div><b data-olk-copy-source=\"MessageBody\">Kym\u00a0Dominique-Ferguson<\/b>\u00a0is a Montreal-based writer, spoken word artist, actor, and mentor of Jamaican and Haitian descent. Rooted in his Caribbean heritage, his work explores themes of identity, resilience, and cultural storytelling. A graduate of Concordia University\u2019s Film Production program, Ferguson is one of the four primary writers of\u00a0<i>BLACKOUT: The Concordia Computer\u00a0Riots<\/i>\u00a0and the creator of\u00a0<i>Dear Black Man<\/i>, a critically acclaimed play supported by the Canada Council for the Arts, the Cole Foundation and Black Theatre Workshop. As founder of Madpoetix Productions, he curates platforms like\u00a0<i>Inside Madpoetix Studios<\/i>\u00a0and mentors emerging artists.<\/div>\n<div><\/div>\n<div>Ferguson is a vibrant presence in Montreal\u2019s spoken word scene, regularly participating in Open Mic and Slam Poetry events such as\u00a0<i>Lecture Lagos Readings<\/i>,\u00a0<i>MicdUp Mtl<\/i>, and\u00a0<i>Throw Poetry Slam<\/i>. By engaging with both emerging and established artists, he strives to bridge generational divides and foster a stronger, more connected artistic community. His dynamic performances and commitment to amplifying diverse voices make him a vital force in the arts.<\/div>\n<\/div><\/section><\/p><\/div><\/p>\n\n<style type=\"text\/css\" data-created_by=\"avia_inline_auto\" id=\"style-css-av-fmv5g-88af23249d497e078bf62641704006aa\">\n.flex_column.av-fmv5g-88af23249d497e078bf62641704006aa{\nwidth:30.666666666667%;\nborder-radius:0px 0px 0px 0px;\npadding:0px 0px 0px 0px;\n}\n<\/style>\n<div  class='flex_column av-fmv5g-88af23249d497e078bf62641704006aa av_one_third  avia-builder-el-72  el_after_av_two_third  el_before_av_two_third  first flex_column_div av-zero-column-padding  column-top-margin'     ><p><br \/>\n\n<style type=\"text\/css\" data-created_by=\"avia_inline_auto\" id=\"style-css-av-mfvm3xg8-96611cd8fee3ef896bd4ea1369b885b7\">\n.avia-image-container.av-mfvm3xg8-96611cd8fee3ef896bd4ea1369b885b7 img.avia_image{\nbox-shadow:none;\n}\n.avia-image-container.av-mfvm3xg8-96611cd8fee3ef896bd4ea1369b885b7 .av-image-caption-overlay-center{\ncolor:#ffffff;\n}\n<\/style>\n<div  class='avia-image-container av-mfvm3xg8-96611cd8fee3ef896bd4ea1369b885b7 av-styling-circle avia_animated_image av-animated-when-visible-95 pop-up avia-align-center  avia-builder-el-74  el_after_av_image  avia-builder-el-last '   itemprop=\"image\" itemscope=\"itemscope\" itemtype=\"https:\/\/schema.org\/ImageObject\" ><div class=\"avia-image-container-inner\"><div class=\"avia-image-overlay-wrap\"><img fetchpriority=\"high\" decoding=\"async\" fetchpriority=\"high\" fetchpriority=\"high\" class='wp-image-72373 avia-img-lazy-loading-not-72373 avia_image ' src=\"https:\/\/www.quebec-elan.org\/wp-content\/uploads\/2025\/09\/Sheron-Edey-1030x1030.jpg\" alt='' title='Sheron Edey'  height=\"1030\" width=\"1030\"  itemprop=\"thumbnailUrl\" srcset=\"https:\/\/www.quebec-elan.org\/wp-content\/uploads\/2025\/09\/Sheron-Edey-1030x1030.jpg 1030w, https:\/\/www.quebec-elan.org\/wp-content\/uploads\/2025\/09\/Sheron-Edey-300x300.jpg 300w, https:\/\/www.quebec-elan.org\/wp-content\/uploads\/2025\/09\/Sheron-Edey-80x80.jpg 80w, https:\/\/www.quebec-elan.org\/wp-content\/uploads\/2025\/09\/Sheron-Edey-768x768.jpg 768w, https:\/\/www.quebec-elan.org\/wp-content\/uploads\/2025\/09\/Sheron-Edey-36x36.jpg 36w, https:\/\/www.quebec-elan.org\/wp-content\/uploads\/2025\/09\/Sheron-Edey-180x180.jpg 180w, https:\/\/www.quebec-elan.org\/wp-content\/uploads\/2025\/09\/Sheron-Edey-705x705.jpg 705w, https:\/\/www.quebec-elan.org\/wp-content\/uploads\/2025\/09\/Sheron-Edey.jpg 1080w\" sizes=\"(max-width: 1030px) 100vw, 1030px\" \/><\/div><\/div><\/div><\/p><\/div>\n<style type=\"text\/css\" data-created_by=\"avia_inline_auto\" id=\"style-css-av-28mbtw-4d59aaaac2a9fd08db918380141960ce\">\n.flex_column.av-28mbtw-4d59aaaac2a9fd08db918380141960ce{\nwidth:65.333333333333%;\nmargin-left:4%;\nborder-radius:0px 0px 0px 0px;\npadding:0px 0px 0px 0px;\n}\n<\/style>\n<div  class='flex_column av-28mbtw-4d59aaaac2a9fd08db918380141960ce av_two_third  avia-builder-el-75  el_after_av_one_third  el_before_av_one_third  flex_column_div av-zero-column-padding  column-top-margin'     ><p>\n<style type=\"text\/css\" data-created_by=\"avia_inline_auto\" id=\"style-css-av-mfvm07ng-2d687f5c36fd19cae81b01188912c065\">\n#top .av-special-heading.av-mfvm07ng-2d687f5c36fd19cae81b01188912c065{\npadding-bottom:10px;\nfont-size:30px;\n}\nbody .av-special-heading.av-mfvm07ng-2d687f5c36fd19cae81b01188912c065 .av-special-heading-tag .heading-char{\nfont-size:25px;\n}\n#top #wrap_all .av-special-heading.av-mfvm07ng-2d687f5c36fd19cae81b01188912c065 .av-special-heading-tag{\nfont-size:30px;\n}\n.av-special-heading.av-mfvm07ng-2d687f5c36fd19cae81b01188912c065 .av-subheading{\nfont-size:15px;\n}\n\n@media only screen and (min-width: 480px) and (max-width: 767px){ \n#top #wrap_all .av-special-heading.av-mfvm07ng-2d687f5c36fd19cae81b01188912c065 .av-special-heading-tag{\nfont-size:0.8em;\n}\n}\n\n@media only screen and (max-width: 479px){ \n#top #wrap_all .av-special-heading.av-mfvm07ng-2d687f5c36fd19cae81b01188912c065 .av-special-heading-tag{\nfont-size:0.8em;\n}\n}\n<\/style>\n<div  class='av-special-heading av-mfvm07ng-2d687f5c36fd19cae81b01188912c065 av-special-heading-h3 blockquote modern-quote  avia-builder-el-76  el_before_av_textblock  avia-builder-el-first  av-inherit-size av-linked-heading'><h3 class='av-special-heading-tag '  itemprop=\"headline\"  >Sheron Edey<\/h3><div class='av-subheading av-subheading_below'><p>Mental Health Initiative Project Manager<\/p>\n<\/div><div class=\"special-heading-border\"><div class=\"special-heading-inner-border\"><\/div><\/div><\/div><br \/>\n<section  class='av_textblock_section av-mfvlzdn6-2d1aa71bdf29406b007ae665c710c5a0 '   itemscope=\"itemscope\" itemtype=\"https:\/\/schema.org\/CreativeWork\" ><div class='avia_textblock'  itemprop=\"text\" ><div class=\"x_elementToProof\" data-olk-copy-source=\"MessageBody\"><strong>Sheron Edey<\/strong> is a dedicated community connector who bridges cultural arts and social impact through her diverse professional experience. With a background in theatre, she has contributed to productions with the Silk Road Institute and Teesri Dunyia Theatre Company, bringing multicultural stories to life on stage.<\/div>\n<div class=\"x_elementToProof\">As project director for BCRC&#8217;s &#8220;<a id=\"LPlnk923121\" class=\"x_OWAAutoLink\" title=\"https:\/\/www.youtube.com\/playlist?list=PLe9vACerbXgs9l_tBKk1p_DQT4ou5LREQ\" href=\"https:\/\/www.youtube.com\/playlist?list=PLe9vACerbXgs9l_tBKk1p_DQT4ou5LREQ\" data-auth=\"NotApplicable\" data-linkindex=\"0\">Standing on Their Shoulders<\/a>&#8221; video project, Sheron successfully managed the creation of 20 three-minute videos, demonstrating her ability to execute complex multimedia initiatives that preserve and share community narratives.<\/div>\n<div class=\"x_elementToProof\">Her expertise extends to program development and operations, where she applies her strategic thinking and organizational skills to create meaningful community programming. Sheron&#8217;s commitment to mental health advocacy is evident through her active participation on various decision-making committees, where she works tirelessly to expand services and resources for community members in need.<\/div>\n<div class=\"x_elementToProof\">Through her multifaceted role as a community connector, Sheron continues to foster collaboration between arts, social services, and community organizations, creating pathways for positive change and cultural expression.<\/div>\n<\/div><\/section><\/p><\/div><\/p>\n\n<style type=\"text\/css\" data-created_by=\"avia_inline_auto\" id=\"style-css-av-asyq10-48-3b1ef04e504822fb102c03841001cb09\">\n.flex_column.av-asyq10-48-3b1ef04e504822fb102c03841001cb09{\nwidth:30.666666666667%;\nborder-radius:0px 0px 0px 0px;\npadding:0px 0px 0px 0px;\n}\n<\/style>\n<div  class='flex_column av-asyq10-48-3b1ef04e504822fb102c03841001cb09 av_one_third  avia-builder-el-78  el_after_av_two_third  el_before_av_two_third  first flex_column_div av-zero-column-padding  column-top-margin'     ><style type=\"text\/css\" data-created_by=\"avia_inline_auto\" id=\"style-css-av-31rvgw4-49-8fc61f4c38b0842e6ba50e4f48acd7c9\">\n.avia-image-container.av-31rvgw4-49-8fc61f4c38b0842e6ba50e4f48acd7c9 img.avia_image{\nbox-shadow:none;\n}\n.avia-image-container.av-31rvgw4-49-8fc61f4c38b0842e6ba50e4f48acd7c9 .av-image-caption-overlay-center{\ncolor:#ffffff;\n}\n<\/style>\n<div  class='avia-image-container av-31rvgw4-49-8fc61f4c38b0842e6ba50e4f48acd7c9 av-styling-circle avia_animated_image av-animated-when-visible-95 pop-up avia-align-center  avia-builder-el-79  avia-builder-el-no-sibling '   itemprop=\"image\" itemscope=\"itemscope\" itemtype=\"https:\/\/schema.org\/ImageObject\" ><div class=\"avia-image-container-inner\"><div class=\"avia-image-overlay-wrap\"><img fetchpriority=\"high\" decoding=\"async\" fetchpriority=\"high\" fetchpriority=\"high\" class='wp-image-46976 avia-img-lazy-loading-not-46976 avia_image ' src=\"https:\/\/www.quebec-elan.org\/wp-content\/uploads\/2022\/11\/ELAN_Team_Guy-1.jpg\" alt='' title='ELAN_Team_Guy'  height=\"380\" width=\"380\"  itemprop=\"thumbnailUrl\" srcset=\"https:\/\/www.quebec-elan.org\/wp-content\/uploads\/2022\/11\/ELAN_Team_Guy-1.jpg 380w, https:\/\/www.quebec-elan.org\/wp-content\/uploads\/2022\/11\/ELAN_Team_Guy-1-300x300.jpg 300w, https:\/\/www.quebec-elan.org\/wp-content\/uploads\/2022\/11\/ELAN_Team_Guy-1-100x100.jpg 100w, https:\/\/www.quebec-elan.org\/wp-content\/uploads\/2022\/11\/ELAN_Team_Guy-1-80x80.jpg 80w, https:\/\/www.quebec-elan.org\/wp-content\/uploads\/2022\/11\/ELAN_Team_Guy-1-36x36.jpg 36w, https:\/\/www.quebec-elan.org\/wp-content\/uploads\/2022\/11\/ELAN_Team_Guy-1-180x180.jpg 180w, https:\/\/www.quebec-elan.org\/wp-content\/uploads\/2022\/11\/ELAN_Team_Guy-1-120x120.jpg 120w, https:\/\/www.quebec-elan.org\/wp-content\/uploads\/2022\/11\/ELAN_Team_Guy-1-250x250.jpg 250w\" sizes=\"(max-width: 380px) 100vw, 380px\" \/><\/div><\/div><\/div><\/div>\n\n<style type=\"text\/css\" data-created_by=\"avia_inline_auto\" id=\"style-css-av-3fztw9g-f90b1c7c852205ee912022d5a3fe4404\">\n.flex_column.av-3fztw9g-f90b1c7c852205ee912022d5a3fe4404{\nwidth:65.333333333333%;\nmargin-left:4%;\nborder-radius:0px 0px 0px 0px;\npadding:0px 0px 0px 0px;\n}\n<\/style>\n<div  class='flex_column av-3fztw9g-f90b1c7c852205ee912022d5a3fe4404 av_two_third  avia-builder-el-80  el_after_av_one_third  el_before_av_one_third  flex_column_div av-zero-column-padding  column-top-margin'     ><p>\n<style type=\"text\/css\" data-created_by=\"avia_inline_auto\" id=\"style-css-av-a844f8-bad76c06688e12f6026080e40f441cef\">\n#top .av-special-heading.av-a844f8-bad76c06688e12f6026080e40f441cef{\npadding-bottom:10px;\nfont-size:30px;\n}\nbody .av-special-heading.av-a844f8-bad76c06688e12f6026080e40f441cef .av-special-heading-tag .heading-char{\nfont-size:25px;\n}\n#top #wrap_all .av-special-heading.av-a844f8-bad76c06688e12f6026080e40f441cef .av-special-heading-tag{\nfont-size:30px;\n}\n.av-special-heading.av-a844f8-bad76c06688e12f6026080e40f441cef .av-subheading{\nfont-size:15px;\n}\n\n@media only screen and (min-width: 480px) and (max-width: 767px){ \n#top #wrap_all .av-special-heading.av-a844f8-bad76c06688e12f6026080e40f441cef .av-special-heading-tag{\nfont-size:0.8em;\n}\n}\n\n@media only screen and (max-width: 479px){ \n#top #wrap_all .av-special-heading.av-a844f8-bad76c06688e12f6026080e40f441cef .av-special-heading-tag{\nfont-size:0.8em;\n}\n}\n<\/style>\n<div  class='av-special-heading av-a844f8-bad76c06688e12f6026080e40f441cef av-special-heading-h3 blockquote modern-quote  avia-builder-el-81  el_before_av_textblock  avia-builder-el-first  av-inherit-size'><h3 class='av-special-heading-tag '  itemprop=\"headline\"  >Guy Rex Rodgers<\/h3><div class='av-subheading av-subheading_below'><p>ELAN Founder, Waves of Change Project Manager<\/p>\n<\/div><div class=\"special-heading-border\"><div class=\"special-heading-inner-border\"><\/div><\/div><\/div><br \/>\n<section  class='av_textblock_section av-3bgker8-47-ebb5dafe772bea5eeec61d8903c093f7 '   itemscope=\"itemscope\" itemtype=\"https:\/\/schema.org\/CreativeWork\" ><div class='avia_textblock'  itemprop=\"text\" ><p>A graduate of the playwriting program at the National Theatre School of Canada, Guy Rex Rodgers has worked in film and television, and specialized in writing large-scale multimedia productions for museums and special events across Canada, as well as the US, Europe and the Middle East.\u00a0 He has also worked in television, interviewing artists for the Montreal International Jazz Festival and writing TV specials. He recently wrote a pictorial history book for Montreal\u2019s Welcome Hall Mission to commemorate their 125th anniversary.\u00a0 He is also a musician and has recently performed in several editions of Tim Brady\u2019s symphonies for 100 guitarists. In 2015 he was appointed to l\u2019Ordre des arts et des lettres du Qu\u00e9bec.<\/p>\n<p>A long-time arts activist, Guy Rex Rodgers was co-founder of the Quebec Drama Federation (QDF) and the Quebec Writers\u2019 Federation (QWF), was a member of the founding board of le Conseil des arts et des lettres du Qu\u00e9bec (CALQ), and was Executive Director of the English-Language Arts Network from its inception in 2004 until 2021.<\/p>\n<\/div><\/section><br \/>\n<div  class='avia-button-wrap av-24unkk-ca9c36aa40177005758fa04e8a518472-wrap avia-button-left  avia-builder-el-83  el_after_av_textblock  avia-builder-el-last '><a href='https:\/\/www.quebec-elan.org\/contact-guy-rex-rodgers\/'  class='avia-button av-24unkk-ca9c36aa40177005758fa04e8a518472 av-link-btn avia-icon_select-no avia-size-medium avia-position-left avia-color-theme-color'   aria-label=\"Contact Guy Rex Rodgers\"><span class='avia_iconbox_title' >Contact Guy Rex Rodgers<\/span><\/a><\/div><\/p><\/div>\n\n<style type=\"text\/css\" data-created_by=\"avia_inline_auto\" id=\"style-css-av-700lgk-b0c22a0d539ba0428da4437ba4af097b\">\n.flex_column.av-700lgk-b0c22a0d539ba0428da4437ba4af097b{\nwidth:30.666666666667%;\nborder-radius:0px 0px 0px 0px;\npadding:0px 0px 0px 0px;\n}\n<\/style>\n<div  class='flex_column av-700lgk-b0c22a0d539ba0428da4437ba4af097b av_one_third  avia-builder-el-84  el_after_av_two_third  el_before_av_two_third  first flex_column_div av-zero-column-padding  column-top-margin'     ><style type=\"text\/css\" data-created_by=\"avia_inline_auto\" id=\"style-css-av-5uabo4-341ceb147a63b173736344a670c33a3d\">\n.avia-image-container.av-5uabo4-341ceb147a63b173736344a670c33a3d img.avia_image{\nbox-shadow:none;\n}\n.avia-image-container.av-5uabo4-341ceb147a63b173736344a670c33a3d .av-image-caption-overlay-center{\ncolor:#ffffff;\n}\n<\/style>\n<div  class='avia-image-container av-5uabo4-341ceb147a63b173736344a670c33a3d av-styling-circle avia_animated_image av-animated-when-visible-95 pop-up avia-align-center  avia-builder-el-85  avia-builder-el-no-sibling '   itemprop=\"image\" itemscope=\"itemscope\" itemtype=\"https:\/\/schema.org\/ImageObject\" ><div class=\"avia-image-container-inner\"><div class=\"avia-image-overlay-wrap\"><img fetchpriority=\"high\" decoding=\"async\" fetchpriority=\"high\" fetchpriority=\"high\" class='wp-image-54856 avia-img-lazy-loading-not-54856 avia_image ' src=\"https:\/\/www.quebec-elan.org\/wp-content\/uploads\/2023\/11\/quinten-1030x1024.jpg\" alt='' title='quinten'  height=\"1024\" width=\"1030\"  itemprop=\"thumbnailUrl\" srcset=\"https:\/\/www.quebec-elan.org\/wp-content\/uploads\/2023\/11\/quinten-1030x1024.jpg 1030w, https:\/\/www.quebec-elan.org\/wp-content\/uploads\/2023\/11\/quinten-100x100.jpg 100w, https:\/\/www.quebec-elan.org\/wp-content\/uploads\/2023\/11\/quinten-600x597.jpg 600w, https:\/\/www.quebec-elan.org\/wp-content\/uploads\/2023\/11\/quinten-300x298.jpg 300w, https:\/\/www.quebec-elan.org\/wp-content\/uploads\/2023\/11\/quinten-80x80.jpg 80w, https:\/\/www.quebec-elan.org\/wp-content\/uploads\/2023\/11\/quinten-768x764.jpg 768w, https:\/\/www.quebec-elan.org\/wp-content\/uploads\/2023\/11\/quinten-36x36.jpg 36w, https:\/\/www.quebec-elan.org\/wp-content\/uploads\/2023\/11\/quinten-180x180.jpg 180w, https:\/\/www.quebec-elan.org\/wp-content\/uploads\/2023\/11\/quinten-705x701.jpg 705w, https:\/\/www.quebec-elan.org\/wp-content\/uploads\/2023\/11\/quinten-120x120.jpg 120w, https:\/\/www.quebec-elan.org\/wp-content\/uploads\/2023\/11\/quinten-450x447.jpg 450w, https:\/\/www.quebec-elan.org\/wp-content\/uploads\/2023\/11\/quinten-250x250.jpg 250w, https:\/\/www.quebec-elan.org\/wp-content\/uploads\/2023\/11\/quinten.jpg 1040w\" sizes=\"(max-width: 1030px) 100vw, 1030px\" \/><\/div><\/div><\/div><\/div>\n<style type=\"text\/css\" data-created_by=\"avia_inline_auto\" id=\"style-css-av-4dco9w-43b417f4fbe6ef21f6e83722454e2749\">\n.flex_column.av-4dco9w-43b417f4fbe6ef21f6e83722454e2749{\nwidth:65.333333333333%;\nmargin-left:4%;\nborder-radius:0px 0px 0px 0px;\npadding:0px 0px 0px 0px;\n}\n<\/style>\n<div  class='flex_column av-4dco9w-43b417f4fbe6ef21f6e83722454e2749 av_two_third  avia-builder-el-86  el_after_av_one_third  el_before_av_hr  flex_column_div av-zero-column-padding  column-top-margin'     ><p>\n<style type=\"text\/css\" data-created_by=\"avia_inline_auto\" id=\"style-css-av-mdngef7s-001a9fe58e6b61a91c07f0aaa239fdfc\">\n#top .av-special-heading.av-mdngef7s-001a9fe58e6b61a91c07f0aaa239fdfc{\npadding-bottom:10px;\nfont-size:30px;\n}\nbody .av-special-heading.av-mdngef7s-001a9fe58e6b61a91c07f0aaa239fdfc .av-special-heading-tag .heading-char{\nfont-size:25px;\n}\n#top #wrap_all .av-special-heading.av-mdngef7s-001a9fe58e6b61a91c07f0aaa239fdfc .av-special-heading-tag{\nfont-size:30px;\n}\n.av-special-heading.av-mdngef7s-001a9fe58e6b61a91c07f0aaa239fdfc .av-subheading{\nfont-size:15px;\n}\n\n@media only screen and (min-width: 480px) and (max-width: 767px){ \n#top #wrap_all .av-special-heading.av-mdngef7s-001a9fe58e6b61a91c07f0aaa239fdfc .av-special-heading-tag{\nfont-size:0.8em;\n}\n}\n\n@media only screen and (max-width: 479px){ \n#top #wrap_all .av-special-heading.av-mdngef7s-001a9fe58e6b61a91c07f0aaa239fdfc .av-special-heading-tag{\nfont-size:0.8em;\n}\n}\n<\/style>\n<div  class='av-special-heading av-mdngef7s-001a9fe58e6b61a91c07f0aaa239fdfc av-special-heading-h3 blockquote modern-quote  avia-builder-el-87  el_before_av_textblock  avia-builder-el-first  av-inherit-size av-linked-heading'><h3 class='av-special-heading-tag '  itemprop=\"headline\"  >Quinten Sheriff<\/h3><div class='av-subheading av-subheading_below'><p>ArtistsInspire Grants Project Manager, Interim Privacy Officer<\/p>\n<\/div><div class=\"special-heading-border\"><div class=\"special-heading-inner-border\"><\/div><\/div><\/div><br \/>\n<section  class='av_textblock_section av-b0bs4-b3a553cfd3ea457d938f0f4281504152 '   itemscope=\"itemscope\" itemtype=\"https:\/\/schema.org\/CreativeWork\" ><div class='avia_textblock'  itemprop=\"text\" ><p>Quinten Sheriff thrives at the intersections of HR, business and marketing consultancy, performance improvement initiatives and Diversity, Equity and Inclusion. He is a seasoned learning specialist with a strong background in business and Higher Ed. around design thinking, marketing strategy, and instructional design. Quinten empowers and inspires change-makers, fosters meaningful human connections and drives positive transformations using innovative approaches. He has exhibited his art in all the countries he lived in, and plays several instruments in chamber music groups as well as a jazz quartet.<\/p>\n<\/div><\/section><\/p><\/div><\/p>\n\n<style type=\"text\/css\" data-created_by=\"avia_inline_auto\" id=\"style-css-av-jw88iv3b-36-1a83beadb63bbc3cf466b9b8383804db\">\n#top .hr.hr-invisible.av-jw88iv3b-36-1a83beadb63bbc3cf466b9b8383804db{\nheight:50px;\n}\n<\/style>\n<div  class='hr av-jw88iv3b-36-1a83beadb63bbc3cf466b9b8383804db hr-invisible  avia-builder-el-89  el_after_av_two_third  el_before_av_hr '><span class='hr-inner '><span class=\"hr-inner-style\"><\/span><\/span><\/div>\n\n<style type=\"text\/css\" data-created_by=\"avia_inline_auto\" id=\"style-css-av-3qr25g-c3b3c260fb09da656e78a832064d6b21\">\n#top .hr.hr-invisible.av-3qr25g-c3b3c260fb09da656e78a832064d6b21{\nheight:50px;\n}\n<\/style>\n<div  class='hr av-3qr25g-c3b3c260fb09da656e78a832064d6b21 hr-invisible  avia-builder-el-90  el_after_av_hr  el_before_av_heading '><span class='hr-inner '><span class=\"hr-inner-style\"><\/span><\/span><\/div>\n\n<style type=\"text\/css\" data-created_by=\"avia_inline_auto\" id=\"style-css-av-l3x0ero5-fd9b59b3c112e5f2536d3e6ee2e0c11f\">\n#top .av-special-heading.av-l3x0ero5-fd9b59b3c112e5f2536d3e6ee2e0c11f{\npadding-bottom:0;\ncolor:#000000;\nfont-size:52px;\n}\nbody .av-special-heading.av-l3x0ero5-fd9b59b3c112e5f2536d3e6ee2e0c11f .av-special-heading-tag .heading-char{\nfont-size:25px;\n}\n#top #wrap_all .av-special-heading.av-l3x0ero5-fd9b59b3c112e5f2536d3e6ee2e0c11f .av-special-heading-tag{\nfont-size:52px;\n}\n.av-special-heading.av-l3x0ero5-fd9b59b3c112e5f2536d3e6ee2e0c11f .special-heading-inner-border{\nborder-color:#000000;\n}\n.av-special-heading.av-l3x0ero5-fd9b59b3c112e5f2536d3e6ee2e0c11f .av-subheading{\nfont-size:15px;\n}\n\n@media only screen and (min-width: 480px) and (max-width: 767px){ \n#top #wrap_all .av-special-heading.av-l3x0ero5-fd9b59b3c112e5f2536d3e6ee2e0c11f .av-special-heading-tag{\nfont-size:0.8em;\n}\n}\n\n@media only screen and (max-width: 479px){ \n#top #wrap_all .av-special-heading.av-l3x0ero5-fd9b59b3c112e5f2536d3e6ee2e0c11f .av-special-heading-tag{\nfont-size:0.8em;\n}\n}\n<\/style>\n<div  id=\"board\"  class='av-special-heading av-l3x0ero5-fd9b59b3c112e5f2536d3e6ee2e0c11f av-special-heading-h2 custom-color-heading blockquote modern-quote  avia-builder-el-91  el_after_av_hr  el_before_av_hr  av-inherit-size av-linked-heading'><h2 class='av-special-heading-tag '  itemprop=\"headline\"  >Board<\/h2><div class=\"special-heading-border\"><div class=\"special-heading-inner-border\"><\/div><\/div><\/div>\n\n<style type=\"text\/css\" data-created_by=\"avia_inline_auto\" id=\"style-css-av-1vsfqs-5a2b47ae888b6dae0e556326cf8c1bf8\">\n#top .hr.av-1vsfqs-5a2b47ae888b6dae0e556326cf8c1bf8{\nmargin-top:0px;\nmargin-bottom:0px;\n}\n.hr.av-1vsfqs-5a2b47ae888b6dae0e556326cf8c1bf8 .hr-inner{\nwidth:100%;\nborder-color:rgba(0,0,0,0.15);\n}\n<\/style>\n<div  class='hr av-1vsfqs-5a2b47ae888b6dae0e556326cf8c1bf8 hr-custom  avia-builder-el-92  el_after_av_heading  el_before_av_hr  hr-center hr-icon-no'><span class='hr-inner inner-border-av-border-thin'><span class=\"hr-inner-style\"><\/span><\/span><\/div>\n\n<style type=\"text\/css\" data-created_by=\"avia_inline_auto\" id=\"style-css-av-26xgh0-9c8e2937dfd22f8f0bb9e833f9b19162\">\n#top .hr.hr-invisible.av-26xgh0-9c8e2937dfd22f8f0bb9e833f9b19162{\nheight:50px;\n}\n<\/style>\n<div  class='hr av-26xgh0-9c8e2937dfd22f8f0bb9e833f9b19162 hr-invisible  avia-builder-el-93  el_after_av_hr  el_before_av_one_full '><span class='hr-inner '><span class=\"hr-inner-style\"><\/span><\/span><\/div>\n\n<style type=\"text\/css\" data-created_by=\"avia_inline_auto\" id=\"style-css-av-78tea7o-36b26bb69dfab13c23fe2433cdb58134\">\n.flex_column.av-78tea7o-36b26bb69dfab13c23fe2433cdb58134{\nborder-radius:0px 0px 0px 0px;\npadding:0px 0px 0px 0px;\n}\n<\/style>\n<div  class='flex_column av-78tea7o-36b26bb69dfab13c23fe2433cdb58134 av_one_full  avia-builder-el-94  el_after_av_hr  el_before_av_heading  first flex_column_div av-zero-column-padding  '     ><section  class='av_textblock_section av-77ds7s4-ade9d7645b7a210f8a7785960e783f7d '   itemscope=\"itemscope\" itemtype=\"https:\/\/schema.org\/CreativeWork\" ><div class='avia_textblock elanvioletstrong'  itemprop=\"text\" ><p>ELAN\u2019s board consists of representatives from the various artistic disciplines that ELAN serves, representatives of the regions outside Greater Montreal, and representatives from sister organizations \u2013 the<a href=\"http:\/\/www.quebecdrama.org\/\"> Quebec Drama Federation<\/a> (QDF), the<a href=\"http:\/\/www.qwf.org\/\"> Quebec Writers Federation<\/a> (QWF) and the<a href=\"http:\/\/aelaq.org\/\"> Association of English Language Publishers<\/a> (AELAQ).<\/p>\n<\/div><\/section><\/div>\n\n<style type=\"text\/css\" data-created_by=\"avia_inline_auto\" id=\"style-css-av-6spwnp0-067038dee80dbf6393711fb35b6e5f9e\">\n#top .av-special-heading.av-6spwnp0-067038dee80dbf6393711fb35b6e5f9e{\npadding-bottom:0;\ncolor:#000000;\nfont-size:42px;\n}\nbody .av-special-heading.av-6spwnp0-067038dee80dbf6393711fb35b6e5f9e .av-special-heading-tag .heading-char{\nfont-size:25px;\n}\n#top #wrap_all .av-special-heading.av-6spwnp0-067038dee80dbf6393711fb35b6e5f9e .av-special-heading-tag{\nfont-size:42px;\n}\n.av-special-heading.av-6spwnp0-067038dee80dbf6393711fb35b6e5f9e .special-heading-inner-border{\nborder-color:#000000;\n}\n.av-special-heading.av-6spwnp0-067038dee80dbf6393711fb35b6e5f9e .av-subheading{\nfont-size:15px;\n}\n\n@media only screen and (min-width: 480px) and (max-width: 767px){ \n#top #wrap_all .av-special-heading.av-6spwnp0-067038dee80dbf6393711fb35b6e5f9e .av-special-heading-tag{\nfont-size:0.8em;\n}\n}\n\n@media only screen and (max-width: 479px){ \n#top #wrap_all .av-special-heading.av-6spwnp0-067038dee80dbf6393711fb35b6e5f9e .av-special-heading-tag{\nfont-size:0.8em;\n}\n}\n<\/style>\n<div  class='av-special-heading av-6spwnp0-067038dee80dbf6393711fb35b6e5f9e av-special-heading-h2 custom-color-heading blockquote modern-quote  avia-builder-el-96  el_after_av_one_full  el_before_av_hr  av-inherit-size'><h2 class='av-special-heading-tag '  itemprop=\"headline\"  >Executive<\/h2><div class=\"special-heading-border\"><div class=\"special-heading-inner-border\"><\/div><\/div><\/div>\n\n<style type=\"text\/css\" data-created_by=\"avia_inline_auto\" id=\"style-css-av-2n65us-f8330f7e2a0d7f7be91925bc58634ae5\">\n#top .hr.av-2n65us-f8330f7e2a0d7f7be91925bc58634ae5{\nmargin-top:0px;\nmargin-bottom:0px;\n}\n.hr.av-2n65us-f8330f7e2a0d7f7be91925bc58634ae5 .hr-inner{\nwidth:100%;\nborder-color:rgba(0,0,0,0.15);\n}\n<\/style>\n<div  class='hr av-2n65us-f8330f7e2a0d7f7be91925bc58634ae5 hr-custom  avia-builder-el-97  el_after_av_heading  el_before_av_hr  hr-center hr-icon-no'><span class='hr-inner inner-border-av-border-thin'><span class=\"hr-inner-style\"><\/span><\/span><\/div>\n\n<style type=\"text\/css\" data-created_by=\"avia_inline_auto\" id=\"style-css-av-4xq4lg-3d5a380d9a4688df1e13de8c2210ddd5\">\n#top .hr.hr-invisible.av-4xq4lg-3d5a380d9a4688df1e13de8c2210ddd5{\nheight:50px;\n}\n<\/style>\n<div  class='hr av-4xq4lg-3d5a380d9a4688df1e13de8c2210ddd5 hr-invisible  avia-builder-el-98  el_after_av_hr  el_before_av_one_third '><span class='hr-inner '><span class=\"hr-inner-style\"><\/span><\/span><\/div>\n\n<style type=\"text\/css\" data-created_by=\"avia_inline_auto\" id=\"style-css-av-6hkbs5w-dad60712f46d116773f4dc0fcde5d43b\">\n.flex_column.av-6hkbs5w-dad60712f46d116773f4dc0fcde5d43b{\nwidth:30.666666666667%;\nborder-radius:0px 0px 0px 0px;\npadding:0px 0px 0px 0px;\n}\n<\/style>\n<div  class='flex_column av-6hkbs5w-dad60712f46d116773f4dc0fcde5d43b av_one_third  avia-builder-el-99  el_after_av_hr  el_before_av_two_third  first flex_column_div av-zero-column-padding  '     ><style type=\"text\/css\" data-created_by=\"avia_inline_auto\" id=\"style-css-av-6gy1izo-2fb1dca27ff8c4560139657bfdf19962\">\n.avia-image-container.av-6gy1izo-2fb1dca27ff8c4560139657bfdf19962 img.avia_image{\nbox-shadow:none;\n}\n.avia-image-container.av-6gy1izo-2fb1dca27ff8c4560139657bfdf19962 .av-image-caption-overlay-center{\ncolor:#ffffff;\n}\n<\/style>\n<div  class='avia-image-container av-6gy1izo-2fb1dca27ff8c4560139657bfdf19962 av-styling-circle avia_animated_image av-animated-when-visible-95 pop-up avia-align-center  avia-builder-el-100  avia-builder-el-no-sibling '   itemprop=\"image\" itemscope=\"itemscope\" itemtype=\"https:\/\/schema.org\/ImageObject\" ><div class=\"avia-image-container-inner\"><div class=\"avia-image-overlay-wrap\"><img fetchpriority=\"high\" decoding=\"async\" fetchpriority=\"high\" fetchpriority=\"high\" class='wp-image-46888 avia-img-lazy-loading-not-46888 avia_image ' src=\"https:\/\/www.quebec-elan.org\/wp-content\/uploads\/2022\/11\/ELAN_Board_Angie.jpg\" alt='' title='ELAN_Board_Angie'  height=\"380\" width=\"380\"  itemprop=\"thumbnailUrl\" srcset=\"https:\/\/www.quebec-elan.org\/wp-content\/uploads\/2022\/11\/ELAN_Board_Angie.jpg 380w, https:\/\/www.quebec-elan.org\/wp-content\/uploads\/2022\/11\/ELAN_Board_Angie-300x300.jpg 300w, https:\/\/www.quebec-elan.org\/wp-content\/uploads\/2022\/11\/ELAN_Board_Angie-100x100.jpg 100w, https:\/\/www.quebec-elan.org\/wp-content\/uploads\/2022\/11\/ELAN_Board_Angie-80x80.jpg 80w, https:\/\/www.quebec-elan.org\/wp-content\/uploads\/2022\/11\/ELAN_Board_Angie-36x36.jpg 36w, https:\/\/www.quebec-elan.org\/wp-content\/uploads\/2022\/11\/ELAN_Board_Angie-180x180.jpg 180w, https:\/\/www.quebec-elan.org\/wp-content\/uploads\/2022\/11\/ELAN_Board_Angie-120x120.jpg 120w, https:\/\/www.quebec-elan.org\/wp-content\/uploads\/2022\/11\/ELAN_Board_Angie-250x250.jpg 250w\" sizes=\"(max-width: 380px) 100vw, 380px\" \/><\/div><\/div><\/div><\/div>\n\n<style type=\"text\/css\" data-created_by=\"avia_inline_auto\" id=\"style-css-av-6er7y7o-a3ba69ad65d333725d9041deb6960900\">\n.flex_column.av-6er7y7o-a3ba69ad65d333725d9041deb6960900{\nwidth:65.333333333333%;\nmargin-left:4%;\nborder-radius:0px 0px 0px 0px;\npadding:0px 0px 0px 0px;\n}\n<\/style>\n<div  class='flex_column av-6er7y7o-a3ba69ad65d333725d9041deb6960900 av_two_third  avia-builder-el-101  el_after_av_one_third  el_before_av_one_third  flex_column_div av-zero-column-padding  '     ><p>\n<style type=\"text\/css\" data-created_by=\"avia_inline_auto\" id=\"style-css-av-6cjiv6c-18326bbad1ad4790e1cec447ca1a6e1c\">\n#top .av-special-heading.av-6cjiv6c-18326bbad1ad4790e1cec447ca1a6e1c{\npadding-bottom:10px;\nfont-size:30px;\n}\nbody .av-special-heading.av-6cjiv6c-18326bbad1ad4790e1cec447ca1a6e1c .av-special-heading-tag .heading-char{\nfont-size:25px;\n}\n#top #wrap_all .av-special-heading.av-6cjiv6c-18326bbad1ad4790e1cec447ca1a6e1c .av-special-heading-tag{\nfont-size:30px;\n}\n.av-special-heading.av-6cjiv6c-18326bbad1ad4790e1cec447ca1a6e1c .av-subheading{\nfont-size:15px;\n}\n\n@media only screen and (min-width: 480px) and (max-width: 767px){ \n#top #wrap_all .av-special-heading.av-6cjiv6c-18326bbad1ad4790e1cec447ca1a6e1c .av-special-heading-tag{\nfont-size:0.8em;\n}\n}\n\n@media only screen and (max-width: 479px){ \n#top #wrap_all .av-special-heading.av-6cjiv6c-18326bbad1ad4790e1cec447ca1a6e1c .av-special-heading-tag{\nfont-size:0.8em;\n}\n}\n<\/style>\n<div  class='av-special-heading av-6cjiv6c-18326bbad1ad4790e1cec447ca1a6e1c av-special-heading-h3 blockquote modern-quote  avia-builder-el-102  el_before_av_textblock  avia-builder-el-first  av-inherit-size av-linked-heading'><h3 class='av-special-heading-tag '  itemprop=\"headline\"  >Angie Cheng<\/h3><div class='av-subheading av-subheading_below'><p>President<\/p>\n<\/div><div class=\"special-heading-border\"><div class=\"special-heading-inner-border\"><\/div><\/div><\/div><br \/>\n<section  class='av_textblock_section av-6bgmtxw-ece31a0b5e82e8c70482178bac9b865f '   itemscope=\"itemscope\" itemtype=\"https:\/\/schema.org\/CreativeWork\" ><div class='avia_textblock'  itemprop=\"text\" ><p><strong><span style=\"color: #000000;\">Angie Cheng (Performance). <\/span><\/strong>Originally from Ottawa, Angie Cheng is a Montreal-based dance artist. Collaborative creation processes ground her ongoing research in performance; investigating the liminal space between creative process and performance event, between spectator and performer. The embodied and specific understandings that arise from these investigations shape her current questions and engagements both in her own work and with others. What other platforms are available for presenting work and examining how we present the different states of work and the influence it plays with what we create. She has also been actively engaged in the dance community in the conversations of inclusivity, diversity and accessibility. She was a member of the now defunct inclusivity vivre ensemble committee of the RQD.<\/p>\n<\/div><\/section><\/p><\/div>\n\n<style type=\"text\/css\" data-created_by=\"avia_inline_auto\" id=\"style-css-av-fmcktg-84f99e3b293254585719e6ce37b566ba\">\n.flex_column.av-fmcktg-84f99e3b293254585719e6ce37b566ba{\nwidth:30.666666666667%;\nborder-radius:0px 0px 0px 0px;\npadding:0px 0px 0px 0px;\n}\n<\/style>\n<div  class='flex_column av-fmcktg-84f99e3b293254585719e6ce37b566ba av_one_third  avia-builder-el-104  el_after_av_two_third  el_before_av_two_third  first flex_column_div av-zero-column-padding  column-top-margin'     ><style type=\"text\/css\" data-created_by=\"avia_inline_auto\" id=\"style-css-av-4ab8nus-3bfbf8944350b4c82331aea149a9f434\">\n.avia-image-container.av-4ab8nus-3bfbf8944350b4c82331aea149a9f434 img.avia_image{\nbox-shadow:none;\n}\n.avia-image-container.av-4ab8nus-3bfbf8944350b4c82331aea149a9f434 .av-image-caption-overlay-center{\ncolor:#ffffff;\n}\n<\/style>\n<div  class='avia-image-container av-4ab8nus-3bfbf8944350b4c82331aea149a9f434 av-styling-circle avia-align-center  avia-builder-el-105  avia-builder-el-no-sibling '   itemprop=\"image\" itemscope=\"itemscope\" itemtype=\"https:\/\/schema.org\/ImageObject\" ><div class=\"avia-image-container-inner\"><div class=\"avia-image-overlay-wrap\"><img fetchpriority=\"high\" decoding=\"async\" fetchpriority=\"high\" fetchpriority=\"high\" class='wp-image-54653 avia-img-lazy-loading-not-54653 avia_image ' src=\"https:\/\/www.quebec-elan.org\/wp-content\/uploads\/2023\/11\/Louise-Abbott-Vito-DeFilippo-450x450.jpg\" alt='' title='Louise Abbott (Vito DeFilippo)'  height=\"450\" width=\"450\"  itemprop=\"thumbnailUrl\" srcset=\"https:\/\/www.quebec-elan.org\/wp-content\/uploads\/2023\/11\/Louise-Abbott-Vito-DeFilippo-450x450.jpg 450w, https:\/\/www.quebec-elan.org\/wp-content\/uploads\/2023\/11\/Louise-Abbott-Vito-DeFilippo-scaled-300x300.jpg 300w, https:\/\/www.quebec-elan.org\/wp-content\/uploads\/2023\/11\/Louise-Abbott-Vito-DeFilippo-scaled-100x100.jpg 100w, https:\/\/www.quebec-elan.org\/wp-content\/uploads\/2023\/11\/Louise-Abbott-Vito-DeFilippo-80x80.jpg 80w, https:\/\/www.quebec-elan.org\/wp-content\/uploads\/2023\/11\/Louise-Abbott-Vito-DeFilippo-36x36.jpg 36w, https:\/\/www.quebec-elan.org\/wp-content\/uploads\/2023\/11\/Louise-Abbott-Vito-DeFilippo-180x180.jpg 180w, https:\/\/www.quebec-elan.org\/wp-content\/uploads\/2023\/11\/Louise-Abbott-Vito-DeFilippo-120x120.jpg 120w, https:\/\/www.quebec-elan.org\/wp-content\/uploads\/2023\/11\/Louise-Abbott-Vito-DeFilippo-250x250.jpg 250w\" sizes=\"(max-width: 450px) 100vw, 450px\" \/><\/div><\/div><\/div><\/div>\n\n<style type=\"text\/css\" data-created_by=\"avia_inline_auto\" id=\"style-css-av-493yvlw-3e18c45702dd9da733d85ab8283e9cdf\">\n.flex_column.av-493yvlw-3e18c45702dd9da733d85ab8283e9cdf{\nwidth:65.333333333333%;\nmargin-left:4%;\nborder-radius:0px 0px 0px 0px;\npadding:0px 0px 0px 0px;\n}\n<\/style>\n<div  class='flex_column av-493yvlw-3e18c45702dd9da733d85ab8283e9cdf av_two_third  avia-builder-el-106  el_after_av_one_third  el_before_av_one_third  flex_column_div av-zero-column-padding  column-top-margin'     ><p>\n<style type=\"text\/css\" data-created_by=\"avia_inline_auto\" id=\"style-css-av-m0y320bt-96da5a28d3a44388790bb28c9079b3aa\">\n#top .av-special-heading.av-m0y320bt-96da5a28d3a44388790bb28c9079b3aa{\npadding-bottom:10px;\nfont-size:30px;\n}\nbody .av-special-heading.av-m0y320bt-96da5a28d3a44388790bb28c9079b3aa .av-special-heading-tag .heading-char{\nfont-size:25px;\n}\n#top #wrap_all .av-special-heading.av-m0y320bt-96da5a28d3a44388790bb28c9079b3aa .av-special-heading-tag{\nfont-size:30px;\n}\n.av-special-heading.av-m0y320bt-96da5a28d3a44388790bb28c9079b3aa .av-subheading{\nfont-size:15px;\n}\n\n@media only screen and (min-width: 480px) and (max-width: 767px){ \n#top #wrap_all .av-special-heading.av-m0y320bt-96da5a28d3a44388790bb28c9079b3aa .av-special-heading-tag{\nfont-size:0.8em;\n}\n}\n\n@media only screen and (max-width: 479px){ \n#top #wrap_all .av-special-heading.av-m0y320bt-96da5a28d3a44388790bb28c9079b3aa .av-special-heading-tag{\nfont-size:0.8em;\n}\n}\n<\/style>\n<div  class='av-special-heading av-m0y320bt-96da5a28d3a44388790bb28c9079b3aa av-special-heading-h3 blockquote modern-quote  avia-builder-el-107  el_before_av_textblock  avia-builder-el-first  av-inherit-size av-linked-heading'><h3 class='av-special-heading-tag '  itemprop=\"headline\"  >Louise Abbott<\/h3><div class='av-subheading av-subheading_below'><p>Vice President<\/p>\n<\/div><div class=\"special-heading-border\"><div class=\"special-heading-inner-border\"><\/div><\/div><\/div><br \/>\n<section  class='av_textblock_section av-47cpkl0-8eedf968fd21a9e3981591e5ccb510e1 '   itemscope=\"itemscope\" itemtype=\"https:\/\/schema.org\/CreativeWork\" ><div class='avia_textblock'  itemprop=\"text\" ><p><strong><a href=\"https:\/\/www.louiseabbott.ca\/\" target=\"_blank\" rel=\"noopener\">Louise Abbott<\/a> (Writing\/AELAQ)<\/strong>\u00a0is an Eastern Townships-based writer, photographer, and filmmaker. She has dedicated her career to exploring often overlooked communities in outlying areas of Canada. She is the author of <i>The Coast Way<\/i>, <i>The French Shore<\/i>, <i>The Heart of the Farm<\/i>, <i>Eeyou Istchee: Land of the Cree<\/i>, and <i>Memphremagog: An Illustrated History<\/i>. She has directed numerous documentaries, including <i>The Sugarmak<\/i>ers, televised by PBS in 2022, and <i>CRUX: The Transformation of AnneBruce Falconer<\/i>, screened at the International Festival of Films on Art (FIFA) in 2022. Louise established a literary press for Studio Georgeville in 2019 and has since published three anthologies by Townships writers.<\/p>\n<p>She created a multimedia project\u2014<em>In Their Own Voice: Stories and Songs from St. Paul&#8217;s River<\/em>\u2014for the <a href=\"https:\/\/whiteley.miaexplore.com\/en\/\" target=\"_blank\" rel=\"noopener\">Whiteley Museum<\/a> in 2023.\u00a0 She&#8217;s currently producing a book titled <em>Islands of History about <\/em>ten islands in the archipelagos of Old Fort and Blanc Sablon in Quebec and a documentary tentatively titled <em>The Mighty Roar <\/em>about the history of steamboat travel on Lake Memphremagog in Quebec and Vermont<em>.<\/em><\/p>\n<p><em>Photo: Vito DeFilippo<\/em><\/p>\n<\/div><\/section><\/p><\/div>\n\n<style type=\"text\/css\" data-created_by=\"avia_inline_auto\" id=\"style-css-av-7ti71w-b4df26f456ef3c9c46f0bff637ff40ec\">\n.flex_column.av-7ti71w-b4df26f456ef3c9c46f0bff637ff40ec{\nwidth:30.666666666667%;\nborder-radius:0px 0px 0px 0px;\npadding:0px 0px 0px 0px;\n}\n<\/style>\n<div  class='flex_column av-7ti71w-b4df26f456ef3c9c46f0bff637ff40ec av_one_third  avia-builder-el-109  el_after_av_two_third  el_before_av_two_third  first flex_column_div av-zero-column-padding  column-top-margin'     ><style type=\"text\/css\" data-created_by=\"avia_inline_auto\" id=\"style-css-av-m0y3p0za-c4afe8816222e4ea94d1b2dc8f0fe1ef\">\n.avia-image-container.av-m0y3p0za-c4afe8816222e4ea94d1b2dc8f0fe1ef img.avia_image{\nbox-shadow:none;\n}\n.avia-image-container.av-m0y3p0za-c4afe8816222e4ea94d1b2dc8f0fe1ef .av-image-caption-overlay-center{\ncolor:#ffffff;\n}\n<\/style>\n<div  class='avia-image-container av-m0y3p0za-c4afe8816222e4ea94d1b2dc8f0fe1ef av-styling-circle avia-align-center  avia-builder-el-110  avia-builder-el-no-sibling '   itemprop=\"image\" itemscope=\"itemscope\" itemtype=\"https:\/\/schema.org\/ImageObject\" ><div class=\"avia-image-container-inner\"><div class=\"avia-image-overlay-wrap\"><img fetchpriority=\"high\" decoding=\"async\" fetchpriority=\"high\" fetchpriority=\"high\" class='wp-image-70154 avia-img-lazy-loading-not-70154 avia_image ' src=\"https:\/\/www.quebec-elan.org\/wp-content\/uploads\/2024\/09\/12-1030x1030.png\" alt='' title='12'  height=\"1030\" width=\"1030\"  itemprop=\"thumbnailUrl\" srcset=\"https:\/\/www.quebec-elan.org\/wp-content\/uploads\/2024\/09\/12-1030x1030.png 1030w, https:\/\/www.quebec-elan.org\/wp-content\/uploads\/2024\/09\/12-300x300.png 300w, https:\/\/www.quebec-elan.org\/wp-content\/uploads\/2024\/09\/12-80x80.png 80w, https:\/\/www.quebec-elan.org\/wp-content\/uploads\/2024\/09\/12-768x768.png 768w, https:\/\/www.quebec-elan.org\/wp-content\/uploads\/2024\/09\/12-36x36.png 36w, https:\/\/www.quebec-elan.org\/wp-content\/uploads\/2024\/09\/12-180x180.png 180w, https:\/\/www.quebec-elan.org\/wp-content\/uploads\/2024\/09\/12-705x705.png 705w, https:\/\/www.quebec-elan.org\/wp-content\/uploads\/2024\/09\/12-400x400.png 400w, https:\/\/www.quebec-elan.org\/wp-content\/uploads\/2024\/09\/12.png 1080w\" sizes=\"(max-width: 1030px) 100vw, 1030px\" \/><\/div><\/div><\/div><\/div>\n<style type=\"text\/css\" data-created_by=\"avia_inline_auto\" id=\"style-css-av-m9f44-35c8560a6e879c8405782fca0bd2f372\">\n.flex_column.av-m9f44-35c8560a6e879c8405782fca0bd2f372{\nwidth:65.333333333333%;\nmargin-left:4%;\nborder-radius:0px 0px 0px 0px;\npadding:0px 0px 0px 0px;\n}\n<\/style>\n<div  class='flex_column av-m9f44-35c8560a6e879c8405782fca0bd2f372 av_two_third  avia-builder-el-111  el_after_av_one_third  el_before_av_one_third  flex_column_div av-zero-column-padding  column-top-margin'     ><p>\n<style type=\"text\/css\" data-created_by=\"avia_inline_auto\" id=\"style-css-av-m0y346h6-99ceb91fc6c0f921b6a15a0f602c1603\">\n#top .av-special-heading.av-m0y346h6-99ceb91fc6c0f921b6a15a0f602c1603{\npadding-bottom:10px;\nfont-size:30px;\n}\nbody .av-special-heading.av-m0y346h6-99ceb91fc6c0f921b6a15a0f602c1603 .av-special-heading-tag .heading-char{\nfont-size:25px;\n}\n#top #wrap_all .av-special-heading.av-m0y346h6-99ceb91fc6c0f921b6a15a0f602c1603 .av-special-heading-tag{\nfont-size:30px;\n}\n.av-special-heading.av-m0y346h6-99ceb91fc6c0f921b6a15a0f602c1603 .av-subheading{\nfont-size:15px;\n}\n\n@media only screen and (min-width: 480px) and (max-width: 767px){ \n#top #wrap_all .av-special-heading.av-m0y346h6-99ceb91fc6c0f921b6a15a0f602c1603 .av-special-heading-tag{\nfont-size:0.8em;\n}\n}\n\n@media only screen and (max-width: 479px){ \n#top #wrap_all .av-special-heading.av-m0y346h6-99ceb91fc6c0f921b6a15a0f602c1603 .av-special-heading-tag{\nfont-size:0.8em;\n}\n}\n<\/style>\n<div  class='av-special-heading av-m0y346h6-99ceb91fc6c0f921b6a15a0f602c1603 av-special-heading-h3 blockquote modern-quote  avia-builder-el-112  el_before_av_textblock  avia-builder-el-first  av-inherit-size av-linked-heading'><h3 class='av-special-heading-tag '  itemprop=\"headline\"  >Leah Evangelista Woolner<\/h3><div class='av-subheading av-subheading_below'><p>Treasurer<\/p>\n<\/div><div class=\"special-heading-border\"><div class=\"special-heading-inner-border\"><\/div><\/div><\/div><br \/>\n<section  class='av_textblock_section av-m0y3q593-8e6973422513304953e318993296287b '   itemscope=\"itemscope\" itemtype=\"https:\/\/schema.org\/CreativeWork\" ><div class='avia_textblock'  itemprop=\"text\" ><p><strong>Leah Evangelista Woolner<\/strong> is a visual artist and community organizer. Her artistic practice explores themes of belonging, desire, knowledge creation, diaspora and collective liberation through painting, mixed media collage, and video installation. Leah continues to (un)learn and be inspired by her relationships with diasporic communities and interspecies beings. She holds a Bachelors of Fine Arts from Concordia University (2012) and lives in Tiohti\u00e0 ke\/Mooniyang (Montreal).<\/p>\n<\/div><\/section><\/p><\/div><\/p>\n\n<style type=\"text\/css\" data-created_by=\"avia_inline_auto\" id=\"style-css-av-3ni8wk-83c803577a4c40328920926b58653631\">\n.flex_column.av-3ni8wk-83c803577a4c40328920926b58653631{\nwidth:30.666666666667%;\nborder-radius:0px 0px 0px 0px;\npadding:0px 0px 0px 0px;\n}\n<\/style>\n<div  class='flex_column av-3ni8wk-83c803577a4c40328920926b58653631 av_one_third  avia-builder-el-114  el_after_av_two_third  el_before_av_two_third  first flex_column_div av-zero-column-padding  column-top-margin'     ><style type=\"text\/css\" data-created_by=\"avia_inline_auto\" id=\"style-css-av-lot1i3lt-53c1ca857bfcbaa7703ca33e20efa9e6\">\n.avia-image-container.av-lot1i3lt-53c1ca857bfcbaa7703ca33e20efa9e6 img.avia_image{\nbox-shadow:none;\n}\n.avia-image-container.av-lot1i3lt-53c1ca857bfcbaa7703ca33e20efa9e6 .av-image-caption-overlay-center{\ncolor:#ffffff;\n}\n<\/style>\n<div  class='avia-image-container av-lot1i3lt-53c1ca857bfcbaa7703ca33e20efa9e6 av-styling-circle avia-align-center  avia-builder-el-115  avia-builder-el-no-sibling '   itemprop=\"image\" itemscope=\"itemscope\" itemtype=\"https:\/\/schema.org\/ImageObject\" ><div class=\"avia-image-container-inner\"><div class=\"avia-image-overlay-wrap\"><img fetchpriority=\"high\" decoding=\"async\" fetchpriority=\"high\" fetchpriority=\"high\" class='wp-image-70148 avia-img-lazy-loading-not-70148 avia_image ' src=\"https:\/\/www.quebec-elan.org\/wp-content\/uploads\/2024\/09\/10.png\" alt='' title='10'  height=\"1080\" width=\"1080\"  itemprop=\"thumbnailUrl\" srcset=\"https:\/\/www.quebec-elan.org\/wp-content\/uploads\/2024\/09\/10.png 1080w, https:\/\/www.quebec-elan.org\/wp-content\/uploads\/2024\/09\/10-300x300.png 300w, https:\/\/www.quebec-elan.org\/wp-content\/uploads\/2024\/09\/10-1030x1030.png 1030w, https:\/\/www.quebec-elan.org\/wp-content\/uploads\/2024\/09\/10-80x80.png 80w, https:\/\/www.quebec-elan.org\/wp-content\/uploads\/2024\/09\/10-768x768.png 768w, https:\/\/www.quebec-elan.org\/wp-content\/uploads\/2024\/09\/10-36x36.png 36w, https:\/\/www.quebec-elan.org\/wp-content\/uploads\/2024\/09\/10-180x180.png 180w, https:\/\/www.quebec-elan.org\/wp-content\/uploads\/2024\/09\/10-705x705.png 705w, https:\/\/www.quebec-elan.org\/wp-content\/uploads\/2024\/09\/10-400x400.png 400w\" sizes=\"(max-width: 1080px) 100vw, 1080px\" \/><\/div><\/div><\/div><\/div>\n\n<style type=\"text\/css\" data-created_by=\"avia_inline_auto\" id=\"style-css-av-7fq5g-e01a4bfa57145780e55a7fafd8bacbbf\">\n.flex_column.av-7fq5g-e01a4bfa57145780e55a7fafd8bacbbf{\nwidth:65.333333333333%;\nmargin-left:4%;\nborder-radius:0px 0px 0px 0px;\npadding:0px 0px 0px 0px;\n}\n<\/style>\n<div  class='flex_column av-7fq5g-e01a4bfa57145780e55a7fafd8bacbbf av_two_third  avia-builder-el-116  el_after_av_one_third  el_before_av_hr  flex_column_div av-zero-column-padding  column-top-margin'     ><p>\n<style type=\"text\/css\" data-created_by=\"avia_inline_auto\" id=\"style-css-av-m2tdmti3-3f69ade359d0a314ad3d313239d87472\">\n#top .av-special-heading.av-m2tdmti3-3f69ade359d0a314ad3d313239d87472{\npadding-bottom:10px;\nfont-size:30px;\n}\nbody .av-special-heading.av-m2tdmti3-3f69ade359d0a314ad3d313239d87472 .av-special-heading-tag .heading-char{\nfont-size:25px;\n}\n#top #wrap_all .av-special-heading.av-m2tdmti3-3f69ade359d0a314ad3d313239d87472 .av-special-heading-tag{\nfont-size:30px;\n}\n.av-special-heading.av-m2tdmti3-3f69ade359d0a314ad3d313239d87472 .av-subheading{\nfont-size:15px;\n}\n\n@media only screen and (min-width: 480px) and (max-width: 767px){ \n#top #wrap_all .av-special-heading.av-m2tdmti3-3f69ade359d0a314ad3d313239d87472 .av-special-heading-tag{\nfont-size:0.8em;\n}\n}\n\n@media only screen and (max-width: 479px){ \n#top #wrap_all .av-special-heading.av-m2tdmti3-3f69ade359d0a314ad3d313239d87472 .av-special-heading-tag{\nfont-size:0.8em;\n}\n}\n<\/style>\n<div  class='av-special-heading av-m2tdmti3-3f69ade359d0a314ad3d313239d87472 av-special-heading-h3 blockquote modern-quote  avia-builder-el-117  el_before_av_textblock  avia-builder-el-first  av-inherit-size av-linked-heading'><h3 class='av-special-heading-tag '  itemprop=\"headline\"  >Kuh del Rosario<\/h3><div class='av-subheading av-subheading_below'><p>Secretary<\/p>\n<\/div><div class=\"special-heading-border\"><div class=\"special-heading-inner-border\"><\/div><\/div><\/div><br \/>\n<section  class='av_textblock_section av-lot1lfov-4c4e5f2c1579efe74ed048e9cc74ad19 '   itemscope=\"itemscope\" itemtype=\"https:\/\/schema.org\/CreativeWork\" ><div class='avia_textblock'  itemprop=\"text\" ><p style=\"margin: 0cm; margin-bottom: .0001pt;\"><strong><span style=\"color: #0e101a;\">Kuh Del Rosario (Visual arts)<\/span><\/strong><span class=\"gmail-apple-converted-space\"><span style=\"color: #0e101a;\">\u00a0<\/span><\/span><span style=\"color: #0e101a;\">is a visual artist based in Tiohti\u00e0:ke\/Montr\u00e9al, QC. Attuning to everyday materials, her practice is driven by a desire for grounding within the places she inhabits.\u00a0Inspired by Philippine cosmologies and indigenous beliefs, tactile memories and the language of things, Del Rosario explores alternative possibilities and world-building.<\/span><\/p>\n<p style=\"margin: 0cm; margin-bottom: .0001pt;\"><span style=\"color: #0e101a;\">\u00a0<\/span><\/p>\n<p style=\"margin: 0cm; margin-bottom: .0001pt;\"><span style=\"color: #0e101a;\">She has been supported by The Peter Thompson Family Graduate Scholarship 2020, CALQ 2023, Canada Council for the Arts 2023, Fonderie Darling 2023-2026 sponsored by Romany Eveleigh Gift, and The Claudine &#038; Stephen Bronfman Fellowship in Contemporary Art 2024.\u00a0<\/span><\/p>\n<p style=\"margin: 0cm; margin-bottom: .0001pt;\"><span style=\"color: #0e101a;\">\u00a0<\/span><\/p>\n<p style=\"margin: 0cm; margin-bottom: .0001pt;\"><span style=\"color: #0e101a;\">Del Rosario recently exhibited at FOFA Gallery (Tidelines, May 2024), SKOL (Catalogue Des Ruines, January 2024), Centre Clark (Summoning Black Beach, October 2023 &#038; Maison Mod\u00e8le, March 2024) and Maison de la Culture Monkland (Groundworks, November 2023). Upcoming group exhibitions at The Art Gallery of Grande Prairie (Worried Earth, Aug 2024), Fonderie Darling (D\u00e9liquescence,<span class=\"gmail-apple-converted-space\">\u00a0<\/span>plaisirs<span class=\"gmail-apple-converted-space\">\u00a0<\/span>du chaos, September 2024) and a solo show at B-312 (TBA, February 2025).<\/span><\/p>\n<p style=\"margin: 0cm; margin-bottom: .0001pt;\"><span style=\"color: #0e101a;\">\u00a0<\/span><\/p>\n<p><em>Photo By: Alexis Bernard<\/em><\/p>\n<\/div><\/section><\/p><\/div>\n\n<style type=\"text\/css\" data-created_by=\"avia_inline_auto\" id=\"style-css-av-l3x4bysf-0311a941c9db12e3ac6e8f4006d39ccc\">\n#top .hr.hr-invisible.av-l3x4bysf-0311a941c9db12e3ac6e8f4006d39ccc{\nheight:50px;\n}\n<\/style>\n<div  class='hr av-l3x4bysf-0311a941c9db12e3ac6e8f4006d39ccc hr-invisible  avia-builder-el-119  el_after_av_two_third  el_before_av_heading '><span class='hr-inner '><span class=\"hr-inner-style\"><\/span><\/span><\/div>\n\n<style type=\"text\/css\" data-created_by=\"avia_inline_auto\" id=\"style-css-av-5u0gdkk-089b78fa6f9f1f57d17bd240d8a99484\">\n#top .av-special-heading.av-5u0gdkk-089b78fa6f9f1f57d17bd240d8a99484{\npadding-bottom:0;\nfont-size:42px;\n}\nbody .av-special-heading.av-5u0gdkk-089b78fa6f9f1f57d17bd240d8a99484 .av-special-heading-tag .heading-char{\nfont-size:25px;\n}\n#top #wrap_all .av-special-heading.av-5u0gdkk-089b78fa6f9f1f57d17bd240d8a99484 .av-special-heading-tag{\nfont-size:42px;\n}\n.av-special-heading.av-5u0gdkk-089b78fa6f9f1f57d17bd240d8a99484 .av-subheading{\nfont-size:15px;\n}\n\n@media only screen and (min-width: 480px) and (max-width: 767px){ \n#top #wrap_all .av-special-heading.av-5u0gdkk-089b78fa6f9f1f57d17bd240d8a99484 .av-special-heading-tag{\nfont-size:0.8em;\n}\n}\n\n@media only screen and (max-width: 479px){ \n#top #wrap_all .av-special-heading.av-5u0gdkk-089b78fa6f9f1f57d17bd240d8a99484 .av-special-heading-tag{\nfont-size:0.8em;\n}\n}\n<\/style>\n<div  class='av-special-heading av-5u0gdkk-089b78fa6f9f1f57d17bd240d8a99484 av-special-heading-h2 blockquote modern-quote  avia-builder-el-120  el_after_av_hr  el_before_av_hr  av-inherit-size'><h2 class='av-special-heading-tag '  itemprop=\"headline\"  >Members at Large<\/h2><div class=\"special-heading-border\"><div class=\"special-heading-inner-border\"><\/div><\/div><\/div>\n\n<style type=\"text\/css\" data-created_by=\"avia_inline_auto\" id=\"style-css-av-4w9tvo-f23a7ea003cd30aeb463cb83724f8c6f\">\n#top .hr.av-4w9tvo-f23a7ea003cd30aeb463cb83724f8c6f{\nmargin-top:0px;\nmargin-bottom:0px;\n}\n.hr.av-4w9tvo-f23a7ea003cd30aeb463cb83724f8c6f .hr-inner{\nwidth:100%;\nborder-color:rgba(0,0,0,0.15);\n}\n<\/style>\n<div  class='hr av-4w9tvo-f23a7ea003cd30aeb463cb83724f8c6f hr-custom  avia-builder-el-121  el_after_av_heading  el_before_av_hr  hr-center hr-icon-no'><span class='hr-inner inner-border-av-border-thin'><span class=\"hr-inner-style\"><\/span><\/span><\/div>\n\n<style type=\"text\/css\" data-created_by=\"avia_inline_auto\" id=\"style-css-av-5sdgj8k-65d1e426687595cc050078f389ca3722\">\n#top .hr.hr-invisible.av-5sdgj8k-65d1e426687595cc050078f389ca3722{\nheight:50px;\n}\n<\/style>\n<div  class='hr av-5sdgj8k-65d1e426687595cc050078f389ca3722 hr-invisible  avia-builder-el-122  el_after_av_hr  el_before_av_one_third '><span class='hr-inner '><span class=\"hr-inner-style\"><\/span><\/span><\/div>\n\n<style type=\"text\/css\" data-created_by=\"avia_inline_auto\" id=\"style-css-av-7odv90-694d59aa2dbea7c291244f055db37920\">\n.flex_column.av-7odv90-694d59aa2dbea7c291244f055db37920{\nwidth:30.666666666667%;\nborder-radius:0px 0px 0px 0px;\npadding:0px 0px 0px 0px;\n}\n<\/style>\n<div  class='flex_column av-7odv90-694d59aa2dbea7c291244f055db37920 av_one_third  avia-builder-el-123  el_after_av_hr  el_before_av_two_third  first flex_column_div av-zero-column-padding  '     ><style type=\"text\/css\" data-created_by=\"avia_inline_auto\" id=\"style-css-av-lot1e067-7a646aa59a685b9d7efa06c89983a2ad\">\n.avia-image-container.av-lot1e067-7a646aa59a685b9d7efa06c89983a2ad img.avia_image{\nbox-shadow:none;\n}\n.avia-image-container.av-lot1e067-7a646aa59a685b9d7efa06c89983a2ad .av-image-caption-overlay-center{\ncolor:#ffffff;\n}\n<\/style>\n<div  class='avia-image-container av-lot1e067-7a646aa59a685b9d7efa06c89983a2ad av-styling-circle avia-align-center  avia-builder-el-124  avia-builder-el-no-sibling '   itemprop=\"image\" itemscope=\"itemscope\" itemtype=\"https:\/\/schema.org\/ImageObject\" ><div class=\"avia-image-container-inner\"><div class=\"avia-image-overlay-wrap\"><img fetchpriority=\"high\" decoding=\"async\" fetchpriority=\"high\" fetchpriority=\"high\" class='wp-image-72368 avia-img-lazy-loading-not-72368 avia_image ' src=\"https:\/\/www.quebec-elan.org\/wp-content\/uploads\/2025\/09\/Mario-Clarke-1030x1030.jpg\" alt='' title='Mario Clarke'  height=\"1030\" width=\"1030\"  itemprop=\"thumbnailUrl\" srcset=\"https:\/\/www.quebec-elan.org\/wp-content\/uploads\/2025\/09\/Mario-Clarke-1030x1030.jpg 1030w, https:\/\/www.quebec-elan.org\/wp-content\/uploads\/2025\/09\/Mario-Clarke-300x300.jpg 300w, https:\/\/www.quebec-elan.org\/wp-content\/uploads\/2025\/09\/Mario-Clarke-80x80.jpg 80w, https:\/\/www.quebec-elan.org\/wp-content\/uploads\/2025\/09\/Mario-Clarke-768x768.jpg 768w, https:\/\/www.quebec-elan.org\/wp-content\/uploads\/2025\/09\/Mario-Clarke-36x36.jpg 36w, https:\/\/www.quebec-elan.org\/wp-content\/uploads\/2025\/09\/Mario-Clarke-180x180.jpg 180w, https:\/\/www.quebec-elan.org\/wp-content\/uploads\/2025\/09\/Mario-Clarke-705x705.jpg 705w, https:\/\/www.quebec-elan.org\/wp-content\/uploads\/2025\/09\/Mario-Clarke.jpg 1080w\" sizes=\"(max-width: 1030px) 100vw, 1030px\" \/><\/div><\/div><\/div><\/div>\n<style type=\"text\/css\" data-created_by=\"avia_inline_auto\" id=\"style-css-av-5ifl0k-dd9df650e50bf32e5e00c5238650a010\">\n.flex_column.av-5ifl0k-dd9df650e50bf32e5e00c5238650a010{\nwidth:65.333333333333%;\nmargin-left:4%;\nborder-radius:0px 0px 0px 0px;\npadding:0px 0px 0px 0px;\n}\n<\/style>\n<div  class='flex_column av-5ifl0k-dd9df650e50bf32e5e00c5238650a010 av_two_third  avia-builder-el-125  el_after_av_one_third  el_before_av_one_third  flex_column_div av-zero-column-padding  '     ><section  class='av_textblock_section av-lot1f6cy-012fc184195f6ed485814349dd5b94f7 '   itemscope=\"itemscope\" itemtype=\"https:\/\/schema.org\/CreativeWork\" ><div class='avia_textblock'  itemprop=\"text\" ><p><b>Mario Clarke (Corporate) <\/b><span class=\"TextRun SCXW169219899 BCX0\" lang=\"EN-US\" xml:lang=\"EN-US\" data-contrast=\"none\"><span class=\"NormalTextRun SCXW169219899 BCX0\">With over 15 years of experience leading and executing complex projects across diverse industries and levels of government, I am currently serving as the Director of Entrepreneurship and Program Development at YES Employment + Entrepreneurship, a nonprofit dedicated to empowering entrepreneurs and artists &#8211; driving economic growth in Quebec. My leadership is grounded in a strong <\/span><span class=\"NormalTextRun SCXW169219899 BCX0\">track record<\/span><span class=\"NormalTextRun SCXW169219899 BCX0\"> of fostering innovation, building strategic partnerships, and advancing community-based solutions that create sustainable impact.<\/span><\/span><span class=\"LineBreakBlob BlobObject DragDrop SCXW169219899 BCX0\"><br class=\"SCXW169219899 BCX0\" \/><\/span><span class=\"LineBreakBlob BlobObject DragDrop SCXW169219899 BCX0\"><br class=\"SCXW169219899 BCX0\" \/><\/span><span class=\"TextRun SCXW169219899 BCX0\" lang=\"EN-US\" xml:lang=\"EN-US\" data-contrast=\"none\"><span class=\"NormalTextRun SCXW169219899 BCX0\">As a certified PMP, SMC, and FITT professional, I bring <\/span><span class=\"NormalTextRun SCXW169219899 BCX0\">expertise<\/span><span class=\"NormalTextRun SCXW169219899 BCX0\"> in government relations, business development, grant writing, and organizational development. My core strengths encompass nonprofit management, economic development, advocacy for human rights and gender equality, and overseeing high-impact programs from <\/span><span class=\"NormalTextRun SCXW169219899 BCX0\">inception<\/span><span class=\"NormalTextRun SCXW169219899 BCX0\"> to successful implementation. With a deep commitment to driving social and economic change, I am passionate about helping individuals, communities, and organizations reach their full potential.<\/span><\/span><\/p>\n<\/div><\/section><\/div><\/p>\n\n<style type=\"text\/css\" data-created_by=\"avia_inline_auto\" id=\"style-css-av-7zjquc-87cde64afab658608778e1be71b64b9e\">\n.flex_column.av-7zjquc-87cde64afab658608778e1be71b64b9e{\nwidth:30.666666666667%;\nborder-radius:0px 0px 0px 0px;\npadding:0px 0px 0px 0px;\n}\n<\/style>\n<div  class='flex_column av-7zjquc-87cde64afab658608778e1be71b64b9e av_one_third  avia-builder-el-127  el_after_av_two_third  el_before_av_two_third  first flex_column_div av-zero-column-padding  column-top-margin'     ><style type=\"text\/css\" data-created_by=\"avia_inline_auto\" id=\"style-css-av-6kkeb8-f46f08da907ae6431e899b5ec89ed400\">\n.avia-image-container.av-6kkeb8-f46f08da907ae6431e899b5ec89ed400 img.avia_image{\nbox-shadow:none;\n}\n.avia-image-container.av-6kkeb8-f46f08da907ae6431e899b5ec89ed400 .av-image-caption-overlay-center{\ncolor:#ffffff;\n}\n<\/style>\n<div  class='avia-image-container av-6kkeb8-f46f08da907ae6431e899b5ec89ed400 av-styling-circle avia-align-center  avia-builder-el-128  avia-builder-el-no-sibling '   itemprop=\"image\" itemscope=\"itemscope\" itemtype=\"https:\/\/schema.org\/ImageObject\" ><div class=\"avia-image-container-inner\"><div class=\"avia-image-overlay-wrap\"><img fetchpriority=\"high\" decoding=\"async\" fetchpriority=\"high\" fetchpriority=\"high\" class='wp-image-70271 avia-img-lazy-loading-not-70271 avia_image ' src=\"https:\/\/www.quebec-elan.org\/wp-content\/uploads\/2024\/10\/eryn-1030x1030.jpg\" alt='' title='eryn'  height=\"1030\" width=\"1030\"  itemprop=\"thumbnailUrl\" srcset=\"https:\/\/www.quebec-elan.org\/wp-content\/uploads\/2024\/10\/eryn-1030x1030.jpg 1030w, https:\/\/www.quebec-elan.org\/wp-content\/uploads\/2024\/10\/eryn-300x300.jpg 300w, https:\/\/www.quebec-elan.org\/wp-content\/uploads\/2024\/10\/eryn-80x80.jpg 80w, https:\/\/www.quebec-elan.org\/wp-content\/uploads\/2024\/10\/eryn-768x768.jpg 768w, https:\/\/www.quebec-elan.org\/wp-content\/uploads\/2024\/10\/eryn-36x36.jpg 36w, https:\/\/www.quebec-elan.org\/wp-content\/uploads\/2024\/10\/eryn-180x180.jpg 180w, https:\/\/www.quebec-elan.org\/wp-content\/uploads\/2024\/10\/eryn-705x705.jpg 705w, https:\/\/www.quebec-elan.org\/wp-content\/uploads\/2024\/10\/eryn-400x400.jpg 400w, https:\/\/www.quebec-elan.org\/wp-content\/uploads\/2024\/10\/eryn.jpg 1080w\" sizes=\"(max-width: 1030px) 100vw, 1030px\" \/><\/div><\/div><\/div><\/div>\n<style type=\"text\/css\" data-created_by=\"avia_inline_auto\" id=\"style-css-av-4lddsk-b32600b7dfc636b7fdd6f513e1f52c2a\">\n.flex_column.av-4lddsk-b32600b7dfc636b7fdd6f513e1f52c2a{\nwidth:65.333333333333%;\nmargin-left:4%;\nborder-radius:0px 0px 0px 0px;\npadding:0px 0px 0px 0px;\n}\n<\/style>\n<div  class='flex_column av-4lddsk-b32600b7dfc636b7fdd6f513e1f52c2a av_two_third  avia-builder-el-129  el_after_av_one_third  el_before_av_one_third  flex_column_div av-zero-column-padding  column-top-margin'     ><section  class='av_textblock_section av-2hjtwk-c82996ce6ee765f426db7f53109eaba9 '   itemscope=\"itemscope\" itemtype=\"https:\/\/schema.org\/CreativeWork\" ><div class='avia_textblock'  itemprop=\"text\" ><p><strong>Eryn Dace Trudell (Dance)<\/strong>, founder and artistic director of MamanDanse since 2006, is a versatile dance artist. For over three decades, she has excelled as a producer, animator, choreographer, performer, teacher, entrepreneur and researcher.<\/p>\n<p>Her research focuses on dance as a relational art and as a means of cultivating a sense of wholeness and well-being through enhancing kinesthetic awareness, sensation and empathy; deepening connections with self, others and the environment; and contributing to the quality of life of individuals and communities. Eryn&#8217;s knowledge and skills are a consolidation of her training in ballet and modern dance at Juilliard, her independent research in contemporary dance and somatic movement education, her understanding of dance movement therapy theories and research into the history and practices of folk dance, culturally specific dances and dance as ritual.<\/p>\n<p>Eryn Trudell regularly gives workshops as an artist-educator with the Artist Inspire programme for children in primary schools in and around the Greater Montreal area.<\/p>\n<p>Ms Trudell holds a Masters in Dance ( MA) from UQAM and a Bachelor degree (BFA) in dance\u00a0 from The Juilliard School and is a certified facilitator of Skinner Releasing Technique.( SRT)<\/p>\n<p>Photo by Vivian Doan<\/p>\n<\/div><\/section><\/div><\/p>\n\n<style type=\"text\/css\" data-created_by=\"avia_inline_auto\" id=\"style-css-av-5qpd95g-80e05422e4c604399951dd34b2e83dfc\">\n.flex_column.av-5qpd95g-80e05422e4c604399951dd34b2e83dfc{\nwidth:30.666666666667%;\nborder-radius:0px 0px 0px 0px;\npadding:0px 0px 0px 0px;\n}\n<\/style>\n<div  class='flex_column av-5qpd95g-80e05422e4c604399951dd34b2e83dfc av_one_third  avia-builder-el-131  el_after_av_two_third  el_before_av_two_third  first flex_column_div av-zero-column-padding  column-top-margin'     ><style type=\"text\/css\" data-created_by=\"avia_inline_auto\" id=\"style-css-av-5ot1z78-c55bbf3ffc393c9a5fa163d93aa875e7\">\n.avia-image-container.av-5ot1z78-c55bbf3ffc393c9a5fa163d93aa875e7 img.avia_image{\nbox-shadow:none;\n}\n.avia-image-container.av-5ot1z78-c55bbf3ffc393c9a5fa163d93aa875e7 .av-image-caption-overlay-center{\ncolor:#ffffff;\n}\n<\/style>\n<div  class='avia-image-container av-5ot1z78-c55bbf3ffc393c9a5fa163d93aa875e7 av-styling-circle avia_animated_image av-animated-when-visible-95 pop-up avia-align-center  avia-builder-el-132  avia-builder-el-no-sibling '   itemprop=\"image\" itemscope=\"itemscope\" itemtype=\"https:\/\/schema.org\/ImageObject\" ><div class=\"avia-image-container-inner\"><div class=\"avia-image-overlay-wrap\"><img fetchpriority=\"high\" decoding=\"async\" fetchpriority=\"high\" fetchpriority=\"high\" class='wp-image-46985 avia-img-lazy-loading-not-46985 avia_image ' src=\"https:\/\/www.quebec-elan.org\/wp-content\/uploads\/2022\/11\/Fol-scaled-1.jpg\" alt='' title='Fol-scaled'  height=\"380\" width=\"380\"  itemprop=\"thumbnailUrl\" srcset=\"https:\/\/www.quebec-elan.org\/wp-content\/uploads\/2022\/11\/Fol-scaled-1.jpg 380w, https:\/\/www.quebec-elan.org\/wp-content\/uploads\/2022\/11\/Fol-scaled-1-300x300.jpg 300w, https:\/\/www.quebec-elan.org\/wp-content\/uploads\/2022\/11\/Fol-scaled-1-100x100.jpg 100w, https:\/\/www.quebec-elan.org\/wp-content\/uploads\/2022\/11\/Fol-scaled-1-80x80.jpg 80w, https:\/\/www.quebec-elan.org\/wp-content\/uploads\/2022\/11\/Fol-scaled-1-36x36.jpg 36w, https:\/\/www.quebec-elan.org\/wp-content\/uploads\/2022\/11\/Fol-scaled-1-180x180.jpg 180w, https:\/\/www.quebec-elan.org\/wp-content\/uploads\/2022\/11\/Fol-scaled-1-120x120.jpg 120w, https:\/\/www.quebec-elan.org\/wp-content\/uploads\/2022\/11\/Fol-scaled-1-250x250.jpg 250w\" sizes=\"(max-width: 380px) 100vw, 380px\" \/><\/div><\/div><\/div><\/div>\n<style type=\"text\/css\" data-created_by=\"avia_inline_auto\" id=\"style-css-av-5mj6nt0-ad63849604a2920b9871c1f9396c476d\">\n.flex_column.av-5mj6nt0-ad63849604a2920b9871c1f9396c476d{\nwidth:65.333333333333%;\nmargin-left:4%;\nborder-radius:0px 0px 0px 0px;\npadding:0px 0px 0px 0px;\n}\n<\/style>\n<div  class='flex_column av-5mj6nt0-ad63849604a2920b9871c1f9396c476d av_two_third  avia-builder-el-133  el_after_av_one_third  el_before_av_one_third  flex_column_div av-zero-column-padding  column-top-margin'     ><section  class='av_textblock_section av-5lggewk-21e1ddb1fd1f55799d179f959c77ee29 '   itemscope=\"itemscope\" itemtype=\"https:\/\/schema.org\/CreativeWork\" ><div class='avia_textblock'  itemprop=\"text\" ><p><strong><span style=\"color: #000000;\">Dr. Alexandra Fol (Music). <\/span><\/strong>The music of Dr Alexandra Fol (DMus McGill University, MMus Eastman School of Music, BMus Boston University, CTh Princeton Theological Seminary) has been performed by ensembles such as the Montr\u00e9al Symphony Orchestra, the Sofia Symphony Orchestra, the McGill Symphony, the orkest de ereprijs, the Orchestre de la Francophonie, the New Score Chamber Orchestra, the Sofia Wind Orchestra, the Orchestre \u00e0 vents non-identifi\u00e9 (OVNI), Ensemble Paramirab\u00f2, El Perro Andaluz, the CYE ensemble, thingNY ensemble, the Orlando Contemporary Chamber Orchestra, the Gabrovo Chamber Orchestra, among many others. She has composed music for documentary movies, including \u201cAncient Thrace \u2013 Door to Immortality\u201d, sponsored by the NetHeritage fund of the European Union, and for various Thracian rituals. Since 2017 her music accompanies annually the restored Thracian summer solstice ritual at the Cabyle rock-cut sanctuary. Her works have appeared in CDs released by Gutenberg Publishing (Bulgaria) and Disques Benedictus (Canada) Winner of the 2021 Roberta Steven Award, Fol lives and works in Montr\u00e9al as a composer, organist, pianist and conductor. She is the Music director and titulair organist at St James United Church and servs on the board of LAUDEM, the Association of Liturgical Musicians of Canada. Her music is available through the Canadian Music Centre. In 2019 she was awarded a coat of arms by the Canadian Governor General. For more information, <a href=\"https:\/\/alexandrafol.wordpress.com\/\" target=\"_blank\" rel=\"noopener\">click here<\/a>.<\/p>\n<\/div><\/section><\/div><\/p>\n\n<style type=\"text\/css\" data-created_by=\"avia_inline_auto\" id=\"style-css-av-b0quwk-34d4ace610b9034c65be30dc72424ee2\">\n.flex_column.av-b0quwk-34d4ace610b9034c65be30dc72424ee2{\nwidth:30.666666666667%;\nborder-radius:0px 0px 0px 0px;\npadding:0px 0px 0px 0px;\n}\n<\/style>\n<div  class='flex_column av-b0quwk-34d4ace610b9034c65be30dc72424ee2 av_one_third  avia-builder-el-135  el_after_av_two_third  el_before_av_two_third  first flex_column_div av-zero-column-padding  column-top-margin'     ><style type=\"text\/css\" data-created_by=\"avia_inline_auto\" id=\"style-css-av-mfx6wrko-35865af59964afc00d7d8d23f6bc79ee\">\n.avia-image-container.av-mfx6wrko-35865af59964afc00d7d8d23f6bc79ee img.avia_image{\nbox-shadow:none;\n}\n.avia-image-container.av-mfx6wrko-35865af59964afc00d7d8d23f6bc79ee .av-image-caption-overlay-center{\ncolor:#ffffff;\n}\n<\/style>\n<div  class='avia-image-container av-mfx6wrko-35865af59964afc00d7d8d23f6bc79ee av-styling-circle avia_animated_image av-animated-when-visible-95 pop-up avia-align-center  avia-builder-el-136  avia-builder-el-no-sibling '   itemprop=\"image\" itemscope=\"itemscope\" itemtype=\"https:\/\/schema.org\/ImageObject\" ><div class=\"avia-image-container-inner\"><div class=\"avia-image-overlay-wrap\"><img fetchpriority=\"high\" decoding=\"async\" fetchpriority=\"high\" fetchpriority=\"high\" class='wp-image-72380 avia-img-lazy-loading-not-72380 avia_image ' src=\"https:\/\/www.quebec-elan.org\/wp-content\/uploads\/2025\/09\/Katia-Grubisic-photo-credit-J-Parr-CROPPED-1030x1030.jpg\" alt='' title='Katia Grubisic photo credit J Parr CROPPED'  height=\"1030\" width=\"1030\"  itemprop=\"thumbnailUrl\" srcset=\"https:\/\/www.quebec-elan.org\/wp-content\/uploads\/2025\/09\/Katia-Grubisic-photo-credit-J-Parr-CROPPED-1030x1030.jpg 1030w, https:\/\/www.quebec-elan.org\/wp-content\/uploads\/2025\/09\/Katia-Grubisic-photo-credit-J-Parr-CROPPED-300x300.jpg 300w, https:\/\/www.quebec-elan.org\/wp-content\/uploads\/2025\/09\/Katia-Grubisic-photo-credit-J-Parr-CROPPED-80x80.jpg 80w, https:\/\/www.quebec-elan.org\/wp-content\/uploads\/2025\/09\/Katia-Grubisic-photo-credit-J-Parr-CROPPED-768x768.jpg 768w, https:\/\/www.quebec-elan.org\/wp-content\/uploads\/2025\/09\/Katia-Grubisic-photo-credit-J-Parr-CROPPED-36x36.jpg 36w, https:\/\/www.quebec-elan.org\/wp-content\/uploads\/2025\/09\/Katia-Grubisic-photo-credit-J-Parr-CROPPED-180x180.jpg 180w, https:\/\/www.quebec-elan.org\/wp-content\/uploads\/2025\/09\/Katia-Grubisic-photo-credit-J-Parr-CROPPED-705x705.jpg 705w, https:\/\/www.quebec-elan.org\/wp-content\/uploads\/2025\/09\/Katia-Grubisic-photo-credit-J-Parr-CROPPED.jpg 1080w\" sizes=\"(max-width: 1030px) 100vw, 1030px\" \/><\/div><\/div><\/div><\/div>\n<style type=\"text\/css\" data-created_by=\"avia_inline_auto\" id=\"style-css-av-9ov6fo-082f13753157b07f483561f60cd0455f\">\n.flex_column.av-9ov6fo-082f13753157b07f483561f60cd0455f{\nwidth:65.333333333333%;\nmargin-left:4%;\nborder-radius:0px 0px 0px 0px;\npadding:0px 0px 0px 0px;\n}\n<\/style>\n<div  class='flex_column av-9ov6fo-082f13753157b07f483561f60cd0455f av_two_third  avia-builder-el-137  el_after_av_one_third  el_before_av_one_third  flex_column_div av-zero-column-padding  column-top-margin'     ><section  class='av_textblock_section av-mfx6yry4-1b48e094433b807f52c04bfacc6e335f '   itemscope=\"itemscope\" itemtype=\"https:\/\/schema.org\/CreativeWork\" ><div class='avia_textblock'  itemprop=\"text\" ><p><strong>Katia Grubisic (writing\/literary translation\/QWF)<\/strong><b>\u00a0<\/b>is a writer, editor and translator. Her collection\u00a0<em>What if red ran out <\/em>(Goose Lane Editions, 2008)<i>\u00a0<\/i>was shortlisted for the A.M. Klein Prize for Poetry and\u00a0won the 2009 Gerald Lampert award for best first book. Her numerous book translations span fiction, poetry, and non-fiction. She has been shortlisted for the Governor General\u2019s Award for translation three times, winning the award for\u00a0<em>Nights Too Short to Dance<\/em>, by Marie-Claire Blais. Her translation of David Clerson\u2019s short story collection,\u00a0<em>To See Out the Night<\/em>, won the Cole Foundation Prize for translation. She has been taught creative writing at the university, college, and community levels, and has worked in literary presentation, as well as in literary periodicals and in publishing. She is also frequently solicited as a member of literary and grant juries, on consultative bodies, and as a book reviewer.<\/p>\n<p><em>Photo credit: J. Parr<\/em><\/p>\n<\/div><\/section><\/div><\/p>\n\n<style type=\"text\/css\" data-created_by=\"avia_inline_auto\" id=\"style-css-av-a6tebo-29c86ef060009327f2b4c8d4c512a811\">\n.flex_column.av-a6tebo-29c86ef060009327f2b4c8d4c512a811{\nwidth:30.666666666667%;\nborder-radius:0px 0px 0px 0px;\npadding:0px 0px 0px 0px;\n}\n<\/style>\n<div  class='flex_column av-a6tebo-29c86ef060009327f2b4c8d4c512a811 av_one_third  avia-builder-el-139  el_after_av_two_third  el_before_av_two_third  first flex_column_div av-zero-column-padding  column-top-margin'     ><style type=\"text\/css\" data-created_by=\"avia_inline_auto\" id=\"style-css-av-m0y3axhi-030c5c9ddb5e24b692e38b42d63e0efd\">\n.avia-image-container.av-m0y3axhi-030c5c9ddb5e24b692e38b42d63e0efd img.avia_image{\nbox-shadow:none;\n}\n.avia-image-container.av-m0y3axhi-030c5c9ddb5e24b692e38b42d63e0efd .av-image-caption-overlay-center{\ncolor:#ffffff;\n}\n<\/style>\n<div  class='avia-image-container av-m0y3axhi-030c5c9ddb5e24b692e38b42d63e0efd av-styling-circle avia-align-center  avia-builder-el-140  avia-builder-el-no-sibling '   itemprop=\"image\" itemscope=\"itemscope\" itemtype=\"https:\/\/schema.org\/ImageObject\" ><div class=\"avia-image-container-inner\"><div class=\"avia-image-overlay-wrap\"><img fetchpriority=\"high\" decoding=\"async\" fetchpriority=\"high\" fetchpriority=\"high\" class='wp-image-70152 avia-img-lazy-loading-not-70152 avia_image ' src=\"https:\/\/www.quebec-elan.org\/wp-content\/uploads\/2024\/09\/11-1030x1030.png\" alt='' title='11'  height=\"1030\" width=\"1030\"  itemprop=\"thumbnailUrl\" srcset=\"https:\/\/www.quebec-elan.org\/wp-content\/uploads\/2024\/09\/11-1030x1030.png 1030w, https:\/\/www.quebec-elan.org\/wp-content\/uploads\/2024\/09\/11-300x300.png 300w, https:\/\/www.quebec-elan.org\/wp-content\/uploads\/2024\/09\/11-80x80.png 80w, https:\/\/www.quebec-elan.org\/wp-content\/uploads\/2024\/09\/11-768x768.png 768w, https:\/\/www.quebec-elan.org\/wp-content\/uploads\/2024\/09\/11-36x36.png 36w, https:\/\/www.quebec-elan.org\/wp-content\/uploads\/2024\/09\/11-180x180.png 180w, https:\/\/www.quebec-elan.org\/wp-content\/uploads\/2024\/09\/11-705x705.png 705w, https:\/\/www.quebec-elan.org\/wp-content\/uploads\/2024\/09\/11-400x400.png 400w, https:\/\/www.quebec-elan.org\/wp-content\/uploads\/2024\/09\/11.png 1080w\" sizes=\"(max-width: 1030px) 100vw, 1030px\" \/><\/div><\/div><\/div><\/div>\n<style type=\"text\/css\" data-created_by=\"avia_inline_auto\" id=\"style-css-av-9ttxmc-0df7831329cdf1dde43d57b82bf0f557\">\n.flex_column.av-9ttxmc-0df7831329cdf1dde43d57b82bf0f557{\nwidth:65.333333333333%;\nmargin-left:4%;\nborder-radius:0px 0px 0px 0px;\npadding:0px 0px 0px 0px;\n}\n<\/style>\n<div  class='flex_column av-9ttxmc-0df7831329cdf1dde43d57b82bf0f557 av_two_third  avia-builder-el-141  el_after_av_one_third  el_before_av_one_third  flex_column_div av-zero-column-padding  column-top-margin'     ><section  class='av_textblock_section av-m0y3h6cs-f387bcf72f5f2d98b4118138c1dd4dd7 '   itemscope=\"itemscope\" itemtype=\"https:\/\/schema.org\/CreativeWork\" ><div class='avia_textblock'  itemprop=\"text\" ><p><strong>Miranda Handford (Theatre)<\/strong> is an actor and filmmaker based in Montreal. She has been an actor for over 20 years, and began making films about 12 years ago. Highlights of her screen work include CTV&#8217;s <em>Tripping the Wire<\/em> for which she received a Gemini nomination, a starring role in IFC series <em>The Festival<\/em>; and the lead in Sarah Galea-Davis&#8217; <em>Can You Wave Bye-Bye<\/em>, which won &#8220;Best Canadian Short&#8221; at CFC&#8217;s Worldwide Short Film Festival.<\/p>\n<p>She also does voice work, including the beautiful animated NFB shorts <em>The Great Malaise<\/em> by Catherine Lepage, and <em>In Deep Waters<\/em>, by Sarah Van Den Boom. Her theatre credits include <em>Rabbit Hole<\/em> with the Ad Hoc Theatre Collective, <em>Hippies And Bolsheviks<\/em> with Girl Got Lost Productions, <em>Women Of Manhattan<\/em> with Freestanding Productions, and <em>Camera, Woman<\/em> with Out Productions\/Sin 4. She recently wrote and performed a one-woman show called <em>Fail Again<\/em>, which she is planning to re-mount in 2025.<\/p>\n<p>Her first foray into filmmaking was writing and co-producing a short film called <em>Elevator<\/em>, directed by Kim Barr. It was selected for several film festivals in Canada and internationally. It won &#8220;Award of Merit\u201d at Best Shorts, USA, in 2014, and \u201dBest Short&#8221;, ACTRA Film Festival, Montreal, in 2016. It was also selected to be part of CBC\u2019s <em>Canadian Reflections<\/em> series.<\/p>\n<p>From 2017-2021, Miranda completed a specialisation in Film Production from the Mel Hoppenheim School of Cinema at Concordia University. While there she wrote and directed several short films:<em> Sound<\/em> (2018) a portrait documentary, <em>I?<\/em> (2019) and <em>Run, Woman<\/em> (2020) both experimental shorts, and<em> If<\/em> (2021), an improvised narrative fiction. Since graduating, Miranda completed her latest short film, <em>Carry<\/em>, which she is now submitting to film festivals.<\/p>\n<\/div><\/section><\/div><\/p>\n\n<style type=\"text\/css\" data-created_by=\"avia_inline_auto\" id=\"style-css-av-d3698k-f3995f3f5bd1429e6e5b290433afa92e\">\n.flex_column.av-d3698k-f3995f3f5bd1429e6e5b290433afa92e{\nwidth:30.666666666667%;\nborder-radius:0px 0px 0px 0px;\npadding:0px 0px 0px 0px;\n}\n<\/style>\n<div  class='flex_column av-d3698k-f3995f3f5bd1429e6e5b290433afa92e av_one_third  avia-builder-el-143  el_after_av_two_third  el_before_av_two_third  first flex_column_div av-zero-column-padding  column-top-margin'     ><style type=\"text\/css\" data-created_by=\"avia_inline_auto\" id=\"style-css-av-m23qyarw-0aadef66bed993e7415b4a7a25ef4bf1\">\n.avia-image-container.av-m23qyarw-0aadef66bed993e7415b4a7a25ef4bf1 img.avia_image{\nbox-shadow:none;\n}\n.avia-image-container.av-m23qyarw-0aadef66bed993e7415b4a7a25ef4bf1 .av-image-caption-overlay-center{\ncolor:#ffffff;\n}\n<\/style>\n<div  class='avia-image-container av-m23qyarw-0aadef66bed993e7415b4a7a25ef4bf1 av-styling-circle avia-align-center  avia-builder-el-144  avia-builder-el-no-sibling '   itemprop=\"image\" itemscope=\"itemscope\" itemtype=\"https:\/\/schema.org\/ImageObject\" ><div class=\"avia-image-container-inner\"><div class=\"avia-image-overlay-wrap\"><img fetchpriority=\"high\" decoding=\"async\" fetchpriority=\"high\" fetchpriority=\"high\" class='wp-image-70264 avia-img-lazy-loading-not-70264 avia_image ' src=\"https:\/\/www.quebec-elan.org\/wp-content\/uploads\/2024\/10\/Samantha-Kaine-1-1030x1030.jpeg\" alt='' title='Samantha Kaine'  height=\"1030\" width=\"1030\"  itemprop=\"thumbnailUrl\" srcset=\"https:\/\/www.quebec-elan.org\/wp-content\/uploads\/2024\/10\/Samantha-Kaine-1-1030x1030.jpeg 1030w, https:\/\/www.quebec-elan.org\/wp-content\/uploads\/2024\/10\/Samantha-Kaine-1-300x300.jpeg 300w, https:\/\/www.quebec-elan.org\/wp-content\/uploads\/2024\/10\/Samantha-Kaine-1-80x80.jpeg 80w, https:\/\/www.quebec-elan.org\/wp-content\/uploads\/2024\/10\/Samantha-Kaine-1-768x768.jpeg 768w, https:\/\/www.quebec-elan.org\/wp-content\/uploads\/2024\/10\/Samantha-Kaine-1-36x36.jpeg 36w, https:\/\/www.quebec-elan.org\/wp-content\/uploads\/2024\/10\/Samantha-Kaine-1-180x180.jpeg 180w, https:\/\/www.quebec-elan.org\/wp-content\/uploads\/2024\/10\/Samantha-Kaine-1-705x705.jpeg 705w, https:\/\/www.quebec-elan.org\/wp-content\/uploads\/2024\/10\/Samantha-Kaine-1-400x400.jpeg 400w, https:\/\/www.quebec-elan.org\/wp-content\/uploads\/2024\/10\/Samantha-Kaine-1.jpeg 1080w\" sizes=\"(max-width: 1030px) 100vw, 1030px\" \/><\/div><\/div><\/div><\/div>\n<style type=\"text\/css\" data-created_by=\"avia_inline_auto\" id=\"style-css-av-ae63n8-32e8379139018c1b35d45a8f0ac15107\">\n.flex_column.av-ae63n8-32e8379139018c1b35d45a8f0ac15107{\nwidth:65.333333333333%;\nmargin-left:4%;\nborder-radius:0px 0px 0px 0px;\npadding:0px 0px 0px 0px;\n}\n<\/style>\n<div  class='flex_column av-ae63n8-32e8379139018c1b35d45a8f0ac15107 av_two_third  avia-builder-el-145  el_after_av_one_third  el_before_av_one_third  flex_column_div av-zero-column-padding  column-top-margin'     ><section  class='av_textblock_section av-9huh7o-37ac7d5a82466f485daf5ee58d39fe18 '   itemscope=\"itemscope\" itemtype=\"https:\/\/schema.org\/CreativeWork\" ><div class='avia_textblock'  itemprop=\"text\" ><p><strong>Samantha Kaine <\/strong><strong>(Film\/TV) <\/strong>is a Jamaican-Canadian, award-winning independent film and television Creative Producer, Mentor and Anti-Racism, Equity, Diversity, Inclusion and Accessibility (AREDIA) Leader. In 2020, she founded <a href=\"https:\/\/www.impact-aptcmi.org\">I.M.P.A.C.T,<\/a> a national, federally incorporated non-profit organization, created to combat systemic and anti-Black racism and empower Black Producers to bring their stories to international markets, grow their businesses and achieve sustainable careers.<\/p>\n<\/div><\/section><\/div><\/p>\n\n<style type=\"text\/css\" data-created_by=\"avia_inline_auto\" id=\"style-css-av-6q177wk-9c4331f12ac1d85906ed9cbd993a5b84\">\n.flex_column.av-6q177wk-9c4331f12ac1d85906ed9cbd993a5b84{\nwidth:30.666666666667%;\nborder-radius:0px 0px 0px 0px;\npadding:0px 0px 0px 0px;\n}\n<\/style>\n<div  class='flex_column av-6q177wk-9c4331f12ac1d85906ed9cbd993a5b84 av_one_third  avia-builder-el-147  el_after_av_two_third  el_before_av_two_third  first flex_column_div av-zero-column-padding  column-top-margin'     ><style type=\"text\/css\" data-created_by=\"avia_inline_auto\" id=\"style-css-av-6o6b638-16de1688760f1df0f0c695f03849be04\">\n.avia-image-container.av-6o6b638-16de1688760f1df0f0c695f03849be04 img.avia_image{\nbox-shadow:none;\n}\n.avia-image-container.av-6o6b638-16de1688760f1df0f0c695f03849be04 .av-image-caption-overlay-center{\ncolor:#ffffff;\n}\n<\/style>\n<div  class='avia-image-container av-6o6b638-16de1688760f1df0f0c695f03849be04 av-styling-circle avia_animated_image av-animated-when-visible-95 pop-up avia-align-center  avia-builder-el-148  avia-builder-el-no-sibling '   itemprop=\"image\" itemscope=\"itemscope\" itemtype=\"https:\/\/schema.org\/ImageObject\" ><div class=\"avia-image-container-inner\"><div class=\"avia-image-overlay-wrap\"><img fetchpriority=\"high\" decoding=\"async\" fetchpriority=\"high\" fetchpriority=\"high\" class='wp-image-72384 avia-img-lazy-loading-not-72384 avia_image ' src=\"https:\/\/www.quebec-elan.org\/wp-content\/uploads\/2025\/09\/Darragh-Mondoux-Headshot-1030x1030.jpg\" alt='' title='Darragh Mondoux - Headshot'  height=\"1030\" width=\"1030\"  itemprop=\"thumbnailUrl\" srcset=\"https:\/\/www.quebec-elan.org\/wp-content\/uploads\/2025\/09\/Darragh-Mondoux-Headshot-1030x1030.jpg 1030w, https:\/\/www.quebec-elan.org\/wp-content\/uploads\/2025\/09\/Darragh-Mondoux-Headshot-300x300.jpg 300w, https:\/\/www.quebec-elan.org\/wp-content\/uploads\/2025\/09\/Darragh-Mondoux-Headshot-80x80.jpg 80w, https:\/\/www.quebec-elan.org\/wp-content\/uploads\/2025\/09\/Darragh-Mondoux-Headshot-768x768.jpg 768w, https:\/\/www.quebec-elan.org\/wp-content\/uploads\/2025\/09\/Darragh-Mondoux-Headshot-36x36.jpg 36w, https:\/\/www.quebec-elan.org\/wp-content\/uploads\/2025\/09\/Darragh-Mondoux-Headshot-180x180.jpg 180w, https:\/\/www.quebec-elan.org\/wp-content\/uploads\/2025\/09\/Darragh-Mondoux-Headshot-705x705.jpg 705w, https:\/\/www.quebec-elan.org\/wp-content\/uploads\/2025\/09\/Darragh-Mondoux-Headshot.jpg 1080w\" sizes=\"(max-width: 1030px) 100vw, 1030px\" \/><\/div><\/div><\/div><\/div>\n<style type=\"text\/css\" data-created_by=\"avia_inline_auto\" id=\"style-css-av-6motstg-af2ec4c4ea5f0169611a66d113e3ad00\">\n.flex_column.av-6motstg-af2ec4c4ea5f0169611a66d113e3ad00{\nwidth:65.333333333333%;\nmargin-left:4%;\nborder-radius:0px 0px 0px 0px;\npadding:0px 0px 0px 0px;\n}\n<\/style>\n<div  class='flex_column av-6motstg-af2ec4c4ea5f0169611a66d113e3ad00 av_two_third  avia-builder-el-149  el_after_av_one_third  el_before_av_one_third  flex_column_div av-zero-column-padding  column-top-margin'     ><section  class='av_textblock_section av-6k6z9x0-ae7bc86348388db54f2492d2804d0ac1 '   itemscope=\"itemscope\" itemtype=\"https:\/\/schema.org\/CreativeWork\" ><div class='avia_textblock'  itemprop=\"text\" ><p><span data-olk-copy-source=\"MessageBody\"><strong>Darragh Mondoux (Theatre, Quebec Drama Federation)<\/strong> is an actor, writer, and producer, who has been working in various disciplines of English Language arts for a decade. A performer of voice, theatre, film and television and video games, Darragh has also served as a board member of the Quebec Drama Federation, and chair of their Communications Committee. She is an award-winning performer and public speaker, a teacher of theatre with Montreal Children&#8217;s Theatre and Geordie Theatre School, and is represented by Haus of Marc.\u00a0<\/span><\/p>\n<\/div><\/section><\/div><\/p>\n\n<style type=\"text\/css\" data-created_by=\"avia_inline_auto\" id=\"style-css-av-6u29es-563ef0e692e6a48dd82f6cbb34dc4977\">\n.flex_column.av-6u29es-563ef0e692e6a48dd82f6cbb34dc4977{\nwidth:30.666666666667%;\nborder-radius:0px 0px 0px 0px;\npadding:0px 0px 0px 0px;\n}\n<\/style>\n<div  class='flex_column av-6u29es-563ef0e692e6a48dd82f6cbb34dc4977 av_one_third  avia-builder-el-151  el_after_av_two_third  el_before_av_two_third  first flex_column_div av-zero-column-padding  column-top-margin'     ><style type=\"text\/css\" data-created_by=\"avia_inline_auto\" id=\"style-css-av-5upr84-61a4b71af22affdc8888ad2630630d7f\">\n.avia-image-container.av-5upr84-61a4b71af22affdc8888ad2630630d7f img.avia_image{\nbox-shadow:none;\n}\n.avia-image-container.av-5upr84-61a4b71af22affdc8888ad2630630d7f .av-image-caption-overlay-center{\ncolor:#ffffff;\n}\n<\/style>\n<div  class='avia-image-container av-5upr84-61a4b71af22affdc8888ad2630630d7f av-styling-circle avia_animated_image av-animated-when-visible-95 pop-up avia-align-center  avia-builder-el-152  avia-builder-el-no-sibling '   itemprop=\"image\" itemscope=\"itemscope\" itemtype=\"https:\/\/schema.org\/ImageObject\" ><div class=\"avia-image-container-inner\"><div class=\"avia-image-overlay-wrap\"><img fetchpriority=\"high\" decoding=\"async\" fetchpriority=\"high\" fetchpriority=\"high\" class='wp-image-46904 avia-img-lazy-loading-not-46904 avia_image ' src=\"https:\/\/www.quebec-elan.org\/wp-content\/uploads\/2022\/11\/ELAN_Board_Li.jpg\" alt='' title='ELAN_Board_Li'  height=\"380\" width=\"380\"  itemprop=\"thumbnailUrl\" srcset=\"https:\/\/www.quebec-elan.org\/wp-content\/uploads\/2022\/11\/ELAN_Board_Li.jpg 380w, https:\/\/www.quebec-elan.org\/wp-content\/uploads\/2022\/11\/ELAN_Board_Li-300x300.jpg 300w, https:\/\/www.quebec-elan.org\/wp-content\/uploads\/2022\/11\/ELAN_Board_Li-100x100.jpg 100w, https:\/\/www.quebec-elan.org\/wp-content\/uploads\/2022\/11\/ELAN_Board_Li-80x80.jpg 80w, https:\/\/www.quebec-elan.org\/wp-content\/uploads\/2022\/11\/ELAN_Board_Li-36x36.jpg 36w, https:\/\/www.quebec-elan.org\/wp-content\/uploads\/2022\/11\/ELAN_Board_Li-180x180.jpg 180w, https:\/\/www.quebec-elan.org\/wp-content\/uploads\/2022\/11\/ELAN_Board_Li-120x120.jpg 120w, https:\/\/www.quebec-elan.org\/wp-content\/uploads\/2022\/11\/ELAN_Board_Li-250x250.jpg 250w\" sizes=\"(max-width: 380px) 100vw, 380px\" \/><\/div><\/div><\/div><\/div>\n<style type=\"text\/css\" data-created_by=\"avia_inline_auto\" id=\"style-css-av-g7fw4-bc2b0139b0b97c6d25200fca2dfa6157\">\n.flex_column.av-g7fw4-bc2b0139b0b97c6d25200fca2dfa6157{\nwidth:65.333333333333%;\nmargin-left:4%;\nborder-radius:0px 0px 0px 0px;\npadding:0px 0px 0px 0px;\n}\n<\/style>\n<div  class='flex_column av-g7fw4-bc2b0139b0b97c6d25200fca2dfa6157 av_two_third  avia-builder-el-153  el_after_av_one_third  el_before_av_one_third  flex_column_div av-zero-column-padding  column-top-margin'     ><section  class='av_textblock_section av-2x4qt0-b92a64f48aba39ce8719861e09387cdb '   itemscope=\"itemscope\" itemtype=\"https:\/\/schema.org\/CreativeWork\" ><div class='avia_textblock'  itemprop=\"text\" ><p><strong>Li Li (Theatre, Past President)<\/strong> is a first generation Canadian. She spent her childhood living in different continents, finally settling in Quebec. She has a BFA major in Digital Image &#038; Sound; with a Minor in Theatre from Concordia University. Li Li has worked in theatre, TV\/film, and video games. Behind the camera, Li Li has worked a range of jobs including being a fixer, translator, casting director, co-producer as well as selling finished projects to broadcasters. Li Li served as ACTRA National Diversity and Inclusion Committee\u2019s co-chair and as part of the ACTRA Montreal branch council. She is part of the following unions: ACTRA, CAEA and UDA. Li Li is a mother and has a strong interest in gender equity, diversity and inclusion.<\/p>\n<\/div><\/section><\/div><\/p>\n\n<style type=\"text\/css\" data-created_by=\"avia_inline_auto\" id=\"style-css-av-43q7khw-bdc04406ddac52eb26530a286d2b3042\">\n.flex_column.av-43q7khw-bdc04406ddac52eb26530a286d2b3042{\nwidth:30.666666666667%;\nborder-radius:0px 0px 0px 0px;\npadding:0px 0px 0px 0px;\n}\n<\/style>\n<div  class='flex_column av-43q7khw-bdc04406ddac52eb26530a286d2b3042 av_one_third  avia-builder-el-155  el_after_av_two_third  el_before_av_two_third  first flex_column_div av-zero-column-padding  column-top-margin'     ><style type=\"text\/css\" data-created_by=\"avia_inline_auto\" id=\"style-css-av-41wj11g-261a258b35b7d0bffeed0459a2c606b5\">\n.avia-image-container.av-41wj11g-261a258b35b7d0bffeed0459a2c606b5 img.avia_image{\nbox-shadow:none;\n}\n.avia-image-container.av-41wj11g-261a258b35b7d0bffeed0459a2c606b5 .av-image-caption-overlay-center{\ncolor:#ffffff;\n}\n<\/style>\n<div  class='avia-image-container av-41wj11g-261a258b35b7d0bffeed0459a2c606b5 av-styling-circle avia_animated_image av-animated-when-visible-95 pop-up avia-align-center  avia-builder-el-156  avia-builder-el-no-sibling '   itemprop=\"image\" itemscope=\"itemscope\" itemtype=\"https:\/\/schema.org\/ImageObject\" ><div class=\"avia-image-container-inner\"><div class=\"avia-image-overlay-wrap\"><img fetchpriority=\"high\" decoding=\"async\" fetchpriority=\"high\" fetchpriority=\"high\" class='wp-image-72363 avia-img-lazy-loading-not-72363 avia_image ' src=\"https:\/\/www.quebec-elan.org\/wp-content\/uploads\/2025\/09\/JP-Mortier-1030x1030.jpg\" alt='' title='JP Mortier'  height=\"1030\" width=\"1030\"  itemprop=\"thumbnailUrl\" srcset=\"https:\/\/www.quebec-elan.org\/wp-content\/uploads\/2025\/09\/JP-Mortier-1030x1030.jpg 1030w, https:\/\/www.quebec-elan.org\/wp-content\/uploads\/2025\/09\/JP-Mortier-300x300.jpg 300w, https:\/\/www.quebec-elan.org\/wp-content\/uploads\/2025\/09\/JP-Mortier-80x80.jpg 80w, https:\/\/www.quebec-elan.org\/wp-content\/uploads\/2025\/09\/JP-Mortier-768x768.jpg 768w, https:\/\/www.quebec-elan.org\/wp-content\/uploads\/2025\/09\/JP-Mortier-36x36.jpg 36w, https:\/\/www.quebec-elan.org\/wp-content\/uploads\/2025\/09\/JP-Mortier-180x180.jpg 180w, https:\/\/www.quebec-elan.org\/wp-content\/uploads\/2025\/09\/JP-Mortier-705x705.jpg 705w, https:\/\/www.quebec-elan.org\/wp-content\/uploads\/2025\/09\/JP-Mortier.jpg 1080w\" sizes=\"(max-width: 1030px) 100vw, 1030px\" \/><\/div><\/div><\/div><\/div>\n<style type=\"text\/css\" data-created_by=\"avia_inline_auto\" id=\"style-css-av-40rv4f8-38a771da2cd83419ce241081c73962d5\">\n.flex_column.av-40rv4f8-38a771da2cd83419ce241081c73962d5{\nwidth:65.333333333333%;\nmargin-left:4%;\nborder-radius:0px 0px 0px 0px;\npadding:0px 0px 0px 0px;\n}\n<\/style>\n<div  class='flex_column av-40rv4f8-38a771da2cd83419ce241081c73962d5 av_two_third  avia-builder-el-157  el_after_av_one_third  el_before_av_one_third  flex_column_div av-zero-column-padding  column-top-margin'     ><section  class='av_textblock_section av-3zfa5gk-258062a09130d12727c037265896a7cc '   itemscope=\"itemscope\" itemtype=\"https:\/\/schema.org\/CreativeWork\" ><div class='avia_textblock'  itemprop=\"text\" ><p><strong><span style=\"color: #000000;\">J.P. Mortier (Music<\/span><\/strong><strong><span style=\"color: #000000;\">)<\/span><\/strong> <span class=\"TextRun SCXW232734333 BCX0\" lang=\"EN-US\" xml:lang=\"EN-US\" data-contrast=\"none\"><span class=\"NormalTextRun SCXW232734333 BCX0\">J.P. Mortier is a singer, <\/span><span class=\"NormalTextRun ContextualSpellingAndGrammarErrorV2Themed SCXW232734333 BCX0\">songwriter<\/span><span class=\"NormalTextRun SCXW232734333 BCX0\"> and artist from Montreal. <\/span><span class=\"NormalTextRun SCXW232734333 BCX0\">He&#8217;s<\/span><span class=\"NormalTextRun SCXW232734333 BCX0\"> released 7 albums and toured across Canada 5 times. J.P. has been writing music for 40 years. His seventh album, \u201cTogether<\/span><span class=\"NormalTextRun SCXW232734333 BCX0\">\u201d,<\/span><span class=\"NormalTextRun SCXW232734333 BCX0\"> came out late in 2024. Recently, he immersed himself in the world of sync licensing providing music for film, <\/span><span class=\"NormalTextRun SCXW232734333 BCX0\">TV<\/span><span class=\"NormalTextRun SCXW232734333 BCX0\"> and similar media. He just got his first sync license for a documentary titled &#8220;Shaken and Stirred&#8221; which will be coming out in 2025. He has two university degrees in two different languages (Fine Arts Bachelor in Studio Arts from Concordia and an education degree from Universit\u00e9 de Montr\u00e9al) and a degree in sound recording from Recording Arts Canada<\/span><span class=\"NormalTextRun SCXW232734333 BCX0\">.\u00a0 <\/span><span class=\"NormalTextRun SCXW232734333 BCX0\">He worked as a teacher and currently gives private guitar lessons and song writing workshops. Taking advantage of his cultural background, he is a citizen of the world, a Canadian and a Qu\u00e9b\u00e9cois born of European parents, <\/span><span class=\"NormalTextRun SCXW232734333 BCX0\">resided<\/span><span class=\"NormalTextRun SCXW232734333 BCX0\"> on 3 different <\/span><span class=\"NormalTextRun SCXW232734333 BCX0\">continents<\/span><span class=\"NormalTextRun SCXW232734333 BCX0\"> and travelled to over 50 countries.<\/span><\/span><span class=\"EOP SCXW232734333 BCX0\" data-ccp-props=\"{\"134233117\":false,\"134233118\":false,\"335557856\":16777215,\"335559738\":0,\"335559739\":160}\">\u00a0<\/span><\/p>\n<\/div><\/section><\/div><\/p>\n\n<style type=\"text\/css\" data-created_by=\"avia_inline_auto\" id=\"style-css-av-3dzkaus-6a8010d45453caf386589cde7231ee7a\">\n.flex_column.av-3dzkaus-6a8010d45453caf386589cde7231ee7a{\nwidth:30.666666666667%;\nborder-radius:0px 0px 0px 0px;\npadding:0px 0px 0px 0px;\n}\n<\/style>\n<div  class='flex_column av-3dzkaus-6a8010d45453caf386589cde7231ee7a av_one_third  avia-builder-el-159  el_after_av_two_third  el_before_av_two_third  first flex_column_div av-zero-column-padding  column-top-margin'     ><style type=\"text\/css\" data-created_by=\"avia_inline_auto\" id=\"style-css-av-byczpw-200ba02d1db1f6c2422d9973a22d316c\">\n.avia-image-container.av-byczpw-200ba02d1db1f6c2422d9973a22d316c img.avia_image{\nbox-shadow:none;\n}\n.avia-image-container.av-byczpw-200ba02d1db1f6c2422d9973a22d316c .av-image-caption-overlay-center{\ncolor:#ffffff;\n}\n<\/style>\n<div  class='avia-image-container av-byczpw-200ba02d1db1f6c2422d9973a22d316c av-styling-circle avia_animated_image av-animated-when-visible-95 pop-up avia-align-center  avia-builder-el-160  avia-builder-el-no-sibling '   itemprop=\"image\" itemscope=\"itemscope\" itemtype=\"https:\/\/schema.org\/ImageObject\" ><div class=\"avia-image-container-inner\"><div class=\"avia-image-overlay-wrap\"><img fetchpriority=\"high\" decoding=\"async\" fetchpriority=\"high\" fetchpriority=\"high\" class='wp-image-72366 avia-img-lazy-loading-not-72366 avia_image ' src=\"https:\/\/www.quebec-elan.org\/wp-content\/uploads\/2025\/09\/jon-weisz-1030x1030.jpg\" alt='' title='jon weisz'  height=\"1030\" width=\"1030\"  itemprop=\"thumbnailUrl\" srcset=\"https:\/\/www.quebec-elan.org\/wp-content\/uploads\/2025\/09\/jon-weisz-1030x1030.jpg 1030w, https:\/\/www.quebec-elan.org\/wp-content\/uploads\/2025\/09\/jon-weisz-300x300.jpg 300w, https:\/\/www.quebec-elan.org\/wp-content\/uploads\/2025\/09\/jon-weisz-80x80.jpg 80w, https:\/\/www.quebec-elan.org\/wp-content\/uploads\/2025\/09\/jon-weisz-768x768.jpg 768w, https:\/\/www.quebec-elan.org\/wp-content\/uploads\/2025\/09\/jon-weisz-36x36.jpg 36w, https:\/\/www.quebec-elan.org\/wp-content\/uploads\/2025\/09\/jon-weisz-180x180.jpg 180w, https:\/\/www.quebec-elan.org\/wp-content\/uploads\/2025\/09\/jon-weisz-705x705.jpg 705w, https:\/\/www.quebec-elan.org\/wp-content\/uploads\/2025\/09\/jon-weisz.jpg 1080w\" sizes=\"(max-width: 1030px) 100vw, 1030px\" \/><\/div><\/div><\/div><\/div>\n<style type=\"text\/css\" data-created_by=\"avia_inline_auto\" id=\"style-css-av-3aj9ulw-aa814338e44e4df406d5e993321ffb12\">\n.flex_column.av-3aj9ulw-aa814338e44e4df406d5e993321ffb12{\nwidth:65.333333333333%;\nmargin-left:4%;\nborder-radius:0px 0px 0px 0px;\npadding:0px 0px 0px 0px;\n}\n<\/style>\n<div  class='flex_column av-3aj9ulw-aa814338e44e4df406d5e993321ffb12 av_two_third  avia-builder-el-161  el_after_av_one_third  el_before_av_one_third  flex_column_div av-zero-column-padding  column-top-margin'     ><section  class='av_textblock_section av-385wpw4-bebf64b79a147562826e8b75fe973a2f '   itemscope=\"itemscope\" itemtype=\"https:\/\/schema.org\/CreativeWork\" ><div class='avia_textblock'  itemprop=\"text\" ><p><span class=\"TextRun SCXW2000938 BCX0\" lang=\"EN-US\" xml:lang=\"EN-US\" data-contrast=\"auto\"><span class=\"NormalTextRun SCXW2000938 BCX0\"><strong>Jon Weisz (Arts Presenter)<\/strong>\u00a0is the founder and Executive Director of Les <\/span><span class=\"NormalTextRun SpellingErrorV2Themed SCXW2000938 BCX0\">Sc\u00e8nes<\/span><span class=\"NormalTextRun SCXW2000938 BCX0\"> de Musique Alternatives du Qu\u00e9bec (Les SMAQ), the association <\/span><span class=\"NormalTextRun SCXW2000938 BCX0\">representing<\/span><span class=\"NormalTextRun SCXW2000938 BCX0\"> independent music venues across the province. He also founded Indie Montr\u00e9al, a company that provides promotional and administrative services for the cultural sector. As an independent promoter, he has presented over 2,000 shows featuring both emerging and established artists. In 2018, Jon co-founded franconnexion.info, Canada\u2019s French-language music trade press and professional development company for Quebec and Canadian francophone music industry professionals. He serves on the boards of <\/span><span class=\"NormalTextRun SpellingErrorV2Themed SpellingErrorHighlight SCXW2000938 BCX0\">Comp\u00e9tence<\/span><span class=\"NormalTextRun SCXW2000938 BCX0\"> Culture, the CDCE, and the Canadian Live Music Association, where he also serves as vice-chair.<\/span><\/span><span class=\"EOP SCXW2000938 BCX0\" data-ccp-props=\"{}\">\u00a0<\/span><\/p>\n<\/div><\/section><\/div><\/p>\n\n<style type=\"text\/css\" data-created_by=\"avia_inline_auto\" id=\"style-css-av-3h9mhg-ad9fcf98e67bf837b6cb39d46c279b20\">\n.flex_column.av-3h9mhg-ad9fcf98e67bf837b6cb39d46c279b20{\nwidth:30.666666666667%;\nborder-radius:0px 0px 0px 0px;\npadding:0px 0px 0px 0px;\n}\n<\/style>\n<div  class='flex_column av-3h9mhg-ad9fcf98e67bf837b6cb39d46c279b20 av_one_third  avia-builder-el-163  el_after_av_two_third  el_before_av_two_third  first flex_column_div av-zero-column-padding  column-top-margin'     ><style type=\"text\/css\" data-created_by=\"avia_inline_auto\" id=\"style-css-av-m0y3xvdt-911bc0f352b1401fd6a52f225e1207dd\">\n.avia-image-container.av-m0y3xvdt-911bc0f352b1401fd6a52f225e1207dd img.avia_image{\nbox-shadow:none;\n}\n.avia-image-container.av-m0y3xvdt-911bc0f352b1401fd6a52f225e1207dd .av-image-caption-overlay-center{\ncolor:#ffffff;\n}\n<\/style>\n<div  class='avia-image-container av-m0y3xvdt-911bc0f352b1401fd6a52f225e1207dd av-styling-circle avia-align-center  avia-builder-el-164  avia-builder-el-no-sibling '   itemprop=\"image\" itemscope=\"itemscope\" itemtype=\"https:\/\/schema.org\/ImageObject\" ><div class=\"avia-image-container-inner\"><div class=\"avia-image-overlay-wrap\"><img fetchpriority=\"high\" decoding=\"async\" fetchpriority=\"high\" fetchpriority=\"high\" class='wp-image-70157 avia-img-lazy-loading-not-70157 avia_image ' src=\"https:\/\/www.quebec-elan.org\/wp-content\/uploads\/2024\/09\/9-1030x1030.png\" alt='' title='9'  height=\"1030\" width=\"1030\"  itemprop=\"thumbnailUrl\" srcset=\"https:\/\/www.quebec-elan.org\/wp-content\/uploads\/2024\/09\/9-1030x1030.png 1030w, https:\/\/www.quebec-elan.org\/wp-content\/uploads\/2024\/09\/9-300x300.png 300w, https:\/\/www.quebec-elan.org\/wp-content\/uploads\/2024\/09\/9-80x80.png 80w, https:\/\/www.quebec-elan.org\/wp-content\/uploads\/2024\/09\/9-768x768.png 768w, https:\/\/www.quebec-elan.org\/wp-content\/uploads\/2024\/09\/9-36x36.png 36w, https:\/\/www.quebec-elan.org\/wp-content\/uploads\/2024\/09\/9-180x180.png 180w, https:\/\/www.quebec-elan.org\/wp-content\/uploads\/2024\/09\/9-705x705.png 705w, https:\/\/www.quebec-elan.org\/wp-content\/uploads\/2024\/09\/9-400x400.png 400w, https:\/\/www.quebec-elan.org\/wp-content\/uploads\/2024\/09\/9.png 1080w\" sizes=\"(max-width: 1030px) 100vw, 1030px\" \/><\/div><\/div><\/div><\/div>\n<style type=\"text\/css\" data-created_by=\"avia_inline_auto\" id=\"style-css-av-2oqylw-23550da6ea107e955c257befad6b7080\">\n.flex_column.av-2oqylw-23550da6ea107e955c257befad6b7080{\nwidth:65.333333333333%;\nmargin-left:4%;\nborder-radius:0px 0px 0px 0px;\npadding:0px 0px 0px 0px;\n}\n<\/style>\n<div  class='flex_column av-2oqylw-23550da6ea107e955c257befad6b7080 av_two_third  avia-builder-el-165  el_after_av_one_third  el_before_av_hr  flex_column_div av-zero-column-padding  column-top-margin'     ><section  class='av_textblock_section av-m0y3trdg-68cc942baf8415d6274910fcbcc85df7 '   itemscope=\"itemscope\" itemtype=\"https:\/\/schema.org\/CreativeWork\" ><div class='avia_textblock'  itemprop=\"text\" ><p><strong>Shakiya Williams (Writing \/ AELQ) <\/strong>(she\/they) is a Montreal-based emerging writer with a deep commitment to amplifying diverse voices, especially within BIPOC, queer, and marginalized communities. With a background in English Literature and over a year of experience at Linda Leith Publishing, Shakiya brings a thoughtful and creative approach to every project they undertake. Currently, they are crafting a collection of short stories, aiming to introduce compelling diverse narratives to a wider audience. Shakiya believes in the power of storytelling to connect and inspire, and is dedicated to fostering meaningful connections through the arts.<\/p>\n<\/div><\/section><\/div><\/p>\n\n<style type=\"text\/css\" data-created_by=\"avia_inline_auto\" id=\"style-css-av-l3x4bobs-a0c855fada97a9bb5992f098cca49423\">\n#top .hr.hr-invisible.av-l3x4bobs-a0c855fada97a9bb5992f098cca49423{\nheight:50px;\n}\n<\/style>\n<div  class='hr av-l3x4bobs-a0c855fada97a9bb5992f098cca49423 hr-invisible  avia-builder-el-167  el_after_av_two_third  el_before_av_heading '><span class='hr-inner '><span class=\"hr-inner-style\"><\/span><\/span><\/div>\n\n<style type=\"text\/css\" data-created_by=\"avia_inline_auto\" id=\"style-css-av-2pi4ow4-01f04531402e6d201bbeae63a982642d\">\n#top .av-special-heading.av-2pi4ow4-01f04531402e6d201bbeae63a982642d{\npadding-bottom:0;\nfont-size:42px;\n}\nbody .av-special-heading.av-2pi4ow4-01f04531402e6d201bbeae63a982642d .av-special-heading-tag .heading-char{\nfont-size:25px;\n}\n#top #wrap_all .av-special-heading.av-2pi4ow4-01f04531402e6d201bbeae63a982642d .av-special-heading-tag{\nfont-size:42px;\n}\n.av-special-heading.av-2pi4ow4-01f04531402e6d201bbeae63a982642d .av-subheading{\nfont-size:15px;\n}\n\n@media only screen and (min-width: 480px) and (max-width: 767px){ \n#top #wrap_all .av-special-heading.av-2pi4ow4-01f04531402e6d201bbeae63a982642d .av-special-heading-tag{\nfont-size:0.8em;\n}\n}\n\n@media only screen and (max-width: 479px){ \n#top #wrap_all .av-special-heading.av-2pi4ow4-01f04531402e6d201bbeae63a982642d .av-special-heading-tag{\nfont-size:0.8em;\n}\n}\n<\/style>\n<div  class='av-special-heading av-2pi4ow4-01f04531402e6d201bbeae63a982642d av-special-heading-h2 blockquote modern-quote  avia-builder-el-168  el_after_av_hr  el_before_av_hr  av-inherit-size'><h2 class='av-special-heading-tag '  itemprop=\"headline\"  >Committees<\/h2><div class=\"special-heading-border\"><div class=\"special-heading-inner-border\"><\/div><\/div><\/div>\n\n<style type=\"text\/css\" data-created_by=\"avia_inline_auto\" id=\"style-css-av-2d1skk-c4fcf59671c1646da53f74f439d56a0a\">\n#top .hr.av-2d1skk-c4fcf59671c1646da53f74f439d56a0a{\nmargin-top:0px;\nmargin-bottom:0px;\n}\n.hr.av-2d1skk-c4fcf59671c1646da53f74f439d56a0a .hr-inner{\nwidth:100%;\nborder-color:rgba(0,0,0,0.15);\n}\n<\/style>\n<div  class='hr av-2d1skk-c4fcf59671c1646da53f74f439d56a0a hr-custom  avia-builder-el-169  el_after_av_heading  el_before_av_one_half  hr-center hr-icon-no'><span class='hr-inner inner-border-av-border-thin'><span class=\"hr-inner-style\"><\/span><\/span><\/div>\n<div class='flex_column_table av-2nvg7ic-f1afbb890244e2b0bc2d51307c1c3364 sc-av_one_half av-equal-height-column-flextable'>\n<style type=\"text\/css\" data-created_by=\"avia_inline_auto\" id=\"style-css-av-2nvg7ic-f1afbb890244e2b0bc2d51307c1c3364\">\n.flex_column.av-2nvg7ic-f1afbb890244e2b0bc2d51307c1c3364{\nwidth:48%;\nmargin-left:0;\nborder-radius:0px 0px 0px 0px;\npadding:0px 0px 0px 0px;\n}\n#top .flex_column_table.av-equal-height-column-flextable.av-2nvg7ic-f1afbb890244e2b0bc2d51307c1c3364 .av-flex-placeholder{\nwidth:4%;\n}\n<\/style>\n<div  class='flex_column av-2nvg7ic-f1afbb890244e2b0bc2d51307c1c3364 av_one_half  avia-builder-el-170  el_after_av_hr  el_before_av_one_half  first flex_column_table_cell av-equal-height-column av-align-top av-zero-column-padding  '     ><section  class='av_textblock_section av-2m5aro4-64f1c600ab39ceb1fb7473c0efea83c0 '   itemscope=\"itemscope\" itemtype=\"https:\/\/schema.org\/CreativeWork\" ><div class='avia_textblock'  itemprop=\"text\" ><p>ELAN board members are welcome to join any of the committees, and may join more than one committee if they have the time and interest.<\/p>\n<p>Non-board members are also welcome to join committees. This is a good way to develop relations with future board members. People with expertise in specific areas (eg. communication, membership, inclusion, corporate planning) may also be invited to join committees.<\/p>\n<\/div><\/section><\/div>\n<div class='av-flex-placeholder'><\/div>\n<style type=\"text\/css\" data-created_by=\"avia_inline_auto\" id=\"style-css-av-2jnvw1g-97720285303fbd067b973f86d9564f7e\">\n.flex_column.av-2jnvw1g-97720285303fbd067b973f86d9564f7e{\nwidth:48%;\nmargin-left:0;\nborder-radius:0px 0px 0px 0px;\npadding:0px 0px 0px 0px;\n}\n#top .flex_column_table.av-equal-height-column-flextable.av-2jnvw1g-97720285303fbd067b973f86d9564f7e .av-flex-placeholder{\nwidth:4%;\n}\n<\/style>\n<div  class='flex_column av-2jnvw1g-97720285303fbd067b973f86d9564f7e av_one_half  avia-builder-el-172  el_after_av_one_half  el_before_av_hr  flex_column_table_cell av-equal-height-column av-align-top av-zero-column-padding  '     ><style type=\"text\/css\" data-created_by=\"avia_inline_auto\" id=\"style-css-av-2idpid0-c2fca291fced4ada7c9b822dd56753cc\">\n.avia-image-container.av-2idpid0-c2fca291fced4ada7c9b822dd56753cc img.avia_image{\nbox-shadow:none;\n}\n.avia-image-container.av-2idpid0-c2fca291fced4ada7c9b822dd56753cc .av-image-caption-overlay-center{\ncolor:#ffffff;\n}\n<\/style>\n<div  class='avia-image-container av-2idpid0-c2fca291fced4ada7c9b822dd56753cc av-styling- avia-align-center  avia-builder-el-173  avia-builder-el-no-sibling '   itemprop=\"image\" itemscope=\"itemscope\" itemtype=\"https:\/\/schema.org\/ImageObject\" ><div class=\"avia-image-container-inner\"><div class=\"avia-image-overlay-wrap\"><img fetchpriority=\"high\" decoding=\"async\" fetchpriority=\"high\" fetchpriority=\"high\" class='wp-image-32557 avia-img-lazy-loading-not-32557 avia_image ' src=\"https:\/\/www.quebec-elan.org\/wp-content\/uploads\/2020\/01\/ELAN_AGM_2019--1030x686.jpg\" alt='' title='ELAN_AGM_2019-'  height=\"686\" width=\"1030\"  itemprop=\"thumbnailUrl\" srcset=\"https:\/\/www.quebec-elan.org\/wp-content\/uploads\/2020\/01\/ELAN_AGM_2019--1030x686.jpg 1030w, https:\/\/www.quebec-elan.org\/wp-content\/uploads\/2020\/01\/ELAN_AGM_2019--scaled-600x400.jpg 600w, https:\/\/www.quebec-elan.org\/wp-content\/uploads\/2020\/01\/ELAN_AGM_2019--300x200.jpg 300w, https:\/\/www.quebec-elan.org\/wp-content\/uploads\/2020\/01\/ELAN_AGM_2019--768x512.jpg 768w, https:\/\/www.quebec-elan.org\/wp-content\/uploads\/2020\/01\/ELAN_AGM_2019--1536x1024.jpg 1536w, https:\/\/www.quebec-elan.org\/wp-content\/uploads\/2020\/01\/ELAN_AGM_2019--1500x1000.jpg 1500w, https:\/\/www.quebec-elan.org\/wp-content\/uploads\/2020\/01\/ELAN_AGM_2019--705x470.jpg 705w, https:\/\/www.quebec-elan.org\/wp-content\/uploads\/2020\/01\/ELAN_AGM_2019--scaled.jpg 1450w\" sizes=\"(max-width: 1030px) 100vw, 1030px\" \/><\/div><\/div><\/div><\/div><\/div><!--close column table wrapper. Autoclose: 1 -->\n<div  class='hr av-2g91qic-65363d1dc97b978030d0f3bbce1bead6 hr-default  avia-builder-el-174  el_after_av_one_half  el_before_av_heading '><span class='hr-inner '><span class=\"hr-inner-style\"><\/span><\/span><\/div>\n\n<style type=\"text\/css\" data-created_by=\"avia_inline_auto\" id=\"style-css-av-m2tatbr6-1f43a3d03a6d6b467b5b7d6ac36de949\">\n#top .av-special-heading.av-m2tatbr6-1f43a3d03a6d6b467b5b7d6ac36de949{\npadding-bottom:10px;\n}\nbody .av-special-heading.av-m2tatbr6-1f43a3d03a6d6b467b5b7d6ac36de949 .av-special-heading-tag .heading-char{\nfont-size:25px;\n}\n.av-special-heading.av-m2tatbr6-1f43a3d03a6d6b467b5b7d6ac36de949 .av-subheading{\nfont-size:15px;\n}\n<\/style>\n<div  class='av-special-heading av-m2tatbr6-1f43a3d03a6d6b467b5b7d6ac36de949 av-special-heading-h2 blockquote modern-quote  avia-builder-el-175  el_after_av_hr  el_before_av_one_third  av-linked-heading'><h2 class='av-special-heading-tag '  itemprop=\"headline\"  >2025-26 Committees<\/h2><div class='av-subheading av-subheading_below'><p>The 2025-26 Committees are still being finalized. Please check back here for updates in the coming months.<\/p>\n<\/div><div class=\"special-heading-border\"><div class=\"special-heading-inner-border\"><\/div><\/div><\/div>\n<div class='flex_column_table av-ikxlj8-8494f4d0802f6689465ee037ae3f8527 sc-av_one_third av-equal-height-column-flextable'>\n<style type=\"text\/css\" data-created_by=\"avia_inline_auto\" id=\"style-css-av-ikxlj8-8494f4d0802f6689465ee037ae3f8527\">\n.flex_column.av-ikxlj8-8494f4d0802f6689465ee037ae3f8527{\nborder-width:2px;\nborder-color:#0054a6;\nborder-style:solid;\nborder-radius:0px 0px 0px 0px;\npadding:50px 50px 50px 50px;\n}\n<\/style>\n<div  class='flex_column av-ikxlj8-8494f4d0802f6689465ee037ae3f8527 av_one_third  avia-builder-el-176  el_after_av_heading  el_before_av_one_third  first flex_column_table_cell av-equal-height-column av-align-top  '     ><p>\n<style type=\"text\/css\" data-created_by=\"avia_inline_auto\" id=\"style-css-av-hf4yv8-0690141c0e9d12c7dba1d992670b57f5\">\n#top .av-special-heading.av-hf4yv8-0690141c0e9d12c7dba1d992670b57f5{\npadding-bottom:10px;\n}\nbody .av-special-heading.av-hf4yv8-0690141c0e9d12c7dba1d992670b57f5 .av-special-heading-tag .heading-char{\nfont-size:25px;\n}\n.av-special-heading.av-hf4yv8-0690141c0e9d12c7dba1d992670b57f5 .av-subheading{\nfont-size:15px;\n}\n<\/style>\n<div  class='av-special-heading av-hf4yv8-0690141c0e9d12c7dba1d992670b57f5 av-special-heading-h2 blockquote modern-quote  avia-builder-el-177  el_before_av_iconlist  avia-builder-el-first  av-linked-heading'><h2 class='av-special-heading-tag '  itemprop=\"headline\"  >Executive Committee<\/h2><div class=\"special-heading-border\"><div class=\"special-heading-inner-border\"><\/div><\/div><\/div><br \/>\n<div  class='avia-icon-list-container av-fvs31g-4af6a2cc4ba391b62c611740822f0392  avia-builder-el-178  el_after_av_heading  avia-builder-el-last '><ul class='avia-icon-list avia_animate_when_almost_visible avia-icon-list-left av-iconlist-small av-fvs31g-4af6a2cc4ba391b62c611740822f0392 avia-iconlist-animate'>\n<li><div class='iconlist_icon av-elfhlg-76653e6a4e945dd6c8819c7d6ccf91ed avia-font-entypo-fontello avia-iconfont avia-font-entypo-fontello'><span class='av-icon-char' data-av_icon='\ue875' data-av_iconfont='entypo-fontello' aria-hidden=\"true\"><\/span><\/div><article class=\"article-icon-entry av-iconlist-empty\"  itemscope=\"itemscope\" itemtype=\"https:\/\/schema.org\/CreativeWork\" ><div class=\"iconlist_content_wrap\"><header class=\"entry-content-header\" aria-label=\"Icon: President: Angie Cheng\"><div class='av_iconlist_title iconlist_title_small  '  itemprop=\"headline\" >President: Angie Cheng<\/div><\/header><div class='iconlist_content '  itemprop=\"text\" ><\/div><\/div><footer class=\"entry-footer\"><\/footer><\/article><div class=\"iconlist-timeline\"><\/div><\/li>\n<li><div class='iconlist_icon av-co2x1w-b4a3161efe2e1f5dab1aa120f0ac960f avia-font-entypo-fontello avia-iconfont avia-font-entypo-fontello'><span class='av-icon-char' data-av_icon='\ue875' data-av_iconfont='entypo-fontello' aria-hidden=\"true\"><\/span><\/div><article class=\"article-icon-entry av-iconlist-empty\"  itemscope=\"itemscope\" itemtype=\"https:\/\/schema.org\/CreativeWork\" ><div class=\"iconlist_content_wrap\"><header class=\"entry-content-header\" aria-label=\"Icon: Vice President: Louise Abbott\"><div class='av_iconlist_title iconlist_title_small  '  itemprop=\"headline\" >Vice President: Louise Abbott<\/div><\/header><div class='iconlist_content '  itemprop=\"text\" ><\/div><\/div><footer class=\"entry-footer\"><\/footer><\/article><div class=\"iconlist-timeline\"><\/div><\/li>\n<li><div class='iconlist_icon av-az1zjo-6dd3c327c0a26a69a1abd8d8b91f98df avia-font-entypo-fontello avia-iconfont avia-font-entypo-fontello'><span class='av-icon-char' data-av_icon='\ue875' data-av_iconfont='entypo-fontello' aria-hidden=\"true\"><\/span><\/div><article class=\"article-icon-entry av-iconlist-empty\"  itemscope=\"itemscope\" itemtype=\"https:\/\/schema.org\/CreativeWork\" ><div class=\"iconlist_content_wrap\"><header class=\"entry-content-header\" aria-label=\"Icon: Treasurer: Leah Evangelista Woolner\"><div class='av_iconlist_title iconlist_title_small  '  itemprop=\"headline\" >Treasurer: Leah Evangelista Woolner<\/div><\/header><div class='iconlist_content '  itemprop=\"text\" ><\/div><\/div><footer class=\"entry-footer\"><\/footer><\/article><div class=\"iconlist-timeline\"><\/div><\/li>\n<li><div class='iconlist_icon av-9nplis-a23920547259539aaa2f03e7867172aa avia-font-entypo-fontello avia-iconfont avia-font-entypo-fontello'><span class='av-icon-char' data-av_icon='\ue875' data-av_iconfont='entypo-fontello' aria-hidden=\"true\"><\/span><\/div><article class=\"article-icon-entry av-iconlist-empty\"  itemscope=\"itemscope\" itemtype=\"https:\/\/schema.org\/CreativeWork\" ><div class=\"iconlist_content_wrap\"><header class=\"entry-content-header\" aria-label=\"Icon: Secretary: Kuh Del Rosario\"><div class='av_iconlist_title iconlist_title_small  '  itemprop=\"headline\" >Secretary: Kuh Del Rosario<\/div><\/header><div class='iconlist_content '  itemprop=\"text\" ><\/div><\/div><footer class=\"entry-footer\"><\/footer><\/article><div class=\"iconlist-timeline\"><\/div><\/li>\n<\/ul><\/div><\/p><\/div>\n<div class='av-flex-placeholder'><\/div>\n<style type=\"text\/css\" data-created_by=\"avia_inline_auto\" id=\"style-css-av-2fnacck-21fa3656087a3314fd1998912f77f22b\">\n.flex_column.av-2fnacck-21fa3656087a3314fd1998912f77f22b{\nborder-width:2px;\nborder-color:#0054a6;\nborder-style:solid;\nborder-radius:0px 0px 0px 0px;\npadding:50px 50px 50px 50px;\n}\n<\/style>\n<div  class='flex_column av-2fnacck-21fa3656087a3314fd1998912f77f22b av_one_third  avia-builder-el-179  el_after_av_one_third  el_before_av_one_third  flex_column_table_cell av-equal-height-column av-align-top  '     ><p>\n<style type=\"text\/css\" data-created_by=\"avia_inline_auto\" id=\"style-css-av-2dkwvgk-356cc9e2c0a1d41a2b0e0b2b96d7443b\">\n#top .av-special-heading.av-2dkwvgk-356cc9e2c0a1d41a2b0e0b2b96d7443b{\npadding-bottom:10px;\n}\nbody .av-special-heading.av-2dkwvgk-356cc9e2c0a1d41a2b0e0b2b96d7443b .av-special-heading-tag .heading-char{\nfont-size:25px;\n}\n.av-special-heading.av-2dkwvgk-356cc9e2c0a1d41a2b0e0b2b96d7443b .av-subheading{\nfont-size:15px;\n}\n<\/style>\n<div  class='av-special-heading av-2dkwvgk-356cc9e2c0a1d41a2b0e0b2b96d7443b av-special-heading-h2 blockquote modern-quote  avia-builder-el-180  el_before_av_iconlist  avia-builder-el-first  av-linked-heading'><h2 class='av-special-heading-tag '  itemprop=\"headline\"  >Governance Committee<\/h2><div class=\"special-heading-border\"><div class=\"special-heading-inner-border\"><\/div><\/div><\/div><br \/>\n<div  class='avia-icon-list-container av-2bxr8sk-cd8ad0f091317a240226ddbbee554e13  avia-builder-el-181  el_after_av_heading  el_before_av_button '><ul class='avia-icon-list avia_animate_when_almost_visible avia-icon-list-left av-iconlist-small av-2bxr8sk-cd8ad0f091317a240226ddbbee554e13 avia-iconlist-animate'>\n<li><div class='iconlist_icon av-2amvsc4-d253702b63d2c91090d277b5476b4368 avia-font-entypo-fontello avia-iconfont avia-font-entypo-fontello'><span class='av-icon-char' data-av_icon='\ue875' data-av_iconfont='entypo-fontello' aria-hidden=\"true\"><\/span><\/div><article class=\"article-icon-entry av-iconlist-empty\"  itemscope=\"itemscope\" itemtype=\"https:\/\/schema.org\/CreativeWork\" ><div class=\"iconlist_content_wrap\"><header class=\"entry-content-header\" aria-label=\"Icon: Mario Clarke\"><div class='av_iconlist_title iconlist_title_small  '  itemprop=\"headline\" >Mario Clarke<\/div><\/header><div class='iconlist_content '  itemprop=\"text\" ><\/div><\/div><footer class=\"entry-footer\"><\/footer><\/article><div class=\"iconlist-timeline\"><\/div><\/li>\n<li><div class='iconlist_icon av-26a0a5g-147b22ab9fc8ce0e19cf0f90fab15f8e avia-font-entypo-fontello avia-iconfont avia-font-entypo-fontello'><span class='av-icon-char' data-av_icon='\ue875' data-av_iconfont='entypo-fontello' aria-hidden=\"true\"><\/span><\/div><article class=\"article-icon-entry av-iconlist-empty\"  itemscope=\"itemscope\" itemtype=\"https:\/\/schema.org\/CreativeWork\" ><div class=\"iconlist_content_wrap\"><header class=\"entry-content-header\" aria-label=\"Icon: Samantha Kaine\"><div class='av_iconlist_title iconlist_title_small  '  itemprop=\"headline\" >Samantha Kaine<\/div><\/header><div class='iconlist_content '  itemprop=\"text\" ><\/div><\/div><footer class=\"entry-footer\"><\/footer><\/article><div class=\"iconlist-timeline\"><\/div><\/li>\n<li><div class='iconlist_icon av-283tr2s-d32e2cd564cca4223cae1c9235ec440a avia-font-entypo-fontello avia-iconfont avia-font-entypo-fontello'><span class='av-icon-char' data-av_icon='\ue875' data-av_iconfont='entypo-fontello' aria-hidden=\"true\"><\/span><\/div><article class=\"article-icon-entry av-iconlist-empty\"  itemscope=\"itemscope\" itemtype=\"https:\/\/schema.org\/CreativeWork\" ><div class=\"iconlist_content_wrap\"><header class=\"entry-content-header\" aria-label=\"Icon: Katia Grubisic\"><div class='av_iconlist_title iconlist_title_small  '  itemprop=\"headline\" >Katia Grubisic<\/div><\/header><div class='iconlist_content '  itemprop=\"text\" ><\/div><\/div><footer class=\"entry-footer\"><\/footer><\/article><div class=\"iconlist-timeline\"><\/div><\/li>\n<\/ul><\/div><br \/>\n<div  class='avia-button-wrap av-1xo2vhg-826d710ba3b8663dd9e30797dfe8505d-wrap avia-button-left  avia-builder-el-182  el_after_av_iconlist  avia-builder-el-last '><a href='https:\/\/www.quebec-elan.org\/inclusion-committee-purpose-mandate-functioning\/'  class='avia-button av-1xo2vhg-826d710ba3b8663dd9e30797dfe8505d av-link-btn avia-icon_select-no avia-size-large avia-position-left avia-color-theme-color'   aria-label=\"Purpose, Mandate &amp; Functioning\"><span class='avia_iconbox_title' >Purpose, Mandate & Functioning<\/span><\/a><\/div><\/p><\/div>\n<div class='av-flex-placeholder'><\/div>\n<style type=\"text\/css\" data-created_by=\"avia_inline_auto\" id=\"style-css-av-2rd9o4-d519cc129c4034996a43a72f63d0cc35\">\n.flex_column.av-2rd9o4-d519cc129c4034996a43a72f63d0cc35{\nborder-width:2px;\nborder-color:#0054a6;\nborder-style:solid;\nborder-radius:0px 0px 0px 0px;\npadding:50px 50px 50px 50px;\n}\n<\/style>\n<div  class='flex_column av-2rd9o4-d519cc129c4034996a43a72f63d0cc35 av_one_third  avia-builder-el-183  el_after_av_one_third  el_before_av_one_third  flex_column_table_cell av-equal-height-column av-align-top  '     ><p>\n<style type=\"text\/css\" data-created_by=\"avia_inline_auto\" id=\"style-css-av-pwghb8-58cf443453465b5f44bca8cd2316cf3d\">\n#top .av-special-heading.av-pwghb8-58cf443453465b5f44bca8cd2316cf3d{\npadding-bottom:10px;\n}\nbody .av-special-heading.av-pwghb8-58cf443453465b5f44bca8cd2316cf3d .av-special-heading-tag .heading-char{\nfont-size:25px;\n}\n.av-special-heading.av-pwghb8-58cf443453465b5f44bca8cd2316cf3d .av-subheading{\nfont-size:15px;\n}\n<\/style>\n<div  class='av-special-heading av-pwghb8-58cf443453465b5f44bca8cd2316cf3d av-special-heading-h2 blockquote modern-quote  avia-builder-el-184  el_before_av_iconlist  avia-builder-el-first  av-linked-heading'><h2 class='av-special-heading-tag '  itemprop=\"headline\"  >Human Resources (HR) Committee<\/h2><div class=\"special-heading-border\"><div class=\"special-heading-inner-border\"><\/div><\/div><\/div><br \/>\n<div  class='avia-icon-list-container av-nvivpg-9208fb24d01b580038cb274df7786a72  avia-builder-el-185  el_after_av_heading  el_before_av_toggle_container '><ul class='avia-icon-list avia_animate_when_almost_visible avia-icon-list-left av-iconlist-big av-nvivpg-9208fb24d01b580038cb274df7786a72 avia-iconlist-animate'>\n<li><div class='iconlist_icon av-ll2s5urq-6-291f51db2418f0bc9d5d3a412b0491db avia-font-entypo-fontello avia-iconfont avia-font-entypo-fontello'><span class='av-icon-char' data-av_icon='\ue875' data-av_iconfont='entypo-fontello' aria-hidden=\"true\"><\/span><\/div><article class=\"article-icon-entry av-iconlist-empty\"  itemscope=\"itemscope\" itemtype=\"https:\/\/schema.org\/CreativeWork\" ><div class=\"iconlist_content_wrap\"><header class=\"entry-content-header\" aria-label=\"Icon: Leah Woolner\"><h4 class='av_iconlist_title iconlist_title  '  itemprop=\"headline\" >Leah Woolner<\/h4><\/header><div class='iconlist_content '  itemprop=\"text\" ><\/div><\/div><footer class=\"entry-footer\"><\/footer><\/article><div class=\"iconlist-timeline\"><\/div><\/li>\n<li><div class='iconlist_icon av-ll2s5urq-5-f0658afaefa4a58c354f806ffae6417c avia-font-entypo-fontello avia-iconfont avia-font-entypo-fontello'><span class='av-icon-char' data-av_icon='\ue875' data-av_iconfont='entypo-fontello' aria-hidden=\"true\"><\/span><\/div><article class=\"article-icon-entry av-iconlist-empty\"  itemscope=\"itemscope\" itemtype=\"https:\/\/schema.org\/CreativeWork\" ><div class=\"iconlist_content_wrap\"><header class=\"entry-content-header\" aria-label=\"Icon: Shakiya Williams\"><h4 class='av_iconlist_title iconlist_title  '  itemprop=\"headline\" >Shakiya Williams<\/h4><\/header><div class='iconlist_content '  itemprop=\"text\" ><\/div><\/div><footer class=\"entry-footer\"><\/footer><\/article><div class=\"iconlist-timeline\"><\/div><\/li>\n<li><div class='iconlist_icon av-ll2s5urq-4-2abe9f14dac4f3bb3d74b5213b45b073 avia-font-entypo-fontello avia-iconfont avia-font-entypo-fontello'><span class='av-icon-char' data-av_icon='\ue875' data-av_iconfont='entypo-fontello' aria-hidden=\"true\"><\/span><\/div><article class=\"article-icon-entry av-iconlist-empty\"  itemscope=\"itemscope\" itemtype=\"https:\/\/schema.org\/CreativeWork\" ><div class=\"iconlist_content_wrap\"><header class=\"entry-content-header\" aria-label=\"Icon: Darragh Mondoux\"><h4 class='av_iconlist_title iconlist_title  '  itemprop=\"headline\" >Darragh Mondoux<\/h4><\/header><div class='iconlist_content '  itemprop=\"text\" ><\/div><\/div><footer class=\"entry-footer\"><\/footer><\/article><div class=\"iconlist-timeline\"><\/div><\/li>\n<li><div class='iconlist_icon av-ll2s5urq-3-dc1054d83b2a151215fb878170a5043e avia-font-entypo-fontello avia-iconfont avia-font-entypo-fontello'><span class='av-icon-char' data-av_icon='\ue875' data-av_iconfont='entypo-fontello' aria-hidden=\"true\"><\/span><\/div><article class=\"article-icon-entry av-iconlist-empty\"  itemscope=\"itemscope\" itemtype=\"https:\/\/schema.org\/CreativeWork\" ><div class=\"iconlist_content_wrap\"><header class=\"entry-content-header\" aria-label=\"Icon: Dr. Alexandra Fol\"><h4 class='av_iconlist_title iconlist_title  '  itemprop=\"headline\" >Dr. Alexandra Fol<\/h4><\/header><div class='iconlist_content '  itemprop=\"text\" ><\/div><\/div><footer class=\"entry-footer\"><\/footer><\/article><div class=\"iconlist-timeline\"><\/div><\/li>\n<li><div class='iconlist_icon av-ll2s5urq-2-512bc33495f1154a1cdbc4c2355eb09b avia-font-entypo-fontello avia-iconfont avia-font-entypo-fontello'><span class='av-icon-char' data-av_icon='\ue875' data-av_iconfont='entypo-fontello' aria-hidden=\"true\"><\/span><\/div><article class=\"article-icon-entry av-iconlist-empty\"  itemscope=\"itemscope\" itemtype=\"https:\/\/schema.org\/CreativeWork\" ><div class=\"iconlist_content_wrap\"><header class=\"entry-content-header\" aria-label=\"Icon: Angie Cheng\"><h4 class='av_iconlist_title iconlist_title  '  itemprop=\"headline\" >Angie Cheng<\/h4><\/header><div class='iconlist_content '  itemprop=\"text\" ><\/div><\/div><footer class=\"entry-footer\"><\/footer><\/article><div class=\"iconlist-timeline\"><\/div><\/li>\n<\/ul><\/div><br \/>\n<div  class='togglecontainer av-n0sp6c-9f4fd6ba6fc108c378ebc130817d4db9  avia-builder-el-186  el_after_av_iconlist  avia-builder-el-last  toggle_close_all' >\n<section class='av_toggle_section av-lafyzo-6cac53045169403617c91aa140aae851'  itemscope=\"itemscope\" itemtype=\"https:\/\/schema.org\/CreativeWork\" ><div role=\"tablist\" class=\"single_toggle\" data-tags=\"{All} \"  ><p id='toggle-toggle-id-1' data-fake-id='#toggle-id-1' class='toggler  av-title-above '  itemprop=\"headline\"  role='tab' tabindex='0' aria-controls='toggle-id-1' data-slide-speed=\"200\" data-title=\"General Mandate\" data-title-open=\"\" data-aria_collapsed=\"Click to expand: General Mandate\" data-aria_expanded=\"Click to collapse: General Mandate\">General Mandate<span class=\"toggle_icon\"><span class=\"vert_icon\"><\/span><span class=\"hor_icon\"><\/span><\/span><\/p><div id='toggle-id-1' aria-labelledby='toggle-toggle-id-1' role='region' class='toggle_wrap  av-title-above'  ><div class='toggle_content invers-color '  itemprop=\"text\" ><p>This is a new committee that was previously chaired by the president. It was created to provide support to ELAN staff with annual reviews and to serve as a mediator if conflicts should arise among staff that cannot be resolved by the Admin Manager or the Executive Director. The HR committee will also actively participate in the succession plan for change of Executive Director in 2021.<\/p>\n<\/div><\/div><\/div><\/section>\n<\/div><\/p><\/div><\/div><!--close column table wrapper. Autoclose: 1 -->\n<div class='flex_column_table av-2961pg-5439cd4e3744a38177535b64541eea3a sc-av_one_third av-equal-height-column-flextable'>\n<style type=\"text\/css\" data-created_by=\"avia_inline_auto\" id=\"style-css-av-2961pg-5439cd4e3744a38177535b64541eea3a\">\n.flex_column.av-2961pg-5439cd4e3744a38177535b64541eea3a{\nborder-radius:0px 0px 0px 0px;\npadding:50px 50px 50px 50px;\n}\n<\/style>\n<div  class='flex_column av-2961pg-5439cd4e3744a38177535b64541eea3a av_one_third  avia-builder-el-187  el_after_av_one_third  avia-builder-el-last  first flex_column_table_cell av-equal-height-column av-align-top  column-top-margin'     ><\/div><\/div><!--close column table wrapper. Autoclose: 1 -->\n","protected":false},"excerpt":{"rendered":"","protected":false},"author":234,"featured_media":0,"parent":0,"menu_order":186,"comment_status":"closed","ping_status":"closed","template":"","meta":{"footnotes":""},"class_list":["post-1044","page","type-page","status-publish","hentry"],"yoast_head":"<!-- This site is optimized with the Yoast SEO plugin v27.5 - https:\/\/yoast.com\/product\/yoast-seo-wordpress\/ -->\n<title>Team &amp; Board - ELAN<\/title>\n<meta name=\"description\" content=\"Meet the staff members of ELAN (English-Language Arts Network)!\" \/>\n<meta name=\"robots\" content=\"index, follow, max-snippet:-1, max-image-preview:large, max-video-preview:-1\" \/>\n<link rel=\"canonical\" href=\"https:\/\/www.quebec-elan.org\/en\/team-board\/\" \/>\n<meta property=\"og:locale\" content=\"en_US\" \/>\n<meta property=\"og:type\" content=\"article\" \/>\n<meta property=\"og:title\" content=\"Team &amp; Board - ELAN\" \/>\n<meta property=\"og:description\" content=\"Meet the staff members of ELAN (English-Language Arts Network)!\" \/>\n<meta property=\"og:url\" content=\"https:\/\/www.quebec-elan.org\/en\/team-board\/\" \/>\n<meta property=\"og:site_name\" content=\"ELAN\" \/>\n<meta property=\"article:modified_time\" content=\"2025-12-17T21:38:19+00:00\" \/>\n<meta name=\"twitter:card\" content=\"summary_large_image\" \/>\n<meta name=\"twitter:label1\" content=\"Est. reading time\" \/>\n\t<meta name=\"twitter:data1\" content=\"25 minutes\" \/>\n<script type=\"application\/ld+json\" class=\"yoast-schema-graph\">{\"@context\":\"https:\\\/\\\/schema.org\",\"@graph\":[{\"@type\":\"WebPage\",\"@id\":\"https:\\\/\\\/www.quebec-elan.org\\\/en\\\/team-board\\\/\",\"url\":\"https:\\\/\\\/www.quebec-elan.org\\\/en\\\/team-board\\\/\",\"name\":\"Team & Board - ELAN\",\"isPartOf\":{\"@id\":\"https:\\\/\\\/www.quebec-elan.org\\\/en\\\/#website\"},\"datePublished\":\"2016-08-19T00:26:35+00:00\",\"dateModified\":\"2025-12-17T21:38:19+00:00\",\"description\":\"Meet the staff members of ELAN (English-Language Arts Network)!\",\"breadcrumb\":{\"@id\":\"https:\\\/\\\/www.quebec-elan.org\\\/en\\\/team-board\\\/#breadcrumb\"},\"inLanguage\":\"en-US\",\"potentialAction\":[{\"@type\":\"ReadAction\",\"target\":[\"https:\\\/\\\/www.quebec-elan.org\\\/en\\\/team-board\\\/\"]}]},{\"@type\":\"BreadcrumbList\",\"@id\":\"https:\\\/\\\/www.quebec-elan.org\\\/en\\\/team-board\\\/#breadcrumb\",\"itemListElement\":[{\"@type\":\"ListItem\",\"position\":1,\"name\":\"Home\",\"item\":\"https:\\\/\\\/www.quebec-elan.org\\\/en\\\/new-home\\\/\"},{\"@type\":\"ListItem\",\"position\":2,\"name\":\"Team &#038; Board\"}]},{\"@type\":\"WebSite\",\"@id\":\"https:\\\/\\\/www.quebec-elan.org\\\/en\\\/#website\",\"url\":\"https:\\\/\\\/www.quebec-elan.org\\\/en\\\/\",\"name\":\"ELAN\",\"description\":\"English Language Arts Network\",\"publisher\":{\"@id\":\"https:\\\/\\\/www.quebec-elan.org\\\/en\\\/#organization\"},\"potentialAction\":[{\"@type\":\"SearchAction\",\"target\":{\"@type\":\"EntryPoint\",\"urlTemplate\":\"https:\\\/\\\/www.quebec-elan.org\\\/en\\\/?s={search_term_string}\"},\"query-input\":{\"@type\":\"PropertyValueSpecification\",\"valueRequired\":true,\"valueName\":\"search_term_string\"}}],\"inLanguage\":\"en-US\"},{\"@type\":\"Organization\",\"@id\":\"https:\\\/\\\/www.quebec-elan.org\\\/en\\\/#organization\",\"name\":\"ELAN - English Language Arts Network\",\"url\":\"https:\\\/\\\/www.quebec-elan.org\\\/en\\\/\",\"logo\":{\"@type\":\"ImageObject\",\"inLanguage\":\"en-US\",\"@id\":\"https:\\\/\\\/www.quebec-elan.org\\\/en\\\/#\\\/schema\\\/logo\\\/image\\\/\",\"url\":\"https:\\\/\\\/www.quebec-elan.org\\\/wp-content\\\/uploads\\\/2022\\\/05\\\/elan-logo-360.jpg\",\"contentUrl\":\"https:\\\/\\\/www.quebec-elan.org\\\/wp-content\\\/uploads\\\/2022\\\/05\\\/elan-logo-360.jpg\",\"width\":360,\"height\":70,\"caption\":\"ELAN - English Language Arts Network\"},\"image\":{\"@id\":\"https:\\\/\\\/www.quebec-elan.org\\\/en\\\/#\\\/schema\\\/logo\\\/image\\\/\"}}]}<\/script>\n<!-- \/ Yoast SEO plugin. -->","yoast_head_json":{"title":"Team & Board - ELAN","description":"Meet the staff members of ELAN (English-Language Arts Network)!","robots":{"index":"index","follow":"follow","max-snippet":"max-snippet:-1","max-image-preview":"max-image-preview:large","max-video-preview":"max-video-preview:-1"},"canonical":"https:\/\/www.quebec-elan.org\/en\/team-board\/","og_locale":"en_US","og_type":"article","og_title":"Team & Board - ELAN","og_description":"Meet the staff members of ELAN (English-Language Arts Network)!","og_url":"https:\/\/www.quebec-elan.org\/en\/team-board\/","og_site_name":"ELAN","article_modified_time":"2025-12-17T21:38:19+00:00","twitter_card":"summary_large_image","twitter_misc":{"Est. reading time":"25 minutes"},"schema":{"@context":"https:\/\/schema.org","@graph":[{"@type":"WebPage","@id":"https:\/\/www.quebec-elan.org\/en\/team-board\/","url":"https:\/\/www.quebec-elan.org\/en\/team-board\/","name":"Team & Board - ELAN","isPartOf":{"@id":"https:\/\/www.quebec-elan.org\/en\/#website"},"datePublished":"2016-08-19T00:26:35+00:00","dateModified":"2025-12-17T21:38:19+00:00","description":"Meet the staff members of ELAN (English-Language Arts Network)!","breadcrumb":{"@id":"https:\/\/www.quebec-elan.org\/en\/team-board\/#breadcrumb"},"inLanguage":"en-US","potentialAction":[{"@type":"ReadAction","target":["https:\/\/www.quebec-elan.org\/en\/team-board\/"]}]},{"@type":"BreadcrumbList","@id":"https:\/\/www.quebec-elan.org\/en\/team-board\/#breadcrumb","itemListElement":[{"@type":"ListItem","position":1,"name":"Home","item":"https:\/\/www.quebec-elan.org\/en\/new-home\/"},{"@type":"ListItem","position":2,"name":"Team &#038; Board"}]},{"@type":"WebSite","@id":"https:\/\/www.quebec-elan.org\/en\/#website","url":"https:\/\/www.quebec-elan.org\/en\/","name":"ELAN","description":"English Language Arts Network","publisher":{"@id":"https:\/\/www.quebec-elan.org\/en\/#organization"},"potentialAction":[{"@type":"SearchAction","target":{"@type":"EntryPoint","urlTemplate":"https:\/\/www.quebec-elan.org\/en\/?s={search_term_string}"},"query-input":{"@type":"PropertyValueSpecification","valueRequired":true,"valueName":"search_term_string"}}],"inLanguage":"en-US"},{"@type":"Organization","@id":"https:\/\/www.quebec-elan.org\/en\/#organization","name":"ELAN - English Language Arts Network","url":"https:\/\/www.quebec-elan.org\/en\/","logo":{"@type":"ImageObject","inLanguage":"en-US","@id":"https:\/\/www.quebec-elan.org\/en\/#\/schema\/logo\/image\/","url":"https:\/\/www.quebec-elan.org\/wp-content\/uploads\/2022\/05\/elan-logo-360.jpg","contentUrl":"https:\/\/www.quebec-elan.org\/wp-content\/uploads\/2022\/05\/elan-logo-360.jpg","width":360,"height":70,"caption":"ELAN - English Language Arts Network"},"image":{"@id":"https:\/\/www.quebec-elan.org\/en\/#\/schema\/logo\/image\/"}}]}},"_links":{"self":[{"href":"https:\/\/www.quebec-elan.org\/en\/wp-json\/wp\/v2\/pages\/1044","targetHints":{"allow":["GET"]}}],"collection":[{"href":"https:\/\/www.quebec-elan.org\/en\/wp-json\/wp\/v2\/pages"}],"about":[{"href":"https:\/\/www.quebec-elan.org\/en\/wp-json\/wp\/v2\/types\/page"}],"author":[{"embeddable":true,"href":"https:\/\/www.quebec-elan.org\/en\/wp-json\/wp\/v2\/users\/234"}],"replies":[{"embeddable":true,"href":"https:\/\/www.quebec-elan.org\/en\/wp-json\/wp\/v2\/comments?post=1044"}],"version-history":[{"count":558,"href":"https:\/\/www.quebec-elan.org\/en\/wp-json\/wp\/v2\/pages\/1044\/revisions"}],"predecessor-version":[{"id":73188,"href":"https:\/\/www.quebec-elan.org\/en\/wp-json\/wp\/v2\/pages\/1044\/revisions\/73188"}],"wp:attachment":[{"href":"https:\/\/www.quebec-elan.org\/en\/wp-json\/wp\/v2\/media?parent=1044"}],"curies":[{"name":"wp","href":"https:\/\/api.w.org\/{rel}","templated":true}]}}