{"id":1503,"date":"2016-08-21T23:52:02","date_gmt":"2016-08-21T23:52:02","guid":{"rendered":"http:\/\/elan.commun-it.ca\/?page_id=1503"},"modified":"2023-07-25T14:22:51","modified_gmt":"2023-07-25T18:22:51","slug":"links","status":"publish","type":"page","link":"https:\/\/www.quebec-elan.org\/en\/links\/","title":{"rendered":"Community Links"},"content":{"rendered":"<div  class='flex_column av-2kxkz3-dccc366086d0cd69c55b6bf1adaed86a av_one_full  avia-builder-el-0  el_before_av_one_half  avia-builder-el-first  first flex_column_div  '     ><style type=\"text\/css\" data-created_by=\"avia_inline_auto\" id=\"style-css-av-150790v-6d68dfcb1247e854beb848d78f7d5792\">\n#top .av-special-heading.av-150790v-6d68dfcb1247e854beb848d78f7d5792{\npadding-bottom:10px;\nfont-size:60px;\n}\nbody .av-special-heading.av-150790v-6d68dfcb1247e854beb848d78f7d5792 .av-special-heading-tag .heading-char{\nfont-size:25px;\n}\n#top #wrap_all .av-special-heading.av-150790v-6d68dfcb1247e854beb848d78f7d5792 .av-special-heading-tag{\nfont-size:60px;\n}\n.av-special-heading.av-150790v-6d68dfcb1247e854beb848d78f7d5792 .av-subheading{\nfont-size:15px;\n}\n\n@media only screen and (min-width: 480px) and (max-width: 767px){ \n#top #wrap_all .av-special-heading.av-150790v-6d68dfcb1247e854beb848d78f7d5792 .av-special-heading-tag{\nfont-size:0.8em;\n}\n}\n\n@media only screen and (max-width: 479px){ \n#top #wrap_all .av-special-heading.av-150790v-6d68dfcb1247e854beb848d78f7d5792 .av-special-heading-tag{\nfont-size:0.8em;\n}\n}\n<\/style>\n<div  class='av-special-heading av-150790v-6d68dfcb1247e854beb848d78f7d5792 av-special-heading-h1 blockquote modern-quote modern-centered  avia-builder-el-1  avia-builder-el-no-sibling  av-inherit-size av-linked-heading'><h1 class='av-special-heading-tag '  itemprop=\"headline\"  >Community Links<\/h1><div class=\"special-heading-border\"><div class=\"special-heading-inner-border\"><\/div><\/div><\/div><\/div>\n\n<style type=\"text\/css\" data-created_by=\"avia_inline_auto\" id=\"style-css-av-umn17z-c9e4d6fe5598ef36ed11906b72abc1e7\">\n.flex_column.av-umn17z-c9e4d6fe5598ef36ed11906b72abc1e7{\nborder-radius:0px 0px 0px 0px;\npadding:0px 0px 0px 0px;\n}\n<\/style>\n<div  class='flex_column av-umn17z-c9e4d6fe5598ef36ed11906b72abc1e7 av_one_half  avia-builder-el-2  el_after_av_one_full  el_before_av_one_half  first flex_column_div av-zero-column-padding  column-top-margin'     ><style type=\"text\/css\" data-created_by=\"avia_inline_auto\" id=\"style-css-av-k4edmmdl-fe0d5560a01090db7bac38180ea34c92\">\n#top .av-special-heading.av-k4edmmdl-fe0d5560a01090db7bac38180ea34c92{\npadding-bottom:10px;\n}\nbody .av-special-heading.av-k4edmmdl-fe0d5560a01090db7bac38180ea34c92 .av-special-heading-tag .heading-char{\nfont-size:25px;\n}\n.av-special-heading.av-k4edmmdl-fe0d5560a01090db7bac38180ea34c92 .av-subheading{\nfont-size:15px;\n}\n<\/style>\n<div  class='av-special-heading av-k4edmmdl-fe0d5560a01090db7bac38180ea34c92 av-special-heading-h3 blockquote modern-quote  avia-builder-el-3  avia-builder-el-no-sibling '><h3 class='av-special-heading-tag '  itemprop=\"headline\"  >Are you looking for organizations involved in cultural and advocacy work? Need career advice or legal support to navigate contracts? Or maybe you\u2019re new to Quebec and want a better sense of what services might be available to you! Refer to this growing list of arts associations, community organizations and social services in Quebec.<\/h3><div class=\"special-heading-border\"><div class=\"special-heading-inner-border\"><\/div><\/div><\/div><\/div>\n\n<style type=\"text\/css\" data-created_by=\"avia_inline_auto\" id=\"style-css-av-tk3n8f-7d673e04b49bade521be023d0b8806b5\">\n.flex_column.av-tk3n8f-7d673e04b49bade521be023d0b8806b5{\nborder-radius:0px 0px 0px 0px;\npadding:0px 0px 0px 0px;\n}\n<\/style>\n<div  class='flex_column av-tk3n8f-7d673e04b49bade521be023d0b8806b5 av_one_half  avia-builder-el-4  el_after_av_one_half  el_before_av_one_half  flex_column_div av-zero-column-padding  column-top-margin'     ><style type=\"text\/css\" data-created_by=\"avia_inline_auto\" id=\"style-css-av-k4edqqqi-e2b92e1f45cc2d1320d5b147c84f6fc6\">\n.avia-image-container.av-k4edqqqi-e2b92e1f45cc2d1320d5b147c84f6fc6 img.avia_image{\nbox-shadow:none;\n}\n.avia-image-container.av-k4edqqqi-e2b92e1f45cc2d1320d5b147c84f6fc6 .av-image-caption-overlay-center{\ncolor:#ffffff;\n}\n<\/style>\n<div  class='avia-image-container av-k4edqqqi-e2b92e1f45cc2d1320d5b147c84f6fc6 av-styling- avia-align-center  avia-builder-el-5  avia-builder-el-no-sibling '   itemprop=\"image\" itemscope=\"itemscope\" itemtype=\"https:\/\/schema.org\/ImageObject\" ><div class=\"avia-image-container-inner\"><div class=\"avia-image-overlay-wrap\"><img fetchpriority=\"high\" decoding=\"async\" fetchpriority=\"high\" fetchpriority=\"high\" class='wp-image-32153 avia-img-lazy-loading-not-32153 avia_image ' src=\"https:\/\/www.quebec-elan.org\/wp-content\/uploads\/2019\/12\/photo30-1030x579.png\" alt='' title='photo30'  height=\"579\" width=\"1030\"  itemprop=\"thumbnailUrl\" srcset=\"https:\/\/www.quebec-elan.org\/wp-content\/uploads\/2019\/12\/photo30-1030x579.png 1030w, https:\/\/www.quebec-elan.org\/wp-content\/uploads\/2019\/12\/photo30-600x338.png 600w, https:\/\/www.quebec-elan.org\/wp-content\/uploads\/2019\/12\/photo30-300x169.png 300w, https:\/\/www.quebec-elan.org\/wp-content\/uploads\/2019\/12\/photo30-768x432.png 768w, https:\/\/www.quebec-elan.org\/wp-content\/uploads\/2019\/12\/photo30-1536x864.png 1536w, https:\/\/www.quebec-elan.org\/wp-content\/uploads\/2019\/12\/photo30-1500x844.png 1500w, https:\/\/www.quebec-elan.org\/wp-content\/uploads\/2019\/12\/photo30-705x397.png 705w, https:\/\/www.quebec-elan.org\/wp-content\/uploads\/2019\/12\/photo30.png 1450w\" sizes=\"(max-width: 1030px) 100vw, 1030px\" \/><\/div><\/div><\/div><\/div>\n\n<style type=\"text\/css\" data-created_by=\"avia_inline_auto\" id=\"style-css-av-av_one_half-cf70fea700bf22b629a8cd94f53cc2c3\">\n.flex_column.av-av_one_half-cf70fea700bf22b629a8cd94f53cc2c3{\nborder-radius:0px 0px 0px 0px;\npadding:0px 0px 0px 0px;\n}\n<\/style>\n<div  class='flex_column av-av_one_half-cf70fea700bf22b629a8cd94f53cc2c3 av_one_half  avia-builder-el-6  el_after_av_one_half  el_before_av_section  avia-builder-el-last  first flex_column_div av-zero-column-padding  column-top-margin'     ><section  class='av_textblock_section av-lkimhd25-8e6d3e5338114d18dbb189860bbb0b68 '   itemscope=\"itemscope\" itemtype=\"https:\/\/schema.org\/CreativeWork\" ><div class='avia_textblock'  itemprop=\"text\" ><p>ELAN recognizes that some marginalized folks and groups within the broader Quebec community face more barriers in accessing funding and resources. In order to help in breaking down some of these barriers, ELAN has created more specific resource pages.<\/p>\n<p>Click the folowing links to explore:<\/p>\n<ul>\n<li><a href=\"https:\/\/www.quebec-elan.org\/resources-for-indigenous-artists-and-organizations-national-indigenous-history-month\/\" target=\"_blank\" rel=\"noopener\">Resources for Indigenous Artists and Organizations<\/a><\/li>\n<li><a href=\"https:\/\/www.quebec-elan.org\/black-history-month\/\" target=\"_blank\" rel=\"noopener\">Community Resources for Black Artists and Arts Workers<\/a><\/li>\n<li><a href=\"https:\/\/www.quebec-elan.org\/asian-heritage-month-events-resources\/\" target=\"_blank\" rel=\"noopener\">Asian Heritage Month Events &amp; Resources<\/a><\/li>\n<li><a href=\"https:\/\/www.quebec-elan.org\/resources-for-lgbtqia-artists-pride-month\/\" target=\"_blank\" rel=\"noopener\">Resources for LGBTQIA+ Artists<\/a><\/li>\n<li><a href=\"https:\/\/www.quebec-elan.org\/accessible-arts-spaces-resources-for-disabled-artists\/\" target=\"_blank\" rel=\"noopener\">Accessible Arts Spaces &amp; Resources for Disabled Artists<\/a><\/li>\n<\/ul>\n<\/div><\/section><\/div><\/div><\/div><\/div><!-- close content main div --><\/div><\/div>\n<style type=\"text\/css\" data-created_by=\"avia_inline_auto\" id=\"style-css-av-f532n-3e206e775c3f95bf7ce50e62e4cfd2ae\">\n.avia-section.av-f532n-3e206e775c3f95bf7ce50e62e4cfd2ae{\nbackground-color:#0054a6;\nbackground-image:unset;\n}\n<\/style>\n<div id='av_section_1'  class='avia-section av-f532n-3e206e775c3f95bf7ce50e62e4cfd2ae main_color avia-section-large avia-no-border-styling  avia-builder-el-8  el_after_av_one_half  el_before_av_heading  avia-bg-style-scroll container_wrap sidebar_right'  ><div class='container av-section-cont-open' ><div class='template-page content  av-content-small alpha units'><div class='post-entry post-entry-type-page post-entry-1503'><div class='entry-content-wrapper clearfix'>\n\n<style type=\"text\/css\" data-created_by=\"avia_inline_auto\" id=\"style-css-av-sz8m73-03142e25f97e30239cede2aa1c70d6a5\">\n#top .av-special-heading.av-sz8m73-03142e25f97e30239cede2aa1c70d6a5{\npadding-bottom:30px;\ncolor:#ffffff;\n}\nbody .av-special-heading.av-sz8m73-03142e25f97e30239cede2aa1c70d6a5 .av-special-heading-tag .heading-char{\nfont-size:25px;\n}\n.av-special-heading.av-sz8m73-03142e25f97e30239cede2aa1c70d6a5 .special-heading-inner-border{\nborder-color:#ffffff;\n}\n.av-special-heading.av-sz8m73-03142e25f97e30239cede2aa1c70d6a5 .av-subheading{\nfont-size:15px;\n}\n<\/style>\n<div  id=\"Index\"  class='av-special-heading av-sz8m73-03142e25f97e30239cede2aa1c70d6a5 av-special-heading-h1 custom-color-heading blockquote modern-quote modern-centered  avia-builder-el-9  el_before_av_hr  avia-builder-el-first  av-linked-heading'><h1 class='av-special-heading-tag '  itemprop=\"headline\"  >Index<\/h1><div class=\"special-heading-border\"><div class=\"special-heading-inner-border\"><\/div><\/div><\/div>\n\n<style type=\"text\/css\" data-created_by=\"avia_inline_auto\" id=\"style-css-av-k1ii3mmd-97d35aeb8e5402b6f7a2542dcb9bd314\">\n#top .hr.hr-invisible.av-k1ii3mmd-97d35aeb8e5402b6f7a2542dcb9bd314{\nheight:25px;\n}\n<\/style>\n<div  class='hr av-k1ii3mmd-97d35aeb8e5402b6f7a2542dcb9bd314 hr-invisible  avia-builder-el-10  el_after_av_heading  el_before_av_one_third '><span class='hr-inner '><span class=\"hr-inner-style\"><\/span><\/span><\/div>\n\n<style type=\"text\/css\" data-created_by=\"avia_inline_auto\" id=\"style-css-av-12a3nof-aa1e2485c84495679d0c64300bfc4556\">\n.flex_column.av-12a3nof-aa1e2485c84495679d0c64300bfc4556{\nborder-radius:0px 0px 0px 0px;\npadding:0px 0px 0px 0px;\n}\n<\/style>\n<div  class='flex_column av-12a3nof-aa1e2485c84495679d0c64300bfc4556 av_one_third  avia-builder-el-11  el_after_av_hr  el_before_av_one_third  first flex_column_div av-zero-column-padding  '     ><style type=\"text\/css\" data-created_by=\"avia_inline_auto\" id=\"style-css-av-k1iertzo-150e4e03d45edcf4c43e4f05b31b832e\">\n#top .avia-icon-list-container.av-k1iertzo-150e4e03d45edcf4c43e4f05b31b832e .iconlist_icon{\ncolor:#ffffff;\n}\n#top .avia-icon-list-container.av-k1iertzo-150e4e03d45edcf4c43e4f05b31b832e .iconlist_icon svg:first-child{\nstroke:#ffffff;\nfill:#ffffff;\n}\n#top #wrap_all .avia-icon-list-container.av-k1iertzo-150e4e03d45edcf4c43e4f05b31b832e .av_iconlist_title{\ncolor:#ffffff;\n}\n.avia-icon-list-container.av-k1iertzo-150e4e03d45edcf4c43e4f05b31b832e .iconlist_content{\ncolor:#ffffff;\n}\n<\/style>\n<div  class='avia-icon-list-container av-k1iertzo-150e4e03d45edcf4c43e4f05b31b832e  avia-builder-el-12  avia-builder-el-no-sibling '><ul class='avia-icon-list avia_animate_when_almost_visible avia-icon-list-left av-iconlist-small av-k1iertzo-150e4e03d45edcf4c43e4f05b31b832e avia-iconlist-animate'>\n<li><div class='iconlist_icon av-txpeen-c70e7c001bf514f62977c43fbd6ac998 avia-font-entypo-fontello avia-iconfont avia-font-entypo-fontello'><span class='av-icon-char' data-av_icon='\ue816' data-av_iconfont='entypo-fontello' aria-hidden=\"true\"><\/span><\/div><article class=\"article-icon-entry av-iconlist-empty\"  itemscope=\"itemscope\" itemtype=\"https:\/\/schema.org\/CreativeWork\" ><div class=\"iconlist_content_wrap\"><header class=\"entry-content-header\" aria-label=\"Icon: &lt;a href=&#039;https:\/\/www.quebec-elan.org\/links\/#Accessibility&#039; title=&#039;Accessibility&#039;&gt;Accessibility&lt;\/a&gt;\"><div class='av_iconlist_title iconlist_title_small  av_inherit_color'  itemprop=\"headline\" ><a href='https:\/\/www.quebec-elan.org\/links\/#Accessibility' title='Accessibility'>Accessibility<\/a><\/div><\/header><div class='iconlist_content av_inherit_color'  itemprop=\"text\" ><\/div><\/div><footer class=\"entry-footer\"><\/footer><\/article><div class=\"iconlist-timeline\"><\/div><\/li>\n<li><div class='iconlist_icon av-sh2oj3-41623ba2220f8a76c067b4318a4327d8 avia-font-entypo-fontello avia-iconfont avia-font-entypo-fontello'><span class='av-icon-char' data-av_icon='\ue816' data-av_iconfont='entypo-fontello' aria-hidden=\"true\"><\/span><\/div><article class=\"article-icon-entry av-iconlist-empty\"  itemscope=\"itemscope\" itemtype=\"https:\/\/schema.org\/CreativeWork\" ><div class=\"iconlist_content_wrap\"><header class=\"entry-content-header\" aria-label=\"Icon: &lt;a href=&#039;https:\/\/www.quebec-elan.org\/links\/#AdvocacyNonProfits&#039; title=&#039;Advocacy &amp; Non-Profits&#039;&gt;Advocacy &amp; Non-Profits&lt;\/a&gt;\"><div class='av_iconlist_title iconlist_title_small  av_inherit_color'  itemprop=\"headline\" ><a href='https:\/\/www.quebec-elan.org\/links\/#AdvocacyNonProfits' title='Advocacy &amp; Non-Profits'>Advocacy & Non-Profits<\/a><\/div><\/header><div class='iconlist_content av_inherit_color'  itemprop=\"text\" ><\/div><\/div><footer class=\"entry-footer\"><\/footer><\/article><div class=\"iconlist-timeline\"><\/div><\/li>\n<li><div class='iconlist_icon av-qwjkn3-81cd640c203e8ef5e6c7185ff0d2736f avia-font-entypo-fontello avia-iconfont avia-font-entypo-fontello'><span class='av-icon-char' data-av_icon='\ue816' data-av_iconfont='entypo-fontello' aria-hidden=\"true\"><\/span><\/div><article class=\"article-icon-entry av-iconlist-empty\"  itemscope=\"itemscope\" itemtype=\"https:\/\/schema.org\/CreativeWork\" ><div class=\"iconlist_content_wrap\"><header class=\"entry-content-header\" aria-label=\"Icon: &lt;a href=&#039;https:\/\/www.quebec-elan.org\/links\/#Education&#039; title=&#039;Education&#039;&gt;Education&lt;\/a&gt;\"><div class='av_iconlist_title iconlist_title_small  av_inherit_color'  itemprop=\"headline\" ><a href='https:\/\/www.quebec-elan.org\/links\/#Education' title='Education'>Education<\/a><\/div><\/header><div class='iconlist_content av_inherit_color'  itemprop=\"text\" ><\/div><\/div><footer class=\"entry-footer\"><\/footer><\/article><div class=\"iconlist-timeline\"><\/div><\/li>\n<li><div class='iconlist_icon av-pkoyr3-3d4aabdaa04d050bbafa61f2d6487bd4 avia-font-entypo-fontello avia-iconfont avia-font-entypo-fontello'><span class='av-icon-char' data-av_icon='\ue816' data-av_iconfont='entypo-fontello' aria-hidden=\"true\"><\/span><\/div><article class=\"article-icon-entry av-iconlist-empty\"  itemscope=\"itemscope\" itemtype=\"https:\/\/schema.org\/CreativeWork\" ><div class=\"iconlist_content_wrap\"><header class=\"entry-content-header\" aria-label=\"Icon: &lt;a href=&#039;https:\/\/www.quebec-elan.org\/links\/#FundingGrants&#039; title=&#039;Funding &amp; Grants&#039;&gt;Funding &amp; Grants&lt;\/a&gt;\"><div class='av_iconlist_title iconlist_title_small  av_inherit_color'  itemprop=\"headline\" ><a href='https:\/\/www.quebec-elan.org\/links\/#FundingGrants' title='Funding &amp; Grants'>Funding & Grants<\/a><\/div><\/header><div class='iconlist_content av_inherit_color'  itemprop=\"text\" ><\/div><\/div><footer class=\"entry-footer\"><\/footer><\/article><div class=\"iconlist-timeline\"><\/div><\/li>\n<\/ul><\/div><\/div>\n<style type=\"text\/css\" data-created_by=\"avia_inline_auto\" id=\"style-css-av-12a3nof-117-ddbd84a895379e6db252c3c06e82199c\">\n.flex_column.av-12a3nof-117-ddbd84a895379e6db252c3c06e82199c{\nborder-radius:0px 0px 0px 0px;\npadding:0px 0px 0px 0px;\n}\n<\/style>\n<div  class='flex_column av-12a3nof-117-ddbd84a895379e6db252c3c06e82199c av_one_third  avia-builder-el-13  el_after_av_one_third  el_before_av_one_third  flex_column_div av-zero-column-padding  '     ><style type=\"text\/css\" data-created_by=\"avia_inline_auto\" id=\"style-css-av-k1iertzo-116-8997905e798b33d3b7386f0f61924c96\">\n#top .avia-icon-list-container.av-k1iertzo-116-8997905e798b33d3b7386f0f61924c96 .iconlist_icon{\ncolor:#ffffff;\n}\n#top .avia-icon-list-container.av-k1iertzo-116-8997905e798b33d3b7386f0f61924c96 .iconlist_icon svg:first-child{\nstroke:#ffffff;\nfill:#ffffff;\n}\n#top #wrap_all .avia-icon-list-container.av-k1iertzo-116-8997905e798b33d3b7386f0f61924c96 .av_iconlist_title{\ncolor:#ffffff;\n}\n.avia-icon-list-container.av-k1iertzo-116-8997905e798b33d3b7386f0f61924c96 .iconlist_content{\ncolor:#ffffff;\n}\n<\/style>\n<div  class='avia-icon-list-container av-k1iertzo-116-8997905e798b33d3b7386f0f61924c96  avia-builder-el-14  avia-builder-el-no-sibling '><ul class='avia-icon-list avia_animate_when_almost_visible avia-icon-list-left av-iconlist-small av-k1iertzo-116-8997905e798b33d3b7386f0f61924c96 avia-iconlist-animate'>\n<li><div class='iconlist_icon av-40058v-911f14767b809509d5acaff1329d46b5 avia-font-entypo-fontello avia-iconfont avia-font-entypo-fontello'><span class='av-icon-char' data-av_icon='\ue816' data-av_iconfont='entypo-fontello' aria-hidden=\"true\"><\/span><\/div><article class=\"article-icon-entry av-iconlist-empty\"  itemscope=\"itemscope\" itemtype=\"https:\/\/schema.org\/CreativeWork\" ><div class=\"iconlist_content_wrap\"><header class=\"entry-content-header\" aria-label=\"Icon: &lt;a href=&#039;https:\/\/www.quebec-elan.org\/links\/#HealthWellbeing&#039; title=&#039;Health &amp; Well-being&#039;&gt;Health &amp; Well-being&lt;\/a&gt;\"><div class='av_iconlist_title iconlist_title_small  av_inherit_color'  itemprop=\"headline\" ><a href='https:\/\/www.quebec-elan.org\/links\/#HealthWellbeing' title='Health &amp; Well-being'>Health & Well-being<\/a><\/div><\/header><div class='iconlist_content av_inherit_color'  itemprop=\"text\" ><\/div><\/div><footer class=\"entry-footer\"><\/footer><\/article><div class=\"iconlist-timeline\"><\/div><\/li>\n<li><div class='iconlist_icon av-mjskhr-9ae0ad19717d2c8076e8ac54d9557989 avia-font-entypo-fontello avia-iconfont avia-font-entypo-fontello'><span class='av-icon-char' data-av_icon='\ue816' data-av_iconfont='entypo-fontello' aria-hidden=\"true\"><\/span><\/div><article class=\"article-icon-entry av-iconlist-empty\"  itemscope=\"itemscope\" itemtype=\"https:\/\/schema.org\/CreativeWork\" ><div class=\"iconlist_content_wrap\"><header class=\"entry-content-header\" aria-label=\"Icon: &lt;a href=&#039;https:\/\/www.quebec-elan.org\/links\/#JobsCareer&#039; title=&#039;Jobs &amp; Career Development&#039;&gt;Jobs &amp; Career Development&lt;\/a&gt;\"><div class='av_iconlist_title iconlist_title_small  av_inherit_color'  itemprop=\"headline\" ><a href='https:\/\/www.quebec-elan.org\/links\/#JobsCareer' title='Jobs &amp; Career Development'>Jobs & Career Development<\/a><\/div><\/header><div class='iconlist_content av_inherit_color'  itemprop=\"text\" ><\/div><\/div><footer class=\"entry-footer\"><\/footer><\/article><div class=\"iconlist-timeline\"><\/div><\/li>\n<li><div class='iconlist_icon av-kcg4pb-c7941efd0415e14a5f6153569509cab0 avia-font-entypo-fontello avia-iconfont avia-font-entypo-fontello'><span class='av-icon-char' data-av_icon='\ue816' data-av_iconfont='entypo-fontello' aria-hidden=\"true\"><\/span><\/div><article class=\"article-icon-entry av-iconlist-empty\"  itemscope=\"itemscope\" itemtype=\"https:\/\/schema.org\/CreativeWork\" ><div class=\"iconlist_content_wrap\"><header class=\"entry-content-header\" aria-label=\"Icon: &lt;a href=&#039;https:\/\/www.quebec-elan.org\/links\/#LegalResources&#039; title=&#039;Legal Resources&#039;&gt;Legal Resources&lt;\/a&gt;\"><div class='av_iconlist_title iconlist_title_small  av_inherit_color'  itemprop=\"headline\" ><a href='https:\/\/www.quebec-elan.org\/links\/#LegalResources' title='Legal Resources'>Legal Resources<\/a><\/div><\/header><div class='iconlist_content av_inherit_color'  itemprop=\"text\" ><\/div><\/div><footer class=\"entry-footer\"><\/footer><\/article><div class=\"iconlist-timeline\"><\/div><\/li>\n<li><div class='iconlist_icon av-iyi2rj-316ba15c9a501b8cd55d43a1ebc0b82c avia-font-entypo-fontello avia-iconfont avia-font-entypo-fontello'><span class='av-icon-char' data-av_icon='\ue816' data-av_iconfont='entypo-fontello' aria-hidden=\"true\"><\/span><\/div><article class=\"article-icon-entry av-iconlist-empty\"  itemscope=\"itemscope\" itemtype=\"https:\/\/schema.org\/CreativeWork\" ><div class=\"iconlist_content_wrap\"><header class=\"entry-content-header\" aria-label=\"Icon: &lt;a href=&#039;https:\/\/www.quebec-elan.org\/links\/#ExhibitionsFestivals&#039; title=&#039;Exhibitions &amp; Festivals&#039;&gt;Exhibitions &amp; Festivals&lt;\/a&gt;\"><div class='av_iconlist_title iconlist_title_small  av_inherit_color'  itemprop=\"headline\" ><a href='https:\/\/www.quebec-elan.org\/links\/#ExhibitionsFestivals' title='Exhibitions &amp; Festivals'>Exhibitions & Festivals<\/a><\/div><\/header><div class='iconlist_content av_inherit_color'  itemprop=\"text\" ><\/div><\/div><footer class=\"entry-footer\"><\/footer><\/article><div class=\"iconlist-timeline\"><\/div><\/li>\n<\/ul><\/div><\/div>\n<style type=\"text\/css\" data-created_by=\"avia_inline_auto\" id=\"style-css-av-pglptr-7f6e4edc7d23eff1d1883eeadc765008\">\n.flex_column.av-pglptr-7f6e4edc7d23eff1d1883eeadc765008{\nborder-radius:0px 0px 0px 0px;\npadding:0px 0px 0px 0px;\n}\n<\/style>\n<div  class='flex_column av-pglptr-7f6e4edc7d23eff1d1883eeadc765008 av_one_third  avia-builder-el-15  el_after_av_one_third  avia-builder-el-last  flex_column_div av-zero-column-padding  '     ><style type=\"text\/css\" data-created_by=\"avia_inline_auto\" id=\"style-css-av-k1iertzo-115-a631232c95ff49dd76bd3ae02d41739d\">\n#top .avia-icon-list-container.av-k1iertzo-115-a631232c95ff49dd76bd3ae02d41739d .iconlist_icon{\ncolor:#ffffff;\n}\n#top .avia-icon-list-container.av-k1iertzo-115-a631232c95ff49dd76bd3ae02d41739d .iconlist_icon svg:first-child{\nstroke:#ffffff;\nfill:#ffffff;\n}\n#top #wrap_all .avia-icon-list-container.av-k1iertzo-115-a631232c95ff49dd76bd3ae02d41739d .av_iconlist_title{\ncolor:#ffffff;\n}\n.avia-icon-list-container.av-k1iertzo-115-a631232c95ff49dd76bd3ae02d41739d .iconlist_content{\ncolor:#ffffff;\n}\n<\/style>\n<div  class='avia-icon-list-container av-k1iertzo-115-a631232c95ff49dd76bd3ae02d41739d  avia-builder-el-16  avia-builder-el-no-sibling '><ul class='avia-icon-list avia_animate_when_almost_visible avia-icon-list-left av-iconlist-small av-k1iertzo-115-a631232c95ff49dd76bd3ae02d41739d avia-iconlist-animate'>\n<li><div class='iconlist_icon av-lf5qgf-3c9ef15c458c0334699d4b629c9d3056 avia-font-entypo-fontello avia-iconfont avia-font-entypo-fontello'><span class='av-icon-char' data-av_icon='\ue816' data-av_iconfont='entypo-fontello' aria-hidden=\"true\"><\/span><\/div><article class=\"article-icon-entry av-iconlist-empty\"  itemscope=\"itemscope\" itemtype=\"https:\/\/schema.org\/CreativeWork\" ><div class=\"iconlist_content_wrap\"><header class=\"entry-content-header\" aria-label=\"Icon: &lt;a href=&#039;https:\/\/www.quebec-elan.org\/links\/#Dance&#039; title=&#039;Disciplinary \u2060\u2014 Dance&#039;&gt;Disciplinary \u2060\u2014 Dance&lt;\/a&gt;\"><div class='av_iconlist_title iconlist_title_small  av_inherit_color'  itemprop=\"headline\" ><a href='https:\/\/www.quebec-elan.org\/links\/#Dance' title='Disciplinary \u2060\u2014 Dance'>Disciplinary \u2060\u2014 Dance<\/a><\/div><\/header><div class='iconlist_content av_inherit_color'  itemprop=\"text\" ><\/div><\/div><footer class=\"entry-footer\"><\/footer><\/article><div class=\"iconlist-timeline\"><\/div><\/li>\n<li><div class='iconlist_icon av-j81vb3-c47eb7388a4894a2fc3cc0d0fa37da17 avia-font-entypo-fontello avia-iconfont avia-font-entypo-fontello'><span class='av-icon-char' data-av_icon='\ue816' data-av_iconfont='entypo-fontello' aria-hidden=\"true\"><\/span><\/div><article class=\"article-icon-entry av-iconlist-empty\"  itemscope=\"itemscope\" itemtype=\"https:\/\/schema.org\/CreativeWork\" ><div class=\"iconlist_content_wrap\"><header class=\"entry-content-header\" aria-label=\"Icon: &lt;a href=&#039;https:\/\/www.quebec-elan.org\/links\/#FilmTV&#039; title=&#039;Disciplinary \u2060\u2014 Film &amp; Television&#039;&gt;Disciplinary \u2060\u2014 Film &amp; Television&lt;\/a&gt;\"><div class='av_iconlist_title iconlist_title_small  av_inherit_color'  itemprop=\"headline\" ><a href='https:\/\/www.quebec-elan.org\/links\/#FilmTV' title='Disciplinary \u2060\u2014 Film &amp; Television'>Disciplinary \u2060\u2014 Film & Television<\/a><\/div><\/header><div class='iconlist_content av_inherit_color'  itemprop=\"text\" ><\/div><\/div><footer class=\"entry-footer\"><\/footer><\/article><div class=\"iconlist-timeline\"><\/div><\/li>\n<li><div class='iconlist_icon av-hxn4pb-0eb5267db16af54ffc392a979ac578ad avia-font-entypo-fontello avia-iconfont avia-font-entypo-fontello'><span class='av-icon-char' data-av_icon='\ue816' data-av_iconfont='entypo-fontello' aria-hidden=\"true\"><\/span><\/div><article class=\"article-icon-entry av-iconlist-empty\"  itemscope=\"itemscope\" itemtype=\"https:\/\/schema.org\/CreativeWork\" ><div class=\"iconlist_content_wrap\"><header class=\"entry-content-header\" aria-label=\"Icon: &lt;a href=&#039;https:\/\/www.quebec-elan.org\/links\/#LiteraturePublishing&#039; title=&#039;Disciplinary \u2060\u2014 Literature &amp; Publishing&#039;&gt;Disciplinary \u2060\u2014 Literature &amp; Publishing&lt;\/a&gt;\"><div class='av_iconlist_title iconlist_title_small  av_inherit_color'  itemprop=\"headline\" ><a href='https:\/\/www.quebec-elan.org\/links\/#LiteraturePublishing' title='Disciplinary \u2060\u2014 Literature &amp; Publishing'>Disciplinary \u2060\u2014 Literature & Publishing<\/a><\/div><\/header><div class='iconlist_content av_inherit_color'  itemprop=\"text\" ><\/div><\/div><footer class=\"entry-footer\"><\/footer><\/article><div class=\"iconlist-timeline\"><\/div><\/li>\n<li><div class='iconlist_icon av-fivufj-a976b49088d5b05034a50924d7b0e8df avia-font-entypo-fontello avia-iconfont avia-font-entypo-fontello'><span class='av-icon-char' data-av_icon='\ue816' data-av_iconfont='entypo-fontello' aria-hidden=\"true\"><\/span><\/div><article class=\"article-icon-entry av-iconlist-empty\"  itemscope=\"itemscope\" itemtype=\"https:\/\/schema.org\/CreativeWork\" ><div class=\"iconlist_content_wrap\"><header class=\"entry-content-header\" aria-label=\"Icon: &lt;a href=&#039;https:\/\/www.quebec-elan.org\/links\/#DigitalNewMedia&#039; title=&#039;Disciplinary \u2060\u2014 Digital &amp; New Media&#039;&gt;Disciplinary \u2060\u2014 Digital &amp; New Media&lt;\/a&gt;\"><div class='av_iconlist_title iconlist_title_small  av_inherit_color'  itemprop=\"headline\" ><a href='https:\/\/www.quebec-elan.org\/links\/#DigitalNewMedia' title='Disciplinary \u2060\u2014 Digital &amp; New Media'>Disciplinary \u2060\u2014 Digital & New Media<\/a><\/div><\/header><div class='iconlist_content av_inherit_color'  itemprop=\"text\" ><\/div><\/div><footer class=\"entry-footer\"><\/footer><\/article><div class=\"iconlist-timeline\"><\/div><\/li>\n<li><div class='iconlist_icon av-dmda4v-e3efef54892d0825af641451900f3d24 avia-font-entypo-fontello avia-iconfont avia-font-entypo-fontello'><span class='av-icon-char' data-av_icon='\ue816' data-av_iconfont='entypo-fontello' aria-hidden=\"true\"><\/span><\/div><article class=\"article-icon-entry av-iconlist-empty\"  itemscope=\"itemscope\" itemtype=\"https:\/\/schema.org\/CreativeWork\" ><div class=\"iconlist_content_wrap\"><header class=\"entry-content-header\" aria-label=\"Icon: &lt;a href=&#039;https:\/\/www.quebec-elan.org\/links\/#MusicSound&#039; title=&#039;Disciplinary \u2060\u2014 Music &amp; Sound&#039;&gt;Disciplinary \u2060\u2014 Music &amp; Sound&lt;\/a&gt;\"><div class='av_iconlist_title iconlist_title_small  av_inherit_color'  itemprop=\"headline\" ><a href='https:\/\/www.quebec-elan.org\/links\/#MusicSound' title='Disciplinary \u2060\u2014 Music &amp; Sound'>Disciplinary \u2060\u2014 Music & Sound<\/a><\/div><\/header><div class='iconlist_content av_inherit_color'  itemprop=\"text\" ><\/div><\/div><footer class=\"entry-footer\"><\/footer><\/article><div class=\"iconlist-timeline\"><\/div><\/li>\n<li><div class='iconlist_icon av-rjnu27-356b91e7ac7d5d9c2fc77b92d4e5f02e avia-font-entypo-fontello avia-iconfont avia-font-entypo-fontello'><span class='av-icon-char' data-av_icon='\ue816' data-av_iconfont='entypo-fontello' aria-hidden=\"true\"><\/span><\/div><article class=\"article-icon-entry av-iconlist-empty\"  itemscope=\"itemscope\" itemtype=\"https:\/\/schema.org\/CreativeWork\" ><div class=\"iconlist_content_wrap\"><header class=\"entry-content-header\" aria-label=\"Icon: &lt;a href=&#039;https:\/\/www.quebec-elan.org\/links\/#PerformanceTheatre&#039; title=&#039;Disciplinary \u2060\u2014 Performance Art &amp; Theatre&#039;&gt;Disciplinary \u2060\u2014 Performance Art &amp; Theatre&lt;\/a&gt;\"><div class='av_iconlist_title iconlist_title_small  av_inherit_color'  itemprop=\"headline\" ><a href='https:\/\/www.quebec-elan.org\/links\/#PerformanceTheatre' title='Disciplinary \u2060\u2014 Performance Art &amp; Theatre'>Disciplinary \u2060\u2014 Performance Art & Theatre<\/a><\/div><\/header><div class='iconlist_content av_inherit_color'  itemprop=\"text\" ><\/div><\/div><footer class=\"entry-footer\"><\/footer><\/article><div class=\"iconlist-timeline\"><\/div><\/li>\n<li><div class='iconlist_icon av-aixd4f-b97f1d2d943327857f1e7de8739498a5 avia-font-entypo-fontello avia-iconfont avia-font-entypo-fontello'><span class='av-icon-char' data-av_icon='\ue816' data-av_iconfont='entypo-fontello' aria-hidden=\"true\"><\/span><\/div><article class=\"article-icon-entry av-iconlist-empty\"  itemscope=\"itemscope\" itemtype=\"https:\/\/schema.org\/CreativeWork\" ><div class=\"iconlist_content_wrap\"><header class=\"entry-content-header\" aria-label=\"Icon: &lt;a href=&#039;https:\/\/www.quebec-elan.org\/links\/#VisualArts&#039; title=&#039;Disciplinary \u2060\u2014 Visual Arts&#039;&gt;Disciplinary \u2060\u2014 Visual Arts&lt;\/a&gt;\"><div class='av_iconlist_title iconlist_title_small  av_inherit_color'  itemprop=\"headline\" ><a href='https:\/\/www.quebec-elan.org\/links\/#VisualArts' title='Disciplinary \u2060\u2014 Visual Arts'>Disciplinary \u2060\u2014 Visual Arts<\/a><\/div><\/header><div class='iconlist_content av_inherit_color'  itemprop=\"text\" ><\/div><\/div><footer class=\"entry-footer\"><\/footer><\/article><div class=\"iconlist-timeline\"><\/div><\/li>\n<li><div class='iconlist_icon av-19ej9n3-44fad36e88aba6a1473dea3e5cbba0ea avia-font-entypo-fontello avia-iconfont avia-font-entypo-fontello'><span class='av-icon-char' data-av_icon='\ue816' data-av_iconfont='entypo-fontello' aria-hidden=\"true\"><\/span><\/div><article class=\"article-icon-entry av-iconlist-empty\"  itemscope=\"itemscope\" itemtype=\"https:\/\/schema.org\/CreativeWork\" ><div class=\"iconlist_content_wrap\"><header class=\"entry-content-header\" aria-label=\"Icon: &lt;a href=&#039;https:\/\/www.quebec-elan.org\/links\/#memberservicesbank&#039; title=&#039;Member Services Bank&#039;&gt;Member Services Bank&lt;\/a&gt;\"><div class='av_iconlist_title iconlist_title_small  av_inherit_color'  itemprop=\"headline\" ><a href='https:\/\/www.quebec-elan.org\/links\/#memberservicesbank' title='Member Services Bank'>Member Services Bank<\/a><\/div><\/header><div class='iconlist_content av_inherit_color'  itemprop=\"text\" ><\/div><\/div><footer class=\"entry-footer\"><\/footer><\/article><div class=\"iconlist-timeline\"><\/div><\/li>\n<\/ul><\/div><\/div>\n<\/div><\/div><\/div><!-- close content main div --><\/div><\/div><div id='after_section_1'  class='main_color av_default_container_wrap container_wrap sidebar_right'  ><div class='container av-section-cont-open' ><div class='template-page content  av-content-small alpha units'><div class='post-entry post-entry-type-page post-entry-1503'><div class='entry-content-wrapper clearfix'><\/p>\n\n<style type=\"text\/css\" data-created_by=\"avia_inline_auto\" id=\"style-css-av-128di0v-3be0038172de97aab29dd952bfbab351\">\n#top .av-special-heading.av-128di0v-3be0038172de97aab29dd952bfbab351{\npadding-bottom:30px;\n}\nbody .av-special-heading.av-128di0v-3be0038172de97aab29dd952bfbab351 .av-special-heading-tag .heading-char{\nfont-size:25px;\n}\n.av-special-heading.av-128di0v-3be0038172de97aab29dd952bfbab351 .av-subheading{\nfont-size:15px;\n}\n<\/style>\n<div  id=\"Accessibility\"  class='av-special-heading av-128di0v-3be0038172de97aab29dd952bfbab351 av-special-heading-h1  avia-builder-el-17  el_after_av_section  el_before_av_one_half  avia-builder-el-first  av-linked-heading'><h1 class='av-special-heading-tag '  itemprop=\"headline\"  > Accessibility<\/h1><div class=\"special-heading-border\"><div class=\"special-heading-inner-border\"><\/div><\/div><\/div>\n\n<style type=\"text\/css\" data-created_by=\"avia_inline_auto\" id=\"style-css-av-wlsrfz-662e602009e6d606a8a7ace2f9db8207\">\n.flex_column.av-wlsrfz-662e602009e6d606a8a7ace2f9db8207{\nborder-radius:0px 0px 0px 0px;\npadding:0px 0px 0px 0px;\n}\n<\/style>\n<div  class='flex_column av-wlsrfz-662e602009e6d606a8a7ace2f9db8207 av_one_half  avia-builder-el-18  el_after_av_heading  el_before_av_one_half  first flex_column_div av-zero-column-padding  '     ><div  class='togglecontainer av-k1iaw9td-afbcc8dfd13bf28fcd6b4d4bd72887f9 av-minimal-toggle  avia-builder-el-19  avia-builder-el-no-sibling  toggle_close_all' >\n<section class='av_toggle_section av-ty047j-91fa6b235db0eab7aa6d7b208d711cac'  itemscope=\"itemscope\" itemtype=\"https:\/\/schema.org\/CreativeWork\" ><div role=\"tablist\" class=\"single_toggle\" data-tags=\"{All} \"  ><p id='toggle-toggle-id-1' data-fake-id='#toggle-id-1' class='toggler  av-title-above '  itemprop=\"headline\"  role='tab' tabindex='0' aria-controls='toggle-id-1' data-slide-speed=\"200\" data-title=\"Access Ability: A Practical Handbook on Accessible Graphic Design\" data-title-open=\"\" data-aria_collapsed=\"Click to expand: Access Ability: A Practical Handbook on Accessible Graphic Design\" data-aria_expanded=\"Click to collapse: Access Ability: A Practical Handbook on Accessible Graphic Design\">Access Ability: A Practical Handbook on Accessible Graphic Design<span class=\"toggle_icon\"><span class=\"vert_icon\"><\/span><span class=\"hor_icon\"><\/span><\/span><\/p><div id='toggle-id-1' aria-labelledby='toggle-toggle-id-1' role='region' class='toggle_wrap  av-title-above'  ><div class='toggle_content invers-color '  itemprop=\"text\" ><p>Developed in 2010 by the Association of Registered Graphic Designers of Ontario, this resource provides guidelines for accessible print, web and environmental (way-finding and signage) design.<\/p>\n<p><strong>Links:<\/strong><\/p>\n<ul>\n<li><strong><a href=\"https:\/\/www.rgd.ca\/database\/files\/library\/RGD_AccessAbility_Handbook.pdf\" target=\"_blank\" rel=\"noopener noreferrer\">Online handbook (PDF).<\/a> <\/strong><\/li>\n<\/ul>\n<\/div><\/div><\/div><\/section>\n<section class='av_toggle_section av-be5c33-eba34d2e6ada799d87c0dc3e6e9f4c6f'  itemscope=\"itemscope\" itemtype=\"https:\/\/schema.org\/CreativeWork\" ><div role=\"tablist\" class=\"single_toggle\" data-tags=\"{All} \"  ><p id='toggle-toggle-id-2' data-fake-id='#toggle-id-2' class='toggler  av-title-above '  itemprop=\"headline\"  role='tab' tabindex='0' aria-controls='toggle-id-2' data-slide-speed=\"200\" data-title=\"Accessibility Guidelines for Organizers and Facilitators\" data-title-open=\"\" data-aria_collapsed=\"Click to expand: Accessibility Guidelines for Organizers and Facilitators\" data-aria_expanded=\"Click to collapse: Accessibility Guidelines for Organizers and Facilitators\">Accessibility Guidelines for Organizers and Facilitators<span class=\"toggle_icon\"><span class=\"vert_icon\"><\/span><span class=\"hor_icon\"><\/span><\/span><\/p><div id='toggle-id-2' aria-labelledby='toggle-toggle-id-2' role='region' class='toggle_wrap  av-title-above'  ><div class='toggle_content invers-color '  itemprop=\"text\" ><p>This document was created in the spring of 2015 by members of Accessibilize Montreal as part of the \u201cBy and For Us: The Community at the Head of the Organization\u201d project, organized by the Center for Community Organizations (COCo).<\/p>\n<p><strong>Links:<\/strong><\/p>\n<ul>\n<li><strong><a href=\"https:\/\/coco-net.org\/accessibility-guidelines-organizers-facilitators\/?fbclid=IwAR1KnZPw3ZOjOM7pclZHavVkg2QbmaC39kailmnx-aRg_sPgiGdlsUxKZgM\" target=\"_blank\" rel=\"noopener noreferrer\">View online on coco-net.org.<\/a> <\/strong><\/li>\n<\/ul>\n<\/div><\/div><\/div><\/section>\n<section class='av_toggle_section av-ceqmxb-9446eb9ddb91a7a0dd5d3e5cc9e39374'  itemscope=\"itemscope\" itemtype=\"https:\/\/schema.org\/CreativeWork\" ><div role=\"tablist\" class=\"single_toggle\" data-tags=\"{All} \"  ><p id='toggle-toggle-id-3' data-fake-id='#toggle-id-3' class='toggler  av-title-above '  itemprop=\"headline\"  role='tab' tabindex='0' aria-controls='toggle-id-3' data-slide-speed=\"200\" data-title=\"Accessibility Toolkit (Guide to Making Art Spaces Accessible)\" data-title-open=\"\" data-aria_collapsed=\"Click to expand: Accessibility Toolkit (Guide to Making Art Spaces Accessible)\" data-aria_expanded=\"Click to collapse: Accessibility Toolkit (Guide to Making Art Spaces Accessible)\">Accessibility Toolkit (Guide to Making Art Spaces Accessible)<span class=\"toggle_icon\"><span class=\"vert_icon\"><\/span><span class=\"hor_icon\"><\/span><\/span><\/p><div id='toggle-id-3' aria-labelledby='toggle-toggle-id-3' role='region' class='toggle_wrap  av-title-above'  ><div class='toggle_content invers-color '  itemprop=\"text\" ><p>Humber College and <a href=\"http:\/\/tangledarts.org\/\" target=\"_blank\" rel=\"noopener noreferrer\"><strong>Tangled Art + Disability<\/strong><\/a> collaborated on this guide to making the presentation of art more inclusive and accessible. It covers many aspects of exhibition design, including lighting, labels, wall text, transcription and captioning, access symbols, etc.<\/p>\n<p><strong>Links:<\/strong><\/p>\n<ul>\n<li><strong><a href=\"http:\/\/www.humber.ca\/makingaccessiblemedia\/modules\/06\/pdf\/Accessibility_Toolkit_Final.pdf\" target=\"_blank\" rel=\"noopener noreferrer\">Online toolkit (PDF).<\/a> <\/strong><\/li>\n<\/ul>\n<\/div><\/div><\/div><\/section>\n<section class='av_toggle_section av-a7gk0f-09903f1572e25ad7605eae40911f1e44'  itemscope=\"itemscope\" itemtype=\"https:\/\/schema.org\/CreativeWork\" ><div role=\"tablist\" class=\"single_toggle\" data-tags=\"{All} \"  ><p id='toggle-toggle-id-4' data-fake-id='#toggle-id-4' class='toggler  av-title-above '  itemprop=\"headline\"  role='tab' tabindex='0' aria-controls='toggle-id-4' data-slide-speed=\"200\" data-title=\"Creative Users Projects\" data-title-open=\"\" data-aria_collapsed=\"Click to expand: Creative Users Projects\" data-aria_expanded=\"Click to collapse: Creative Users Projects\">Creative Users Projects<span class=\"toggle_icon\"><span class=\"vert_icon\"><\/span><span class=\"hor_icon\"><\/span><\/span><\/p><div id='toggle-id-4' aria-labelledby='toggle-toggle-id-4' role='region' class='toggle_wrap  av-title-above'  ><div class='toggle_content invers-color '  itemprop=\"text\" ><p>Creative Users Projects is a disability-led artist platform that explores the intersection of art and design practices, accessibility, and disability. Creative Users Projects is a shapeshifter, cultural connector and sector builder of disability arts and accessible curatorial practice. Our work stems from a desire to activate art and make visible an inclusive arts culture.<\/p>\n<p><strong>Links:<\/strong><\/p>\n<ul>\n<li><strong><a href=\"http:\/\/creativeusers.net\/\" target=\"_blank\" rel=\"noopener noreferrer\">Creative Users Website.<\/a> <\/strong><\/li>\n<\/ul>\n<\/div><\/div><\/div><\/section>\n<section class='av_toggle_section av-93bien-5256997102bbef7ba509778727f0692d'  itemscope=\"itemscope\" itemtype=\"https:\/\/schema.org\/CreativeWork\" ><div role=\"tablist\" class=\"single_toggle\" data-tags=\"{All} \"  ><p id='toggle-toggle-id-5' data-fake-id='#toggle-id-5' class='toggler  av-title-above '  itemprop=\"headline\"  role='tab' tabindex='0' aria-controls='toggle-id-5' data-slide-speed=\"200\" data-title=\"Canada Council for the Arts \u2013 Application Assistance Program\" data-title-open=\"\" data-aria_collapsed=\"Click to expand: Canada Council for the Arts \u2013 Application Assistance Program\" data-aria_expanded=\"Click to collapse: Canada Council for the Arts \u2013 Application Assistance Program\">Canada Council for the Arts \u2013 Application Assistance Program<span class=\"toggle_icon\"><span class=\"vert_icon\"><\/span><span class=\"hor_icon\"><\/span><\/span><\/p><div id='toggle-id-5' aria-labelledby='toggle-toggle-id-5' role='region' class='toggle_wrap  av-title-above'  ><div class='toggle_content invers-color '  itemprop=\"text\" ><p>Canada Council for the Arts applicants who need assistance writing or submitting a grant application because of disability-related barriers can apply for funding to contribute to the cost of these services.<\/p>\n<p><strong>Links:<\/strong><\/p>\n<ul>\n<li><strong><a href=\"https:\/\/canadacouncil.ca\/commitments\/equity\/application-assistance\" target=\"_blank\" rel=\"noopener noreferrer\">Program page on Canada Council website.<\/a> <\/strong><\/li>\n<\/ul>\n<\/div><\/div><\/div><\/section>\n<section class='av_toggle_section av-7enfv3-00943e0f6aec4cfca4acb00638940591'  itemscope=\"itemscope\" itemtype=\"https:\/\/schema.org\/CreativeWork\" ><div role=\"tablist\" class=\"single_toggle\" data-tags=\"{All} \"  ><p id='toggle-toggle-id-6' data-fake-id='#toggle-id-6' class='toggler  av-title-above '  itemprop=\"headline\"  role='tab' tabindex='0' aria-controls='toggle-id-6' data-slide-speed=\"200\" data-title=\"CURE: Community-University Research Exchange\" data-title-open=\"\" data-aria_collapsed=\"Click to expand: CURE: Community-University Research Exchange\" data-aria_expanded=\"Click to collapse: CURE: Community-University Research Exchange\">CURE: Community-University Research Exchange<span class=\"toggle_icon\"><span class=\"vert_icon\"><\/span><span class=\"hor_icon\"><\/span><\/span><\/p><div id='toggle-id-6' aria-labelledby='toggle-toggle-id-6' role='region' class='toggle_wrap  av-title-above'  ><div class='toggle_content invers-color '  itemprop=\"text\" ><p>CURE promotes community-driven social justice research, and fosters collaborations between university students and grassroots community groups working for social change.<\/p>\n<p><strong>Links:<\/strong><\/p>\n<ul>\n<li><strong><a href=\"http:\/\/www.curemontreal.org\/\" target=\"_blank\" rel=\"noopener noreferrer\">CURE website.<\/a> <\/strong><\/li>\n<\/ul>\n<\/div><\/div><\/div><\/section>\n<section class='av_toggle_section av-5cpm8v-6772f5fb0107a105a9e16c1d9e50f040'  itemscope=\"itemscope\" itemtype=\"https:\/\/schema.org\/CreativeWork\" ><div role=\"tablist\" class=\"single_toggle\" data-tags=\"{All} \"  ><p id='toggle-toggle-id-7' data-fake-id='#toggle-id-7' class='toggler  av-title-above '  itemprop=\"headline\"  role='tab' tabindex='0' aria-controls='toggle-id-7' data-slide-speed=\"200\" data-title=\"DAWN-RAFH: DisAbled Women\u2019s Network\" data-title-open=\"\" data-aria_collapsed=\"Click to expand: DAWN-RAFH: DisAbled Women\u2019s Network\" data-aria_expanded=\"Click to collapse: DAWN-RAFH: DisAbled Women\u2019s Network\">DAWN-RAFH: DisAbled Women\u2019s Network<span class=\"toggle_icon\"><span class=\"vert_icon\"><\/span><span class=\"hor_icon\"><\/span><\/span><\/p><div id='toggle-id-7' aria-labelledby='toggle-toggle-id-7' role='region' class='toggle_wrap  av-title-above'  ><div class='toggle_content invers-color '  itemprop=\"text\" ><p>DAWN Canada\u2019s mission is to end the poverty, isolation, discrimination and violence experienced by women with disabilities and Deaf women. DAWN is an organization that works towards the advancement and inclusion of women and girls with disabilities and Deaf women in Canada.<\/p>\n<p><strong>Links:<\/strong><\/p>\n<ul>\n<li><strong><a href=\"https:\/\/www.dawncanada.net\/\" target=\"_blank\" rel=\"noopener noreferrer\">DAWN-RAFH website.<\/a> <\/strong><\/li>\n<\/ul>\n<\/div><\/div><\/div><\/section>\n<section class='av_toggle_section av-3kjqdr-0d6acdb0811079ed65855a01d309792b'  itemscope=\"itemscope\" itemtype=\"https:\/\/schema.org\/CreativeWork\" ><div role=\"tablist\" class=\"single_toggle\" data-tags=\"{All} \"  ><p id='toggle-toggle-id-8' data-fake-id='#toggle-id-8' class='toggler  av-title-above '  itemprop=\"headline\"  role='tab' tabindex='0' aria-controls='toggle-id-8' data-slide-speed=\"200\" data-title=\"Deaf Artists &amp; Theatres Toolkit (DATT)\" data-title-open=\"\" data-aria_collapsed=\"Click to expand: Deaf Artists &amp; Theatres Toolkit (DATT)\" data-aria_expanded=\"Click to collapse: Deaf Artists &amp; Theatres Toolkit (DATT)\">Deaf Artists & Theatres Toolkit (DATT)<span class=\"toggle_icon\"><span class=\"vert_icon\"><\/span><span class=\"hor_icon\"><\/span><\/span><\/p><div id='toggle-id-8' aria-labelledby='toggle-toggle-id-8' role='region' class='toggle_wrap  av-title-above'  ><div class='toggle_content invers-color '  itemprop=\"text\" ><p>Based on research by Cahoots Theatre as well as insights gained from the production of ULTRASOUND (by deaf playwright Adam Pottle), this comprehensive online toolkit guides theatre companies working with Deaf artists and\/or audiences.<\/p>\n<p><strong>Links:<\/strong><\/p>\n<ul>\n<li><strong><a href=\"http:\/\/deafartistsandtheatrestoolkit.com\" target=\"_blank\" rel=\"noopener noreferrer\">Toolkit webpage<\/a><\/strong><\/li>\n<\/ul>\n<\/div><\/div><\/div><\/section>\n<\/div><\/div>\n\n<style type=\"text\/css\" data-created_by=\"avia_inline_auto\" id=\"style-css-av-h18i8v-c8a40ac0c10e2eb22193b0fb3a7885f6\">\n.flex_column.av-h18i8v-c8a40ac0c10e2eb22193b0fb3a7885f6{\nborder-radius:0px 0px 0px 0px;\npadding:0px 0px 0px 0px;\n}\n<\/style>\n<div  class='flex_column av-h18i8v-c8a40ac0c10e2eb22193b0fb3a7885f6 av_one_half  avia-builder-el-20  el_after_av_one_half  el_before_av_hr  flex_column_div av-zero-column-padding  '     ><div  class='togglecontainer av-k1iaw9td-114-d2e1e437de10cf21ed83006de6b2f622 av-minimal-toggle  avia-builder-el-21  avia-builder-el-no-sibling  toggle_close_all' >\n<section class='av_toggle_section av-f99wq7-721d8db1c9b5eef1c1d0793f6ee92af5'  itemscope=\"itemscope\" itemtype=\"https:\/\/schema.org\/CreativeWork\" ><div role=\"tablist\" class=\"single_toggle\" data-tags=\"{All} \"  ><p id='toggle-toggle-id-9' data-fake-id='#toggle-id-9' class='toggler  av-title-above '  itemprop=\"headline\"  role='tab' tabindex='0' aria-controls='toggle-id-9' data-slide-speed=\"200\" data-title=\"Keroul\u2019s Accessibility Criteria\" data-title-open=\"\" data-aria_collapsed=\"Click to expand: Keroul\u2019s Accessibility Criteria\" data-aria_expanded=\"Click to collapse: Keroul\u2019s Accessibility Criteria\">Keroul\u2019s Accessibility Criteria<span class=\"toggle_icon\"><span class=\"vert_icon\"><\/span><span class=\"hor_icon\"><\/span><\/span><\/p><div id='toggle-id-9' aria-labelledby='toggle-toggle-id-9' role='region' class='toggle_wrap  av-title-above'  ><div class='toggle_content invers-color '  itemprop=\"text\" ><p>Keroul is an organization that supports and advocates for accessible tourism and culture in Quebec. This page provides a search tool to find spaces that were assigned accessibility ratings \u201cfrom a visitor\u2019s point-of-view.\u201d At the bottom of this page, under the \u201cEvents\u201d tab, Keroul lists its criteria for accessible event spaces, with regard to motor, visual and hearing impairment.<\/p>\n<p><strong>Links:<\/strong><\/p>\n<ul>\n<li><strong><a href=\"http:\/\/www.keroul.qc.ca\/en\/criterias.html\" target=\"_blank\" rel=\"noopener noreferrer\">Keroul website.<\/a> <\/strong><\/li>\n<\/ul>\n<\/div><\/div><\/div><\/section>\n<section class='av_toggle_section av-fx317j-3595ce66c9cabdace40a7ff4c88c8aaa'  itemscope=\"itemscope\" itemtype=\"https:\/\/schema.org\/CreativeWork\" ><div role=\"tablist\" class=\"single_toggle\" data-tags=\"{All} \"  ><p id='toggle-toggle-id-10' data-fake-id='#toggle-id-10' class='toggler  av-title-above '  itemprop=\"headline\"  role='tab' tabindex='0' aria-controls='toggle-id-10' data-slide-speed=\"200\" data-title=\"Radical Accessibility Audit Project\" data-title-open=\"\" data-aria_collapsed=\"Click to expand: Radical Accessibility Audit Project\" data-aria_expanded=\"Click to collapse: Radical Accessibility Audit Project\">Radical Accessibility Audit Project<span class=\"toggle_icon\"><span class=\"vert_icon\"><\/span><span class=\"hor_icon\"><\/span><\/span><\/p><div id='toggle-id-10' aria-labelledby='toggle-toggle-id-10' role='region' class='toggle_wrap  av-title-above'  ><div class='toggle_content invers-color '  itemprop=\"text\" ><p>RAAP Montreal is a collaboration between <strong><a href=\"https:\/\/www.facebook.com\/access4mtl\/\">Accessibilize Montreal<\/a><\/strong> and CURE. It\u2019s an initiative to document the accessibility of urban spaces in the hope of \u201ccollectively creating useful, accurate, broad-based and up-to-date accessibility information about the physical environment so we can make informed choices about what events and spaces we participate in and support.\u201d \u00a0(<a href=\"https:\/\/radicalaccessiblecommunities.wordpress.com\/the-radical-access-mapping-project\/\"><strong>RAMP, 2013<\/strong><\/a>)<\/p>\n<p><strong>Links:<\/strong><\/p>\n<ul>\n<li><strong><a href=\"http:\/\/www.curemontreal.org\/accessibility\/\" target=\"_blank\" rel=\"noopener noreferrer\">Webpage on CURE Montreal.<\/a> <\/strong><\/li>\n<\/ul>\n<\/div><\/div><\/div><\/section>\n<section class='av_toggle_section av-edu7zj-e034177e35e02d77026d08cce54ea5d5'  itemscope=\"itemscope\" itemtype=\"https:\/\/schema.org\/CreativeWork\" ><div role=\"tablist\" class=\"single_toggle\" data-tags=\"{All} \"  ><p id='toggle-toggle-id-11' data-fake-id='#toggle-id-11' class='toggler  av-title-above '  itemprop=\"headline\"  role='tab' tabindex='0' aria-controls='toggle-id-11' data-slide-speed=\"200\" data-title=\"ReelAccess: A Guide to Accessible Film Festivals and Screenings\" data-title-open=\"\" data-aria_collapsed=\"Click to expand: ReelAccess: A Guide to Accessible Film Festivals and Screenings\" data-aria_expanded=\"Click to collapse: ReelAccess: A Guide to Accessible Film Festivals and Screenings\">ReelAccess: A Guide to Accessible Film Festivals and Screenings<span class=\"toggle_icon\"><span class=\"vert_icon\"><\/span><span class=\"hor_icon\"><\/span><\/span><\/p><div id='toggle-id-11' aria-labelledby='toggle-toggle-id-11' role='region' class='toggle_wrap  av-title-above'  ><div class='toggle_content invers-color '  itemprop=\"text\" ><p>Whether you are planning a large-scale film festival or an intimate film screening, this resource by the <strong><a href=\"https:\/\/reelabilities.org\/toronto\/about\/#about\" target=\"_blank\" rel=\"noopener noreferrer\">ReelAbilities Film Festival Toronto<\/a>\u00a0<\/strong>provides guidance on venues, communications, ticketing, customer service, and more.<\/p>\n<p><strong>Links:<\/strong><\/p>\n<ul>\n<li><strong><a href=\"https:\/\/insideout.ca\/accessibility\/#elevent\" target=\"_blank\" rel=\"noopener noreferrer\">Online guide (PDF)<\/a> <\/strong><\/li>\n<li><a href=\"https:\/\/insideout.ca\/wp-content\/uploads\/2021\/08\/Case-Study-Report-Final-w-logo-1.pdf\" target=\"_blank\" rel=\"noopener\"><strong>Case study: accessibility compliance vs. accessibility culture<\/strong><\/a><\/li>\n<\/ul>\n<\/div><\/div><\/div><\/section>\n<section class='av_toggle_section av-cmsugf-0a242e8b17c2c3edb1214f7d4f019677'  itemscope=\"itemscope\" itemtype=\"https:\/\/schema.org\/CreativeWork\" ><div role=\"tablist\" class=\"single_toggle\" data-tags=\"{All} \"  ><p id='toggle-toggle-id-12' data-fake-id='#toggle-id-12' class='toggler  av-title-above '  itemprop=\"headline\"  role='tab' tabindex='0' aria-controls='toggle-id-12' data-slide-speed=\"200\" data-title=\"Seeing Voices\" data-title-open=\"\" data-aria_collapsed=\"Click to expand: Seeing Voices\" data-aria_expanded=\"Click to collapse: Seeing Voices\">Seeing Voices<span class=\"toggle_icon\"><span class=\"vert_icon\"><\/span><span class=\"hor_icon\"><\/span><\/span><\/p><div id='toggle-id-12' aria-labelledby='toggle-toggle-id-12' role='region' class='toggle_wrap  av-title-above'  ><div class='toggle_content invers-color '  itemprop=\"text\" ><p>Seeing Voices provides educational and collaborative opportunities to build connections between D\/deaf* and hearing people.\u200b<\/p>\n<p><strong>Links:<\/strong><\/p>\n<ul>\n<li><strong><a href=\"http:\/\/www.seeingvoicesmontreal.com\/\" target=\"_blank\" rel=\"noopener noreferrer\">Seeing Voices website.<\/a> <\/strong><\/li>\n<\/ul>\n<\/div><\/div><\/div><\/section>\n<section class='av_toggle_section av-bdsou7-041503b208689c5ed8b6e97f900067e2'  itemscope=\"itemscope\" itemtype=\"https:\/\/schema.org\/CreativeWork\" ><div role=\"tablist\" class=\"single_toggle\" data-tags=\"{All} \"  ><p id='toggle-toggle-id-13' data-fake-id='#toggle-id-13' class='toggler  av-title-above '  itemprop=\"headline\"  role='tab' tabindex='0' aria-controls='toggle-id-13' data-slide-speed=\"200\" data-title=\"Sins Invalid\" data-title-open=\"\" data-aria_collapsed=\"Click to expand: Sins Invalid\" data-aria_expanded=\"Click to collapse: Sins Invalid\">Sins Invalid<span class=\"toggle_icon\"><span class=\"vert_icon\"><\/span><span class=\"hor_icon\"><\/span><\/span><\/p><div id='toggle-id-13' aria-labelledby='toggle-toggle-id-13' role='region' class='toggle_wrap  av-title-above'  ><div class='toggle_content invers-color '  itemprop=\"text\" ><p>Sins Invalid is a performance project on disability and sexuality that incubates and celebrates artists with disabilities, centralizing artists of colour and queer and gender-variant artists as communities who have been historically marginalized from social discourse.<\/p>\n<p><strong>Links:<\/strong><\/p>\n<ul>\n<li><strong><a href=\"https:\/\/www.sinsinvalid.org\/\" target=\"_blank\" rel=\"noopener noreferrer\">Sins Invalid website.<\/a> <\/strong><\/li>\n<\/ul>\n<\/div><\/div><\/div><\/section>\n<section class='av_toggle_section av-865vq7-be0877b951bf54f5f72c62360ce71fe0'  itemscope=\"itemscope\" itemtype=\"https:\/\/schema.org\/CreativeWork\" ><div role=\"tablist\" class=\"single_toggle\" data-tags=\"{All} \"  ><p id='toggle-toggle-id-14' data-fake-id='#toggle-id-14' class='toggler  av-title-above '  itemprop=\"headline\"  role='tab' tabindex='0' aria-controls='toggle-id-14' data-slide-speed=\"200\" data-title=\"Smithsonian Guidelines for Accessible Exhibition Design\" data-title-open=\"\" data-aria_collapsed=\"Click to expand: Smithsonian Guidelines for Accessible Exhibition Design\" data-aria_expanded=\"Click to collapse: Smithsonian Guidelines for Accessible Exhibition Design\">Smithsonian Guidelines for Accessible Exhibition Design<span class=\"toggle_icon\"><span class=\"vert_icon\"><\/span><span class=\"hor_icon\"><\/span><\/span><\/p><div id='toggle-id-14' aria-labelledby='toggle-toggle-id-14' role='region' class='toggle_wrap  av-title-above'  ><div class='toggle_content invers-color '  itemprop=\"text\" ><p>This living resource by the Smithsonian Institute offers guidelines and design tools to better accommodate all visitors, including individuals with disabilities.<\/p>\n<p><strong>Links:<\/strong><\/p>\n<ul>\n<li><strong><a href=\"https:\/\/www.si.edu\/Accessibility\/SGAED\" target=\"_blank\" rel=\"noopener noreferrer\">Guide page on Smithsonian website.<\/a> <\/strong><\/li>\n<\/ul>\n<\/div><\/div><\/div><\/section>\n<section class='av_toggle_section av-5qrvjz-a1ab167d8e66456d7e879bbf5947342d'  itemscope=\"itemscope\" itemtype=\"https:\/\/schema.org\/CreativeWork\" ><div role=\"tablist\" class=\"single_toggle\" data-tags=\"{All} \"  ><p id='toggle-toggle-id-15' data-fake-id='#toggle-id-15' class='toggler  av-title-above '  itemprop=\"headline\"  role='tab' tabindex='0' aria-controls='toggle-id-15' data-slide-speed=\"200\" data-title=\"Tools to Test Your Web Accessibility\" data-title-open=\"\" data-aria_collapsed=\"Click to expand: Tools to Test Your Web Accessibility\" data-aria_expanded=\"Click to collapse: Tools to Test Your Web Accessibility\">Tools to Test Your Web Accessibility<span class=\"toggle_icon\"><span class=\"vert_icon\"><\/span><span class=\"hor_icon\"><\/span><\/span><\/p><div id='toggle-id-15' aria-labelledby='toggle-toggle-id-15' role='region' class='toggle_wrap  av-title-above'  ><div class='toggle_content invers-color '  itemprop=\"text\" ><p>To meet their internal accessibility objectives and better support Quebec nonprofits, the <strong><a href=\"https:\/\/www.rgd.ca\/database\/files\/library\/RGD_AccessAbility_Handbook.pdf\" target=\"_blank\" rel=\"noopener noreferrer\">Centre for Community Organizations (COCo)<\/a><\/strong> hired an intern to research various tools that assist users in testing the accessibility of their websites, which they share on this page. All of these tools are free to download and use.<\/p>\n<p><strong>Links:<\/strong><\/p>\n<ul>\n<li><strong><a href=\"https:\/\/coco-net.org\/accessibility-website-tools\/\" target=\"_blank\" rel=\"noopener noreferrer\">Info page on coco-net.org.<\/a> <\/strong><\/li>\n<\/ul>\n<\/div><\/div><\/div><\/section>\n<\/div><\/div>\n\n<style type=\"text\/css\" data-created_by=\"avia_inline_auto\" id=\"style-css-av-k1ii3mmd-118-6f63d8405a2cefe4c15220c1625727d9\">\n#top .hr.hr-invisible.av-k1ii3mmd-118-6f63d8405a2cefe4c15220c1625727d9{\nheight:25px;\n}\n<\/style>\n<div  class='hr av-k1ii3mmd-118-6f63d8405a2cefe4c15220c1625727d9 hr-invisible  avia-builder-el-22  el_after_av_one_half  el_before_av_button '><span class='hr-inner '><span class=\"hr-inner-style\"><\/span><\/span><\/div>\n<div  class='avia-button-wrap av-k1ii249i-941bf66fc61238c30ca9f2228ab08539-wrap avia-button-right  avia-builder-el-23  el_after_av_hr  el_before_av_heading '><a href='https:\/\/www.quebec-elan.org\/links\/#Index'  class='avia-button av-k1ii249i-941bf66fc61238c30ca9f2228ab08539 av-link-btn avia-icon_select-yes-left-icon avia-size-medium avia-position-right avia-color-theme-color'   aria-label=\" Back to Index\"><span class='avia_button_icon avia_button_icon_left avia-iconfont avia-font-entypo-fontello' data-av_icon='\ue87e' data-av_iconfont='entypo-fontello' ><\/span><span class='avia_iconbox_title' > Back to Index<\/span><\/a><\/div>\n\n<style type=\"text\/css\" data-created_by=\"avia_inline_auto\" id=\"style-css-av-11mee33-50c7cb857a476564a60c497f2d9a41a5\">\n#top .av-special-heading.av-11mee33-50c7cb857a476564a60c497f2d9a41a5{\npadding-bottom:30px;\n}\nbody .av-special-heading.av-11mee33-50c7cb857a476564a60c497f2d9a41a5 .av-special-heading-tag .heading-char{\nfont-size:25px;\n}\n.av-special-heading.av-11mee33-50c7cb857a476564a60c497f2d9a41a5 .av-subheading{\nfont-size:15px;\n}\n<\/style>\n<div  id=\"AdvocacyNonProfits\"  class='av-special-heading av-11mee33-50c7cb857a476564a60c497f2d9a41a5 av-special-heading-h1  avia-builder-el-24  el_after_av_button  el_before_av_one_half  av-linked-heading'><h1 class='av-special-heading-tag '  itemprop=\"headline\"  >Advocacy <span class='special_amp'>&amp;<\/span> Non-Profits<\/h1><div class=\"special-heading-border\"><div class=\"special-heading-inner-border\"><\/div><\/div><\/div>\n\n<style type=\"text\/css\" data-created_by=\"avia_inline_auto\" id=\"style-css-av-h18i8v-113-4e0c177c16e35e9172c803d8eb6bea51\">\n.flex_column.av-h18i8v-113-4e0c177c16e35e9172c803d8eb6bea51{\nborder-radius:0px 0px 0px 0px;\npadding:0px 0px 0px 0px;\n}\n<\/style>\n<div  class='flex_column av-h18i8v-113-4e0c177c16e35e9172c803d8eb6bea51 av_one_half  avia-builder-el-25  el_after_av_heading  el_before_av_one_half  first flex_column_div av-zero-column-padding  '     ><div  class='togglecontainer av-k1iaw9td-112-28fe0748bf43277307693308e93d103d av-minimal-toggle  avia-builder-el-26  avia-builder-el-no-sibling  toggle_close_all' >\n<section class='av_toggle_section av-6i8lov-d1de8a81eadf08cabb04c49c93ad4637'  itemscope=\"itemscope\" itemtype=\"https:\/\/schema.org\/CreativeWork\" ><div role=\"tablist\" class=\"single_toggle\" data-tags=\"{All} \"  ><p id='toggle-toggle-id-16' data-fake-id='#toggle-id-16' class='toggler  av-title-above '  itemprop=\"headline\"  role='tab' tabindex='0' aria-controls='toggle-id-16' data-slide-speed=\"200\" data-title=\"ABTEC: Aboriginal Territories in Cyberspace\" data-title-open=\"\" data-aria_collapsed=\"Click to expand: ABTEC: Aboriginal Territories in Cyberspace\" data-aria_expanded=\"Click to collapse: ABTEC: Aboriginal Territories in Cyberspace\">ABTEC: Aboriginal Territories in Cyberspace<span class=\"toggle_icon\"><span class=\"vert_icon\"><\/span><span class=\"hor_icon\"><\/span><\/span><\/p><div id='toggle-id-16' aria-labelledby='toggle-toggle-id-16' role='region' class='toggle_wrap  av-title-above'  ><div class='toggle_content invers-color '  itemprop=\"text\" ><p>Aboriginal Territories in Cyberspace is an Aboriginally determined research-creation network whose goal is to ensure Indigenous presence in the web pages, online environments, video games, and virtual worlds that comprise cyberspace.<\/p>\n<p><strong>Links:<\/strong><\/p>\n<ul>\n<li><strong><a href=\"http:\/\/abtec.org\/\" target=\"_blank\" rel=\"noopener noreferrer\">ABTEC website.<\/a> <\/strong><\/li>\n<\/ul>\n<\/div><\/div><\/div><\/section>\n<section class='av_toggle_section av-3tzo1b-695ac0c643453aa075452c6924d41163'  itemscope=\"itemscope\" itemtype=\"https:\/\/schema.org\/CreativeWork\" ><div role=\"tablist\" class=\"single_toggle\" data-tags=\"{All} \"  ><p id='toggle-toggle-id-17' data-fake-id='#toggle-id-17' class='toggler  av-title-above '  itemprop=\"headline\"  role='tab' tabindex='0' aria-controls='toggle-id-17' data-slide-speed=\"200\" data-title=\"B\u00e2timent 7\" data-title-open=\"\" data-aria_collapsed=\"Click to expand: B\u00e2timent 7\" data-aria_expanded=\"Click to collapse: B\u00e2timent 7\">B\u00e2timent 7<span class=\"toggle_icon\"><span class=\"vert_icon\"><\/span><span class=\"hor_icon\"><\/span><\/span><\/p><div id='toggle-id-17' aria-labelledby='toggle-toggle-id-17' role='region' class='toggle_wrap  av-title-above'  ><div class='toggle_content invers-color '  itemprop=\"text\" ><p>B\u00e2timent 7 is a heritage industrial building, a fragment of popular history in Point. St. Charles, remodeled into an accessible alternative meeting place, teeming with projects.<\/p>\n<p><strong>Links:<\/strong><\/p>\n<ul>\n<li><strong><a href=\"http:\/\/www.batiment7.org\" target=\"_blank\" rel=\"noopener noreferrer\">B\u00e2timent 7 website.<\/a> <\/strong><\/li>\n<\/ul>\n<\/div><\/div><\/div><\/section>\n<section class='av_toggle_section av-aljq7-9636b6dc2681cb0b8aed316889dd93ea'  itemscope=\"itemscope\" itemtype=\"https:\/\/schema.org\/CreativeWork\" ><div role=\"tablist\" class=\"single_toggle\" data-tags=\"{All} \"  ><p id='toggle-toggle-id-18' data-fake-id='#toggle-id-18' class='toggler  av-title-above '  itemprop=\"headline\"  role='tab' tabindex='0' aria-controls='toggle-id-18' data-slide-speed=\"200\" data-title=\"BCRC: Black Community Resource Centre\" data-title-open=\"\" data-aria_collapsed=\"Click to expand: BCRC: Black Community Resource Centre\" data-aria_expanded=\"Click to collapse: BCRC: Black Community Resource Centre\">BCRC: Black Community Resource Centre<span class=\"toggle_icon\"><span class=\"vert_icon\"><\/span><span class=\"hor_icon\"><\/span><\/span><\/p><div id='toggle-id-18' aria-labelledby='toggle-toggle-id-18' role='region' class='toggle_wrap  av-title-above'  ><div class='toggle_content invers-color '  itemprop=\"text\" ><p>BCRC is a growing, resource-based organization that strengthens community capacity by providing professional support to organizations and individuals in need. The Centre is committed to helping visible minority youth rekindle their dreams, and achieve their full potential.<\/p>\n<p><strong>Links:<\/strong><\/p>\n<ul>\n<li><strong><a href=\"http:\/\/bcrcmontreal.com\/\" target=\"_blank\" rel=\"noopener noreferrer\">BCRC website.<\/a> <\/strong><\/li>\n<\/ul>\n<\/div><\/div><\/div><\/section>\n<section class='av_toggle_section av-5bcqzj-7f56956c56d15aa124bafa46fc8be68a'  itemscope=\"itemscope\" itemtype=\"https:\/\/schema.org\/CreativeWork\" ><div role=\"tablist\" class=\"single_toggle\" data-tags=\"{All} \"  ><p id='toggle-toggle-id-19' data-fake-id='#toggle-id-19' class='toggler  av-title-above '  itemprop=\"headline\"  role='tab' tabindex='0' aria-controls='toggle-id-19' data-slide-speed=\"200\" data-title=\"Black Studies Centre\" data-title-open=\"\" data-aria_collapsed=\"Click to expand: Black Studies Centre\" data-aria_expanded=\"Click to collapse: Black Studies Centre\">Black Studies Centre<span class=\"toggle_icon\"><span class=\"vert_icon\"><\/span><span class=\"hor_icon\"><\/span><\/span><\/p><div id='toggle-id-19' aria-labelledby='toggle-toggle-id-19' role='region' class='toggle_wrap  av-title-above'  ><div class='toggle_content invers-color '  itemprop=\"text\" ><p>The Black Centre Portal publicises, promotes events, and discourses; digitizes, archives, and distributes materials, which in general present and define Pan-Black-Canadian Identities, with a particular focus on the English Speaking Black Communities in Quebec.<\/p>\n<p><strong>Links:<\/strong><\/p>\n<ul>\n<li><strong><a href=\"https:\/\/bscportal.wordpress.com\" target=\"_blank\" rel=\"noopener noreferrer\">Black Studies Centre website.<\/a> <\/strong><\/li>\n<\/ul>\n<\/div><\/div><\/div><\/section>\n<section class='av_toggle_section av-1p33tr-3a90984c6e8f9094f672bcb68f28478c'  itemscope=\"itemscope\" itemtype=\"https:\/\/schema.org\/CreativeWork\" ><div role=\"tablist\" class=\"single_toggle\" data-tags=\"{All} \"  ><p id='toggle-toggle-id-20' data-fake-id='#toggle-id-20' class='toggler  av-title-above '  itemprop=\"headline\"  role='tab' tabindex='0' aria-controls='toggle-id-20' data-slide-speed=\"200\" data-title=\"CAPACOA: Canadian Arts Presenting Association\" data-title-open=\"\" data-aria_collapsed=\"Click to expand: CAPACOA: Canadian Arts Presenting Association\" data-aria_expanded=\"Click to collapse: CAPACOA: Canadian Arts Presenting Association\">CAPACOA: Canadian Arts Presenting Association<span class=\"toggle_icon\"><span class=\"vert_icon\"><\/span><span class=\"hor_icon\"><\/span><\/span><\/p><div id='toggle-id-20' aria-labelledby='toggle-toggle-id-20' role='region' class='toggle_wrap  av-title-above'  ><div class='toggle_content invers-color '  itemprop=\"text\" ><p>Since its founding in 1985, CAPACOA has fostered and developed a pan-Canadian network for presenters, presenting networks, artist managers\/agents and performing arts administrators.<\/p>\n<p><strong>Links:<\/strong><\/p>\n<ul>\n<li><strong><a href=\"http:\/\/www.capacoa.ca\/\" target=\"_blank\" rel=\"noopener noreferrer\">CAPACOA website.<\/a> <\/strong><\/li>\n<\/ul>\n<\/div><\/div><\/div><\/section>\n<section class='av_toggle_section av-gfwrcv-29a047112766464bc9791c5f75ff6435'  itemscope=\"itemscope\" itemtype=\"https:\/\/schema.org\/CreativeWork\" ><div role=\"tablist\" class=\"single_toggle\" data-tags=\"{All} \"  ><p id='toggle-toggle-id-21' data-fake-id='#toggle-id-21' class='toggler  av-title-above '  itemprop=\"headline\"  role='tab' tabindex='0' aria-controls='toggle-id-21' data-slide-speed=\"200\" data-title=\"CCNC: Creative City Network\" data-title-open=\"\" data-aria_collapsed=\"Click to expand: CCNC: Creative City Network\" data-aria_expanded=\"Click to collapse: CCNC: Creative City Network\">CCNC: Creative City Network<span class=\"toggle_icon\"><span class=\"vert_icon\"><\/span><span class=\"hor_icon\"><\/span><\/span><\/p><div id='toggle-id-21' aria-labelledby='toggle-toggle-id-21' role='region' class='toggle_wrap  av-title-above'  ><div class='toggle_content invers-color '  itemprop=\"text\" ><p>The Creative City Network of Canada (CCNC) is a national-non profit organization made up of municipalities, arts organizations and individuals working to support cultural development in their communities. CCNC facilitates knowledge sharing professional development in the field of local cultural policy, planning and research.<\/p>\n<p><strong>Links:<\/strong><\/p>\n<ul>\n<li><strong><a href=\"http:\/\/www.creativecity.ca\/\" target=\"_blank\" rel=\"noopener noreferrer\">CCNC website.<\/a> <\/strong><\/li>\n<\/ul>\n<\/div><\/div><\/div><\/section>\n<section class='av_toggle_section av-drn6jz-4995ee18c2119afe6a51489583a3d25b'  itemscope=\"itemscope\" itemtype=\"https:\/\/schema.org\/CreativeWork\" ><div role=\"tablist\" class=\"single_toggle\" data-tags=\"{All} \"  ><p id='toggle-toggle-id-22' data-fake-id='#toggle-id-22' class='toggler  av-title-above '  itemprop=\"headline\"  role='tab' tabindex='0' aria-controls='toggle-id-22' data-slide-speed=\"200\" data-title=\"CHRC: Cultural Human Resources Council\" data-title-open=\"\" data-aria_collapsed=\"Click to expand: CHRC: Cultural Human Resources Council\" data-aria_expanded=\"Click to collapse: CHRC: Cultural Human Resources Council\">CHRC: Cultural Human Resources Council<span class=\"toggle_icon\"><span class=\"vert_icon\"><\/span><span class=\"hor_icon\"><\/span><\/span><\/p><div id='toggle-id-22' aria-labelledby='toggle-toggle-id-22' role='region' class='toggle_wrap  av-title-above'  ><div class='toggle_content invers-color '  itemprop=\"text\" ><p>The Cultural Human Resources Council (CHRC) brings together cultural workers and employers to address training, career development and other human resource issues.<\/p>\n<p><strong>Links:<\/strong><\/p>\n<ul>\n<li><strong><a href=\"https:\/\/www.culturalhrc.ca\" target=\"_blank\" rel=\"noopener noreferrer\">CHRC website<\/a> <\/strong><\/li>\n<\/ul>\n<\/div><\/div><\/div><\/section>\n<section class='av_toggle_section av-c4zcbj-6be423ed206320341b8ada50b953a9a1'  itemscope=\"itemscope\" itemtype=\"https:\/\/schema.org\/CreativeWork\" ><div role=\"tablist\" class=\"single_toggle\" data-tags=\"{All} \"  ><p id='toggle-toggle-id-23' data-fake-id='#toggle-id-23' class='toggler  av-title-above '  itemprop=\"headline\"  role='tab' tabindex='0' aria-controls='toggle-id-23' data-slide-speed=\"200\" data-title=\"CHRC: Respectful Workplaces in the Arts\" data-title-open=\"\" data-aria_collapsed=\"Click to expand: CHRC: Respectful Workplaces in the Arts\" data-aria_expanded=\"Click to collapse: CHRC: Respectful Workplaces in the Arts\">CHRC: Respectful Workplaces in the Arts<span class=\"toggle_icon\"><span class=\"vert_icon\"><\/span><span class=\"hor_icon\"><\/span><\/span><\/p><div id='toggle-id-23' aria-labelledby='toggle-toggle-id-23' role='region' class='toggle_wrap  av-title-above'  ><div class='toggle_content invers-color '  itemprop=\"text\" ><p><i>Respectful Workplaces in the Arts<\/i> is a national campaign to build a sector-wide culture of fairness, dignity and respect. Let\u2019s work together to shape safe and healthy work environments, free from all forms of harassment.<\/p>\n<p><strong>Links:<\/strong><\/p>\n<ul>\n<li><strong><a href=\"http:\/\/respectfulartsworkplaces.ca\/\" target=\"_blank\" rel=\"noopener noreferrer\">Campaign page on CHRC website.<\/a> <\/strong><\/li>\n<\/ul>\n<\/div><\/div><\/div><\/section>\n<section class='av_toggle_section av-baag33-b42c882613882915fa8ae48fc6a89df5'  itemscope=\"itemscope\" itemtype=\"https:\/\/schema.org\/CreativeWork\" ><div role=\"tablist\" class=\"single_toggle\" data-tags=\"{All} \"  ><p id='toggle-toggle-id-24' data-fake-id='#toggle-id-24' class='toggler  av-title-above '  itemprop=\"headline\"  role='tab' tabindex='0' aria-controls='toggle-id-24' data-slide-speed=\"200\" data-title=\"CRARR: Centre for Research-Action on Race Relations\" data-title-open=\"\" data-aria_collapsed=\"Click to expand: CRARR: Centre for Research-Action on Race Relations\" data-aria_expanded=\"Click to collapse: CRARR: Centre for Research-Action on Race Relations\">CRARR: Centre for Research-Action on Race Relations<span class=\"toggle_icon\"><span class=\"vert_icon\"><\/span><span class=\"hor_icon\"><\/span><\/span><\/p><div id='toggle-id-24' aria-labelledby='toggle-toggle-id-24' role='region' class='toggle_wrap  av-title-above'  ><div class='toggle_content invers-color '  itemprop=\"text\" ><p>The Center for Research-Action on Race Relations is a Montreal-based independent, non-profit civil rights organization that was founded in 1983 with the mandate to promote racial equality and combat racism in Canada.<\/p>\n<p><strong>Links:<\/strong><\/p>\n<ul>\n<li><strong><a href=\"http:\/\/www.crarr.org\/\" target=\"_blank\" rel=\"noopener noreferrer\">CRARR website.<\/a> <\/strong><\/li>\n<\/ul>\n<\/div><\/div><\/div><\/section>\n<section class='av_toggle_section av-94tb4v-60728baee16e36334c4fc6bd4948d893'  itemscope=\"itemscope\" itemtype=\"https:\/\/schema.org\/CreativeWork\" ><div role=\"tablist\" class=\"single_toggle\" data-tags=\"{All} \"  ><p id='toggle-toggle-id-25' data-fake-id='#toggle-id-25' class='toggler  av-title-above '  itemprop=\"headline\"  role='tab' tabindex='0' aria-controls='toggle-id-25' data-slide-speed=\"200\" data-title=\"Culture Montreal\" data-title-open=\"\" data-aria_collapsed=\"Click to expand: Culture Montreal\" data-aria_expanded=\"Click to collapse: Culture Montreal\">Culture Montreal<span class=\"toggle_icon\"><span class=\"vert_icon\"><\/span><span class=\"hor_icon\"><\/span><\/span><\/p><div id='toggle-id-25' aria-labelledby='toggle-toggle-id-25' role='region' class='toggle_wrap  av-title-above'  ><div class='toggle_content invers-color '  itemprop=\"text\" ><p><em>Culture Montr\u00e9al est une organisation ind\u00e9pendante et sans but lucratif, rassemblant toute personne int\u00e9ress\u00e9e \u00e0 promouvoir la culture comme \u00e9l\u00e9ment essentiel du d\u00e9veloppement de Montr\u00e9al.<\/em><\/p>\n<p>Culture Montr\u00e9al is an independent, non-profit organization bringing together all those interested in promoting culture as an essential part of Montreal\u2019s development.<\/p>\n<p><strong>Links:<\/strong><\/p>\n<ul>\n<li><strong><a href=\"http:\/\/culturemontreal.ca\/\" target=\"_blank\" rel=\"noopener noreferrer\">Culture Montreal website.<\/a> <\/strong><\/li>\n<\/ul>\n<\/div><\/div><\/div><\/section>\n<section class='av_toggle_section av-871tf3-cc4af19d5f7c059e566c8fdefa246333'  itemscope=\"itemscope\" itemtype=\"https:\/\/schema.org\/CreativeWork\" ><div role=\"tablist\" class=\"single_toggle\" data-tags=\"{All} \"  ><p id='toggle-toggle-id-26' data-fake-id='#toggle-id-26' class='toggler  av-title-above '  itemprop=\"headline\"  role='tab' tabindex='0' aria-controls='toggle-id-26' data-slide-speed=\"200\" data-title=\"Culture Pour Tous\" data-title-open=\"\" data-aria_collapsed=\"Click to expand: Culture Pour Tous\" data-aria_expanded=\"Click to collapse: Culture Pour Tous\">Culture Pour Tous<span class=\"toggle_icon\"><span class=\"vert_icon\"><\/span><span class=\"hor_icon\"><\/span><\/span><\/p><div id='toggle-id-26' aria-labelledby='toggle-toggle-id-26' role='region' class='toggle_wrap  av-title-above'  ><div class='toggle_content invers-color '  itemprop=\"text\" ><p>Culture pour tous is a charity and a non-profit organization. Mission: to help ensure that the arts and culture are recognized as essential aspects of individual and collective development by promoting citizen participation in cultural life.<\/p>\n<p><em>Culture pour tous est un organisme \u00e0 but non lucratif enregistr\u00e9 comme organisme de bienfaisance. Mission: Faire reconna\u00eetre les arts et la culture comme facteurs essentiels d\u2019\u00e9panouissement par des programmes de sensibilisation et d\u2019\u00e9ducation favorisant la participation des citoyens. <\/em><\/p>\n<p><strong>Links:<\/strong><\/p>\n<ul>\n<li><strong><a href=\"http:\/\/www.culturepourtous.ca\/\" target=\"_blank\" rel=\"noopener noreferrer\">Culture Pour Tous website.<\/a> <\/strong><\/li>\n<\/ul>\n<\/div><\/div><\/div><\/section>\n<section class='av_toggle_section av-6efuun-bc2e4ae960f7403a65fc8c25af3a7cf7'  itemscope=\"itemscope\" itemtype=\"https:\/\/schema.org\/CreativeWork\" ><div role=\"tablist\" class=\"single_toggle\" data-tags=\"{All} \"  ><p id='toggle-toggle-id-27' data-fake-id='#toggle-id-27' class='toggler  av-title-above '  itemprop=\"headline\"  role='tab' tabindex='0' aria-controls='toggle-id-27' data-slide-speed=\"200\" data-title=\"DAM : Diversit\u00e9 artistique, Montr\u00e9al\" data-title-open=\"\" data-aria_collapsed=\"Click to expand: DAM : Diversit\u00e9 artistique, Montr\u00e9al\" data-aria_expanded=\"Click to collapse: DAM : Diversit\u00e9 artistique, Montr\u00e9al\">DAM : Diversit\u00e9 artistique, Montr\u00e9al<span class=\"toggle_icon\"><span class=\"vert_icon\"><\/span><span class=\"hor_icon\"><\/span><\/span><\/p><div id='toggle-id-27' aria-labelledby='toggle-toggle-id-27' role='region' class='toggle_wrap  av-title-above'  ><div class='toggle_content invers-color '  itemprop=\"text\" ><p>Since its creation in 2006, DAM has taken on the mission to promote cultural diversity in the arts by encouraging the recognition and inclusion of all artists in professional networks, cultural institutions and distribution channels in Montreal. Diversit\u00e9 artistique Montr\u00e9al (DAM) was established by the Delegation for Cultural Diversity Montreal,\u00a0 a group created in March 2004 following a day focused on cultural diversity in the arts organized by the Conseil des arts de Montr\u00e9al (CAM).<\/p>\n<p><strong>Links:<\/strong><\/p>\n<ul>\n<li><strong><a href=\"https:\/\/www.diversiteartistique.org\" target=\"_blank\" rel=\"noopener noreferrer\">DAM website<\/a> <\/strong><\/li>\n<li><em>Towards a cultural equity process: Consultation report on systemic racism in the arts, culture, and media sectors<\/em> (<a href=\"https:\/\/www.diversiteartistique.org\/pole-recherche\/consultation-sur-le-racisme-systemique-dans-les-arts-et-les-medias\/\" target=\"_blank\" rel=\"noopener\"><strong>full report in French only<\/strong><\/a> |\u00a0<a href=\"https:\/\/www.diversiteartistique.org\/pole-recherche\/consultation-on-systemic-racism-in-the-cultural-and-media-sector\/\" target=\"_blank\" rel=\"noopener\"><strong>summary available in English<\/strong><\/a>).<\/li>\n<\/ul>\n<\/div><\/div><\/div><\/section>\n<section class='av_toggle_section av-40y83j-4c2fa4b5f4b8bcd31d11dbeb3f9cdf2c'  itemscope=\"itemscope\" itemtype=\"https:\/\/schema.org\/CreativeWork\" ><div role=\"tablist\" class=\"single_toggle\" data-tags=\"{All} \"  ><p id='toggle-toggle-id-28' data-fake-id='#toggle-id-28' class='toggler  av-title-above '  itemprop=\"headline\"  role='tab' tabindex='0' aria-controls='toggle-id-28' data-slide-speed=\"200\" data-title=\"execo\" data-title-open=\"\" data-aria_collapsed=\"Click to expand: execo\" data-aria_expanded=\"Click to collapse: execo\">execo<span class=\"toggle_icon\"><span class=\"vert_icon\"><\/span><span class=\"hor_icon\"><\/span><\/span><\/p><div id='toggle-id-28' aria-labelledby='toggle-toggle-id-28' role='region' class='toggle_wrap  av-title-above'  ><div class='toggle_content invers-color '  itemprop=\"text\" ><p>Since 2006, execo has been using creativity (art and philosophy) for the social inclusion of people who experience(d) or are at risk of exclusion. execo uses both practical approaches of intellectual and cultural mediation, and systemic approaches inspired from social innovation, as motors of social transformation, to act positively on society, individually and collectively: intellectual emancipation, prevention of exclusion (homelessness, crime, suicide, drug addiction), citizen and cultural participation, inter-recognition, identity reinforcement, etc.<\/p>\n<p><strong>Links:<\/strong><\/p>\n<ul>\n<li><strong><a href=\"http:\/\/exeko.org\/\" target=\"_blank\" rel=\"noopener noreferrer\">execo website.<\/a> <\/strong><\/li>\n<\/ul>\n<\/div><\/div><\/div><\/section>\n<\/div><\/div>\n\n<style type=\"text\/css\" data-created_by=\"avia_inline_auto\" id=\"style-css-av-h18i8v-109-6175b5ffc96dbb9d04e846c60826cf3f\">\n.flex_column.av-h18i8v-109-6175b5ffc96dbb9d04e846c60826cf3f{\nborder-radius:0px 0px 0px 0px;\npadding:0px 0px 0px 0px;\n}\n<\/style>\n<div  class='flex_column av-h18i8v-109-6175b5ffc96dbb9d04e846c60826cf3f av_one_half  avia-builder-el-27  el_after_av_one_half  el_before_av_hr  flex_column_div av-zero-column-padding  '     ><div  class='togglecontainer av-k1iaw9td-108-c6b2e588a251b8ccd1e33693bb18792d av-minimal-toggle  avia-builder-el-28  avia-builder-el-no-sibling  toggle_close_all' >\n<section class='av_toggle_section av-51tdvj-de5d502bf141cdd18c606a344696a917'  itemscope=\"itemscope\" itemtype=\"https:\/\/schema.org\/CreativeWork\" ><div role=\"tablist\" class=\"single_toggle\" data-tags=\"{All} \"  ><p id='toggle-toggle-id-29' data-fake-id='#toggle-id-29' class='toggler  av-title-above '  itemprop=\"headline\"  role='tab' tabindex='0' aria-controls='toggle-id-29' data-slide-speed=\"200\" data-title=\"FNQLSDI : The First Nations of Quebec and Labrador Sustainable Development Institute\" data-title-open=\"\" data-aria_collapsed=\"Click to expand: FNQLSDI : The First Nations of Quebec and Labrador Sustainable Development Institute\" data-aria_expanded=\"Click to collapse: FNQLSDI : The First Nations of Quebec and Labrador Sustainable Development Institute\">FNQLSDI : The First Nations of Quebec and Labrador Sustainable Development Institute<span class=\"toggle_icon\"><span class=\"vert_icon\"><\/span><span class=\"hor_icon\"><\/span><\/span><\/p><div id='toggle-id-29' aria-labelledby='toggle-toggle-id-29' role='region' class='toggle_wrap  av-title-above'  ><div class='toggle_content invers-color '  itemprop=\"text\" ><p>FNQLSDI was created in 2000 by the Chiefs of the Assembly of First Nations Quebec-Labrador (AFNQL). Its mission is to offer First Nations a dynamic service hub, supporting their actions towards maintaining healthy territories and resources, developing sustainable communities and promoting the recognition of their rights.<\/p>\n<p><strong>Links:<\/strong><\/p>\n<ul>\n<li><strong><a href=\"http:\/\/fnqlsdi.ca\/\" target=\"_blank\" rel=\"noopener noreferrer\">FNQLSDI website.<\/a> <\/strong><\/li>\n<\/ul>\n<\/div><\/div><\/div><\/section>\n<section class='av_toggle_section av-1cqbgu7-a62c7d3faaa257b663152aaad95ced07'  itemscope=\"itemscope\" itemtype=\"https:\/\/schema.org\/CreativeWork\" ><div role=\"tablist\" class=\"single_toggle\" data-tags=\"{All} \"  ><p id='toggle-toggle-id-30' data-fake-id='#toggle-id-30' class='toggler  av-title-above '  itemprop=\"headline\"  role='tab' tabindex='0' aria-controls='toggle-id-30' data-slide-speed=\"200\" data-title=\"IMAA : The Independent Media Arts Alliance\" data-title-open=\"\" data-aria_collapsed=\"Click to expand: IMAA : The Independent Media Arts Alliance\" data-aria_expanded=\"Click to collapse: IMAA : The Independent Media Arts Alliance\">IMAA : The Independent Media Arts Alliance<span class=\"toggle_icon\"><span class=\"vert_icon\"><\/span><span class=\"hor_icon\"><\/span><\/span><\/p><div id='toggle-id-30' aria-labelledby='toggle-toggle-id-30' role='region' class='toggle_wrap  av-title-above'  ><div class='toggle_content invers-color '  itemprop=\"text\" ><p>IMAA is a member-driven non-profit national organization working to advance and strengthen the media arts community in Canada.\u00a0 Representing over 100 independent film, video, audio, and new media production, distribution, and exhibition organizations in all parts of the country, the IMAA serves over 16,000 independent media artists and cultural workers.<\/p>\n<p><strong>Links:<\/strong><\/p>\n<ul>\n<li><strong><a href=\"http:\/\/www.imaa.ca\" target=\"_blank\" rel=\"noopener noreferrer\">IMAA website.<\/a> <\/strong><\/li>\n<\/ul>\n<\/div><\/div><\/div><\/section>\n<section class='av_toggle_section av-1az6nun-289a493fc207fa73605cb8ddb720061b'  itemscope=\"itemscope\" itemtype=\"https:\/\/schema.org\/CreativeWork\" ><div role=\"tablist\" class=\"single_toggle\" data-tags=\"{All} \"  ><p id='toggle-toggle-id-31' data-fake-id='#toggle-id-31' class='toggler  av-title-above '  itemprop=\"headline\"  role='tab' tabindex='0' aria-controls='toggle-id-31' data-slide-speed=\"200\" data-title=\"NIMAC : National Indigenous Media Arts Coalition\" data-title-open=\"\" data-aria_collapsed=\"Click to expand: NIMAC : National Indigenous Media Arts Coalition\" data-aria_expanded=\"Click to collapse: NIMAC : National Indigenous Media Arts Coalition\">NIMAC : National Indigenous Media Arts Coalition<span class=\"toggle_icon\"><span class=\"vert_icon\"><\/span><span class=\"hor_icon\"><\/span><\/span><\/p><div id='toggle-id-31' aria-labelledby='toggle-toggle-id-31' role='region' class='toggle_wrap  av-title-above'  ><div class='toggle_content invers-color '  itemprop=\"text\" ><p>NIMAC is a permanent region within the structure of the<strong> <a href=\"http:\/\/www.imaa.ca\/\" target=\"_blank\" rel=\"noopener noreferrer\">Independent Media Arts Alliance<\/a><\/strong> (IMAA), a non-profit national organization working to advance the media arts community in Canada and representing 80+ independent media arts organizations across the country. NIMAC acts as the Indigenous arm of the IMAA. The National Indigenous Media Arts Coalition\u2019s (NIMAC) priority is to support, promote, and advocate for Indigenous media artists and arts organizations within the context of Canadian media arts practices. We connect Indigenous artists to not-for-profit arts organizations on a national scale.<\/p>\n<p><strong>Links:<\/strong><\/p>\n<ul>\n<li><strong><a href=\"http:\/\/nationalimac.org\/\" target=\"_blank\" rel=\"noopener noreferrer\">NIMAC website.<\/a> <\/strong><\/li>\n<\/ul>\n<\/div><\/div><\/div><\/section>\n<section class='av_toggle_section av-19nj4lb-70f47154ed434411d499bd10401e614e'  itemscope=\"itemscope\" itemtype=\"https:\/\/schema.org\/CreativeWork\" ><div role=\"tablist\" class=\"single_toggle\" data-tags=\"{All} \"  ><p id='toggle-toggle-id-32' data-fake-id='#toggle-id-32' class='toggler  av-title-above '  itemprop=\"headline\"  role='tab' tabindex='0' aria-controls='toggle-id-32' data-slide-speed=\"200\" data-title=\"QCGN : Quebec Community Groups Network\" data-title-open=\"\" data-aria_collapsed=\"Click to expand: QCGN : Quebec Community Groups Network\" data-aria_expanded=\"Click to collapse: QCGN : Quebec Community Groups Network\">QCGN : Quebec Community Groups Network<span class=\"toggle_icon\"><span class=\"vert_icon\"><\/span><span class=\"hor_icon\"><\/span><\/span><\/p><div id='toggle-id-32' aria-labelledby='toggle-toggle-id-32' role='region' class='toggle_wrap  av-title-above'  ><div class='toggle_content invers-color '  itemprop=\"text\" ><p>Founded in 1995, the Quebec Community Groups Network (QCGN) is a not-for-profit organization linking more than 50 English-language community organizations across Quebec.<\/p>\n<p><strong>Links:<\/strong><\/p>\n<ul>\n<li><strong><a href=\"http:\/\/www.qcgn.ca\/\" target=\"_blank\" rel=\"noopener noreferrer\">QCGN website.<\/a> <\/strong><\/li>\n<\/ul>\n<\/div><\/div><\/div><\/section>\n<section class='av_toggle_section av-17swxpr-f1947d93cedc83e244ada52c006a1083'  itemscope=\"itemscope\" itemtype=\"https:\/\/schema.org\/CreativeWork\" ><div role=\"tablist\" class=\"single_toggle\" data-tags=\"{All} \"  ><p id='toggle-toggle-id-33' data-fake-id='#toggle-id-33' class='toggler  av-title-above '  itemprop=\"headline\"  role='tab' tabindex='0' aria-controls='toggle-id-33' data-slide-speed=\"200\" data-title=\"Reclaim Indigenous Arts\" data-title-open=\"\" data-aria_collapsed=\"Click to expand: Reclaim Indigenous Arts\" data-aria_expanded=\"Click to collapse: Reclaim Indigenous Arts\">Reclaim Indigenous Arts<span class=\"toggle_icon\"><span class=\"vert_icon\"><\/span><span class=\"hor_icon\"><\/span><\/span><\/p><div id='toggle-id-33' aria-labelledby='toggle-toggle-id-33' role='region' class='toggle_wrap  av-title-above'  ><div class='toggle_content invers-color '  itemprop=\"text\" ><p><span class=\"color_11\">Reclaim\u00a0Indigenous Arts\u00a0was created as an awareness campaign\u00a0and a Call to Action. <\/span><span class=\"color_11\">Reclaim is seeking supporters to END cultural appropriation in Canada. <span class=\"color_15\">One initiative of this campaign is to help secure work for the indigenous community by replacing knockoff objects with authentic Indigenous made products. Buy from the artists directly or from reputable Indigenous-owned or Indigenous-allied galleries and gift shops. <\/span><\/span><\/p>\n<p><strong>Links:<\/strong><\/p>\n<ul>\n<li><strong><a href=\"https:\/\/www.reclaimindigenousarts.com\/home\" target=\"_blank\" rel=\"noopener noreferrer\">Reclaim Indigenous Arts website.<\/a> <\/strong><\/li>\n<\/ul>\n<\/div><\/div><\/div><\/section>\n<section class='av_toggle_section av-1588ten-e85a756523b75d9d898e05f39c991ade'  itemscope=\"itemscope\" itemtype=\"https:\/\/schema.org\/CreativeWork\" ><div role=\"tablist\" class=\"single_toggle\" data-tags=\"{All} \"  ><p id='toggle-toggle-id-34' data-fake-id='#toggle-id-34' class='toggler  av-title-above '  itemprop=\"headline\"  role='tab' tabindex='0' aria-controls='toggle-id-34' data-slide-speed=\"200\" data-title=\"West Island Community Resource Centre\" data-title-open=\"\" data-aria_collapsed=\"Click to expand: West Island Community Resource Centre\" data-aria_expanded=\"Click to collapse: West Island Community Resource Centre\">West Island Community Resource Centre<span class=\"toggle_icon\"><span class=\"vert_icon\"><\/span><span class=\"hor_icon\"><\/span><\/span><\/p><div id='toggle-id-34' aria-labelledby='toggle-toggle-id-34' role='region' class='toggle_wrap  av-title-above'  ><div class='toggle_content invers-color '  itemprop=\"text\" ><p><span class=\"color_11\"><span class=\"color_15\">The West Island Community Resource Centre (CRC) is a non-profit organization dedicated to improving individual and collective well-being in the West Island. The CRC provides information and referral services to citizens, and in collaboration with its community partners, it aims to strengthen the development of the community sector.<br \/>\n<\/span><\/span><\/p>\n<p><strong>Links:<\/strong><\/p>\n<ul>\n<li><strong><a href=\"http:\/\/crcinfo.ca\/\" target=\"_blank\" rel=\"noopener noreferrer\">CRC website.<\/a> <\/strong><\/li>\n<\/ul>\n<\/div><\/div><\/div><\/section>\n<\/div><\/div>\n\n<style type=\"text\/css\" data-created_by=\"avia_inline_auto\" id=\"style-css-av-k1ii3mmd-111-d7f9c5b2a85af1747df1ea161a019764\">\n#top .hr.hr-invisible.av-k1ii3mmd-111-d7f9c5b2a85af1747df1ea161a019764{\nheight:25px;\n}\n<\/style>\n<div  class='hr av-k1ii3mmd-111-d7f9c5b2a85af1747df1ea161a019764 hr-invisible  avia-builder-el-29  el_after_av_one_half  el_before_av_button '><span class='hr-inner '><span class=\"hr-inner-style\"><\/span><\/span><\/div>\n<div  class='avia-button-wrap av-k1ii249i-110-157a882437e5851e201364335c212fcb-wrap avia-button-right  avia-builder-el-30  el_after_av_hr  el_before_av_heading '><a href='https:\/\/www.quebec-elan.org\/links\/#Index'  class='avia-button av-k1ii249i-110-157a882437e5851e201364335c212fcb av-link-btn avia-icon_select-yes-left-icon avia-size-medium avia-position-right avia-color-theme-color'   aria-label=\" Back to Index\"><span class='avia_button_icon avia_button_icon_left avia-iconfont avia-font-entypo-fontello' data-av_icon='\ue87e' data-av_iconfont='entypo-fontello' ><\/span><span class='avia_iconbox_title' > Back to Index<\/span><\/a><\/div>\n\n<style type=\"text\/css\" data-created_by=\"avia_inline_auto\" id=\"style-css-av-109eufj-2664dd3640594a38be15d76abf63533b\">\n#top .av-special-heading.av-109eufj-2664dd3640594a38be15d76abf63533b{\npadding-bottom:30px;\n}\nbody .av-special-heading.av-109eufj-2664dd3640594a38be15d76abf63533b .av-special-heading-tag .heading-char{\nfont-size:25px;\n}\n.av-special-heading.av-109eufj-2664dd3640594a38be15d76abf63533b .av-subheading{\nfont-size:15px;\n}\n<\/style>\n<div  id=\"Education\"  class='av-special-heading av-109eufj-2664dd3640594a38be15d76abf63533b av-special-heading-h1  avia-builder-el-31  el_after_av_button  el_before_av_one_half  av-linked-heading'><h1 class='av-special-heading-tag '  itemprop=\"headline\"  >Education<\/h1><div class=\"special-heading-border\"><div class=\"special-heading-inner-border\"><\/div><\/div><\/div>\n\n<style type=\"text\/css\" data-created_by=\"avia_inline_auto\" id=\"style-css-av-h18i8v-107-0cbcdc7d3e07408633d53cf2ac25a768\">\n.flex_column.av-h18i8v-107-0cbcdc7d3e07408633d53cf2ac25a768{\nborder-radius:0px 0px 0px 0px;\npadding:0px 0px 0px 0px;\n}\n<\/style>\n<div  class='flex_column av-h18i8v-107-0cbcdc7d3e07408633d53cf2ac25a768 av_one_half  avia-builder-el-32  el_after_av_heading  el_before_av_one_half  first flex_column_div av-zero-column-padding  '     ><div  class='togglecontainer av-k1iaw9td-106-74a36d58e4a888a10e9671ebc20485dd av-minimal-toggle  avia-builder-el-33  avia-builder-el-no-sibling  toggle_close_all' >\n<section class='av_toggle_section av-nbtvdb-a725d30da07e05186b2e820831db81c9'  itemscope=\"itemscope\" itemtype=\"https:\/\/schema.org\/CreativeWork\" ><div role=\"tablist\" class=\"single_toggle\" data-tags=\"{All} \"  ><p id='toggle-toggle-id-35' data-fake-id='#toggle-id-35' class='toggler  av-title-above '  itemprop=\"headline\"  role='tab' tabindex='0' aria-controls='toggle-id-35' data-slide-speed=\"200\" data-title=\"Point-Saint-Charles Art School\" data-title-open=\"\" data-aria_collapsed=\"Click to expand: Point-Saint-Charles Art School\" data-aria_expanded=\"Click to collapse: Point-Saint-Charles Art School\">Point-Saint-Charles Art School<span class=\"toggle_icon\"><span class=\"vert_icon\"><\/span><span class=\"hor_icon\"><\/span><\/span><\/p><div id='toggle-id-35' aria-labelledby='toggle-toggle-id-35' role='region' class='toggle_wrap  av-title-above'  ><div class='toggle_content invers-color '  itemprop=\"text\" ><p>The Pointe-Saint-Charles Art School is a non-profit fine arts school located at B\u00e2timent 7, serving Pointe-Saint-Charles and the Greater Montreal area.<\/p>\n<p><strong>Links:<\/strong><\/p>\n<ul>\n<li><strong><a href=\"https:\/\/pointestcharlesartschool.org\" target=\"_blank\" rel=\"noopener noreferrer\">Point-Saint-Charles Art School website.<\/a> <\/strong><\/li>\n<\/ul>\n<\/div><\/div><\/div><\/section>\n<section class='av_toggle_section av-zkxi1b-c0f37bf71d02f045788585b1f34488ed'  itemscope=\"itemscope\" itemtype=\"https:\/\/schema.org\/CreativeWork\" ><div role=\"tablist\" class=\"single_toggle\" data-tags=\"{All} \"  ><p id='toggle-toggle-id-36' data-fake-id='#toggle-id-36' class='toggler  av-title-above '  itemprop=\"headline\"  role='tab' tabindex='0' aria-controls='toggle-id-36' data-slide-speed=\"200\" data-title=\"QBBE : Quebec Board of Black Educators\" data-title-open=\"\" data-aria_collapsed=\"Click to expand: QBBE : Quebec Board of Black Educators\" data-aria_expanded=\"Click to collapse: QBBE : Quebec Board of Black Educators\">QBBE : Quebec Board of Black Educators<span class=\"toggle_icon\"><span class=\"vert_icon\"><\/span><span class=\"hor_icon\"><\/span><\/span><\/p><div id='toggle-id-36' aria-labelledby='toggle-toggle-id-36' role='region' class='toggle_wrap  av-title-above'  ><div class='toggle_content invers-color '  itemprop=\"text\" ><p>The QBBE is a not-for-profit community organization situated in the Notre-dame-de-grace borough (NDG). The QBBE has been the educational resource organization for the Black Community for the past 50 years. Thus it makes representation to the government, provides advocacy, research, program development, and knowledge dissemination about education issues impacting the Black Community. The primary aim of QBBE\u2019s programming is to improve academic deficiency among youth through remedial programs.<\/p>\n<p><strong>Links:<\/strong><\/p>\n<ul>\n<li><strong><a href=\"http:\/\/qbbe.ca\/\" target=\"_blank\" rel=\"noopener noreferrer\">QBBE website.<\/a> <\/strong><\/li>\n<\/ul>\n<\/div><\/div><\/div><\/section>\n<section class='av_toggle_section av-y02e1r-34f9779d2ff5482e89c4f619a7db7577'  itemscope=\"itemscope\" itemtype=\"https:\/\/schema.org\/CreativeWork\" ><div role=\"tablist\" class=\"single_toggle\" data-tags=\"{All} \"  ><p id='toggle-toggle-id-37' data-fake-id='#toggle-id-37' class='toggler  av-title-above '  itemprop=\"headline\"  role='tab' tabindex='0' aria-controls='toggle-id-37' data-slide-speed=\"200\" data-title=\"RQD Dancer Training Support Program\" data-title-open=\"\" data-aria_collapsed=\"Click to expand: RQD Dancer Training Support Program\" data-aria_expanded=\"Click to collapse: RQD Dancer Training Support Program\">RQD Dancer Training Support Program<span class=\"toggle_icon\"><span class=\"vert_icon\"><\/span><span class=\"hor_icon\"><\/span><\/span><\/p><div id='toggle-id-37' aria-labelledby='toggle-toggle-id-37' role='region' class='toggle_wrap  av-title-above'  ><div class='toggle_content invers-color '  itemprop=\"text\" ><p>The RQD Dancer Training Support Program has been helping dancers defray part of the cost of their regular training since 1994. Whether you are in a rehearsal period, a performance period, currently unemployed, the program offers direct financial assistance paid on presentation of your receipts.<\/p>\n<p><strong>Links:<\/strong><\/p>\n<ul>\n<li><strong><a href=\"https:\/\/www.quebecdanse.org\/en\/about\/training\/\" target=\"_blank\" rel=\"noopener noreferrer\">Dancer Training Support Program page<\/a><\/strong><\/li>\n<\/ul>\n<\/div><\/div><\/div><\/section>\n<section class='av_toggle_section av-wfspnz-03d30dbfb3c403c372ac807d7a61d444'  itemscope=\"itemscope\" itemtype=\"https:\/\/schema.org\/CreativeWork\" ><div role=\"tablist\" class=\"single_toggle\" data-tags=\"{All} \"  ><p id='toggle-toggle-id-38' data-fake-id='#toggle-id-38' class='toggler  av-title-above '  itemprop=\"headline\"  role='tab' tabindex='0' aria-controls='toggle-id-38' data-slide-speed=\"200\" data-title=\"Schools Host an Artist or Writer\" data-title-open=\"\" data-aria_collapsed=\"Click to expand: Schools Host an Artist or Writer\" data-aria_expanded=\"Click to collapse: Schools Host an Artist or Writer\">Schools Host an Artist or Writer<span class=\"toggle_icon\"><span class=\"vert_icon\"><\/span><span class=\"hor_icon\"><\/span><\/span><\/p><div id='toggle-id-38' aria-labelledby='toggle-toggle-id-38' role='region' class='toggle_wrap  av-title-above'  ><div class='toggle_content invers-color '  itemprop=\"text\" ><p>This component of the Government of Qu\u00e9bec\u2019s <em>Culture in the Schools<\/em> program allows students to participate, for an extended period of 4 to 12 weeks, in a project involving artistic exploration. It also offers professional artists or writers an opportunity to spend time in the school environment and to find inspiration there for their own creative pursuits.<\/p>\n<p><strong>Links:<\/strong><\/p>\n<ul>\n<li><strong><a href=\"http:\/\/www.education.gouv.qc.ca\/en\/contenus-communs\/teachers\/culture-education\/culture-in-the-schools-program\/schools-host-an-artist-or-writer\/\" target=\"_blank\" rel=\"noopener noreferrer\">Program page on Culture in the Schools website.<\/a> <\/strong><\/li>\n<\/ul>\n<\/div><\/div><\/div><\/section>\n<section class='av_toggle_section av-udd3m7-9ced45e91a18172960f109b1350f9877'  itemscope=\"itemscope\" itemtype=\"https:\/\/schema.org\/CreativeWork\" ><div role=\"tablist\" class=\"single_toggle\" data-tags=\"{All} \"  ><p id='toggle-toggle-id-39' data-fake-id='#toggle-id-39' class='toggler  av-title-above '  itemprop=\"headline\"  role='tab' tabindex='0' aria-controls='toggle-id-39' data-slide-speed=\"200\" data-title=\"Thomas More Institute\" data-title-open=\"\" data-aria_collapsed=\"Click to expand: Thomas More Institute\" data-aria_expanded=\"Click to collapse: Thomas More Institute\">Thomas More Institute<span class=\"toggle_icon\"><span class=\"vert_icon\"><\/span><span class=\"hor_icon\"><\/span><\/span><\/p><div id='toggle-id-39' aria-labelledby='toggle-toggle-id-39' role='region' class='toggle_wrap  av-title-above'  ><div class='toggle_content invers-color '  itemprop=\"text\" ><p>T<span class=\"white-text\">he Thomas More Institute has been providing adults with stimulating lifelong and life-wide learning opportunities since 1945. A secular non-profit academic institution, it offers an ever-evolving choice of university-level courses in the liberal arts. Its affiliation with Bishop\u2019s University provides students, who so choose, the option of earning a Bachelor of Arts degree.<\/span><\/p>\n<p><strong>Links:<\/strong><\/p>\n<ul>\n<li><strong><a href=\"https:\/\/thomasmore.qc.ca\" target=\"_blank\" rel=\"noopener noreferrer\">Thomas More Institute website.<\/a> <\/strong><\/li>\n<\/ul>\n<\/div><\/div><\/div><\/section>\n<section class='av_toggle_section av-sosgj3-fa93c34375587d7a647923bc7d76000f'  itemscope=\"itemscope\" itemtype=\"https:\/\/schema.org\/CreativeWork\" ><div role=\"tablist\" class=\"single_toggle\" data-tags=\"{All} \"  ><p id='toggle-toggle-id-40' data-fake-id='#toggle-id-40' class='toggler  av-title-above '  itemprop=\"headline\"  role='tab' tabindex='0' aria-controls='toggle-id-40' data-slide-speed=\"200\" data-title=\"University of the Streets Caf\u00e9\" data-title-open=\"\" data-aria_collapsed=\"Click to expand: University of the Streets Caf\u00e9\" data-aria_expanded=\"Click to collapse: University of the Streets Caf\u00e9\">University of the Streets Caf\u00e9<span class=\"toggle_icon\"><span class=\"vert_icon\"><\/span><span class=\"hor_icon\"><\/span><\/span><\/p><div id='toggle-id-40' aria-labelledby='toggle-toggle-id-40' role='region' class='toggle_wrap  av-title-above'  ><div class='toggle_content invers-color '  itemprop=\"text\" ><p><span class=\"white-text\">University of the Streets Caf\u00e9 is a program of the <strong><a href=\"http:\/\/www.concordia.ca\/offices\/oce.html#content-main_wysiwyg\">Office of Community Engagement<\/a><\/strong> at Concordia University. It organizes bilingual, public conversations in caf\u00e9s and community spaces across Montreal.<\/span><\/p>\n<p><strong>Links:<\/strong><\/p>\n<ul>\n<li><strong><a href=\"http:\/\/www.concordia.ca\/about\/community\/initiatives\/streets-cafe.html\" target=\"_blank\" rel=\"noopener noreferrer\"><span class=\"white-text\">University of the Streets Caf\u00e9<\/span> website.<\/a> <\/strong><\/li>\n<\/ul>\n<\/div><\/div><\/div><\/section>\n<section class='av_toggle_section av-rpuygv-01af795270df76cab4224cb2e53fa185'  itemscope=\"itemscope\" itemtype=\"https:\/\/schema.org\/CreativeWork\" ><div role=\"tablist\" class=\"single_toggle\" data-tags=\"{All} \"  ><p id='toggle-toggle-id-41' data-fake-id='#toggle-id-41' class='toggler  av-title-above '  itemprop=\"headline\"  role='tab' tabindex='0' aria-controls='toggle-id-41' data-slide-speed=\"200\" data-title=\"WIWC : West Island Women\u2019s Centre Free Seminars\" data-title-open=\"\" data-aria_collapsed=\"Click to expand: WIWC : West Island Women\u2019s Centre Free Seminars\" data-aria_expanded=\"Click to collapse: WIWC : West Island Women\u2019s Centre Free Seminars\">WIWC : West Island Women\u2019s Centre Free Seminars<span class=\"toggle_icon\"><span class=\"vert_icon\"><\/span><span class=\"hor_icon\"><\/span><\/span><\/p><div id='toggle-id-41' aria-labelledby='toggle-toggle-id-41' role='region' class='toggle_wrap  av-title-above'  ><div class='toggle_content invers-color '  itemprop=\"text\" ><p><span class=\"white-text\">Offered once or twice a month, WIWC\u2019s Tuesday afternoon seminars are free and open to all.<\/span><\/p>\n<p><strong>Links:<\/strong><\/p>\n<ul>\n<li><strong><a href=\"https:\/\/wiwc.ca\/programs\/seminars\/\" target=\"_blank\" rel=\"noopener noreferrer\"><span class=\"white-text\">S<\/span>eminar info on WIWC website.<\/a> <\/strong><\/li>\n<\/ul>\n<\/div><\/div><\/div><\/section>\n<\/div><\/div>\n\n<style type=\"text\/css\" data-created_by=\"avia_inline_auto\" id=\"style-css-av-l4cjwve2-19db8eb8cf9ac0b0bb60625f9988f773\">\n.flex_column.av-l4cjwve2-19db8eb8cf9ac0b0bb60625f9988f773{\nborder-radius:0px 0px 0px 0px;\npadding:0px 0px 0px 0px;\n}\n<\/style>\n<div  class='flex_column av-l4cjwve2-19db8eb8cf9ac0b0bb60625f9988f773 av_one_half  avia-builder-el-34  el_after_av_one_half  el_before_av_hr  flex_column_div av-zero-column-padding  '     ><style type=\"text\/css\" data-created_by=\"avia_inline_auto\" id=\"style-css-av-l4cjycg8-f1e8a9c0d46c60b38d66a2775810ee35\">\n.avia-image-container.av-l4cjycg8-f1e8a9c0d46c60b38d66a2775810ee35 img.avia_image{\nbox-shadow:none;\n}\n.avia-image-container.av-l4cjycg8-f1e8a9c0d46c60b38d66a2775810ee35 .av-image-caption-overlay-center{\ncolor:#ffffff;\n}\n<\/style>\n<div  class='avia-image-container av-l4cjycg8-f1e8a9c0d46c60b38d66a2775810ee35 av-styling- avia-align-center  avia-builder-el-35  avia-builder-el-no-sibling '   itemprop=\"image\" itemscope=\"itemscope\" itemtype=\"https:\/\/schema.org\/ImageObject\" ><div class=\"avia-image-container-inner\"><div class=\"avia-image-overlay-wrap\"><img fetchpriority=\"high\" decoding=\"async\" fetchpriority=\"high\" fetchpriority=\"high\" class='wp-image-42113 avia-img-lazy-loading-not-42113 avia_image ' src=\"https:\/\/www.quebec-elan.org\/wp-content\/uploads\/2022\/06\/2015-16-600.jpg\" alt='Art Educator in a classroom with 3 students' title='2015-16-600'  height=\"600\" width=\"900\"  itemprop=\"thumbnailUrl\" srcset=\"https:\/\/www.quebec-elan.org\/wp-content\/uploads\/2022\/06\/2015-16-600.jpg 900w, https:\/\/www.quebec-elan.org\/wp-content\/uploads\/2022\/06\/2015-16-600-600x400.jpg 600w, https:\/\/www.quebec-elan.org\/wp-content\/uploads\/2022\/06\/2015-16-600-300x200.jpg 300w, https:\/\/www.quebec-elan.org\/wp-content\/uploads\/2022\/06\/2015-16-600-768x512.jpg 768w, https:\/\/www.quebec-elan.org\/wp-content\/uploads\/2022\/06\/2015-16-600-705x470.jpg 705w\" sizes=\"(max-width: 900px) 100vw, 900px\" \/><\/div><\/div><\/div><\/div>\n\n<style type=\"text\/css\" data-created_by=\"avia_inline_auto\" id=\"style-css-av-k1ii3mmd-94-96f7875d5f14a034ee07656d31d48740\">\n#top .hr.hr-invisible.av-k1ii3mmd-94-96f7875d5f14a034ee07656d31d48740{\nheight:25px;\n}\n<\/style>\n<div  class='hr av-k1ii3mmd-94-96f7875d5f14a034ee07656d31d48740 hr-invisible  avia-builder-el-36  el_after_av_one_half  el_before_av_button '><span class='hr-inner '><span class=\"hr-inner-style\"><\/span><\/span><\/div>\n<div  class='avia-button-wrap av-k1ii249i-104-f8436021992a3cd738aa491a0a66295a-wrap avia-button-right  avia-builder-el-37  el_after_av_hr  el_before_av_heading '><a href='https:\/\/www.quebec-elan.org\/links\/#Index'  class='avia-button av-k1ii249i-104-f8436021992a3cd738aa491a0a66295a av-link-btn avia-icon_select-yes-left-icon avia-size-medium avia-position-right avia-color-theme-color'   aria-label=\" Back to Index\"><span class='avia_button_icon avia_button_icon_left avia-iconfont avia-font-entypo-fontello' data-av_icon='\ue87e' data-av_iconfont='entypo-fontello' ><\/span><span class='avia_iconbox_title' > Back to Index<\/span><\/a><\/div>\n\n<style type=\"text\/css\" data-created_by=\"avia_inline_auto\" id=\"style-css-av-3c8b27-f9f8abf35c45a6306f1d479b5b470199\">\n#top .av-special-heading.av-3c8b27-f9f8abf35c45a6306f1d479b5b470199{\npadding-bottom:30px;\n}\nbody .av-special-heading.av-3c8b27-f9f8abf35c45a6306f1d479b5b470199 .av-special-heading-tag .heading-char{\nfont-size:25px;\n}\n.av-special-heading.av-3c8b27-f9f8abf35c45a6306f1d479b5b470199 .av-subheading{\nfont-size:15px;\n}\n<\/style>\n<div  id=\"FundingGrants\"  class='av-special-heading av-3c8b27-f9f8abf35c45a6306f1d479b5b470199 av-special-heading-h1  avia-builder-el-38  el_after_av_button  el_before_av_one_half  av-linked-heading'><h1 class='av-special-heading-tag '  itemprop=\"headline\"  >Funding <span class='special_amp'>&amp;<\/span> Grants<\/h1><div class=\"special-heading-border\"><div class=\"special-heading-inner-border\"><\/div><\/div><\/div>\n\n<style type=\"text\/css\" data-created_by=\"avia_inline_auto\" id=\"style-css-av-h18i8v-93-facc109d508cb6778cb4a7d8bbc1804c\">\n.flex_column.av-h18i8v-93-facc109d508cb6778cb4a7d8bbc1804c{\nborder-radius:0px 0px 0px 0px;\npadding:0px 0px 0px 0px;\n}\n<\/style>\n<div  class='flex_column av-h18i8v-93-facc109d508cb6778cb4a7d8bbc1804c av_one_half  avia-builder-el-39  el_after_av_heading  el_before_av_one_half  first flex_column_div av-zero-column-padding  '     ><div  class='togglecontainer av-k1iaw9td-92-eadf5130c25def7f3d963eaea86920c1 av-minimal-toggle  avia-builder-el-40  avia-builder-el-no-sibling  toggle_close_all' >\n<section class='av_toggle_section av-q5ys73-da9adb045273b2d1f6db72e5e1eaa870'  itemscope=\"itemscope\" itemtype=\"https:\/\/schema.org\/CreativeWork\" ><div role=\"tablist\" class=\"single_toggle\" data-tags=\"{All} \"  ><p id='toggle-toggle-id-42' data-fake-id='#toggle-id-42' class='toggler  av-title-above '  itemprop=\"headline\"  role='tab' tabindex='0' aria-controls='toggle-id-42' data-slide-speed=\"200\" data-title=\"CALQ : Conseil des arts et des lettres du Qu\u00e9bec\" data-title-open=\"\" data-aria_collapsed=\"Click to expand: CALQ : Conseil des arts et des lettres du Qu\u00e9bec\" data-aria_expanded=\"Click to collapse: CALQ : Conseil des arts et des lettres du Qu\u00e9bec\">CALQ : Conseil des arts et des lettres du Qu\u00e9bec<span class=\"toggle_icon\"><span class=\"vert_icon\"><\/span><span class=\"hor_icon\"><\/span><\/span><\/p><div id='toggle-id-42' aria-labelledby='toggle-toggle-id-42' role='region' class='toggle_wrap  av-title-above'  ><div class='toggle_content invers-color '  itemprop=\"text\" ><p>Conseil des arts et des lettres du Qu\u00e9bec (CALQ) supports, throughout Qu\u00e9bec, creation, experimentation, production and dissemination in the realms of the visual arts, the arts and crafts, literature, the performing arts, the multidisciplinary arts, cinema and video, the digital arts and architectural research. CALQ also seeks to broaden the influence of artists, writers, arts organizations and their works in Qu\u00e9bec, Canada and abroad.<\/p>\n<p><em>Dans une perspective de d\u00e9veloppement culturel, le Conseil des arts et des lettres du Qu\u00e9bec a pour mission de soutenir, dans toutes les r\u00e9gions du Qu\u00e9bec, la cr\u00e9ation artistique et litt\u00e9raire, l\u2019exp\u00e9rimentation, la production et la diffusion. Les domaines dans lesquels le Conseil exerce ses attributions sont la litt\u00e9rature et le conte, les arts de la sc\u00e8ne (th\u00e9\u00e2tre, danse, musique, chanson, arts du cirque), les arts multidisciplinaires, les arts m\u00e9diatiques (arts num\u00e9riques, cin\u00e9ma et vid\u00e9o), les arts visuels, les m\u00e9tiers d\u2019art ainsi que la recherche architecturale. Le Conseil soutient \u00e9galement le rayonnement des artistes, des \u00e9crivains, des organismes artistiques et de leurs \u0153uvres, que ce soit au Qu\u00e9bec, ailleurs au Canada ou \u00e0 l\u2019\u00e9tranger. <\/em><\/p>\n<p><strong>Links:<\/strong><\/p>\n<ul>\n<li><strong><a href=\"https:\/\/www.calq.gouv.qc.ca\/en\/\" target=\"_blank\" rel=\"noopener noreferrer\">CALQ website.<\/a> <\/strong><\/li>\n<\/ul>\n<\/div><\/div><\/div><\/section>\n<section class='av_toggle_section av-necqz3-1ba8ad1190d1a1e52437d5ca87b0eb7e'  itemscope=\"itemscope\" itemtype=\"https:\/\/schema.org\/CreativeWork\" ><div role=\"tablist\" class=\"single_toggle\" data-tags=\"{All} \"  ><p id='toggle-toggle-id-43' data-fake-id='#toggle-id-43' class='toggler  av-title-above '  itemprop=\"headline\"  role='tab' tabindex='0' aria-controls='toggle-id-43' data-slide-speed=\"200\" data-title=\"CAM : Conseil des arts de Montr\u00e9al\" data-title-open=\"\" data-aria_collapsed=\"Click to expand: CAM : Conseil des arts de Montr\u00e9al\" data-aria_expanded=\"Click to collapse: CAM : Conseil des arts de Montr\u00e9al\">CAM : Conseil des arts de Montr\u00e9al<span class=\"toggle_icon\"><span class=\"vert_icon\"><\/span><span class=\"hor_icon\"><\/span><\/span><\/p><div id='toggle-id-43' aria-labelledby='toggle-toggle-id-43' role='region' class='toggle_wrap  av-title-above'  ><div class='toggle_content invers-color '  itemprop=\"text\" ><p>The Conseil identifies, supports and recognizes artistic excellence. Through its subsidy programs, operating grants, residencies, mobilization activities and awards\u2014including the Grand Prix du Conseil des arts de Montr\u00e9al\u2014the Conseil is the proud partner of nearly 500 Montreal cultural profesionnal organizations and collectives.<\/p>\n<p><em>Le Conseil rep\u00e8re, accompagne, soutient et reconna\u00eet l\u2019excellence artistique. Par ses programmes de subventions, d\u2019aide au fonctionnement, de tourn\u00e9es, de r\u00e9sidences, ses prix, comme le Grand Prix du Conseil des arts de Montr\u00e9al et un ensemble d\u2019initiatives mobilisatrices, le Conseil est aujourd\u2019hui le partenaire dynamique de pr\u00e8s de 500 organismes et collectifs artistiques professionnels montr\u00e9alais.<\/em><\/p>\n<p><strong>Links:<\/strong><\/p>\n<ul>\n<li><strong><a href=\"https:\/\/www.artsmontreal.org\/en\" target=\"_blank\" rel=\"noopener noreferrer\">CAM website.<\/a> <\/strong><\/li>\n<\/ul>\n<\/div><\/div><\/div><\/section>\n<section class='av_toggle_section av-lvdsov-83c3e5ac186f1f38e47ffefa94de2c36'  itemscope=\"itemscope\" itemtype=\"https:\/\/schema.org\/CreativeWork\" ><div role=\"tablist\" class=\"single_toggle\" data-tags=\"{All} \"  ><p id='toggle-toggle-id-44' data-fake-id='#toggle-id-44' class='toggler  av-title-above '  itemprop=\"headline\"  role='tab' tabindex='0' aria-controls='toggle-id-44' data-slide-speed=\"200\" data-title=\"Canada Council for the Arts\" data-title-open=\"\" data-aria_collapsed=\"Click to expand: Canada Council for the Arts\" data-aria_expanded=\"Click to collapse: Canada Council for the Arts\">Canada Council for the Arts<span class=\"toggle_icon\"><span class=\"vert_icon\"><\/span><span class=\"hor_icon\"><\/span><\/span><\/p><div id='toggle-id-44' aria-labelledby='toggle-toggle-id-44' role='region' class='toggle_wrap  av-title-above'  ><div class='toggle_content invers-color '  itemprop=\"text\" ><p>The Canada Council for the Arts is Canada\u2019s public arts funder, with a mandate to foster and promote the study and enjoyment of, and the production of works in, the arts.<\/p>\n<p><strong>Links:<\/strong><\/p>\n<ul>\n<li><strong><a href=\"http:\/\/canadacouncil.ca\/\" target=\"_blank\" rel=\"noopener noreferrer\">Canada Council for the Arts website.<\/a> <\/strong><\/li>\n<\/ul>\n<\/div><\/div><\/div><\/section>\n<section class='av_toggle_section av-km22en-cf360f45d3c6ac9d282c75dcdfd33d57'  itemscope=\"itemscope\" itemtype=\"https:\/\/schema.org\/CreativeWork\" ><div role=\"tablist\" class=\"single_toggle\" data-tags=\"{All} \"  ><p id='toggle-toggle-id-45' data-fake-id='#toggle-id-45' class='toggler  av-title-above '  itemprop=\"headline\"  role='tab' tabindex='0' aria-controls='toggle-id-45' data-slide-speed=\"200\" data-title=\"Canada Media Fund\" data-title-open=\"\" data-aria_collapsed=\"Click to expand: Canada Media Fund\" data-aria_expanded=\"Click to collapse: Canada Media Fund\">Canada Media Fund<span class=\"toggle_icon\"><span class=\"vert_icon\"><\/span><span class=\"hor_icon\"><\/span><\/span><\/p><div id='toggle-id-45' aria-labelledby='toggle-toggle-id-45' role='region' class='toggle_wrap  av-title-above'  ><div class='toggle_content invers-color '  itemprop=\"text\" ><p>The Canada Media Fund (CMF) fosters, promotes, develops and finances the production of Canadian content and relevant applications for all audiovisual media platforms.<\/p>\n<p><strong>Links:<\/strong><\/p>\n<ul>\n<li><strong><a href=\"http:\/\/www.cmf-fmc.ca\/\" target=\"_blank\" rel=\"noopener noreferrer\">CMF website.<\/a> <\/strong><\/li>\n<\/ul>\n<\/div><\/div><\/div><\/section>\n<section class='av_toggle_section av-iq9v6n-fe4a9053d07ea2ad6641cade33a740d6'  itemscope=\"itemscope\" itemtype=\"https:\/\/schema.org\/CreativeWork\" ><div role=\"tablist\" class=\"single_toggle\" data-tags=\"{All} \"  ><p id='toggle-toggle-id-46' data-fake-id='#toggle-id-46' class='toggler  av-title-above '  itemprop=\"headline\"  role='tab' tabindex='0' aria-controls='toggle-id-46' data-slide-speed=\"200\" data-title=\"ELAN\u2019s Grant Writing Resources\" data-title-open=\"\" data-aria_collapsed=\"Click to expand: ELAN\u2019s Grant Writing Resources\" data-aria_expanded=\"Click to collapse: ELAN\u2019s Grant Writing Resources\">ELAN\u2019s Grant Writing Resources<span class=\"toggle_icon\"><span class=\"vert_icon\"><\/span><span class=\"hor_icon\"><\/span><\/span><\/p><div id='toggle-id-46' aria-labelledby='toggle-toggle-id-46' role='region' class='toggle_wrap  av-title-above'  ><div class='toggle_content invers-color '  itemprop=\"text\" ><p>Grant writing resources, workshop FAQs, CALQ information session notes, audio and session slides.<\/p>\n<p><strong>Links:<\/strong><\/p>\n<ul>\n<li><strong><a href=\"https:\/\/www.quebec-elan.org\/tag\/grant-writing\/\" target=\"_blank\" rel=\"noopener noreferrer\">ELAN Grant Writing Resources.<\/a> <\/strong><\/li>\n<\/ul>\n<\/div><\/div><\/div><\/section>\n<\/div><\/div>\n\n<style type=\"text\/css\" data-created_by=\"avia_inline_auto\" id=\"style-css-av-h18i8v-89-3bba537059c19ce592025bd01e0af6e4\">\n.flex_column.av-h18i8v-89-3bba537059c19ce592025bd01e0af6e4{\nborder-radius:0px 0px 0px 0px;\npadding:0px 0px 0px 0px;\n}\n<\/style>\n<div  class='flex_column av-h18i8v-89-3bba537059c19ce592025bd01e0af6e4 av_one_half  avia-builder-el-41  el_after_av_one_half  el_before_av_hr  flex_column_div av-zero-column-padding  '     ><div  class='togglecontainer av-k1iaw9td-88-0d2a2e95171b0d77534770927b1b1caf av-minimal-toggle  avia-builder-el-42  avia-builder-el-no-sibling  toggle_close_all' >\n<section class='av_toggle_section av-hg6hj3-42934890777fbc5e4849e84b46411b0e'  itemscope=\"itemscope\" itemtype=\"https:\/\/schema.org\/CreativeWork\" ><div role=\"tablist\" class=\"single_toggle\" data-tags=\"{All} \"  ><p id='toggle-toggle-id-47' data-fake-id='#toggle-id-47' class='toggler  av-title-above '  itemprop=\"headline\"  role='tab' tabindex='0' aria-controls='toggle-id-47' data-slide-speed=\"200\" data-title=\"FACTOR : The Foundation Assisting Canadian Talent on Recordings\" data-title-open=\"\" data-aria_collapsed=\"Click to expand: FACTOR : The Foundation Assisting Canadian Talent on Recordings\" data-aria_expanded=\"Click to collapse: FACTOR : The Foundation Assisting Canadian Talent on Recordings\">FACTOR : The Foundation Assisting Canadian Talent on Recordings<span class=\"toggle_icon\"><span class=\"vert_icon\"><\/span><span class=\"hor_icon\"><\/span><\/span><\/p><div id='toggle-id-47' aria-labelledby='toggle-toggle-id-47' role='region' class='toggle_wrap  av-title-above'  ><div class='toggle_content invers-color '  itemprop=\"text\" ><p><span class=\"s1\">FACTOR (The Foundation Assisting Canadian Talent on Recordings) is a public\/private partnership that supports the production of sound recordings by Canadian musicians and helps Canadian music companies make recordings available to a wider public.<\/span><\/p>\n<p><strong>Links:<\/strong><\/p>\n<ul>\n<li><strong><a href=\"https:\/\/www.factor.ca\/\" target=\"_blank\" rel=\"noopener noreferrer\">FACTOR website.<\/a> <\/strong><\/li>\n<\/ul>\n<\/div><\/div><\/div><\/section>\n<section class='av_toggle_section av-f7m3y7-e8c5b2e9463f571d57f8c17763b05142'  itemscope=\"itemscope\" itemtype=\"https:\/\/schema.org\/CreativeWork\" ><div role=\"tablist\" class=\"single_toggle\" data-tags=\"{All} \"  ><p id='toggle-toggle-id-48' data-fake-id='#toggle-id-48' class='toggler  av-title-above '  itemprop=\"headline\"  role='tab' tabindex='0' aria-controls='toggle-id-48' data-slide-speed=\"200\" data-title=\"Musicaction\" data-title-open=\"\" data-aria_collapsed=\"Click to expand: Musicaction\" data-aria_expanded=\"Click to collapse: Musicaction\">Musicaction<span class=\"toggle_icon\"><span class=\"vert_icon\"><\/span><span class=\"hor_icon\"><\/span><\/span><\/p><div id='toggle-id-48' aria-labelledby='toggle-toggle-id-48' role='region' class='toggle_wrap  av-title-above'  ><div class='toggle_content invers-color '  itemprop=\"text\" ><p><em>Musicaction, une organisation \u00e0 but non lucratif, a \u00e9t\u00e9 fond\u00e9 en ao\u00fbt 1985 \u00e0 l\u2019initiative des professionnels de la radio et de l\u2019industrie du disque et du spectacle. Depuis 30 ans, la Fondation encourage le d\u00e9veloppement de la musique en soutenant la production et la commercialisation d\u2019enregistrements sonores ainsi que les activit\u00e9s de promotion collective.\u00a0<\/em> <em><span class=\"ILfuVd\">\u2014\u00a0<\/span><\/em> <span class=\"tlid-translation translation\" lang=\"en\"><span class=\"\" title=\"\">Musicaction, a non-profit organization, was founded in August 1985 at the initiative of French-language professionals in the radio, record and entertainment industries.<\/span> <span class=\"\" title=\"\">For 30 years, the Foundation has promoted the development of music by supporting the production and marketing of sound recordings as well as collective promotion activities.<\/span><\/span><\/p>\n<p><span class=\"s1\">\u00a0<\/span><\/p>\n<p><strong>Links:<\/strong><\/p>\n<ul>\n<li><strong><a href=\"http:\/\/musicaction.ca\/\" target=\"_blank\" rel=\"noopener noreferrer\">Musicaction website.<\/a> <\/strong><\/li>\n<\/ul>\n<\/div><\/div><\/div><\/section>\n<section class='av_toggle_section av-1csi6n-7ba52cafbaae209a9ba33ba525e73712'  itemscope=\"itemscope\" itemtype=\"https:\/\/schema.org\/CreativeWork\" ><div role=\"tablist\" class=\"single_toggle\" data-tags=\"{All} \"  ><p id='toggle-toggle-id-49' data-fake-id='#toggle-id-49' class='toggler  av-title-above '  itemprop=\"headline\"  role='tab' tabindex='0' aria-controls='toggle-id-49' data-slide-speed=\"200\" data-title=\"SODEC : Soci\u00e9t\u00e9 de d\u00e9veloppement des entreprises culturelles\" data-title-open=\"\" data-aria_collapsed=\"Click to expand: SODEC : Soci\u00e9t\u00e9 de d\u00e9veloppement des entreprises culturelles\" data-aria_expanded=\"Click to collapse: SODEC : Soci\u00e9t\u00e9 de d\u00e9veloppement des entreprises culturelles\">SODEC : Soci\u00e9t\u00e9 de d\u00e9veloppement des entreprises culturelles<span class=\"toggle_icon\"><span class=\"vert_icon\"><\/span><span class=\"hor_icon\"><\/span><\/span><\/p><div id='toggle-id-49' aria-labelledby='toggle-toggle-id-49' role='region' class='toggle_wrap  av-title-above'  ><div class='toggle_content invers-color '  itemprop=\"text\" ><p>SODEC was created in 1995, under the Act respecting the Soci\u00e9t\u00e9 de d\u00e9veloppement des entreprises culturelles, with the mandate to promote and support the introduction and development of cultural enterprises in all regions of Quebec.\u00a0 It also aims to protect and promote the heritage properties it has owned since 1989.<strong>\u00a0<\/strong><\/p>\n<p><em>Cr\u00e9\u00e9e en 1995 en vertu de la Loi sur la Soci\u00e9t\u00e9 de d\u00e9veloppement des entreprises culturelles, la Soci\u00e9t\u00e9 de d\u00e9veloppement des entreprises culturelles (SODEC) a pour mandat sp\u00e9cifique de promouvoir et de soutenir, dans toutes les r\u00e9gions du Qu\u00e9bec, l\u2019implantation et le d\u00e9veloppement des entreprises culturelles. La SODEC a \u00e9galement le mandat de prot\u00e9ger et de mettre en valeur le parc immobilier patrimonial dont elle est propri\u00e9taire depuis 1989. <\/em><\/p>\n<p><strong>Links:<\/strong><\/p>\n<ul>\n<li><strong><a href=\"http:\/\/www.sodec.gouv.qc.ca\/fr\/home\" target=\"_blank\" rel=\"noopener noreferrer\">SODEC website.<\/a> <\/strong><\/li>\n<\/ul>\n<\/div><\/div><\/div><\/section>\n<section class='av_toggle_section av-ca2dtr-5d86d236564bc9a6008a7df6f8d2e090'  itemscope=\"itemscope\" itemtype=\"https:\/\/schema.org\/CreativeWork\" ><div role=\"tablist\" class=\"single_toggle\" data-tags=\"{All} \"  ><p id='toggle-toggle-id-50' data-fake-id='#toggle-id-50' class='toggler  av-title-above '  itemprop=\"headline\"  role='tab' tabindex='0' aria-controls='toggle-id-50' data-slide-speed=\"200\" data-title=\"SOCAN Foundation\" data-title-open=\"\" data-aria_collapsed=\"Click to expand: SOCAN Foundation\" data-aria_expanded=\"Click to collapse: SOCAN Foundation\">SOCAN Foundation<span class=\"toggle_icon\"><span class=\"vert_icon\"><\/span><span class=\"hor_icon\"><\/span><\/span><\/p><div id='toggle-id-50' aria-labelledby='toggle-toggle-id-50' role='region' class='toggle_wrap  av-title-above'  ><div class='toggle_content invers-color '  itemprop=\"text\" ><p>SOCAN Foundation fosters, sustains, and promotes the creation of Canadian music. SOCAN Foundation will strive to expand an environment where Canadian music and its creation are encouraged, and to ensure the public has an enhanced understanding of the value of music.<\/p>\n<p><strong>Links:<\/strong><\/p>\n<ul>\n<li><strong><a href=\"https:\/\/www.socanfoundation.ca\/\" target=\"_blank\" rel=\"noopener noreferrer\">SOCAN website.<\/a> <\/strong><\/li>\n<\/ul>\n<\/div><\/div><\/div><\/section>\n<section class='av_toggle_section av-aq6upb-cc8afcecb67702b7f814515413a75fd0'  itemscope=\"itemscope\" itemtype=\"https:\/\/schema.org\/CreativeWork\" ><div role=\"tablist\" class=\"single_toggle\" data-tags=\"{All} \"  ><p id='toggle-toggle-id-51' data-fake-id='#toggle-id-51' class='toggler  av-title-above '  itemprop=\"headline\"  role='tab' tabindex='0' aria-controls='toggle-id-51' data-slide-speed=\"200\" data-title=\"RQD Quebec Danse\" data-title-open=\"\" data-aria_collapsed=\"Click to expand: RQD Quebec Danse\" data-aria_expanded=\"Click to collapse: RQD Quebec Danse\">RQD Quebec Danse<span class=\"toggle_icon\"><span class=\"vert_icon\"><\/span><span class=\"hor_icon\"><\/span><\/span><\/p><div id='toggle-id-51' aria-labelledby='toggle-toggle-id-51' role='region' class='toggle_wrap  av-title-above'  ><div class='toggle_content invers-color '  itemprop=\"text\" ><p>RQD\u2019s list of grant gesources for dance professionals.<\/p>\n<p><strong>Links:<\/strong><\/p>\n<ul>\n<li><strong><a href=\"http:\/\/www.quebecdanse.org\/ressources\/subventions\" target=\"_blank\" rel=\"noopener noreferrer\">RQD website.<\/a> <\/strong><\/li>\n<\/ul>\n<\/div><\/div><\/div><\/section>\n<\/div><\/div>\n\n<style type=\"text\/css\" data-created_by=\"avia_inline_auto\" id=\"style-css-av-k1ii3mmd-91-db28a8589eb037e5460d5ef33c9b63a9\">\n#top .hr.hr-invisible.av-k1ii3mmd-91-db28a8589eb037e5460d5ef33c9b63a9{\nheight:25px;\n}\n<\/style>\n<div  class='hr av-k1ii3mmd-91-db28a8589eb037e5460d5ef33c9b63a9 hr-invisible  avia-builder-el-43  el_after_av_one_half  el_before_av_button '><span class='hr-inner '><span class=\"hr-inner-style\"><\/span><\/span><\/div>\n<div  class='avia-button-wrap av-k1ii249i-90-cd472f806ce8fa4e789e887ce19fc81a-wrap avia-button-right  avia-builder-el-44  el_after_av_hr  el_before_av_heading '><a href='https:\/\/www.quebec-elan.org\/links\/#Index'  class='avia-button av-k1ii249i-90-cd472f806ce8fa4e789e887ce19fc81a av-link-btn avia-icon_select-yes-left-icon avia-size-medium avia-position-right avia-color-theme-color'   aria-label=\" Back to Index\"><span class='avia_button_icon avia_button_icon_left avia-iconfont avia-font-entypo-fontello' data-av_icon='\ue87e' data-av_iconfont='entypo-fontello' ><\/span><span class='avia_iconbox_title' > Back to Index<\/span><\/a><\/div>\n\n<style type=\"text\/css\" data-created_by=\"avia_inline_auto\" id=\"style-css-av-wizdr3-da0d0fd7341a67a3146b990cb8b90d27\">\n#top .av-special-heading.av-wizdr3-da0d0fd7341a67a3146b990cb8b90d27{\npadding-bottom:30px;\n}\nbody .av-special-heading.av-wizdr3-da0d0fd7341a67a3146b990cb8b90d27 .av-special-heading-tag .heading-char{\nfont-size:25px;\n}\n.av-special-heading.av-wizdr3-da0d0fd7341a67a3146b990cb8b90d27 .av-subheading{\nfont-size:15px;\n}\n<\/style>\n<div  id=\"HealthWellbeing\"  class='av-special-heading av-wizdr3-da0d0fd7341a67a3146b990cb8b90d27 av-special-heading-h1  avia-builder-el-45  el_after_av_button  el_before_av_one_half  av-linked-heading'><h1 class='av-special-heading-tag '  itemprop=\"headline\"  >Health <span class='special_amp'>&amp;<\/span> Well-being<\/h1><div class=\"special-heading-border\"><div class=\"special-heading-inner-border\"><\/div><\/div><\/div>\n\n<style type=\"text\/css\" data-created_by=\"avia_inline_auto\" id=\"style-css-av-h18i8v-87-ab355f815ac4808be8f63ce738800466\">\n.flex_column.av-h18i8v-87-ab355f815ac4808be8f63ce738800466{\nborder-radius:0px 0px 0px 0px;\npadding:0px 0px 0px 0px;\n}\n<\/style>\n<div  class='flex_column av-h18i8v-87-ab355f815ac4808be8f63ce738800466 av_one_half  avia-builder-el-46  el_after_av_heading  el_before_av_one_half  first flex_column_div av-zero-column-padding  '     ><div  class='togglecontainer av-k1iaw9td-86-87aea1d43b5e3a46b1ec5df31756097f av-minimal-toggle  avia-builder-el-47  avia-builder-el-no-sibling  toggle_close_all' >\n<section class='av_toggle_section av-46uezj-5a86258c88dae3fda011e4462cdeeda3'  itemscope=\"itemscope\" itemtype=\"https:\/\/schema.org\/CreativeWork\" ><div role=\"tablist\" class=\"single_toggle\" data-tags=\"{All} \"  ><p id='toggle-toggle-id-52' data-fake-id='#toggle-id-52' class='toggler  av-title-above '  itemprop=\"headline\"  role='tab' tabindex='0' aria-controls='toggle-id-52' data-slide-speed=\"200\" data-title=\"Action Autonomie\" data-title-open=\"\" data-aria_collapsed=\"Click to expand: Action Autonomie\" data-aria_expanded=\"Click to collapse: Action Autonomie\">Action Autonomie<span class=\"toggle_icon\"><span class=\"vert_icon\"><\/span><span class=\"hor_icon\"><\/span><\/span><\/p><div id='toggle-id-52' aria-labelledby='toggle-toggle-id-52' role='region' class='toggle_wrap  av-title-above'  ><div class='toggle_content invers-color '  itemprop=\"text\" ><p>Action Autonomie <span class=\"tlid-translation translation\" lang=\"en\"><span title=\"\">is a community non-profit organization.<\/span> <span title=\"\">It has been set up by people who have used voluntary or non-mental health services.<\/span> <span class=\"\" title=\"\">Their experiences will have forged the need to come together to assert their rights.<\/span><\/span><\/p>\n<p><em>Action Autonomie est un organisme communautaire sans but lucratif. Il a \u00e9t\u00e9 mis sur pied par des personnes qui ont utilis\u00e9 de fa\u00e7on volontaire ou NON les services de sant\u00e9 mentale. Leurs exp\u00e9riences auront forg\u00e9 la n\u00e9cessit\u00e9 de se regrouper pour faire valoir leurs droits.<\/em><\/p>\n<p><strong>Links:<\/strong><\/p>\n<ul>\n<li><strong><a href=\"http:\/\/www.actionautonomie.qc.ca\/\" target=\"_blank\" rel=\"noopener noreferrer\">Action Autonomie website.<\/a> <\/strong><\/li>\n<\/ul>\n<\/div><\/div><\/div><\/section>\n<section class='av_toggle_section av-14q2o0v-d3bfc1fcaf17fcee10afd8d3d8f52024'  itemscope=\"itemscope\" itemtype=\"https:\/\/schema.org\/CreativeWork\" ><div role=\"tablist\" class=\"single_toggle\" data-tags=\"{All} \"  ><p id='toggle-toggle-id-53' data-fake-id='#toggle-id-53' class='toggler  av-title-above '  itemprop=\"headline\"  role='tab' tabindex='0' aria-controls='toggle-id-53' data-slide-speed=\"200\" data-title=\"AHCF : Artists\u2019 Health Alliance\" data-title-open=\"\" data-aria_collapsed=\"Click to expand: AHCF : Artists\u2019 Health Alliance\" data-aria_expanded=\"Click to collapse: AHCF : Artists\u2019 Health Alliance\">AHCF : Artists\u2019 Health Alliance<span class=\"toggle_icon\"><span class=\"vert_icon\"><\/span><span class=\"hor_icon\"><\/span><\/span><\/p><div id='toggle-id-53' aria-labelledby='toggle-toggle-id-53' role='region' class='toggle_wrap  av-title-above'  ><div class='toggle_content invers-color '  itemprop=\"text\" ><p>AHCF, based in Toronto, is the only organization in Canada that provides health and wellness support for artists of all disciplines in all stages of their careers, including those behind the scenes. The mission of AHCF is to provide leadership in health advocacy, offer health and wellness education for artists of all disciplines, support artists\u2019 use of specialized arts medicine and integrative healthcare, promote state-of-the-art research, and act as a catalyst for advancing the health and well-being of our artistic community.<\/p>\n<p><strong>Links:<\/strong><\/p>\n<ul>\n<li><strong><a href=\"https:\/\/www.artistshealthcentre.ca\" target=\"_blank\" rel=\"noopener noreferrer\">Artists Health Centre Webpage<\/a><\/strong><\/li>\n<\/ul>\n<\/div><\/div><\/div><\/section>\n<section class='av_toggle_section av-uiaki7-5810c4d915d31b94cc0fa96233420da1'  itemscope=\"itemscope\" itemtype=\"https:\/\/schema.org\/CreativeWork\" ><div role=\"tablist\" class=\"single_toggle\" data-tags=\"{All} \"  ><p id='toggle-toggle-id-54' data-fake-id='#toggle-id-54' class='toggler  av-title-above '  itemprop=\"headline\"  role='tab' tabindex='0' aria-controls='toggle-id-54' data-slide-speed=\"200\" data-title=\"Argyle Centre \" data-title-open=\"\" data-aria_collapsed=\"Click to expand: Argyle Centre \" data-aria_expanded=\"Click to collapse: Argyle Centre \">Argyle Centre <span class=\"toggle_icon\"><span class=\"vert_icon\"><\/span><span class=\"hor_icon\"><\/span><\/span><\/p><div id='toggle-id-54' aria-labelledby='toggle-toggle-id-54' role='region' class='toggle_wrap  av-title-above'  ><div class='toggle_content invers-color '  itemprop=\"text\" ><p>Counseling and psychotherapy services<\/p>\n<p><strong>Links<\/strong><\/p>\n<ul>\n<li><strong><a href=\"https:\/\/argyleinstitute.org\/\">Website\u00a0<\/a><\/strong><\/li>\n<\/ul>\n<\/div><\/div><\/div><\/section>\n<section class='av_toggle_section av-13dbwq7-2a539598ebd4e845b447caa4a4a1cebd'  itemscope=\"itemscope\" itemtype=\"https:\/\/schema.org\/CreativeWork\" ><div role=\"tablist\" class=\"single_toggle\" data-tags=\"{All} \"  ><p id='toggle-toggle-id-55' data-fake-id='#toggle-id-55' class='toggler  av-title-above '  itemprop=\"headline\"  role='tab' tabindex='0' aria-controls='toggle-id-55' data-slide-speed=\"200\" data-title=\"ASTTEQ : Action Sant\u00e9 Travesti(e)s et Transsexuel(le)s du Qu\u00e9bec \u2013 Qu\u00e9bec Trans Health Action\" data-title-open=\"\" data-aria_collapsed=\"Click to expand: ASTTEQ : Action Sant\u00e9 Travesti(e)s et Transsexuel(le)s du Qu\u00e9bec \u2013 Qu\u00e9bec Trans Health Action\" data-aria_expanded=\"Click to collapse: ASTTEQ : Action Sant\u00e9 Travesti(e)s et Transsexuel(le)s du Qu\u00e9bec \u2013 Qu\u00e9bec Trans Health Action\">ASTTEQ : Action Sant\u00e9 Travesti(e)s et Transsexuel(le)s du Qu\u00e9bec \u2013 Qu\u00e9bec Trans Health Action<span class=\"toggle_icon\"><span class=\"vert_icon\"><\/span><span class=\"hor_icon\"><\/span><\/span><\/p><div id='toggle-id-55' aria-labelledby='toggle-toggle-id-55' role='region' class='toggle_wrap  av-title-above'  ><div class='toggle_content invers-color '  itemprop=\"text\" ><p><span class=\"subtitle\">Action Sant\u00e9 Travesti(e)s et Transsexuel(le)s du Qu\u00e9bec (ASTT(e)Q), also known as Qu\u00e9bec Trans Health Action, is a project of CACTUS-Montr\u00e9al which was founded in 1998. ASTT(e)Q was started largely in response to the need for access to health care and social services that were sensitive to trans people\u2019s needs. The project grew out of a support group for trans women living with HIV, and was informed by a trans community led needs assessment that aided in determining the shape and direction of ASTT(e)Q.<\/span><\/p>\n<p><strong>Links:<\/strong><\/p>\n<ul>\n<li><strong><a href=\"http:\/\/www.astteq.org\/aboutus.html\" target=\"_blank\" rel=\"noopener noreferrer\">ASTTEQ Website.<\/a> <\/strong><\/li>\n<\/ul>\n<\/div><\/div><\/div><\/section>\n<section class='av_toggle_section av-10ubswv-a2e0fb79abcf1f32d598948b613f1a36'  itemscope=\"itemscope\" itemtype=\"https:\/\/schema.org\/CreativeWork\" ><div role=\"tablist\" class=\"single_toggle\" data-tags=\"{All} \"  ><p id='toggle-toggle-id-56' data-fake-id='#toggle-id-56' class='toggler  av-title-above '  itemprop=\"headline\"  role='tab' tabindex='0' aria-controls='toggle-id-56' data-slide-speed=\"200\" data-title=\"Atelier De La Mezzanine\" data-title-open=\"\" data-aria_collapsed=\"Click to expand: Atelier De La Mezzanine\" data-aria_expanded=\"Click to collapse: Atelier De La Mezzanine\">Atelier De La Mezzanine<span class=\"toggle_icon\"><span class=\"vert_icon\"><\/span><span class=\"hor_icon\"><\/span><\/span><\/p><div id='toggle-id-56' aria-labelledby='toggle-toggle-id-56' role='region' class='toggle_wrap  av-title-above'  ><div class='toggle_content invers-color '  itemprop=\"text\" ><p><span class=\"subtitle\"><span class=\"tlid-translation translation\" lang=\"en\"><span class=\"\" title=\"\">Atelier De La Mezzanine (Qu\u00e9bec, QC) was created in 1999 to offer a space of creation to people who are marginalized because of having, or having had, mental health problems. The Atelier also works with professional artists and integrating its<\/span> <span class=\"\" title=\"\">members into organizational life and structures.<\/span><\/span><\/span><\/p>\n<p><span class=\"subtitle\"><em>Ce lieu unique, mis sur pied en 1999 afin d\u2019offrir un espace de cr\u00e9ation \u00e0 des gens parfois marginalis\u00e9s parce qu\u2019ayant ou ayant eu des probl\u00e8mes de sant\u00e9 mentale, a \u00e9galement la particularit\u00e9 de travailler avec des artistes professionnels et d\u2019int\u00e9grer ses membres \u00e0 la vie organisationnelle ainsi qu\u2019\u00e0 la structure de l\u2019organisme. <\/em><span class=\"ILfuVd\"><br \/>\n<\/span><\/span><\/p>\n<p><strong>Links:<\/strong><\/p>\n<ul>\n<li><strong><a href=\"https:\/\/www.atelierdelamezzanine.com\" target=\"_blank\" rel=\"noopener noreferrer\">Atelier De La Mezzanine Website.<\/a> <\/strong><\/li>\n<\/ul>\n<\/div><\/div><\/div><\/section>\n<section class='av_toggle_section av-1074r6n-5306ff0622b18c3b20f0b85d13d08904'  itemscope=\"itemscope\" itemtype=\"https:\/\/schema.org\/CreativeWork\" ><div role=\"tablist\" class=\"single_toggle\" data-tags=\"{All} \"  ><p id='toggle-toggle-id-57' data-fake-id='#toggle-id-57' class='toggler  av-title-above '  itemprop=\"headline\"  role='tab' tabindex='0' aria-controls='toggle-id-57' data-slide-speed=\"200\" data-title=\"CACTUS Montr\u00e9al\" data-title-open=\"\" data-aria_collapsed=\"Click to expand: CACTUS Montr\u00e9al\" data-aria_expanded=\"Click to collapse: CACTUS Montr\u00e9al\">CACTUS Montr\u00e9al<span class=\"toggle_icon\"><span class=\"vert_icon\"><\/span><span class=\"hor_icon\"><\/span><\/span><\/p><div id='toggle-id-57' aria-labelledby='toggle-toggle-id-57' role='region' class='toggle_wrap  av-title-above'  ><div class='toggle_content invers-color '  itemprop=\"text\" ><p>CACTUS is a community organization active in downtown Montr\u00e9al and involved in preventing blood-borne and sexually transmitted infections (BBSI). CACTUS works with drug users, sex workers and trans people, promoting their health, their well-being and their inclusion into society.<\/p>\n<p><strong>Links:<\/strong><\/p>\n<ul>\n<li><strong><a href=\"https:\/\/cactusmontreal.org\/?lang=en\" target=\"_blank\" rel=\"noopener noreferrer\">CACTUS Website.<\/a> <\/strong><\/li>\n<\/ul>\n<\/div><\/div><\/div><\/section>\n<section class='av_toggle_section av-tljq8f-1f02e360c4f6369cf96081b76d0a1303'  itemscope=\"itemscope\" itemtype=\"https:\/\/schema.org\/CreativeWork\" ><div role=\"tablist\" class=\"single_toggle\" data-tags=\"{All} \"  ><p id='toggle-toggle-id-58' data-fake-id='#toggle-id-58' class='toggler  av-title-above '  itemprop=\"headline\"  role='tab' tabindex='0' aria-controls='toggle-id-58' data-slide-speed=\"200\" data-title=\"CCPE - Psychological &amp; Educational Services Centre\" data-title-open=\"\" data-aria_collapsed=\"Click to expand: CCPE - Psychological &amp; Educational Services Centre\" data-aria_expanded=\"Click to collapse: CCPE - Psychological &amp; Educational Services Centre\">CCPE - Psychological & Educational Services Centre<span class=\"toggle_icon\"><span class=\"vert_icon\"><\/span><span class=\"hor_icon\"><\/span><\/span><\/p><div id='toggle-id-58' aria-labelledby='toggle-toggle-id-58' role='region' class='toggle_wrap  av-title-above'  ><div class='toggle_content invers-color '  itemprop=\"text\" ><p>CCPE offers a wide range of services to individuals and public organizations.<\/p>\n<p><strong>Links<\/strong><\/p>\n<ul>\n<li><strong><a href=\"https:\/\/www.ccpeweb.ca\/en\/\">Website<\/a><\/strong><\/li>\n<\/ul>\n<\/div><\/div><\/div><\/section>\n<section class='av_toggle_section av-xqsvvj-b68aa8e89360d632c19ef6c79893632a'  itemscope=\"itemscope\" itemtype=\"https:\/\/schema.org\/CreativeWork\" ><div role=\"tablist\" class=\"single_toggle\" data-tags=\"{All} \"  ><p id='toggle-toggle-id-59' data-fake-id='#toggle-id-59' class='toggler  av-title-above '  itemprop=\"headline\"  role='tab' tabindex='0' aria-controls='toggle-id-59' data-slide-speed=\"200\" data-title=\"CMHA : Canadian Mental Health Association\" data-title-open=\"\" data-aria_collapsed=\"Click to expand: CMHA : Canadian Mental Health Association\" data-aria_expanded=\"Click to collapse: CMHA : Canadian Mental Health Association\">CMHA : Canadian Mental Health Association<span class=\"toggle_icon\"><span class=\"vert_icon\"><\/span><span class=\"hor_icon\"><\/span><\/span><\/p><div id='toggle-id-59' aria-labelledby='toggle-toggle-id-59' role='region' class='toggle_wrap  av-title-above'  ><div class='toggle_content invers-color '  itemprop=\"text\" ><p>CMHA, founded in 1918, is one of the oldest voluntary organizations in Canada. CMHA facilitates access to the resources people require to maintain and improve mental health and community integration, build resilience, and support recovery from mental illness.<\/p>\n<p><strong>Links:<\/strong><\/p>\n<ul>\n<li><strong><a href=\"https:\/\/cmha.ca\/\" target=\"_blank\" rel=\"noopener noreferrer\">CMHA Website.<\/a> <\/strong><\/li>\n<\/ul>\n<\/div><\/div><\/div><\/section>\n<section class='av_toggle_section av-qu3hcf-2e9b9835d272389be93abb0f06817fdc'  itemscope=\"itemscope\" itemtype=\"https:\/\/schema.org\/CreativeWork\" ><div role=\"tablist\" class=\"single_toggle\" data-tags=\"{All} \"  ><p id='toggle-toggle-id-60' data-fake-id='#toggle-id-60' class='toggler  av-title-above '  itemprop=\"headline\"  role='tab' tabindex='0' aria-controls='toggle-id-60' data-slide-speed=\"200\" data-title=\"Expression LaSalle\" data-title-open=\"\" data-aria_collapsed=\"Click to expand: Expression LaSalle\" data-aria_expanded=\"Click to collapse: Expression LaSalle\">Expression LaSalle<span class=\"toggle_icon\"><span class=\"vert_icon\"><\/span><span class=\"hor_icon\"><\/span><\/span><\/p><div id='toggle-id-60' aria-labelledby='toggle-toggle-id-60' role='region' class='toggle_wrap  av-title-above'  ><div class='toggle_content invers-color '  itemprop=\"text\" ><p>Community mental health centre based in LaSalle.<\/p>\n<p><strong>Links<\/strong><\/p>\n<ul>\n<li><strong><a href=\"https:\/\/www.expressionlasalletherapies.ca\/en\/\">Website<\/a><\/strong><\/li>\n<\/ul>\n<\/div><\/div><\/div><\/section>\n<section class='av_toggle_section av-p5vhi7-e66af90581e05388843d74a0a2fce39b'  itemscope=\"itemscope\" itemtype=\"https:\/\/schema.org\/CreativeWork\" ><div role=\"tablist\" class=\"single_toggle\" data-tags=\"{All} \"  ><p id='toggle-toggle-id-61' data-fake-id='#toggle-id-61' class='toggler  av-title-above '  itemprop=\"headline\"  role='tab' tabindex='0' aria-controls='toggle-id-61' data-slide-speed=\"200\" data-title=\"Face \u00e0 Face \" data-title-open=\"\" data-aria_collapsed=\"Click to expand: Face \u00e0 Face \" data-aria_expanded=\"Click to collapse: Face \u00e0 Face \">Face \u00e0 Face <span class=\"toggle_icon\"><span class=\"vert_icon\"><\/span><span class=\"hor_icon\"><\/span><\/span><\/p><div id='toggle-id-61' aria-labelledby='toggle-toggle-id-61' role='region' class='toggle_wrap  av-title-above'  ><div class='toggle_content invers-color '  itemprop=\"text\" ><p>Provides housing resources, personalized services to the homeless, and is a listening and referral centre.<\/p>\n<p><strong>Links<\/strong><\/p>\n<ul>\n<li><strong><a href=\"https:\/\/faceafacemontreal.org\/\">Website<\/a><\/strong><\/li>\n<\/ul>\n<\/div><\/div><\/div><\/section>\n<\/div><\/div>\n\n<style type=\"text\/css\" data-created_by=\"avia_inline_auto\" id=\"style-css-av-h18i8v-83-b460864b8d31f67872fe20eda6c4fa60\">\n.flex_column.av-h18i8v-83-b460864b8d31f67872fe20eda6c4fa60{\nborder-radius:0px 0px 0px 0px;\npadding:0px 0px 0px 0px;\n}\n<\/style>\n<div  class='flex_column av-h18i8v-83-b460864b8d31f67872fe20eda6c4fa60 av_one_half  avia-builder-el-48  el_after_av_one_half  el_before_av_hr  flex_column_div av-zero-column-padding  '     ><div  class='togglecontainer av-k1iaw9td-82-bc6b7317333e71c78fea7ea90ac4114c av-minimal-toggle  avia-builder-el-49  avia-builder-el-no-sibling  toggle_close_all' >\n<section class='av_toggle_section av-8h8tb-7bba6f3dc303fbc9df01a80d76cb1e74'  itemscope=\"itemscope\" itemtype=\"https:\/\/schema.org\/CreativeWork\" ><div role=\"tablist\" class=\"single_toggle\" data-tags=\"{All} \"  ><p id='toggle-toggle-id-62' data-fake-id='#toggle-id-62' class='toggler  av-title-above '  itemprop=\"headline\"  role='tab' tabindex='0' aria-controls='toggle-id-62' data-slide-speed=\"200\" data-title=\"Les Impatients\" data-title-open=\"\" data-aria_collapsed=\"Click to expand: Les Impatients\" data-aria_expanded=\"Click to collapse: Les Impatients\">Les Impatients<span class=\"toggle_icon\"><span class=\"vert_icon\"><\/span><span class=\"hor_icon\"><\/span><\/span><\/p><div id='toggle-id-62' aria-labelledby='toggle-toggle-id-62' role='region' class='toggle_wrap  av-title-above'  ><div class='toggle_content invers-color '  itemprop=\"text\" ><p>Les Impatients aims to help people with mental illness through artistic expression<\/p>\n<p><strong>Links<\/strong><\/p>\n<ul>\n<li><strong><a href=\"https:\/\/www.impatients.ca\/en\/\">Website<\/a><\/strong><\/li>\n<\/ul>\n<\/div><\/div><\/div><\/section>\n<section class='av_toggle_section av-n4w667-ca1c3480e5a9237aa2dd971bce01e5ae'  itemscope=\"itemscope\" itemtype=\"https:\/\/schema.org\/CreativeWork\" ><div role=\"tablist\" class=\"single_toggle\" data-tags=\"{All} \"  ><p id='toggle-toggle-id-63' data-fake-id='#toggle-id-63' class='toggler  av-title-above '  itemprop=\"headline\"  role='tab' tabindex='0' aria-controls='toggle-id-63' data-slide-speed=\"200\" data-title=\"Maison Multiethnique Myosotis\" data-title-open=\"\" data-aria_collapsed=\"Click to expand: Maison Multiethnique Myosotis\" data-aria_expanded=\"Click to collapse: Maison Multiethnique Myosotis\">Maison Multiethnique Myosotis<span class=\"toggle_icon\"><span class=\"vert_icon\"><\/span><span class=\"hor_icon\"><\/span><\/span><\/p><div id='toggle-id-63' aria-labelledby='toggle-toggle-id-63' role='region' class='toggle_wrap  av-title-above'  ><div class='toggle_content invers-color '  itemprop=\"text\" ><p>Maison Multiethnique Myosotis offers psychological services and counselling in French, English, and Spanish for low-income individuals.<\/p>\n<p><strong>Links:\u00a0<\/strong><\/p>\n<ul>\n<li><strong><a href=\"https:\/\/maisonmyosotis.org\/en\/home\/\">Website<\/a><\/strong><\/li>\n<\/ul>\n<\/div><\/div><\/div><\/section>\n<section class='av_toggle_section av-vvq6v3-e387ce184aa17877e314bd5a51282633'  itemscope=\"itemscope\" itemtype=\"https:\/\/schema.org\/CreativeWork\" ><div role=\"tablist\" class=\"single_toggle\" data-tags=\"{All} \"  ><p id='toggle-toggle-id-64' data-fake-id='#toggle-id-64' class='toggler  av-title-above '  itemprop=\"headline\"  role='tab' tabindex='0' aria-controls='toggle-id-64' data-slide-speed=\"200\" data-title=\"Montreal Women\u2019s Health Centre\" data-title-open=\"\" data-aria_collapsed=\"Click to expand: Montreal Women\u2019s Health Centre\" data-aria_expanded=\"Click to collapse: Montreal Women\u2019s Health Centre\">Montreal Women\u2019s Health Centre<span class=\"toggle_icon\"><span class=\"vert_icon\"><\/span><span class=\"hor_icon\"><\/span><\/span><\/p><div id='toggle-id-64' aria-labelledby='toggle-toggle-id-64' role='region' class='toggle_wrap  av-title-above'  ><div class='toggle_content invers-color '  itemprop=\"text\" ><p>The Centre de sant\u00e9 de femmes de Montr\u00e9al (Montr\u00e9al Women\u2019s Health Centre) is a feminist, independent community organization comprised of women who work in sexual and reproductive health. Mission: Support women in their reclaiming of their own gynecological health; Defend and promote the right to free abortion on demand; Represent women and demand that their rights and agency are respected by economic and policy decision-makers as well as the health system.<\/p>\n<p><em>Le Centre de sant\u00e9 des femmes de Montr\u00e9al est un organisme communautaire autonome et f\u00e9ministe, compos\u00e9 de femmes qui \u0153uvrent en sant\u00e9 sexuelle et reproductive. Mission: Avoriser l\u2019appropriation par les femmes de leur sant\u00e9 gyn\u00e9cologique; D\u00e9fendre et promouvoir le droit \u00e0 l\u2019avortement libre et gratuit; Repr\u00e9senter les femmes et revendiquer le respect de leurs droits et de leur pouvoir aupr\u00e8s des d\u00e9cideurs \u00e9conomiques et politiques et aupr\u00e8s du r\u00e9seau de la sant\u00e9.<\/em> <span class=\"ILfuVd\"><br \/>\n<\/span><\/p>\n<p><strong>Links:<\/strong><\/p>\n<ul>\n<li><strong><a href=\"http:\/\/www.csfmontreal.qc.ca\" target=\"_blank\" rel=\"noopener noreferrer\">Montreal Women&#8217;s Health Centre website.<\/a> <\/strong><\/li>\n<\/ul>\n<\/div><\/div><\/div><\/section>\n<section class='av_toggle_section av-teso8f-cd71cd03db7a3158bc5a53a059ac1662'  itemscope=\"itemscope\" itemtype=\"https:\/\/schema.org\/CreativeWork\" ><div role=\"tablist\" class=\"single_toggle\" data-tags=\"{All} \"  ><p id='toggle-toggle-id-65' data-fake-id='#toggle-id-65' class='toggler  av-title-above '  itemprop=\"headline\"  role='tab' tabindex='0' aria-controls='toggle-id-65' data-slide-speed=\"200\" data-title=\"IRIS: International Research Infrastructure on Social Inequalities in Health\" data-title-open=\"\" data-aria_collapsed=\"Click to expand: IRIS: International Research Infrastructure on Social Inequalities in Health\" data-aria_expanded=\"Click to collapse: IRIS: International Research Infrastructure on Social Inequalities in Health\">IRIS: International Research Infrastructure on Social Inequalities in Health<span class=\"toggle_icon\"><span class=\"vert_icon\"><\/span><span class=\"hor_icon\"><\/span><\/span><\/p><div id='toggle-id-65' aria-labelledby='toggle-toggle-id-65' role='region' class='toggle_wrap  av-title-above'  ><div class='toggle_content invers-color '  itemprop=\"text\" ><p>IRIS is a laboratory infrastructure recently created and funded by the <strong><a href=\"http:\/\/www.innovation.ca\/\">Canada Foundation for Innovation<\/a><\/strong> and dedicated to the comparative study of health inequalities. Its main goal is to assess the contribution of social policies to the development of social inequalities in health over the life course.<\/p>\n<p><strong>Links:<\/strong><\/p>\n<ul>\n<li><strong><a href=\"https:\/\/www.mcgill.ca\/iris\/intro\" target=\"_blank\" rel=\"noopener noreferrer\">IRIS Website.<\/a> <\/strong><\/li>\n<\/ul>\n<\/div><\/div><\/div><\/section>\n<section class='av_toggle_section av-ufq6vz-38c8c115e637e0a9ceb6eac0f622508a'  itemscope=\"itemscope\" itemtype=\"https:\/\/schema.org\/CreativeWork\" ><div role=\"tablist\" class=\"single_toggle\" data-tags=\"{All} \"  ><p id='toggle-toggle-id-66' data-fake-id='#toggle-id-66' class='toggler  av-title-above '  itemprop=\"headline\"  role='tab' tabindex='0' aria-controls='toggle-id-66' data-slide-speed=\"200\" data-title=\"irresistible Podcast\" data-title-open=\"\" data-aria_collapsed=\"Click to expand: irresistible Podcast\" data-aria_expanded=\"Click to collapse: irresistible Podcast\">irresistible Podcast<span class=\"toggle_icon\"><span class=\"vert_icon\"><\/span><span class=\"hor_icon\"><\/span><\/span><\/p><div id='toggle-id-66' aria-labelledby='toggle-toggle-id-66' role='region' class='toggle_wrap  av-title-above'  ><div class='toggle_content invers-color '  itemprop=\"text\" ><p>irresistible\u00a0(formerly <em>Healing Justice Podcast<\/em>) is a media archive of powerful practices for healing &#038; social justice from 2017-2020.<\/p>\n<p><strong>Links:<\/strong><\/p>\n<ul>\n<li><strong><a href=\"https:\/\/irresistible.org\/\" target=\"_blank\" rel=\"noopener noreferrer\">irresistible Podcast<\/a> <\/strong><\/li>\n<\/ul>\n<\/div><\/div><\/div><\/section>\n<section class='av_toggle_section av-rfzl9b-536fd9b18301813b9cd009755e549e34'  itemscope=\"itemscope\" itemtype=\"https:\/\/schema.org\/CreativeWork\" ><div role=\"tablist\" class=\"single_toggle\" data-tags=\"{All} \"  ><p id='toggle-toggle-id-67' data-fake-id='#toggle-id-67' class='toggler  av-title-above '  itemprop=\"headline\"  role='tab' tabindex='0' aria-controls='toggle-id-67' data-slide-speed=\"200\" data-title=\"Over the Bridge\" data-title-open=\"\" data-aria_collapsed=\"Click to expand: Over the Bridge\" data-aria_expanded=\"Click to collapse: Over the Bridge\">Over the Bridge<span class=\"toggle_icon\"><span class=\"vert_icon\"><\/span><span class=\"hor_icon\"><\/span><\/span><\/p><div id='toggle-id-67' aria-labelledby='toggle-toggle-id-67' role='region' class='toggle_wrap  av-title-above'  ><div class='toggle_content invers-color '  itemprop=\"text\" ><p>Since August 2017, Over The Bridge has trained, educated and\/or emotionally supported over 2,000 music industry members. In an industry where maintaining good mental health is challenging, and substance abuse is normalized and glorified, it is our goal to help those in need cross the bridge over troubled waters.<\/p>\n<p><strong>Links:<\/strong><\/p>\n<ul>\n<li><strong><a href=\"https:\/\/overthebridge.org\/\" target=\"_blank\" rel=\"noopener noreferrer\">Over the Bridge Website.<\/a> <\/strong><\/li>\n<\/ul>\n<\/div><\/div><\/div><\/section>\n<section class='av_toggle_section av-phvsrz-737c16710d4cc715c605f390ff56652f'  itemscope=\"itemscope\" itemtype=\"https:\/\/schema.org\/CreativeWork\" ><div role=\"tablist\" class=\"single_toggle\" data-tags=\"{All} \"  ><p id='toggle-toggle-id-68' data-fake-id='#toggle-id-68' class='toggler  av-title-above '  itemprop=\"headline\"  role='tab' tabindex='0' aria-controls='toggle-id-68' data-slide-speed=\"200\" data-title=\"Tiger Lotus Collective\" data-title-open=\"\" data-aria_collapsed=\"Click to expand: Tiger Lotus Collective\" data-aria_expanded=\"Click to collapse: Tiger Lotus Collective\">Tiger Lotus Collective<span class=\"toggle_icon\"><span class=\"vert_icon\"><\/span><span class=\"hor_icon\"><\/span><\/span><\/p><div id='toggle-id-68' aria-labelledby='toggle-toggle-id-68' role='region' class='toggle_wrap  av-title-above'  ><div class='toggle_content invers-color '  itemprop=\"text\" ><p>Tiger Lotus Collective is a wellness centre offering tender loving care and education. We are practitioners and educators in Montreal passionate about healing in its many forms. The health care system, with its narrow scope of treatments and overburdened hospitals and clinics, is unequipped to deal with physical and psychological issues that impact women and trans people. We focus on providing a preventative instead of curative model of health care and try to educate about our bodies and spirits, and how best to care for them in the day-to-day.<\/p>\n<p><strong>Links:<\/strong><\/p>\n<ul>\n<li><strong><a href=\"https:\/\/www.tigerlotuscoop.com\/home\" target=\"_blank\" rel=\"noopener noreferrer\">Tiger Lotus Website.<\/a> <\/strong><\/li>\n<\/ul>\n<\/div><\/div><\/div><\/section>\n<section class='av_toggle_section av-2cfaqn-71649fa7bf5fb25c45a7ccca66bbfa5d'  itemscope=\"itemscope\" itemtype=\"https:\/\/schema.org\/CreativeWork\" ><div role=\"tablist\" class=\"single_toggle\" data-tags=\"{All} \"  ><p id='toggle-toggle-id-69' data-fake-id='#toggle-id-69' class='toggler  av-title-above '  itemprop=\"headline\"  role='tab' tabindex='0' aria-controls='toggle-id-69' data-slide-speed=\"200\" data-title=\"Project 10 | Projet 10\" data-title-open=\"\" data-aria_collapsed=\"Click to expand: Project 10 | Projet 10\" data-aria_expanded=\"Click to collapse: Project 10 | Projet 10\">Project 10 | Projet 10<span class=\"toggle_icon\"><span class=\"vert_icon\"><\/span><span class=\"hor_icon\"><\/span><\/span><\/p><div id='toggle-id-69' aria-labelledby='toggle-toggle-id-69' role='region' class='toggle_wrap  av-title-above'  ><div class='toggle_content invers-color '  itemprop=\"text\" ><p>Project 10 works to promote the personal, social, sexual and mental well-being of lesbian, gay, bisexual, transgender, transsexual, two-spirit, intersexed and questioning youth and adults aged 14-25.<\/p>\n<p><em>Projet 10 travaille \u00e0 promouvoir le bien \u00eatre personnel, social, sexuel et mental des jeunes et adultes lesbiennes, gais, bisexuel(le)s, transgenres, transsexuel(le)s, bispirituel(le)s, intersexu\u00e9s et en questionnement ag\u00e9(e)s entre 14 et 25 ans.<\/em><\/p>\n<p><strong>Links:<\/strong><\/p>\n<ul>\n<li><strong><a href=\"http:\/\/p10.qc.ca\/\" target=\"_blank\" rel=\"noopener noreferrer\">Project 10 Website.<\/a> <\/strong><\/li>\n<\/ul>\n<\/div><\/div><\/div><\/section>\n<section class='av_toggle_section av-lrgz8v-91b0b370de3d76de60e5855b507747a9'  itemscope=\"itemscope\" itemtype=\"https:\/\/schema.org\/CreativeWork\" ><div role=\"tablist\" class=\"single_toggle\" data-tags=\"{All} \"  ><p id='toggle-toggle-id-70' data-fake-id='#toggle-id-70' class='toggler  av-title-above '  itemprop=\"headline\"  role='tab' tabindex='0' aria-controls='toggle-id-70' data-slide-speed=\"200\" data-title=\"WIWC : West Island Women\u2019s Centre\" data-title-open=\"\" data-aria_collapsed=\"Click to expand: WIWC : West Island Women\u2019s Centre\" data-aria_expanded=\"Click to collapse: WIWC : West Island Women\u2019s Centre\">WIWC : West Island Women\u2019s Centre<span class=\"toggle_icon\"><span class=\"vert_icon\"><\/span><span class=\"hor_icon\"><\/span><\/span><\/p><div id='toggle-id-70' aria-labelledby='toggle-toggle-id-70' role='region' class='toggle_wrap  av-title-above'  ><div class='toggle_content invers-color '  itemprop=\"text\" ><p>The WIWC is a dynamic and widely-used non-profit community organization dedicated to improving the quality of life of women. We provide educational, social and recreational services for women living in the West Island and the community at large. The Centre is open to all\u2014without regard to age, race or socio-economic background.<\/p>\n<p><strong>Links:<\/strong><\/p>\n<ul>\n<li><strong><a href=\"https:\/\/wiwc.ca\" target=\"_blank\" rel=\"noopener noreferrer\">WIWC Website.<\/a> <\/strong><\/li>\n<\/ul>\n<\/div><\/div><\/div><\/section>\n<section class='av_toggle_section av-k6unm7-c235cc989e02951d5a224691657d3b7c'  itemscope=\"itemscope\" itemtype=\"https:\/\/schema.org\/CreativeWork\" ><div role=\"tablist\" class=\"single_toggle\" data-tags=\"{All} \"  ><p id='toggle-toggle-id-71' data-fake-id='#toggle-id-71' class='toggler  av-title-above '  itemprop=\"headline\"  role='tab' tabindex='0' aria-controls='toggle-id-71' data-slide-speed=\"200\" data-title=\"Workman Arts\" data-title-open=\"\" data-aria_collapsed=\"Click to expand: Workman Arts\" data-aria_expanded=\"Click to collapse: Workman Arts\">Workman Arts<span class=\"toggle_icon\"><span class=\"vert_icon\"><\/span><span class=\"hor_icon\"><\/span><\/span><\/p><div id='toggle-id-71' aria-labelledby='toggle-toggle-id-71' role='region' class='toggle_wrap  av-title-above'  ><div class='toggle_content invers-color '  itemprop=\"text\" ><p>Workman Arts is a multidisciplinary arts organization based in Toronto that promotes a greater understanding of mental health and addiction issues through creation and presentation. We support artists living with mental health and addiction issues through peer-to-peer arts education, public presentations and partnerships with the broader arts community.<\/p>\n<p><strong>Links:<\/strong><\/p>\n<ul>\n<li><strong><a href=\"https:\/\/workmanarts.com\/\" target=\"_blank\" rel=\"noopener noreferrer\">Workman Arts Website.<\/a> <\/strong><\/li>\n<\/ul>\n<\/div><\/div><\/div><\/section>\n<section class='av_toggle_section av-k3omof-f382e5e72db4246c4fb15fc31eccc0e5'  itemscope=\"itemscope\" itemtype=\"https:\/\/schema.org\/CreativeWork\" ><div role=\"tablist\" class=\"single_toggle\" data-tags=\"{All} \"  ><p id='toggle-toggle-id-72' data-fake-id='#toggle-id-72' class='toggler  av-title-above '  itemprop=\"headline\"  role='tab' tabindex='0' aria-controls='toggle-id-72' data-slide-speed=\"200\" data-title=\"Vent Over Tea\" data-title-open=\"\" data-aria_collapsed=\"Click to expand: Vent Over Tea\" data-aria_expanded=\"Click to collapse: Vent Over Tea\">Vent Over Tea<span class=\"toggle_icon\"><span class=\"vert_icon\"><\/span><span class=\"hor_icon\"><\/span><\/span><\/p><div id='toggle-id-72' aria-labelledby='toggle-toggle-id-72' role='region' class='toggle_wrap  av-title-above'  ><div class='toggle_content invers-color '  itemprop=\"text\" ><p>Free active listening service<\/p>\n<p><strong>Links<\/strong><\/p>\n<ul>\n<li><strong><a href=\"https:\/\/ventovertea.com\/en\/\">Website\u00a0<\/a><\/strong><\/li>\n<\/ul>\n<\/div><\/div><\/div><\/section>\n<\/div><\/div>\n\n<style type=\"text\/css\" data-created_by=\"avia_inline_auto\" id=\"style-css-av-k1ii3mmd-85-22d9c5e3e5af955c6c9534064ea8900c\">\n#top .hr.hr-invisible.av-k1ii3mmd-85-22d9c5e3e5af955c6c9534064ea8900c{\nheight:25px;\n}\n<\/style>\n<div  class='hr av-k1ii3mmd-85-22d9c5e3e5af955c6c9534064ea8900c hr-invisible  avia-builder-el-50  el_after_av_one_half  el_before_av_button '><span class='hr-inner '><span class=\"hr-inner-style\"><\/span><\/span><\/div>\n<div  class='avia-button-wrap av-k1ii249i-84-c3360936de7e940f0d7fc0000494b778-wrap avia-button-right  avia-builder-el-51  el_after_av_hr  el_before_av_heading '><a href='https:\/\/www.quebec-elan.org\/links\/#Index'  class='avia-button av-k1ii249i-84-c3360936de7e940f0d7fc0000494b778 av-link-btn avia-icon_select-yes-left-icon avia-size-medium avia-position-right avia-color-theme-color'   aria-label=\" Back to Index\"><span class='avia_button_icon avia_button_icon_left avia-iconfont avia-font-entypo-fontello' data-av_icon='\ue87e' data-av_iconfont='entypo-fontello' ><\/span><span class='avia_iconbox_title' > Back to Index<\/span><\/a><\/div>\n\n<style type=\"text\/css\" data-created_by=\"avia_inline_auto\" id=\"style-css-av-jhrg6n-251b02335fbc8611c587084196e523ca\">\n#top .av-special-heading.av-jhrg6n-251b02335fbc8611c587084196e523ca{\npadding-bottom:30px;\n}\nbody .av-special-heading.av-jhrg6n-251b02335fbc8611c587084196e523ca .av-special-heading-tag .heading-char{\nfont-size:25px;\n}\n.av-special-heading.av-jhrg6n-251b02335fbc8611c587084196e523ca .av-subheading{\nfont-size:15px;\n}\n<\/style>\n<div  id=\"JobsCareer\"  class='av-special-heading av-jhrg6n-251b02335fbc8611c587084196e523ca av-special-heading-h1  avia-builder-el-52  el_after_av_button  el_before_av_one_half  av-linked-heading'><h1 class='av-special-heading-tag '  itemprop=\"headline\"  >Jobs <span class='special_amp'>&amp;<\/span> Career Development<\/h1><div class=\"special-heading-border\"><div class=\"special-heading-inner-border\"><\/div><\/div><\/div>\n\n<style type=\"text\/css\" data-created_by=\"avia_inline_auto\" id=\"style-css-av-h18i8v-81-f2b503a106f4175db5623c89905f8298\">\n.flex_column.av-h18i8v-81-f2b503a106f4175db5623c89905f8298{\nborder-radius:0px 0px 0px 0px;\npadding:0px 0px 0px 0px;\n}\n<\/style>\n<div  class='flex_column av-h18i8v-81-f2b503a106f4175db5623c89905f8298 av_one_half  avia-builder-el-53  el_after_av_heading  el_before_av_one_half  first flex_column_div av-zero-column-padding  '     ><div  class='togglecontainer av-k1iaw9td-80-dad542203904a2d1eb250beb0683af14 av-minimal-toggle  avia-builder-el-54  avia-builder-el-no-sibling  toggle_close_all' >\n<section class='av_toggle_section av-9pt1xb-b3a7ccea83b98192d0e025b227e4c1a0'  itemscope=\"itemscope\" itemtype=\"https:\/\/schema.org\/CreativeWork\" ><div role=\"tablist\" class=\"single_toggle\" data-tags=\"{All} \"  ><p id='toggle-toggle-id-73' data-fake-id='#toggle-id-73' class='toggler  av-title-above '  itemprop=\"headline\"  role='tab' tabindex='0' aria-controls='toggle-id-73' data-slide-speed=\"200\" data-title=\"Art\u00e8re\" data-title-open=\"\" data-aria_collapsed=\"Click to expand: Art\u00e8re\" data-aria_expanded=\"Click to collapse: Art\u00e8re\">Art\u00e8re<span class=\"toggle_icon\"><span class=\"vert_icon\"><\/span><span class=\"hor_icon\"><\/span><\/span><\/p><div id='toggle-id-73' aria-labelledby='toggle-toggle-id-73' role='region' class='toggle_wrap  av-title-above'  ><div class='toggle_content invers-color '  itemprop=\"text\" ><p>Art\u00e8re is portal for resources including awards and grants, job opportunities, distribution networks, and information on artists\u2019 rights (currently French only).<\/p>\n<p><em>Art\u00e8re est un portail qui rassemble une multitude d\u2019informations utiles pour la rel\u00e8ve artistique. Vous y trouverez de nombreuses pistes de <a title=\"Financement\" href=\"http:\/\/www.artere.qc.ca\/financement\/\" data-id=\"1162\"><strong>financement<\/strong><\/a> (bourses, subventions, prix), des lieux de cr\u00e9ation, de production et de diffusion, des renseignements sur le <a title=\"Statut de l'artiste\" href=\"http:\/\/www.artere.qc.ca\/ressources\/statut-de-lartiste\/\" data-id=\"2041\"><strong>statut d\u2019artiste<\/strong><\/a> et les <a title=\"Droits d'auteur\" href=\"http:\/\/www.artere.qc.ca\/ressources\/droits-dauteur\/\" data-id=\"2042\"><strong>droits d\u2019auteurs<\/strong><\/a>, des formations pertinentes, des <a title=\"Outils de promotion\" href=\"http:\/\/www.artere.qc.ca\/ressources\/outils-de-promotion\/\" data-id=\"2040\"><strong>outils de promotion<\/strong><\/a> et m\u00eame des renseignements sur l\u2019<a title=\"Administration\" href=\"http:\/\/www.artere.qc.ca\/ressources\/administration\/\" data-id=\"1191\"><strong>administration<\/strong><\/a> de votre carri\u00e8re artistique (gestion financi\u00e8re, budgets, contrats, assurances).\u00a0 <\/em><\/p>\n<p><strong>Links:<\/strong><\/p>\n<ul>\n<li><strong><a href=\"http:\/\/www.artere.qc.ca\/babillard\/\">Art\u00e8re<\/a><a href=\"http:\/\/www.artere.qc.ca\/babillard\/\" target=\"_blank\" rel=\"noopener noreferrer\"> website.<\/a> <\/strong><\/li>\n<\/ul>\n<\/div><\/div><\/div><\/section>\n<section class='av_toggle_section av-7okb33-30b2d246879191312c1b7f3efc58418f'  itemscope=\"itemscope\" itemtype=\"https:\/\/schema.org\/CreativeWork\" ><div role=\"tablist\" class=\"single_toggle\" data-tags=\"{All} \"  ><p id='toggle-toggle-id-74' data-fake-id='#toggle-id-74' class='toggler  av-title-above '  itemprop=\"headline\"  role='tab' tabindex='0' aria-controls='toggle-id-74' data-slide-speed=\"200\" data-title=\"CharityVillage\" data-title-open=\"\" data-aria_collapsed=\"Click to expand: CharityVillage\" data-aria_expanded=\"Click to collapse: CharityVillage\">CharityVillage<span class=\"toggle_icon\"><span class=\"vert_icon\"><\/span><span class=\"hor_icon\"><\/span><\/span><\/p><div id='toggle-id-74' aria-labelledby='toggle-toggle-id-74' role='region' class='toggle_wrap  av-title-above'  ><div class='toggle_content invers-color '  itemprop=\"text\" ><p>Launched in July 1995, CharityVillage has become the Canadian nonprofit sector\u2019s largest and most popular online resource for recruiting, news and how-to information.<\/p>\n<p><strong>Links:<\/strong><\/p>\n<ul>\n<li><strong><a href=\"http:\/\/charityvillage.com\/\">CharityVillage website.<\/a> <\/strong><\/li>\n<\/ul>\n<\/div><\/div><\/div><\/section>\n<section class='av_toggle_section av-jec1r-3e3d75318b3941af7eb90511a910239a'  itemscope=\"itemscope\" itemtype=\"https:\/\/schema.org\/CreativeWork\" ><div role=\"tablist\" class=\"single_toggle\" data-tags=\"{All} \"  ><p id='toggle-toggle-id-75' data-fake-id='#toggle-id-75' class='toggler  av-title-above '  itemprop=\"headline\"  role='tab' tabindex='0' aria-controls='toggle-id-75' data-slide-speed=\"200\" data-title=\"COCo : The Centre for Community Organizations Job Board\" data-title-open=\"\" data-aria_collapsed=\"Click to expand: COCo : The Centre for Community Organizations Job Board\" data-aria_expanded=\"Click to collapse: COCo : The Centre for Community Organizations Job Board\">COCo : The Centre for Community Organizations Job Board<span class=\"toggle_icon\"><span class=\"vert_icon\"><\/span><span class=\"hor_icon\"><\/span><\/span><\/p><div id='toggle-id-75' aria-labelledby='toggle-toggle-id-75' role='region' class='toggle_wrap  av-title-above'  ><div class='toggle_content invers-color '  itemprop=\"text\" ><p>The Centre for Community Organizations (COCo)\u2019s mission is to help build a more socially just world by supporting the health and well-being of community organizations in Qu\u00e9bec.<\/p>\n<p><strong>Links:<\/strong><\/p>\n<ul>\n<li><a href=\"https:\/\/coco-net.org\/job-postings\/\"><strong>COCo website. <\/strong><\/a><\/li>\n<\/ul>\n<\/div><\/div><\/div><\/section>\n<section class='av_toggle_section av-4c313z-47c224238776cd932bf0b436ccac21e3'  itemscope=\"itemscope\" itemtype=\"https:\/\/schema.org\/CreativeWork\" ><div role=\"tablist\" class=\"single_toggle\" data-tags=\"{All} \"  ><p id='toggle-toggle-id-76' data-fake-id='#toggle-id-76' class='toggler  av-title-above '  itemprop=\"headline\"  role='tab' tabindex='0' aria-controls='toggle-id-76' data-slide-speed=\"200\" data-title=\"L\u2019\u00c9TAPE\" data-title-open=\"\" data-aria_collapsed=\"Click to expand: L\u2019\u00c9TAPE\" data-aria_expanded=\"Click to collapse: L\u2019\u00c9TAPE\">L\u2019\u00c9TAPE<span class=\"toggle_icon\"><span class=\"vert_icon\"><\/span><span class=\"hor_icon\"><\/span><\/span><\/p><div id='toggle-id-76' aria-labelledby='toggle-toggle-id-76' role='region' class='toggle_wrap  av-title-above'  ><div class='toggle_content invers-color '  itemprop=\"text\" ><p>The services of L\u2019ETAPE are addressed to persons having a disability who live on Montreal or Laval . Our services are offered in French and in English. For deaf and hard-of-hearing persons, we communicate in sign language (LSQ\/ASL) and the oral technique. The services are entirely free.<\/p>\n<p><strong>Links:<\/strong><\/p>\n<ul>\n<li><strong><a href=\"https:\/\/letape.org\/en\/\">L\u2019\u00c9TAPE website.<\/a> <\/strong><\/li>\n<\/ul>\n<\/div><\/div><\/div><\/section>\n<section class='av_toggle_section av-26ntlr-b037c6a817638c96d3b39ff3684c9fa0'  itemscope=\"itemscope\" itemtype=\"https:\/\/schema.org\/CreativeWork\" ><div role=\"tablist\" class=\"single_toggle\" data-tags=\"{All} \"  ><p id='toggle-toggle-id-77' data-fake-id='#toggle-id-77' class='toggler  av-title-above '  itemprop=\"headline\"  role='tab' tabindex='0' aria-controls='toggle-id-77' data-slide-speed=\"200\" data-title=\"YES Montreal\" data-title-open=\"\" data-aria_collapsed=\"Click to expand: YES Montreal\" data-aria_expanded=\"Click to collapse: YES Montreal\">YES Montreal<span class=\"toggle_icon\"><span class=\"vert_icon\"><\/span><span class=\"hor_icon\"><\/span><\/span><\/p><div id='toggle-id-77' aria-labelledby='toggle-toggle-id-77' role='region' class='toggle_wrap  av-title-above'  ><div class='toggle_content invers-color '  itemprop=\"text\" ><p>YES is a non-profit, community-driven English-language service provider that has been helping Quebecers province-wide find employment and start and grow businesses for over 20 years.<\/p>\n<p><strong>Links:<\/strong><\/p>\n<ul>\n<li><strong><a href=\"http:\/\/yesmontreal.ca\">YES Montreal website.<\/a> <\/strong><\/li>\n<\/ul>\n<\/div><\/div><\/div><\/section>\n<\/div><\/div>\n\n<style type=\"text\/css\" data-created_by=\"avia_inline_auto\" id=\"style-css-av-4smvq7-0d2689fd5700c54b25762e3358a4aa87\">\n.flex_column.av-4smvq7-0d2689fd5700c54b25762e3358a4aa87{\nborder-radius:0px 0px 0px 0px;\npadding:0px 0px 0px 0px;\n}\n<\/style>\n<div  class='flex_column av-4smvq7-0d2689fd5700c54b25762e3358a4aa87 av_one_half  avia-builder-el-55  el_after_av_one_half  el_before_av_hr  flex_column_div av-zero-column-padding  '     ><style type=\"text\/css\" data-created_by=\"avia_inline_auto\" id=\"style-css-av-l4ck1fgp-5d6e6f810edfdd4e5967dba8fd1aac68\">\n.avia-image-container.av-l4ck1fgp-5d6e6f810edfdd4e5967dba8fd1aac68 img.avia_image{\nbox-shadow:none;\n}\n.avia-image-container.av-l4ck1fgp-5d6e6f810edfdd4e5967dba8fd1aac68 .av-image-caption-overlay-center{\ncolor:#ffffff;\n}\n<\/style>\n<div  class='avia-image-container av-l4ck1fgp-5d6e6f810edfdd4e5967dba8fd1aac68 av-styling- avia-align-center  avia-builder-el-56  avia-builder-el-no-sibling '   itemprop=\"image\" itemscope=\"itemscope\" itemtype=\"https:\/\/schema.org\/ImageObject\" ><div class=\"avia-image-container-inner\"><div class=\"avia-image-overlay-wrap\"><img fetchpriority=\"high\" decoding=\"async\" fetchpriority=\"high\" fetchpriority=\"high\" class='wp-image-42115 avia-img-lazy-loading-not-42115 avia_image ' src=\"https:\/\/www.quebec-elan.org\/wp-content\/uploads\/2022\/06\/photo20-600.jpg\" alt='Audience member asking a question in a microphone' title='photo20-600'  height=\"600\" width=\"900\"  itemprop=\"thumbnailUrl\" srcset=\"https:\/\/www.quebec-elan.org\/wp-content\/uploads\/2022\/06\/photo20-600.jpg 900w, https:\/\/www.quebec-elan.org\/wp-content\/uploads\/2022\/06\/photo20-600-600x400.jpg 600w, https:\/\/www.quebec-elan.org\/wp-content\/uploads\/2022\/06\/photo20-600-300x200.jpg 300w, https:\/\/www.quebec-elan.org\/wp-content\/uploads\/2022\/06\/photo20-600-768x512.jpg 768w, https:\/\/www.quebec-elan.org\/wp-content\/uploads\/2022\/06\/photo20-600-705x470.jpg 705w\" sizes=\"(max-width: 900px) 100vw, 900px\" \/><\/div><\/div><\/div><\/div>\n\n<style type=\"text\/css\" data-created_by=\"avia_inline_auto\" id=\"style-css-av-k1ii3mmd-68-6762911dc69cbd08cdc344600ae59692\">\n#top .hr.hr-invisible.av-k1ii3mmd-68-6762911dc69cbd08cdc344600ae59692{\nheight:25px;\n}\n<\/style>\n<div  class='hr av-k1ii3mmd-68-6762911dc69cbd08cdc344600ae59692 hr-invisible  avia-builder-el-57  el_after_av_one_half  el_before_av_button '><span class='hr-inner '><span class=\"hr-inner-style\"><\/span><\/span><\/div>\n<div  class='avia-button-wrap av-k1ii249i-78-1e01263f1116205ab8676a4f6c2ced84-wrap avia-button-right  avia-builder-el-58  el_after_av_hr  el_before_av_heading '><a href='https:\/\/www.quebec-elan.org\/links\/#Index'  class='avia-button av-k1ii249i-78-1e01263f1116205ab8676a4f6c2ced84 av-link-btn avia-icon_select-yes-left-icon avia-size-medium avia-position-right avia-color-theme-color'   aria-label=\" Back to Index\"><span class='avia_button_icon avia_button_icon_left avia-iconfont avia-font-entypo-fontello' data-av_icon='\ue87e' data-av_iconfont='entypo-fontello' ><\/span><span class='avia_iconbox_title' > Back to Index<\/span><\/a><\/div>\n\n<style type=\"text\/css\" data-created_by=\"avia_inline_auto\" id=\"style-css-av-i3te8v-40032e13c942e32a41dfae384b34c784\">\n#top .av-special-heading.av-i3te8v-40032e13c942e32a41dfae384b34c784{\npadding-bottom:30px;\n}\nbody .av-special-heading.av-i3te8v-40032e13c942e32a41dfae384b34c784 .av-special-heading-tag .heading-char{\nfont-size:25px;\n}\n.av-special-heading.av-i3te8v-40032e13c942e32a41dfae384b34c784 .av-subheading{\nfont-size:15px;\n}\n<\/style>\n<div  id=\"LegalResources\"  class='av-special-heading av-i3te8v-40032e13c942e32a41dfae384b34c784 av-special-heading-h1  avia-builder-el-59  el_after_av_button  el_before_av_one_half  av-linked-heading'><h1 class='av-special-heading-tag '  itemprop=\"headline\"  >Legal Resources<\/h1><div class=\"special-heading-border\"><div class=\"special-heading-inner-border\"><\/div><\/div><\/div>\n\n<style type=\"text\/css\" data-created_by=\"avia_inline_auto\" id=\"style-css-av-h18i8v-67-1ab94e3b53984167e3a02ca6a62351e5\">\n.flex_column.av-h18i8v-67-1ab94e3b53984167e3a02ca6a62351e5{\nborder-radius:0px 0px 0px 0px;\npadding:0px 0px 0px 0px;\n}\n<\/style>\n<div  class='flex_column av-h18i8v-67-1ab94e3b53984167e3a02ca6a62351e5 av_one_half  avia-builder-el-60  el_after_av_heading  el_before_av_hr  first flex_column_div av-zero-column-padding  '     ><div  class='togglecontainer av-k1iaw9td-66-c27efff1eba495b0e85cda17866f6c9c av-minimal-toggle  avia-builder-el-61  avia-builder-el-no-sibling  toggle_close_all' >\n<section class='av_toggle_section av-raumb3-41926ae9e77e9d7e1be52b154fac93be'  itemscope=\"itemscope\" itemtype=\"https:\/\/schema.org\/CreativeWork\" ><div role=\"tablist\" class=\"single_toggle\" data-tags=\"{All} \"  ><p id='toggle-toggle-id-78' data-fake-id='#toggle-id-78' class='toggler  av-title-above '  itemprop=\"headline\"  role='tab' tabindex='0' aria-controls='toggle-id-78' data-slide-speed=\"200\" data-title=\"ACCESS : Canadian Copyright Licensing Agency\" data-title-open=\"\" data-aria_collapsed=\"Click to expand: ACCESS : Canadian Copyright Licensing Agency\" data-aria_expanded=\"Click to collapse: ACCESS : Canadian Copyright Licensing Agency\">ACCESS : Canadian Copyright Licensing Agency<span class=\"toggle_icon\"><span class=\"vert_icon\"><\/span><span class=\"hor_icon\"><\/span><\/span><\/p><div id='toggle-id-78' aria-labelledby='toggle-toggle-id-78' role='region' class='toggle_wrap  av-title-above'  ><div class='toggle_content invers-color '  itemprop=\"text\" ><p>Access Copyright is a collective voice of creators and publishers in Canada. A non-profit, national organization, we represent tens of thousands of Canadian writers, visual artists and publishers, and their works. We license the copying of this repertoire to educational institutions, businesses, governments and others. The proceeds gathered when content is copied, remixed and shared are passed along to the copyright-holders.<\/p>\n<p><strong>Links:<\/strong><\/p>\n<ul>\n<li><a href=\"https:\/\/www.accesscopyright.ca\/\" target=\"_blank\" rel=\"noopener\"><strong>ACCESS website<\/strong><\/a><\/li>\n<\/ul>\n<\/div><\/div><\/div><\/section>\n<section class='av_toggle_section av-2kzxun-434b80afc758be4ec6232026eb3b41c8'  itemscope=\"itemscope\" itemtype=\"https:\/\/schema.org\/CreativeWork\" ><div role=\"tablist\" class=\"single_toggle\" data-tags=\"{All} \"  ><p id='toggle-toggle-id-79' data-fake-id='#toggle-id-79' class='toggler  av-title-above '  itemprop=\"headline\"  role='tab' tabindex='0' aria-controls='toggle-id-79' data-slide-speed=\"200\" data-title=\"ALSO : Artists\u2019 Legal Services Ottawa\" data-title-open=\"\" data-aria_collapsed=\"Click to expand: ALSO : Artists\u2019 Legal Services Ottawa\" data-aria_expanded=\"Click to collapse: ALSO : Artists\u2019 Legal Services Ottawa\">ALSO : Artists\u2019 Legal Services Ottawa<span class=\"toggle_icon\"><span class=\"vert_icon\"><\/span><span class=\"hor_icon\"><\/span><\/span><\/p><div id='toggle-id-79' aria-labelledby='toggle-toggle-id-79' role='region' class='toggle_wrap  av-title-above'  ><div class='toggle_content invers-color '  itemprop=\"text\" ><p>ALSO is a group of volunteer lawyers, artists and arts industry professionals dedicated to connecting Ottawa-area artists with legal information and resources that can help address legal problems related to artists\u2019 professional practices.<\/p>\n<p><strong>Links:<\/strong><\/p>\n<ul>\n<li><a href=\"http:\/\/www.artslawottawa.ca\/\" target=\"_blank\" rel=\"noopener\"><strong>ALSO website<\/strong><\/a><\/li>\n<\/ul>\n<\/div><\/div><\/div><\/section>\n<section class='av_toggle_section av-o7bwzj-364c052e9554038db4c0acfe4981809e'  itemscope=\"itemscope\" itemtype=\"https:\/\/schema.org\/CreativeWork\" ><div role=\"tablist\" class=\"single_toggle\" data-tags=\"{All} \"  ><p id='toggle-toggle-id-80' data-fake-id='#toggle-id-80' class='toggler  av-title-above '  itemprop=\"headline\"  role='tab' tabindex='0' aria-controls='toggle-id-80' data-slide-speed=\"200\" data-title=\"Canadian Intellectual Property Office\" data-title-open=\"\" data-aria_collapsed=\"Click to expand: Canadian Intellectual Property Office\" data-aria_expanded=\"Click to collapse: Canadian Intellectual Property Office\">Canadian Intellectual Property Office<span class=\"toggle_icon\"><span class=\"vert_icon\"><\/span><span class=\"hor_icon\"><\/span><\/span><\/p><div id='toggle-id-80' aria-labelledby='toggle-toggle-id-80' role='region' class='toggle_wrap  av-title-above'  ><div class='toggle_content invers-color '  itemprop=\"text\" ><p>The Canadian Intellectual Property Office (<abbr>CIPO<\/abbr>) is a part of <a class=\"metric-click\" href=\"http:\/\/www.canada.ca\/en\/innovation-science-economic-development.html\"><strong>Innovation, Science and Economic Development Canada<\/strong><\/a>. <abbr title=\"Canadian Intellectual Property Office\">CIPO<\/abbr> is a Special Operating Agency\u00a0(<abbr>SOA<\/abbr>) and is responsible for the administration and processing of the greater part of intellectual property\u00a0(<abbr>IP<\/abbr>) in Canada. <abbr title=\"Canadian Intellectual Property Office\">CIPO<\/abbr>\u2018s areas of activity include trademarks, patents, industrial designs and copyright. <abbr title=\"Canadian Intellectual Property Office\">CIPO<\/abbr>\u2018s mandate is to deliver high quality and timely <abbr title=\"intellectual property\">IP<\/abbr> services to customers, and to increase awareness, knowledge and effective use of <abbr title=\"intellectual property\">IP<\/abbr> by Canadians.<\/p>\n<p><strong>Links:<\/strong><\/p>\n<ul>\n<li><a href=\"http:\/\/www.ic.gc.ca\/eic\/site\/cipointernet-internetopic.nsf\/eng\/home\" target=\"_blank\" rel=\"noopener\"><strong>CIPO website<\/strong><\/a><\/li>\n<\/ul>\n<\/div><\/div><\/div><\/section>\n<section class='av_toggle_section av-n45t3j-d2b5e8663d11612c833b7a4d344d5ecc'  itemscope=\"itemscope\" itemtype=\"https:\/\/schema.org\/CreativeWork\" ><div role=\"tablist\" class=\"single_toggle\" data-tags=\"{All} \"  ><p id='toggle-toggle-id-81' data-fake-id='#toggle-id-81' class='toggler  av-title-above '  itemprop=\"headline\"  role='tab' tabindex='0' aria-controls='toggle-id-81' data-slide-speed=\"200\" data-title=\"CJAM : Montreal Artists Legal Clinic\" data-title-open=\"\" data-aria_collapsed=\"Click to expand: CJAM : Montreal Artists Legal Clinic\" data-aria_expanded=\"Click to collapse: CJAM : Montreal Artists Legal Clinic\">CJAM : Montreal Artists Legal Clinic<span class=\"toggle_icon\"><span class=\"vert_icon\"><\/span><span class=\"hor_icon\"><\/span><\/span><\/p><div id='toggle-id-81' aria-labelledby='toggle-toggle-id-81' role='region' class='toggle_wrap  av-title-above'  ><div class='toggle_content invers-color '  itemprop=\"text\" ><p>CJAM is a charity dedicated to offering free legal information services to our city\u2019s artists. CJAM hosts workshops and legal information nights that will provide you with basic legal knowledge in a number of areas relevant to your work.<\/p>\n<p><strong>Links:<\/strong><\/p>\n<ul>\n<li><a href=\"http:\/\/cjam.info\/\" target=\"_blank\" rel=\"noopener\"><strong>CJAM website<\/strong><\/a><\/li>\n<\/ul>\n<\/div><\/div><\/div><\/section>\n<section class='av_toggle_section av-kxl8e7-6ec63c798d3a5c097e23b3d5d0026b47'  itemscope=\"itemscope\" itemtype=\"https:\/\/schema.org\/CreativeWork\" ><div role=\"tablist\" class=\"single_toggle\" data-tags=\"{All} \"  ><p id='toggle-toggle-id-82' data-fake-id='#toggle-id-82' class='toggler  av-title-above '  itemprop=\"headline\"  role='tab' tabindex='0' aria-controls='toggle-id-82' data-slide-speed=\"200\" data-title=\"CJJ : Clinique juridique Juripop\" data-title-open=\"\" data-aria_collapsed=\"Click to expand: CJJ : Clinique juridique Juripop\" data-aria_expanded=\"Click to collapse: CJJ : Clinique juridique Juripop\">CJJ : Clinique juridique Juripop<span class=\"toggle_icon\"><span class=\"vert_icon\"><\/span><span class=\"hor_icon\"><\/span><\/span><\/p><div id='toggle-id-82' aria-labelledby='toggle-toggle-id-82' role='region' class='toggle_wrap  av-title-above'  ><div class='toggle_content invers-color '  itemprop=\"text\" ><p>Juripop fights, first of all, to improve access to the justice system for all citizens. It as well promotes the defense of social, economic and human rights. More specifically, the Clinique juridique Juripop offers legal services at very modest cost to people excluded from the government legal aid, but who are financially unable to pay for the defense of their rights. Moreover Juripop is a social entreprise constantly launching innovative projects in the field of legal awareness such as conferences on informing citizens of their legal rights and obligations.<\/p>\n<p><strong>Links:<\/strong><\/p>\n<ul>\n<li><a href=\"https:\/\/juripop.org\/\" target=\"_blank\" rel=\"noopener\"><strong>Juripop website<\/strong><\/a><\/li>\n<\/ul>\n<\/div><\/div><\/div><\/section>\n<section class='av_toggle_section av-jgfv7z-c04e3efe038d0ee18dd63401f18e6422'  itemscope=\"itemscope\" itemtype=\"https:\/\/schema.org\/CreativeWork\" ><div role=\"tablist\" class=\"single_toggle\" data-tags=\"{All} \"  ><p id='toggle-toggle-id-83' data-fake-id='#toggle-id-83' class='toggler  av-title-above '  itemprop=\"headline\"  role='tab' tabindex='0' aria-controls='toggle-id-83' data-slide-speed=\"200\" data-title=\"Educaloi\" data-title-open=\"\" data-aria_collapsed=\"Click to expand: Educaloi\" data-aria_expanded=\"Click to collapse: Educaloi\">Educaloi<span class=\"toggle_icon\"><span class=\"vert_icon\"><\/span><span class=\"hor_icon\"><\/span><\/span><\/p><div id='toggle-id-83' aria-labelledby='toggle-toggle-id-83' role='region' class='toggle_wrap  av-title-above'  ><div class='toggle_content invers-color '  itemprop=\"text\" ><p>\u00c9ducaloi is a registered charity that was founded in 2000. It is a leader in the movement to improve access to justice in Quebec. The core of \u00c9ducaloi\u2019s mission is explaining the law to Quebecers in everyday language.<\/p>\n<p><strong>Links:<\/strong><\/p>\n<ul>\n<li><a href=\"https:\/\/www.educaloi.qc.ca\/en\" target=\"_blank\" rel=\"noopener\"><strong>Educaloi website <\/strong><\/a><\/li>\n<\/ul>\n<\/div><\/div><\/div><\/section>\n<section class='av_toggle_section av-h7y28f-c16062252e02aabdcb38b9d672d039dd'  itemscope=\"itemscope\" itemtype=\"https:\/\/schema.org\/CreativeWork\" ><div role=\"tablist\" class=\"single_toggle\" data-tags=\"{All} \"  ><p id='toggle-toggle-id-84' data-fake-id='#toggle-id-84' class='toggler  av-title-above '  itemprop=\"headline\"  role='tab' tabindex='0' aria-controls='toggle-id-84' data-slide-speed=\"200\" data-title=\"NSALIS : Artists\u2019 Legal Information Society Database\" data-title-open=\"\" data-aria_collapsed=\"Click to expand: NSALIS : Artists\u2019 Legal Information Society Database\" data-aria_expanded=\"Click to collapse: NSALIS : Artists\u2019 Legal Information Society Database\">NSALIS : Artists\u2019 Legal Information Society Database<span class=\"toggle_icon\"><span class=\"vert_icon\"><\/span><span class=\"hor_icon\"><\/span><\/span><\/p><div id='toggle-id-84' aria-labelledby='toggle-toggle-id-84' role='region' class='toggle_wrap  av-title-above'  ><div class='toggle_content invers-color '  itemprop=\"text\" ><p><span class=\"s1\">NSALIS\u2019<\/span> extensive database of articles\u00a0for creative professionals looking for legal information.<\/p>\n<p><strong>Links:<\/strong><\/p>\n<ul>\n<li><a href=\"http:\/\/nsalis.com\/legal-help\/legal-information-database\/\" target=\"_blank\" rel=\"noopener\"><strong>NSALIS website<\/strong><\/a><\/li>\n<\/ul>\n<\/div><\/div><\/div><\/section>\n<\/div><\/div>\n\n<style type=\"text\/css\" data-created_by=\"avia_inline_auto\" id=\"style-css-av-k1ii3mmd-65-d7412933bb0ef2645077b40fa8a67a6d\">\n#top .hr.hr-invisible.av-k1ii3mmd-65-d7412933bb0ef2645077b40fa8a67a6d{\nheight:25px;\n}\n<\/style>\n<div  class='hr av-k1ii3mmd-65-d7412933bb0ef2645077b40fa8a67a6d hr-invisible  avia-builder-el-62  el_after_av_one_half  el_before_av_button '><span class='hr-inner '><span class=\"hr-inner-style\"><\/span><\/span><\/div>\n<div  class='avia-button-wrap av-k1ii249i-64-dcf816149a5a64d8c9de18b3a117d09c-wrap avia-button-right  avia-builder-el-63  el_after_av_hr  el_before_av_heading '><a href='https:\/\/www.quebec-elan.org\/links\/#Index'  class='avia-button av-k1ii249i-64-dcf816149a5a64d8c9de18b3a117d09c av-link-btn avia-icon_select-yes-left-icon avia-size-medium avia-position-right avia-color-theme-color'   aria-label=\" Back to Index\"><span class='avia_button_icon avia_button_icon_left avia-iconfont avia-font-entypo-fontello' data-av_icon='\ue87e' data-av_iconfont='entypo-fontello' ><\/span><span class='avia_iconbox_title' > Back to Index<\/span><\/a><\/div>\n\n<style type=\"text\/css\" data-created_by=\"avia_inline_auto\" id=\"style-css-av-kvms04qm-d62b317d245fc69488a287f812bc2815\">\n#top .av-special-heading.av-kvms04qm-d62b317d245fc69488a287f812bc2815{\npadding-bottom:10px;\n}\nbody .av-special-heading.av-kvms04qm-d62b317d245fc69488a287f812bc2815 .av-special-heading-tag .heading-char{\nfont-size:25px;\n}\n.av-special-heading.av-kvms04qm-d62b317d245fc69488a287f812bc2815 .av-subheading{\nfont-size:15px;\n}\n<\/style>\n<div  class='av-special-heading av-kvms04qm-d62b317d245fc69488a287f812bc2815 av-special-heading-h2  avia-builder-el-64  el_after_av_button  el_before_av_one_half '><h2 class='av-special-heading-tag '  itemprop=\"headline\"  >Resources for Newcomers <span class='special_amp'>&amp;<\/span> Immigrants<\/h2><div class=\"special-heading-border\"><div class=\"special-heading-inner-border\"><\/div><\/div><\/div>\n\n<style type=\"text\/css\" data-created_by=\"avia_inline_auto\" id=\"style-css-av-7dnfkf-4223e9721ed37883906d33b1e3a8463e\">\n.flex_column.av-7dnfkf-4223e9721ed37883906d33b1e3a8463e{\nborder-radius:0px 0px 0px 0px;\npadding:0px 0px 0px 0px;\n}\n<\/style>\n<div  class='flex_column av-7dnfkf-4223e9721ed37883906d33b1e3a8463e av_one_half  avia-builder-el-65  el_after_av_heading  el_before_av_hr  first flex_column_div av-zero-column-padding  '     ><div  class='togglecontainer av-kvms8ao9-1ce8d9fbece24c2fe2ef49c077d41c59 av-minimal-toggle  avia-builder-el-66  avia-builder-el-no-sibling  toggle_close_all' >\n<section class='av_toggle_section av-kvmsmizc-626b86b487877a889e882713f28d4b3f'  itemscope=\"itemscope\" itemtype=\"https:\/\/schema.org\/CreativeWork\" ><div role=\"tablist\" class=\"single_toggle\" data-tags=\"{All} \"  ><p id='toggle-toggle-id-85' data-fake-id='#toggle-id-85' class='toggler  av-title-above '  itemprop=\"headline\"  role='tab' tabindex='0' aria-controls='toggle-id-85' data-slide-speed=\"200\" data-title=\"AAF: Afrique Au F\u00e9minin\" data-title-open=\"\" data-aria_collapsed=\"Click to expand: AAF: Afrique Au F\u00e9minin\" data-aria_expanded=\"Click to collapse: AAF: Afrique Au F\u00e9minin\">AAF: Afrique Au F\u00e9minin<span class=\"toggle_icon\"><span class=\"vert_icon\"><\/span><span class=\"hor_icon\"><\/span><\/span><\/p><div id='toggle-id-85' aria-labelledby='toggle-toggle-id-85' role='region' class='toggle_wrap  av-title-above'  ><div class='toggle_content invers-color '  itemprop=\"text\" ><p>Afrique au F\u00e9minin is the only women\u2019s centre in Parc-Extension, a district located in the Centre-North borough, where there is a high concentration of people from ethnocultural communities and almost 50% of whom are women facing various barriers of integration. The Centre is a place of meeting, belonging, socialization, mutual aid, solidarity, mentoring and action for all women in general and those from visible minorities, particularly those experiencing difficulties in their process. social and economic integration in Quebec society and wanting to break their isolation.<\/p>\n<p><strong>Links:<\/strong><\/p>\n<ul>\n<li><a href=\"https:\/\/www.afriqueaufeminin.org\/?lang=en_us\" target=\"_blank\" rel=\"noopener\"><strong>AFF Website<\/strong><\/a><\/li>\n<\/ul>\n<\/div><\/div><\/div><\/section>\n<section class='av_toggle_section av-kvmsmizc-59-4a2d5dd9103dbbf76f61b8d0fe59a7fb'  itemscope=\"itemscope\" itemtype=\"https:\/\/schema.org\/CreativeWork\" ><div role=\"tablist\" class=\"single_toggle\" data-tags=\"{All} \"  ><p id='toggle-toggle-id-86' data-fake-id='#toggle-id-86' class='toggler  av-title-above '  itemprop=\"headline\"  role='tab' tabindex='0' aria-controls='toggle-id-86' data-slide-speed=\"200\" data-title=\"Accueil aux immigrants de l\u2019est de Montr\u00e9al AIEM\" data-title-open=\"\" data-aria_collapsed=\"Click to expand: Accueil aux immigrants de l\u2019est de Montr\u00e9al AIEM\" data-aria_expanded=\"Click to collapse: Accueil aux immigrants de l\u2019est de Montr\u00e9al AIEM\">Accueil aux immigrants de l\u2019est de Montr\u00e9al AIEM<span class=\"toggle_icon\"><span class=\"vert_icon\"><\/span><span class=\"hor_icon\"><\/span><\/span><\/p><div id='toggle-id-86' aria-labelledby='toggle-toggle-id-86' role='region' class='toggle_wrap  av-title-above'  ><div class='toggle_content invers-color '  itemprop=\"text\" ><p><span style=\"font-weight: 400;\">Based in the borough of Saint-L\u00e9onard, the AIEM offers a wide range of complementary services to facilitate the integration of immigrants and their families. Points of service are also available in Anjou, Rivi\u00e8re-des-Prairies and Pointe-aux-Trembles. Assist in the socio-economic integration of immigrants and visible minorities to develop full citizens of the host society.<\/span><\/p>\n<p><strong>Links:<\/strong><\/p>\n<ul>\n<li><a href=\"https:\/\/aiemont.com\/en\/\" target=\"_blank\" rel=\"noopener\"><strong>AIEM Website<\/strong><\/a><\/li>\n<\/ul>\n<\/div><\/div><\/div><\/section>\n<section class='av_toggle_section av-kvmsmizc-58-9ed91a99d3f89d76db2ef562aa581f1f'  itemscope=\"itemscope\" itemtype=\"https:\/\/schema.org\/CreativeWork\" ><div role=\"tablist\" class=\"single_toggle\" data-tags=\"{All} \"  ><p id='toggle-toggle-id-87' data-fake-id='#toggle-id-87' class='toggler  av-title-above '  itemprop=\"headline\"  role='tab' tabindex='0' aria-controls='toggle-id-87' data-slide-speed=\"200\" data-title=\"AGIR Montr\u00e9al Action LGBTQIA+ avec les ImmigrantEs et R\u00e9fugi\u00e9Es\" data-title-open=\"\" data-aria_collapsed=\"Click to expand: AGIR Montr\u00e9al Action LGBTQIA+ avec les ImmigrantEs et R\u00e9fugi\u00e9Es\" data-aria_expanded=\"Click to collapse: AGIR Montr\u00e9al Action LGBTQIA+ avec les ImmigrantEs et R\u00e9fugi\u00e9Es\">AGIR Montr\u00e9al Action LGBTQIA+ avec les ImmigrantEs et R\u00e9fugi\u00e9Es<span class=\"toggle_icon\"><span class=\"vert_icon\"><\/span><span class=\"hor_icon\"><\/span><\/span><\/p><div id='toggle-id-87' aria-labelledby='toggle-toggle-id-87' role='region' class='toggle_wrap  av-title-above'  ><div class='toggle_content invers-color '  itemprop=\"text\" ><p><span style=\"font-weight: 400;\">AGIR Montr\u00e9al (Action LGBTQIA+ avec les ImmigrantEs et R\u00e9fugi\u00e9Es) is an autonomous non-profit organization, by and for the LGBTQIA+ migrant community living in Montreal.<\/span><\/p>\n<p><strong>Links:<\/strong><\/p>\n<ul>\n<li><a href=\"https:\/\/www.agirmontreal.org\/en\/home\" target=\"_blank\" rel=\"noopener\"><strong>AGIR Website<\/strong><\/a><\/li>\n<\/ul>\n<\/div><\/div><\/div><\/section>\n<section class='av_toggle_section av-kvms55s8-ed46994f6d99bdebf6c786c53423e33e'  itemscope=\"itemscope\" itemtype=\"https:\/\/schema.org\/CreativeWork\" ><div role=\"tablist\" class=\"single_toggle\" data-tags=\"{All} \"  ><p id='toggle-toggle-id-88' data-fake-id='#toggle-id-88' class='toggler  av-title-above '  itemprop=\"headline\"  role='tab' tabindex='0' aria-controls='toggle-id-88' data-slide-speed=\"200\" data-title=\"The Canadian Council For Refugees\" data-title-open=\"\" data-aria_collapsed=\"Click to expand: The Canadian Council For Refugees\" data-aria_expanded=\"Click to collapse: The Canadian Council For Refugees\">The Canadian Council For Refugees<span class=\"toggle_icon\"><span class=\"vert_icon\"><\/span><span class=\"hor_icon\"><\/span><\/span><\/p><div id='toggle-id-88' aria-labelledby='toggle-toggle-id-88' role='region' class='toggle_wrap  av-title-above'  ><div class='toggle_content invers-color '  itemprop=\"text\" ><p><span style=\"font-weight: 400;\">The Canadian Council for Refugees is a non-profit umbrella organization dedicated to advocating for and protecting refugees in Canada and around the world, and to settling refugees and immigrants to Canada. Its members are organizations involved in the establishment, sponsorship and protection of refugees and immigrants.<\/span><\/p>\n<p><strong>Links:<\/strong><\/p>\n<ul>\n<li><a href=\"http:\/\/www.ccrweb.ca\/\" target=\"_blank\" rel=\"noopener\"><strong>CCR Website<\/strong><\/a><\/li>\n<\/ul>\n<\/div><\/div><\/div><\/section>\n<section class='av_toggle_section av-kvms2vql-5cd76aea5d6722a1384393368366b94c'  itemscope=\"itemscope\" itemtype=\"https:\/\/schema.org\/CreativeWork\" ><div role=\"tablist\" class=\"single_toggle\" data-tags=\"{All} \"  ><p id='toggle-toggle-id-89' data-fake-id='#toggle-id-89' class='toggler  av-title-above '  itemprop=\"headline\"  role='tab' tabindex='0' aria-controls='toggle-id-89' data-slide-speed=\"200\" data-title=\"Centre d\u2019\u00e9coute Et de r\u00e9f\u00e9rence Multi-\u00c9coute (Multi-lingual listening)\" data-title-open=\"\" data-aria_collapsed=\"Click to expand: Centre d\u2019\u00e9coute Et de r\u00e9f\u00e9rence Multi-\u00c9coute (Multi-lingual listening)\" data-aria_expanded=\"Click to collapse: Centre d\u2019\u00e9coute Et de r\u00e9f\u00e9rence Multi-\u00c9coute (Multi-lingual listening)\">Centre d\u2019\u00e9coute Et de r\u00e9f\u00e9rence Multi-\u00c9coute (Multi-lingual listening)<span class=\"toggle_icon\"><span class=\"vert_icon\"><\/span><span class=\"hor_icon\"><\/span><\/span><\/p><div id='toggle-id-89' aria-labelledby='toggle-toggle-id-89' role='region' class='toggle_wrap  av-title-above'  ><div class='toggle_content invers-color '  itemprop=\"text\" ><p><span style=\"font-weight: 400;\">The mission of the Center Multi-\u00c9coute is to prevent mental health and help the social integration of anyone who feels the need.<\/span><\/p>\n<p><strong>Links:<\/strong><\/p>\n<ul>\n<li><a href=\"http:\/\/multiecoute.org\/\" target=\"_blank\" rel=\"noopener\"><strong>Website<\/strong> (in French)<\/a><\/li>\n<li>Talk to an Expert: <a href=\"tel:888-123-4567\">888-123-4567<\/a><\/li>\n<\/ul>\n<\/div><\/div><\/div><\/section>\n<section class='av_toggle_section av-kvmsmizc-57-fd6d6289e63031835fa6045fb371ad52'  itemscope=\"itemscope\" itemtype=\"https:\/\/schema.org\/CreativeWork\" ><div role=\"tablist\" class=\"single_toggle\" data-tags=\"{All} \"  ><p id='toggle-toggle-id-90' data-fake-id='#toggle-id-90' class='toggler  av-title-above '  itemprop=\"headline\"  role='tab' tabindex='0' aria-controls='toggle-id-90' data-slide-speed=\"200\" data-title=\"Kabir Cultural Centre\" data-title-open=\"\" data-aria_collapsed=\"Click to expand: Kabir Cultural Centre\" data-aria_expanded=\"Click to collapse: Kabir Cultural Centre\">Kabir Cultural Centre<span class=\"toggle_icon\"><span class=\"vert_icon\"><\/span><span class=\"hor_icon\"><\/span><\/span><\/p><div id='toggle-id-90' aria-labelledby='toggle-toggle-id-90' role='region' class='toggle_wrap  av-title-above'  ><div class='toggle_content invers-color '  itemprop=\"text\" ><p>Kabir Centre is a multi-disciplinary arts organization based in Montreal, contributing to the vibrant pluralistic arts scene of Montreal, Quebec and Canada through its dedication to South Asian Classical arts, especially to its diverse music and dance forms. Acting in the role of presenters, promoters and producers of various artistic events, the centre is in favor of exploring the frontiers in aesthetically pleasing ways between South Asian classical arts and comparable art forms elsewhere in the world.<\/p>\n<p><strong>Links:<\/strong><\/p>\n<ul>\n<li><a href=\"https:\/\/www.centrekabir.com\/en\/\" target=\"_blank\" rel=\"noopener\"><strong>Website<\/strong><\/a><\/li>\n<\/ul>\n<\/div><\/div><\/div><\/section>\n<section class='av_toggle_section av-kvms46qh-3fd6d8820812c2e43f52bcaac0d55c97'  itemscope=\"itemscope\" itemtype=\"https:\/\/schema.org\/CreativeWork\" ><div role=\"tablist\" class=\"single_toggle\" data-tags=\"{All} \"  ><p id='toggle-toggle-id-91' data-fake-id='#toggle-id-91' class='toggler  av-title-above '  itemprop=\"headline\"  role='tab' tabindex='0' aria-controls='toggle-id-91' data-slide-speed=\"200\" data-title=\"Multi-Ethnic Association For The Integration Of Persons With Disabilities\" data-title-open=\"\" data-aria_collapsed=\"Click to expand: Multi-Ethnic Association For The Integration Of Persons With Disabilities\" data-aria_expanded=\"Click to collapse: Multi-Ethnic Association For The Integration Of Persons With Disabilities\">Multi-Ethnic Association For The Integration Of Persons With Disabilities<span class=\"toggle_icon\"><span class=\"vert_icon\"><\/span><span class=\"hor_icon\"><\/span><\/span><\/p><div id='toggle-id-91' aria-labelledby='toggle-toggle-id-91' role='region' class='toggle_wrap  av-title-above'  ><div class='toggle_content invers-color '  itemprop=\"text\" ><p><span style=\"font-weight: 400;\">The Multi-Ethnic Association for the Integration of Persons with Disabilities is a non-profit organization that brings together people with disabilities and parents of immigrant and ethnocultural backgrounds.<\/span><\/p>\n<p><strong>Links:<\/strong><\/p>\n<ul>\n<li><a href=\"https:\/\/ameiph.com\/en\/\" target=\"_blank\" rel=\"noopener\"><strong>AMEIPH Website<\/strong><\/a><\/li>\n<\/ul>\n<\/div><\/div><\/div><\/section>\n<section class='av_toggle_section av-kvmsbr9b-7ffa7b0d837633d4cb9da66309a77f29'  itemscope=\"itemscope\" itemtype=\"https:\/\/schema.org\/CreativeWork\" ><div role=\"tablist\" class=\"single_toggle\" data-tags=\"{All} \"  ><p id='toggle-toggle-id-92' data-fake-id='#toggle-id-92' class='toggler  av-title-above '  itemprop=\"headline\"  role='tab' tabindex='0' aria-controls='toggle-id-92' data-slide-speed=\"200\" data-title=\"Organisations of refugee and immigrant services (TCRI)\" data-title-open=\"\" data-aria_collapsed=\"Click to expand: Organisations of refugee and immigrant services (TCRI)\" data-aria_expanded=\"Click to collapse: Organisations of refugee and immigrant services (TCRI)\">Organisations of refugee and immigrant services (TCRI)<span class=\"toggle_icon\"><span class=\"vert_icon\"><\/span><span class=\"hor_icon\"><\/span><\/span><\/p><div id='toggle-id-92' aria-labelledby='toggle-toggle-id-92' role='region' class='toggle_wrap  av-title-above'  ><div class='toggle_content invers-color '  itemprop=\"text\" ><p><span style=\"font-weight: 400;\">The Table de concertation des organismes au refugee and immigrant service (TCRI) is a group of 126 organizations dedicated to defending human rights and the protection of refugees and immigrants Quebec.<\/span><\/p>\n<p><strong>Links:<\/strong><\/p>\n<ul>\n<li><a href=\"http:\/\/tcri.qc.ca\/\" target=\"_blank\" rel=\"noopener\"><strong>Website<\/strong><\/a><\/li>\n<\/ul>\n<\/div><\/div><\/div><\/section>\n<section class='av_toggle_section av-kvmsmizc-56-d7e9d4260b925c1a5cbbb57cb66c5d80'  itemscope=\"itemscope\" itemtype=\"https:\/\/schema.org\/CreativeWork\" ><div role=\"tablist\" class=\"single_toggle\" data-tags=\"{All} \"  ><p id='toggle-toggle-id-93' data-fake-id='#toggle-id-93' class='toggler  av-title-above '  itemprop=\"headline\"  role='tab' tabindex='0' aria-controls='toggle-id-93' data-slide-speed=\"200\" data-title=\"Petites-Mains (Little hands)\" data-title-open=\"\" data-aria_collapsed=\"Click to expand: Petites-Mains (Little hands)\" data-aria_expanded=\"Click to collapse: Petites-Mains (Little hands)\">Petites-Mains (Little hands)<span class=\"toggle_icon\"><span class=\"vert_icon\"><\/span><span class=\"hor_icon\"><\/span><\/span><\/p><div id='toggle-id-93' aria-labelledby='toggle-toggle-id-93' role='region' class='toggle_wrap  av-title-above'  ><div class='toggle_content invers-color '  itemprop=\"text\" ><p><span style=\"font-weight: 400;\">PETITES-MAINS is an integration company that helps people who are socially excluded, mainly immigrant women. It helps these women get out of their isolation and interact with others while learning a job that will facilitate their integration into the job market. These women can continue to live in dignity in society.<\/span><\/p>\n<p><strong>Links:<\/strong><\/p>\n<ul>\n<li><a href=\"https:\/\/www.petitesmains.com\/home\" target=\"_blank\" rel=\"noopener\"><strong>Website<\/strong><\/a><\/li>\n<\/ul>\n<\/div><\/div><\/div><\/section>\n<section class='av_toggle_section av-kvms88lp-7ea781b8b2ddf465a011711bf0e34050'  itemscope=\"itemscope\" itemtype=\"https:\/\/schema.org\/CreativeWork\" ><div role=\"tablist\" class=\"single_toggle\" data-tags=\"{All} \"  ><p id='toggle-toggle-id-94' data-fake-id='#toggle-id-94' class='toggler  av-title-above '  itemprop=\"headline\"  role='tab' tabindex='0' aria-controls='toggle-id-94' data-slide-speed=\"200\" data-title=\"Project Genesis\" data-title-open=\"\" data-aria_collapsed=\"Click to expand: Project Genesis\" data-aria_expanded=\"Click to collapse: Project Genesis\">Project Genesis<span class=\"toggle_icon\"><span class=\"vert_icon\"><\/span><span class=\"hor_icon\"><\/span><\/span><\/p><div id='toggle-id-94' aria-labelledby='toggle-toggle-id-94' role='region' class='toggle_wrap  av-title-above'  ><div class='toggle_content invers-color '  itemprop=\"text\" ><p><span style=\"font-weight: 400;\">Project Genesis brings together people from all walks of life to advocate for social and economic rights by combining individual services and community organization.<\/span><\/p>\n<p>Project Genesis is a grassroots, non-profit community organization located in C\u00f4te-des-Neiges, a culturally diverse neighbourhood of Montreal where many people live below the poverty line. They support neighbourhood residents in facing and resolving some of their difficult challenges, including housing problems, basic income security, and access to healthcare and other government programs.<\/p>\n<p><strong>Links:<\/strong><\/p>\n<ul>\n<li><a href=\"https:\/\/genese.qc.ca\/\" target=\"_blank\" rel=\"noopener\"><strong>Website<\/strong><\/a><\/li>\n<\/ul>\n<\/div><\/div><\/div><\/section>\n<section class='av_toggle_section av-kvmsmizc-55-33a16c4a02f62b588f70b03b8e681280'  itemscope=\"itemscope\" itemtype=\"https:\/\/schema.org\/CreativeWork\" ><div role=\"tablist\" class=\"single_toggle\" data-tags=\"{All} \"  ><p id='toggle-toggle-id-95' data-fake-id='#toggle-id-95' class='toggler  av-title-above '  itemprop=\"headline\"  role='tab' tabindex='0' aria-controls='toggle-id-95' data-slide-speed=\"200\" data-title=\"The South Asian Women\u2019s Community Centre\" data-title-open=\"\" data-aria_collapsed=\"Click to expand: The South Asian Women\u2019s Community Centre\" data-aria_expanded=\"Click to collapse: The South Asian Women\u2019s Community Centre\">The South Asian Women\u2019s Community Centre<span class=\"toggle_icon\"><span class=\"vert_icon\"><\/span><span class=\"hor_icon\"><\/span><\/span><\/p><div id='toggle-id-95' aria-labelledby='toggle-toggle-id-95' role='region' class='toggle_wrap  av-title-above'  ><div class='toggle_content invers-color '  itemprop=\"text\" ><p><span style=\"font-weight: 400;\">Info sessions, training workshops, mutual aid and language support for South Asian women and their families <\/span><\/p>\n<p><strong>Links:<\/strong><\/p>\n<ul>\n<li><a href=\"https:\/\/www.sawcc-ccfsa.ca\/EN\/\" target=\"_blank\" rel=\"noopener\"><strong>Website<\/strong><\/a><\/li>\n<\/ul>\n<\/div><\/div><\/div><\/section>\n<section class='av_toggle_section av-kvmsk6tx-27d60812cc0c224523fdd78c1c07ed31'  itemscope=\"itemscope\" itemtype=\"https:\/\/schema.org\/CreativeWork\" ><div role=\"tablist\" class=\"single_toggle\" data-tags=\"{All} \"  ><p id='toggle-toggle-id-96' data-fake-id='#toggle-id-96' class='toggler  av-title-above '  itemprop=\"headline\"  role='tab' tabindex='0' aria-controls='toggle-id-96' data-slide-speed=\"200\" data-title=\" Welcome Collective\" data-title-open=\"\" data-aria_collapsed=\"Click to expand:  Welcome Collective\" data-aria_expanded=\"Click to collapse:  Welcome Collective\"> Welcome Collective<span class=\"toggle_icon\"><span class=\"vert_icon\"><\/span><span class=\"hor_icon\"><\/span><\/span><\/p><div id='toggle-id-96' aria-labelledby='toggle-toggle-id-96' role='region' class='toggle_wrap  av-title-above'  ><div class='toggle_content invers-color '  itemprop=\"text\" ><p><span style=\"font-weight: 400;\">Welcome Collective is a socially innovative organization whose core mission is to mobilize Montr\u00e9al\u2019s local community to provide immediate help to the city\u2019s most disadvantaged refugee claimants. <\/span><\/p>\n<p><span style=\"font-weight: 400;\">Their organization provides support services and settlement assistance to refugee claimants and other newcomers. This includes basic household items, clothing, computers and school supplies &#8211; indispensable tools for families settling into new homes to start their lives. They help newcomers access vital information and services relating to winter preparation, registering children for school, finding language classes, and employment services. They ensure that families have secure access to food and that they are aware of the various resources and services that are available to them in their neighbourhoods.<\/span><\/p>\n<p><strong>Links:<\/strong><\/p>\n<ul>\n<li><a href=\"https:\/\/www.welcomecollective.org\/en\/home-page\" target=\"_blank\" rel=\"noopener\"><strong>Website <\/strong><\/a><\/li>\n<\/ul>\n<\/div><\/div><\/div><\/section>\n<section class='av_toggle_section av-kvmsmizc-54-905e23296c51532cca8554ac59e4bec4'  itemscope=\"itemscope\" itemtype=\"https:\/\/schema.org\/CreativeWork\" ><div role=\"tablist\" class=\"single_toggle\" data-tags=\"{All} \"  ><p id='toggle-toggle-id-97' data-fake-id='#toggle-id-97' class='toggler  av-title-above '  itemprop=\"headline\"  role='tab' tabindex='0' aria-controls='toggle-id-97' data-slide-speed=\"200\" data-title=\"Welcome to Notre-dame-de-gr\u00e2ce\" data-title-open=\"\" data-aria_collapsed=\"Click to expand: Welcome to Notre-dame-de-gr\u00e2ce\" data-aria_expanded=\"Click to collapse: Welcome to Notre-dame-de-gr\u00e2ce\">Welcome to Notre-dame-de-gr\u00e2ce<span class=\"toggle_icon\"><span class=\"vert_icon\"><\/span><span class=\"hor_icon\"><\/span><\/span><\/p><div id='toggle-id-97' aria-labelledby='toggle-toggle-id-97' role='region' class='toggle_wrap  av-title-above'  ><div class='toggle_content invers-color '  itemprop=\"text\" ><p><span style=\"font-weight: 400;\">Welcome to Notre-Dame-de-Gr\u00e2ce is a non-profit organization dedicated to facilitating the integration of immigrants (newcomers or others) to the community life of Notre-Dame-de-Gr\u00e2ce and the host society as well as to foster intercultural relations.<\/span><\/p>\n<p><strong>Links:<\/strong><\/p>\n<ul>\n<li><a href=\"https:\/\/bienvenuendg.ca\/\" target=\"_blank\" rel=\"noopener\"><strong>AIEM Website<\/strong><\/a><\/li>\n<\/ul>\n<\/div><\/div><\/div><\/section>\n<\/div><\/div>\n\n<style type=\"text\/css\" data-created_by=\"avia_inline_auto\" id=\"style-css-av-5x455b-6aa62aa4cc63b0647a6d98051f329932\">\n#top .hr.hr-invisible.av-5x455b-6aa62aa4cc63b0647a6d98051f329932{\nheight:25px;\n}\n<\/style>\n<div  class='hr av-5x455b-6aa62aa4cc63b0647a6d98051f329932 hr-invisible  avia-builder-el-67  el_after_av_one_half  el_before_av_button '><span class='hr-inner '><span class=\"hr-inner-style\"><\/span><\/span><\/div>\n<div  class='avia-button-wrap av-4lfjb3-8a409c5e813ecb02b1eaa1bcbe1a38ad-wrap avia-button-right  avia-builder-el-68  el_after_av_hr  el_before_av_heading '><a href='https:\/\/www.quebec-elan.org\/links\/#Index'  class='avia-button av-4lfjb3-8a409c5e813ecb02b1eaa1bcbe1a38ad av-link-btn avia-icon_select-yes-left-icon avia-size-medium avia-position-right avia-color-theme-color'   aria-label=\" Back to Index\"><span class='avia_button_icon avia_button_icon_left avia-iconfont avia-font-entypo-fontello' data-av_icon='\ue87e' data-av_iconfont='entypo-fontello' ><\/span><span class='avia_iconbox_title' > Back to Index<\/span><\/a><\/div>\n\n<style type=\"text\/css\" data-created_by=\"avia_inline_auto\" id=\"style-css-av-2jicu7-fd2284f60648133559373a53871e79d8\">\n#top .av-special-heading.av-2jicu7-fd2284f60648133559373a53871e79d8{\npadding-bottom:30px;\n}\nbody .av-special-heading.av-2jicu7-fd2284f60648133559373a53871e79d8 .av-special-heading-tag .heading-char{\nfont-size:25px;\n}\n.av-special-heading.av-2jicu7-fd2284f60648133559373a53871e79d8 .av-subheading{\nfont-size:15px;\n}\n<\/style>\n<div  id=\"ExhibitionsFestivals\"  class='av-special-heading av-2jicu7-fd2284f60648133559373a53871e79d8 av-special-heading-h1  avia-builder-el-69  el_after_av_button  el_before_av_one_half  av-linked-heading'><h1 class='av-special-heading-tag '  itemprop=\"headline\"  >Exhibitions <span class='special_amp'>&amp;<\/span> Festivals<\/h1><div class=\"special-heading-border\"><div class=\"special-heading-inner-border\"><\/div><\/div><\/div>\n\n<style type=\"text\/css\" data-created_by=\"avia_inline_auto\" id=\"style-css-av-h18i8v-63-35aff711a4353c73beebe3b896f6b3f9\">\n.flex_column.av-h18i8v-63-35aff711a4353c73beebe3b896f6b3f9{\nborder-radius:0px 0px 0px 0px;\npadding:0px 0px 0px 0px;\n}\n<\/style>\n<div  class='flex_column av-h18i8v-63-35aff711a4353c73beebe3b896f6b3f9 av_one_half  avia-builder-el-70  el_after_av_heading  el_before_av_hr  first flex_column_div av-zero-column-padding  '     ><div  class='togglecontainer av-k1iaw9td-62-2aa1736cbb7e65b84030e8f722758a05 av-minimal-toggle  avia-builder-el-71  avia-builder-el-no-sibling  toggle_close_all' >\n<section class='av_toggle_section av-1q7blnj-6e46a82bea4707151e769e13c8430335'  itemscope=\"itemscope\" itemtype=\"https:\/\/schema.org\/CreativeWork\" ><div role=\"tablist\" class=\"single_toggle\" data-tags=\"{All} \"  ><p id='toggle-toggle-id-98' data-fake-id='#toggle-id-98' class='toggler  av-title-above '  itemprop=\"headline\"  role='tab' tabindex='0' aria-controls='toggle-id-98' data-slide-speed=\"200\" data-title=\"Festival Acc\u00e8s Asie\" data-title-open=\"\" data-aria_collapsed=\"Click to expand: Festival Acc\u00e8s Asie\" data-aria_expanded=\"Click to collapse: Festival Acc\u00e8s Asie\">Festival Acc\u00e8s Asie<span class=\"toggle_icon\"><span class=\"vert_icon\"><\/span><span class=\"hor_icon\"><\/span><\/span><\/p><div id='toggle-id-98' aria-labelledby='toggle-toggle-id-98' role='region' class='toggle_wrap  av-title-above'  ><div class='toggle_content invers-color '  itemprop=\"text\" ><p>Festival Acc\u00e8s Asie is a Montr\u00e9al-based arts festival that promotes Asian arts, cultures and histories through a diversity of artistic disciplines including the visual arts, dance, theatre, video, film, music, comedy, poetry, literature, performance, new media and culinary arts.<\/p>\n<p><strong>Links:<\/strong><\/p>\n<ul>\n<li><a href=\"https:\/\/accesasie.com\/?lang=en\" target=\"_blank\" rel=\"noopener\"><strong>Festival Acc\u00e8s Asie website<\/strong><\/a><\/li>\n<\/ul>\n<\/div><\/div><\/div><\/section>\n<section class='av_toggle_section av-1nup1q7-3196ba56ffaa7ef38375dce8fbbde21f'  itemscope=\"itemscope\" itemtype=\"https:\/\/schema.org\/CreativeWork\" ><div role=\"tablist\" class=\"single_toggle\" data-tags=\"{All} \"  ><p id='toggle-toggle-id-99' data-fake-id='#toggle-id-99' class='toggler  av-title-above '  itemprop=\"headline\"  role='tab' tabindex='0' aria-controls='toggle-id-99' data-slide-speed=\"200\" data-title=\"MUTEK\" data-title-open=\"\" data-aria_collapsed=\"Click to expand: MUTEK\" data-aria_expanded=\"Click to collapse: MUTEK\">MUTEK<span class=\"toggle_icon\"><span class=\"vert_icon\"><\/span><span class=\"hor_icon\"><\/span><\/span><\/p><div id='toggle-id-99' aria-labelledby='toggle-toggle-id-99' role='region' class='toggle_wrap  av-title-above'  ><div class='toggle_content invers-color '  itemprop=\"text\" ><p>MUTEK is a Montreal-based festival dedicated to the promotion of electronic music and the digital arts. Its central platform is an annual five-day event in Montreal that takes place in late August.<\/p>\n<p><strong>Links:<\/strong><\/p>\n<ul>\n<li><a href=\"http:\/\/www.mutek.org\/en\/\" target=\"_blank\" rel=\"noopener\"><strong>MUTEK website<\/strong><\/a><\/li>\n<\/ul>\n<\/div><\/div><\/div><\/section>\n<section class='av_toggle_section av-1ms80m7-674aca81b73e472e098e46114cf4d2ea'  itemscope=\"itemscope\" itemtype=\"https:\/\/schema.org\/CreativeWork\" ><div role=\"tablist\" class=\"single_toggle\" data-tags=\"{All} \"  ><p id='toggle-toggle-id-100' data-fake-id='#toggle-id-100' class='toggler  av-title-above '  itemprop=\"headline\"  role='tab' tabindex='0' aria-controls='toggle-id-100' data-slide-speed=\"200\" data-title=\"Papier Art Fair\" data-title-open=\"\" data-aria_collapsed=\"Click to expand: Papier Art Fair\" data-aria_expanded=\"Click to collapse: Papier Art Fair\">Papier Art Fair<span class=\"toggle_icon\"><span class=\"vert_icon\"><\/span><span class=\"hor_icon\"><\/span><\/span><\/p><div id='toggle-id-100' aria-labelledby='toggle-toggle-id-100' role='region' class='toggle_wrap  av-title-above'  ><div class='toggle_content invers-color '  itemprop=\"text\" ><p>Created by the AGAC in 2007, Papier is a key driver for Canadian contemporary art, as well as a unique meeting ground for the greater public, enthusiasts and visual arts professionals alike.<\/p>\n<p><strong>Links:<\/strong><\/p>\n<ul>\n<li><a href=\"https:\/\/papiermontreal.com\/en\/\"><strong>Papier website. <\/strong><\/a><\/li>\n<\/ul>\n<\/div><\/div><\/div><\/section>\n<section class='av_toggle_section av-5q3vcv-6b3697a5dfd78cdbb8a4ec46f9325d35'  itemscope=\"itemscope\" itemtype=\"https:\/\/schema.org\/CreativeWork\" ><div role=\"tablist\" class=\"single_toggle\" data-tags=\"{All} \"  ><p id='toggle-toggle-id-101' data-fake-id='#toggle-id-101' class='toggler  av-title-above '  itemprop=\"headline\"  role='tab' tabindex='0' aria-controls='toggle-id-101' data-slide-speed=\"200\" data-title=\"POP Montreal\" data-title-open=\"\" data-aria_collapsed=\"Click to expand: POP Montreal\" data-aria_expanded=\"Click to collapse: POP Montreal\">POP Montreal<span class=\"toggle_icon\"><span class=\"vert_icon\"><\/span><span class=\"hor_icon\"><\/span><\/span><\/p><div id='toggle-id-101' aria-labelledby='toggle-toggle-id-101' role='region' class='toggle_wrap  av-title-above'  ><div class='toggle_content invers-color '  itemprop=\"text\" ><p>POP Montreal International Music Festival is an annual not-for-pro\ufb01t curated cultural event that champions independence in the arts by presenting emerging and celebrated artistic talents from around the world.<\/p>\n<p><strong>Links:<\/strong><\/p>\n<ul>\n<li><a href=\"https:\/\/popmontreal.com\/en\/\"><strong>POP MTL website.<\/strong><\/a><\/li>\n<\/ul>\n<\/div><\/div><\/div><\/section>\n<section class='av_toggle_section av-1j2ohmn-9d21a50e60a0a8eb31d8e4fc6fdc377a'  itemscope=\"itemscope\" itemtype=\"https:\/\/schema.org\/CreativeWork\" ><div role=\"tablist\" class=\"single_toggle\" data-tags=\"{All} \"  ><p id='toggle-toggle-id-102' data-fake-id='#toggle-id-102' class='toggler  av-title-above '  itemprop=\"headline\"  role='tab' tabindex='0' aria-controls='toggle-id-102' data-slide-speed=\"200\" data-title=\"Never Apart\" data-title-open=\"\" data-aria_collapsed=\"Click to expand: Never Apart\" data-aria_expanded=\"Click to collapse: Never Apart\">Never Apart<span class=\"toggle_icon\"><span class=\"vert_icon\"><\/span><span class=\"hor_icon\"><\/span><\/span><\/p><div id='toggle-id-102' aria-labelledby='toggle-toggle-id-102' role='region' class='toggle_wrap  av-title-above'  ><div class='toggle_content invers-color '  itemprop=\"text\" ><p>Nestled in the heart of the Mile-Ex neighborhood of Montreal, Never Apart features 12,000 square feet of gallery, music production and creative space. It houses a theatre for screenings, a versatile mezzanine that opens to a garden and saltwater pool for gatherings, an archive of 10,000 vinyl records, and both Sun and Moon Rooms.<\/p>\n<p><strong>Links:<\/strong><\/p>\n<ul>\n<li><a href=\"https:\/\/www.neverapart.com\"><strong>Never Apart website.<\/strong><\/a><\/li>\n<\/ul>\n<\/div><\/div><\/div><\/section>\n<section class='av_toggle_section av-1iheggv-95dfca93c16f811d27870a434bb7f575'  itemscope=\"itemscope\" itemtype=\"https:\/\/schema.org\/CreativeWork\" ><div role=\"tablist\" class=\"single_toggle\" data-tags=\"{All} \"  ><p id='toggle-toggle-id-103' data-fake-id='#toggle-id-103' class='toggler  av-title-above '  itemprop=\"headline\"  role='tab' tabindex='0' aria-controls='toggle-id-103' data-slide-speed=\"200\" data-title=\"RAW: Natural Born Artists\" data-title-open=\"\" data-aria_collapsed=\"Click to expand: RAW: Natural Born Artists\" data-aria_expanded=\"Click to collapse: RAW: Natural Born Artists\">RAW: Natural Born Artists<span class=\"toggle_icon\"><span class=\"vert_icon\"><\/span><span class=\"hor_icon\"><\/span><\/span><\/p><div id='toggle-id-103' aria-labelledby='toggle-toggle-id-103' role='region' class='toggle_wrap  av-title-above'  ><div class='toggle_content invers-color '  itemprop=\"text\" ><p>RAW spotlights independent talent in visual art, film, fashion &#038; accessories design, music, performance art, beauty, crafts, tech, and photography. RAW is a fun and alternative way for creatives to showcase both to their local community and the world at large.<\/p>\n<p><strong>Links:<\/strong><\/p>\n<ul>\n<li><a href=\"http:\/\/rawartists.org\/\"><strong>RAW website.<\/strong><\/a><\/li>\n<\/ul>\n<\/div><\/div><\/div><\/section>\n<\/div><\/div>\n\n<style type=\"text\/css\" data-created_by=\"avia_inline_auto\" id=\"style-css-av-k1ii3mmd-61-76636cf773f5203b42a5547e29af76a7\">\n#top .hr.hr-invisible.av-k1ii3mmd-61-76636cf773f5203b42a5547e29af76a7{\nheight:25px;\n}\n<\/style>\n<div  class='hr av-k1ii3mmd-61-76636cf773f5203b42a5547e29af76a7 hr-invisible  avia-builder-el-72  el_after_av_one_half  el_before_av_button '><span class='hr-inner '><span class=\"hr-inner-style\"><\/span><\/span><\/div>\n<div  class='avia-button-wrap av-k1ii249i-60-912e406d02a080bfecb97641d2618fc5-wrap avia-button-right  avia-builder-el-73  el_after_av_hr  el_before_av_heading '><a href='https:\/\/www.quebec-elan.org\/links\/#Index'  class='avia-button av-k1ii249i-60-912e406d02a080bfecb97641d2618fc5 av-link-btn avia-icon_select-yes-left-icon avia-size-medium avia-position-right avia-color-theme-color'   aria-label=\" Back to Index\"><span class='avia_button_icon avia_button_icon_left avia-iconfont avia-font-entypo-fontello' data-av_icon='\ue87e' data-av_iconfont='entypo-fontello' ><\/span><span class='avia_iconbox_title' > Back to Index<\/span><\/a><\/div>\n\n<style type=\"text\/css\" data-created_by=\"avia_inline_auto\" id=\"style-css-av-ep7dxb-c991fc7ad3cc3f97bd7e178d4cf3f4c1\">\n#top .av-special-heading.av-ep7dxb-c991fc7ad3cc3f97bd7e178d4cf3f4c1{\npadding-bottom:30px;\n}\nbody .av-special-heading.av-ep7dxb-c991fc7ad3cc3f97bd7e178d4cf3f4c1 .av-special-heading-tag .heading-char{\nfont-size:25px;\n}\n.av-special-heading.av-ep7dxb-c991fc7ad3cc3f97bd7e178d4cf3f4c1 .av-subheading{\nfont-size:15px;\n}\n<\/style>\n<div  id=\"Dance\"  class='av-special-heading av-ep7dxb-c991fc7ad3cc3f97bd7e178d4cf3f4c1 av-special-heading-h1  avia-builder-el-74  el_after_av_button  el_before_av_one_half  av-linked-heading'><h1 class='av-special-heading-tag '  itemprop=\"headline\"  >Disciplinary \u2060\u2014 Dance<\/h1><div class=\"special-heading-border\"><div class=\"special-heading-inner-border\"><\/div><\/div><\/div>\n\n<style type=\"text\/css\" data-created_by=\"avia_inline_auto\" id=\"style-css-av-h18i8v-53-2e656812cf64e428ca819d9885ccbb3e\">\n.flex_column.av-h18i8v-53-2e656812cf64e428ca819d9885ccbb3e{\nborder-radius:0px 0px 0px 0px;\npadding:0px 0px 0px 0px;\n}\n<\/style>\n<div  class='flex_column av-h18i8v-53-2e656812cf64e428ca819d9885ccbb3e av_one_half  avia-builder-el-75  el_after_av_heading  el_before_av_one_half  first flex_column_div av-zero-column-padding  '     ><div  class='togglecontainer av-k1iaw9td-52-de53909411d5d98171bf76af95423b19 av-minimal-toggle  avia-builder-el-76  avia-builder-el-no-sibling  toggle_close_all' >\n<section class='av_toggle_section av-1f53tov-dfb6945a8b6147e252f9280446784f0a'  itemscope=\"itemscope\" itemtype=\"https:\/\/schema.org\/CreativeWork\" ><div role=\"tablist\" class=\"single_toggle\" data-tags=\"{All} \"  ><p id='toggle-toggle-id-104' data-fake-id='#toggle-id-104' class='toggler  av-title-above '  itemprop=\"headline\"  role='tab' tabindex='0' aria-controls='toggle-id-104' data-slide-speed=\"200\" data-title=\"CDA : Canadian Dance Assembly\" data-title-open=\"\" data-aria_collapsed=\"Click to expand: CDA : Canadian Dance Assembly\" data-aria_expanded=\"Click to collapse: CDA : Canadian Dance Assembly\">CDA : Canadian Dance Assembly<span class=\"toggle_icon\"><span class=\"vert_icon\"><\/span><span class=\"hor_icon\"><\/span><\/span><\/p><div id='toggle-id-104' aria-labelledby='toggle-toggle-id-104' role='region' class='toggle_wrap  av-title-above'  ><div class='toggle_content invers-color '  itemprop=\"text\" ><p>CDA is the voice of the professional dance sector in Canada and promotes a healthy, sustainable environment in which professional dance practice can grow and thrive. Through conferences, workshops, and networking events we connect the dance community from coast to coast, building a cohesive and dynamic milieu.<\/p>\n<p><strong>Links:<\/strong><\/p>\n<ul>\n<li><a href=\"http:\/\/www.cda-acd.ca\/en\/\" target=\"_blank\" rel=\"noopener\"><strong>CDA website<\/strong><\/a><\/li>\n<\/ul>\n<\/div><\/div><\/div><\/section>\n<section class='av_toggle_section av-1cnoy27-12a8b80c4b62af2dfe6a77da08286878'  itemscope=\"itemscope\" itemtype=\"https:\/\/schema.org\/CreativeWork\" ><div role=\"tablist\" class=\"single_toggle\" data-tags=\"{All} \"  ><p id='toggle-toggle-id-105' data-fake-id='#toggle-id-105' class='toggler  av-title-above '  itemprop=\"headline\"  role='tab' tabindex='0' aria-controls='toggle-id-105' data-slide-speed=\"200\" data-title=\"CanDance : Network of Dance Presenters\" data-title-open=\"\" data-aria_collapsed=\"Click to expand: CanDance : Network of Dance Presenters\" data-aria_expanded=\"Click to collapse: CanDance : Network of Dance Presenters\">CanDance : Network of Dance Presenters<span class=\"toggle_icon\"><span class=\"vert_icon\"><\/span><span class=\"hor_icon\"><\/span><\/span><\/p><div id='toggle-id-105' aria-labelledby='toggle-toggle-id-105' role='region' class='toggle_wrap  av-title-above'  ><div class='toggle_content invers-color '  itemprop=\"text\" ><p><span class=\"wsite-text wsite-headline-paragraph\">CanDance are Canada\u2019s national network supporting the creation and distribution of contemporary dance. Our 46 members across the country are professional dance presenters. Members cooperate on commissioning and touring projects, showcases and professional development.<\/span><\/p>\n<p><strong>Links:<\/strong><\/p>\n<ul>\n<li><a href=\"http:\/\/www.candance.ca\/\"><strong>CanDance website. <\/strong><\/a><\/li>\n<\/ul>\n<\/div><\/div><\/div><\/section>\n<section class='av_toggle_section av-1bv6hwf-5f41293355c6e4b7744921633ce82283'  itemscope=\"itemscope\" itemtype=\"https:\/\/schema.org\/CreativeWork\" ><div role=\"tablist\" class=\"single_toggle\" data-tags=\"{All} \"  ><p id='toggle-toggle-id-106' data-fake-id='#toggle-id-106' class='toggler  av-title-above '  itemprop=\"headline\"  role='tab' tabindex='0' aria-controls='toggle-id-106' data-slide-speed=\"200\" data-title=\"DTRC : Dancer Transition Resource Centre\" data-title-open=\"\" data-aria_collapsed=\"Click to expand: DTRC : Dancer Transition Resource Centre\" data-aria_expanded=\"Click to collapse: DTRC : Dancer Transition Resource Centre\">DTRC : Dancer Transition Resource Centre<span class=\"toggle_icon\"><span class=\"vert_icon\"><\/span><span class=\"hor_icon\"><\/span><\/span><\/p><div id='toggle-id-106' aria-labelledby='toggle-toggle-id-106' role='region' class='toggle_wrap  av-title-above'  ><div class='toggle_content invers-color '  itemprop=\"text\" ><p><span class=\"wsite-text wsite-headline-paragraph\">Founded in 1985, the DTRC is a national, charitable organization dedicated to helping dancers make necessary transitions into, within, and from professional performing careers. DTRC also operates as a resource centre for the dance community and general public and support activities that improve the socioeconomic conditions of artists across the country.<\/span><\/p>\n<p><strong>Links:<\/strong><\/p>\n<ul>\n<li><a href=\"http:\/\/www.dtrc.ca\/\"><strong>DTRC website. <\/strong><\/a><\/li>\n<\/ul>\n<\/div><\/div><\/div><\/section>\n<section class='av_toggle_section av-19kd3nj-c9a5bd7df52d8bfb110c9eaf65dd1ca6'  itemscope=\"itemscope\" itemtype=\"https:\/\/schema.org\/CreativeWork\" ><div role=\"tablist\" class=\"single_toggle\" data-tags=\"{All} \"  ><p id='toggle-toggle-id-107' data-fake-id='#toggle-id-107' class='toggler  av-title-above '  itemprop=\"headline\"  role='tab' tabindex='0' aria-controls='toggle-id-107' data-slide-speed=\"200\" data-title=\"RQD : Regroupement qu\u00e9b\u00e9cois de la danse\" data-title-open=\"\" data-aria_collapsed=\"Click to expand: RQD : Regroupement qu\u00e9b\u00e9cois de la danse\" data-aria_expanded=\"Click to collapse: RQD : Regroupement qu\u00e9b\u00e9cois de la danse\">RQD : Regroupement qu\u00e9b\u00e9cois de la danse<span class=\"toggle_icon\"><span class=\"vert_icon\"><\/span><span class=\"hor_icon\"><\/span><\/span><\/p><div id='toggle-id-107' aria-labelledby='toggle-toggle-id-107' role='region' class='toggle_wrap  av-title-above'  ><div class='toggle_content invers-color '  itemprop=\"text\" ><p><span class=\"wsite-text wsite-headline-paragraph\">RQD is is a non-profit association, active at the municipal, provincial and federal levels, that represents and defends the interests of over 500 dance professionals. Founded in 1984 in response to the Qu\u00e9bec dance community\u2019s need for a common voice, the RQD represents all stakeholders in professional dance: performers, choreographers, teachers, researchers, rehearsal directors, cultural workers, specialized presenters, dance companies, professional dance schools and service organizations.<\/span><\/p>\n<p><strong>Links:<\/strong><\/p>\n<ul>\n<li><a href=\"http:\/\/www.quebecdanse.org\/\"><strong>RQD website. <\/strong><\/a><\/li>\n<\/ul>\n<\/div><\/div><\/div><\/section>\n<section class='av_toggle_section av-18evei7-d9d26a0006572b585f4a92f0ec7cd424'  itemscope=\"itemscope\" itemtype=\"https:\/\/schema.org\/CreativeWork\" ><div role=\"tablist\" class=\"single_toggle\" data-tags=\"{All} \"  ><p id='toggle-toggle-id-108' data-fake-id='#toggle-id-108' class='toggler  av-title-above '  itemprop=\"headline\"  role='tab' tabindex='0' aria-controls='toggle-id-108' data-slide-speed=\"200\" data-title=\"Studio 303\" data-title-open=\"\" data-aria_collapsed=\"Click to expand: Studio 303\" data-aria_expanded=\"Click to collapse: Studio 303\">Studio 303<span class=\"toggle_icon\"><span class=\"vert_icon\"><\/span><span class=\"hor_icon\"><\/span><\/span><\/p><div id='toggle-id-108' aria-labelledby='toggle-toggle-id-108' role='region' class='toggle_wrap  av-title-above'  ><div class='toggle_content invers-color '  itemprop=\"text\" ><p><span class=\"wsite-text wsite-headline-paragraph\">Studio 303 supports live art, prioritizing the development of emerging practices in contemporary dance and interdisciplinary performance.<\/span><\/p>\n<p><strong>Links:<\/strong><\/p>\n<ul>\n<li><a href=\"https:\/\/www.studio303.ca\/en\/\"><strong>Studio 303 website. <\/strong><\/a><\/li>\n<\/ul>\n<\/div><\/div><\/div><\/section>\n<\/div><\/div>\n\n<style type=\"text\/css\" data-created_by=\"avia_inline_auto\" id=\"style-css-av-2cp5of-111118a5a72b5f8d6013c94c7f07c181\">\n.flex_column.av-2cp5of-111118a5a72b5f8d6013c94c7f07c181{\nborder-radius:0px 0px 0px 0px;\npadding:0px 0px 0px 0px;\n}\n<\/style>\n<div  class='flex_column av-2cp5of-111118a5a72b5f8d6013c94c7f07c181 av_one_half  avia-builder-el-77  el_after_av_one_half  el_before_av_hr  flex_column_div av-zero-column-padding  '     ><style type=\"text\/css\" data-created_by=\"avia_inline_auto\" id=\"style-css-av-l4ck2s2o-8d093e21f40a9a725f8da254c55f4df5\">\n.avia-image-container.av-l4ck2s2o-8d093e21f40a9a725f8da254c55f4df5 img.avia_image{\nbox-shadow:none;\n}\n.avia-image-container.av-l4ck2s2o-8d093e21f40a9a725f8da254c55f4df5 .av-image-caption-overlay-center{\ncolor:#ffffff;\n}\n<\/style>\n<div  class='avia-image-container av-l4ck2s2o-8d093e21f40a9a725f8da254c55f4df5 av-styling- avia-align-center  avia-builder-el-78  avia-builder-el-no-sibling '   itemprop=\"image\" itemscope=\"itemscope\" itemtype=\"https:\/\/schema.org\/ImageObject\" ><div class=\"avia-image-container-inner\"><div class=\"avia-image-overlay-wrap\"><img fetchpriority=\"high\" decoding=\"async\" fetchpriority=\"high\" fetchpriority=\"high\" class='wp-image-42117 avia-img-lazy-loading-not-42117 avia_image ' src=\"https:\/\/www.quebec-elan.org\/wp-content\/uploads\/2022\/06\/photo46-600.jpg\" alt='participants with coffees and notebooks' title='photo46-600'  height=\"600\" width=\"900\"  itemprop=\"thumbnailUrl\" srcset=\"https:\/\/www.quebec-elan.org\/wp-content\/uploads\/2022\/06\/photo46-600.jpg 900w, https:\/\/www.quebec-elan.org\/wp-content\/uploads\/2022\/06\/photo46-600-600x400.jpg 600w, https:\/\/www.quebec-elan.org\/wp-content\/uploads\/2022\/06\/photo46-600-300x200.jpg 300w, https:\/\/www.quebec-elan.org\/wp-content\/uploads\/2022\/06\/photo46-600-768x512.jpg 768w, https:\/\/www.quebec-elan.org\/wp-content\/uploads\/2022\/06\/photo46-600-705x470.jpg 705w\" sizes=\"(max-width: 900px) 100vw, 900px\" \/><\/div><\/div><\/div><\/div>\n\n<style type=\"text\/css\" data-created_by=\"avia_inline_auto\" id=\"style-css-av-k1ii3mmd-41-6da19076d4556c6ec65a98e6cf3d3cf5\">\n#top .hr.hr-invisible.av-k1ii3mmd-41-6da19076d4556c6ec65a98e6cf3d3cf5{\nheight:25px;\n}\n<\/style>\n<div  class='hr av-k1ii3mmd-41-6da19076d4556c6ec65a98e6cf3d3cf5 hr-invisible  avia-builder-el-79  el_after_av_one_half  el_before_av_button '><span class='hr-inner '><span class=\"hr-inner-style\"><\/span><\/span><\/div>\n<div  class='avia-button-wrap av-k1ii249i-50-9e2165355e091cfd74b39869eb86f875-wrap avia-button-right  avia-builder-el-80  el_after_av_hr  el_before_av_heading '><a href='https:\/\/www.quebec-elan.org\/links\/#Index'  class='avia-button av-k1ii249i-50-9e2165355e091cfd74b39869eb86f875 av-link-btn avia-icon_select-yes-left-icon avia-size-medium avia-position-right avia-color-theme-color'   aria-label=\" Back to Index\"><span class='avia_button_icon avia_button_icon_left avia-iconfont avia-font-entypo-fontello' data-av_icon='\ue87e' data-av_iconfont='entypo-fontello' ><\/span><span class='avia_iconbox_title' > Back to Index<\/span><\/a><\/div>\n\n<style type=\"text\/css\" data-created_by=\"avia_inline_auto\" id=\"style-css-av-cq2qa7-9f0973dc5a7b7397a4f4119c76ce9b91\">\n#top .av-special-heading.av-cq2qa7-9f0973dc5a7b7397a4f4119c76ce9b91{\npadding-bottom:30px;\n}\nbody .av-special-heading.av-cq2qa7-9f0973dc5a7b7397a4f4119c76ce9b91 .av-special-heading-tag .heading-char{\nfont-size:25px;\n}\n.av-special-heading.av-cq2qa7-9f0973dc5a7b7397a4f4119c76ce9b91 .av-subheading{\nfont-size:15px;\n}\n<\/style>\n<div  id=\"FilmTV\"  class='av-special-heading av-cq2qa7-9f0973dc5a7b7397a4f4119c76ce9b91 av-special-heading-h1  avia-builder-el-81  el_after_av_button  el_before_av_one_half  av-linked-heading'><h1 class='av-special-heading-tag '  itemprop=\"headline\"  >Disciplinary \u2060\u2014 Film <span class='special_amp'>&amp;<\/span> Television<\/h1><div class=\"special-heading-border\"><div class=\"special-heading-inner-border\"><\/div><\/div><\/div>\n\n<style type=\"text\/css\" data-created_by=\"avia_inline_auto\" id=\"style-css-av-h18i8v-40-e9a88210d2c5bbdc4f84703d5d823667\">\n.flex_column.av-h18i8v-40-e9a88210d2c5bbdc4f84703d5d823667{\nborder-radius:0px 0px 0px 0px;\npadding:0px 0px 0px 0px;\n}\n<\/style>\n<div  class='flex_column av-h18i8v-40-e9a88210d2c5bbdc4f84703d5d823667 av_one_half  avia-builder-el-82  el_after_av_heading  el_before_av_one_half  first flex_column_div av-zero-column-padding  '     ><div  class='togglecontainer av-k1iaw9td-39-ceb92781eb1b96b79b9b07f19c42b283 av-minimal-toggle  avia-builder-el-83  avia-builder-el-no-sibling  toggle_close_all' >\n<section class='av_toggle_section av-14bzrkf-b16d91d95405900ff1ce650d4e579420'  itemscope=\"itemscope\" itemtype=\"https:\/\/schema.org\/CreativeWork\" ><div role=\"tablist\" class=\"single_toggle\" data-tags=\"{All} \"  ><p id='toggle-toggle-id-109' data-fake-id='#toggle-id-109' class='toggler  av-title-above '  itemprop=\"headline\"  role='tab' tabindex='0' aria-controls='toggle-id-109' data-slide-speed=\"200\" data-title=\"ACPQ : Association des cin\u00e9mas parall\u00e8les du Qu\u00e9bec\" data-title-open=\"\" data-aria_collapsed=\"Click to expand: ACPQ : Association des cin\u00e9mas parall\u00e8les du Qu\u00e9bec\" data-aria_expanded=\"Click to collapse: ACPQ : Association des cin\u00e9mas parall\u00e8les du Qu\u00e9bec\">ACPQ : Association des cin\u00e9mas parall\u00e8les du Qu\u00e9bec<span class=\"toggle_icon\"><span class=\"vert_icon\"><\/span><span class=\"hor_icon\"><\/span><\/span><\/p><div id='toggle-id-109' aria-labelledby='toggle-toggle-id-109' role='region' class='toggle_wrap  av-title-above'  ><div class='toggle_content invers-color '  itemprop=\"text\" ><p><span class=\"ILfuVd\">The mission, the raison d\u2019\u00eatre, of ACPQ is to consolidate non-commercial cinema organizations in Quebec with the aim of promoting film culture to Quebecers and developing a diversified and quality cinematic entertainment activity.<\/span><\/p>\n<p><em>La mission, la raison d\u2019\u00eatre, de l\u2019Association des cin\u00e9mas parall\u00e8les du Qu\u00e9bec (ACPQ) repr\u00e9sente l\u2019\u00e9nonc\u00e9 des valeurs auxquelles elle adh\u00e8re et se d\u00e9finit de la fa\u00e7on suivante : Regrouper les organisations du cin\u00e9ma non commercial du Qu\u00e9bec dans le but de promouvoir aupr\u00e8s des Qu\u00e9b\u00e9cois la culture cin\u00e9matographique et de d\u00e9velopper une activit\u00e9 de loisir cin\u00e9matographique diversifi\u00e9e et de qualit\u00e9.<\/em><span class=\"ILfuVd\"><br \/>\n<\/span><\/p>\n<p><strong>Links:<\/strong><\/p>\n<ul>\n<li><strong><a href=\"http:\/\/www.cinemasparalleles.qc.ca\/\">ACPQ website.<\/a> <\/strong><\/li>\n<\/ul>\n<\/div><\/div><\/div><\/section>\n<section class='av_toggle_section av-135l25b-a98c5622a21abc43c41e266661ae740f'  itemscope=\"itemscope\" itemtype=\"https:\/\/schema.org\/CreativeWork\" ><div role=\"tablist\" class=\"single_toggle\" data-tags=\"{All} \"  ><p id='toggle-toggle-id-110' data-fake-id='#toggle-id-110' class='toggler  av-title-above '  itemprop=\"headline\"  role='tab' tabindex='0' aria-controls='toggle-id-110' data-slide-speed=\"200\" data-title=\"ACTRA : Alliance of Canadian Cinema, Television and Radio Artists\" data-title-open=\"\" data-aria_collapsed=\"Click to expand: ACTRA : Alliance of Canadian Cinema, Television and Radio Artists\" data-aria_expanded=\"Click to collapse: ACTRA : Alliance of Canadian Cinema, Television and Radio Artists\">ACTRA : Alliance of Canadian Cinema, Television and Radio Artists<span class=\"toggle_icon\"><span class=\"vert_icon\"><\/span><span class=\"hor_icon\"><\/span><\/span><\/p><div id='toggle-id-110' aria-labelledby='toggle-toggle-id-110' role='region' class='toggle_wrap  av-title-above'  ><div class='toggle_content invers-color '  itemprop=\"text\" ><p>ACTRA is the union of more than 23,000 professional performers working in English-language recorded media in Canada including TV, film, radio and digital media. Performers who work ACTRA have access to a full range of health benefits provided by ACTRA Fraternal Benefit Society (AFBS).<\/p>\n<p><strong>Links:<\/strong><\/p>\n<ul>\n<li><strong><a href=\"https:\/\/www.actra.ca\/\">ACTRA website.<\/a> <\/strong><\/li>\n<\/ul>\n<\/div><\/div><\/div><\/section>\n<section class='av_toggle_section av-11fv1v3-8d8eaa372e9dacf01a161f8ec3d8801e'  itemscope=\"itemscope\" itemtype=\"https:\/\/schema.org\/CreativeWork\" ><div role=\"tablist\" class=\"single_toggle\" data-tags=\"{All} \"  ><p id='toggle-toggle-id-111' data-fake-id='#toggle-id-111' class='toggler  av-title-above '  itemprop=\"headline\"  role='tab' tabindex='0' aria-controls='toggle-id-111' data-slide-speed=\"200\" data-title=\"AQPM : Association Qu\u00e9b\u00e9coise De La Production M\u00e9diatique\" data-title-open=\"\" data-aria_collapsed=\"Click to expand: AQPM : Association Qu\u00e9b\u00e9coise De La Production M\u00e9diatique\" data-aria_expanded=\"Click to collapse: AQPM : Association Qu\u00e9b\u00e9coise De La Production M\u00e9diatique\">AQPM : Association Qu\u00e9b\u00e9coise De La Production M\u00e9diatique<span class=\"toggle_icon\"><span class=\"vert_icon\"><\/span><span class=\"hor_icon\"><\/span><\/span><\/p><div id='toggle-id-111' aria-labelledby='toggle-toggle-id-111' role='region' class='toggle_wrap  av-title-above'  ><div class='toggle_content invers-color '  itemprop=\"text\" ><p>APQM advises, represents and accompanies independent film, television and Web production corporations whose productions, both French and English, are recognized in Quebec and at the international level.<\/p>\n<p><em>L\u2019AQPM conseille, repr\u00e9sente et accompagne les entreprises de production ind\u00e9pendante en Cin\u00e9ma, en T\u00e9l\u00e9vision et en Web.<\/em><\/p>\n<p><strong>Links:<\/strong><\/p>\n<ul>\n<li><strong><a href=\"http:\/\/www.aqpm.ca\/\">AQPM website.<\/a> <\/strong><\/li>\n<\/ul>\n<\/div><\/div><\/div><\/section>\n<section class='av_toggle_section av-10cydhb-addbe855ea48cdaecadacdbc23b5dce7'  itemscope=\"itemscope\" itemtype=\"https:\/\/schema.org\/CreativeWork\" ><div role=\"tablist\" class=\"single_toggle\" data-tags=\"{All} \"  ><p id='toggle-toggle-id-112' data-fake-id='#toggle-id-112' class='toggler  av-title-above '  itemprop=\"headline\"  role='tab' tabindex='0' aria-controls='toggle-id-112' data-slide-speed=\"200\" data-title=\"AQTIS : Alliance qu\u00e9b\u00e9coise des techniciens et techniciennes de l\u2019image et du son \u2013 Alliance of Image and Sound Technicians\" data-title-open=\"\" data-aria_collapsed=\"Click to expand: AQTIS : Alliance qu\u00e9b\u00e9coise des techniciens et techniciennes de l\u2019image et du son \u2013 Alliance of Image and Sound Technicians\" data-aria_expanded=\"Click to collapse: AQTIS : Alliance qu\u00e9b\u00e9coise des techniciens et techniciennes de l\u2019image et du son \u2013 Alliance of Image and Sound Technicians\">AQTIS : Alliance qu\u00e9b\u00e9coise des techniciens et techniciennes de l\u2019image et du son \u2013 Alliance of Image and Sound Technicians<span class=\"toggle_icon\"><span class=\"vert_icon\"><\/span><span class=\"hor_icon\"><\/span><\/span><\/p><div id='toggle-id-112' aria-labelledby='toggle-toggle-id-112' role='region' class='toggle_wrap  av-title-above'  ><div class='toggle_content invers-color '  itemprop=\"text\" ><p>AQTIS represents some 6200 freelance professionals in more than 134 trades associated with the design, planning, set-up or creation of audiovisual productions.<\/p>\n<p><strong>Links:<\/strong><\/p>\n<ul>\n<li><strong><a href=\"https:\/\/aqtis.qc.ca\/en\/\">AQTIS website.<\/a> <\/strong><\/li>\n<\/ul>\n<\/div><\/div><\/div><\/section>\n<section class='av_toggle_section av-yf8q9b-e8804229229a437e57757f8798d35e3d'  itemscope=\"itemscope\" itemtype=\"https:\/\/schema.org\/CreativeWork\" ><div role=\"tablist\" class=\"single_toggle\" data-tags=\"{All} \"  ><p id='toggle-toggle-id-113' data-fake-id='#toggle-id-113' class='toggler  av-title-above '  itemprop=\"headline\"  role='tab' tabindex='0' aria-controls='toggle-id-113' data-slide-speed=\"200\" data-title=\"DGC-QC : Directors Guild of Canada\" data-title-open=\"\" data-aria_collapsed=\"Click to expand: DGC-QC : Directors Guild of Canada\" data-aria_expanded=\"Click to collapse: DGC-QC : Directors Guild of Canada\">DGC-QC : Directors Guild of Canada<span class=\"toggle_icon\"><span class=\"vert_icon\"><\/span><span class=\"hor_icon\"><\/span><\/span><\/p><div id='toggle-id-113' aria-labelledby='toggle-toggle-id-113' role='region' class='toggle_wrap  av-title-above'  ><div class='toggle_content invers-color '  itemprop=\"text\" ><p>DGC-QC represents more than 500 members working in occupations that cover a broad range of film and television production, both at the artistic and logistical levels.<\/p>\n<p><strong>Links:<\/strong><\/p>\n<ul>\n<li><strong><a href=\"http:\/\/www.dgc.ca\/en\/index.cfm\">DGC-QC website.<\/a> <\/strong><\/li>\n<\/ul>\n<\/div><\/div><\/div><\/section>\n<section class='av_toggle_section av-x1vgrz-5e5e52e57aaa18b5559eee03ef4431b9'  itemscope=\"itemscope\" itemtype=\"https:\/\/schema.org\/CreativeWork\" ><div role=\"tablist\" class=\"single_toggle\" data-tags=\"{All} \"  ><p id='toggle-toggle-id-114' data-fake-id='#toggle-id-114' class='toggler  av-title-above '  itemprop=\"headline\"  role='tab' tabindex='0' aria-controls='toggle-id-114' data-slide-speed=\"200\" data-title=\"DOC Quebec : Documentary Organization of Canada\" data-title-open=\"\" data-aria_collapsed=\"Click to expand: DOC Quebec : Documentary Organization of Canada\" data-aria_expanded=\"Click to collapse: DOC Quebec : Documentary Organization of Canada\">DOC Quebec : Documentary Organization of Canada<span class=\"toggle_icon\"><span class=\"vert_icon\"><\/span><span class=\"hor_icon\"><\/span><\/span><\/p><div id='toggle-id-114' aria-labelledby='toggle-toggle-id-114' role='region' class='toggle_wrap  av-title-above'  ><div class='toggle_content invers-color '  itemprop=\"text\" ><p><span lang=\"en\">DOC is a non-partisan, non-profit membership-driven organisation. DOC represents more than 650 independent documentary filmmakers across Canada who participate in one of the six Local Chapters<\/span>. <span lang=\"en\">The mandate of DOC is to promote documentaries and the filmmakers who make them through professional development, mentorship programs, networking events both on a local and national level, as to provide a national voice in lobbying.<\/span><\/p>\n<p><strong>Links:<\/strong><\/p>\n<ul>\n<li><strong><a href=\"http:\/\/www.docquebec.ca\/\">DOC website.<\/a> <\/strong><\/li>\n<\/ul>\n<\/div><\/div><\/div><\/section>\n<section class='av_toggle_section av-uzns7z-aa74aefaebd743d3c2b788b3d488fa59'  itemscope=\"itemscope\" itemtype=\"https:\/\/schema.org\/CreativeWork\" ><div role=\"tablist\" class=\"single_toggle\" data-tags=\"{All} \"  ><p id='toggle-toggle-id-115' data-fake-id='#toggle-id-115' class='toggler  av-title-above '  itemprop=\"headline\"  role='tab' tabindex='0' aria-controls='toggle-id-115' data-slide-speed=\"200\" data-title=\"IATSE 514 (International Alliance of Theatrical Stage Employees)\" data-title-open=\"\" data-aria_collapsed=\"Click to expand: IATSE 514 (International Alliance of Theatrical Stage Employees)\" data-aria_expanded=\"Click to collapse: IATSE 514 (International Alliance of Theatrical Stage Employees)\">IATSE 514 (International Alliance of Theatrical Stage Employees)<span class=\"toggle_icon\"><span class=\"vert_icon\"><\/span><span class=\"hor_icon\"><\/span><\/span><\/p><div id='toggle-id-115' aria-labelledby='toggle-toggle-id-115' role='region' class='toggle_wrap  av-title-above'  ><div class='toggle_content invers-color '  itemprop=\"text\" ><p><span lang=\"en\">IATSE 514 is a Quebec union representing more than 1,900 technicians of the motion picture industry and is part of the larger IATSE family, the most important labour organization in the entertainment industry in all of North America. Members are professionals involved in almost every aspect of filmmaking: construction, costume, decoration, greens, grip, hairdressing, health &#038; safety, lighting, logistics, make-up, mechanical special effects, painting, post-production, property, script, sculpting and moulding, sound, transportation and weapons.<\/span><\/p>\n<p><strong>Links:<\/strong><\/p>\n<ul>\n<li><strong><a href=\"https:\/\/www.iatse514.net\/\">IATSE 514 website.<\/a> <\/strong><\/li>\n<\/ul>\n<\/div><\/div><\/div><\/section>\n<\/div><\/div>\n\n<style type=\"text\/css\" data-created_by=\"avia_inline_auto\" id=\"style-css-av-h18i8v-36-e726313a337185e65a41d17fff3c4b64\">\n.flex_column.av-h18i8v-36-e726313a337185e65a41d17fff3c4b64{\nborder-radius:0px 0px 0px 0px;\npadding:0px 0px 0px 0px;\n}\n<\/style>\n<div  class='flex_column av-h18i8v-36-e726313a337185e65a41d17fff3c4b64 av_one_half  avia-builder-el-84  el_after_av_one_half  el_before_av_hr  flex_column_div av-zero-column-padding  '     ><div  class='togglecontainer av-k1iaw9td-35-6b8d6174390e0f2361b19b6cf12e6ecc av-minimal-toggle  avia-builder-el-85  avia-builder-el-no-sibling  toggle_close_all' >\n<section class='av_toggle_section av-svaigf-bda618a2f217f642759e02278fa78d39'  itemscope=\"itemscope\" itemtype=\"https:\/\/schema.org\/CreativeWork\" ><div role=\"tablist\" class=\"single_toggle\" data-tags=\"{All} \"  ><p id='toggle-toggle-id-116' data-fake-id='#toggle-id-116' class='toggler  av-title-above '  itemprop=\"headline\"  role='tab' tabindex='0' aria-controls='toggle-id-116' data-slide-speed=\"200\" data-title=\"Les Films de l\u2019Autre\" data-title-open=\"\" data-aria_collapsed=\"Click to expand: Les Films de l\u2019Autre\" data-aria_expanded=\"Click to collapse: Les Films de l\u2019Autre\">Les Films de l\u2019Autre<span class=\"toggle_icon\"><span class=\"vert_icon\"><\/span><span class=\"hor_icon\"><\/span><\/span><\/p><div id='toggle-id-116' aria-labelledby='toggle-toggle-id-116' role='region' class='toggle_wrap  av-title-above'  ><div class='toggle_content invers-color '  itemprop=\"text\" ><p><span class=\"tlid-translation translation\" lang=\"en\"><span class=\"\" title=\"\">Les Films de l\u2019Autre is an artist-run center whose mission is to support formal research and the freedom of creation in independent cinema and to encourage the emergence of strong, original and diversified voices.<\/span> <span class=\"\" title=\"\">The organization occupies a unique place in the Quebec film landscape by bringing together filmmakers who act both as producers and directors of their works.<\/span><\/span><\/p>\n<p><em>Les Films de l\u2019Autre est un centre d\u2019artistes dont la mission est de soutenir la recherche formelle et la libert\u00e9 de cr\u00e9ation en cin\u00e9ma ind\u00e9pendant et de favoriser l\u2019\u00e9mergence de voix fortes, originales et diversifi\u00e9es. L\u2019organisme occupe une place unique dans le paysage cin\u00e9matographique qu\u00e9b\u00e9cois en regroupant des cin\u00e9astes qui agissent \u00e0 la fois comme producteur et r\u00e9alisateur de leurs oeuvres. <\/em><\/p>\n<p><span lang=\"en\">\u00a0<\/span><\/p>\n<p><strong>Links:<\/strong><\/p>\n<ul>\n<li><strong><a href=\"http:\/\/lesfilmsdelautre.com\/\">Les Films de l&#8217;Autre website.<\/a> <\/strong><\/li>\n<\/ul>\n<\/div><\/div><\/div><\/section>\n<section class='av_toggle_section av-ryitbj-88ea739650160536d2d42e88c09f4076'  itemscope=\"itemscope\" itemtype=\"https:\/\/schema.org\/CreativeWork\" ><div role=\"tablist\" class=\"single_toggle\" data-tags=\"{All} \"  ><p id='toggle-toggle-id-117' data-fake-id='#toggle-id-117' class='toggler  av-title-above '  itemprop=\"headline\"  role='tab' tabindex='0' aria-controls='toggle-id-117' data-slide-speed=\"200\" data-title=\"MIBFF : Montreal International Black Film Festival\" data-title-open=\"\" data-aria_collapsed=\"Click to expand: MIBFF : Montreal International Black Film Festival\" data-aria_expanded=\"Click to collapse: MIBFF : Montreal International Black Film Festival\">MIBFF : Montreal International Black Film Festival<span class=\"toggle_icon\"><span class=\"vert_icon\"><\/span><span class=\"hor_icon\"><\/span><\/span><\/p><div id='toggle-id-117' aria-labelledby='toggle-toggle-id-117' role='region' class='toggle_wrap  av-title-above'  ><div class='toggle_content invers-color '  itemprop=\"text\" ><p>The MIBFF was created in 2005 by the Fabienne Colas Foundation, a not-for-profit, professional arts organization dedicated to education in the arts and to supporting the creation, promotion and showcase of Canadian and international cinema, art and culture. The goal of MIBFF is to bring audiences the most beautiful and the most amazing new Black films, while creating a space to debate major cultural, social and socio-economic issues.<\/p>\n<p><span lang=\"en\">\u00a0<\/span><\/p>\n<p><strong>Links:<\/strong><\/p>\n<ul>\n<li><strong><a href=\"http:\/\/montrealblackfilm.com\/en\/\">MIBFF website.<\/a> <\/strong><\/li>\n<\/ul>\n<\/div><\/div><\/div><\/section>\n<section class='av_toggle_section av-qcqp27-71c4790d59c47e1dc946c470b931a543'  itemscope=\"itemscope\" itemtype=\"https:\/\/schema.org\/CreativeWork\" ><div role=\"tablist\" class=\"single_toggle\" data-tags=\"{All} \"  ><p id='toggle-toggle-id-118' data-fake-id='#toggle-id-118' class='toggler  av-title-above '  itemprop=\"headline\"  role='tab' tabindex='0' aria-controls='toggle-id-118' data-slide-speed=\"200\" data-title=\"Montreal Film Group\" data-title-open=\"\" data-aria_collapsed=\"Click to expand: Montreal Film Group\" data-aria_expanded=\"Click to collapse: Montreal Film Group\">Montreal Film Group<span class=\"toggle_icon\"><span class=\"vert_icon\"><\/span><span class=\"hor_icon\"><\/span><\/span><\/p><div id='toggle-id-118' aria-labelledby='toggle-toggle-id-118' role='region' class='toggle_wrap  av-title-above'  ><div class='toggle_content invers-color '  itemprop=\"text\" ><p>Montreal Film Group&#8217;s mission is to bring together like-minded film and TV industry folks who are eager to be part of a thriving \u2013 and growing \u2013 community. To do this, the Montreal Film Group promotes community and learning through their website and film\/TV networking events around the city of Montreal.<\/p>\n<p><span lang=\"en\">\u00a0<\/span><\/p>\n<p><strong>Links:<\/strong><\/p>\n<ul>\n<li><strong><a href=\"http:\/\/montrealfilmgroup.com\/index.html\">Montreal Film Group website.<\/a> <\/strong><\/li>\n<\/ul>\n<\/div><\/div><\/div><\/section>\n<section class='av_toggle_section av-o8f50v-289f39cf4e901aa42d5da26759366253'  itemscope=\"itemscope\" itemtype=\"https:\/\/schema.org\/CreativeWork\" ><div role=\"tablist\" class=\"single_toggle\" data-tags=\"{All} \"  ><p id='toggle-toggle-id-119' data-fake-id='#toggle-id-119' class='toggler  av-title-above '  itemprop=\"headline\"  role='tab' tabindex='0' aria-controls='toggle-id-119' data-slide-speed=\"200\" data-title=\"NFB : National Film Board of Canada\" data-title-open=\"\" data-aria_collapsed=\"Click to expand: NFB : National Film Board of Canada\" data-aria_expanded=\"Click to collapse: NFB : National Film Board of Canada\">NFB : National Film Board of Canada<span class=\"toggle_icon\"><span class=\"vert_icon\"><\/span><span class=\"hor_icon\"><\/span><\/span><\/p><div id='toggle-id-119' aria-labelledby='toggle-toggle-id-119' role='region' class='toggle_wrap  av-title-above'  ><div class='toggle_content invers-color '  itemprop=\"text\" ><p>The NFB is Canada\u2019s public film and digital media producer and distributor. An agency of the Government of Canada, the NFB produces and distributes documentary films, animation, web documentaries, and alternative dramas.<\/p>\n<p><span lang=\"en\">\u00a0<\/span><\/p>\n<p><strong>Links:<\/strong><\/p>\n<ul>\n<li><strong><a href=\"https:\/\/www.nfb.ca\">NFB website.<\/a> <\/strong><\/li>\n<\/ul>\n<\/div><\/div><\/div><\/section>\n<section class='av_toggle_section av-myp9hb-1ce23826ff8518a8086d8197c693bc9a'  itemscope=\"itemscope\" itemtype=\"https:\/\/schema.org\/CreativeWork\" ><div role=\"tablist\" class=\"single_toggle\" data-tags=\"{All} \"  ><p id='toggle-toggle-id-120' data-fake-id='#toggle-id-120' class='toggler  av-title-above '  itemprop=\"headline\"  role='tab' tabindex='0' aria-controls='toggle-id-120' data-slide-speed=\"200\" data-title=\"QFTC : Quebec Film &amp; Television Council\" data-title-open=\"\" data-aria_collapsed=\"Click to expand: QFTC : Quebec Film &amp; Television Council\" data-aria_expanded=\"Click to collapse: QFTC : Quebec Film &amp; Television Council\">QFTC : Quebec Film & Television Council<span class=\"toggle_icon\"><span class=\"vert_icon\"><\/span><span class=\"hor_icon\"><\/span><\/span><\/p><div id='toggle-id-120' aria-labelledby='toggle-toggle-id-120' role='region' class='toggle_wrap  av-title-above'  ><div class='toggle_content invers-color '  itemprop=\"text\" ><p>The QFTC is a non-profit organization whose mission is to contribute to the development of Quebec\u2019s competitiveness as a world-class film and television production centre.<\/p>\n<p><span lang=\"en\">\u00a0<\/span><\/p>\n<p><strong>Links:<\/strong><\/p>\n<ul>\n<li><strong><a href=\"http:\/\/www.qftc.ca\/\">QFTC website.<\/a> <\/strong><\/li>\n<\/ul>\n<\/div><\/div><\/div><\/section>\n<section class='av_toggle_section av-l5f2zz-38d557d602ac7eb9dea4170aeb48f05d'  itemscope=\"itemscope\" itemtype=\"https:\/\/schema.org\/CreativeWork\" ><div role=\"tablist\" class=\"single_toggle\" data-tags=\"{All} \"  ><p id='toggle-toggle-id-121' data-fake-id='#toggle-id-121' class='toggler  av-title-above '  itemprop=\"headline\"  role='tab' tabindex='0' aria-controls='toggle-id-121' data-slide-speed=\"200\" data-title=\"UDA : Union des artistes du Qu\u00e9bec\" data-title-open=\"\" data-aria_collapsed=\"Click to expand: UDA : Union des artistes du Qu\u00e9bec\" data-aria_expanded=\"Click to collapse: UDA : Union des artistes du Qu\u00e9bec\">UDA : Union des artistes du Qu\u00e9bec<span class=\"toggle_icon\"><span class=\"vert_icon\"><\/span><span class=\"hor_icon\"><\/span><\/span><\/p><div id='toggle-id-121' aria-labelledby='toggle-toggle-id-121' role='region' class='toggle_wrap  av-title-above'  ><div class='toggle_content invers-color '  itemprop=\"text\" ><p>UDA is a Quebec-based labour organization representing stage, television, radio and film performers in French-language media in Canada (the English language labour organization is <strong><a title=\"ACTRA\" href=\"https:\/\/www.actra.ca\/\" target=\"_blank\" rel=\"noopener noreferrer\">ACTRA<\/a><\/strong>).<\/p>\n<p><span lang=\"en\">\u00a0<\/span><\/p>\n<p><strong>Links:<\/strong><\/p>\n<ul>\n<li><strong><a href=\"http:\/\/uda.ca\/\">UDA website.<\/a> <\/strong><\/li>\n<\/ul>\n<\/div><\/div><\/div><\/section>\n<\/div><\/div>\n\n<style type=\"text\/css\" data-created_by=\"avia_inline_auto\" id=\"style-css-av-k1ii3mmd-38-d671c0be14d3c4ae1172db03d7b5a6b5\">\n#top .hr.hr-invisible.av-k1ii3mmd-38-d671c0be14d3c4ae1172db03d7b5a6b5{\nheight:25px;\n}\n<\/style>\n<div  class='hr av-k1ii3mmd-38-d671c0be14d3c4ae1172db03d7b5a6b5 hr-invisible  avia-builder-el-86  el_after_av_one_half  el_before_av_button '><span class='hr-inner '><span class=\"hr-inner-style\"><\/span><\/span><\/div>\n<div  class='avia-button-wrap av-k1ii249i-37-2b66f12a534d440e5e908bfb1804f388-wrap avia-button-right  avia-builder-el-87  el_after_av_hr  el_before_av_heading '><a href='https:\/\/www.quebec-elan.org\/links\/#Index'  class='avia-button av-k1ii249i-37-2b66f12a534d440e5e908bfb1804f388 av-link-btn avia-icon_select-yes-left-icon avia-size-medium avia-position-right avia-color-theme-color'   aria-label=\" Back to Index\"><span class='avia_button_icon avia_button_icon_left avia-iconfont avia-font-entypo-fontello' data-av_icon='\ue87e' data-av_iconfont='entypo-fontello' ><\/span><span class='avia_iconbox_title' > Back to Index<\/span><\/a><\/div>\n\n<style type=\"text\/css\" data-created_by=\"avia_inline_auto\" id=\"style-css-av-aefyxr-6a70de04e181f861bbd7f0101c32d968\">\n#top .av-special-heading.av-aefyxr-6a70de04e181f861bbd7f0101c32d968{\npadding-bottom:30px;\n}\nbody .av-special-heading.av-aefyxr-6a70de04e181f861bbd7f0101c32d968 .av-special-heading-tag .heading-char{\nfont-size:25px;\n}\n.av-special-heading.av-aefyxr-6a70de04e181f861bbd7f0101c32d968 .av-subheading{\nfont-size:15px;\n}\n<\/style>\n<div  id=\"LiteraturePublishing\"  class='av-special-heading av-aefyxr-6a70de04e181f861bbd7f0101c32d968 av-special-heading-h1  avia-builder-el-88  el_after_av_button  el_before_av_one_half  av-linked-heading'><h1 class='av-special-heading-tag '  itemprop=\"headline\"  >Disciplinary \u2060\u2014 Literature <span class='special_amp'>&amp;<\/span> Publishing<\/h1><div class=\"special-heading-border\"><div class=\"special-heading-inner-border\"><\/div><\/div><\/div>\n\n<style type=\"text\/css\" data-created_by=\"avia_inline_auto\" id=\"style-css-av-h18i8v-34-6c4dfb38ec6ac00aa009322e84762106\">\n.flex_column.av-h18i8v-34-6c4dfb38ec6ac00aa009322e84762106{\nborder-radius:0px 0px 0px 0px;\npadding:0px 0px 0px 0px;\n}\n<\/style>\n<div  class='flex_column av-h18i8v-34-6c4dfb38ec6ac00aa009322e84762106 av_one_half  avia-builder-el-89  el_after_av_heading  el_before_av_one_half  first flex_column_div av-zero-column-padding  '     ><div  class='togglecontainer av-k1iaw9td-33-0d39ac7096207d5bd8e814c1dd2a4c37 av-minimal-toggle  avia-builder-el-90  avia-builder-el-no-sibling  toggle_close_all' >\n<section class='av_toggle_section av-2tcpzfz-0e5db5c90282df3f03e09663c6b5f1a3'  itemscope=\"itemscope\" itemtype=\"https:\/\/schema.org\/CreativeWork\" ><div role=\"tablist\" class=\"single_toggle\" data-tags=\"{All} \"  ><p id='toggle-toggle-id-122' data-fake-id='#toggle-id-122' class='toggler  av-title-above '  itemprop=\"headline\"  role='tab' tabindex='0' aria-controls='toggle-id-122' data-slide-speed=\"200\" data-title=\"ACP : Association of Canadian Publishers\" data-title-open=\"\" data-aria_collapsed=\"Click to expand: ACP : Association of Canadian Publishers\" data-aria_expanded=\"Click to collapse: ACP : Association of Canadian Publishers\">ACP : Association of Canadian Publishers<span class=\"toggle_icon\"><span class=\"vert_icon\"><\/span><span class=\"hor_icon\"><\/span><\/span><\/p><div id='toggle-id-122' aria-labelledby='toggle-toggle-id-122' role='region' class='toggle_wrap  av-title-above'  ><div class='toggle_content invers-color '  itemprop=\"text\" ><p>The ACP represents approximately 115 Canadian-owned and controlled book publishers from across the country.<\/p>\n<p><strong>Links:<\/strong><\/p>\n<ul>\n<li><strong><a href=\"http:\/\/publishers.ca\/\">ACP website.<\/a> <\/strong><\/li>\n<\/ul>\n<\/div><\/div><\/div><\/section>\n<section class='av_toggle_section av-2res70f-54d9f49b6a3c83edd1e34390d92e3a8f'  itemscope=\"itemscope\" itemtype=\"https:\/\/schema.org\/CreativeWork\" ><div role=\"tablist\" class=\"single_toggle\" data-tags=\"{All} \"  ><p id='toggle-toggle-id-123' data-fake-id='#toggle-id-123' class='toggler  av-title-above '  itemprop=\"headline\"  role='tab' tabindex='0' aria-controls='toggle-id-123' data-slide-speed=\"200\" data-title=\"AELAQ : Association of English-language Publishers of Quebec\" data-title-open=\"\" data-aria_collapsed=\"Click to expand: AELAQ : Association of English-language Publishers of Quebec\" data-aria_expanded=\"Click to collapse: AELAQ : Association of English-language Publishers of Quebec\">AELAQ : Association of English-language Publishers of Quebec<span class=\"toggle_icon\"><span class=\"vert_icon\"><\/span><span class=\"hor_icon\"><\/span><\/span><\/p><div id='toggle-id-123' aria-labelledby='toggle-toggle-id-123' role='region' class='toggle_wrap  av-title-above'  ><div class='toggle_content invers-color '  itemprop=\"text\" ><p>AEQLAQ is a not-for-profit organization that advances the publication, distribution, and promotion of English-language books from Quebec.<\/p>\n<p><strong>Links:<\/strong><\/p>\n<ul>\n<li><strong><a href=\"http:\/\/www.aelaq.org\/\">AELAQ website.<\/a> <\/strong><\/li>\n<\/ul>\n<\/div><\/div><\/div><\/section>\n<section class='av_toggle_section av-2qjydb3-686f49eeefbeeee8f5893258fffb310e'  itemscope=\"itemscope\" itemtype=\"https:\/\/schema.org\/CreativeWork\" ><div role=\"tablist\" class=\"single_toggle\" data-tags=\"{All} \"  ><p id='toggle-toggle-id-124' data-fake-id='#toggle-id-124' class='toggler  av-title-above '  itemprop=\"headline\"  role='tab' tabindex='0' aria-controls='toggle-id-124' data-slide-speed=\"200\" data-title=\"AICW : Association of Italian Canadian Writers\" data-title-open=\"\" data-aria_collapsed=\"Click to expand: AICW : Association of Italian Canadian Writers\" data-aria_expanded=\"Click to collapse: AICW : Association of Italian Canadian Writers\">AICW : Association of Italian Canadian Writers<span class=\"toggle_icon\"><span class=\"vert_icon\"><\/span><span class=\"hor_icon\"><\/span><\/span><\/p><div id='toggle-id-124' aria-labelledby='toggle-toggle-id-124' role='region' class='toggle_wrap  av-title-above'  ><div class='toggle_content invers-color '  itemprop=\"text\" ><p>AICW brings together a community of writers, critics, academics, and other artists who promote Italian Canadian literature and culture.<\/p>\n<p><strong>Links:<\/strong><\/p>\n<ul>\n<li><strong><a href=\"http:\/\/www.aicw.ca\/\">AICW website.<\/a> <\/strong><\/li>\n<\/ul>\n<\/div><\/div><\/div><\/section>\n<section class='av_toggle_section av-2p9sf27-6b1d0ad54c8f02f46f2353ebff707ebc'  itemscope=\"itemscope\" itemtype=\"https:\/\/schema.org\/CreativeWork\" ><div role=\"tablist\" class=\"single_toggle\" data-tags=\"{All} \"  ><p id='toggle-toggle-id-125' data-fake-id='#toggle-id-125' class='toggler  av-title-above '  itemprop=\"headline\"  role='tab' tabindex='0' aria-controls='toggle-id-125' data-slide-speed=\"200\" data-title=\"Blue Metropolis Foundation\" data-title-open=\"\" data-aria_collapsed=\"Click to expand: Blue Metropolis Foundation\" data-aria_expanded=\"Click to collapse: Blue Metropolis Foundation\">Blue Metropolis Foundation<span class=\"toggle_icon\"><span class=\"vert_icon\"><\/span><span class=\"hor_icon\"><\/span><\/span><\/p><div id='toggle-id-125' aria-labelledby='toggle-toggle-id-125' role='region' class='toggle_wrap  av-title-above'  ><div class='toggle_content invers-color '  itemprop=\"text\" ><p>Blue Metropolis Foundation is a not-for-profit organization founded in 1997 that brings together people from different cultures to share the pleasure of reading and writing, and encourages creativity and intercultural understanding. The Foundation produces an Annual Literary Festival of international calibre and offers a wide range of educational and social programs year-round, both in classrooms and online.<\/p>\n<p><strong>Links:<\/strong><\/p>\n<ul>\n<li><strong><a href=\"http:\/\/bluemetropolis.org\/\">Blue Metropolis website.<\/a> <\/strong><\/li>\n<\/ul>\n<\/div><\/div><\/div><\/section>\n<section class='av_toggle_section av-2m3sjv3-331d3f2944d875dcb2880b4e9183df72'  itemscope=\"itemscope\" itemtype=\"https:\/\/schema.org\/CreativeWork\" ><div role=\"tablist\" class=\"single_toggle\" data-tags=\"{All} \"  ><p id='toggle-toggle-id-126' data-fake-id='#toggle-id-126' class='toggler  av-title-above '  itemprop=\"headline\"  role='tab' tabindex='0' aria-controls='toggle-id-126' data-slide-speed=\"200\" data-title=\"League of Canadian Poets\" data-title-open=\"\" data-aria_collapsed=\"Click to expand: League of Canadian Poets\" data-aria_expanded=\"Click to collapse: League of Canadian Poets\">League of Canadian Poets<span class=\"toggle_icon\"><span class=\"vert_icon\"><\/span><span class=\"hor_icon\"><\/span><\/span><\/p><div id='toggle-id-126' aria-labelledby='toggle-toggle-id-126' role='region' class='toggle_wrap  av-title-above'  ><div class='toggle_content invers-color '  itemprop=\"text\" ><p>Established in 1966, the League of Canadian Poets is a national non-profit organization dedicated to supporting, engaging, and promoting poets and poetry in Canada.<\/p>\n<p><strong>Links:<\/strong><\/p>\n<ul>\n<li><strong><a href=\"http:\/\/poets.ca\/\">League of Canadian Poets website.<\/a> <\/strong><\/li>\n<\/ul>\n<\/div><\/div><\/div><\/section>\n<section class='av_toggle_section av-2jqxfan-978d42b3f39e4c483d038111754e2b50'  itemscope=\"itemscope\" itemtype=\"https:\/\/schema.org\/CreativeWork\" ><div role=\"tablist\" class=\"single_toggle\" data-tags=\"{All} \"  ><p id='toggle-toggle-id-127' data-fake-id='#toggle-id-127' class='toggler  av-title-above '  itemprop=\"headline\"  role='tab' tabindex='0' aria-controls='toggle-id-127' data-slide-speed=\"200\" data-title=\"Literary Press Group\" data-title-open=\"\" data-aria_collapsed=\"Click to expand: Literary Press Group\" data-aria_expanded=\"Click to collapse: Literary Press Group\">Literary Press Group<span class=\"toggle_icon\"><span class=\"vert_icon\"><\/span><span class=\"hor_icon\"><\/span><\/span><\/p><div id='toggle-id-127' aria-labelledby='toggle-toggle-id-127' role='region' class='toggle_wrap  av-title-above'  ><div class='toggle_content invers-color '  itemprop=\"text\" ><p>The Literary Press Group of Canada (LPG) is a not-for-profit association of Canadian literary book publishers. The LPG helps member publishers sell, distribute, and market their books to booksellers, libraries, institutions, as well as directly to readers.<\/p>\n<p><strong>Links:<\/strong><\/p>\n<ul>\n<li><strong><a href=\"http:\/\/lpg.ca\/\">Literary Press Group website.<\/a> <\/strong><\/li>\n<\/ul>\n<\/div><\/div><\/div><\/section>\n<section class='av_toggle_section av-2hvtnpb-cee0f751530c0066841cc1bb59a764d6'  itemscope=\"itemscope\" itemtype=\"https:\/\/schema.org\/CreativeWork\" ><div role=\"tablist\" class=\"single_toggle\" data-tags=\"{All} \"  ><p id='toggle-toggle-id-128' data-fake-id='#toggle-id-128' class='toggler  av-title-above '  itemprop=\"headline\"  role='tab' tabindex='0' aria-controls='toggle-id-128' data-slide-speed=\"200\" data-title=\"Maison de la Poesie\" data-title-open=\"\" data-aria_collapsed=\"Click to expand: Maison de la Poesie\" data-aria_expanded=\"Click to collapse: Maison de la Poesie\">Maison de la Poesie<span class=\"toggle_icon\"><span class=\"vert_icon\"><\/span><span class=\"hor_icon\"><\/span><\/span><\/p><div id='toggle-id-128' aria-labelledby='toggle-toggle-id-128' role='region' class='toggle_wrap  av-title-above'  ><div class='toggle_content invers-color '  itemprop=\"text\" ><p>The Montreal Festival of Poetry (formerly Maison de la po\u00e9sie) is a non-profit festival that brings together poets, researchers and publishers. Its mission is to promote Quebec poetry, both in Quebec and abroad.<\/p>\n<p><em>Le Festival de la po\u00e9sie de Montr\u00e9al est un festival \u00e0 but non lucratif r\u00e9unissant des po\u00e8tes, des chercheurs et des \u00e9diteurs. Elle a pour mission de promouvoir la po\u00e9sie qu\u00e9b\u00e9coise, autant au Qu\u00e9bec qu\u2019\u00e0 l\u2019\u00e9tranger.<\/em>\u00a0 <span class=\"ILfuVd\"><br \/>\n<\/span><\/p>\n<p><strong>Links:<\/strong><\/p>\n<ul>\n<li><strong><a href=\"https:\/\/www.festivaldelapoesiedemontreal.com\/fr\/\" target=\"_blank\" rel=\"noopener\">Festival de la Poesie website (FR)<\/a><\/strong><\/li>\n<\/ul>\n<\/div><\/div><\/div><\/section>\n<\/div><\/div>\n\n<style type=\"text\/css\" data-created_by=\"avia_inline_auto\" id=\"style-css-av-h18i8v-30-808cb2b987e132888ba19b608f7b3cb1\">\n.flex_column.av-h18i8v-30-808cb2b987e132888ba19b608f7b3cb1{\nborder-radius:0px 0px 0px 0px;\npadding:0px 0px 0px 0px;\n}\n<\/style>\n<div  class='flex_column av-h18i8v-30-808cb2b987e132888ba19b608f7b3cb1 av_one_half  avia-builder-el-91  el_after_av_one_half  el_before_av_hr  flex_column_div av-zero-column-padding  '     ><div  class='togglecontainer av-k1iaw9td-29-0a560757cccd16603c1157cbd106b2ea av-minimal-toggle  avia-builder-el-92  avia-builder-el-no-sibling  toggle_close_all' >\n<section class='av_toggle_section av-2gf7sov-a2141fb307832c9ac6130c0854894db9'  itemscope=\"itemscope\" itemtype=\"https:\/\/schema.org\/CreativeWork\" ><div role=\"tablist\" class=\"single_toggle\" data-tags=\"{All} \"  ><p id='toggle-toggle-id-129' data-fake-id='#toggle-id-129' class='toggler  av-title-above '  itemprop=\"headline\"  role='tab' tabindex='0' aria-controls='toggle-id-129' data-slide-speed=\"200\" data-title=\"mRb : The Montreal Review of Books\" data-title-open=\"\" data-aria_collapsed=\"Click to expand: mRb : The Montreal Review of Books\" data-aria_expanded=\"Click to collapse: mRb : The Montreal Review of Books\">mRb : The Montreal Review of Books<span class=\"toggle_icon\"><span class=\"vert_icon\"><\/span><span class=\"hor_icon\"><\/span><\/span><\/p><div id='toggle-id-129' aria-labelledby='toggle-toggle-id-129' role='region' class='toggle_wrap  av-title-above'  ><div class='toggle_content invers-color '  itemprop=\"text\" ><p>The <em>Montreal Review of Books<\/em> is a free, nationally distributed journal of reviews, features, and essays on English-language books by Quebec writers and publishers. The <em>mRb<\/em> covers literature, non-fiction, poetry, memoirs, history, graphic novels, children\u2019s books, and more.<\/p>\n<p><strong>Links:<\/strong><\/p>\n<ul>\n<li><strong><a href=\"http:\/\/mtlreviewofbooks.ca\/\">mRB website.<\/a> <\/strong><\/li>\n<\/ul>\n<\/div><\/div><\/div><\/section>\n<section class='av_toggle_section av-8qvc5b-844c63826395270be0ef9ab3dc890d27'  itemscope=\"itemscope\" itemtype=\"https:\/\/schema.org\/CreativeWork\" ><div role=\"tablist\" class=\"single_toggle\" data-tags=\"{All} \"  ><p id='toggle-toggle-id-130' data-fake-id='#toggle-id-130' class='toggler  av-title-above '  itemprop=\"headline\"  role='tab' tabindex='0' aria-controls='toggle-id-130' data-slide-speed=\"200\" data-title=\"PEN Canada\" data-title-open=\"\" data-aria_collapsed=\"Click to expand: PEN Canada\" data-aria_expanded=\"Click to collapse: PEN Canada\">PEN Canada<span class=\"toggle_icon\"><span class=\"vert_icon\"><\/span><span class=\"hor_icon\"><\/span><\/span><\/p><div id='toggle-id-130' aria-labelledby='toggle-toggle-id-130' role='region' class='toggle_wrap  av-title-above'  ><div class='toggle_content invers-color '  itemprop=\"text\" ><p>PEN Canada is a nonpartisan organization of writers that works with others to defend freedom of expression as a basic human right, at home and abroad. PEN Canada promotes literature, fights censorship, helps free persecuted writers from prison, and assists writers living in exile in Canada.<\/p>\n<p><strong>Links:<\/strong><\/p>\n<ul>\n<li><strong><a href=\"http:\/\/pencanada.ca\/\">PEN Canada website.<\/a> <\/strong><\/li>\n<\/ul>\n<\/div><\/div><\/div><\/section>\n<section class='av_toggle_section av-2cna3un-8efbea276d896d0daac944a9ae233f46'  itemscope=\"itemscope\" itemtype=\"https:\/\/schema.org\/CreativeWork\" ><div role=\"tablist\" class=\"single_toggle\" data-tags=\"{All} \"  ><p id='toggle-toggle-id-131' data-fake-id='#toggle-id-131' class='toggler  av-title-above '  itemprop=\"headline\"  role='tab' tabindex='0' aria-controls='toggle-id-131' data-slide-speed=\"200\" data-title=\"PWAC : Professional Writers Association of Canada\" data-title-open=\"\" data-aria_collapsed=\"Click to expand: PWAC : Professional Writers Association of Canada\" data-aria_expanded=\"Click to collapse: PWAC : Professional Writers Association of Canada\">PWAC : Professional Writers Association of Canada<span class=\"toggle_icon\"><span class=\"vert_icon\"><\/span><span class=\"hor_icon\"><\/span><\/span><\/p><div id='toggle-id-131' aria-labelledby='toggle-toggle-id-131' role='region' class='toggle_wrap  av-title-above'  ><div class='toggle_content invers-color '  itemprop=\"text\" ><p>For 40 years, the Professional Writers Association of Canada (PWAC) has sought to protect the interests of Canada\u2019s freelance writing community. The Quebec chapter of PWAC is home to a diverse group of award-winning journalists, authors, writers, editors and translators of all kinds.<\/p>\n<p><strong>Links:<\/strong><\/p>\n<ul>\n<li><strong><a href=\"https:\/\/pwacquebec.wordpress.com\/\">PWAC website.<\/a> <\/strong><\/li>\n<\/ul>\n<\/div><\/div><\/div><\/section>\n<section class='av_toggle_section av-2bjd7gf-4b50c05f46166929d8fc625935ebb4fa'  itemscope=\"itemscope\" itemtype=\"https:\/\/schema.org\/CreativeWork\" ><div role=\"tablist\" class=\"single_toggle\" data-tags=\"{All} \"  ><p id='toggle-toggle-id-132' data-fake-id='#toggle-id-132' class='toggler  av-title-above '  itemprop=\"headline\"  role='tab' tabindex='0' aria-controls='toggle-id-132' data-slide-speed=\"200\" data-title=\"Quebec Writers\u2019 Federation (QWF)\" data-title-open=\"\" data-aria_collapsed=\"Click to expand: Quebec Writers\u2019 Federation (QWF)\" data-aria_expanded=\"Click to collapse: Quebec Writers\u2019 Federation (QWF)\">Quebec Writers\u2019 Federation (QWF)<span class=\"toggle_icon\"><span class=\"vert_icon\"><\/span><span class=\"hor_icon\"><\/span><\/span><\/p><div id='toggle-id-132' aria-labelledby='toggle-toggle-id-132' role='region' class='toggle_wrap  av-title-above'  ><div class='toggle_content invers-color '  itemprop=\"text\" ><p>The Quebec Writers\u2019 Federation (QWF) is playing an increasingly prominent role in the life of the Quebec English-language literary community as an arts presenter and professional and community educator, as well as the representative of Quebec\u2019s English-language writers.<\/p>\n<p><strong>Links:<\/strong><\/p>\n<ul>\n<li><strong><a href=\"http:\/\/www.qwf.org\/\">QWF website.<\/a> <\/strong><\/li>\n<\/ul>\n<\/div><\/div><\/div><\/section>\n<section class='av_toggle_section av-2ajmcan-29347dbbade0facb1928e0ccc5c7f897'  itemscope=\"itemscope\" itemtype=\"https:\/\/schema.org\/CreativeWork\" ><div role=\"tablist\" class=\"single_toggle\" data-tags=\"{All} \"  ><p id='toggle-toggle-id-133' data-fake-id='#toggle-id-133' class='toggler  av-title-above '  itemprop=\"headline\"  role='tab' tabindex='0' aria-controls='toggle-id-133' data-slide-speed=\"200\" data-title=\"The Writers Union of Canada\" data-title-open=\"\" data-aria_collapsed=\"Click to expand: The Writers Union of Canada\" data-aria_expanded=\"Click to collapse: The Writers Union of Canada\">The Writers Union of Canada<span class=\"toggle_icon\"><span class=\"vert_icon\"><\/span><span class=\"hor_icon\"><\/span><\/span><\/p><div id='toggle-id-133' aria-labelledby='toggle-toggle-id-133' role='region' class='toggle_wrap  av-title-above'  ><div class='toggle_content invers-color '  itemprop=\"text\" ><p>The Writers\u2019 Union of Canada is the national organization of professionally published book authors. Now over 2,100 members strong, the Union was founded in 1973 to work with governments, publishers, booksellers, and readers to improve the conditions of Canadian writers.<\/p>\n<p><strong>Links:<\/strong><\/p>\n<ul>\n<li><strong><a href=\"http:\/\/www.writersunion.ca\/\">Writers&#8217; Union website.<\/a> <\/strong><\/li>\n<\/ul>\n<\/div><\/div><\/div><\/section>\n<section class='av_toggle_section av-28if3gv-2aca723892ed661acf151427a273617f'  itemscope=\"itemscope\" itemtype=\"https:\/\/schema.org\/CreativeWork\" ><div role=\"tablist\" class=\"single_toggle\" data-tags=\"{All} \"  ><p id='toggle-toggle-id-134' data-fake-id='#toggle-id-134' class='toggler  av-title-above '  itemprop=\"headline\"  role='tab' tabindex='0' aria-controls='toggle-id-134' data-slide-speed=\"200\" data-title=\"Union des ecrivaines et des ecrivains quebecois (UNEQ)\" data-title-open=\"\" data-aria_collapsed=\"Click to expand: Union des ecrivaines et des ecrivains quebecois (UNEQ)\" data-aria_expanded=\"Click to collapse: Union des ecrivaines et des ecrivains quebecois (UNEQ)\">Union des ecrivaines et des ecrivains quebecois (UNEQ)<span class=\"toggle_icon\"><span class=\"vert_icon\"><\/span><span class=\"hor_icon\"><\/span><\/span><\/p><div id='toggle-id-134' aria-labelledby='toggle-toggle-id-134' role='region' class='toggle_wrap  av-title-above'  ><div class='toggle_content invers-color '  itemprop=\"text\" ><p><span class=\"tlid-translation translation\" lang=\"en\"><span class=\"\" title=\"\">For more than 40 years, the Union of Quebec Writers and Writers (UNEQ) has been working to promote and disseminate Quebec literature, in Quebec, in Canada and abroad, as well as to defend<\/span> <span class=\"\" title=\"\">socio-economic rights of writers.<\/span><\/span><\/p>\n<p><em>Depuis plus de 40 ans, l\u2019Union des \u00e9crivaines et des \u00e9crivains qu\u00e9b\u00e9cois (UNEQ) travaille \u00e0 la promotion et \u00e0 la diffusion de la litt\u00e9rature qu\u00e9b\u00e9coise, au Qu\u00e9bec, au Canada et \u00e0 l\u2019\u00e9tranger, de m\u00eame qu\u2019\u00e0 la d\u00e9fense des droits socio-\u00e9conomiques des \u00e9crivains.<\/em><\/p>\n<p><strong>Links:<\/strong><\/p>\n<ul>\n<li><strong><a href=\"http:\/\/www.uneq.qc.ca\/\">UNEQ website.<\/a> <\/strong><\/li>\n<\/ul>\n<\/div><\/div><\/div><\/section>\n<section class='av_toggle_section av-7vo0bz-28427cd93f87b288750f0576e9dc0cac'  itemscope=\"itemscope\" itemtype=\"https:\/\/schema.org\/CreativeWork\" ><div role=\"tablist\" class=\"single_toggle\" data-tags=\"{All} \"  ><p id='toggle-toggle-id-135' data-fake-id='#toggle-id-135' class='toggler  av-title-above '  itemprop=\"headline\"  role='tab' tabindex='0' aria-controls='toggle-id-135' data-slide-speed=\"200\" data-title=\"WGC : Writers\u2019 Guild of Canada\" data-title-open=\"\" data-aria_collapsed=\"Click to expand: WGC : Writers\u2019 Guild of Canada\" data-aria_expanded=\"Click to collapse: WGC : Writers\u2019 Guild of Canada\">WGC : Writers\u2019 Guild of Canada<span class=\"toggle_icon\"><span class=\"vert_icon\"><\/span><span class=\"hor_icon\"><\/span><\/span><\/p><div id='toggle-id-135' aria-labelledby='toggle-toggle-id-135' role='region' class='toggle_wrap  av-title-above'  ><div class='toggle_content invers-color '  itemprop=\"text\" ><p>WGC represents more than 2,200 professional English-language screenwriters in Canada, creators of entertainment watched around the world.<\/p>\n<p><strong>Links:<\/strong><\/p>\n<ul>\n<li><strong><a href=\"https:\/\/www.wgc.ca\/\">WGC website.<\/a> <\/strong><\/li>\n<\/ul>\n<\/div><\/div><\/div><\/section>\n<section class='av_toggle_section av-248rz3j-67348f1ec2ce6a16812abc59ceaa6779'  itemscope=\"itemscope\" itemtype=\"https:\/\/schema.org\/CreativeWork\" ><div role=\"tablist\" class=\"single_toggle\" data-tags=\"{All} \"  ><p id='toggle-toggle-id-136' data-fake-id='#toggle-id-136' class='toggler  av-title-above '  itemprop=\"headline\"  role='tab' tabindex='0' aria-controls='toggle-id-136' data-slide-speed=\"200\" data-title=\"Writers\u2019 Coalition Program\" data-title-open=\"\" data-aria_collapsed=\"Click to expand: Writers\u2019 Coalition Program\" data-aria_expanded=\"Click to collapse: Writers\u2019 Coalition Program\">Writers\u2019 Coalition Program<span class=\"toggle_icon\"><span class=\"vert_icon\"><\/span><span class=\"hor_icon\"><\/span><\/span><\/p><div id='toggle-id-136' aria-labelledby='toggle-toggle-id-136' role='region' class='toggle_wrap  av-title-above'  ><div class='toggle_content invers-color '  itemprop=\"text\" ><p>Health insurance, a service of the Actra Fraternal Benefit Society.<\/p>\n<p><strong>Links:<\/strong><\/p>\n<ul>\n<li><strong><a href=\"https:\/\/www.writerscoalition.ca\/home\">Writers&#8217; Coalition Program website.<\/a> <\/strong><\/li>\n<\/ul>\n<\/div><\/div><\/div><\/section>\n<\/div><\/div>\n\n<style type=\"text\/css\" data-created_by=\"avia_inline_auto\" id=\"style-css-av-k1ii3mmd-32-3a1a56eea565321eca5fe031a8b00c33\">\n#top .hr.hr-invisible.av-k1ii3mmd-32-3a1a56eea565321eca5fe031a8b00c33{\nheight:25px;\n}\n<\/style>\n<div  class='hr av-k1ii3mmd-32-3a1a56eea565321eca5fe031a8b00c33 hr-invisible  avia-builder-el-93  el_after_av_one_half  el_before_av_button '><span class='hr-inner '><span class=\"hr-inner-style\"><\/span><\/span><\/div>\n<div  class='avia-button-wrap av-k1ii249i-31-b69ab55fc15e5b81fb4677aa25af1c04-wrap avia-button-right  avia-builder-el-94  el_after_av_hr  el_before_av_heading '><a href='https:\/\/www.quebec-elan.org\/links\/#Index'  class='avia-button av-k1ii249i-31-b69ab55fc15e5b81fb4677aa25af1c04 av-link-btn avia-icon_select-yes-left-icon avia-size-medium avia-position-right avia-color-theme-color'   aria-label=\" Back to Index\"><span class='avia_button_icon avia_button_icon_left avia-iconfont avia-font-entypo-fontello' data-av_icon='\ue87e' data-av_iconfont='entypo-fontello' ><\/span><span class='avia_iconbox_title' > Back to Index<\/span><\/a><\/div>\n\n<style type=\"text\/css\" data-created_by=\"avia_inline_auto\" id=\"style-css-av-8iq4lb-e659e1b68449166709fd1808801f5edb\">\n#top .av-special-heading.av-8iq4lb-e659e1b68449166709fd1808801f5edb{\npadding-bottom:30px;\n}\nbody .av-special-heading.av-8iq4lb-e659e1b68449166709fd1808801f5edb .av-special-heading-tag .heading-char{\nfont-size:25px;\n}\n.av-special-heading.av-8iq4lb-e659e1b68449166709fd1808801f5edb .av-subheading{\nfont-size:15px;\n}\n<\/style>\n<div  id=\"DigitalNewMedia\"  class='av-special-heading av-8iq4lb-e659e1b68449166709fd1808801f5edb av-special-heading-h1  avia-builder-el-95  el_after_av_button  el_before_av_one_half  av-linked-heading'><h1 class='av-special-heading-tag '  itemprop=\"headline\"  >Disciplinary \u2060\u2014 Digital <span class='special_amp'>&amp;<\/span> New Media<\/h1><div class=\"special-heading-border\"><div class=\"special-heading-inner-border\"><\/div><\/div><\/div>\n\n<style type=\"text\/css\" data-created_by=\"avia_inline_auto\" id=\"style-css-av-h18i8v-28-3d0edcfa01a38db734cd14c6618a0f3e\">\n.flex_column.av-h18i8v-28-3d0edcfa01a38db734cd14c6618a0f3e{\nborder-radius:0px 0px 0px 0px;\npadding:0px 0px 0px 0px;\n}\n<\/style>\n<div  class='flex_column av-h18i8v-28-3d0edcfa01a38db734cd14c6618a0f3e av_one_half  avia-builder-el-96  el_after_av_heading  el_before_av_one_half  first flex_column_div av-zero-column-padding  '     ><div  class='togglecontainer av-k1iaw9td-27-db0fc1d0698616ec34be6828b83e052a av-minimal-toggle  avia-builder-el-97  avia-builder-el-no-sibling  toggle_close_all' >\n<section class='av_toggle_section av-21iit4v-4f9ee4dd51fccdf7a85e23ea01154946'  itemscope=\"itemscope\" itemtype=\"https:\/\/schema.org\/CreativeWork\" ><div role=\"tablist\" class=\"single_toggle\" data-tags=\"{All} \"  ><p id='toggle-toggle-id-137' data-fake-id='#toggle-id-137' class='toggler  av-title-above '  itemprop=\"headline\"  role='tab' tabindex='0' aria-controls='toggle-id-137' data-slide-speed=\"200\" data-title=\"articule\" data-title-open=\"\" data-aria_collapsed=\"Click to expand: articule\" data-aria_expanded=\"Click to collapse: articule\">articule<span class=\"toggle_icon\"><span class=\"vert_icon\"><\/span><span class=\"hor_icon\"><\/span><\/span><\/p><div id='toggle-id-137' aria-labelledby='toggle-toggle-id-137' role='region' class='toggle_wrap  av-title-above'  ><div class='toggle_content invers-color '  itemprop=\"text\" ><p>articule is an open-access artist-run centre dedicated to the presentation of a broad range of contemporary art practices. Through their various programming channels, articule strives for artistic excellence, interdisciplinarity and social engagement.<\/p>\n<p><strong>Links:<\/strong><\/p>\n<ul>\n<li><strong><a href=\"https:\/\/articule.org\">articule website.<\/a> <\/strong><\/li>\n<\/ul>\n<\/div><\/div><\/div><\/section>\n<section class='av_toggle_section av-20pictr-c586fb3f8a65548f3a61c016d2d62128'  itemscope=\"itemscope\" itemtype=\"https:\/\/schema.org\/CreativeWork\" ><div role=\"tablist\" class=\"single_toggle\" data-tags=\"{All} \"  ><p id='toggle-toggle-id-138' data-fake-id='#toggle-id-138' class='toggler  av-title-above '  itemprop=\"headline\"  role='tab' tabindex='0' aria-controls='toggle-id-138' data-slide-speed=\"200\" data-title=\"CQAM : Le Conseil qu\u00e9b\u00e9cois des arts m\u00e9diatiques\" data-title-open=\"\" data-aria_collapsed=\"Click to expand: CQAM : Le Conseil qu\u00e9b\u00e9cois des arts m\u00e9diatiques\" data-aria_expanded=\"Click to collapse: CQAM : Le Conseil qu\u00e9b\u00e9cois des arts m\u00e9diatiques\">CQAM : Le Conseil qu\u00e9b\u00e9cois des arts m\u00e9diatiques<span class=\"toggle_icon\"><span class=\"vert_icon\"><\/span><span class=\"hor_icon\"><\/span><\/span><\/p><div id='toggle-id-138' aria-labelledby='toggle-toggle-id-138' role='region' class='toggle_wrap  av-title-above'  ><div class='toggle_content invers-color '  itemprop=\"text\" ><p>Founded on June 19th 1998, CQAM is the only media arts advocacy organisation in Quebec welcoming professional independent artists*, cultural workers, emerging artists and artist-run centres devoted to media arts as members.<\/p>\n<p><strong>Links:<\/strong><\/p>\n<ul>\n<li><strong><a href=\"http:\/\/www.cqam.org\/\">CQAM website.<\/a> <\/strong><\/li>\n<\/ul>\n<\/div><\/div><\/div><\/section>\n<section class='av_toggle_section av-1yiamsf-4c202a148e1d038730ce275d086524fd'  itemscope=\"itemscope\" itemtype=\"https:\/\/schema.org\/CreativeWork\" ><div role=\"tablist\" class=\"single_toggle\" data-tags=\"{All} \"  ><p id='toggle-toggle-id-139' data-fake-id='#toggle-id-139' class='toggler  av-title-above '  itemprop=\"headline\"  role='tab' tabindex='0' aria-controls='toggle-id-139' data-slide-speed=\"200\" data-title=\"Eastern Bloc\" data-title-open=\"\" data-aria_collapsed=\"Click to expand: Eastern Bloc\" data-aria_expanded=\"Click to collapse: Eastern Bloc\">Eastern Bloc<span class=\"toggle_icon\"><span class=\"vert_icon\"><\/span><span class=\"hor_icon\"><\/span><\/span><\/p><div id='toggle-id-139' aria-labelledby='toggle-toggle-id-139' role='region' class='toggle_wrap  av-title-above'  ><div class='toggle_content invers-color '  itemprop=\"text\" ><p>Since 2007, Eastern Bloc has been at the forefront of digital art dissemination, promotion and production in Quebec. The vision at Eastern Bloc is to explore and push the creative boundaries situated at the intersection of art, technology, and science, as well as all other emerging digital practices.<\/p>\n<p><strong>Links:<\/strong><\/p>\n<ul>\n<li><strong><a href=\"https:\/\/easternbloc.ca\/\">Eastern Bloc website.<\/a> <\/strong><\/li>\n<\/ul>\n<\/div><\/div><\/div><\/section>\n<section class='av_toggle_section av-1w31rsv-b9ce21c7276027b70d841928aa9bedba'  itemscope=\"itemscope\" itemtype=\"https:\/\/schema.org\/CreativeWork\" ><div role=\"tablist\" class=\"single_toggle\" data-tags=\"{All} \"  ><p id='toggle-toggle-id-140' data-fake-id='#toggle-id-140' class='toggler  av-title-above '  itemprop=\"headline\"  role='tab' tabindex='0' aria-controls='toggle-id-140' data-slide-speed=\"200\" data-title=\"IMAA \/ AAMI : Independent Media Arts Alliance\" data-title-open=\"\" data-aria_collapsed=\"Click to expand: IMAA \/ AAMI : Independent Media Arts Alliance\" data-aria_expanded=\"Click to collapse: IMAA \/ AAMI : Independent Media Arts Alliance\">IMAA \/ AAMI : Independent Media Arts Alliance<span class=\"toggle_icon\"><span class=\"vert_icon\"><\/span><span class=\"hor_icon\"><\/span><\/span><\/p><div id='toggle-id-140' aria-labelledby='toggle-toggle-id-140' role='region' class='toggle_wrap  av-title-above'  ><div class='toggle_content invers-color '  itemprop=\"text\" ><p>The Independent Media Arts Alliance (IMAA) is a member-driven non-profit national organization working to advance and strengthen the media arts community in Canada. Representing over 100 independent film, video, audio, and new media production, distribution, and exhibition organizations in all parts of the country, the IMAA serves over 16,000 independent media artists and cultural workers.<\/p>\n<p><strong>Links:<\/strong><\/p>\n<ul>\n<li><strong><a href=\"http:\/\/www.imaa.ca\/\">IMAA website.<\/a> <\/strong><\/li>\n<\/ul>\n<\/div><\/div><\/div><\/section>\n<section class='av_toggle_section av-1umq75r-7e8e23ea56e1074232f10cb571792f3d'  itemscope=\"itemscope\" itemtype=\"https:\/\/schema.org\/CreativeWork\" ><div role=\"tablist\" class=\"single_toggle\" data-tags=\"{All} \"  ><p id='toggle-toggle-id-141' data-fake-id='#toggle-id-141' class='toggler  av-title-above '  itemprop=\"headline\"  role='tab' tabindex='0' aria-controls='toggle-id-141' data-slide-speed=\"200\" data-title=\"FIAM \/ IFMA : International Federation of Multimedia Associations\" data-title-open=\"\" data-aria_collapsed=\"Click to expand: FIAM \/ IFMA : International Federation of Multimedia Associations\" data-aria_expanded=\"Click to collapse: FIAM \/ IFMA : International Federation of Multimedia Associations\">FIAM \/ IFMA : International Federation of Multimedia Associations<span class=\"toggle_icon\"><span class=\"vert_icon\"><\/span><span class=\"hor_icon\"><\/span><\/span><\/p><div id='toggle-id-141' aria-labelledby='toggle-toggle-id-141' role='region' class='toggle_wrap  av-title-above'  ><div class='toggle_content invers-color '  itemprop=\"text\" ><p>FIAM\/IFMA is a NGO in Special Consultative Status with United Nations Economic and Social Council (UN ECOSOC), established in Montreal, Canada in 1997. FIAM\u2019s mission is to develop a global networking platform for professional organizations, industrial associations, chambers of commerce, financial organizations, research and educational institutes, manufactures, traders and services providers in multimedia, internet and digital media industry.<\/p>\n<p><strong>Links:<\/strong><\/p>\n<ul>\n<li><strong><a href=\"http:\/\/www.fiam.org\/en\/\">FIAM website.<\/a> <\/strong><\/li>\n<\/ul>\n<\/div><\/div><\/div><\/section>\n<section class='av_toggle_section av-1sv5bgv-792d0941351cdcff30a352227be2d64c'  itemscope=\"itemscope\" itemtype=\"https:\/\/schema.org\/CreativeWork\" ><div role=\"tablist\" class=\"single_toggle\" data-tags=\"{All} \"  ><p id='toggle-toggle-id-142' data-fake-id='#toggle-id-142' class='toggler  av-title-above '  itemprop=\"headline\"  role='tab' tabindex='0' aria-controls='toggle-id-142' data-slide-speed=\"200\" data-title=\"MAI (Montr\u00e9al Arts Interculturels) \" data-title-open=\"\" data-aria_collapsed=\"Click to expand: MAI (Montr\u00e9al Arts Interculturels) \" data-aria_expanded=\"Click to collapse: MAI (Montr\u00e9al Arts Interculturels) \">MAI (Montr\u00e9al Arts Interculturels) <span class=\"toggle_icon\"><span class=\"vert_icon\"><\/span><span class=\"hor_icon\"><\/span><\/span><\/p><div id='toggle-id-142' aria-labelledby='toggle-toggle-id-142' role='region' class='toggle_wrap  av-title-above'  ><div class='toggle_content invers-color '  itemprop=\"text\" ><p>Neither an institution nor an artist-run centre, MAI is often referred to as that strange beast for its multifaceted modus operandi and mandate specificity: an inclusionary, pluricultural, pluridisciplinary presenter also operating an artist-driven mentorship program, and the conveyor of an annual community exchange\/public development program entitled Public +.<\/p>\n<p><strong>Links:<\/strong><\/p>\n<ul>\n<li><strong><a href=\"https:\/\/www.m-a-i.qc.ca\/en\/\">MAI website.<\/a> <\/strong><\/li>\n<\/ul>\n<\/div><\/div><\/div><\/section>\n<\/div><\/div>\n\n<style type=\"text\/css\" data-created_by=\"avia_inline_auto\" id=\"style-css-av-h18i8v-24-1d137adb19a84ac1f8424530edf983fc\">\n.flex_column.av-h18i8v-24-1d137adb19a84ac1f8424530edf983fc{\nborder-radius:0px 0px 0px 0px;\npadding:0px 0px 0px 0px;\n}\n<\/style>\n<div  class='flex_column av-h18i8v-24-1d137adb19a84ac1f8424530edf983fc av_one_half  avia-builder-el-98  el_after_av_one_half  el_before_av_hr  flex_column_div av-zero-column-padding  '     ><div  class='togglecontainer av-k1iaw9td-23-e93f50667c8d4bdf30e53cdc9c0caa95 av-minimal-toggle  avia-builder-el-99  avia-builder-el-no-sibling  toggle_close_all' >\n<section class='av_toggle_section av-1sb00cv-5e4c67fad64edc87dd7555a3b14c5591'  itemscope=\"itemscope\" itemtype=\"https:\/\/schema.org\/CreativeWork\" ><div role=\"tablist\" class=\"single_toggle\" data-tags=\"{All} \"  ><p id='toggle-toggle-id-143' data-fake-id='#toggle-id-143' class='toggler  av-title-above '  itemprop=\"headline\"  role='tab' tabindex='0' aria-controls='toggle-id-143' data-slide-speed=\"200\" data-title=\"New Adventures in Sound Art (NAISA)\" data-title-open=\"\" data-aria_collapsed=\"Click to expand: New Adventures in Sound Art (NAISA)\" data-aria_expanded=\"Click to collapse: New Adventures in Sound Art (NAISA)\">New Adventures in Sound Art (NAISA)<span class=\"toggle_icon\"><span class=\"vert_icon\"><\/span><span class=\"hor_icon\"><\/span><\/span><\/p><div id='toggle-id-143' aria-labelledby='toggle-toggle-id-143' role='region' class='toggle_wrap  av-title-above'  ><div class='toggle_content invers-color '  itemprop=\"text\" ><p>New Adventures in Sound Art (NAISA) is a non-profit organization, formerly based in Toronto but now in South River ON, that presents performances and installations spanning the entire spectrum of electroacoustic and experimental sound art. NAISA operates the NAISA North Media Arts Centre, located in the centre of the village of South River at 106 Ottawa Ave., a short distance from Algonquin Park, at the building formerly known as Ren\u00e9e\u2019s Caf\u00e9 and Bean There Caf\u00e9.<\/p>\n<p><strong>Links:<\/strong><\/p>\n<ul>\n<li><strong><a href=\"http:\/\/www.naisa.ca\/\">NAISA website.<\/a> <\/strong><\/li>\n<\/ul>\n<\/div><\/div><\/div><\/section>\n<section class='av_toggle_section av-1poqg5b-95f3c1dd3dfd3add44c6fe20231612c7'  itemscope=\"itemscope\" itemtype=\"https:\/\/schema.org\/CreativeWork\" ><div role=\"tablist\" class=\"single_toggle\" data-tags=\"{All} \"  ><p id='toggle-toggle-id-144' data-fake-id='#toggle-id-144' class='toggler  av-title-above '  itemprop=\"headline\"  role='tab' tabindex='0' aria-controls='toggle-id-144' data-slide-speed=\"200\" data-title=\"OBORO\" data-title-open=\"\" data-aria_collapsed=\"Click to expand: OBORO\" data-aria_expanded=\"Click to collapse: OBORO\">OBORO<span class=\"toggle_icon\"><span class=\"vert_icon\"><\/span><span class=\"hor_icon\"><\/span><\/span><\/p><div id='toggle-id-144' aria-labelledby='toggle-toggle-id-144' role='region' class='toggle_wrap  av-title-above'  ><div class='toggle_content invers-color '  itemprop=\"text\" ><p>Founded with the conviction that living transcultural artistic experiences contribute to the betterment of humankind, OBORO is an artist centre that favours the development of art practices locally, nationally and internationally. OBORO\u2019s sphere of activity encompasses visual and media arts, performing arts, new technologies and emerging practices.<\/p>\n<p><strong>Links:<\/strong><\/p>\n<ul>\n<li><strong><a href=\"http:\/\/www.oboro.net\/en\">OBORO website.<\/a> <\/strong><\/li>\n<\/ul>\n<\/div><\/div><\/div><\/section>\n<section class='av_toggle_section av-1p5fkpr-bcbbbb56bada3d51ed6c1195a834d838'  itemscope=\"itemscope\" itemtype=\"https:\/\/schema.org\/CreativeWork\" ><div role=\"tablist\" class=\"single_toggle\" data-tags=\"{All} \"  ><p id='toggle-toggle-id-145' data-fake-id='#toggle-id-145' class='toggler  av-title-above '  itemprop=\"headline\"  role='tab' tabindex='0' aria-controls='toggle-id-145' data-slide-speed=\"200\" data-title=\"Participatory Media Cluster\" data-title-open=\"\" data-aria_collapsed=\"Click to expand: Participatory Media Cluster\" data-aria_expanded=\"Click to collapse: Participatory Media Cluster\">Participatory Media Cluster<span class=\"toggle_icon\"><span class=\"vert_icon\"><\/span><span class=\"hor_icon\"><\/span><\/span><\/p><div id='toggle-id-145' aria-labelledby='toggle-toggle-id-145' role='region' class='toggle_wrap  av-title-above'  ><div class='toggle_content invers-color '  itemprop=\"text\" ><p>Participatory Media is a hub for research-creation work and co-design that is concerned with questions of social justice and accessibility. We are committed tinkerers and makers who develop prototypes, devices, workshops and outreach events that bring people together through participatory methods in creation, discussion and dissemination. The cluster is also home to the alternative scholarly publication platform <a href=\"http:\/\/wi.mobilities.ca\/\" target=\"_blank\" rel=\"noopener noreferrer\"><strong>Wi Journal of Mobile Media<\/strong><\/a>.<\/p>\n<p><strong>Links:<\/strong><\/p>\n<ul>\n<li><strong><a href=\"https:\/\/milieux.concordia.ca\/participatory-media\/\">Participatory Media Cluster website.<\/a> <\/strong><\/li>\n<\/ul>\n<\/div><\/div><\/div><\/section>\n<section class='av_toggle_section av-1n1g0rz-18330b257835c6deaeebe03606ebb970'  itemscope=\"itemscope\" itemtype=\"https:\/\/schema.org\/CreativeWork\" ><div role=\"tablist\" class=\"single_toggle\" data-tags=\"{All} \"  ><p id='toggle-toggle-id-146' data-fake-id='#toggle-id-146' class='toggler  av-title-above '  itemprop=\"headline\"  role='tab' tabindex='0' aria-controls='toggle-id-146' data-slide-speed=\"200\" data-title=\"SenseLab\" data-title-open=\"\" data-aria_collapsed=\"Click to expand: SenseLab\" data-aria_expanded=\"Click to collapse: SenseLab\">SenseLab<span class=\"toggle_icon\"><span class=\"vert_icon\"><\/span><span class=\"hor_icon\"><\/span><\/span><\/p><div id='toggle-id-146' aria-labelledby='toggle-toggle-id-146' role='region' class='toggle_wrap  av-title-above'  ><div class='toggle_content invers-color '  itemprop=\"text\" ><p>Based in Montreal, the SenseLab is an international network of artists and academics, writers and makers, from a wide diversity of fields, working together at the crossroads of philosophy, art, and activism. The SenseLab has adopted the term \u201cresearch-creation\u201d to describe its activities, with the goal of fundamentally rethinking \u201ctheory\u201d and \u201cpractice\u201d in a way that overcomes the all-too-common antagonism between the two.<\/p>\n<p><strong>Links:<\/strong><\/p>\n<ul>\n<li><strong><a href=\"http:\/\/senselab.ca\/wp2\/\">SenseLab website.<\/a> <\/strong><\/li>\n<\/ul>\n<\/div><\/div><\/div><\/section>\n<section class='av_toggle_section av-1keogf3-54a8347596fea7f038f96cfb61cf0f6d'  itemscope=\"itemscope\" itemtype=\"https:\/\/schema.org\/CreativeWork\" ><div role=\"tablist\" class=\"single_toggle\" data-tags=\"{All} \"  ><p id='toggle-toggle-id-147' data-fake-id='#toggle-id-147' class='toggler  av-title-above '  itemprop=\"headline\"  role='tab' tabindex='0' aria-controls='toggle-id-147' data-slide-speed=\"200\" data-title=\"Studio XX\" data-title-open=\"\" data-aria_collapsed=\"Click to expand: Studio XX\" data-aria_expanded=\"Click to collapse: Studio XX\">Studio XX<span class=\"toggle_icon\"><span class=\"vert_icon\"><\/span><span class=\"hor_icon\"><\/span><\/span><\/p><div id='toggle-id-147' aria-labelledby='toggle-toggle-id-147' role='region' class='toggle_wrap  av-title-above'  ><div class='toggle_content invers-color '  itemprop=\"text\" ><p>Founded in 1996, Studio XX is a bilingual feminist artist-run centre that supports technological experimentation, creation and critical reflection in media arts. XX assists in the independent production and diffusion of art created by artists who identify as women, queer, trans, and gender fluid in the field of contemporary technological practices.<\/p>\n<p><strong>Links:<\/strong><\/p>\n<ul>\n<li><strong><a href=\"https:\/\/studioxx.org\/\">Studio XX website.<\/a> <\/strong><\/li>\n<\/ul>\n<\/div><\/div><\/div><\/section>\n<\/div><\/div>\n\n<style type=\"text\/css\" data-created_by=\"avia_inline_auto\" id=\"style-css-av-k1ii3mmd-26-04f157c4040b63cc01fb08d0eaec25c9\">\n#top .hr.hr-invisible.av-k1ii3mmd-26-04f157c4040b63cc01fb08d0eaec25c9{\nheight:25px;\n}\n<\/style>\n<div  class='hr av-k1ii3mmd-26-04f157c4040b63cc01fb08d0eaec25c9 hr-invisible  avia-builder-el-100  el_after_av_one_half  el_before_av_button '><span class='hr-inner '><span class=\"hr-inner-style\"><\/span><\/span><\/div>\n<div  class='avia-button-wrap av-k1ii249i-25-09253ca80dc8786c7a591f75f6102b3b-wrap avia-button-right  avia-builder-el-101  el_after_av_hr  el_before_av_heading '><a href='https:\/\/www.quebec-elan.org\/links\/#Index'  class='avia-button av-k1ii249i-25-09253ca80dc8786c7a591f75f6102b3b av-link-btn avia-icon_select-yes-left-icon avia-size-medium avia-position-right avia-color-theme-color'   aria-label=\" Back to Index\"><span class='avia_button_icon avia_button_icon_left avia-iconfont avia-font-entypo-fontello' data-av_icon='\ue87e' data-av_iconfont='entypo-fontello' ><\/span><span class='avia_iconbox_title' > Back to Index<\/span><\/a><\/div>\n\n<style type=\"text\/css\" data-created_by=\"avia_inline_auto\" id=\"style-css-av-776g7z-e3f510bda7db64e1dcc56faaec771122\">\n#top .av-special-heading.av-776g7z-e3f510bda7db64e1dcc56faaec771122{\npadding-bottom:30px;\n}\nbody .av-special-heading.av-776g7z-e3f510bda7db64e1dcc56faaec771122 .av-special-heading-tag .heading-char{\nfont-size:25px;\n}\n.av-special-heading.av-776g7z-e3f510bda7db64e1dcc56faaec771122 .av-subheading{\nfont-size:15px;\n}\n<\/style>\n<div  id=\"MusicSound\"  class='av-special-heading av-776g7z-e3f510bda7db64e1dcc56faaec771122 av-special-heading-h1  avia-builder-el-102  el_after_av_button  el_before_av_one_half  av-linked-heading'><h1 class='av-special-heading-tag '  itemprop=\"headline\"  >Disciplinary \u2060\u2014 Music <span class='special_amp'>&amp;<\/span> Sound<\/h1><div class=\"special-heading-border\"><div class=\"special-heading-inner-border\"><\/div><\/div><\/div>\n\n<style type=\"text\/css\" data-created_by=\"avia_inline_auto\" id=\"style-css-av-h18i8v-22-382a7b9054388acd801c064e28524895\">\n.flex_column.av-h18i8v-22-382a7b9054388acd801c064e28524895{\nborder-radius:0px 0px 0px 0px;\npadding:0px 0px 0px 0px;\n}\n<\/style>\n<div  class='flex_column av-h18i8v-22-382a7b9054388acd801c064e28524895 av_one_half  avia-builder-el-103  el_after_av_heading  el_before_av_one_half  first flex_column_div av-zero-column-padding  '     ><div  class='togglecontainer av-k1iaw9td-21-bba6790144f06f924e65f9c0ebd6b9a8 av-minimal-toggle  avia-builder-el-104  avia-builder-el-no-sibling  toggle_close_all' >\n<section class='av_toggle_section av-1i2s9kf-a087979e9a165f6616d56e0d8713adb1'  itemscope=\"itemscope\" itemtype=\"https:\/\/schema.org\/CreativeWork\" ><div role=\"tablist\" class=\"single_toggle\" data-tags=\"{All} \"  ><p id='toggle-toggle-id-148' data-fake-id='#toggle-id-148' class='toggler  av-title-above '  itemprop=\"headline\"  role='tab' tabindex='0' aria-controls='toggle-id-148' data-slide-speed=\"200\" data-title=\"AQTIS : Alliance qu\u00e9b\u00e9coise des techniciens et techniciennes de l\u2019image et du son \u2013 Alliance of Image and Sound Technicians\" data-title-open=\"\" data-aria_collapsed=\"Click to expand: AQTIS : Alliance qu\u00e9b\u00e9coise des techniciens et techniciennes de l\u2019image et du son \u2013 Alliance of Image and Sound Technicians\" data-aria_expanded=\"Click to collapse: AQTIS : Alliance qu\u00e9b\u00e9coise des techniciens et techniciennes de l\u2019image et du son \u2013 Alliance of Image and Sound Technicians\">AQTIS : Alliance qu\u00e9b\u00e9coise des techniciens et techniciennes de l\u2019image et du son \u2013 Alliance of Image and Sound Technicians<span class=\"toggle_icon\"><span class=\"vert_icon\"><\/span><span class=\"hor_icon\"><\/span><\/span><\/p><div id='toggle-id-148' aria-labelledby='toggle-toggle-id-148' role='region' class='toggle_wrap  av-title-above'  ><div class='toggle_content invers-color '  itemprop=\"text\" ><p>AQTIS represents some 6200 freelance professionals in more than 134 trades associated with the design, planning, set-up or creation of audiovisual productions.<\/p>\n<p><strong>Links:<\/strong><\/p>\n<ul>\n<li><strong><a href=\"https:\/\/aqtis.qc.ca\/fr\/\">AQTIS website.<\/a> <\/strong><\/li>\n<\/ul>\n<\/div><\/div><\/div><\/section>\n<section class='av_toggle_section av-1gch1e7-a08dcfb44f3ac8731082f1679124f6b9'  itemscope=\"itemscope\" itemtype=\"https:\/\/schema.org\/CreativeWork\" ><div role=\"tablist\" class=\"single_toggle\" data-tags=\"{All} \"  ><p id='toggle-toggle-id-149' data-fake-id='#toggle-id-149' class='toggler  av-title-above '  itemprop=\"headline\"  role='tab' tabindex='0' aria-controls='toggle-id-149' data-slide-speed=\"200\" data-title=\"CAMMAC : Canadian Amateur Musicians, Musiciens amateurs du Canada \" data-title-open=\"\" data-aria_collapsed=\"Click to expand: CAMMAC : Canadian Amateur Musicians, Musiciens amateurs du Canada \" data-aria_expanded=\"Click to collapse: CAMMAC : Canadian Amateur Musicians, Musiciens amateurs du Canada \">CAMMAC : Canadian Amateur Musicians, Musiciens amateurs du Canada <span class=\"toggle_icon\"><span class=\"vert_icon\"><\/span><span class=\"hor_icon\"><\/span><\/span><\/p><div id='toggle-id-149' aria-labelledby='toggle-toggle-id-149' role='region' class='toggle_wrap  av-title-above'  ><div class='toggle_content invers-color '  itemprop=\"text\" ><p>In addition to its Music Centre in the Laurentians, CAMMAC has a presence in the Ottawa-Gatineau, Toronto, and Montreal regions, where an array of musical activities are offered\u2014ranging from concerts, to sight readings, and more\u2014to the delight of music lovers. Every year, the Music Centre beckons participants from all over the world to spend time at its music camp in the Laurentians, spanning seven weeks in the summer, as well as offering a variety of stays during the year, to families, couples, and individuals of all ages.<\/p>\n<p><strong>Links:<\/strong><\/p>\n<ul>\n<li><strong><a href=\"http:\/\/www.cammac.ca\/\">CAMMAC website.<\/a> <\/strong><\/li>\n<\/ul>\n<\/div><\/div><\/div><\/section>\n<section class='av_toggle_section av-1e2akrj-eacf94461ed8f70aa09d6da605fadfb1'  itemscope=\"itemscope\" itemtype=\"https:\/\/schema.org\/CreativeWork\" ><div role=\"tablist\" class=\"single_toggle\" data-tags=\"{All} \"  ><p id='toggle-toggle-id-150' data-fake-id='#toggle-id-150' class='toggler  av-title-above '  itemprop=\"headline\"  role='tab' tabindex='0' aria-controls='toggle-id-150' data-slide-speed=\"200\" data-title=\"CMC : The Canadian Music Centre\" data-title-open=\"\" data-aria_collapsed=\"Click to expand: CMC : The Canadian Music Centre\" data-aria_expanded=\"Click to collapse: CMC : The Canadian Music Centre\">CMC : The Canadian Music Centre<span class=\"toggle_icon\"><span class=\"vert_icon\"><\/span><span class=\"hor_icon\"><\/span><\/span><\/p><div id='toggle-id-150' aria-labelledby='toggle-toggle-id-150' role='region' class='toggle_wrap  av-title-above'  ><div class='toggle_content invers-color '  itemprop=\"text\" ><p>Since 1959, CMC has been proudly supporting, preserving and promoting the works of Canadian composers. Not only does CMC maintains an extensive archive of scores and works of Canadian composers, and also strives to make it easily accessible through their lending library, publishing house and repertoire consultation service.<\/p>\n<p><strong>Links:<\/strong><\/p>\n<ul>\n<li><strong><a href=\"https:\/\/cmccanada.org\">CMC website<\/a> <\/strong><\/li>\n<\/ul>\n<\/div><\/div><\/div><\/section>\n<section class='av_toggle_section av-1dlafq7-3ee225cc5c562db1ef825005814bf845'  itemscope=\"itemscope\" itemtype=\"https:\/\/schema.org\/CreativeWork\" ><div role=\"tablist\" class=\"single_toggle\" data-tags=\"{All} \"  ><p id='toggle-toggle-id-151' data-fake-id='#toggle-id-151' class='toggler  av-title-above '  itemprop=\"headline\"  role='tab' tabindex='0' aria-controls='toggle-id-151' data-slide-speed=\"200\" data-title=\"Code d\u2019acc\u00e8s\" data-title-open=\"\" data-aria_collapsed=\"Click to expand: Code d\u2019acc\u00e8s\" data-aria_expanded=\"Click to collapse: Code d\u2019acc\u00e8s\">Code d\u2019acc\u00e8s<span class=\"toggle_icon\"><span class=\"vert_icon\"><\/span><span class=\"hor_icon\"><\/span><\/span><\/p><div id='toggle-id-151' aria-labelledby='toggle-toggle-id-151' role='region' class='toggle_wrap  av-title-above'  ><div class='toggle_content invers-color '  itemprop=\"text\" ><p>The concert society Codes d\u2019acc\u00e8s is an organization entirely dedicated to promoting emerging artists in new music. Its mandate is to allow young composers, performers and arts administrators who wish to work in the milieu to obtain their first professional experiences. The organization fulfills its mission by producing innovative, original concerts and events which represent, and will always represent, new trends in music creation.<\/p>\n<p><strong>Links:<\/strong><\/p>\n<ul>\n<li><strong><a href=\"http:\/\/www.codesdacces.org\/\">Codes d\u2019acc\u00e8s website.<\/a> <\/strong><\/li>\n<\/ul>\n<\/div><\/div><\/div><\/section>\n<section class='av_toggle_section av-1bx50hb-eb9a141a780eb4a54de663bc637c7b93'  itemscope=\"itemscope\" itemtype=\"https:\/\/schema.org\/CreativeWork\" ><div role=\"tablist\" class=\"single_toggle\" data-tags=\"{All} \"  ><p id='toggle-toggle-id-152' data-fake-id='#toggle-id-152' class='toggler  av-title-above '  itemprop=\"headline\"  role='tab' tabindex='0' aria-controls='toggle-id-152' data-slide-speed=\"200\" data-title=\"CQM : Conseil Qu\u00e9b\u00e9cois de la Musique\" data-title-open=\"\" data-aria_collapsed=\"Click to expand: CQM : Conseil Qu\u00e9b\u00e9cois de la Musique\" data-aria_expanded=\"Click to collapse: CQM : Conseil Qu\u00e9b\u00e9cois de la Musique\">CQM : Conseil Qu\u00e9b\u00e9cois de la Musique<span class=\"toggle_icon\"><span class=\"vert_icon\"><\/span><span class=\"hor_icon\"><\/span><\/span><\/p><div id='toggle-id-152' aria-labelledby='toggle-toggle-id-152' role='region' class='toggle_wrap  av-title-above'  ><div class='toggle_content invers-color '  itemprop=\"text\" ><p>The CQM promotes cohesion, recognition, development and defence of the interests of the Qu\u00e9bec music environment. CQM representational activities strive to promote discipline to government authorities as well as local, national and international communities.<\/p>\n<p><strong>Links:<\/strong><\/p>\n<ul>\n<li><strong><a href=\"http:\/\/www.cqm.qc.ca\/\">CQM website.<\/a> <\/strong><\/li>\n<\/ul>\n<\/div><\/div><\/div><\/section>\n<section class='av_toggle_section av-19x3rzz-79d8fd28a87c9db8635236011b2b7e72'  itemscope=\"itemscope\" itemtype=\"https:\/\/schema.org\/CreativeWork\" ><div role=\"tablist\" class=\"single_toggle\" data-tags=\"{All} \"  ><p id='toggle-toggle-id-153' data-fake-id='#toggle-id-153' class='toggler  av-title-above '  itemprop=\"headline\"  role='tab' tabindex='0' aria-controls='toggle-id-153' data-slide-speed=\"200\" data-title=\"FAMEQ : La F\u00e9d\u00e9ration des Associations de Musiciens \u00c9ducateurs du Qu\u00e9bec \" data-title-open=\"\" data-aria_collapsed=\"Click to expand: FAMEQ : La F\u00e9d\u00e9ration des Associations de Musiciens \u00c9ducateurs du Qu\u00e9bec \" data-aria_expanded=\"Click to collapse: FAMEQ : La F\u00e9d\u00e9ration des Associations de Musiciens \u00c9ducateurs du Qu\u00e9bec \">FAMEQ : La F\u00e9d\u00e9ration des Associations de Musiciens \u00c9ducateurs du Qu\u00e9bec <span class=\"toggle_icon\"><span class=\"vert_icon\"><\/span><span class=\"hor_icon\"><\/span><\/span><\/p><div id='toggle-id-153' aria-labelledby='toggle-toggle-id-153' role='region' class='toggle_wrap  av-title-above'  ><div class='toggle_content invers-color '  itemprop=\"text\" ><p>Cr\u00e9\u00e9e en 1967, la FAMEQ regroupe des associations r\u00e9gionales repr\u00e9sentant les musiciens \u00e9ducateurs du Qu\u00e9bec. Sa mission est de \u201cpromouvoir et soutenir l\u2019\u00e9ducation musicale sous toutes ses formes comme un \u00e9l\u00e9ment essentiel de culture et d\u2019enrichissement individuel et collectif\u201d.<\/p>\n<p><strong>Links:<\/strong><\/p>\n<ul>\n<li><strong><a href=\"http:\/\/www.fameq.org\/\">FAMEQ website.<\/a> <\/strong><\/li>\n<\/ul>\n<\/div><\/div><\/div><\/section>\n<section class='av_toggle_section av-1888f3z-374f08096c75305230bb6ffd2911226f'  itemscope=\"itemscope\" itemtype=\"https:\/\/schema.org\/CreativeWork\" ><div role=\"tablist\" class=\"single_toggle\" data-tags=\"{All} \"  ><p id='toggle-toggle-id-154' data-fake-id='#toggle-id-154' class='toggler  av-title-above '  itemprop=\"headline\"  role='tab' tabindex='0' aria-controls='toggle-id-154' data-slide-speed=\"200\" data-title=\"FIM : F\u00e9d\u00e9ration Internationale des Musiciens\" data-title-open=\"\" data-aria_collapsed=\"Click to expand: FIM : F\u00e9d\u00e9ration Internationale des Musiciens\" data-aria_expanded=\"Click to collapse: FIM : F\u00e9d\u00e9ration Internationale des Musiciens\">FIM : F\u00e9d\u00e9ration Internationale des Musiciens<span class=\"toggle_icon\"><span class=\"vert_icon\"><\/span><span class=\"hor_icon\"><\/span><\/span><\/p><div id='toggle-id-154' aria-labelledby='toggle-toggle-id-154' role='region' class='toggle_wrap  av-title-above'  ><div class='toggle_content invers-color '  itemprop=\"text\" ><p>The International Federation of Musicians, founded in 1948, is the international organisation for musicians\u2019 unions and equivalent representative organisations. It is now counting about 70 members in 60 countries throughout the world.<\/p>\n<p><strong>Links:<\/strong><\/p>\n<ul>\n<li><strong><a href=\"http:\/\/www.fim-musicians.org\/\">FIM website.<\/a> <\/strong><\/li>\n<\/ul>\n<\/div><\/div><\/div><\/section>\n<\/div><\/div>\n\n<style type=\"text\/css\" data-created_by=\"avia_inline_auto\" id=\"style-css-av-h18i8v-18-2917ea1bcede5fea3396a29621766176\">\n.flex_column.av-h18i8v-18-2917ea1bcede5fea3396a29621766176{\nborder-radius:0px 0px 0px 0px;\npadding:0px 0px 0px 0px;\n}\n<\/style>\n<div  class='flex_column av-h18i8v-18-2917ea1bcede5fea3396a29621766176 av_one_half  avia-builder-el-105  el_after_av_one_half  el_before_av_hr  flex_column_div av-zero-column-padding  '     ><div  class='togglecontainer av-k1iaw9td-17-d1a147f0c0bd635e6e4a30958a625c67 av-minimal-toggle  avia-builder-el-106  avia-builder-el-no-sibling  toggle_close_all' >\n<section class='av_toggle_section av-167qohr-5b7061113c66ad2680a08f0e691ef255'  itemscope=\"itemscope\" itemtype=\"https:\/\/schema.org\/CreativeWork\" ><div role=\"tablist\" class=\"single_toggle\" data-tags=\"{All} \"  ><p id='toggle-toggle-id-155' data-fake-id='#toggle-id-155' class='toggler  av-title-above '  itemprop=\"headline\"  role='tab' tabindex='0' aria-controls='toggle-id-155' data-slide-speed=\"200\" data-title=\"GMMQ : Quebec Musicians\u2019 Guild \" data-title-open=\"\" data-aria_collapsed=\"Click to expand: GMMQ : Quebec Musicians\u2019 Guild \" data-aria_expanded=\"Click to collapse: GMMQ : Quebec Musicians\u2019 Guild \">GMMQ : Quebec Musicians\u2019 Guild <span class=\"toggle_icon\"><span class=\"vert_icon\"><\/span><span class=\"hor_icon\"><\/span><\/span><\/p><div id='toggle-id-155' aria-labelledby='toggle-toggle-id-155' role='region' class='toggle_wrap  av-title-above'  ><div class='toggle_content invers-color '  itemprop=\"text\" ><p><em>La Guilde des musiciens et musiciennes du Qu\u00e9bec (GMMQ) a pour mission de faire reconnaitre la valeur de la musique ainsi que la contribution indispensable des musiciens professionnels \u00e0 la soci\u00e9t\u00e9 en repr\u00e9sentant et en d\u00e9fendant leurs int\u00e9r\u00eats artistiques, sociaux et \u00e9conomiques. Pour y parvenir, elle n\u00e9gocie des ententes collectives et met \u00e0 la disposition de ses membres un contrat-type d\u2019engagement.<\/em><\/p>\n<p><strong>Links:<\/strong><\/p>\n<ul>\n<li><strong><a href=\"http:\/\/www.gmmq.com\/\">GMMQ website.<\/a> <\/strong><\/li>\n<\/ul>\n<\/div><\/div><\/div><\/section>\n<section class='av_toggle_section av-1594ytb-6b018a4014896d86597f0774e49ab5ef'  itemscope=\"itemscope\" itemtype=\"https:\/\/schema.org\/CreativeWork\" ><div role=\"tablist\" class=\"single_toggle\" data-tags=\"{All} \"  ><p id='toggle-toggle-id-156' data-fake-id='#toggle-id-156' class='toggler  av-title-above '  itemprop=\"headline\"  role='tab' tabindex='0' aria-controls='toggle-id-156' data-slide-speed=\"200\" data-title=\"Le Vivier\" data-title-open=\"\" data-aria_collapsed=\"Click to expand: Le Vivier\" data-aria_expanded=\"Click to collapse: Le Vivier\">Le Vivier<span class=\"toggle_icon\"><span class=\"vert_icon\"><\/span><span class=\"hor_icon\"><\/span><\/span><\/p><div id='toggle-id-156' aria-labelledby='toggle-toggle-id-156' role='region' class='toggle_wrap  av-title-above'  ><div class='toggle_content invers-color '  itemprop=\"text\" ><p>Comprising 50 members and organisations, Le Vivier is a community initiative. Its mission is to facilitate the development of new music, and offering through presentation of quality works, an open door to culture. Le Vivier\u2019s top mandate is to produce and circulate new music. Le Vivier favours creativity, research, and innovation in terms of local, national, or international repertoire. Each season, Le Vivier programs a selection of concerts showcasing the richness and effervescence of our creators.<\/p>\n<p><strong>Links:<\/strong><\/p>\n<ul>\n<li><strong><a href=\"http:\/\/www.levivier.ca\/en\/\">Le Vivier website.<\/a> <\/strong><\/li>\n<\/ul>\n<\/div><\/div><\/div><\/section>\n<section class='av_toggle_section av-3vmly7-03ad0e2ff855201f4373c914c6fc44d1'  itemscope=\"itemscope\" itemtype=\"https:\/\/schema.org\/CreativeWork\" ><div role=\"tablist\" class=\"single_toggle\" data-tags=\"{All} \"  ><p id='toggle-toggle-id-157' data-fake-id='#toggle-id-157' class='toggler  av-title-above '  itemprop=\"headline\"  role='tab' tabindex='0' aria-controls='toggle-id-157' data-slide-speed=\"200\" data-title=\"SMCQ : Societe Musique Contemporaine du Quebec\" data-title-open=\"\" data-aria_collapsed=\"Click to expand: SMCQ : Societe Musique Contemporaine du Quebec\" data-aria_expanded=\"Click to collapse: SMCQ : Societe Musique Contemporaine du Quebec\">SMCQ : Societe Musique Contemporaine du Quebec<span class=\"toggle_icon\"><span class=\"vert_icon\"><\/span><span class=\"hor_icon\"><\/span><\/span><\/p><div id='toggle-id-157' aria-labelledby='toggle-toggle-id-157' role='region' class='toggle_wrap  av-title-above'  ><div class='toggle_content invers-color '  itemprop=\"text\" ><p>With its concerts, its Homage Series, its Montreal\/New Music International Festival (MNM), its youth-music programme, radio broadcasts, North American and European tours, a competition for composers, and more than twenty full-length recordings, the work of the SMCQ has resulted in a fertile breeding ground for new works of art, commissions, and masterful performances of contemporary music \u201cclassics\u201d.<\/p>\n<p><strong>Links:<\/strong><\/p>\n<ul>\n<li><strong><a href=\"http:\/\/www.smcq.qc.ca\/smcq\/en\/\">SMCQ website.<\/a> <\/strong><\/li>\n<\/ul>\n<\/div><\/div><\/div><\/section>\n<section class='av_toggle_section av-11t3y2n-8c5587e41f0318f994430676a564d640'  itemscope=\"itemscope\" itemtype=\"https:\/\/schema.org\/CreativeWork\" ><div role=\"tablist\" class=\"single_toggle\" data-tags=\"{All} \"  ><p id='toggle-toggle-id-158' data-fake-id='#toggle-id-158' class='toggler  av-title-above '  itemprop=\"headline\"  role='tab' tabindex='0' aria-controls='toggle-id-158' data-slide-speed=\"200\" data-title=\"SOCAN : The Society of Composers, Authors and Music Publishers of Canada\" data-title-open=\"\" data-aria_collapsed=\"Click to expand: SOCAN : The Society of Composers, Authors and Music Publishers of Canada\" data-aria_expanded=\"Click to collapse: SOCAN : The Society of Composers, Authors and Music Publishers of Canada\">SOCAN : The Society of Composers, Authors and Music Publishers of Canada<span class=\"toggle_icon\"><span class=\"vert_icon\"><\/span><span class=\"hor_icon\"><\/span><\/span><\/p><div id='toggle-id-158' aria-labelledby='toggle-toggle-id-158' role='region' class='toggle_wrap  av-title-above'  ><div class='toggle_content invers-color '  itemprop=\"text\" ><p>As Canada\u2019s largest rights management organization, SOCAN connects more than four million creators worldwide and more than a quarter-million businesses and individuals in Canada alone. More than 150,000 songwriters, composers, music publishers and visual artists are SOCAN direct members, and more than 100,000 organizations are licensed to play music across the country. SOCAN issues licenses for the performance and reproduction of music as well as for the reproduction of visual art.<\/p>\n<p><strong>Links:<\/strong><\/p>\n<ul>\n<li><strong><a href=\"http:\/\/socan.ca\">SOCAN website.<\/a> <\/strong><\/li>\n<\/ul>\n<\/div><\/div><\/div><\/section>\n<section class='av_toggle_section av-104pb1b-0c6c175f9212cd4fb4443a73b877a2c3'  itemscope=\"itemscope\" itemtype=\"https:\/\/schema.org\/CreativeWork\" ><div role=\"tablist\" class=\"single_toggle\" data-tags=\"{All} \"  ><p id='toggle-toggle-id-159' data-fake-id='#toggle-id-159' class='toggler  av-title-above '  itemprop=\"headline\"  role='tab' tabindex='0' aria-controls='toggle-id-159' data-slide-speed=\"200\" data-title=\"SPACQ : La Soci\u00e9t\u00e9 Professionnelle des Auteurs et des Compositeurs du Qu\u00e9bec\" data-title-open=\"\" data-aria_collapsed=\"Click to expand: SPACQ : La Soci\u00e9t\u00e9 Professionnelle des Auteurs et des Compositeurs du Qu\u00e9bec\" data-aria_expanded=\"Click to collapse: SPACQ : La Soci\u00e9t\u00e9 Professionnelle des Auteurs et des Compositeurs du Qu\u00e9bec\">SPACQ : La Soci\u00e9t\u00e9 Professionnelle des Auteurs et des Compositeurs du Qu\u00e9bec<span class=\"toggle_icon\"><span class=\"vert_icon\"><\/span><span class=\"hor_icon\"><\/span><\/span><\/p><div id='toggle-id-159' aria-labelledby='toggle-toggle-id-159' role='region' class='toggle_wrap  av-title-above'  ><div class='toggle_content invers-color '  itemprop=\"text\" ><p>La Soci\u00e9t\u00e9 professionnelle des auteurs et des compositeurs du Qu\u00e9bec est une association qui repr\u00e9sente les int\u00e9r\u00eats moraux, \u00e9conomiques et professionnels des auteurs de chansons francophones \u00e0 travers le Canada et de tous les compositeurs de musique au Qu\u00e9bec.<\/p>\n<p><strong>Links:<\/strong><\/p>\n<ul>\n<li><strong><a href=\"http:\/\/SPACQ.qc.ca\">SPACQ website.<\/a> <\/strong><\/li>\n<\/ul>\n<\/div><\/div><\/div><\/section>\n<section class='av_toggle_section av-ypsyj3-a6ee9cb5b232cb70c1852923502cf7f2'  itemscope=\"itemscope\" itemtype=\"https:\/\/schema.org\/CreativeWork\" ><div role=\"tablist\" class=\"single_toggle\" data-tags=\"{All} \"  ><p id='toggle-toggle-id-160' data-fake-id='#toggle-id-160' class='toggler  av-title-above '  itemprop=\"headline\"  role='tab' tabindex='0' aria-controls='toggle-id-160' data-slide-speed=\"200\" data-title=\"UDA : Union des artistes du Qu\u00e9bec\" data-title-open=\"\" data-aria_collapsed=\"Click to expand: UDA : Union des artistes du Qu\u00e9bec\" data-aria_expanded=\"Click to collapse: UDA : Union des artistes du Qu\u00e9bec\">UDA : Union des artistes du Qu\u00e9bec<span class=\"toggle_icon\"><span class=\"vert_icon\"><\/span><span class=\"hor_icon\"><\/span><\/span><\/p><div id='toggle-id-160' aria-labelledby='toggle-toggle-id-160' role='region' class='toggle_wrap  av-title-above'  ><div class='toggle_content invers-color '  itemprop=\"text\" ><p>UDA is a Quebec-based labour organization representing stage, television, radio and film performers in French-language media in Canada (the English language labour organization is <strong><a title=\"ACTRA\" href=\"https:\/\/www.actra.ca\/\" target=\"_blank\" rel=\"noopener noreferrer\">ACTRA<\/a><\/strong>).<\/p>\n<p><strong>Links:<\/strong><\/p>\n<ul>\n<li><strong><a href=\"http:\/\/uda.ca\/\">UDA website.<\/a> <\/strong><\/li>\n<\/ul>\n<\/div><\/div><\/div><\/section>\n<\/div><\/div>\n\n<style type=\"text\/css\" data-created_by=\"avia_inline_auto\" id=\"style-css-av-k1ii3mmd-20-b2710d05e0aba496454fb0371fd9a27b\">\n#top .hr.hr-invisible.av-k1ii3mmd-20-b2710d05e0aba496454fb0371fd9a27b{\nheight:25px;\n}\n<\/style>\n<div  class='hr av-k1ii3mmd-20-b2710d05e0aba496454fb0371fd9a27b hr-invisible  avia-builder-el-107  el_after_av_one_half  el_before_av_button '><span class='hr-inner '><span class=\"hr-inner-style\"><\/span><\/span><\/div>\n<div  class='avia-button-wrap av-k1ii249i-19-b8cdd979561ce587412dc846bde8f80e-wrap avia-button-right  avia-builder-el-108  el_after_av_hr  el_before_av_heading '><a href='https:\/\/www.quebec-elan.org\/links\/#Index'  class='avia-button av-k1ii249i-19-b8cdd979561ce587412dc846bde8f80e av-link-btn avia-icon_select-yes-left-icon avia-size-medium avia-position-right avia-color-theme-color'   aria-label=\" Back to Index\"><span class='avia_button_icon avia_button_icon_left avia-iconfont avia-font-entypo-fontello' data-av_icon='\ue87e' data-av_iconfont='entypo-fontello' ><\/span><span class='avia_iconbox_title' > Back to Index<\/span><\/a><\/div>\n\n<style type=\"text\/css\" data-created_by=\"avia_inline_auto\" id=\"style-css-av-59tg8v-83176242555a87c0c977a3e5b3600b2d\">\n#top .av-special-heading.av-59tg8v-83176242555a87c0c977a3e5b3600b2d{\npadding-bottom:30px;\n}\nbody .av-special-heading.av-59tg8v-83176242555a87c0c977a3e5b3600b2d .av-special-heading-tag .heading-char{\nfont-size:25px;\n}\n.av-special-heading.av-59tg8v-83176242555a87c0c977a3e5b3600b2d .av-subheading{\nfont-size:15px;\n}\n<\/style>\n<div  id=\"PerformanceTheatre\"  class='av-special-heading av-59tg8v-83176242555a87c0c977a3e5b3600b2d av-special-heading-h1  avia-builder-el-109  el_after_av_button  el_before_av_one_half  av-linked-heading'><h1 class='av-special-heading-tag '  itemprop=\"headline\"  >Disciplinary \u2060\u2014 Performance Art <span class='special_amp'>&amp;<\/span> Theatre<\/h1><div class=\"special-heading-border\"><div class=\"special-heading-inner-border\"><\/div><\/div><\/div>\n\n<style type=\"text\/css\" data-created_by=\"avia_inline_auto\" id=\"style-css-av-h18i8v-16-b3dc83578c8d847041856dd82f523e3d\">\n.flex_column.av-h18i8v-16-b3dc83578c8d847041856dd82f523e3d{\nborder-radius:0px 0px 0px 0px;\npadding:0px 0px 0px 0px;\n}\n<\/style>\n<div  class='flex_column av-h18i8v-16-b3dc83578c8d847041856dd82f523e3d av_one_half  avia-builder-el-110  el_after_av_heading  el_before_av_hr  first flex_column_div av-zero-column-padding  '     ><div  class='togglecontainer av-k1iaw9td-15-cb588d05d0c86595e2b53065bf3255c6 av-minimal-toggle  avia-builder-el-111  avia-builder-el-no-sibling  toggle_close_all' >\n<section class='av_toggle_section av-v2o8jj-174437aec57c01d4d0b55533d57b7a52'  itemscope=\"itemscope\" itemtype=\"https:\/\/schema.org\/CreativeWork\" ><div role=\"tablist\" class=\"single_toggle\" data-tags=\"{All} \"  ><p id='toggle-toggle-id-161' data-fake-id='#toggle-id-161' class='toggler  av-title-above '  itemprop=\"headline\"  role='tab' tabindex='0' aria-controls='toggle-id-161' data-slide-speed=\"200\" data-title=\"AQM : Association qu\u00e9b\u00e9coise des marionnettistes\" data-title-open=\"\" data-aria_collapsed=\"Click to expand: AQM : Association qu\u00e9b\u00e9coise des marionnettistes\" data-aria_expanded=\"Click to collapse: AQM : Association qu\u00e9b\u00e9coise des marionnettistes\">AQM : Association qu\u00e9b\u00e9coise des marionnettistes<span class=\"toggle_icon\"><span class=\"vert_icon\"><\/span><span class=\"hor_icon\"><\/span><\/span><\/p><div id='toggle-id-161' aria-labelledby='toggle-toggle-id-161' role='region' class='toggle_wrap  av-title-above'  ><div class='toggle_content invers-color '  itemprop=\"text\" ><p>Founded in 1981, the Association qu\u00e9b\u00e9coise des marionnettistes (AQM) is a non-profit organization dedicated to the recognition and development of the puppetry arts. It brings together practitioners, companies and professional artists in the field, as well as cultural organizations and all those interested in the puppetry arts.<\/p>\n<p><strong>Links:<\/strong><\/p>\n<ul>\n<li><strong><a href=\"http:\/\/www.aqm.ca\/\">AQM website.<\/a> <\/strong><\/li>\n<\/ul>\n<\/div><\/div><\/div><\/section>\n<section class='av_toggle_section av-svsqbj-338df3048a099e6c0b961b9e27c7577d'  itemscope=\"itemscope\" itemtype=\"https:\/\/schema.org\/CreativeWork\" ><div role=\"tablist\" class=\"single_toggle\" data-tags=\"{All} \"  ><p id='toggle-toggle-id-162' data-fake-id='#toggle-id-162' class='toggler  av-title-above '  itemprop=\"headline\"  role='tab' tabindex='0' aria-controls='toggle-id-162' data-slide-speed=\"200\" data-title=\"CQT : Conseil Quebecois De Theatre\" data-title-open=\"\" data-aria_collapsed=\"Click to expand: CQT : Conseil Quebecois De Theatre\" data-aria_expanded=\"Click to collapse: CQT : Conseil Quebecois De Theatre\">CQT : Conseil Quebecois De Theatre<span class=\"toggle_icon\"><span class=\"vert_icon\"><\/span><span class=\"hor_icon\"><\/span><\/span><\/p><div id='toggle-id-162' aria-labelledby='toggle-toggle-id-162' role='region' class='toggle_wrap  av-title-above'  ><div class='toggle_content invers-color '  itemprop=\"text\" ><p><em>En 2018-2019, le CQT souligne ses 35 ans au service de la communaut\u00e9 th\u00e9\u00e2trale. D\u00e9couvrez ou souvenez-vous des grands dossiers et des enjeux pour lesquels le CQT a livr\u00e9 bataille ainsi que des grandes causes gagn\u00e9es.<\/em><\/p>\n<p><strong>Links:<\/strong><\/p>\n<ul>\n<li><strong><a href=\"http:\/\/www.cqt.ca\/\">CQT website.<\/a> <\/strong><\/li>\n<\/ul>\n<\/div><\/div><\/div><\/section>\n<section class='av_toggle_section av-rsjmen-1a8fe1cf5680c87b698783282d37a66f'  itemscope=\"itemscope\" itemtype=\"https:\/\/schema.org\/CreativeWork\" ><div role=\"tablist\" class=\"single_toggle\" data-tags=\"{All} \"  ><p id='toggle-toggle-id-163' data-fake-id='#toggle-id-163' class='toggler  av-title-above '  itemprop=\"headline\"  role='tab' tabindex='0' aria-controls='toggle-id-163' data-slide-speed=\"200\" data-title=\"FQTA : F\u00e9d\u00e9ration qu\u00e9b\u00e9coise du th\u00e9\u00e2tre amateur\" data-title-open=\"\" data-aria_collapsed=\"Click to expand: FQTA : F\u00e9d\u00e9ration qu\u00e9b\u00e9coise du th\u00e9\u00e2tre amateur\" data-aria_expanded=\"Click to collapse: FQTA : F\u00e9d\u00e9ration qu\u00e9b\u00e9coise du th\u00e9\u00e2tre amateur\">FQTA : F\u00e9d\u00e9ration qu\u00e9b\u00e9coise du th\u00e9\u00e2tre amateur<span class=\"toggle_icon\"><span class=\"vert_icon\"><\/span><span class=\"hor_icon\"><\/span><\/span><\/p><div id='toggle-id-163' aria-labelledby='toggle-toggle-id-163' role='region' class='toggle_wrap  av-title-above'  ><div class='toggle_content invers-color '  itemprop=\"text\" ><p><em>La F\u00e9d\u00e9ration Qu\u00e9b\u00e9coise du Th\u00e9\u00e2tre amateur a \u00e9t\u00e9 fond\u00e9e en 1958 \u00e0 Montr\u00e9al par monsieur Guy Beaulne, alors directeur g\u00e9n\u00e9ral du Grand Th\u00e9\u00e2tre de Qu\u00e9bec et membre de l\u2019ordre du Qu\u00e9bec et du Canada. Jusqu\u2019en 1972, on connaissait la F\u00e9d\u00e9ration sous l\u2019appellation d\u2019Association canadienne du Th\u00e9\u00e2tre Amateur (ACTA) puis elle devint l\u2019Association Qu\u00e9b\u00e9coise du Jeune th\u00e9\u00e2tre (AQJT). C\u2019est en 1986 qu\u2019un changement d\u2019orientation lui valut le nom d\u2019Association Qu\u00e9b\u00e9coise du Th\u00e9\u00e2tre Amateur (AQTA). Apr\u00e8s sa restructuration en 1995, elle prend officiellement le nom de F\u00e9d\u00e9ration Qu\u00e9b\u00e9coise du Th\u00e9\u00e2tre Amateur (FQTA).<\/em><\/p>\n<p><strong>Links:<\/strong><\/p>\n<ul>\n<li><strong><a href=\"http:\/\/www.fqta.ca\/\">FQTA website.<\/a> <\/strong><\/li>\n<\/ul>\n<\/div><\/div><\/div><\/section>\n<section class='av_toggle_section av-oed9cv-9a52b5f45b571f3980e46d5f44a42201'  itemscope=\"itemscope\" itemtype=\"https:\/\/schema.org\/CreativeWork\" ><div role=\"tablist\" class=\"single_toggle\" data-tags=\"{All} \"  ><p id='toggle-toggle-id-164' data-fake-id='#toggle-id-164' class='toggler  av-title-above '  itemprop=\"headline\"  role='tab' tabindex='0' aria-controls='toggle-id-164' data-slide-speed=\"200\" data-title=\"PACT : Professional Associations of Canadian Theatres\" data-title-open=\"\" data-aria_collapsed=\"Click to expand: PACT : Professional Associations of Canadian Theatres\" data-aria_expanded=\"Click to collapse: PACT : Professional Associations of Canadian Theatres\">PACT : Professional Associations of Canadian Theatres<span class=\"toggle_icon\"><span class=\"vert_icon\"><\/span><span class=\"hor_icon\"><\/span><\/span><\/p><div id='toggle-id-164' aria-labelledby='toggle-toggle-id-164' role='region' class='toggle_wrap  av-title-above'  ><div class='toggle_content invers-color '  itemprop=\"text\" ><p>PACT is a member-driven organization of professional Canadian theatres which serves as the collective voice of its members. For the betterment of Canadian theatre, PACT provides leadership, national representation and a variety of programs and practical assistance to member companies, enabling members to do their own creative work.<\/p>\n<p><strong>Links:<\/strong><\/p>\n<ul>\n<li><strong><a href=\"https:\/\/pact.ca\/\">PACT website.<\/a> <\/strong><\/li>\n<\/ul>\n<\/div><\/div><\/div><\/section>\n<section class='av_toggle_section av-p79n27-f1ad84364bec522bcd9f9596c1f0bc5f'  itemscope=\"itemscope\" itemtype=\"https:\/\/schema.org\/CreativeWork\" ><div role=\"tablist\" class=\"single_toggle\" data-tags=\"{All} \"  ><p id='toggle-toggle-id-165' data-fake-id='#toggle-id-165' class='toggler  av-title-above '  itemprop=\"headline\"  role='tab' tabindex='0' aria-controls='toggle-id-165' data-slide-speed=\"200\" data-title=\"PGC : Playwright\u2019s Guild of Canada \" data-title-open=\"\" data-aria_collapsed=\"Click to expand: PGC : Playwright\u2019s Guild of Canada \" data-aria_expanded=\"Click to collapse: PGC : Playwright\u2019s Guild of Canada \">PGC : Playwright\u2019s Guild of Canada <span class=\"toggle_icon\"><span class=\"vert_icon\"><\/span><span class=\"hor_icon\"><\/span><\/span><\/p><div id='toggle-id-165' aria-labelledby='toggle-toggle-id-165' role='region' class='toggle_wrap  av-title-above'  ><div class='toggle_content invers-color '  itemprop=\"text\" ><p>As a national arts service organization, PGC offers over twenty-five programs that promote and protect playwrights. Through this work, they also provide many opportunities for the public to access, explore, and enjoy the work of playwrights.<\/p>\n<p><strong>Links:<\/strong><\/p>\n<ul>\n<li><strong><a href=\"https:\/\/www.playwrightsguild.ca\/\">PGC website.<\/a> <\/strong><\/li>\n<\/ul>\n<\/div><\/div><\/div><\/section>\n<section class='av_toggle_section av-6m3pen-f864e3008bfde332605b34d7d112f997'  itemscope=\"itemscope\" itemtype=\"https:\/\/schema.org\/CreativeWork\" ><div role=\"tablist\" class=\"single_toggle\" data-tags=\"{All} \"  ><p id='toggle-toggle-id-166' data-fake-id='#toggle-id-166' class='toggler  av-title-above '  itemprop=\"headline\"  role='tab' tabindex='0' aria-controls='toggle-id-166' data-slide-speed=\"200\" data-title=\"PWM : Playwrights\u2019 Workshop Montr\u00e9al \" data-title-open=\"\" data-aria_collapsed=\"Click to expand: PWM : Playwrights\u2019 Workshop Montr\u00e9al \" data-aria_expanded=\"Click to collapse: PWM : Playwrights\u2019 Workshop Montr\u00e9al \">PWM : Playwrights\u2019 Workshop Montr\u00e9al <span class=\"toggle_icon\"><span class=\"vert_icon\"><\/span><span class=\"hor_icon\"><\/span><\/span><\/p><div id='toggle-id-166' aria-labelledby='toggle-toggle-id-166' role='region' class='toggle_wrap  av-title-above'  ><div class='toggle_content invers-color '  itemprop=\"text\" ><p>Playwright&#8217;s Workshop Montr\u00e9al is a theatre creation and development centre for theatre professionals of all career stages.<\/p>\n<p><strong>Links:<\/strong><\/p>\n<ul>\n<li><a href=\"https:\/\/www.playwrights.ca\/\"><strong>PWM website <\/strong><\/a><\/li>\n<\/ul>\n<\/div><\/div><\/div><\/section>\n<section class='av_toggle_section av-m7h3zj-6c12c662f9810f88594239b9c20e423f'  itemscope=\"itemscope\" itemtype=\"https:\/\/schema.org\/CreativeWork\" ><div role=\"tablist\" class=\"single_toggle\" data-tags=\"{All} \"  ><p id='toggle-toggle-id-167' data-fake-id='#toggle-id-167' class='toggler  av-title-above '  itemprop=\"headline\"  role='tab' tabindex='0' aria-controls='toggle-id-167' data-slide-speed=\"200\" data-title=\"QDF : Quebec Drama Federation\" data-title-open=\"\" data-aria_collapsed=\"Click to expand: QDF : Quebec Drama Federation\" data-aria_expanded=\"Click to collapse: QDF : Quebec Drama Federation\">QDF : Quebec Drama Federation<span class=\"toggle_icon\"><span class=\"vert_icon\"><\/span><span class=\"hor_icon\"><\/span><\/span><\/p><div id='toggle-id-167' aria-labelledby='toggle-toggle-id-167' role='region' class='toggle_wrap  av-title-above'  ><div class='toggle_content invers-color '  itemprop=\"text\" ><p>The Quebec Drama Federation exists to support English-language theatre companies, artists and their artistic expressions in Quebec. This support manifests itself through leadership, collaborations with partners and stakeholders in the community, promotion of the artists and companies, professional development and identification of the role of theatre in the community at large. It also provides resources and means through which success and recognition of English-language theatre companies and artists in Quebec, to the rest of Canada and on an international scale, is achieved.<\/p>\n<p><strong>Links:<\/strong><\/p>\n<ul>\n<li><strong><a href=\"http:\/\/www.quebecdrama.org\/\">QDF website.<\/a> <\/strong><\/li>\n<\/ul>\n<\/div><\/div><\/div><\/section>\n<section class='av_toggle_section av-k8d3hr-aeb7caab1133a3639ff68457f677b02a'  itemscope=\"itemscope\" itemtype=\"https:\/\/schema.org\/CreativeWork\" ><div role=\"tablist\" class=\"single_toggle\" data-tags=\"{All} \"  ><p id='toggle-toggle-id-168' data-fake-id='#toggle-id-168' class='toggler  av-title-above '  itemprop=\"headline\"  role='tab' tabindex='0' aria-controls='toggle-id-168' data-slide-speed=\"200\" data-title=\"UDA : Union des artistes du Qu\u00e9bec\" data-title-open=\"\" data-aria_collapsed=\"Click to expand: UDA : Union des artistes du Qu\u00e9bec\" data-aria_expanded=\"Click to collapse: UDA : Union des artistes du Qu\u00e9bec\">UDA : Union des artistes du Qu\u00e9bec<span class=\"toggle_icon\"><span class=\"vert_icon\"><\/span><span class=\"hor_icon\"><\/span><\/span><\/p><div id='toggle-id-168' aria-labelledby='toggle-toggle-id-168' role='region' class='toggle_wrap  av-title-above'  ><div class='toggle_content invers-color '  itemprop=\"text\" ><p>UDA is a Quebec-based labour organization representing stage, television, radio and film performers in French-language media in Canada (the English language labour organization is <strong><a title=\"ACTRA\" href=\"https:\/\/www.actra.ca\/\" target=\"_blank\" rel=\"noopener noreferrer\">ACTRA<\/a><\/strong>).<\/p>\n<p><strong>Links:<\/strong><\/p>\n<ul>\n<li><strong><a href=\"http:\/\/uda.ca\/\">UDA website.<\/a> <\/strong><\/li>\n<\/ul>\n<\/div><\/div><\/div><\/section>\n<\/div><\/div>\n\n<style type=\"text\/css\" data-created_by=\"avia_inline_auto\" id=\"style-css-av-k1ii3mmd-14-828fae34e67a4637b48e3de75028bbf9\">\n#top .hr.hr-invisible.av-k1ii3mmd-14-828fae34e67a4637b48e3de75028bbf9{\nheight:25px;\n}\n<\/style>\n<div  class='hr av-k1ii3mmd-14-828fae34e67a4637b48e3de75028bbf9 hr-invisible  avia-builder-el-112  el_after_av_one_half  el_before_av_button '><span class='hr-inner '><span class=\"hr-inner-style\"><\/span><\/span><\/div>\n<div  class='avia-button-wrap av-k1ii249i-13-4e42ef8c26d28eb640a8ecdd19df0f21-wrap avia-button-right  avia-builder-el-113  el_after_av_hr  el_before_av_heading '><a href='https:\/\/www.quebec-elan.org\/links\/#Index'  class='avia-button av-k1ii249i-13-4e42ef8c26d28eb640a8ecdd19df0f21 av-link-btn avia-icon_select-yes-left-icon avia-size-medium avia-position-right avia-color-theme-color'   aria-label=\" Back to Index\"><span class='avia_button_icon avia_button_icon_left avia-iconfont avia-font-entypo-fontello' data-av_icon='\ue87e' data-av_iconfont='entypo-fontello' ><\/span><span class='avia_iconbox_title' > Back to Index<\/span><\/a><\/div>\n\n<style type=\"text\/css\" data-created_by=\"avia_inline_auto\" id=\"style-css-av-4r4nkf-9d4134208481c8bce4abc37a5353268a\">\n#top .av-special-heading.av-4r4nkf-9d4134208481c8bce4abc37a5353268a{\npadding-bottom:30px;\n}\nbody .av-special-heading.av-4r4nkf-9d4134208481c8bce4abc37a5353268a .av-special-heading-tag .heading-char{\nfont-size:25px;\n}\n.av-special-heading.av-4r4nkf-9d4134208481c8bce4abc37a5353268a .av-subheading{\nfont-size:15px;\n}\n<\/style>\n<div  id=\"VisualArts\"  class='av-special-heading av-4r4nkf-9d4134208481c8bce4abc37a5353268a av-special-heading-h1  avia-builder-el-114  el_after_av_button  el_before_av_one_half  av-linked-heading'><h1 class='av-special-heading-tag '  itemprop=\"headline\"  >Disciplinary \u2060\u2014 Visual Arts<\/h1><div class=\"special-heading-border\"><div class=\"special-heading-inner-border\"><\/div><\/div><\/div>\n\n<style type=\"text\/css\" data-created_by=\"avia_inline_auto\" id=\"style-css-av-h18i8v-12-b4298261d57801fd4bac02768262f2b1\">\n.flex_column.av-h18i8v-12-b4298261d57801fd4bac02768262f2b1{\nborder-radius:0px 0px 0px 0px;\npadding:0px 0px 0px 0px;\n}\n<\/style>\n<div  class='flex_column av-h18i8v-12-b4298261d57801fd4bac02768262f2b1 av_one_half  avia-builder-el-115  el_after_av_heading  el_before_av_one_half  first flex_column_div av-zero-column-padding  '     ><div  class='togglecontainer av-k1iaw9td-11-11c8a07c0268cb1c3359d04f211c615c av-minimal-toggle  avia-builder-el-116  avia-builder-el-no-sibling  toggle_close_all' >\n<section class='av_toggle_section av-i1o0r3-484d0f16487fe3bfeff2d18fc4bf012b'  itemscope=\"itemscope\" itemtype=\"https:\/\/schema.org\/CreativeWork\" ><div role=\"tablist\" class=\"single_toggle\" data-tags=\"{All} \"  ><p id='toggle-toggle-id-169' data-fake-id='#toggle-id-169' class='toggler  av-title-above '  itemprop=\"headline\"  role='tab' tabindex='0' aria-controls='toggle-id-169' data-slide-speed=\"200\" data-title=\"Akimbo\" data-title-open=\"\" data-aria_collapsed=\"Click to expand: Akimbo\" data-aria_expanded=\"Click to collapse: Akimbo\">Akimbo<span class=\"toggle_icon\"><span class=\"vert_icon\"><\/span><span class=\"hor_icon\"><\/span><\/span><\/p><div id='toggle-id-169' aria-labelledby='toggle-toggle-id-169' role='region' class='toggle_wrap  av-title-above'  ><div class='toggle_content invers-color '  itemprop=\"text\" ><p>Akimbo is a Toronto-based company that promotes contemporary visual art, video, new media and film locally, nationally and internationally via the internet, mobile and social. Established in November 1999, Akimbo has built a large and dedicated subscriber and reader base of Canadian and international visual arts professionals along with a client base of hundreds of the country\u2019s most important galleries, museums, art institutions, and media, film and video festivals.<\/p>\n<p><strong>Links:<\/strong><\/p>\n<ul>\n<li><strong><a href=\"http:\/\/www.akimbo.ca\/\">Akimbo website.<\/a> <\/strong><\/li>\n<\/ul>\n<\/div><\/div><\/div><\/section>\n<section class='av_toggle_section av-1lz0bz-a6c39f4c0f90c67e25b1420c09d488b6'  itemscope=\"itemscope\" itemtype=\"https:\/\/schema.org\/CreativeWork\" ><div role=\"tablist\" class=\"single_toggle\" data-tags=\"{All} \"  ><p id='toggle-toggle-id-170' data-fake-id='#toggle-id-170' class='toggler  av-title-above '  itemprop=\"headline\"  role='tab' tabindex='0' aria-controls='toggle-id-170' data-slide-speed=\"200\" data-title=\"Art Souterrain\" data-title-open=\"\" data-aria_collapsed=\"Click to expand: Art Souterrain\" data-aria_expanded=\"Click to collapse: Art Souterrain\">Art Souterrain<span class=\"toggle_icon\"><span class=\"vert_icon\"><\/span><span class=\"hor_icon\"><\/span><\/span><\/p><div id='toggle-id-170' aria-labelledby='toggle-toggle-id-170' role='region' class='toggle_wrap  av-title-above'  ><div class='toggle_content invers-color '  itemprop=\"text\" ><p>Art Souterrain is a non profit organization which aims to provide a wider accessibility to contemporary art since 2009. With the will to demystify the artistic process and artworks, the organization implements long term initiatives to cultivate an understanding and to create a bound between an artwork and its audience.<\/p>\n<p><strong>Links:<\/strong><\/p>\n<ul>\n<li><strong><a href=\"https:\/\/www.artsouterrain.com\/\">Art Souterrain website.<\/a> <\/strong><\/li>\n<\/ul>\n<\/div><\/div><\/div><\/section>\n<section class='av_toggle_section av-e6y0sv-ef59d9931ca99609050aba1b1bca296e'  itemscope=\"itemscope\" itemtype=\"https:\/\/schema.org\/CreativeWork\" ><div role=\"tablist\" class=\"single_toggle\" data-tags=\"{All} \"  ><p id='toggle-toggle-id-171' data-fake-id='#toggle-id-171' class='toggler  av-title-above '  itemprop=\"headline\"  role='tab' tabindex='0' aria-controls='toggle-id-171' data-slide-speed=\"200\" data-title=\"Atelier Circulaire\" data-title-open=\"\" data-aria_collapsed=\"Click to expand: Atelier Circulaire\" data-aria_expanded=\"Click to collapse: Atelier Circulaire\">Atelier Circulaire<span class=\"toggle_icon\"><span class=\"vert_icon\"><\/span><span class=\"hor_icon\"><\/span><\/span><\/p><div id='toggle-id-171' aria-labelledby='toggle-toggle-id-171' role='region' class='toggle_wrap  av-title-above'  ><div class='toggle_content invers-color '  itemprop=\"text\" ><p>Atelier Circulaire is an artist center dedicated to excellence in the production, research, education and dissemination of printed art. It aims to preserve and teach traditional engraving techniques while integrating new technologies and contemporary practices related to the printed art.<\/p>\n<p><strong>Links:<\/strong><\/p>\n<ul>\n<li><strong><a href=\"https:\/\/ateliercirculaire.org\">Atelier Circulaire website.<\/a> <\/strong><\/li>\n<\/ul>\n<\/div><\/div><\/div><\/section>\n<section class='av_toggle_section av-42d8in-19fa0f22a4e0d261288f0464b25b4b5d'  itemscope=\"itemscope\" itemtype=\"https:\/\/schema.org\/CreativeWork\" ><div role=\"tablist\" class=\"single_toggle\" data-tags=\"{All} \"  ><p id='toggle-toggle-id-172' data-fake-id='#toggle-id-172' class='toggler  av-title-above '  itemprop=\"headline\"  role='tab' tabindex='0' aria-controls='toggle-id-172' data-slide-speed=\"200\" data-title=\"Atelier la Coul\u00e9e - Coop de solidarit\u00e9\" data-title-open=\"\" data-aria_collapsed=\"Click to expand: Atelier la Coul\u00e9e - Coop de solidarit\u00e9\" data-aria_expanded=\"Click to collapse: Atelier la Coul\u00e9e - Coop de solidarit\u00e9\">Atelier la Coul\u00e9e - Coop de solidarit\u00e9<span class=\"toggle_icon\"><span class=\"vert_icon\"><\/span><span class=\"hor_icon\"><\/span><\/span><\/p><div id='toggle-id-172' aria-labelledby='toggle-toggle-id-172' role='region' class='toggle_wrap  av-title-above'  ><div class='toggle_content invers-color '  itemprop=\"text\" ><p>At\u00e9lier la Coul\u00e9e provides space, tools, and technical help \/ education to artists in Montreal and to foster a sense of community around sculpture and metal practices in a feminist environment.<\/p>\n<ul>\n<li><strong><a href=\"https:\/\/atelierlacoulee.org\/\">Website<\/a><\/strong><\/li>\n<\/ul>\n<\/div><\/div><\/div><\/section>\n<section class='av_toggle_section av-3vptov-ba88f73b840bffefa2c1c6fc428bb774'  itemscope=\"itemscope\" itemtype=\"https:\/\/schema.org\/CreativeWork\" ><div role=\"tablist\" class=\"single_toggle\" data-tags=\"{All} \"  ><p id='toggle-toggle-id-173' data-fake-id='#toggle-id-173' class='toggler  av-title-above '  itemprop=\"headline\"  role='tab' tabindex='0' aria-controls='toggle-id-173' data-slide-speed=\"200\" data-title=\"BAND (Black Artists\u2019 Network in Dialogue)\" data-title-open=\"\" data-aria_collapsed=\"Click to expand: BAND (Black Artists\u2019 Network in Dialogue)\" data-aria_expanded=\"Click to collapse: BAND (Black Artists\u2019 Network in Dialogue)\">BAND (Black Artists\u2019 Network in Dialogue)<span class=\"toggle_icon\"><span class=\"vert_icon\"><\/span><span class=\"hor_icon\"><\/span><\/span><\/p><div id='toggle-id-173' aria-labelledby='toggle-toggle-id-173' role='region' class='toggle_wrap  av-title-above'  ><div class='toggle_content invers-color '  itemprop=\"text\" ><p>Black Artists&#8217; Network in Dialogue supports, documents, and showcases the artistic and cultural contributions of Black artists and cultural workers in Canada and internationally.<\/p>\n<ul>\n<li><strong><a href=\"http:\/\/band-rand.com\/site\/\">Website<\/a><\/strong><\/li>\n<\/ul>\n<\/div><\/div><\/div><\/section>\n<section class='av_toggle_section av-18nyyn-e0d5d5148aa767fea2db47c0091a7856'  itemscope=\"itemscope\" itemtype=\"https:\/\/schema.org\/CreativeWork\" ><div role=\"tablist\" class=\"single_toggle\" data-tags=\"{All} \"  ><p id='toggle-toggle-id-174' data-fake-id='#toggle-id-174' class='toggler  av-title-above '  itemprop=\"headline\"  role='tab' tabindex='0' aria-controls='toggle-id-174' data-slide-speed=\"200\" data-title=\"Conseil des m\u00e9tiers d\u2019art du Quebec\" data-title-open=\"\" data-aria_collapsed=\"Click to expand: Conseil des m\u00e9tiers d\u2019art du Quebec\" data-aria_expanded=\"Click to collapse: Conseil des m\u00e9tiers d\u2019art du Quebec\">Conseil des m\u00e9tiers d\u2019art du Quebec<span class=\"toggle_icon\"><span class=\"vert_icon\"><\/span><span class=\"hor_icon\"><\/span><\/span><\/p><div id='toggle-id-174' aria-labelledby='toggle-toggle-id-174' role='region' class='toggle_wrap  av-title-above'  ><div class='toggle_content invers-color '  itemprop=\"text\" ><p>From time immemorial people have created functional pieces, works of art and one-of-a-kind products from any kind of material. To ensure that these artists are properly represented under the Act Respecting the Professional Status of Artists in the Visual Arts, Arts and Crafts and Literature, and Their Contracts with Promoters (Act S-32.01), the Conseil des m\u00e9tiers d\u2019art du Qu\u00e9bec (CMAQ)was officially formed in 1989. Today, nearly 1,000 professional artists and artisans from across Quebec benefit from the association\u2019s services.<\/p>\n<p><strong>Links:<\/strong><\/p>\n<ul>\n<li><a href=\"https:\/\/www.metiersdart.ca\/en\" target=\"_blank\" rel=\"noopener\"><strong>Conseil des m\u00e9tiers d\u2019art du Quebec website<\/strong><\/a><\/li>\n<\/ul>\n<\/div><\/div><\/div><\/section>\n<section class='av_toggle_section av-bf2k2n-3b121b6e6eef306f582e531907f714dc'  itemscope=\"itemscope\" itemtype=\"https:\/\/schema.org\/CreativeWork\" ><div role=\"tablist\" class=\"single_toggle\" data-tags=\"{All} \"  ><p id='toggle-toggle-id-175' data-fake-id='#toggle-id-175' class='toggler  av-title-above '  itemprop=\"headline\"  role='tab' tabindex='0' aria-controls='toggle-id-175' data-slide-speed=\"200\" data-title=\"FCA : Federation of Canadian Artists\" data-title-open=\"\" data-aria_collapsed=\"Click to expand: FCA : Federation of Canadian Artists\" data-aria_expanded=\"Click to collapse: FCA : Federation of Canadian Artists\">FCA : Federation of Canadian Artists<span class=\"toggle_icon\"><span class=\"vert_icon\"><\/span><span class=\"hor_icon\"><\/span><\/span><\/p><div id='toggle-id-175' aria-labelledby='toggle-toggle-id-175' role='region' class='toggle_wrap  av-title-above'  ><div class='toggle_content invers-color '  itemprop=\"text\" ><p>The Federation of Canadian Artists (FCA) is a registered charity founded in 1941. The mission of the FCA is to advance the knowledge and appreciation of art and culture to all Canadians, offering education, exhibition and communication in the Visual Arts, and to support and promote emerging to professional member artists.<\/p>\n<p><strong>Links:<\/strong><\/p>\n<ul>\n<li><a href=\"http:\/\/artists.ca\/\" target=\"_blank\" rel=\"noopener\"><strong>FCA website<\/strong><\/a><\/li>\n<\/ul>\n<\/div><\/div><\/div><\/section>\n<section class='av_toggle_section av-9mkvtr-d6b6c0b4012671e27c8ddecf9dcd7351'  itemscope=\"itemscope\" itemtype=\"https:\/\/schema.org\/CreativeWork\" ><div role=\"tablist\" class=\"single_toggle\" data-tags=\"{All} \"  ><p id='toggle-toggle-id-176' data-fake-id='#toggle-id-176' class='toggler  av-title-above '  itemprop=\"headline\"  role='tab' tabindex='0' aria-controls='toggle-id-176' data-slide-speed=\"200\" data-title=\"Illustration Qu\u00e9bec\" data-title-open=\"\" data-aria_collapsed=\"Click to expand: Illustration Qu\u00e9bec\" data-aria_expanded=\"Click to collapse: Illustration Qu\u00e9bec\">Illustration Qu\u00e9bec<span class=\"toggle_icon\"><span class=\"vert_icon\"><\/span><span class=\"hor_icon\"><\/span><\/span><\/p><div id='toggle-id-176' aria-labelledby='toggle-toggle-id-176' role='region' class='toggle_wrap  av-title-above'  ><div class='toggle_content invers-color '  itemprop=\"text\" ><p>Illustration Qu\u00e9bec is a non-profit organization founded in 1983 whose mission is to bring together and to support illustrators, as well as to promote and publicize illustration.<\/p>\n<p><strong>Links:<\/strong><\/p>\n<ul>\n<li><a href=\"https:\/\/illustrationquebec.com\/en\/\" target=\"_blank\" rel=\"noopener\"><strong>Illustration Qu\u00e9bec website<\/strong><\/a><\/li>\n<\/ul>\n<\/div><\/div><\/div><\/section>\n<\/div><\/div>\n\n<style type=\"text\/css\" data-created_by=\"avia_inline_auto\" id=\"style-css-av-h18i8v-8-592dea0fc0b2126622d08ea0ff331067\">\n.flex_column.av-h18i8v-8-592dea0fc0b2126622d08ea0ff331067{\nborder-radius:0px 0px 0px 0px;\npadding:0px 0px 0px 0px;\n}\n<\/style>\n<div  class='flex_column av-h18i8v-8-592dea0fc0b2126622d08ea0ff331067 av_one_half  avia-builder-el-117  el_after_av_one_half  el_before_av_hr  flex_column_div av-zero-column-padding  '     ><div  class='togglecontainer av-k1iaw9td-7-6cd63969f05716ccc99165d08e25ea74 av-minimal-toggle  avia-builder-el-118  avia-builder-el-no-sibling  toggle_close_all' >\n<section class='av_toggle_section av-7cbulr-3ee5b4a27b4e0dc7b4f5003260e9f7a8'  itemscope=\"itemscope\" itemtype=\"https:\/\/schema.org\/CreativeWork\" ><div role=\"tablist\" class=\"single_toggle\" data-tags=\"{All} \"  ><p id='toggle-toggle-id-177' data-fake-id='#toggle-id-177' class='toggler  av-title-above '  itemprop=\"headline\"  role='tab' tabindex='0' aria-controls='toggle-id-177' data-slide-speed=\"200\" data-title=\"RAAV : Regroupement des Artistes en Arts Visuels du Quebec\" data-title-open=\"\" data-aria_collapsed=\"Click to expand: RAAV : Regroupement des Artistes en Arts Visuels du Quebec\" data-aria_expanded=\"Click to collapse: RAAV : Regroupement des Artistes en Arts Visuels du Quebec\">RAAV : Regroupement des Artistes en Arts Visuels du Quebec<span class=\"toggle_icon\"><span class=\"vert_icon\"><\/span><span class=\"hor_icon\"><\/span><\/span><\/p><div id='toggle-id-177' aria-labelledby='toggle-toggle-id-177' role='region' class='toggle_wrap  av-title-above'  ><div class='toggle_content invers-color '  itemprop=\"text\" ><p>Les arts visuels englobent les pratiques dites plus \u00ab traditionnelles \u00bb telles que la peinture, la sculpture, la gravure, les arts textiles, en y int\u00e9grant la photographie d\u2019art (analogique et num\u00e9rique), l\u2019illustration, la performance, la vid\u00e9o d\u2019art, mais aussi les nouvelles pratiques artistiques comme les arts num\u00e9riques (images fixes et mobiles) et m\u00e9diatiques.<\/p>\n<p><strong>Links:<\/strong><\/p>\n<ul>\n<li><strong><a href=\"http:\/\/www.raav.org\/\">RAAV<\/a><a href=\"https:\/\/ateliercirculaire.org\"> website.<\/a> <\/strong><\/li>\n<\/ul>\n<\/div><\/div><\/div><\/section>\n<section class='av_toggle_section av-67ul6n-50e68e64f50414b6ec157538db43074e'  itemscope=\"itemscope\" itemtype=\"https:\/\/schema.org\/CreativeWork\" ><div role=\"tablist\" class=\"single_toggle\" data-tags=\"{All} \"  ><p id='toggle-toggle-id-178' data-fake-id='#toggle-id-178' class='toggler  av-title-above '  itemprop=\"headline\"  role='tab' tabindex='0' aria-controls='toggle-id-178' data-slide-speed=\"200\" data-title=\"SAVAC : South Asian Visual Arts Centre\" data-title-open=\"\" data-aria_collapsed=\"Click to expand: SAVAC : South Asian Visual Arts Centre\" data-aria_expanded=\"Click to collapse: SAVAC : South Asian Visual Arts Centre\">SAVAC : South Asian Visual Arts Centre<span class=\"toggle_icon\"><span class=\"vert_icon\"><\/span><span class=\"hor_icon\"><\/span><\/span><\/p><div id='toggle-id-178' aria-labelledby='toggle-toggle-id-178' role='region' class='toggle_wrap  av-title-above'  ><div class='toggle_content invers-color '  itemprop=\"text\" ><p>SAVAC is a non-profit, artist-run centre in Canada dedicated to increasing the visibility of culturally diverse artists by curating and exhibiting their work, providing mentorship, facilitating professional development and creating a community for our artists. SAVAC was founded to be an organization staffed by people of colour, committed to support the work of artists of colour.<\/p>\n<p><strong>Links:<\/strong><\/p>\n<ul>\n<li><strong><a href=\"http:\/\/savac.net\">SAVAC<\/a><a href=\"https:\/\/ateliercirculaire.org\"> website.<\/a> <\/strong><\/li>\n<\/ul>\n<\/div><\/div><\/div><\/section>\n<section class='av_toggle_section av-3hsa4v-c3748643f3b36a112774a6341cd98295'  itemscope=\"itemscope\" itemtype=\"https:\/\/schema.org\/CreativeWork\" ><div role=\"tablist\" class=\"single_toggle\" data-tags=\"{All} \"  ><p id='toggle-toggle-id-179' data-fake-id='#toggle-id-179' class='toggler  av-title-above '  itemprop=\"headline\"  role='tab' tabindex='0' aria-controls='toggle-id-179' data-slide-speed=\"200\" data-title=\"VRSC: The Visual Researchers\u2019 Society of Canada\" data-title-open=\"\" data-aria_collapsed=\"Click to expand: VRSC: The Visual Researchers\u2019 Society of Canada\" data-aria_expanded=\"Click to collapse: VRSC: The Visual Researchers\u2019 Society of Canada\">VRSC: The Visual Researchers\u2019 Society of Canada<span class=\"toggle_icon\"><span class=\"vert_icon\"><\/span><span class=\"hor_icon\"><\/span><\/span><\/p><div id='toggle-id-179' aria-labelledby='toggle-toggle-id-179' role='region' class='toggle_wrap  av-title-above'  ><div class='toggle_content invers-color '  itemprop=\"text\" ><p>The Visual Researchers\u2019 Society of Canada (VRSC\/ARAC) is a professional organization of researchers experienced in sourcing and clearing footage and still imagery for use in any kind of media. Founded in 2005, the VRSC has almost 100 members across the country who work on projects for clients around the globe.<\/p>\n<p><strong>Links:<\/strong><\/p>\n<ul>\n<li><strong><a href=\"http:\/\/visualresearch.ca\/\">VRSC <\/a><a href=\"https:\/\/ateliercirculaire.org\">website.<\/a> <\/strong><\/li>\n<\/ul>\n<\/div><\/div><\/div><\/section>\n<section class='av_toggle_section av-1zz4hb-2054393e68ecdbf68bb0e81de0c910df'  itemscope=\"itemscope\" itemtype=\"https:\/\/schema.org\/CreativeWork\" ><div role=\"tablist\" class=\"single_toggle\" data-tags=\"{All} \"  ><p id='toggle-toggle-id-180' data-fake-id='#toggle-id-180' class='toggler  av-title-above '  itemprop=\"headline\"  role='tab' tabindex='0' aria-controls='toggle-id-180' data-slide-speed=\"200\" data-title=\"Women\u2019s Art Society of Montreal \" data-title-open=\"\" data-aria_collapsed=\"Click to expand: Women\u2019s Art Society of Montreal \" data-aria_expanded=\"Click to collapse: Women\u2019s Art Society of Montreal \">Women\u2019s Art Society of Montreal <span class=\"toggle_icon\"><span class=\"vert_icon\"><\/span><span class=\"hor_icon\"><\/span><\/span><\/p><div id='toggle-id-180' aria-labelledby='toggle-toggle-id-180' role='region' class='toggle_wrap  av-title-above'  ><div class='toggle_content invers-color '  itemprop=\"text\" ><p>The Women\u2019s Art Society of Montreal was founded in 1894 by two Montreal women, Mary Martha Phillips and Mrs. James H. Peck (nee Mary Alice Skelton), with the goal of integrating women into the art world at a time in history when women had few rights and were relegated to other roles.<\/p>\n<p><strong>Links:<\/strong><\/p>\n<ul>\n<li><strong><a href=\"http:\/\/womensartsociety.com\/\">Women&#8217;s Art Society of Montreal <\/a><a href=\"https:\/\/ateliercirculaire.org\">website.<\/a> <\/strong><\/li>\n<\/ul>\n<\/div><\/div><\/div><\/section>\n<\/div><\/div>\n\n<style type=\"text\/css\" data-created_by=\"avia_inline_auto\" id=\"style-css-av-k1ii3mmd-10-ad0ce4a13b2ee7e58d8f1b50043dad0f\">\n#top .hr.hr-invisible.av-k1ii3mmd-10-ad0ce4a13b2ee7e58d8f1b50043dad0f{\nheight:25px;\n}\n<\/style>\n<div  class='hr av-k1ii3mmd-10-ad0ce4a13b2ee7e58d8f1b50043dad0f hr-invisible  avia-builder-el-119  el_after_av_one_half  el_before_av_button '><span class='hr-inner '><span class=\"hr-inner-style\"><\/span><\/span><\/div>\n<div  class='avia-button-wrap av-k1ii249i-9-af078815047d7d14d65d9a544c52e110-wrap avia-button-right  avia-builder-el-120  el_after_av_hr  el_before_av_heading '><a href='https:\/\/www.quebec-elan.org\/links\/#Index'  class='avia-button av-k1ii249i-9-af078815047d7d14d65d9a544c52e110 av-link-btn avia-icon_select-yes-left-icon avia-size-medium avia-position-right avia-color-theme-color'   aria-label=\" Back to Index\"><span class='avia_button_icon avia_button_icon_left avia-iconfont avia-font-entypo-fontello' data-av_icon='\ue87e' data-av_iconfont='entypo-fontello' ><\/span><span class='avia_iconbox_title' > Back to Index<\/span><\/a><\/div>\n\n<style type=\"text\/css\" data-created_by=\"avia_inline_auto\" id=\"style-css-av-25tln3-ee9fe3425a494bae0c85fb53067e5c16\">\n#top .av-special-heading.av-25tln3-ee9fe3425a494bae0c85fb53067e5c16{\npadding-bottom:30px;\n}\nbody .av-special-heading.av-25tln3-ee9fe3425a494bae0c85fb53067e5c16 .av-special-heading-tag .heading-char{\nfont-size:25px;\n}\n.av-special-heading.av-25tln3-ee9fe3425a494bae0c85fb53067e5c16 .av-subheading{\nfont-size:15px;\n}\n<\/style>\n<div  id=\"memberservicesbank\"  class='av-special-heading av-25tln3-ee9fe3425a494bae0c85fb53067e5c16 av-special-heading-h1  avia-builder-el-121  el_after_av_button  el_before_av_one_half  av-linked-heading'><h1 class='av-special-heading-tag '  itemprop=\"headline\"  >ELAN Member Services Bank<\/h1><div class=\"special-heading-border\"><div class=\"special-heading-inner-border\"><\/div><\/div><\/div>\n\n<style type=\"text\/css\" data-created_by=\"avia_inline_auto\" id=\"style-css-av-h18i8v-6-7b0112a5124dcfdf2e29463e54ded9ff\">\n.flex_column.av-h18i8v-6-7b0112a5124dcfdf2e29463e54ded9ff{\nborder-radius:0px 0px 0px 0px;\npadding:0px 0px 0px 0px;\n}\n<\/style>\n<div  class='flex_column av-h18i8v-6-7b0112a5124dcfdf2e29463e54ded9ff av_one_half  avia-builder-el-122  el_after_av_heading  el_before_av_one_half  first flex_column_div av-zero-column-padding  '     ><div  class='togglecontainer av-k1iaw9td-5-8df471df0d6e3bb66371d25eec7e879a av-minimal-toggle  avia-builder-el-123  avia-builder-el-no-sibling  toggle_close_all' >\n<section class='av_toggle_section av-zhwma7-0498b0e04e7d259ba4ce30924aa5e7ef'  itemscope=\"itemscope\" itemtype=\"https:\/\/schema.org\/CreativeWork\" ><div role=\"tablist\" class=\"single_toggle\" data-tags=\"{All} \"  ><p id='toggle-toggle-id-181' data-fake-id='#toggle-id-181' class='toggler  av-title-above '  itemprop=\"headline\"  role='tab' tabindex='0' aria-controls='toggle-id-181' data-slide-speed=\"200\" data-title=\"Acting Coach \/ Auditions and Producing Consultations - Victoria Sanchez\" data-title-open=\"\" data-aria_collapsed=\"Click to expand: Acting Coach \/ Auditions and Producing Consultations - Victoria Sanchez\" data-aria_expanded=\"Click to collapse: Acting Coach \/ Auditions and Producing Consultations - Victoria Sanchez\">Acting Coach \/ Auditions and Producing Consultations - Victoria Sanchez<span class=\"toggle_icon\"><span class=\"vert_icon\"><\/span><span class=\"hor_icon\"><\/span><\/span><\/p><div id='toggle-id-181' aria-labelledby='toggle-toggle-id-181' role='region' class='toggle_wrap  av-title-above'  ><div class='toggle_content invers-color '  itemprop=\"text\" ><p><span data-sheets-value=\"{\" data-sheets-userformat=\"{\">Consultations and coaching in acting, auditions and producing.<br \/>\n<\/span><\/p>\n<ul>\n<li><strong>Disciplines<\/strong>\n<ul>\n<li>Acting and producing<\/li>\n<\/ul>\n<\/li>\n<li><strong>Rates<\/strong>\n<ul>\n<li>$50\/hour<\/li>\n<\/ul>\n<\/li>\n<li><strong><strong>Location:<\/strong><\/strong>\n<ul>\n<li>MONTREAL and Norte-Dame-de-l\u2019Ile-Perrot &#8211;<\/li>\n<li>work in person or online<\/li>\n<\/ul>\n<\/li>\n<li><a href=\"https:\/\/m.imdb.com\/name\/nm0761073\/?ref_=nv_sr_srsg_0\"><strong>Website<\/strong><\/a><\/li>\n<li><strong><strong>Contact: <\/strong><\/strong><a href=\"mailto:Victoriasanchez.com@gmail.com\">Victoriasanchez.com@gmail.com<\/a><\/li>\n<\/ul>\n<\/div><\/div><\/div><\/section>\n<section class='av_toggle_section av-y976gv-1af30d6d907d78b980cfe345da66555a'  itemscope=\"itemscope\" itemtype=\"https:\/\/schema.org\/CreativeWork\" ><div role=\"tablist\" class=\"single_toggle\" data-tags=\"{All} \"  ><p id='toggle-toggle-id-182' data-fake-id='#toggle-id-182' class='toggler  av-title-above '  itemprop=\"headline\"  role='tab' tabindex='0' aria-controls='toggle-id-182' data-slide-speed=\"200\" data-title=\"Arts Coaching and Consulting - Artzy Retzo\" data-title-open=\"\" data-aria_collapsed=\"Click to expand: Arts Coaching and Consulting - Artzy Retzo\" data-aria_expanded=\"Click to collapse: Arts Coaching and Consulting - Artzy Retzo\">Arts Coaching and Consulting - Artzy Retzo<span class=\"toggle_icon\"><span class=\"vert_icon\"><\/span><span class=\"hor_icon\"><\/span><\/span><\/p><div id='toggle-id-182' aria-labelledby='toggle-toggle-id-182' role='region' class='toggle_wrap  av-title-above'  ><div class='toggle_content invers-color '  itemprop=\"text\" ><p>Artzy Retzo aids visual artists to develop and manage their own creative careers by offering them a supportive hand with research, consultations and coaching.<\/p>\n<ul>\n<li><strong>Disciplines<\/strong>\n<ul>\n<li>Visual Arts<\/li>\n<\/ul>\n<\/li>\n<li><strong>Links<\/strong>\n<ul>\n<li><strong><a href=\"http:\/\/www.ArtzyRetzo.com\">Website<\/a><\/strong><\/li>\n<\/ul>\n<\/li>\n<li><strong>Rates<\/strong>\n<ul>\n<li>100$\/month for research &#8211;<br \/>\nBetween 20$ and 32$ per hour for coaching and consultation, rounded at the nearest quarter of the hour.<\/li>\n<\/ul>\n<\/li>\n<li><strong>Location:\u00a0<\/strong>Montreal\n<ul>\n<li>In person, by phone\/Skype, and by email<\/li>\n<\/ul>\n<\/li>\n<li><strong>Contact: <a href=\"mailto:assistance@artzyretzo.com\">assistance@artzyretzo.com<\/a><\/strong><\/li>\n<\/ul>\n<\/div><\/div><\/div><\/section>\n<section class='av_toggle_section av-38qx67-a4559c2c873614f075139df641793cee'  itemscope=\"itemscope\" itemtype=\"https:\/\/schema.org\/CreativeWork\" ><div role=\"tablist\" class=\"single_toggle\" data-tags=\"{All} \"  ><p id='toggle-toggle-id-183' data-fake-id='#toggle-id-183' class='toggler  av-title-above '  itemprop=\"headline\"  role='tab' tabindex='0' aria-controls='toggle-id-183' data-slide-speed=\"200\" data-title=\"Art Therapy Counseling and Psychoanalysis - Frederic Ryfer\" data-title-open=\"\" data-aria_collapsed=\"Click to expand: Art Therapy Counseling and Psychoanalysis - Frederic Ryfer\" data-aria_expanded=\"Click to collapse: Art Therapy Counseling and Psychoanalysis - Frederic Ryfer\">Art Therapy Counseling and Psychoanalysis - Frederic Ryfer<span class=\"toggle_icon\"><span class=\"vert_icon\"><\/span><span class=\"hor_icon\"><\/span><\/span><\/p><div id='toggle-id-183' aria-labelledby='toggle-toggle-id-183' role='region' class='toggle_wrap  av-title-above'  ><div class='toggle_content invers-color '  itemprop=\"text\" ><p><span data-sheets-value=\"{\" data-sheets-userformat=\"{\">Art therapy counseling and psychoanalysis<br \/>\n<\/span><\/p>\n<ul>\n<li><strong>Disciplines<\/strong>\n<ul>\n<li>All<\/li>\n<\/ul>\n<\/li>\n<li><strong>Rates<\/strong>\n<ul>\n<li>Contact member.<\/li>\n<\/ul>\n<\/li>\n<li><strong>Location:\u00a0<\/strong>\n<ul>\n<li>Montreal<\/li>\n<\/ul>\n<\/li>\n<li><strong>Contact: <\/strong>\n<ul>\n<li>Email: <a href=\"mailto:f.ryfer.art.therapeute@glail.com\">f.ryfer.art.therapeute@gmail.com<\/a><\/li>\n<\/ul>\n<\/li>\n<\/ul>\n<\/div><\/div><\/div><\/section>\n<section class='av_toggle_section av-v2r0un-9db88d6de9dcb4cb0ae7531dd3af27ce'  itemscope=\"itemscope\" itemtype=\"https:\/\/schema.org\/CreativeWork\" ><div role=\"tablist\" class=\"single_toggle\" data-tags=\"{All} \"  ><p id='toggle-toggle-id-184' data-fake-id='#toggle-id-184' class='toggler  av-title-above '  itemprop=\"headline\"  role='tab' tabindex='0' aria-controls='toggle-id-184' data-slide-speed=\"200\" data-title=\"Art Workshops - Wendy Boode \" data-title-open=\"\" data-aria_collapsed=\"Click to expand: Art Workshops - Wendy Boode \" data-aria_expanded=\"Click to collapse: Art Workshops - Wendy Boode \">Art Workshops - Wendy Boode <span class=\"toggle_icon\"><span class=\"vert_icon\"><\/span><span class=\"hor_icon\"><\/span><\/span><\/p><div id='toggle-id-184' aria-labelledby='toggle-toggle-id-184' role='region' class='toggle_wrap  av-title-above'  ><div class='toggle_content invers-color '  itemprop=\"text\" ><p><span data-sheets-value=\"{\" data-sheets-userformat=\"{\">Art and creativity workshops as well as holistic coaching<br \/>\n<\/span><\/p>\n<ul>\n<li><strong>Disciplines<\/strong>\n<ul>\n<li>Visual arts, holistic life coach<\/li>\n<\/ul>\n<\/li>\n<li><strong>Links<\/strong>\n<ul>\n<li><a href=\"https:\/\/boodeful.com\/\">Website<\/a><\/li>\n<\/ul>\n<\/li>\n<li><strong>Rates<\/strong>\n<ul>\n<li>$20.00 &#8211; $50.00 \/ workshop<\/li>\n<\/ul>\n<\/li>\n<li><strong>Location: <\/strong>Lachine, Quebec\n<ul>\n<li>In-studio<\/li>\n<\/ul>\n<\/li>\n<li><strong>Contact:\u00a0<\/strong><a href=\"mailto:wendy@boodeful.com\">wendy@boodeful.com<\/a><\/li>\n<\/ul>\n<\/div><\/div><\/div><\/section>\n<section class='av_toggle_section av-t6kodb-34e979069461858554c51645a027058d'  itemscope=\"itemscope\" itemtype=\"https:\/\/schema.org\/CreativeWork\" ><div role=\"tablist\" class=\"single_toggle\" data-tags=\"{All} \"  ><p id='toggle-toggle-id-185' data-fake-id='#toggle-id-185' class='toggler  av-title-above '  itemprop=\"headline\"  role='tab' tabindex='0' aria-controls='toggle-id-185' data-slide-speed=\"200\" data-title=\"Art Workshops for Teens and Adults - Homeira Mortazavi\" data-title-open=\"\" data-aria_collapsed=\"Click to expand: Art Workshops for Teens and Adults - Homeira Mortazavi\" data-aria_expanded=\"Click to collapse: Art Workshops for Teens and Adults - Homeira Mortazavi\">Art Workshops for Teens and Adults - Homeira Mortazavi<span class=\"toggle_icon\"><span class=\"vert_icon\"><\/span><span class=\"hor_icon\"><\/span><\/span><\/p><div id='toggle-id-185' aria-labelledby='toggle-toggle-id-185' role='region' class='toggle_wrap  av-title-above'  ><div class='toggle_content invers-color '  itemprop=\"text\" ><p>Art workshops for teens and adults.<\/p>\n<ul>\n<li><strong>Disciplines<\/strong>\n<ul>\n<li>Visual Art (drawing and painting)<\/li>\n<\/ul>\n<\/li>\n<li><strong>Links<\/strong>\n<ul>\n<li><a href=\"https:\/\/www.homeira.ca\">Website<\/a><\/li>\n<\/ul>\n<\/li>\n<li><strong>Rates<\/strong>\n<ul>\n<li><span data-sheets-value=\"{\" data-sheets-userformat=\"{\">$40.00\/hour (minimum 2.5 hours)<\/span><\/li>\n<\/ul>\n<\/li>\n<li><strong>Location:\u00a0<\/strong>Montreal (Westmount)\n<ul>\n<li>Works in person<\/li>\n<\/ul>\n<\/li>\n<li><strong>Contact:<br \/>\nEmail: <a href=\"mailto:info@homeira.ca\">info@homeira.ca<\/a><\/strong><\/li>\n<\/ul>\n<\/div><\/div><\/div><\/section>\n<section class='av_toggle_section av-ri3gqn-c5f28cb4e516b319ffe3ab32a7896b92'  itemscope=\"itemscope\" itemtype=\"https:\/\/schema.org\/CreativeWork\" ><div role=\"tablist\" class=\"single_toggle\" data-tags=\"{All} \"  ><p id='toggle-toggle-id-186' data-fake-id='#toggle-id-186' class='toggler  av-title-above '  itemprop=\"headline\"  role='tab' tabindex='0' aria-controls='toggle-id-186' data-slide-speed=\"200\" data-title=\"Audiovisual and Multimedia expertise, composition and live music - Enzo Marceau\" data-title-open=\"\" data-aria_collapsed=\"Click to expand: Audiovisual and Multimedia expertise, composition and live music - Enzo Marceau\" data-aria_expanded=\"Click to collapse: Audiovisual and Multimedia expertise, composition and live music - Enzo Marceau\">Audiovisual and Multimedia expertise, composition and live music - Enzo Marceau<span class=\"toggle_icon\"><span class=\"vert_icon\"><\/span><span class=\"hor_icon\"><\/span><\/span><\/p><div id='toggle-id-186' aria-labelledby='toggle-toggle-id-186' role='region' class='toggle_wrap  av-title-above'  ><div class='toggle_content invers-color '  itemprop=\"text\" ><p><span data-sheets-value=\"{\" data-sheets-userformat=\"{\">Audiovisual and Multimedia expertise, composition, and live music.<br \/>\n<\/span><\/p>\n<ul>\n<li><strong>Disciplines<\/strong>\n<ul>\n<li>Presenters, storytellers, event planners, musicians.<\/li>\n<\/ul>\n<\/li>\n<li><strong>Rates<\/strong>\n<ul>\n<li>Between $25.00 and $50.00 \/ hour.<\/li>\n<li>Open to flat-rate affordable pricing for non-profits or budding artists.<\/li>\n<\/ul>\n<\/li>\n<li><strong><strong>Location:<\/strong><\/strong>\n<ul>\n<li>MONTREAL and Norte-Dame-de-l\u2019Ile-Perrot -St-Camille, QC.<\/li>\n<li>Most work is done in person, but can consult and provide expertise by phone or email.<\/li>\n<\/ul>\n<\/li>\n<\/ul>\n<ul>\n<li><strong><strong>Contact: <a href=\"mailto:enzodrum@gmail.com\">enzodrum@gmail.com<\/a><\/strong><\/strong><\/li>\n<\/ul>\n<\/div><\/div><\/div><\/section>\n<section class='av_toggle_section av-q5lpin-da08776153c25b77d329e7bef0b6f2a8'  itemscope=\"itemscope\" itemtype=\"https:\/\/schema.org\/CreativeWork\" ><div role=\"tablist\" class=\"single_toggle\" data-tags=\"{All} \"  ><p id='toggle-toggle-id-187' data-fake-id='#toggle-id-187' class='toggler  av-title-above '  itemprop=\"headline\"  role='tab' tabindex='0' aria-controls='toggle-id-187' data-slide-speed=\"200\" data-title=\"Coaching, Acting, Directing Theatre, and Playwright - Anna Fuerstenberg\" data-title-open=\"\" data-aria_collapsed=\"Click to expand: Coaching, Acting, Directing Theatre, and Playwright - Anna Fuerstenberg\" data-aria_expanded=\"Click to collapse: Coaching, Acting, Directing Theatre, and Playwright - Anna Fuerstenberg\">Coaching, Acting, Directing Theatre, and Playwright - Anna Fuerstenberg<span class=\"toggle_icon\"><span class=\"vert_icon\"><\/span><span class=\"hor_icon\"><\/span><\/span><\/p><div id='toggle-id-187' aria-labelledby='toggle-toggle-id-187' role='region' class='toggle_wrap  av-title-above'  ><div class='toggle_content invers-color '  itemprop=\"text\" ><p><span data-sheets-value=\"{\" data-sheets-userformat=\"{\">Coaching, acting, director, and playwright.<br \/>\n<\/span><\/p>\n<ul>\n<li><strong>Disciplines<\/strong>\n<ul>\n<li>Theatre<\/li>\n<\/ul>\n<\/li>\n<li><strong>Rates<\/strong>\n<ul>\n<li>Contact member<\/li>\n<li>Needs analysis free<\/li>\n<\/ul>\n<\/li>\n<li><strong><strong>Location:<\/strong><\/strong>\n<ul>\n<li>Sherbrooke<\/li>\n<li>Cavendish<\/li>\n<\/ul>\n<\/li>\n<\/ul>\n<ul>\n<li><strong><strong><strong>Contact: <\/strong><\/strong><\/strong>\n<ul>\n<li>Email: <a href=\"mailto:fuerst@videotron.ca\">fuerst@videotron.ca<\/a><\/li>\n<\/ul>\n<\/li>\n<\/ul>\n<\/div><\/div><\/div><\/section>\n<section class='av_toggle_section av-ni7mz3-710cafd0effa9cd29005f48a03d44422'  itemscope=\"itemscope\" itemtype=\"https:\/\/schema.org\/CreativeWork\" ><div role=\"tablist\" class=\"single_toggle\" data-tags=\"{All} \"  ><p id='toggle-toggle-id-188' data-fake-id='#toggle-id-188' class='toggler  av-title-above '  itemprop=\"headline\"  role='tab' tabindex='0' aria-controls='toggle-id-188' data-slide-speed=\"200\" data-title=\"Coaching (Artist Development) for Musicians, Songwriters, and Artists - Purna Bhattacharya\" data-title-open=\"\" data-aria_collapsed=\"Click to expand: Coaching (Artist Development) for Musicians, Songwriters, and Artists - Purna Bhattacharya\" data-aria_expanded=\"Click to collapse: Coaching (Artist Development) for Musicians, Songwriters, and Artists - Purna Bhattacharya\">Coaching (Artist Development) for Musicians, Songwriters, and Artists - Purna Bhattacharya<span class=\"toggle_icon\"><span class=\"vert_icon\"><\/span><span class=\"hor_icon\"><\/span><\/span><\/p><div id='toggle-id-188' aria-labelledby='toggle-toggle-id-188' role='region' class='toggle_wrap  av-title-above'  ><div class='toggle_content invers-color '  itemprop=\"text\" ><p><span data-sheets-value=\"{\" data-sheets-userformat=\"{\">Coaching (Artist Development) for Musicians, Songwriters, and Artists<br \/>\n<\/span><\/p>\n<ul>\n<li><strong>Disciplines<\/strong>\n<ul>\n<li>Music<\/li>\n<\/ul>\n<\/li>\n<li><strong>Rates<\/strong>\n<ul>\n<li>$75\/hour and reduced rates for monthly packages or medium term contracts (6 &#8211; 12 months)<\/li>\n<\/ul>\n<\/li>\n<li><strong>Location: <\/strong>Pierrefonds; home studio or video conference via Zoom.<\/li>\n<li><a href=\"https:\/\/purnamusic.com\/\"><strong>Website<\/strong><\/a><\/li>\n<li><strong>Contact: <a href=\"mailto:purna.b.music@gmail.com\">purna.b.music@gmail.com<\/a><\/strong><\/li>\n<\/ul>\n<\/div><\/div><\/div><\/section>\n<section class='av_toggle_section av-mpibwf-82064501f3c9983609de6421967a79c8'  itemscope=\"itemscope\" itemtype=\"https:\/\/schema.org\/CreativeWork\" ><div role=\"tablist\" class=\"single_toggle\" data-tags=\"{All} \"  ><p id='toggle-toggle-id-189' data-fake-id='#toggle-id-189' class='toggler  av-title-above '  itemprop=\"headline\"  role='tab' tabindex='0' aria-controls='toggle-id-189' data-slide-speed=\"200\" data-title=\"Communications Consulting and Copywriting - Aurore Blondelot\" data-title-open=\"\" data-aria_collapsed=\"Click to expand: Communications Consulting and Copywriting - Aurore Blondelot\" data-aria_expanded=\"Click to collapse: Communications Consulting and Copywriting - Aurore Blondelot\">Communications Consulting and Copywriting - Aurore Blondelot<span class=\"toggle_icon\"><span class=\"vert_icon\"><\/span><span class=\"hor_icon\"><\/span><\/span><\/p><div id='toggle-id-189' aria-labelledby='toggle-toggle-id-189' role='region' class='toggle_wrap  av-title-above'  ><div class='toggle_content invers-color '  itemprop=\"text\" ><p><span data-sheets-value=\"{\" data-sheets-userformat=\"{\">AlphaBeta Consulting is a Montreal-based business with a mission to assist cultural stakeholders with the development of their cultural identity and branding, on a local and\/or international scale. Because a content marketing strategy leaves little room for improvisation, we carry out an evaluation of your organization, your activities, your situation.<\/span><\/p>\n<p>Our assets: conception of an editorial line, copywriting and message content (for print and the Web), development of a wide variety of communications products and support materials (both written and visual). Our main disciplines of expertise are the Visual Arts and Music &#038; Sound, in addition to working in the fields of Exhibitions &#038; Festivals.<\/p>\n<ul>\n<li><strong>Disciplines<\/strong>\n<ul>\n<li>Visual Arts<\/li>\n<li>Music<\/li>\n<\/ul>\n<\/li>\n<li><strong>Links<\/strong>\n<ul>\n<li><a href=\"http:\/\/www.alphabeta-consulting.com\/home\">Website<\/a><\/li>\n<\/ul>\n<\/li>\n<li><strong>Rates<\/strong>\n<ul>\n<li>$60.00\/hour<\/li>\n<\/ul>\n<\/li>\n<li><strong>Location<\/strong>\n<ul>\n<li><span data-sheets-value=\"{\" data-sheets-userformat=\"{\">Montreal <\/span><\/li>\n<li>Works in person and online<\/li>\n<\/ul>\n<\/li>\n<li><strong>Contact: <\/strong>\n<ul>\n<li><span data-sheets-value=\"{\" data-sheets-userformat=\"{\">Email: <strong><a href=\"mailto:aurore.blondelot@gmail.com\">aurore.blondelot@gmail.com<\/a><\/strong><\/span><\/li>\n<\/ul>\n<\/li>\n<\/ul>\n<\/div><\/div><\/div><\/section>\n<section class='av_toggle_section av-ldlskf-c6eb98806c43d2008587888dc319b2f1'  itemscope=\"itemscope\" itemtype=\"https:\/\/schema.org\/CreativeWork\" ><div role=\"tablist\" class=\"single_toggle\" data-tags=\"{All} \"  ><p id='toggle-toggle-id-190' data-fake-id='#toggle-id-190' class='toggler  av-title-above '  itemprop=\"headline\"  role='tab' tabindex='0' aria-controls='toggle-id-190' data-slide-speed=\"200\" data-title=\"Communications Consulting and Grant-Writing - Chris Dilworth\" data-title-open=\"\" data-aria_collapsed=\"Click to expand: Communications Consulting and Grant-Writing - Chris Dilworth\" data-aria_expanded=\"Click to collapse: Communications Consulting and Grant-Writing - Chris Dilworth\">Communications Consulting and Grant-Writing - Chris Dilworth<span class=\"toggle_icon\"><span class=\"vert_icon\"><\/span><span class=\"hor_icon\"><\/span><\/span><\/p><div id='toggle-id-190' aria-labelledby='toggle-toggle-id-190' role='region' class='toggle_wrap  av-title-above'  ><div class='toggle_content invers-color '  itemprop=\"text\" ><p><span data-sheets-value=\"{\" data-sheets-userformat=\"{\">Communications consulting &#8211; Grant writing, websites, newsletters.<\/span><\/p>\n<ul>\n<li><strong>Disciplines<\/strong>\n<ul>\n<li>Theatre<\/li>\n<\/ul>\n<\/li>\n<li><strong>Links<\/strong>\n<ul>\n<li><strong><a href=\"https:\/\/talisman-theatre.com\/aboutus-en.html\">Website<\/a><\/strong><\/li>\n<\/ul>\n<\/li>\n<li><strong>Rates<\/strong>\n<ul>\n<li>$20.00\/hour<\/li>\n<\/ul>\n<\/li>\n<li><strong>Location:\u00a0<\/strong>Montreal\n<ul>\n<li>Works in person<\/li>\n<\/ul>\n<\/li>\n<li><strong>Contact: <\/strong>\n<ul>\n<li>Email: <strong><a href=\"mailto:chris@talisman-theatre.com\">chris@talisman-theatre.com<\/a><\/strong><\/li>\n<\/ul>\n<\/li>\n<\/ul>\n<\/div><\/div><\/div><\/section>\n<section class='av_toggle_section av-jhgqdr-a0b7d394502a2116baa0b41907c7b1cb'  itemscope=\"itemscope\" itemtype=\"https:\/\/schema.org\/CreativeWork\" ><div role=\"tablist\" class=\"single_toggle\" data-tags=\"{All} \"  ><p id='toggle-toggle-id-191' data-fake-id='#toggle-id-191' class='toggler  av-title-above '  itemprop=\"headline\"  role='tab' tabindex='0' aria-controls='toggle-id-191' data-slide-speed=\"200\" data-title=\"Cultural Mediation Projects, Workshops + Events - Pilar Hernandez Romero\" data-title-open=\"\" data-aria_collapsed=\"Click to expand: Cultural Mediation Projects, Workshops + Events - Pilar Hernandez Romero\" data-aria_expanded=\"Click to collapse: Cultural Mediation Projects, Workshops + Events - Pilar Hernandez Romero\">Cultural Mediation Projects, Workshops + Events - Pilar Hernandez Romero<span class=\"toggle_icon\"><span class=\"vert_icon\"><\/span><span class=\"hor_icon\"><\/span><\/span><\/p><div id='toggle-id-191' aria-labelledby='toggle-toggle-id-191' role='region' class='toggle_wrap  av-title-above'  ><div class='toggle_content invers-color '  itemprop=\"text\" ><p>Cultural mediation projects, workshops, events production.<\/p>\n<ul>\n<li><strong>Disciplines<\/strong>\n<ul>\n<li>Visual Arts, Music, Storytelling<\/li>\n<\/ul>\n<\/li>\n<li><strong>Links<\/strong>\n<ul>\n<li><a href=\"https:\/\/www.paalmtl.org\/\">Website<\/a><\/li>\n<\/ul>\n<\/li>\n<li><strong>Rates<\/strong>\n<ul>\n<li>Get in touch<\/li>\n<\/ul>\n<\/li>\n<li><strong>Location:\u00a0<\/strong>Montreal (NDG)\n<ul>\n<li>In person or online<\/li>\n<\/ul>\n<\/li>\n<li><strong>Contact: <\/strong><a href=\"mailto:direction@paalmtl.org\">direction@paalmtl.org<\/a><\/li>\n<\/ul>\n<\/div><\/div><\/div><\/section>\n<\/div><\/div>\n\n<style type=\"text\/css\" data-created_by=\"avia_inline_auto\" id=\"style-css-av-h18i8v-2-68c11ca25f9ee34cf1dbed7a7fe6fa99\">\n.flex_column.av-h18i8v-2-68c11ca25f9ee34cf1dbed7a7fe6fa99{\nborder-radius:0px 0px 0px 0px;\npadding:0px 0px 0px 0px;\n}\n<\/style>\n<div  class='flex_column av-h18i8v-2-68c11ca25f9ee34cf1dbed7a7fe6fa99 av_one_half  avia-builder-el-124  el_after_av_one_half  el_before_av_hr  flex_column_div av-zero-column-padding  '     ><div  class='togglecontainer av-k1iaw9td-1-a8f390fe4acbc8738a0b4aea27d836b0 av-minimal-toggle  avia-builder-el-125  avia-builder-el-no-sibling  toggle_close_all' >\n<section class='av_toggle_section av-ht5y8f-1d88652dbee3e39dc0833425088ab965'  itemscope=\"itemscope\" itemtype=\"https:\/\/schema.org\/CreativeWork\" ><div role=\"tablist\" class=\"single_toggle\" data-tags=\"{All} \"  ><p id='toggle-toggle-id-192' data-fake-id='#toggle-id-192' class='toggler  av-title-above '  itemprop=\"headline\"  role='tab' tabindex='0' aria-controls='toggle-id-192' data-slide-speed=\"200\" data-title=\"Grant Writing - Peter A Gillies \" data-title-open=\"\" data-aria_collapsed=\"Click to expand: Grant Writing - Peter A Gillies \" data-aria_expanded=\"Click to collapse: Grant Writing - Peter A Gillies \">Grant Writing - Peter A Gillies <span class=\"toggle_icon\"><span class=\"vert_icon\"><\/span><span class=\"hor_icon\"><\/span><\/span><\/p><div id='toggle-id-192' aria-labelledby='toggle-toggle-id-192' role='region' class='toggle_wrap  av-title-above'  ><div class='toggle_content invers-color '  itemprop=\"text\" ><p><span data-sheets-value=\"{\" data-sheets-userformat=\"{\">Grant writing for all disciplines<br \/>\n<\/span><\/p>\n<ul>\n<li><strong>Disciplines<\/strong>\n<ul>\n<li>All<\/li>\n<\/ul>\n<\/li>\n<li><strong>Rates<\/strong>\n<ul>\n<li>$45.00\/hour<\/li>\n<\/ul>\n<\/li>\n<li><strong>Location:\u00a0<\/strong>\n<ul>\n<li>Wakefield, QC<\/li>\n<li>In person, online, or phone<\/li>\n<\/ul>\n<\/li>\n<li><strong>Contact: <\/strong>\n<ul>\n<li>Email: <a href=\"mailto:peteragillies@gmail.com\">peteragillies@gmail.com<\/a><\/li>\n<\/ul>\n<\/li>\n<\/ul>\n<\/div><\/div><\/div><\/section>\n<section class='av_toggle_section av-fjfkb3-92719ddd346e0b9724d0cf85aafded8a'  itemscope=\"itemscope\" itemtype=\"https:\/\/schema.org\/CreativeWork\" ><div role=\"tablist\" class=\"single_toggle\" data-tags=\"{All} \"  ><p id='toggle-toggle-id-193' data-fake-id='#toggle-id-193' class='toggler  av-title-above '  itemprop=\"headline\"  role='tab' tabindex='0' aria-controls='toggle-id-193' data-slide-speed=\"200\" data-title=\"Mentoring and Project Development - April Ford\" data-title-open=\"\" data-aria_collapsed=\"Click to expand: Mentoring and Project Development - April Ford\" data-aria_expanded=\"Click to collapse: Mentoring and Project Development - April Ford\">Mentoring and Project Development - April Ford<span class=\"toggle_icon\"><span class=\"vert_icon\"><\/span><span class=\"hor_icon\"><\/span><\/span><\/p><div id='toggle-id-193' aria-labelledby='toggle-toggle-id-193' role='region' class='toggle_wrap  av-title-above'  ><div class='toggle_content invers-color '  itemprop=\"text\" ><p><span data-sheets-value=\"{\" data-sheets-userformat=\"{\">Mentoring and Project Development<br \/>\n<\/span><\/p>\n<ul>\n<li><strong>Disciplines<\/strong>\n<ul>\n<li>Writing (fiction, poetry, creative non-fiction)<\/li>\n<\/ul>\n<\/li>\n<li><strong>Links<\/strong>\n<ul>\n<li><a href=\"http:\/\/www.aprilfordauthor.com\">Website<\/a><\/li>\n<\/ul>\n<\/li>\n<li><strong>Rates<\/strong>\n<ul>\n<li>$35.00 &#8211; $75.00 \/ hour<\/li>\n<\/ul>\n<\/li>\n<li><strong>Location:\u00a0<\/strong>\n<ul>\n<li>Montreal &#8211; Verdun<\/li>\n<li>In person, online, phone<\/li>\n<\/ul>\n<\/li>\n<li><strong>Contact:<\/strong>\n<ul>\n<li><strong>Email: <a href=\"mailto:aprilford.author.etc@gmail.com\">aprilford.author.etc@gmail.com<\/a><\/strong><\/li>\n<li><strong>Phone: 438-889-7975<\/strong><\/li>\n<\/ul>\n<\/li>\n<\/ul>\n<\/div><\/div><\/div><\/section>\n<section class='av_toggle_section av-ehxwcf-0076bb6eaf7c62b5bcbc03d489356117'  itemscope=\"itemscope\" itemtype=\"https:\/\/schema.org\/CreativeWork\" ><div role=\"tablist\" class=\"single_toggle\" data-tags=\"{All} \"  ><p id='toggle-toggle-id-194' data-fake-id='#toggle-id-194' class='toggler  av-title-above '  itemprop=\"headline\"  role='tab' tabindex='0' aria-controls='toggle-id-194' data-slide-speed=\"200\" data-title=\"Music + Audio Support - Aaron Saloman\" data-title-open=\"\" data-aria_collapsed=\"Click to expand: Music + Audio Support - Aaron Saloman\" data-aria_expanded=\"Click to collapse: Music + Audio Support - Aaron Saloman\">Music + Audio Support - Aaron Saloman<span class=\"toggle_icon\"><span class=\"vert_icon\"><\/span><span class=\"hor_icon\"><\/span><\/span><\/p><div id='toggle-id-194' aria-labelledby='toggle-toggle-id-194' role='region' class='toggle_wrap  av-title-above'  ><div class='toggle_content invers-color '  itemprop=\"text\" ><p><span data-sheets-value=\"{\" data-sheets-userformat=\"{\">aaronmusic productions is a one-stop music and audio company run by veteran Canadian musician Aaron Saloman. Aaron has composed for video games including American Idol Mobile and Critter Crunch PSN (Best Downloadable Game, 2010 Canadian Video Game Awards), and had his music used in shows including NCIS (CBS), Jersey Shore (MTV), Gone too Far and Teen Cribs (MTV), Departures (Outdoor Life Network, National Geographic Adventure), American Pickers (History Channel), The TO Show (VH1), Real Housewives of Atlanta (Bravo), The Bitter End (Canadian web show), Get a Life\/Grouille-Toi (TVOntario), The Imploders (TLC), Party Down (Starz), Joan &#038; Melissa: Joan Knows Best (WE tv), Chris and John to the Rescue (OutTV, MTV Logo), and Gourmet Adventures with Ruth (PBS), to name just a few. He has also produced recordings by Lukas Grant, Eleanore Altman, Lakeport Auto Electric, Kostis Chaveles, and many others.<\/span><\/p>\n<p>Recently, Aaron has started a publishing arm of the company in order to represent other artists&#8217; music for sync licensing in film, TV, and multimedia. So far, he has 20 artists on board spanning the US, Canada, Greece, and beyond. Contact Aaron if you&#8217;re a media professional and would like access to the catalogue.<\/p>\n<div class=\"freebirdFormviewerViewNumberedItemContainer\">\n<div class=\"freebirdFormviewerViewItemsItemItem freebirdFormviewerViewItemsTextTextItem\" role=\"listitem\" data-item-id=\"1181839850\">\n<div class=\"freebirdFormviewerViewItemsTextItemWrapper freebirdFormviewerViewItemsTextTextItemContainer\">\n<div class=\"freebirdFormviewerViewItemsTextShortText freebirdFormviewerViewItemsTextDisabledText freebirdThemedInput\" aria-describedby=\"c703\">Music and audio &#8211; guitar, voice, theory, sync licensing\/publishing, audio recording\/technical, mixing, mastering<\/div>\n<\/div>\n<\/div>\n<\/div>\n<div class=\"freebirdFormviewerViewNumberedItemContainer\">\n<div class=\"freebirdFormviewerViewItemsItemItem freebirdFormviewerViewItemsTextTextItem\" role=\"listitem\" data-item-id=\"1011717150\">\n<div class=\"freebirdFormviewerViewItemsItemItemHeader\">\n<div class=\"freebirdFormviewerViewItemsItemItemTitleDescContainer\">\n<div class=\"freebirdFormviewerViewItemsItemItemTitleContainer\"><\/div>\n<\/div>\n<\/div>\n<\/div>\n<\/div>\n<ul>\n<li><strong>Disciplines<\/strong>\n<ul>\n<li>Music + Sound<\/li>\n<\/ul>\n<\/li>\n<li><strong>Links<\/strong>\n<ul>\n<li><a href=\"http:\/\/www.aaronmusic.com\/\">Website<\/a><\/li>\n<li><a href=\"https:\/\/mentorly.co\/mentors?m=aaronsaloman\">Mentorly<\/a><\/li>\n<\/ul>\n<\/li>\n<li><strong>Rates<\/strong>\n<ul>\n<li><a href=\"https:\/\/www.dropbox.com\/s\/nimfgrxnkay77gw\/AaronSaloman_RateCard_052018.pdf?dl=0%20See%20page%202%20for%20academic%20lecturing,%20teaching,%20and%20private%20consulting%20rates.\">Click here<\/a><\/li>\n<\/ul>\n<\/li>\n<li><strong>Location: <\/strong>Montreal (NDG)\n<ul>\n<li>Service clients worldwide &#8211; in person, online, and by phone.<\/li>\n<\/ul>\n<\/li>\n<li><strong>Contact: <a href=\"mailto:aaronsaloman@gmail.com\">aaronsaloman@gmail.com<\/a><\/strong><\/li>\n<\/ul>\n<\/div><\/div><\/div><\/section>\n<section class='av_toggle_section av-cy4q3j-d62e3e20d8725bac429937ea802f2d6e'  itemscope=\"itemscope\" itemtype=\"https:\/\/schema.org\/CreativeWork\" ><div role=\"tablist\" class=\"single_toggle\" data-tags=\"{All} \"  ><p id='toggle-toggle-id-195' data-fake-id='#toggle-id-195' class='toggler  av-title-above '  itemprop=\"headline\"  role='tab' tabindex='0' aria-controls='toggle-id-195' data-slide-speed=\"200\" data-title=\"Music Composition + Education - Kevin O\u2019Neil\" data-title-open=\"\" data-aria_collapsed=\"Click to expand: Music Composition + Education - Kevin O\u2019Neil\" data-aria_expanded=\"Click to collapse: Music Composition + Education - Kevin O\u2019Neil\">Music Composition + Education - Kevin O\u2019Neil<span class=\"toggle_icon\"><span class=\"vert_icon\"><\/span><span class=\"hor_icon\"><\/span><\/span><\/p><div id='toggle-id-195' aria-labelledby='toggle-toggle-id-195' role='region' class='toggle_wrap  av-title-above'  ><div class='toggle_content invers-color '  itemprop=\"text\" ><p><span data-sheets-value=\"{\" data-sheets-userformat=\"{\">Kevin O\u2019Neil is a composer, multi-instrumentalist, producer, coach, and music educator based in Montreal. He works in an ever-widening variety of genres and media, including scoring for film and stage. He holds a Masters degree in composition from Universit\u00e9 de Montr\u00e9al and is PhD-ABD in music education at McGill. He teaches guitar, bass, ukulele, theory, and composition.<\/span><\/p>\n<p>Music producer and coach. Composer. Arranger. Guitar, bass, ukulele, theory and composition lessons.<\/p>\n<ul>\n<li><strong>Disciplines<\/strong>\n<ul>\n<li>Music, Theater, Dance, Film, Multimedia<\/li>\n<\/ul>\n<\/li>\n<li><strong>Links<\/strong>\n<ul>\n<li><a href=\"http:\/\/www.kevinkoneil.com\">Website<\/a><\/li>\n<\/ul>\n<\/li>\n<li><strong>Rates<\/strong>\n<ul>\n<li><span data-sheets-value=\"{\" data-sheets-userformat=\"{\">Depends on service and project &#8211; get in touch.\u00a0<\/span><\/li>\n<\/ul>\n<\/li>\n<li><strong>Location:\u00a0<\/strong>Montreal (Verdun)<\/li>\n<li><strong>Contact: <\/strong><a href=\"mailto:Kevinkoneil@gmail.com\">Kevinkoneil@gmail.com<\/a><\/li>\n<\/ul>\n<\/div><\/div><\/div><\/section>\n<section class='av_toggle_section av-awsrin-7675f3afaee6a9cc773b91113005080a'  itemscope=\"itemscope\" itemtype=\"https:\/\/schema.org\/CreativeWork\" ><div role=\"tablist\" class=\"single_toggle\" data-tags=\"{All} \"  ><p id='toggle-toggle-id-196' data-fake-id='#toggle-id-196' class='toggler  av-title-above '  itemprop=\"headline\"  role='tab' tabindex='0' aria-controls='toggle-id-196' data-slide-speed=\"200\" data-title=\"Non-profit Consulting - Jane Needles \" data-title-open=\"\" data-aria_collapsed=\"Click to expand: Non-profit Consulting - Jane Needles \" data-aria_expanded=\"Click to collapse: Non-profit Consulting - Jane Needles \">Non-profit Consulting - Jane Needles <span class=\"toggle_icon\"><span class=\"vert_icon\"><\/span><span class=\"hor_icon\"><\/span><\/span><\/p><div id='toggle-id-196' aria-labelledby='toggle-toggle-id-196' role='region' class='toggle_wrap  av-title-above'  ><div class='toggle_content invers-color '  itemprop=\"text\" ><p><span data-sheets-value=\"{\" data-sheets-userformat=\"{\">Board management and structure, marketing, fundraising and sponsorship, and administrative set up in the non-profit sector.<br \/>\n<\/span><\/p>\n<ul>\n<li><strong>Disciplines<\/strong>\n<ul>\n<li>All performing arts and visual arts<\/li>\n<\/ul>\n<\/li>\n<li><strong>Rates<\/strong>\n<ul>\n<li>Depends on needs and financial capacity of the client<\/li>\n<\/ul>\n<\/li>\n<li><strong>Location: <\/strong>Montreal<\/li>\n<li><strong>Contact: <a href=\"mailto:jane@jneedles.com\">jane@jneedles.com<\/a><\/strong><\/li>\n<\/ul>\n<\/div><\/div><\/div><\/section>\n<section class='av_toggle_section av-9no3v3-b37748285bc02b895f9b7ed54e02b7bb'  itemscope=\"itemscope\" itemtype=\"https:\/\/schema.org\/CreativeWork\" ><div role=\"tablist\" class=\"single_toggle\" data-tags=\"{All} \"  ><p id='toggle-toggle-id-197' data-fake-id='#toggle-id-197' class='toggler  av-title-above '  itemprop=\"headline\"  role='tab' tabindex='0' aria-controls='toggle-id-197' data-slide-speed=\"200\" data-title=\"Project Management + Consulting + Grant Writing - Amy Macdonald\" data-title-open=\"\" data-aria_collapsed=\"Click to expand: Project Management + Consulting + Grant Writing - Amy Macdonald\" data-aria_expanded=\"Click to collapse: Project Management + Consulting + Grant Writing - Amy Macdonald\">Project Management + Consulting + Grant Writing - Amy Macdonald<span class=\"toggle_icon\"><span class=\"vert_icon\"><\/span><span class=\"hor_icon\"><\/span><\/span><\/p><div id='toggle-id-197' aria-labelledby='toggle-toggle-id-197' role='region' class='toggle_wrap  av-title-above'  ><div class='toggle_content invers-color '  itemprop=\"text\" ><p>Amy Macdonald is an arts administration consultant, project manager, grant writer, and musician. With wide-ranging experience &#8211; from community organizing with ad hoc &#038; DIY collectives, to managing rapid growth in a non-profit setting &#8211; Amy can help you bring good ideas to life with clarity and creativity (and really nice spreadsheets).<\/p>\n<ul>\n<li><strong>Disciplines<\/strong>\n<ul>\n<li>Any (most familiar with music, film, and arts service organizations)<\/li>\n<\/ul>\n<\/li>\n<li><strong>Rates<\/strong>\n<ul>\n<li>Project-specific; sliding scale available. Contact for more information.<\/li>\n<\/ul>\n<\/li>\n<li><strong>Location:\u00a0<\/strong>Montreal\n<ul>\n<li>In person, online, and\/or by phone<\/li>\n<\/ul>\n<\/li>\n<li><strong>Contact:<\/strong> <a href=\"mailto:mathvsfeelings@gmail.com\" target=\"_blank\" rel=\"noopener noreferrer\" data-auth=\"NotApplicable\">mathvsfeelings@gmail.com<\/a> or <a href=\"https:\/\/www.linkedin.com\/in\/amy-macdonald-50b77a4b\/\" target=\"_blank\" rel=\"noopener noreferrer\" data-auth=\"NotApplicable\">LinkedIn<\/a><\/li>\n<\/ul>\n<\/div><\/div><\/div><\/section>\n<section class='av_toggle_section av-plggf-7f966c62ce28b9d091fba6dcfb0dcad9'  itemscope=\"itemscope\" itemtype=\"https:\/\/schema.org\/CreativeWork\" ><div role=\"tablist\" class=\"single_toggle\" data-tags=\"{All} \"  ><p id='toggle-toggle-id-198' data-fake-id='#toggle-id-198' class='toggler  av-title-above '  itemprop=\"headline\"  role='tab' tabindex='0' aria-controls='toggle-id-198' data-slide-speed=\"200\" data-title=\"Promoter of various volunteer events - Penny Rose \" data-title-open=\"\" data-aria_collapsed=\"Click to expand: Promoter of various volunteer events - Penny Rose \" data-aria_expanded=\"Click to collapse: Promoter of various volunteer events - Penny Rose \">Promoter of various volunteer events - Penny Rose <span class=\"toggle_icon\"><span class=\"vert_icon\"><\/span><span class=\"hor_icon\"><\/span><\/span><\/p><div id='toggle-id-198' aria-labelledby='toggle-toggle-id-198' role='region' class='toggle_wrap  av-title-above'  ><div class='toggle_content invers-color '  itemprop=\"text\" ><p><span data-sheets-value=\"{\" data-sheets-userformat=\"{\">Promoting various events<br \/>\n<\/span><\/p>\n<ul>\n<li><strong>Disciplines<\/strong>\n<ul>\n<li>Music<\/li>\n<li>Theatre<\/li>\n<\/ul>\n<\/li>\n<li><strong>Rates<\/strong>\n<ul>\n<li>Free<\/li>\n<\/ul>\n<\/li>\n<li><strong><strong>Location:<\/strong><\/strong>\n<ul>\n<li>Morin-Heights<\/li>\n<li>Mostly online, some phone<\/li>\n<\/ul>\n<\/li>\n<\/ul>\n<ul>\n<li><strong><strong><strong>Contact: <\/strong><\/strong><\/strong>\n<ul>\n<li>\n<div class=\"freebirdFormviewerViewItemsTextItemWrapper freebirdFormviewerViewItemsTextTextItemContainer\">\n<div class=\"freebirdFormviewerViewItemsTextShortText freebirdFormviewerViewItemsTextDisabledText freebirdThemedInput\" aria-describedby=\"c549\">Email: <a href=\"mailto:pennyrose@jenanson.com\">pennyrose@jenanson.com<\/a><\/div>\n<\/div>\n<\/li>\n<\/ul>\n<\/li>\n<\/ul>\n<\/div><\/div><\/div><\/section>\n<section class='av_toggle_section av-5fbplb-de62eea978e7da9b4266e1e2dd213ac1'  itemscope=\"itemscope\" itemtype=\"https:\/\/schema.org\/CreativeWork\" ><div role=\"tablist\" class=\"single_toggle\" data-tags=\"{All} \"  ><p id='toggle-toggle-id-199' data-fake-id='#toggle-id-199' class='toggler  av-title-above '  itemprop=\"headline\"  role='tab' tabindex='0' aria-controls='toggle-id-199' data-slide-speed=\"200\" data-title=\"Publicist + Media Relations - Janis Kirshner\" data-title-open=\"\" data-aria_collapsed=\"Click to expand: Publicist + Media Relations - Janis Kirshner\" data-aria_expanded=\"Click to collapse: Publicist + Media Relations - Janis Kirshner\">Publicist + Media Relations - Janis Kirshner<span class=\"toggle_icon\"><span class=\"vert_icon\"><\/span><span class=\"hor_icon\"><\/span><\/span><\/p><div id='toggle-id-199' aria-labelledby='toggle-toggle-id-199' role='region' class='toggle_wrap  av-title-above'  ><div class='toggle_content invers-color '  itemprop=\"text\" ><p><span data-sheets-value=\"{\" data-sheets-userformat=\"{\">Janis Kirshner a seasoned theatre\/book\/arts publicist working with both indie and established artists and companies. Passionate about what she does, she enjoys nothing more than promoting the stories of the people that make great works happen. She can get your name in the media and your show\/event\/book\/film\/fabulous skill mentioned, reviewed and talked about. Highly respected by journalists and editors, Janis has an extensive press list with widespread demographics &#8211; her emails do get opened by the media. The work you put in is worth publicising! <\/span><\/p>\n<ul>\n<li><strong>Disciplines<\/strong>\n<ul>\n<li><span data-sheets-value=\"{\" data-sheets-userformat=\"{\">Theatre, Literature, Visual Arts, Dance<\/span><\/li>\n<\/ul>\n<\/li>\n<li><strong>Rates<\/strong>\n<ul>\n<li><span data-sheets-value=\"{\" data-sheets-userformat=\"{\">Varies depending on the service required, from full publicity campaigns to writing and sending press releases. Get in touch.<\/span><\/li>\n<\/ul>\n<\/li>\n<li><strong>Location:\u00a0<\/strong>Montreal\n<ul>\n<li>In person, online, and by phone<\/li>\n<\/ul>\n<\/li>\n<li><span data-sheets-value=\"{\" data-sheets-userformat=\"{\"><strong>Contact: <\/strong><a href=\"mailto:jkirshner@sympatico.ca\">jkirshner@sympatico.ca<\/a><\/span><\/li>\n<\/ul>\n<\/div><\/div><\/div><\/section>\n<section class='av_toggle_section av-48in73-8f26c046eff900a3146aa1de8322a3f9'  itemscope=\"itemscope\" itemtype=\"https:\/\/schema.org\/CreativeWork\" ><div role=\"tablist\" class=\"single_toggle\" data-tags=\"{All} \"  ><p id='toggle-toggle-id-200' data-fake-id='#toggle-id-200' class='toggler  av-title-above '  itemprop=\"headline\"  role='tab' tabindex='0' aria-controls='toggle-id-200' data-slide-speed=\"200\" data-title=\"Theatre and Performance Art Workshops - Jacqueline van de Geer\" data-title-open=\"\" data-aria_collapsed=\"Click to expand: Theatre and Performance Art Workshops - Jacqueline van de Geer\" data-aria_expanded=\"Click to collapse: Theatre and Performance Art Workshops - Jacqueline van de Geer\">Theatre and Performance Art Workshops - Jacqueline van de Geer<span class=\"toggle_icon\"><span class=\"vert_icon\"><\/span><span class=\"hor_icon\"><\/span><\/span><\/p><div id='toggle-id-200' aria-labelledby='toggle-toggle-id-200' role='region' class='toggle_wrap  av-title-above'  ><div class='toggle_content invers-color '  itemprop=\"text\" ><p><span data-sheets-value=\"{\" data-sheets-userformat=\"{\">Improvisation workshops for children, adults, and seniors, as well as solo exploration workshops for artists (all disciplines are welcome).<\/span><\/p>\n<ul>\n<li><strong>Disciplines<\/strong>\n<ul>\n<li>Theatre<\/li>\n<li>Performance Arts<\/li>\n<\/ul>\n<\/li>\n<li><strong>Links<\/strong>\n<ul>\n<li><a href=\"http:\/\/www.jacquelinevandegeer.com\">Website<\/a><\/li>\n<\/ul>\n<\/li>\n<li><strong>Rates<\/strong>\n<ul>\n<li>Improvisation workshop $50.00 \/ hour<\/li>\n<li>Solo exploration depends on workshop length, beginning at $75.00 \/ hour<\/li>\n<\/ul>\n<\/li>\n<li><strong>Location<\/strong>\n<ul>\n<li>Montreal<\/li>\n<li>In person<\/li>\n<li>Can relocate outside of Montreal if accessible via public transportation<\/li>\n<\/ul>\n<\/li>\n<\/ul>\n<ol>\n<li style=\"list-style-type: none;\"><\/li>\n<\/ol>\n<ul>\n<li><strong>Contact:<\/strong>\n<ul>\n<li><strong>Email: <\/strong>vandegeerjacqueline@gmail.com<\/li>\n<\/ul>\n<\/li>\n<\/ul>\n<\/div><\/div><\/div><\/section>\n<section class='av_toggle_section av-222kj3-9dcd298deef6f698f51f67cdc1b640d5'  itemscope=\"itemscope\" itemtype=\"https:\/\/schema.org\/CreativeWork\" ><div role=\"tablist\" class=\"single_toggle\" data-tags=\"{All} \"  ><p id='toggle-toggle-id-201' data-fake-id='#toggle-id-201' class='toggler  av-title-above '  itemprop=\"headline\"  role='tab' tabindex='0' aria-controls='toggle-id-201' data-slide-speed=\"200\" data-title=\"Vocal Coaching - Kathy Kennedy\" data-title-open=\"\" data-aria_collapsed=\"Click to expand: Vocal Coaching - Kathy Kennedy\" data-aria_expanded=\"Click to collapse: Vocal Coaching - Kathy Kennedy\">Vocal Coaching - Kathy Kennedy<span class=\"toggle_icon\"><span class=\"vert_icon\"><\/span><span class=\"hor_icon\"><\/span><\/span><\/p><div id='toggle-id-201' aria-labelledby='toggle-toggle-id-201' role='region' class='toggle_wrap  av-title-above'  ><div class='toggle_content invers-color '  itemprop=\"text\" ><p><span data-sheets-value=\"{\" data-sheets-userformat=\"{\">Vocal coach for singing or speaking, for individuals or groups.<\/span><\/p>\n<ul>\n<li><strong>Disciplines<\/strong>\n<ul>\n<li>Music, New Media<\/li>\n<\/ul>\n<\/li>\n<li><strong>Links<\/strong>\n<ul>\n<li><a href=\"https:\/\/kathykennedy.ca\/instruction\/private-coaching\/\">Website<\/a><\/li>\n<\/ul>\n<\/li>\n<li><strong>Rates<\/strong>\n<ul>\n<li>$60.00\/hour<\/li>\n<\/ul>\n<\/li>\n<li><strong>Location:\u00a0<\/strong>\n<ul>\n<li>Montreal &#8211; Plateau Mont-Royal<\/li>\n<li>In person or online<\/li>\n<\/ul>\n<\/li>\n<li><strong>Contact: <\/strong>\n<ul>\n<li>Email: <a href=\"mailto:kathykennedy.ca@gmail.com\">kathykennedy.ca@gmail.com<\/a><\/li>\n<\/ul>\n<\/li>\n<\/ul>\n<\/div><\/div><\/div><\/section>\n<\/div><\/div>\n\n<style type=\"text\/css\" data-created_by=\"avia_inline_auto\" id=\"style-css-av-k1ii3mmd-4-aa82c7b3cceb0c6659bb7090ff276e6d\">\n#top .hr.hr-invisible.av-k1ii3mmd-4-aa82c7b3cceb0c6659bb7090ff276e6d{\nheight:25px;\n}\n<\/style>\n<div  class='hr av-k1ii3mmd-4-aa82c7b3cceb0c6659bb7090ff276e6d hr-invisible  avia-builder-el-126  el_after_av_one_half  el_before_av_button '><span class='hr-inner '><span class=\"hr-inner-style\"><\/span><\/span><\/div>\n<div  class='avia-button-wrap av-k1ii249i-3-fc2c8bb855e3fdb3bfa0e32e432a4a64-wrap avia-button-right  avia-builder-el-127  el_after_av_hr  el_before_av_section  avia-builder-el-last '><a href='https:\/\/www.quebec-elan.org\/links\/#Index'  class='avia-button av-k1ii249i-3-fc2c8bb855e3fdb3bfa0e32e432a4a64 av-link-btn avia-icon_select-yes-left-icon avia-size-medium avia-position-right avia-color-theme-color'   aria-label=\" Back to Index\"><span class='avia_button_icon avia_button_icon_left avia-iconfont avia-font-entypo-fontello' data-av_icon='\ue87e' data-av_iconfont='entypo-fontello' ><\/span><span class='avia_iconbox_title' > Back to Index<\/span><\/a><\/div>\n<\/div><\/div><\/div><!-- close content main div --><\/div><\/div>\n<style type=\"text\/css\" data-created_by=\"avia_inline_auto\" id=\"style-css-av-cap3q7-57b9010278b884864c41add764c01f94\">\n.avia-section.av-cap3q7-57b9010278b884864c41add764c01f94{\nbackground-repeat:no-repeat;\nbackground-image:url(https:\/\/www.quebec-elan.org\/wp-content\/uploads\/2016\/08\/acejam3-800x430.jpg);\nbackground-position:50% 50%;\nbackground-attachment:fixed;\n}\n.avia-section.av-cap3q7-57b9010278b884864c41add764c01f94 .av-section-color-overlay{\nopacity:0.7;\nbackground-color:#0054a6;\n}\n<\/style>\n<div id='av_section_2'  class='avia-section av-cap3q7-57b9010278b884864c41add764c01f94 alternate_color avia-section-huge avia-no-border-styling  avia-builder-el-128  el_after_av_button  avia-builder-el-last  avia-full-stretch avia-bg-style-fixed av-section-color-overlay-active container_wrap sidebar_right'  data-section-bg-repeat='stretch'><div class=\"av-section-color-overlay-wrap\"><div class=\"av-section-color-overlay\"><\/div><div class='container av-section-cont-open' ><div class='template-page content  av-content-small alpha units'><div class='post-entry post-entry-type-page post-entry-1503'><div class='entry-content-wrapper clearfix'>\n\n<style type=\"text\/css\" data-created_by=\"avia_inline_auto\" id=\"style-css-av-aahfrj-3425e9cadb2569df6c95c89a633ece11\">\n.flex_column.av-aahfrj-3425e9cadb2569df6c95c89a633ece11{\nborder-radius:0px 0px 0px 0px;\npadding:0px 0px 0px 0px;\n}\n<\/style>\n<div  class='flex_column av-aahfrj-3425e9cadb2569df6c95c89a633ece11 av_one_fifth  avia-builder-el-129  el_before_av_three_fifth  avia-builder-el-first  first flex_column_div av-zero-column-padding  '     ><\/div>\n<style type=\"text\/css\" data-created_by=\"avia_inline_auto\" id=\"style-css-av-9ggjq7-8bd26ccb184d68106569cc9312b3f56b\">\n.flex_column.av-9ggjq7-8bd26ccb184d68106569cc9312b3f56b{\nborder-radius:0px 0px 0px 0px;\npadding:0px 0px 0px 0px;\n}\n<\/style>\n<div  class='flex_column av-9ggjq7-8bd26ccb184d68106569cc9312b3f56b av_three_fifth  avia-builder-el-130  el_after_av_one_fifth  el_before_av_one_fifth  flex_column_div av-zero-column-padding  '     ><p>\n<style type=\"text\/css\" data-created_by=\"avia_inline_auto\" id=\"style-css-av-34z8wv-3bd4533be3a407ab8fc10d73cc3f0c55\">\n#top .av-special-heading.av-34z8wv-3bd4533be3a407ab8fc10d73cc3f0c55{\npadding-bottom:20px;\nfont-size:50px;\n}\nbody .av-special-heading.av-34z8wv-3bd4533be3a407ab8fc10d73cc3f0c55 .av-special-heading-tag .heading-char{\nfont-size:25px;\n}\n#top #wrap_all .av-special-heading.av-34z8wv-3bd4533be3a407ab8fc10d73cc3f0c55 .av-special-heading-tag{\nfont-size:50px;\n}\n.av-special-heading.av-34z8wv-3bd4533be3a407ab8fc10d73cc3f0c55 .av-subheading{\nfont-size:15px;\n}\n\n@media only screen and (min-width: 480px) and (max-width: 767px){ \n#top #wrap_all .av-special-heading.av-34z8wv-3bd4533be3a407ab8fc10d73cc3f0c55 .av-special-heading-tag{\nfont-size:0.8em;\n}\n}\n\n@media only screen and (max-width: 479px){ \n#top #wrap_all .av-special-heading.av-34z8wv-3bd4533be3a407ab8fc10d73cc3f0c55 .av-special-heading-tag{\nfont-size:0.8em;\n}\n}\n<\/style>\n<div  class='av-special-heading av-34z8wv-3bd4533be3a407ab8fc10d73cc3f0c55 av-special-heading-h1 blockquote modern-quote modern-centered  avia-builder-el-131  el_before_av_textblock  avia-builder-el-first  av-thin-font av-inherit-size'><h1 class='av-special-heading-tag '  itemprop=\"headline\"  >Discover ELAN\u2019s work<strong>.<\/strong><\/h1><div class=\"special-heading-border\"><div class=\"special-heading-inner-border\"><\/div><\/div><\/div><br \/>\n\n<style type=\"text\/css\" data-created_by=\"avia_inline_auto\" id=\"style-css-av-6btz7z-406e3fb4c2e456be7deb7178f88b0ce6\">\n#top .av_textblock_section.av-6btz7z-406e3fb4c2e456be7deb7178f88b0ce6 .avia_textblock{\ncolor:#ffffff;\n}\n<\/style>\n<section  class='av_textblock_section av-6btz7z-406e3fb4c2e456be7deb7178f88b0ce6 '   itemscope=\"itemscope\" itemtype=\"https:\/\/schema.org\/CreativeWork\" ><div class='avia_textblock av_inherit_color'  itemprop=\"text\" ><p><span style=\"font-weight: 400;\">ELAN\u2019s projects connect and support creative communities throughout the province.<\/span><\/p>\n<\/div><\/section><br \/>\n<div  class='avia-button-wrap av-3uho6n-535467a8c035d85a0ca683525f38c3be-wrap avia-button-center  avia-builder-el-133  el_after_av_textblock  avia-builder-el-last '><a href='https:\/\/www.quebec-elan.org\/en\/projects\/'  class='avia-button av-3uho6n-535467a8c035d85a0ca683525f38c3be av-link-btn avia-icon_select-no avia-size-large avia-position-center av-icon-on-hover avia-color-light'   aria-label=\"Learn more\"><span class='avia_iconbox_title' >Learn more<\/span><\/a><\/div><\/p><\/div>\n<style type=\"text\/css\" data-created_by=\"avia_inline_auto\" id=\"style-css-av-p3xr-52394c1d06e0b2c68e6319f9b3970d31\">\n.flex_column.av-p3xr-52394c1d06e0b2c68e6319f9b3970d31{\nborder-radius:0px 0px 0px 0px;\npadding:0px 0px 0px 0px;\n}\n<\/style>\n<div  class='flex_column av-p3xr-52394c1d06e0b2c68e6319f9b3970d31 av_one_fifth  avia-builder-el-134  el_after_av_three_fifth  avia-builder-el-last  flex_column_div av-zero-column-padding  '     ><\/div>\n<\/div><\/div><\/div><!-- close content main div --><\/div><\/div><\/div><div id='after_section_2'  class='main_color av_default_container_wrap container_wrap sidebar_right'  ><div class='container av-section-cont-open' ><div class='template-page content  av-content-small alpha units'><div class='post-entry post-entry-type-page post-entry-1503'><div class='entry-content-wrapper clearfix'>\n","protected":false},"excerpt":{"rendered":"","protected":false},"author":234,"featured_media":0,"parent":0,"menu_order":169,"comment_status":"closed","ping_status":"closed","template":"","meta":{"footnotes":""},"class_list":["post-1503","page","type-page","status-publish","hentry"],"yoast_head":"<!-- This site is optimized with the Yoast SEO plugin v27.5 - https:\/\/yoast.com\/product\/yoast-seo-wordpress\/ -->\n<title>Community Links - ELAN<\/title>\n<meta name=\"robots\" content=\"index, follow, max-snippet:-1, max-image-preview:large, max-video-preview:-1\" \/>\n<link rel=\"canonical\" href=\"https:\/\/www.quebec-elan.org\/en\/links\/\" \/>\n<meta property=\"og:locale\" content=\"en_US\" \/>\n<meta property=\"og:type\" content=\"article\" \/>\n<meta property=\"og:title\" content=\"Community Links - ELAN\" \/>\n<meta property=\"og:url\" content=\"https:\/\/www.quebec-elan.org\/en\/links\/\" \/>\n<meta property=\"og:site_name\" content=\"ELAN\" \/>\n<meta property=\"article:modified_time\" content=\"2023-07-25T18:22:51+00:00\" \/>\n<meta name=\"twitter:card\" content=\"summary_large_image\" \/>\n<meta name=\"twitter:label1\" content=\"Est. reading time\" \/>\n\t<meta name=\"twitter:data1\" content=\"74 minutes\" \/>\n<script type=\"application\/ld+json\" class=\"yoast-schema-graph\">{\"@context\":\"https:\\\/\\\/schema.org\",\"@graph\":[{\"@type\":\"WebPage\",\"@id\":\"https:\\\/\\\/www.quebec-elan.org\\\/en\\\/links\\\/\",\"url\":\"https:\\\/\\\/www.quebec-elan.org\\\/en\\\/links\\\/\",\"name\":\"Community Links - ELAN\",\"isPartOf\":{\"@id\":\"https:\\\/\\\/www.quebec-elan.org\\\/en\\\/#website\"},\"datePublished\":\"2016-08-21T23:52:02+00:00\",\"dateModified\":\"2023-07-25T18:22:51+00:00\",\"breadcrumb\":{\"@id\":\"https:\\\/\\\/www.quebec-elan.org\\\/en\\\/links\\\/#breadcrumb\"},\"inLanguage\":\"en-US\",\"potentialAction\":[{\"@type\":\"ReadAction\",\"target\":[\"https:\\\/\\\/www.quebec-elan.org\\\/en\\\/links\\\/\"]}]},{\"@type\":\"BreadcrumbList\",\"@id\":\"https:\\\/\\\/www.quebec-elan.org\\\/en\\\/links\\\/#breadcrumb\",\"itemListElement\":[{\"@type\":\"ListItem\",\"position\":1,\"name\":\"Home\",\"item\":\"https:\\\/\\\/www.quebec-elan.org\\\/en\\\/new-home\\\/\"},{\"@type\":\"ListItem\",\"position\":2,\"name\":\"Community Links\"}]},{\"@type\":\"WebSite\",\"@id\":\"https:\\\/\\\/www.quebec-elan.org\\\/en\\\/#website\",\"url\":\"https:\\\/\\\/www.quebec-elan.org\\\/en\\\/\",\"name\":\"ELAN\",\"description\":\"English Language Arts Network\",\"publisher\":{\"@id\":\"https:\\\/\\\/www.quebec-elan.org\\\/en\\\/#organization\"},\"potentialAction\":[{\"@type\":\"SearchAction\",\"target\":{\"@type\":\"EntryPoint\",\"urlTemplate\":\"https:\\\/\\\/www.quebec-elan.org\\\/en\\\/?s={search_term_string}\"},\"query-input\":{\"@type\":\"PropertyValueSpecification\",\"valueRequired\":true,\"valueName\":\"search_term_string\"}}],\"inLanguage\":\"en-US\"},{\"@type\":\"Organization\",\"@id\":\"https:\\\/\\\/www.quebec-elan.org\\\/en\\\/#organization\",\"name\":\"ELAN - English Language Arts Network\",\"url\":\"https:\\\/\\\/www.quebec-elan.org\\\/en\\\/\",\"logo\":{\"@type\":\"ImageObject\",\"inLanguage\":\"en-US\",\"@id\":\"https:\\\/\\\/www.quebec-elan.org\\\/en\\\/#\\\/schema\\\/logo\\\/image\\\/\",\"url\":\"https:\\\/\\\/www.quebec-elan.org\\\/wp-content\\\/uploads\\\/2022\\\/05\\\/elan-logo-360.jpg\",\"contentUrl\":\"https:\\\/\\\/www.quebec-elan.org\\\/wp-content\\\/uploads\\\/2022\\\/05\\\/elan-logo-360.jpg\",\"width\":360,\"height\":70,\"caption\":\"ELAN - English Language Arts Network\"},\"image\":{\"@id\":\"https:\\\/\\\/www.quebec-elan.org\\\/en\\\/#\\\/schema\\\/logo\\\/image\\\/\"}}]}<\/script>\n<!-- \/ Yoast SEO plugin. -->","yoast_head_json":{"title":"Community Links - ELAN","robots":{"index":"index","follow":"follow","max-snippet":"max-snippet:-1","max-image-preview":"max-image-preview:large","max-video-preview":"max-video-preview:-1"},"canonical":"https:\/\/www.quebec-elan.org\/en\/links\/","og_locale":"en_US","og_type":"article","og_title":"Community Links - ELAN","og_url":"https:\/\/www.quebec-elan.org\/en\/links\/","og_site_name":"ELAN","article_modified_time":"2023-07-25T18:22:51+00:00","twitter_card":"summary_large_image","twitter_misc":{"Est. reading time":"74 minutes"},"schema":{"@context":"https:\/\/schema.org","@graph":[{"@type":"WebPage","@id":"https:\/\/www.quebec-elan.org\/en\/links\/","url":"https:\/\/www.quebec-elan.org\/en\/links\/","name":"Community Links - ELAN","isPartOf":{"@id":"https:\/\/www.quebec-elan.org\/en\/#website"},"datePublished":"2016-08-21T23:52:02+00:00","dateModified":"2023-07-25T18:22:51+00:00","breadcrumb":{"@id":"https:\/\/www.quebec-elan.org\/en\/links\/#breadcrumb"},"inLanguage":"en-US","potentialAction":[{"@type":"ReadAction","target":["https:\/\/www.quebec-elan.org\/en\/links\/"]}]},{"@type":"BreadcrumbList","@id":"https:\/\/www.quebec-elan.org\/en\/links\/#breadcrumb","itemListElement":[{"@type":"ListItem","position":1,"name":"Home","item":"https:\/\/www.quebec-elan.org\/en\/new-home\/"},{"@type":"ListItem","position":2,"name":"Community Links"}]},{"@type":"WebSite","@id":"https:\/\/www.quebec-elan.org\/en\/#website","url":"https:\/\/www.quebec-elan.org\/en\/","name":"ELAN","description":"English Language Arts Network","publisher":{"@id":"https:\/\/www.quebec-elan.org\/en\/#organization"},"potentialAction":[{"@type":"SearchAction","target":{"@type":"EntryPoint","urlTemplate":"https:\/\/www.quebec-elan.org\/en\/?s={search_term_string}"},"query-input":{"@type":"PropertyValueSpecification","valueRequired":true,"valueName":"search_term_string"}}],"inLanguage":"en-US"},{"@type":"Organization","@id":"https:\/\/www.quebec-elan.org\/en\/#organization","name":"ELAN - English Language Arts Network","url":"https:\/\/www.quebec-elan.org\/en\/","logo":{"@type":"ImageObject","inLanguage":"en-US","@id":"https:\/\/www.quebec-elan.org\/en\/#\/schema\/logo\/image\/","url":"https:\/\/www.quebec-elan.org\/wp-content\/uploads\/2022\/05\/elan-logo-360.jpg","contentUrl":"https:\/\/www.quebec-elan.org\/wp-content\/uploads\/2022\/05\/elan-logo-360.jpg","width":360,"height":70,"caption":"ELAN - English Language Arts Network"},"image":{"@id":"https:\/\/www.quebec-elan.org\/en\/#\/schema\/logo\/image\/"}}]}},"_links":{"self":[{"href":"https:\/\/www.quebec-elan.org\/en\/wp-json\/wp\/v2\/pages\/1503","targetHints":{"allow":["GET"]}}],"collection":[{"href":"https:\/\/www.quebec-elan.org\/en\/wp-json\/wp\/v2\/pages"}],"about":[{"href":"https:\/\/www.quebec-elan.org\/en\/wp-json\/wp\/v2\/types\/page"}],"author":[{"embeddable":true,"href":"https:\/\/www.quebec-elan.org\/en\/wp-json\/wp\/v2\/users\/234"}],"replies":[{"embeddable":true,"href":"https:\/\/www.quebec-elan.org\/en\/wp-json\/wp\/v2\/comments?post=1503"}],"version-history":[{"count":197,"href":"https:\/\/www.quebec-elan.org\/en\/wp-json\/wp\/v2\/pages\/1503\/revisions"}],"predecessor-version":[{"id":53137,"href":"https:\/\/www.quebec-elan.org\/en\/wp-json\/wp\/v2\/pages\/1503\/revisions\/53137"}],"wp:attachment":[{"href":"https:\/\/www.quebec-elan.org\/en\/wp-json\/wp\/v2\/media?parent=1503"}],"curies":[{"name":"wp","href":"https:\/\/api.w.org\/{rel}","templated":true}]}}