{"id":31210,"date":"2019-11-09T16:24:39","date_gmt":"2019-11-09T16:24:39","guid":{"rendered":"https:\/\/www.quebec-elan.org\/?page_id=31210"},"modified":"2020-02-27T16:29:58","modified_gmt":"2020-02-27T16:29:58","slug":"initiatives-art-ed","status":"publish","type":"page","link":"https:\/\/www.quebec-elan.org\/fr\/initiatives-art-ed\/","title":{"rendered":"Initiatives Art-Ed"},"content":{"rendered":"\n<style type=\"text\/css\" data-created_by=\"avia_inline_auto\" id=\"style-css-av-k74yr270-975cf057d4bac1dfb3000b060be0170d\">\n#top .av-special-heading.av-k74yr270-975cf057d4bac1dfb3000b060be0170d{\npadding-bottom:10px;\nfont-size:60px;\n}\nbody .av-special-heading.av-k74yr270-975cf057d4bac1dfb3000b060be0170d .av-special-heading-tag .heading-char{\nfont-size:25px;\n}\n#top #wrap_all .av-special-heading.av-k74yr270-975cf057d4bac1dfb3000b060be0170d .av-special-heading-tag{\nfont-size:60px;\n}\n.av-special-heading.av-k74yr270-975cf057d4bac1dfb3000b060be0170d .av-subheading{\nfont-size:15px;\n}\n\n@media only screen and (min-width: 480px) and (max-width: 767px){ \n#top #wrap_all .av-special-heading.av-k74yr270-975cf057d4bac1dfb3000b060be0170d .av-special-heading-tag{\nfont-size:0.8em;\n}\n}\n\n@media only screen and (max-width: 479px){ \n#top #wrap_all .av-special-heading.av-k74yr270-975cf057d4bac1dfb3000b060be0170d .av-special-heading-tag{\nfont-size:0.8em;\n}\n}\n<\/style>\n<div  class='av-special-heading av-k74yr270-975cf057d4bac1dfb3000b060be0170d av-special-heading-h1 blockquote modern-quote modern-centered  avia-builder-el-0  el_before_av_layout_row  avia-builder-el-no-sibling  av-inherit-size av-linked-heading'><h1 class='av-special-heading-tag '  itemprop=\"headline\"  >Les Initiatives Art-Ed<\/h1><div class=\"special-heading-border\"><div class=\"special-heading-inner-border\"><\/div><\/div><\/div>\n<\/div><\/div><\/div><!-- close content main div --><\/div><\/div><div id='av-layout-grid-1'  class='av-layout-grid-container av-2kg3miy-336afe4833b2ed496f09401aba14adc2 entry-content-wrapper main_color av-flex-cells  avia-builder-el-1  el_after_av_heading  el_before_av_layout_row  grid-row-not-first  container_wrap sidebar_right'  >\n\n<style type=\"text\/css\" data-created_by=\"avia_inline_auto\" id=\"style-css-av-1zui3ey-5f722f8fa414dd28c3a02303692a3311\">\n.flex_cell.av-1zui3ey-5f722f8fa414dd28c3a02303692a3311{\nvertical-align:top;\n}\n.responsive #top #wrap_all .flex_cell.av-1zui3ey-5f722f8fa414dd28c3a02303692a3311{\npadding:50px 75px 50px 75px !important;\n}\n<\/style>\n<div class='flex_cell av-1zui3ey-5f722f8fa414dd28c3a02303692a3311 av-gridrow-cell av_one_half no_margin  avia-builder-el-2  el_before_av_cell_one_half  avia-builder-el-first  content-align-top'  ><div class='flex_cell_inner'><p>\n<style type=\"text\/css\" data-created_by=\"avia_inline_auto\" id=\"style-css-av-mgybpm-7c2f10026c70b7e0196c212abee888d0\">\n#top .av-special-heading.av-mgybpm-7c2f10026c70b7e0196c212abee888d0{\npadding-bottom:10px;\n}\nbody .av-special-heading.av-mgybpm-7c2f10026c70b7e0196c212abee888d0 .av-special-heading-tag .heading-char{\nfont-size:25px;\n}\n.av-special-heading.av-mgybpm-7c2f10026c70b7e0196c212abee888d0 .av-subheading{\nfont-size:20px;\n}\n<\/style>\n<div  class='av-special-heading av-mgybpm-7c2f10026c70b7e0196c212abee888d0 av-special-heading-h1 blockquote modern-quote  avia-builder-el-3  el_before_av_hr  avia-builder-el-first '><h1 class='av-special-heading-tag '  itemprop=\"headline\"  >L\u2019Initiative ACE<\/h1><div class='av-subheading av-subheading_below'><p>ace-initiative@quebec-elan.org<\/p>\n<\/div><div class=\"special-heading-border\"><div class=\"special-heading-inner-border\"><\/div><\/div><\/div><br \/>\n\n<style type=\"text\/css\" data-created_by=\"avia_inline_auto\" id=\"style-css-av-k2rrzju5-6c7d05c098d31cbf4bffbb912bf69ffd\">\n#top .hr.hr-invisible.av-k2rrzju5-6c7d05c098d31cbf4bffbb912bf69ffd{\nheight:25px;\n}\n<\/style>\n<div  class='hr av-k2rrzju5-6c7d05c098d31cbf4bffbb912bf69ffd hr-invisible  avia-builder-el-4  el_after_av_heading  el_before_av_textblock '><span class='hr-inner '><span class=\"hr-inner-style\"><\/span><\/span><\/div><br \/>\n<section  class='av_textblock_section av-k2rs02v3-fd901912a7865b115586cf76a5c12ed7 '   itemscope=\"itemscope\" itemtype=\"https:\/\/schema.org\/CreativeWork\" ><div class='avia_textblock'  itemprop=\"text\" ><p>ELAN a lanc\u00e9 l\u2019initiative ACE en 2016 pour permettre aux Qu\u00e9b\u00e9cois d\u2019expression anglaise de participer \u00e0 la vie artistique et culturelle de leur r\u00e9gion, et pour favoriser le d\u00e9veloppement personnel, le mieux-\u00eatre individuel et la vitalit\u00e9 des groupes communautaires. Les projets ACE se d\u00e9roulent sur une longue p\u00e9riode et sont de nature pluridisciplinaire, et ils rejoignent les objectifs \u00e9ducatifs \u00e9tablis dans bien des domaines.<\/p>\n<\/div><\/section><br \/>\n\n<style type=\"text\/css\" data-created_by=\"avia_inline_auto\" id=\"style-css-av-k2rrzju5-6c7d05c098d31cbf4bffbb912bf69ffd\">\n#top .hr.hr-invisible.av-k2rrzju5-6c7d05c098d31cbf4bffbb912bf69ffd{\nheight:25px;\n}\n<\/style>\n<div  class='hr av-k2rrzju5-6c7d05c098d31cbf4bffbb912bf69ffd hr-invisible  avia-builder-el-6  el_after_av_textblock  el_before_av_button '><span class='hr-inner '><span class=\"hr-inner-style\"><\/span><\/span><\/div><br \/>\n<div  class='avia-button-wrap av-k2rs1l7w-524615dfdc881b33aa0250a4247dbb3f-wrap avia-button-left  avia-builder-el-7  el_after_av_hr  avia-builder-el-last '><a href='https:\/\/www.quebec-elan.org\/linitiative-ace\/?lang=fr'  class='avia-button av-k2rs1l7w-524615dfdc881b33aa0250a4247dbb3f av-link-btn avia-icon_select-yes-right-icon avia-size-x-large avia-position-left avia-color-theme-color'   aria-label=\"Plus d\u2019infos \"><span class='avia_iconbox_title' >Plus d\u2019infos <\/span><span class='avia_button_icon avia_button_icon_right avia-iconfont avia-font-entypo-fontello' data-av_icon='\ue875' data-av_iconfont='entypo-fontello' ><\/span><\/a><\/div><\/p>\n<\/div><\/div>\n<style type=\"text\/css\" data-created_by=\"avia_inline_auto\" id=\"style-css-av-k3exak4a-e633485d5d8c5c456714776379044fb5\">\n.flex_cell.av-k3exak4a-e633485d5d8c5c456714776379044fb5{\nvertical-align:top;\nbackground:url(https:\/\/www.quebec-elan.org\/wp-content\/uploads\/2019\/05\/day-4.4-Ghada-1030x773.jpg) 0% 0% no-repeat scroll ;\n}\n.responsive #top #wrap_all .flex_cell.av-k3exak4a-e633485d5d8c5c456714776379044fb5{\npadding:30px 30px 30px 30px !important;\n}\n<\/style>\n<div class='flex_cell av-k3exak4a-e633485d5d8c5c456714776379044fb5 av-gridrow-cell av_one_half no_margin  avia-builder-el-8  el_after_av_cell_one_half  avia-builder-el-last  content-align-top avia-full-stretch'  ><div class='flex_cell_inner'><\/div><\/div>\n<\/div>\n<div id='av-layout-grid-2'  class='av-layout-grid-container av-zhr1fu-f7971e33d8681489dd01c24f0d9d106f entry-content-wrapper main_color av-flex-cells  avia-builder-el-9  el_after_av_layout_row  el_before_av_section  grid-row-not-first  container_wrap sidebar_right'  >\n\n<style type=\"text\/css\" data-created_by=\"avia_inline_auto\" id=\"style-css-av-k3exc1q6-0ce4dde6f8633ea59034cf5d225fc8d6\">\n.flex_cell.av-k3exc1q6-0ce4dde6f8633ea59034cf5d225fc8d6{\nvertical-align:top;\nbackground:url(https:\/\/www.quebec-elan.org\/wp-content\/uploads\/2019\/04\/DSC_0341-1030x824.jpg) 0% 0% no-repeat scroll ;\n}\n.responsive #top #wrap_all .flex_cell.av-k3exc1q6-0ce4dde6f8633ea59034cf5d225fc8d6{\npadding:30px 30px 30px 30px !important;\n}\n<\/style>\n<div class='flex_cell av-k3exc1q6-0ce4dde6f8633ea59034cf5d225fc8d6 av-gridrow-cell av_one_half no_margin  avia-builder-el-10  el_before_av_cell_one_half  avia-builder-el-first  content-align-top avia-full-stretch'  ><div class='flex_cell_inner'><\/div><\/div>\n<style type=\"text\/css\" data-created_by=\"avia_inline_auto\" id=\"style-css-av-k3exak4a-801118499571fc4ffbef517f343f51d8\">\n.flex_cell.av-k3exak4a-801118499571fc4ffbef517f343f51d8{\nvertical-align:top;\n}\n.responsive #top #wrap_all .flex_cell.av-k3exak4a-801118499571fc4ffbef517f343f51d8{\npadding:50px 75px 50px 75px !important;\n}\n<\/style>\n<div class='flex_cell av-k3exak4a-801118499571fc4ffbef517f343f51d8 av-gridrow-cell av_one_half no_margin  avia-builder-el-11  el_after_av_cell_one_half  avia-builder-el-last  content-align-top avia-full-stretch'  ><div class='flex_cell_inner'><p>\n<style type=\"text\/css\" data-created_by=\"avia_inline_auto\" id=\"style-css-av-t8gm4q-4ca7b83a63cebaf58fe069cfefbd68d1\">\n#top .av-special-heading.av-t8gm4q-4ca7b83a63cebaf58fe069cfefbd68d1{\npadding-bottom:10px;\n}\nbody .av-special-heading.av-t8gm4q-4ca7b83a63cebaf58fe069cfefbd68d1 .av-special-heading-tag .heading-char{\nfont-size:25px;\n}\n.av-special-heading.av-t8gm4q-4ca7b83a63cebaf58fe069cfefbd68d1 .av-subheading{\nfont-size:20px;\n}\n<\/style>\n<div  class='av-special-heading av-t8gm4q-4ca7b83a63cebaf58fe069cfefbd68d1 av-special-heading-h1 blockquote modern-quote  avia-builder-el-12  el_before_av_hr  avia-builder-el-first '><h1 class='av-special-heading-tag '  itemprop=\"headline\"  >Subventions Artistes Inspirent (AI)<\/h1><div class='av-subheading av-subheading_below'><p>artistsinspiregrants@quebec-elan.org<\/p>\n<\/div><div class=\"special-heading-border\"><div class=\"special-heading-inner-border\"><\/div><\/div><\/div><br \/>\n\n<style type=\"text\/css\" data-created_by=\"avia_inline_auto\" id=\"style-css-av-k2rrzju5-6c7d05c098d31cbf4bffbb912bf69ffd\">\n#top .hr.hr-invisible.av-k2rrzju5-6c7d05c098d31cbf4bffbb912bf69ffd{\nheight:25px;\n}\n<\/style>\n<div  class='hr av-k2rrzju5-6c7d05c098d31cbf4bffbb912bf69ffd hr-invisible  avia-builder-el-13  el_after_av_heading  el_before_av_textblock '><span class='hr-inner '><span class=\"hr-inner-style\"><\/span><\/span><\/div><br \/>\n<section  class='av_textblock_section av-k2rs02v3-d7fec8cb011cfb2bb94b7c223aa66744 '   itemscope=\"itemscope\" itemtype=\"https:\/\/schema.org\/CreativeWork\" ><div class='avia_textblock'  itemprop=\"text\" ><p>En partenariat avec le programme LEARN, ELAN Qu\u00e9bec lan\u00e7ait aujourd\u2019hui le projet Artistes Inspire (AI), un programme de micro-subventions qui financera des activit\u00e9s artistiques et culturelles dans 300 \u00e9coles de langue officielle en situation minoritaire au Qu\u00e9bec. Les \u00e9coles primaires et secondaires publiques admissibles au programme sont invit\u00e9es \u00e0 faire une demande de subvention. Un montant de 1 500 dollars par \u00e9cole est disponible pour chacune des quatre prochaines ann\u00e9es, \u00e0 compter de 2019\/2020.<\/p>\n<\/div><\/section><br \/>\n\n<style type=\"text\/css\" data-created_by=\"avia_inline_auto\" id=\"style-css-av-k2rrzju5-6c7d05c098d31cbf4bffbb912bf69ffd\">\n#top .hr.hr-invisible.av-k2rrzju5-6c7d05c098d31cbf4bffbb912bf69ffd{\nheight:25px;\n}\n<\/style>\n<div  class='hr av-k2rrzju5-6c7d05c098d31cbf4bffbb912bf69ffd hr-invisible  avia-builder-el-15  el_after_av_textblock  el_before_av_button '><span class='hr-inner '><span class=\"hr-inner-style\"><\/span><\/span><\/div><br \/>\n<div  class='avia-button-wrap av-k2rs1l7w-45c32c141588005602b955848c423432-wrap avia-button-left  avia-builder-el-16  el_after_av_hr  avia-builder-el-last '><a href='https:\/\/artistsinspire.ca\/'  class='avia-button av-k2rs1l7w-45c32c141588005602b955848c423432 av-link-btn avia-icon_select-yes-right-icon avia-size-x-large avia-position-left avia-color-theme-color'  target=\"_blank\"  rel=\"noopener noreferrer\"  aria-label=\"Plus d\u2019infos \"><span class='avia_iconbox_title' >Plus d\u2019infos <\/span><span class='avia_button_icon avia_button_icon_right avia-iconfont avia-font-entypo-fontello' data-av_icon='\ue875' data-av_iconfont='entypo-fontello' ><\/span><\/a><\/div><\/p>\n<\/div><\/div>\n<\/div>\n\n<style type=\"text\/css\" data-created_by=\"avia_inline_auto\" id=\"style-css-av-k2rs93h1-542a13f62ff627c181f169e84c799097\">\n.avia-section.av-k2rs93h1-542a13f62ff627c181f169e84c799097{\nbackground-color:#000000;\nbackground-image:unset;\n}\n<\/style>\n<div id='av_section_1'  class='avia-section av-k2rs93h1-542a13f62ff627c181f169e84c799097 main_color avia-section-default avia-no-border-styling  avia-builder-el-17  el_after_av_layout_row  el_before_av_section  avia-bg-style-scroll container_wrap sidebar_right'  ><div class='container av-section-cont-open' ><div class='template-page content  av-content-small alpha units'><div class='post-entry post-entry-type-page post-entry-31210'><div class='entry-content-wrapper clearfix'>\n\n<style type=\"text\/css\" data-created_by=\"avia_inline_auto\" id=\"style-css-av-1pszowa-453759f7baf97cebefe19a0639edbaf4\">\n.flex_column.av-1pszowa-453759f7baf97cebefe19a0639edbaf4{\nborder-radius:0px 0px 0px 0px;\npadding:0px 0px 0px 0px;\n}\n<\/style>\n<div  class='flex_column av-1pszowa-453759f7baf97cebefe19a0639edbaf4 av_one_fifth  avia-builder-el-18  el_before_av_three_fifth  avia-builder-el-first  first flex_column_div av-zero-column-padding  '     ><\/div>\n<style type=\"text\/css\" data-created_by=\"avia_inline_auto\" id=\"style-css-av-18pjwve-7fe187ae75dd097e44cdbd6bc0b5634d\">\n.flex_column.av-18pjwve-7fe187ae75dd097e44cdbd6bc0b5634d{\nborder-radius:0px 0px 0px 0px;\npadding:0px 0px 0px 0px;\n}\n<\/style>\n<div  class='flex_column av-18pjwve-7fe187ae75dd097e44cdbd6bc0b5634d av_three_fifth  avia-builder-el-19  el_after_av_one_fifth  el_before_av_one_fifth  flex_column_div av-zero-column-padding  '     ><p>\n<style type=\"text\/css\" data-created_by=\"avia_inline_auto\" id=\"style-css-av-k2rsa6yp-8c3e74fac6ce1d007fdcea95be10d96f\">\n#top .av-special-heading.av-k2rsa6yp-8c3e74fac6ce1d007fdcea95be10d96f{\npadding-bottom:10px;\ncolor:#ffffff;\n}\nbody .av-special-heading.av-k2rsa6yp-8c3e74fac6ce1d007fdcea95be10d96f .av-special-heading-tag .heading-char{\nfont-size:25px;\n}\n.av-special-heading.av-k2rsa6yp-8c3e74fac6ce1d007fdcea95be10d96f .special-heading-inner-border{\nborder-color:#ffffff;\n}\n.av-special-heading.av-k2rsa6yp-8c3e74fac6ce1d007fdcea95be10d96f .av-subheading{\nfont-size:20px;\n}\n<\/style>\n<div  class='av-special-heading av-k2rsa6yp-8c3e74fac6ce1d007fdcea95be10d96f av-special-heading-h2 custom-color-heading blockquote modern-quote  avia-builder-el-20  el_before_av_heading  avia-builder-el-first '><h2 class='av-special-heading-tag '  itemprop=\"headline\"  >L\u2019art et l\u2019\u00e9ducation vont de pair. Il a \u00e9t\u00e9 d\u00e9montr\u00e9 que les \u00e9l\u00e8ves ont tout avantage \u00e0 d\u00e9velopper leur sens de l\u2019identit\u00e9, leur cr\u00e9ativit\u00e9 et leur expressivit\u00e9 personnelle. <\/h2><div class=\"special-heading-border\"><div class=\"special-heading-inner-border\"><\/div><\/div><\/div><br \/>\n\n<style type=\"text\/css\" data-created_by=\"avia_inline_auto\" id=\"style-css-av-k2rsa6yp-2767a1a942521f8d3f9b6f68bd33fc27\">\n#top .av-special-heading.av-k2rsa6yp-2767a1a942521f8d3f9b6f68bd33fc27{\npadding-bottom:10px;\ncolor:#ffffff;\n}\nbody .av-special-heading.av-k2rsa6yp-2767a1a942521f8d3f9b6f68bd33fc27 .av-special-heading-tag .heading-char{\nfont-size:25px;\n}\n.av-special-heading.av-k2rsa6yp-2767a1a942521f8d3f9b6f68bd33fc27 .special-heading-inner-border{\nborder-color:#ffffff;\n}\n.av-special-heading.av-k2rsa6yp-2767a1a942521f8d3f9b6f68bd33fc27 .av-subheading{\nfont-size:20px;\n}\n<\/style>\n<div  class='av-special-heading av-k2rsa6yp-2767a1a942521f8d3f9b6f68bd33fc27 av-special-heading-h2 custom-color-heading blockquote modern-quote  avia-builder-el-21  el_after_av_heading  avia-builder-el-last '><h2 class='av-special-heading-tag '  itemprop=\"headline\"  >Les projets artistiques en milieu scolaire ou communautaire ont un impact positif sur l\u2019estime de soi et le sentiment d\u2019appartenance, et sur les relations qui se cr\u00e9ent entre les participants, peu importe leur \u00e2ge ou leur culture. Ce sont l\u00e0 des impacts essentiels au mieux-\u00eatre des individus et des groupes.<\/h2><div class=\"special-heading-border\"><div class=\"special-heading-inner-border\"><\/div><\/div><\/div><\/p><\/div>\n<style type=\"text\/css\" data-created_by=\"avia_inline_auto\" id=\"style-css-av-ttasay-68306523c78c88f2d7c6499e98ad4c21\">\n.flex_column.av-ttasay-68306523c78c88f2d7c6499e98ad4c21{\nborder-radius:0px 0px 0px 0px;\npadding:0px 0px 0px 0px;\n}\n<\/style>\n<div  class='flex_column av-ttasay-68306523c78c88f2d7c6499e98ad4c21 av_one_fifth  avia-builder-el-22  el_after_av_three_fifth  avia-builder-el-last  flex_column_div av-zero-column-padding  '     ><\/div>\n\n<\/div><\/div><\/div><!-- close content main div --><\/div><\/div>\n<style type=\"text\/css\" data-created_by=\"avia_inline_auto\" id=\"style-css-av-k2rs93h1-060c3f8a9223fc10b748a0572e96587e\">\n.avia-section.av-k2rs93h1-060c3f8a9223fc10b748a0572e96587e{\nbackground-color:#dc4a4a;\nbackground:linear-gradient( to bottom right, #dc4a4a, #ac208e );\n}\n<\/style>\n<div id='av_section_2'  class='avia-section av-k2rs93h1-060c3f8a9223fc10b748a0572e96587e main_color avia-section-default avia-no-border-styling  avia-builder-el-23  el_after_av_section  avia-builder-el-last  avia-bg-style-scroll container_wrap sidebar_right'  ><div class='container av-section-cont-open' ><div class='template-page content  av-content-small alpha units'><div class='post-entry post-entry-type-page post-entry-31210'><div class='entry-content-wrapper clearfix'><\/div><\/div><\/div><!-- close content main div --><\/div><\/div><div id='after_section_2'  class='main_color av_default_container_wrap container_wrap sidebar_right'  ><div class='container av-section-cont-open' ><div class='template-page content  av-content-small alpha units'><div class='post-entry post-entry-type-page post-entry-31210'><div class='entry-content-wrapper clearfix'>\n","protected":false},"excerpt":{"rendered":"","protected":false},"author":234,"featured_media":0,"parent":0,"menu_order":9,"comment_status":"closed","ping_status":"closed","template":"","meta":{"footnotes":""},"class_list":["post-31210","page","type-page","status-publish","hentry"],"yoast_head":"<!-- This site is optimized with the Yoast SEO plugin v27.5 - https:\/\/yoast.com\/product\/yoast-seo-wordpress\/ -->\n<title>Initiatives Art-Ed - ELAN<\/title>\n<meta name=\"robots\" content=\"index, follow, max-snippet:-1, max-image-preview:large, max-video-preview:-1\" \/>\n<link rel=\"canonical\" href=\"https:\/\/www.quebec-elan.org\/fr\/initiatives-art-ed\/\" \/>\n<meta property=\"og:locale\" content=\"fr_FR\" \/>\n<meta property=\"og:type\" content=\"article\" \/>\n<meta property=\"og:title\" content=\"Initiatives Art-Ed - ELAN\" \/>\n<meta property=\"og:url\" content=\"https:\/\/www.quebec-elan.org\/fr\/initiatives-art-ed\/\" \/>\n<meta property=\"og:site_name\" content=\"ELAN\" \/>\n<meta property=\"article:modified_time\" content=\"2020-02-27T16:29:58+00:00\" \/>\n<meta name=\"twitter:card\" content=\"summary_large_image\" \/>\n<meta name=\"twitter:label1\" content=\"Dur\u00e9e de lecture estim\u00e9e\" \/>\n\t<meta name=\"twitter:data1\" content=\"10 minutes\" \/>\n<script type=\"application\/ld+json\" class=\"yoast-schema-graph\">{\"@context\":\"https:\\\/\\\/schema.org\",\"@graph\":[{\"@type\":\"WebPage\",\"@id\":\"https:\\\/\\\/www.quebec-elan.org\\\/fr\\\/initiatives-art-ed\\\/\",\"url\":\"https:\\\/\\\/www.quebec-elan.org\\\/fr\\\/initiatives-art-ed\\\/\",\"name\":\"Initiatives Art-Ed - ELAN\",\"isPartOf\":{\"@id\":\"https:\\\/\\\/www.quebec-elan.org\\\/en\\\/#website\"},\"datePublished\":\"2019-11-09T16:24:39+00:00\",\"dateModified\":\"2020-02-27T16:29:58+00:00\",\"breadcrumb\":{\"@id\":\"https:\\\/\\\/www.quebec-elan.org\\\/fr\\\/initiatives-art-ed\\\/#breadcrumb\"},\"inLanguage\":\"fr-FR\",\"potentialAction\":[{\"@type\":\"ReadAction\",\"target\":[\"https:\\\/\\\/www.quebec-elan.org\\\/fr\\\/initiatives-art-ed\\\/\"]}]},{\"@type\":\"BreadcrumbList\",\"@id\":\"https:\\\/\\\/www.quebec-elan.org\\\/fr\\\/initiatives-art-ed\\\/#breadcrumb\",\"itemListElement\":[{\"@type\":\"ListItem\",\"position\":1,\"name\":\"Home\",\"item\":\"https:\\\/\\\/www.quebec-elan.org\\\/fr\\\/\"},{\"@type\":\"ListItem\",\"position\":2,\"name\":\"Initiatives Art-Ed\"}]},{\"@type\":\"WebSite\",\"@id\":\"https:\\\/\\\/www.quebec-elan.org\\\/en\\\/#website\",\"url\":\"https:\\\/\\\/www.quebec-elan.org\\\/en\\\/\",\"name\":\"ELAN\",\"description\":\"English Language Arts Network\",\"publisher\":{\"@id\":\"https:\\\/\\\/www.quebec-elan.org\\\/en\\\/#organization\"},\"potentialAction\":[{\"@type\":\"SearchAction\",\"target\":{\"@type\":\"EntryPoint\",\"urlTemplate\":\"https:\\\/\\\/www.quebec-elan.org\\\/en\\\/?s={search_term_string}\"},\"query-input\":{\"@type\":\"PropertyValueSpecification\",\"valueRequired\":true,\"valueName\":\"search_term_string\"}}],\"inLanguage\":\"fr-FR\"},{\"@type\":\"Organization\",\"@id\":\"https:\\\/\\\/www.quebec-elan.org\\\/en\\\/#organization\",\"name\":\"ELAN - English Language Arts Network\",\"url\":\"https:\\\/\\\/www.quebec-elan.org\\\/en\\\/\",\"logo\":{\"@type\":\"ImageObject\",\"inLanguage\":\"fr-FR\",\"@id\":\"https:\\\/\\\/www.quebec-elan.org\\\/en\\\/#\\\/schema\\\/logo\\\/image\\\/\",\"url\":\"https:\\\/\\\/www.quebec-elan.org\\\/wp-content\\\/uploads\\\/2022\\\/05\\\/elan-logo-360.jpg\",\"contentUrl\":\"https:\\\/\\\/www.quebec-elan.org\\\/wp-content\\\/uploads\\\/2022\\\/05\\\/elan-logo-360.jpg\",\"width\":360,\"height\":70,\"caption\":\"ELAN - English Language Arts Network\"},\"image\":{\"@id\":\"https:\\\/\\\/www.quebec-elan.org\\\/en\\\/#\\\/schema\\\/logo\\\/image\\\/\"}}]}<\/script>\n<!-- \/ Yoast SEO plugin. -->","yoast_head_json":{"title":"Initiatives Art-Ed - ELAN","robots":{"index":"index","follow":"follow","max-snippet":"max-snippet:-1","max-image-preview":"max-image-preview:large","max-video-preview":"max-video-preview:-1"},"canonical":"https:\/\/www.quebec-elan.org\/fr\/initiatives-art-ed\/","og_locale":"fr_FR","og_type":"article","og_title":"Initiatives Art-Ed - ELAN","og_url":"https:\/\/www.quebec-elan.org\/fr\/initiatives-art-ed\/","og_site_name":"ELAN","article_modified_time":"2020-02-27T16:29:58+00:00","twitter_card":"summary_large_image","twitter_misc":{"Dur\u00e9e de lecture estim\u00e9e":"10 minutes"},"schema":{"@context":"https:\/\/schema.org","@graph":[{"@type":"WebPage","@id":"https:\/\/www.quebec-elan.org\/fr\/initiatives-art-ed\/","url":"https:\/\/www.quebec-elan.org\/fr\/initiatives-art-ed\/","name":"Initiatives Art-Ed - ELAN","isPartOf":{"@id":"https:\/\/www.quebec-elan.org\/en\/#website"},"datePublished":"2019-11-09T16:24:39+00:00","dateModified":"2020-02-27T16:29:58+00:00","breadcrumb":{"@id":"https:\/\/www.quebec-elan.org\/fr\/initiatives-art-ed\/#breadcrumb"},"inLanguage":"fr-FR","potentialAction":[{"@type":"ReadAction","target":["https:\/\/www.quebec-elan.org\/fr\/initiatives-art-ed\/"]}]},{"@type":"BreadcrumbList","@id":"https:\/\/www.quebec-elan.org\/fr\/initiatives-art-ed\/#breadcrumb","itemListElement":[{"@type":"ListItem","position":1,"name":"Home","item":"https:\/\/www.quebec-elan.org\/fr\/"},{"@type":"ListItem","position":2,"name":"Initiatives Art-Ed"}]},{"@type":"WebSite","@id":"https:\/\/www.quebec-elan.org\/en\/#website","url":"https:\/\/www.quebec-elan.org\/en\/","name":"ELAN","description":"English Language Arts Network","publisher":{"@id":"https:\/\/www.quebec-elan.org\/en\/#organization"},"potentialAction":[{"@type":"SearchAction","target":{"@type":"EntryPoint","urlTemplate":"https:\/\/www.quebec-elan.org\/en\/?s={search_term_string}"},"query-input":{"@type":"PropertyValueSpecification","valueRequired":true,"valueName":"search_term_string"}}],"inLanguage":"fr-FR"},{"@type":"Organization","@id":"https:\/\/www.quebec-elan.org\/en\/#organization","name":"ELAN - English Language Arts Network","url":"https:\/\/www.quebec-elan.org\/en\/","logo":{"@type":"ImageObject","inLanguage":"fr-FR","@id":"https:\/\/www.quebec-elan.org\/en\/#\/schema\/logo\/image\/","url":"https:\/\/www.quebec-elan.org\/wp-content\/uploads\/2022\/05\/elan-logo-360.jpg","contentUrl":"https:\/\/www.quebec-elan.org\/wp-content\/uploads\/2022\/05\/elan-logo-360.jpg","width":360,"height":70,"caption":"ELAN - English Language Arts Network"},"image":{"@id":"https:\/\/www.quebec-elan.org\/en\/#\/schema\/logo\/image\/"}}]}},"_links":{"self":[{"href":"https:\/\/www.quebec-elan.org\/fr\/wp-json\/wp\/v2\/pages\/31210","targetHints":{"allow":["GET"]}}],"collection":[{"href":"https:\/\/www.quebec-elan.org\/fr\/wp-json\/wp\/v2\/pages"}],"about":[{"href":"https:\/\/www.quebec-elan.org\/fr\/wp-json\/wp\/v2\/types\/page"}],"author":[{"embeddable":true,"href":"https:\/\/www.quebec-elan.org\/fr\/wp-json\/wp\/v2\/users\/234"}],"replies":[{"embeddable":true,"href":"https:\/\/www.quebec-elan.org\/fr\/wp-json\/wp\/v2\/comments?post=31210"}],"version-history":[{"count":0,"href":"https:\/\/www.quebec-elan.org\/fr\/wp-json\/wp\/v2\/pages\/31210\/revisions"}],"wp:attachment":[{"href":"https:\/\/www.quebec-elan.org\/fr\/wp-json\/wp\/v2\/media?parent=31210"}],"curies":[{"name":"wp","href":"https:\/\/api.w.org\/{rel}","templated":true}]}}