{"id":42225,"date":"2022-06-21T08:00:44","date_gmt":"2022-06-21T12:00:44","guid":{"rendered":"https:\/\/www.quebec-elan.org\/?page_id=42225"},"modified":"2022-11-11T08:17:57","modified_gmt":"2022-11-11T13:17:57","slug":"advocacy","status":"publish","type":"page","link":"https:\/\/www.quebec-elan.org\/fr\/advocacy\/","title":{"rendered":"D\u00e9fense des int\u00e9r\u00eats"},"content":{"rendered":"\n<style type=\"text\/css\" data-created_by=\"avia_inline_auto\" id=\"style-css-av-1j4myva-9c5183af52d1efcfd6f2ea750f7993d3\">\n#top .av-special-heading.av-1j4myva-9c5183af52d1efcfd6f2ea750f7993d3{\npadding-bottom:10px;\nfont-size:60px;\n}\nbody .av-special-heading.av-1j4myva-9c5183af52d1efcfd6f2ea750f7993d3 .av-special-heading-tag .heading-char{\nfont-size:25px;\n}\n#top #wrap_all .av-special-heading.av-1j4myva-9c5183af52d1efcfd6f2ea750f7993d3 .av-special-heading-tag{\nfont-size:60px;\n}\n.av-special-heading.av-1j4myva-9c5183af52d1efcfd6f2ea750f7993d3 .av-subheading{\nfont-size:15px;\n}\n\n@media only screen and (min-width: 480px) and (max-width: 767px){ \n#top #wrap_all .av-special-heading.av-1j4myva-9c5183af52d1efcfd6f2ea750f7993d3 .av-special-heading-tag{\nfont-size:0.8em;\n}\n}\n\n@media only screen and (max-width: 479px){ \n#top #wrap_all .av-special-heading.av-1j4myva-9c5183af52d1efcfd6f2ea750f7993d3 .av-special-heading-tag{\nfont-size:0.8em;\n}\n}\n<\/style>\n<div  class='av-special-heading av-1j4myva-9c5183af52d1efcfd6f2ea750f7993d3 av-special-heading-h1 blockquote modern-quote modern-centered  avia-builder-el-0  el_before_av_section  avia-builder-el-no-sibling  av-inherit-size av-linked-heading'><h1 class='av-special-heading-tag '  itemprop=\"headline\"  >D\u00e9fense des int\u00e9r\u00eats<\/h1><div class=\"special-heading-border\"><div class=\"special-heading-inner-border\"><\/div><\/div><\/div>\n<\/div><\/div><\/div><!-- close content main div --><\/div><\/div><div id='av_section_1'  class='avia-section av-1ixqc92-2b21baba5756fc2ae2d5960f9f8a6e12 main_color avia-section-default avia-no-border-styling  avia-builder-el-1  el_after_av_heading  el_before_av_section  seprator-section avia-bg-style-scroll container_wrap sidebar_right'  ><div class='container av-section-cont-open' ><div class='template-page content  av-content-small alpha units'><div class='post-entry post-entry-type-page post-entry-42225'><div class='entry-content-wrapper clearfix'>\n\n<style type=\"text\/css\" data-created_by=\"avia_inline_auto\" id=\"style-css-av-15zbcxy-b82cbcdbafa6e24ce3755c7f047a3742\">\n.flex_column.av-15zbcxy-b82cbcdbafa6e24ce3755c7f047a3742{\nborder-radius:0px 0px 0px 0px;\npadding:0px 0px 0px 0px;\n}\n<\/style>\n<div  class='flex_column av-15zbcxy-b82cbcdbafa6e24ce3755c7f047a3742 av_one_half  avia-builder-el-2  el_before_av_one_half  avia-builder-el-first  first flex_column_div av-zero-column-padding  '     ><p>\n<style type=\"text\/css\" data-created_by=\"avia_inline_auto\" id=\"style-css-av-2wuiesm-011242372272445af5bc76b62ea9cb0c\">\n#top .av-special-heading.av-2wuiesm-011242372272445af5bc76b62ea9cb0c{\npadding-bottom:10px;\n}\nbody .av-special-heading.av-2wuiesm-011242372272445af5bc76b62ea9cb0c .av-special-heading-tag .heading-char{\nfont-size:25px;\n}\n.av-special-heading.av-2wuiesm-011242372272445af5bc76b62ea9cb0c .av-subheading{\nfont-size:15px;\n}\n<\/style>\n<div  class='av-special-heading av-2wuiesm-011242372272445af5bc76b62ea9cb0c av-special-heading-h2 blockquote modern-quote  avia-builder-el-3  el_before_av_textblock  avia-builder-el-first '><h2 class='av-special-heading-tag '  itemprop=\"headline\"  >Au fil des ans, les membres d\u2018ELAN ont toujours consid\u00e9r\u00e9 la d\u00e9fense de leurs int\u00e9r\u00eats comme l\u2019un de nos services les plus appr\u00e9ci\u00e9s, bien que les avantages soient surtout indirects et \u00e0 long terme.<\/h2><div class=\"special-heading-border\"><div class=\"special-heading-inner-border\"><\/div><\/div><\/div><br \/>\n<section  class='av_textblock_section av-k2utz0hz-63c577a0e8f096c99cf0f4766b0d5cb2 '   itemscope=\"itemscope\" itemtype=\"https:\/\/schema.org\/CreativeWork\" ><div class='avia_textblock'  itemprop=\"text\" ><p>ELAN rencontre r\u00e9guli\u00e8rement les dirigeants gouvernementaux et communautaires sur des questions concernant le financement, l&rsquo;acc\u00e8s au march\u00e9, la diffusion communautaire et la diversit\u00e9. ELAN amplifie les voix des autres organismes artistiques et culturels et des organismes qui soutiennent la communaut\u00e9 de langue officielle minoritaire du Qu\u00e9bec.<\/p>\n<\/div><\/section><br \/>\n<section  class='av_textblock_section av-k2utz0hz-35-e6d902df1ae3112585dced3b05d19007 '   itemscope=\"itemscope\" itemtype=\"https:\/\/schema.org\/CreativeWork\" ><div class='avia_textblock'  itemprop=\"text\" ><p>Afin de s&rsquo;assurer que notre travail de repr\u00e9sentation et nos projets refl\u00e8tent r\u00e9ellement les besoins de la communaut\u00e9 artistique de langue anglaise, nous comptons sur nos membres pour nous faire part de leurs pr\u00e9occupations et de leurs opinions.<\/p>\n<\/div><\/section><br \/>\n\n<style type=\"text\/css\" data-created_by=\"avia_inline_auto\" id=\"style-css-av-k2uu4occ-8f982ba482e232435884fddb800743c4\">\n#top .hr.hr-invisible.av-k2uu4occ-8f982ba482e232435884fddb800743c4{\nheight:25px;\n}\n<\/style>\n<div  class='hr av-k2uu4occ-8f982ba482e232435884fddb800743c4 hr-invisible  avia-builder-el-6  el_after_av_textblock  el_before_av_button '><span class='hr-inner '><span class=\"hr-inner-style\"><\/span><\/span><\/div><br \/>\n<div  class='avia-button-wrap av-k2uu006d-4e8dc05c231777435194f030b0823fdf-wrap avia-button-left  avia-builder-el-7  el_after_av_hr  avia-builder-el-last '><a href='https:\/\/www.quebec-elan.org\/membership\/?lang=fr'  class='avia-button av-k2uu006d-4e8dc05c231777435194f030b0823fdf av-link-btn avia-icon_select-no avia-size-large avia-position-left avia-color-theme-color'  target=\"_blank\"  rel=\"noopener noreferrer\"  aria-label=\"Devenir membre\"><span class='avia_iconbox_title' >Devenir membre<\/span><\/a><\/div><\/p><\/div>\n<style type=\"text\/css\" data-created_by=\"avia_inline_auto\" id=\"style-css-av-tip8me-646689e7759c3cdc2ec9be8ac107c28c\">\n.flex_column.av-tip8me-646689e7759c3cdc2ec9be8ac107c28c{\nborder-radius:0px 0px 0px 0px;\npadding:0px 0px 0px 0px;\n}\n<\/style>\n<div  class='flex_column av-tip8me-646689e7759c3cdc2ec9be8ac107c28c av_one_half  avia-builder-el-8  el_after_av_one_half  avia-builder-el-last  flex_column_div av-zero-column-padding  '     ><style type=\"text\/css\" data-created_by=\"avia_inline_auto\" id=\"style-css-av-k3ojeij2-1ba8fe174e2d2ebfbf5ee14145abd4c2\">\n.avia-image-container.av-k3ojeij2-1ba8fe174e2d2ebfbf5ee14145abd4c2 img.avia_image{\nbox-shadow:none;\n}\n.avia-image-container.av-k3ojeij2-1ba8fe174e2d2ebfbf5ee14145abd4c2 .av-image-caption-overlay-center{\ncolor:#ffffff;\n}\n<\/style>\n<div  class='avia-image-container av-k3ojeij2-1ba8fe174e2d2ebfbf5ee14145abd4c2 av-styling- avia-align-center  avia-builder-el-9  avia-builder-el-no-sibling '   itemprop=\"image\" itemscope=\"itemscope\" itemtype=\"https:\/\/schema.org\/ImageObject\" ><div class=\"avia-image-container-inner\"><div class=\"avia-image-overlay-wrap\"><img fetchpriority=\"high\" decoding=\"async\" fetchpriority=\"high\" fetchpriority=\"high\" class='wp-image-47085 avia-img-lazy-loading-not-47085 avia_image ' src=\"https:\/\/www.quebec-elan.org\/wp-content\/uploads\/2022\/11\/2014-65-1.jpg\" alt='' title='2014-65 (1)'  height=\"426\" width=\"569\"  itemprop=\"thumbnailUrl\" srcset=\"https:\/\/www.quebec-elan.org\/wp-content\/uploads\/2022\/11\/2014-65-1.jpg 569w, https:\/\/www.quebec-elan.org\/wp-content\/uploads\/2022\/11\/2014-65-1-300x225.jpg 300w, https:\/\/www.quebec-elan.org\/wp-content\/uploads\/2022\/11\/2014-65-1-450x337.jpg 450w\" sizes=\"(max-width: 569px) 100vw, 569px\" \/><\/div><\/div><\/div><\/div><\/div><\/div><\/div><!-- close content main div --><\/div><\/div>\n<style type=\"text\/css\" data-created_by=\"avia_inline_auto\" id=\"style-css-av-k3ojim94-940dcc25c56b726016c3770c952cea61\">\n.avia-section.av-k3ojim94-940dcc25c56b726016c3770c952cea61{\nbackground-repeat:no-repeat;\nbackground-image:url(https:\/\/www.quebec-elan.org\/wp-content\/uploads\/2019\/08\/Photo-Kinga-Michalska-13-of-98-1030x687.jpg);\nbackground-position:0% 0%;\nbackground-attachment:fixed;\n}\n.avia-section.av-k3ojim94-940dcc25c56b726016c3770c952cea61 .av-section-color-overlay{\nopacity:0.4;\nbackground-color:#0054A6;\n}\n<\/style>\n<div id='av_section_2'  class='avia-section av-k3ojim94-940dcc25c56b726016c3770c952cea61 main_color avia-section-default avia-no-border-styling  avia-builder-el-10  el_after_av_section  el_before_av_section  avia-full-stretch avia-bg-style-fixed av-section-color-overlay-active container_wrap sidebar_right'  data-section-bg-repeat='stretch'><div class=\"av-section-color-overlay-wrap\"><div class=\"av-section-color-overlay\"><\/div><div class='container av-section-cont-open' ><div class='template-page content  av-content-small alpha units'><div class='post-entry post-entry-type-page post-entry-42225'><div class='entry-content-wrapper clearfix'>\n\n<style type=\"text\/css\" data-created_by=\"avia_inline_auto\" id=\"style-css-av-2ik86g6-45465ffaa262c583830a5b679db29580\">\n.flex_column.av-2ik86g6-45465ffaa262c583830a5b679db29580{\nborder-radius:0px 0px 0px 0px;\npadding:0px 0px 0px 0px;\n}\n<\/style>\n<div  class='flex_column av-2ik86g6-45465ffaa262c583830a5b679db29580 av_one_fifth  avia-builder-el-11  el_before_av_three_fifth  avia-builder-el-first  first flex_column_div av-zero-column-padding  '     ><\/div>\n<style type=\"text\/css\" data-created_by=\"avia_inline_auto\" id=\"style-css-av-1z8cqli-213c9928095a63de14ae5be547f456b3\">\n.flex_column.av-1z8cqli-213c9928095a63de14ae5be547f456b3{\nborder-radius:0px 0px 0px 0px;\npadding:0px 0px 0px 0px;\n}\n<\/style>\n<div  class='flex_column av-1z8cqli-213c9928095a63de14ae5be547f456b3 av_three_fifth  avia-builder-el-12  el_after_av_one_fifth  el_before_av_one_fifth  flex_column_div av-zero-column-padding  '     ><p>\n<style type=\"text\/css\" data-created_by=\"avia_inline_auto\" id=\"style-css-av-k2uu4occ-34-c203ef80a94aee65fc44cb5e30fe675b\">\n#top .hr.hr-invisible.av-k2uu4occ-34-c203ef80a94aee65fc44cb5e30fe675b{\nheight:50px;\n}\n<\/style>\n<div  class='hr av-k2uu4occ-34-c203ef80a94aee65fc44cb5e30fe675b hr-invisible  avia-builder-el-13  el_before_av_heading  avia-builder-el-first '><span class='hr-inner '><span class=\"hr-inner-style\"><\/span><\/span><\/div><br \/>\n\n<style type=\"text\/css\" data-created_by=\"avia_inline_auto\" id=\"style-css-av-1rcljom-a03dba0c2be96f404937afe7171bee09\">\n#top .av-special-heading.av-1rcljom-a03dba0c2be96f404937afe7171bee09{\nmargin:0px 0px 0px 0px;\npadding-bottom:10px;\ncolor:#ffffff;\n}\nbody .av-special-heading.av-1rcljom-a03dba0c2be96f404937afe7171bee09 .av-special-heading-tag .heading-char{\nfont-size:25px;\n}\n.av-special-heading.av-1rcljom-a03dba0c2be96f404937afe7171bee09 .special-heading-inner-border{\nborder-color:#ffffff;\n}\n.av-special-heading.av-1rcljom-a03dba0c2be96f404937afe7171bee09 .av-subheading{\nfont-size:15px;\n}\n<\/style>\n<div  class='av-special-heading av-1rcljom-a03dba0c2be96f404937afe7171bee09 av-special-heading-h1 custom-color-heading blockquote modern-quote modern-centered  avia-builder-el-14  el_after_av_hr  el_before_av_hr '><h1 class='av-special-heading-tag '  itemprop=\"headline\"  >ELAN d\u00e9fend les int\u00e9r\u00eats des artistes anglophones du Qu\u00e9bec dans plusieurs domaines:<\/h1><div class=\"special-heading-border\"><div class=\"special-heading-inner-border\"><\/div><\/div><\/div><br \/>\n\n<style type=\"text\/css\" data-created_by=\"avia_inline_auto\" id=\"style-css-av-k2uu4occ-32-98f1349adef16785a96b71f557644987\">\n#top .hr.hr-invisible.av-k2uu4occ-32-98f1349adef16785a96b71f557644987{\nheight:50px;\n}\n<\/style>\n<div  class='hr av-k2uu4occ-32-98f1349adef16785a96b71f557644987 hr-invisible  avia-builder-el-15  el_after_av_heading  avia-builder-el-last '><span class='hr-inner '><span class=\"hr-inner-style\"><\/span><\/span><\/div><\/p><\/div>\n<style type=\"text\/css\" data-created_by=\"avia_inline_auto\" id=\"style-css-av-zivqdi-23f6ae28d657f909fd34fe7aeec2677a\">\n.flex_column.av-zivqdi-23f6ae28d657f909fd34fe7aeec2677a{\nborder-radius:0px 0px 0px 0px;\npadding:0px 0px 0px 0px;\n}\n<\/style>\n<div  class='flex_column av-zivqdi-23f6ae28d657f909fd34fe7aeec2677a av_one_fifth  avia-builder-el-16  el_after_av_three_fifth  avia-builder-el-last  flex_column_div av-zero-column-padding  '     ><\/div>\n<\/p>\n<\/div><\/div><\/div><!-- close content main div --><\/div><\/div><\/div><div id='av_section_3'  class='avia-section av-l3zsn0hr-7ba77b90c9ff1463813261bd7c648102 main_color avia-section-default avia-no-border-styling  avia-builder-el-17  el_after_av_section  el_before_av_section  seprator-section avia-bg-style-scroll container_wrap sidebar_right'  ><div class='container av-section-cont-open' ><div class='template-page content  av-content-small alpha units'><div class='post-entry post-entry-type-page post-entry-42225'><div class='entry-content-wrapper clearfix'>\n\n<style type=\"text\/css\" data-created_by=\"avia_inline_auto\" id=\"style-css-av-208ulza-655768161ac9d4793ff209131b1208c4\">\n.flex_column.av-208ulza-655768161ac9d4793ff209131b1208c4{\nborder-radius:0px 0px 0px 0px;\npadding:0px 0px 0px 0px;\n}\n<\/style>\n<div  class='flex_column av-208ulza-655768161ac9d4793ff209131b1208c4 av_one_half  avia-builder-el-18  el_before_av_one_half  avia-builder-el-first  first flex_column_div av-zero-column-padding  '     ><p>\n<style type=\"text\/css\" data-created_by=\"avia_inline_auto\" id=\"style-css-av-18j4efa-feeb53fcdb9fd85e2e00755f934c32c5\">\n#top .av-special-heading.av-18j4efa-feeb53fcdb9fd85e2e00755f934c32c5{\npadding-bottom:10px;\n}\nbody .av-special-heading.av-18j4efa-feeb53fcdb9fd85e2e00755f934c32c5 .av-special-heading-tag .heading-char{\nfont-size:25px;\n}\n.av-special-heading.av-18j4efa-feeb53fcdb9fd85e2e00755f934c32c5 .av-subheading{\nfont-size:15px;\n}\n<\/style>\n<div  class='av-special-heading av-18j4efa-feeb53fcdb9fd85e2e00755f934c32c5 av-special-heading-h1 blockquote modern-quote  avia-builder-el-19  el_before_av_textblock  avia-builder-el-first  av-linked-heading'><h1 class='av-special-heading-tag '  itemprop=\"headline\"  >Arts et communaut\u00e9<\/h1><div class=\"special-heading-border\"><div class=\"special-heading-inner-border\"><\/div><\/div><\/div><br \/>\n<section  class='av_textblock_section av-jz3b6pa0-5d3d00ba0172289e3f7fc89ade8ddc96 '   itemscope=\"itemscope\" itemtype=\"https:\/\/schema.org\/CreativeWork\" ><div class='avia_textblock'  itemprop=\"text\" ><p>En 2006, ELAN est devenu membre du <a href=\"https:\/\/qcgn.ca\/\">Quebec Community Groups Network<\/a> (QCGN), et nous avons si\u00e9g\u00e9 au conseil d\u2019administration de l\u2019organisme pendant plusieurs ann\u00e9es. ELAN a aussi collabor\u00e9 \u00e9troitement avec le QCGN dans le cadre de nombreuses interventions \u00e0 Ottawa. Plus important encore, ELAN travaille en \u00e9troite collaboration avec le QCGN et ses membres pour faire en sorte que les leaders communautaires reconnaissent les arts et la culture comme \u00e9tant des vecteurs essentiels de la vitalit\u00e9 collective, d\u2019une conscience identitaire positive et de la r\u00e9tention des jeunes au sein de la communaut\u00e9.<\/p>\n<p>ELAN collabore avec le Conseil des arts du Canada, le CALQ et le CAM pour organiser des s\u00e9ances d\u2019information et des ateliers de r\u00e9daction destin\u00e9s aux artistes anglophones.<\/p>\n<p>En 2018, ELAN a re\u00e7u une subvention du Secr\u00e9tariat pour les relations avec les Qu\u00e9b\u00e9cois d\u2019expression anglaise. L\u2019un des volets de ce nouveau projet de relations gouvernementales consiste \u00e0 cr\u00e9er un groupe de travail sur les arts, la culture et le patrimoine au Qu\u00e9bec, auquel participeront le CALQ, la SODEC, le minist\u00e8re de la Culture et le minist\u00e8re de l\u2019\u00c9ducation, et T\u00e9l\u00e9-Qu\u00e9bec.<\/p>\n<\/div><\/section><\/p><\/div>\n<style type=\"text\/css\" data-created_by=\"avia_inline_auto\" id=\"style-css-av-208ulza-31-bed89097965d21ebbb580895d03ffa65\">\n.flex_column.av-208ulza-31-bed89097965d21ebbb580895d03ffa65{\nborder-radius:0px 0px 0px 0px;\npadding:0px 0px 0px 0px;\n}\n<\/style>\n<div  class='flex_column av-208ulza-31-bed89097965d21ebbb580895d03ffa65 av_one_half  avia-builder-el-21  el_after_av_one_half  avia-builder-el-last  flex_column_div av-zero-column-padding  '     ><p>\n<style type=\"text\/css\" data-created_by=\"avia_inline_auto\" id=\"style-css-av-jz4jgpnz-fbb7fd8a61d4dfdf3ab7cc01c642172e\">\n.avia-image-container.av-jz4jgpnz-fbb7fd8a61d4dfdf3ab7cc01c642172e img.avia_image{\nbox-shadow:none;\n}\n.avia-image-container.av-jz4jgpnz-fbb7fd8a61d4dfdf3ab7cc01c642172e .av-image-caption-overlay-center{\ncolor:#ffffff;\n}\n<\/style>\n<div  class='avia-image-container av-jz4jgpnz-fbb7fd8a61d4dfdf3ab7cc01c642172e av-styling- avia-align-center  avia-builder-el-22  el_before_av_textblock  avia-builder-el-first '   itemprop=\"image\" itemscope=\"itemscope\" itemtype=\"https:\/\/schema.org\/ImageObject\" ><div class=\"avia-image-container-inner\"><div class=\"avia-image-overlay-wrap\"><img fetchpriority=\"high\" decoding=\"async\" fetchpriority=\"high\" fetchpriority=\"high\" class='wp-image-47083 avia-img-lazy-loading-not-47083 avia_image ' src=\"https:\/\/www.quebec-elan.org\/wp-content\/uploads\/2022\/11\/Simon-Brault-meeting-February-10-2016-1030x773-1.jpg\" alt='' title='Simon-Brault-meeting-February-10-2016-1030x773 (1)'  height=\"427\" width=\"570\"  itemprop=\"thumbnailUrl\" srcset=\"https:\/\/www.quebec-elan.org\/wp-content\/uploads\/2022\/11\/Simon-Brault-meeting-February-10-2016-1030x773-1.jpg 570w, https:\/\/www.quebec-elan.org\/wp-content\/uploads\/2022\/11\/Simon-Brault-meeting-February-10-2016-1030x773-1-300x225.jpg 300w, https:\/\/www.quebec-elan.org\/wp-content\/uploads\/2022\/11\/Simon-Brault-meeting-February-10-2016-1030x773-1-450x337.jpg 450w\" sizes=\"(max-width: 570px) 100vw, 570px\" \/><\/div><\/div><\/div><br \/>\n<section  class='av_textblock_section av-jz3b6pa0-30-6bbf18d31993774619f18d38660c6ddc '   itemscope=\"itemscope\" itemtype=\"https:\/\/schema.org\/CreativeWork\" ><div class='avia_textblock'  itemprop=\"text\" ><p><em>Rencontre avec le directeur g\u00e9n\u00e9ral du Conseil des Arts du Canada, Simon Brault.<\/em><\/p>\n<\/div><\/section><\/p><\/div><\/div><\/div><\/div><!-- close content main div --><\/div><\/div><div id='av_section_4'  class='avia-section av-1rqcnra-86da30cc369e6806ed7983c5f9a086bc main_color avia-section-no-padding avia-no-border-styling  avia-builder-el-24  el_after_av_section  el_before_av_section  seprator-section avia-bg-style-scroll container_wrap sidebar_right'  ><div class='container av-section-cont-open' ><div class='template-page content  av-content-small alpha units'><div class='post-entry post-entry-type-page post-entry-42225'><div class='entry-content-wrapper clearfix'>\n\n<style type=\"text\/css\" data-created_by=\"avia_inline_auto\" id=\"style-css-av-15152ti-50d417b9d2ae8ed34396dd3735a17ddb\">\n#top .hr.av-15152ti-50d417b9d2ae8ed34396dd3735a17ddb{\nmargin-top:0px;\nmargin-bottom:0px;\n}\n.hr.av-15152ti-50d417b9d2ae8ed34396dd3735a17ddb .hr-inner{\nwidth:100%;\nborder-color:#6698c9;\n}\n<\/style>\n<div  class='hr av-15152ti-50d417b9d2ae8ed34396dd3735a17ddb hr-custom  avia-builder-el-25  avia-builder-el-no-sibling  hr-center hr-icon-no'><span class='hr-inner inner-border-av-border-thin'><span class=\"hr-inner-style\"><\/span><\/span><\/div>\n<\/p>\n<\/div><\/div><\/div><!-- close content main div --><\/div><\/div><div id='av_section_5'  class='avia-section av-8j4x2-3b0daf16c9d116ff986226c06fc47506 main_color avia-section-default avia-no-border-styling  avia-builder-el-26  el_after_av_section  el_before_av_section  seprator-section avia-bg-style-scroll container_wrap sidebar_right'  ><div class='container av-section-cont-open' ><div class='template-page content  av-content-small alpha units'><div class='post-entry post-entry-type-page post-entry-42225'><div class='entry-content-wrapper clearfix'>\n\n<style type=\"text\/css\" data-created_by=\"avia_inline_auto\" id=\"style-css-av-208ulza-29-768dcc164c5b0da57c942b42ec64e6e9\">\n.flex_column.av-208ulza-29-768dcc164c5b0da57c942b42ec64e6e9{\nwidth:48%;\nborder-radius:0px 0px 0px 0px;\npadding:0px 0px 0px 0px;\n}\n<\/style>\n<div  class='flex_column av-208ulza-29-768dcc164c5b0da57c942b42ec64e6e9 av_one_half  avia-builder-el-27  el_before_av_one_half  avia-builder-el-first  first flex_column_div av-zero-column-padding  '     ><p>\n<style type=\"text\/css\" data-created_by=\"avia_inline_auto\" id=\"style-css-av-17byh2e-2d9a846893d7c604454810c847af3283\">\n#top .av-special-heading.av-17byh2e-2d9a846893d7c604454810c847af3283{\npadding-bottom:10px;\n}\nbody .av-special-heading.av-17byh2e-2d9a846893d7c604454810c847af3283 .av-special-heading-tag .heading-char{\nfont-size:25px;\n}\n.av-special-heading.av-17byh2e-2d9a846893d7c604454810c847af3283 .av-subheading{\nfont-size:15px;\n}\n<\/style>\n<div  class='av-special-heading av-17byh2e-2d9a846893d7c604454810c847af3283 av-special-heading-h1 blockquote modern-quote  avia-builder-el-28  el_before_av_textblock  avia-builder-el-first  av-linked-heading'><h1 class='av-special-heading-tag '  itemprop=\"headline\"  >Langues officielles<\/h1><div class=\"special-heading-border\"><div class=\"special-heading-inner-border\"><\/div><\/div><\/div><br \/>\n<section  class='av_textblock_section av-jz3b6pa0-27-a5522f032250ff4562566653e6dda22e '   itemscope=\"itemscope\" itemtype=\"https:\/\/schema.org\/CreativeWork\" ><div class='avia_textblock'  itemprop=\"text\" ><p>Le minist\u00e8re du Patrimoine canadien est le principal subventionnaire d\u2019ELAN, et ce en vertu des dispositions de la Loi sur les langues officielles du Canada. ELAN est fr\u00e9quemment invit\u00e9 \u00e0 Ottawa pour participer \u00e0 des consultations avec les comit\u00e9s parlementaires et avec les comit\u00e9s s\u00e9natoriaux permanents.<\/p>\n<p>En collaboration avec la <a href=\"http:\/\/www.fccf.ca\/\">F\u00e9d\u00e9ration culturelle canadienne-fran\u00e7aise<\/a> (FCCF), ELAN veille \u00e0 ce que les arts et la culture soient bien repr\u00e9sent\u00e9s \u00e0 titre d\u2019\u00e9l\u00e9ments essentiels \u00e0 la vitalit\u00e9 de la collectivit\u00e9.<\/p>\n<p>La Loi sur les langues officielles a c\u00e9l\u00e9br\u00e9 son 50<sup>e<\/sup>\u00a0anniversaire au d\u00e9but 2019 en lan\u00e7ant une consultation pancanadienne afin de trouver des mani\u00e8res de moderniser la loi. ELAN a particip\u00e9 activement \u00e0 plusieurs consultations \u00e0 Ottawa et \u00e0 Montr\u00e9al.<\/p>\n<\/div><\/section><\/p><\/div>\n<style type=\"text\/css\" data-created_by=\"avia_inline_auto\" id=\"style-css-av-208ulza-26-94b8ffa1ae348bee634a3dd108673aae\">\n.flex_column.av-208ulza-26-94b8ffa1ae348bee634a3dd108673aae{\nwidth:48%;\nmargin-left:4%;\nborder-radius:0px 0px 0px 0px;\npadding:0px 0px 0px 0px;\n}\n<\/style>\n<div  class='flex_column av-208ulza-26-94b8ffa1ae348bee634a3dd108673aae av_one_half  avia-builder-el-30  el_after_av_one_half  avia-builder-el-last  flex_column_div av-zero-column-padding  '     ><style type=\"text\/css\" data-created_by=\"avia_inline_auto\" id=\"style-css-av-jz4jgpnz-28-aa437b0ba047c7f0818e324c2933b66e\">\n.avia-image-container.av-jz4jgpnz-28-aa437b0ba047c7f0818e324c2933b66e img.avia_image{\nbox-shadow:none;\n}\n.avia-image-container.av-jz4jgpnz-28-aa437b0ba047c7f0818e324c2933b66e .av-image-caption-overlay-center{\ncolor:#ffffff;\n}\n<\/style>\n<div  class='avia-image-container av-jz4jgpnz-28-aa437b0ba047c7f0818e324c2933b66e av-styling- avia-align-center  avia-builder-el-31  avia-builder-el-no-sibling '   itemprop=\"image\" itemscope=\"itemscope\" itemtype=\"https:\/\/schema.org\/ImageObject\" ><div class=\"avia-image-container-inner\"><div class=\"avia-image-overlay-wrap\"><img fetchpriority=\"high\" decoding=\"async\" fetchpriority=\"high\" fetchpriority=\"high\" class='wp-image-47081 avia-img-lazy-loading-not-47081 avia_image ' src=\"https:\/\/www.quebec-elan.org\/wp-content\/uploads\/2022\/11\/IMG_0211-1.jpg\" alt='' title='IMG_0211 (1)'  height=\"435\" width=\"580\"  itemprop=\"thumbnailUrl\" srcset=\"https:\/\/www.quebec-elan.org\/wp-content\/uploads\/2022\/11\/IMG_0211-1.jpg 580w, https:\/\/www.quebec-elan.org\/wp-content\/uploads\/2022\/11\/IMG_0211-1-300x225.jpg 300w, https:\/\/www.quebec-elan.org\/wp-content\/uploads\/2022\/11\/IMG_0211-1-450x338.jpg 450w\" sizes=\"(max-width: 580px) 100vw, 580px\" \/><\/div><\/div><\/div><\/div><\/div><\/div><\/div><!-- close content main div --><\/div><\/div><div id='av_section_6'  class='avia-section av-16shll2-d251a8c29a0bacdf68254838601ef302 main_color avia-section-no-padding avia-no-border-styling  avia-builder-el-32  el_after_av_section  el_before_av_section  seprator-section avia-bg-style-scroll container_wrap sidebar_right'  ><div class='container av-section-cont-open' ><div class='template-page content  av-content-small alpha units'><div class='post-entry post-entry-type-page post-entry-42225'><div class='entry-content-wrapper clearfix'>\n\n<style type=\"text\/css\" data-created_by=\"avia_inline_auto\" id=\"style-css-av-k29kx2-79640efa75e59ad19464394916bb2eb8\">\n#top .hr.av-k29kx2-79640efa75e59ad19464394916bb2eb8{\nmargin-top:0px;\nmargin-bottom:0px;\n}\n.hr.av-k29kx2-79640efa75e59ad19464394916bb2eb8 .hr-inner{\nwidth:100%;\nborder-color:#6698c9;\n}\n<\/style>\n<div  class='hr av-k29kx2-79640efa75e59ad19464394916bb2eb8 hr-custom  avia-builder-el-33  avia-builder-el-no-sibling  hr-center hr-icon-no'><span class='hr-inner inner-border-av-border-thin'><span class=\"hr-inner-style\"><\/span><\/span><\/div>\n<\/p>\n<\/div><\/div><\/div><!-- close content main div --><\/div><\/div><div id='av_section_7'  class='avia-section av-wfue1y-ba252b17b3eb28bcd96f481a743448da main_color avia-section-default avia-no-border-styling  avia-builder-el-34  el_after_av_section  el_before_av_section  seprator-section avia-bg-style-scroll container_wrap sidebar_right'  ><div class='container av-section-cont-open' ><div class='template-page content  av-content-small alpha units'><div class='post-entry post-entry-type-page post-entry-42225'><div class='entry-content-wrapper clearfix'>\n\n<style type=\"text\/css\" data-created_by=\"avia_inline_auto\" id=\"style-css-av-208ulza-24-62a914d9f5f68c84b8a8cc1067b100b6\">\n.flex_column.av-208ulza-24-62a914d9f5f68c84b8a8cc1067b100b6{\nborder-radius:0px 0px 0px 0px;\npadding:0px 0px 0px 0px;\n}\n<\/style>\n<div  class='flex_column av-208ulza-24-62a914d9f5f68c84b8a8cc1067b100b6 av_one_half  avia-builder-el-35  el_before_av_one_half  avia-builder-el-first  first flex_column_div av-zero-column-padding  '     ><p>\n<style type=\"text\/css\" data-created_by=\"avia_inline_auto\" id=\"style-css-av-2fqu24m-bc61b0a8cbc94dbd7a475032c049899a\">\n#top .av-special-heading.av-2fqu24m-bc61b0a8cbc94dbd7a475032c049899a{\npadding-bottom:10px;\n}\nbody .av-special-heading.av-2fqu24m-bc61b0a8cbc94dbd7a475032c049899a .av-special-heading-tag .heading-char{\nfont-size:25px;\n}\n.av-special-heading.av-2fqu24m-bc61b0a8cbc94dbd7a475032c049899a .av-subheading{\nfont-size:15px;\n}\n<\/style>\n<div  class='av-special-heading av-2fqu24m-bc61b0a8cbc94dbd7a475032c049899a av-special-heading-h1 blockquote modern-quote  avia-builder-el-36  el_before_av_textblock  avia-builder-el-first  av-linked-heading'><h1 class='av-special-heading-tag '  itemprop=\"headline\"  >Radiodiffusion et production t\u00e9l\u00e9visuelle<\/h1><div class=\"special-heading-border\"><div class=\"special-heading-inner-border\"><\/div><\/div><\/div><br \/>\n<section  class='av_textblock_section av-jz3b6pa0-25-7a001d7364f702446ca824637d73b0ce '   itemscope=\"itemscope\" itemtype=\"https:\/\/schema.org\/CreativeWork\" ><div class='avia_textblock'  itemprop=\"text\" ><p>En collaboration avec Kirwan Cox, qui a si\u00e9g\u00e9 au conseil d\u2019administration d\u2019ELAN avant de devenir directeur g\u00e9n\u00e9ral du Conseil qu\u00e9b\u00e9cois de la production de langue anglaise (<a href=\"http:\/\/qepc.ca\/\">Quebec English Language Production Council<\/a>, QEPC), ELAN a men\u00e9 depuis 2006 des dizaines d\u2019interventions devant le Conseil de la radiodiffusion et des t\u00e9l\u00e9communications canadiennes (CRTC) en ce qui a trait aux politiques de radiodiffusion et aux demandes de renouvellement de licence des radiodiffuseurs.<\/p>\n<p>En 2018, ELAN s\u2019est joint au Consortium de m\u00e9dias communautaires en situation minoritaire avec trois autres partenaires m\u00e9diatiques\u00a0: deux repr\u00e9sentants de la radio, de la t\u00e9l\u00e9vision et des journaux communautaires francophones en situation minoritaire au Canada, et la <a href=\"http:\/\/qcna.org\/#&#038;panel1-1\">Quebec Community Newspapers Association<\/a>. ELAN comble ainsi une lacune en repr\u00e9sentant la radio communautaire de langue anglaise au Qu\u00e9bec, et ce avec l\u2019aide de Hugh Maynard.<\/p>\n<\/div><\/section><\/p><\/div>\n<style type=\"text\/css\" data-created_by=\"avia_inline_auto\" id=\"style-css-av-208ulza-22-ca4990391362f5632377d0b6680a3f0b\">\n.flex_column.av-208ulza-22-ca4990391362f5632377d0b6680a3f0b{\nborder-radius:0px 0px 0px 0px;\npadding:0px 0px 0px 0px;\n}\n<\/style>\n<div  class='flex_column av-208ulza-22-ca4990391362f5632377d0b6680a3f0b av_one_half  avia-builder-el-38  el_after_av_one_half  avia-builder-el-last  flex_column_div av-zero-column-padding  '     ><p>\n<style type=\"text\/css\" data-created_by=\"avia_inline_auto\" id=\"style-css-av-jz4jgpnz-23-2b78a217edb94da4897b44455fa4b1ce\">\n.avia-image-container.av-jz4jgpnz-23-2b78a217edb94da4897b44455fa4b1ce img.avia_image{\nbox-shadow:none;\n}\n.avia-image-container.av-jz4jgpnz-23-2b78a217edb94da4897b44455fa4b1ce .av-image-caption-overlay-center{\ncolor:#ffffff;\n}\n<\/style>\n<div  class='avia-image-container av-jz4jgpnz-23-2b78a217edb94da4897b44455fa4b1ce av-styling- avia-align-center  avia-builder-el-39  el_before_av_textblock  avia-builder-el-first '   itemprop=\"image\" itemscope=\"itemscope\" itemtype=\"https:\/\/schema.org\/ImageObject\" ><div class=\"avia-image-container-inner\"><div class=\"avia-image-overlay-wrap\"><img fetchpriority=\"high\" decoding=\"async\" fetchpriority=\"high\" fetchpriority=\"high\" class='wp-image-47079 avia-img-lazy-loading-not-47079 avia_image ' src=\"https:\/\/www.quebec-elan.org\/wp-content\/uploads\/2022\/11\/ONF-signature-13-1.jpg\" alt='' title='ONF-signature-13 (1)'  height=\"379\" width=\"570\"  itemprop=\"thumbnailUrl\" srcset=\"https:\/\/www.quebec-elan.org\/wp-content\/uploads\/2022\/11\/ONF-signature-13-1.jpg 570w, https:\/\/www.quebec-elan.org\/wp-content\/uploads\/2022\/11\/ONF-signature-13-1-300x199.jpg 300w, https:\/\/www.quebec-elan.org\/wp-content\/uploads\/2022\/11\/ONF-signature-13-1-450x299.jpg 450w\" sizes=\"(max-width: 570px) 100vw, 570px\" \/><\/div><\/div><\/div><br \/>\n<section  class='av_textblock_section av-jz3b6pa0-21-fa8eb72276a45755cb67a2abb33b45a9 '   itemscope=\"itemscope\" itemtype=\"https:\/\/schema.org\/CreativeWork\" ><div class='avia_textblock'  itemprop=\"text\" ><p><em>Accord ONF, NFB (2015).<\/em><\/p>\n<\/div><\/section><\/p><\/div><\/div><\/div><\/div><!-- close content main div --><\/div><\/div>\n<style type=\"text\/css\" data-created_by=\"avia_inline_auto\" id=\"style-css-av-jz4k2hpj-d2383b52983686bde3f79e8f0bdfba07\">\n.avia-section.av-jz4k2hpj-d2383b52983686bde3f79e8f0bdfba07{\nbackground-repeat:no-repeat;\nbackground-image:url(https:\/\/www.quebec-elan.org\/wp-content\/uploads\/2020\/01\/DSC01674.jpg);\nbackground-position:0% 0%;\nbackground-attachment:fixed;\n}\n.avia-section.av-jz4k2hpj-d2383b52983686bde3f79e8f0bdfba07 .av-section-color-overlay{\nopacity:0.7;\nbackground-color:#0054a6;\n}\n<\/style>\n<div id='av_section_8'  class='avia-section av-jz4k2hpj-d2383b52983686bde3f79e8f0bdfba07 main_color avia-section-default avia-no-border-styling  avia-builder-el-41  el_after_av_section  el_before_av_section  avia-full-stretch avia-bg-style-fixed av-section-color-overlay-active container_wrap sidebar_right'  data-section-bg-repeat='stretch'><div class=\"av-section-color-overlay-wrap\"><div class=\"av-section-color-overlay\"><\/div><div class='container av-section-cont-open' ><div class='template-page content  av-content-small alpha units'><div class='post-entry post-entry-type-page post-entry-42225'><div class='entry-content-wrapper clearfix'>\n\n<style type=\"text\/css\" data-created_by=\"avia_inline_auto\" id=\"style-css-av-q81jra-aa86803d37d4858cd2e368b60963c663\">\n.flex_column.av-q81jra-aa86803d37d4858cd2e368b60963c663{\nborder-radius:0px 0px 0px 0px;\npadding:0px 0px 0px 0px;\n}\n<\/style>\n<div  class='flex_column av-q81jra-aa86803d37d4858cd2e368b60963c663 av_one_third  avia-builder-el-42  el_before_av_one_third  avia-builder-el-first  first flex_column_div av-zero-column-padding  '     ><p>\n<style type=\"text\/css\" data-created_by=\"avia_inline_auto\" id=\"style-css-av-k5msn41b-d8894a211a231b2d76b41ce72983e8fb\">\n#top .av-special-heading.av-k5msn41b-d8894a211a231b2d76b41ce72983e8fb{\npadding-bottom:10px;\ncolor:#ffffff;\n}\nbody .av-special-heading.av-k5msn41b-d8894a211a231b2d76b41ce72983e8fb .av-special-heading-tag .heading-char{\nfont-size:25px;\n}\n.av-special-heading.av-k5msn41b-d8894a211a231b2d76b41ce72983e8fb .special-heading-inner-border{\nborder-color:#ffffff;\n}\n.av-special-heading.av-k5msn41b-d8894a211a231b2d76b41ce72983e8fb .av-subheading{\nfont-size:15px;\n}\n<\/style>\n<div  class='av-special-heading av-k5msn41b-d8894a211a231b2d76b41ce72983e8fb av-special-heading-h1 custom-color-heading blockquote modern-quote modern-centered  avia-builder-el-43  el_before_av_hr  avia-builder-el-first '><h1 class='av-special-heading-tag '  itemprop=\"headline\"  >2015<\/h1><div class=\"special-heading-border\"><div class=\"special-heading-inner-border\"><\/div><\/div><\/div><br \/>\n\n<style type=\"text\/css\" data-created_by=\"avia_inline_auto\" id=\"style-css-av-jz3bbkn9-601b52dfeb0e05f4cf3d184256a65c7e\">\n#top .hr.hr-invisible.av-jz3bbkn9-601b52dfeb0e05f4cf3d184256a65c7e{\nheight:50px;\n}\n<\/style>\n<div  class='hr av-jz3bbkn9-601b52dfeb0e05f4cf3d184256a65c7e hr-invisible  avia-builder-el-44  el_after_av_heading  el_before_av_textblock '><span class='hr-inner '><span class=\"hr-inner-style\"><\/span><\/span><\/div><br \/>\n\n<style type=\"text\/css\" data-created_by=\"avia_inline_auto\" id=\"style-css-av-jz3aa82o-c2e076fc2561ebdb727353fc365574b9\">\n#top .av_textblock_section.av-jz3aa82o-c2e076fc2561ebdb727353fc365574b9 .avia_textblock{\ncolor:#ffffff;\n}\n<\/style>\n<section  class='av_textblock_section av-jz3aa82o-c2e076fc2561ebdb727353fc365574b9 '   itemscope=\"itemscope\" itemtype=\"https:\/\/schema.org\/CreativeWork\" ><div class='avia_textblock av_inherit_color'  itemprop=\"text\" ><p>La programmation de Vid\u00e9otron sur la cha\u00eene de t\u00e9l\u00e9vision communautaire <a href=\"http:\/\/matv.ca\/page\/eng_home\">MAtv<\/a> comprend d\u00e9sormais 20 % de contenu anglophone, ce qui est le fruit de plusieurs ann\u00e9es d\u2019interventions d\u2019ELAN aux c\u00f4t\u00e9s de groupes communautaires et d\u2019artistes \u0153uvrant sur le terrain.<\/p>\n<\/div><\/section><\/p><\/div>\n<style type=\"text\/css\" data-created_by=\"avia_inline_auto\" id=\"style-css-av-1tnh33a-8ea9af6a11a14eea66eec4b63babdcef\">\n.flex_column.av-1tnh33a-8ea9af6a11a14eea66eec4b63babdcef{\nborder-radius:0px 0px 0px 0px;\npadding:0px 0px 0px 0px;\n}\n<\/style>\n<div  class='flex_column av-1tnh33a-8ea9af6a11a14eea66eec4b63babdcef av_one_third  avia-builder-el-46  el_after_av_one_third  el_before_av_one_third  flex_column_div av-zero-column-padding  '     ><p>\n<style type=\"text\/css\" data-created_by=\"avia_inline_auto\" id=\"style-css-av-k5msnezj-e168d41c8d07b14500f60abe620a1cd2\">\n#top .av-special-heading.av-k5msnezj-e168d41c8d07b14500f60abe620a1cd2{\npadding-bottom:10px;\ncolor:#ffffff;\n}\nbody .av-special-heading.av-k5msnezj-e168d41c8d07b14500f60abe620a1cd2 .av-special-heading-tag .heading-char{\nfont-size:25px;\n}\n.av-special-heading.av-k5msnezj-e168d41c8d07b14500f60abe620a1cd2 .special-heading-inner-border{\nborder-color:#ffffff;\n}\n.av-special-heading.av-k5msnezj-e168d41c8d07b14500f60abe620a1cd2 .av-subheading{\nfont-size:15px;\n}\n<\/style>\n<div  class='av-special-heading av-k5msnezj-e168d41c8d07b14500f60abe620a1cd2 av-special-heading-h1 custom-color-heading blockquote modern-quote modern-centered  avia-builder-el-47  el_before_av_hr  avia-builder-el-first '><h1 class='av-special-heading-tag '  itemprop=\"headline\"  >2015<\/h1><div class=\"special-heading-border\"><div class=\"special-heading-inner-border\"><\/div><\/div><\/div><br \/>\n\n<style type=\"text\/css\" data-created_by=\"avia_inline_auto\" id=\"style-css-av-jz3bbkn9-16-129772ba6aa1d6e09300c987b696a4a8\">\n#top .hr.hr-invisible.av-jz3bbkn9-16-129772ba6aa1d6e09300c987b696a4a8{\nheight:50px;\n}\n<\/style>\n<div  class='hr av-jz3bbkn9-16-129772ba6aa1d6e09300c987b696a4a8 hr-invisible  avia-builder-el-48  el_after_av_heading  el_before_av_textblock '><span class='hr-inner '><span class=\"hr-inner-style\"><\/span><\/span><\/div><br \/>\n\n<style type=\"text\/css\" data-created_by=\"avia_inline_auto\" id=\"style-css-av-jz3aa82o-15-c69da1f703ad9ba17be39c9bb363b3fd\">\n#top .av_textblock_section.av-jz3aa82o-15-c69da1f703ad9ba17be39c9bb363b3fd .avia_textblock{\ncolor:#ffffff;\n}\n<\/style>\n<section  class='av_textblock_section av-jz3aa82o-15-c69da1f703ad9ba17be39c9bb363b3fd '   itemscope=\"itemscope\" itemtype=\"https:\/\/schema.org\/CreativeWork\" ><div class='avia_textblock av_inherit_color'  itemprop=\"text\" ><p>En octobre 2015, l\u2019Office national du film (ONF) a sign\u00e9 un <a href=\"https:\/\/www.quebec-elan.org\/portfolio-item\/press-release-nfb-elan-qepc-partnership-2015\/\">accord de coop\u00e9ration et de collaboration<\/a> d\u2019une dur\u00e9e de trois ans et dot\u00e9 d\u2019un budget de trois millions de dollars visant \u00e0 renforcer la culture et l\u2019industrie audiovisuelles au Qu\u00e9bec. Cette entente a \u00e9t\u00e9 r\u00e9alis\u00e9e en collaboration avec le Conseil <a href=\"https:\/\/qepc.ca\/\">qu\u00e9b\u00e9cois de la production de langue anglaise<\/a> (QEPC).<\/p>\n<\/div><\/section><\/p><\/div>\n<style type=\"text\/css\" data-created_by=\"avia_inline_auto\" id=\"style-css-av-ztnofa-8ca038daadbded02bdd299c7f46ada16\">\n.flex_column.av-ztnofa-8ca038daadbded02bdd299c7f46ada16{\nborder-radius:0px 0px 0px 0px;\npadding:0px 0px 0px 0px;\n}\n<\/style>\n<div  class='flex_column av-ztnofa-8ca038daadbded02bdd299c7f46ada16 av_one_third  avia-builder-el-50  el_after_av_one_third  avia-builder-el-last  flex_column_div av-zero-column-padding  '     ><p>\n<style type=\"text\/css\" data-created_by=\"avia_inline_auto\" id=\"style-css-av-k5msnl1b-b178b1a976a7cd3e32237dd45596c3bc\">\n#top .av-special-heading.av-k5msnl1b-b178b1a976a7cd3e32237dd45596c3bc{\npadding-bottom:10px;\ncolor:#ffffff;\n}\nbody .av-special-heading.av-k5msnl1b-b178b1a976a7cd3e32237dd45596c3bc .av-special-heading-tag .heading-char{\nfont-size:25px;\n}\n.av-special-heading.av-k5msnl1b-b178b1a976a7cd3e32237dd45596c3bc .special-heading-inner-border{\nborder-color:#ffffff;\n}\n.av-special-heading.av-k5msnl1b-b178b1a976a7cd3e32237dd45596c3bc .av-subheading{\nfont-size:15px;\n}\n<\/style>\n<div  class='av-special-heading av-k5msnl1b-b178b1a976a7cd3e32237dd45596c3bc av-special-heading-h1 custom-color-heading blockquote modern-quote modern-centered  avia-builder-el-51  el_before_av_hr  avia-builder-el-first '><h1 class='av-special-heading-tag '  itemprop=\"headline\"  >2016<\/h1><div class=\"special-heading-border\"><div class=\"special-heading-inner-border\"><\/div><\/div><\/div><br \/>\n\n<style type=\"text\/css\" data-created_by=\"avia_inline_auto\" id=\"style-css-av-jz3bbkn9-14-2e694de364e7eb6bb0294eccf47cd3e7\">\n#top .hr.hr-invisible.av-jz3bbkn9-14-2e694de364e7eb6bb0294eccf47cd3e7{\nheight:50px;\n}\n<\/style>\n<div  class='hr av-jz3bbkn9-14-2e694de364e7eb6bb0294eccf47cd3e7 hr-invisible  avia-builder-el-52  el_after_av_heading  el_before_av_textblock '><span class='hr-inner '><span class=\"hr-inner-style\"><\/span><\/span><\/div><br \/>\n\n<style type=\"text\/css\" data-created_by=\"avia_inline_auto\" id=\"style-css-av-jz3aa82o-13-9469ed1c2fd3f2e25175fa3c8beeec71\">\n#top .av_textblock_section.av-jz3aa82o-13-9469ed1c2fd3f2e25175fa3c8beeec71 .avia_textblock{\ncolor:#ffffff;\n}\n<\/style>\n<section  class='av_textblock_section av-jz3aa82o-13-9469ed1c2fd3f2e25175fa3c8beeec71 '   itemscope=\"itemscope\" itemtype=\"https:\/\/schema.org\/CreativeWork\" ><div class='avia_textblock av_inherit_color'  itemprop=\"text\" ><p>ELAN a pris soin de recueillir les r\u00e9actions de la communaut\u00e9 lors du Renouvellement de <a href=\"https:\/\/www.mcc.gouv.qc.ca\/index.php?id=5801\">la politique culturelle du Qu\u00e9bec<\/a> en 2016, laquelle est pass\u00e9e largement inaper\u00e7ue dans les m\u00e9dias anglophones.<\/p>\n<\/div><\/section><\/p><\/div>\n<\/p>\n<\/div><\/div><\/div><!-- close content main div --><\/div><\/div><\/div><div id='av_section_9'  class='avia-section av-k5msgnhr-6df94ccdac838228bc087ced04683203 main_color avia-section-default avia-no-border-styling  avia-builder-el-54  el_after_av_section  el_before_av_section  avia-bg-style-scroll container_wrap sidebar_right'  ><div class='container av-section-cont-open' ><div class='template-page content  av-content-small alpha units'><div class='post-entry post-entry-type-page post-entry-42225'><div class='entry-content-wrapper clearfix'>\n\n<style type=\"text\/css\" data-created_by=\"avia_inline_auto\" id=\"style-css-av-q81jra-17-35c0b88fc03175d67c6d84e628ccccc5\">\n.flex_column.av-q81jra-17-35c0b88fc03175d67c6d84e628ccccc5{\nborder-radius:0px 0px 0px 0px;\npadding:0px 0px 0px 0px;\n}\n<\/style>\n<div  class='flex_column av-q81jra-17-35c0b88fc03175d67c6d84e628ccccc5 av_one_half  avia-builder-el-55  el_before_av_one_half  avia-builder-el-first  first flex_column_div av-zero-column-padding  '     ><p>\n<style type=\"text\/css\" data-created_by=\"avia_inline_auto\" id=\"style-css-av-199oc06-d3876592fd48f7db70f9629665d4ae8a\">\n#top .av-special-heading.av-199oc06-d3876592fd48f7db70f9629665d4ae8a{\npadding-bottom:10px;\n}\nbody .av-special-heading.av-199oc06-d3876592fd48f7db70f9629665d4ae8a .av-special-heading-tag .heading-char{\nfont-size:25px;\n}\n.av-special-heading.av-199oc06-d3876592fd48f7db70f9629665d4ae8a .av-subheading{\nfont-size:15px;\n}\n<\/style>\n<div  class='av-special-heading av-199oc06-d3876592fd48f7db70f9629665d4ae8a av-special-heading-h1 blockquote modern-quote  avia-builder-el-56  el_before_av_textblock  avia-builder-el-first  av-linked-heading'><h1 class='av-special-heading-tag '  itemprop=\"headline\"  >Groupe de travail sur les arts, la culture et le patrimoine<\/h1><div class=\"special-heading-border\"><div class=\"special-heading-inner-border\"><\/div><\/div><\/div><br \/>\n<section  class='av_textblock_section av-jz3aa82o-11-13d2d9f9051764edf06d2bd12429a7db '   itemscope=\"itemscope\" itemtype=\"https:\/\/schema.org\/CreativeWork\" ><div class='avia_textblock'  itemprop=\"text\" ><p class=\"av-special-heading-tag \">En 2010, ELAN a collabor\u00e9 avec le minist\u00e8re du Patrimoine canadien pour organiser une r\u00e9union annuelle du groupe de travail sur les arts, la culture et le patrimoine avec les minist\u00e8res et organismes f\u00e9d\u00e9raux, notamment le Conseil des Arts du Canada, T\u00e9l\u00e9film, la Soci\u00e9t\u00e9 Radio-Canada et l&rsquo;Office national du film du Canada (ONF).<\/p>\n<\/div><\/section><br \/>\n<div  class='avia-button-wrap av-k2uu006d-33-2998d5bbe286923e2ad5d0b72e31afc1-wrap avia-button-left  avia-builder-el-58  el_after_av_textblock  avia-builder-el-last '><a href='https:\/\/www.quebec-elan.org\/arts-culture-and-heritage-working-group\/?lang=fr'  class='avia-button av-k2uu006d-33-2998d5bbe286923e2ad5d0b72e31afc1 av-link-btn avia-icon_select-no avia-size-large avia-position-left avia-color-theme-color'   aria-label=\"Plus d\u2019infos\"><span class='avia_iconbox_title' >Plus d\u2019infos<\/span><\/a><\/div><\/p><\/div>\n<style type=\"text\/css\" data-created_by=\"avia_inline_auto\" id=\"style-css-av-q81jra-10-b6389924110f6d519517304d7a093a67\">\n.flex_column.av-q81jra-10-b6389924110f6d519517304d7a093a67{\nborder-radius:0px 0px 0px 0px;\npadding:0px 0px 0px 0px;\n}\n<\/style>\n<div  class='flex_column av-q81jra-10-b6389924110f6d519517304d7a093a67 av_one_half  avia-builder-el-59  el_after_av_one_half  avia-builder-el-last  flex_column_div av-zero-column-padding  '     ><style type=\"text\/css\" data-created_by=\"avia_inline_auto\" id=\"style-css-av-jz4jgpnz-19-2618e82412e9df305bba9c685ae6e84d\">\n.avia-image-container.av-jz4jgpnz-19-2618e82412e9df305bba9c685ae6e84d img.avia_image{\nbox-shadow:none;\n}\n.avia-image-container.av-jz4jgpnz-19-2618e82412e9df305bba9c685ae6e84d .av-image-caption-overlay-center{\ncolor:#ffffff;\n}\n<\/style>\n<div  class='avia-image-container av-jz4jgpnz-19-2618e82412e9df305bba9c685ae6e84d av-styling- avia-align-center  avia-builder-el-60  avia-builder-el-no-sibling '   itemprop=\"image\" itemscope=\"itemscope\" itemtype=\"https:\/\/schema.org\/ImageObject\" ><div class=\"avia-image-container-inner\"><div class=\"avia-image-overlay-wrap\"><img fetchpriority=\"high\" decoding=\"async\" fetchpriority=\"high\" fetchpriority=\"high\" class='wp-image-47087 avia-img-lazy-loading-not-47087 avia_image ' src=\"https:\/\/www.quebec-elan.org\/wp-content\/uploads\/2022\/11\/matv6-1.jpg\" alt='' title='matv6 (1)'  height=\"345\" width=\"580\"  itemprop=\"thumbnailUrl\" srcset=\"https:\/\/www.quebec-elan.org\/wp-content\/uploads\/2022\/11\/matv6-1.jpg 580w, https:\/\/www.quebec-elan.org\/wp-content\/uploads\/2022\/11\/matv6-1-300x178.jpg 300w, https:\/\/www.quebec-elan.org\/wp-content\/uploads\/2022\/11\/matv6-1-450x268.jpg 450w\" sizes=\"(max-width: 580px) 100vw, 580px\" \/><\/div><\/div><\/div><\/div><\/div><\/div><\/div><!-- close content main div --><\/div><\/div><div id='av_section_10'  class='avia-section av-10dheva-7bb77af9df804960bdd598ff5133d695 main_color avia-section-no-padding avia-no-border-styling  avia-builder-el-61  el_after_av_section  el_before_av_section  seprator-section avia-bg-style-scroll container_wrap sidebar_right'  ><div class='container av-section-cont-open' ><div class='template-page content  av-content-small alpha units'><div class='post-entry post-entry-type-page post-entry-42225'><div class='entry-content-wrapper clearfix'>\n\n<style type=\"text\/css\" data-created_by=\"avia_inline_auto\" id=\"style-css-av-w239za-da82752a54ba6e1976af6b11b0857acf\">\n#top .hr.av-w239za-da82752a54ba6e1976af6b11b0857acf{\nmargin-top:0px;\nmargin-bottom:0px;\n}\n.hr.av-w239za-da82752a54ba6e1976af6b11b0857acf .hr-inner{\nwidth:100%;\nborder-color:#6698c9;\n}\n<\/style>\n<div  class='hr av-w239za-da82752a54ba6e1976af6b11b0857acf hr-custom  avia-builder-el-62  avia-builder-el-no-sibling  hr-center hr-icon-no'><span class='hr-inner inner-border-av-border-thin'><span class=\"hr-inner-style\"><\/span><\/span><\/div>\n<\/p>\n<\/div><\/div><\/div><!-- close content main div --><\/div><\/div><div id='av_section_11'  class='avia-section av-iuv2x2-022ff8f83fcbe54ef79a23989408dd1e main_color avia-section-default avia-no-border-styling  avia-builder-el-63  el_after_av_section  el_before_av_section  avia-bg-style-scroll container_wrap sidebar_right'  ><div class='container av-section-cont-open' ><div class='template-page content  av-content-small alpha units'><div class='post-entry post-entry-type-page post-entry-42225'><div class='entry-content-wrapper clearfix'>\n\n<style type=\"text\/css\" data-created_by=\"avia_inline_auto\" id=\"style-css-av-ojfmdi-9fea6a59d2789da02ee3d16051a85850\">\n#top .av-special-heading.av-ojfmdi-9fea6a59d2789da02ee3d16051a85850{\npadding-bottom:10px;\n}\nbody .av-special-heading.av-ojfmdi-9fea6a59d2789da02ee3d16051a85850 .av-special-heading-tag .heading-char{\nfont-size:25px;\n}\n.av-special-heading.av-ojfmdi-9fea6a59d2789da02ee3d16051a85850 .av-subheading{\nfont-size:15px;\n}\n<\/style>\n<div  class='av-special-heading av-ojfmdi-9fea6a59d2789da02ee3d16051a85850 av-special-heading-h1 blockquote modern-quote modern-centered  avia-builder-el-64  el_before_av_postslider  avia-builder-el-first  av-linked-heading'><h1 class='av-special-heading-tag '  itemprop=\"headline\"  >Advocacy News<\/h1><div class=\"special-heading-border\"><div class=\"special-heading-inner-border\"><\/div><\/div><\/div>\n\n\n<\/div><\/div><\/div><!-- close content main div --><\/div><\/div><div id='av_section_12'  class='avia-section av-32j2y92-7442d2e955da92e377eb60b40df1a4a0 main_color avia-section-no-padding avia-no-border-styling  avia-builder-el-66  el_after_av_section  el_before_av_section  seprator-section avia-bg-style-scroll container_wrap sidebar_right'  ><div class='container av-section-cont-open' ><div class='template-page content  av-content-small alpha units'><div class='post-entry post-entry-type-page post-entry-42225'><div class='entry-content-wrapper clearfix'>\n\n<style type=\"text\/css\" data-created_by=\"avia_inline_auto\" id=\"style-css-av-2i32w86-c2dc73f50f9ed196d5ca79815a32e1da\">\n#top .hr.av-2i32w86-c2dc73f50f9ed196d5ca79815a32e1da{\nmargin-top:0px;\nmargin-bottom:0px;\n}\n.hr.av-2i32w86-c2dc73f50f9ed196d5ca79815a32e1da .hr-inner{\nwidth:100%;\nborder-color:#6698c9;\n}\n<\/style>\n<div  class='hr av-2i32w86-c2dc73f50f9ed196d5ca79815a32e1da hr-custom  avia-builder-el-67  avia-builder-el-no-sibling  hr-center hr-icon-no'><span class='hr-inner inner-border-av-border-thin'><span class=\"hr-inner-style\"><\/span><\/span><\/div>\n\n<\/div><\/div><\/div><!-- close content main div --><\/div><\/div><div id='av_section_13'  class='avia-section av-jzacvbcc-647c7fa67dd7f36f6075d5863a9ef2ff main_color avia-section-default avia-no-border-styling  avia-builder-el-68  el_after_av_section  el_before_av_section  avia-bg-style-scroll container_wrap sidebar_right'  ><div class='container av-section-cont-open' ><div class='template-page content  av-content-small alpha units'><div class='post-entry post-entry-type-page post-entry-42225'><div class='entry-content-wrapper clearfix'>\n\n<style type=\"text\/css\" data-created_by=\"avia_inline_auto\" id=\"style-css-av-208ulza-20-2c54e1dce358e8c33c11f923d1830e54\">\n.flex_column.av-208ulza-20-2c54e1dce358e8c33c11f923d1830e54{\nborder-radius:0px 0px 0px 0px;\npadding:0px 0px 0px 0px;\n}\n<\/style>\n<div  class='flex_column av-208ulza-20-2c54e1dce358e8c33c11f923d1830e54 av_one_fifth  avia-builder-el-69  el_before_av_three_fifth  avia-builder-el-first  first flex_column_div av-zero-column-padding  '     ><\/div>\n<style type=\"text\/css\" data-created_by=\"avia_inline_auto\" id=\"style-css-av-208ulza-9-7a25b7273a099bb2f4ef4f73afe366a2\">\n.flex_column.av-208ulza-9-7a25b7273a099bb2f4ef4f73afe366a2{\nborder-radius:0px 0px 0px 0px;\npadding:0px 0px 0px 0px;\n}\n<\/style>\n<div  class='flex_column av-208ulza-9-7a25b7273a099bb2f4ef4f73afe366a2 av_three_fifth  avia-builder-el-70  el_after_av_one_fifth  el_before_av_one_fifth  flex_column_div av-zero-column-padding  '     ><section  class='av_textblock_section av-jz3b6pa0-18-1edab7f3cb99fd6328d0791c55cf67c0 '   itemscope=\"itemscope\" itemtype=\"https:\/\/schema.org\/CreativeWork\" ><div class='avia_textblock'  itemprop=\"text\" ><p><strong>\u201cAfter years of decreasing production, no less than eight different TV dramas were in production this year. Six were funded by CMF\u2019s [Canada Media Fund] Anglophone Minority Incentive and two from regular CMF funds. The combined budgets of these productions was over $85 million and an additional $10 million was being spent on documentaries. These productions provided work for directors, writers, actors, set and costume designers, and all of the other skills required for television production.\u201d<\/strong><\/p>\n<p style=\"text-align: right;\"><em><span class=\"ILfuVd\"><span class=\"e24Kjd\">\u2014<\/span><\/span> A Short History of Broadcasting Advocacy<\/em>, published by ELAN (2016).<\/p>\n<\/div><\/section><\/div>\n<style type=\"text\/css\" data-created_by=\"avia_inline_auto\" id=\"style-css-av-208ulza-8-279234737fdaa59e92edaa5a5d53f64c\">\n.flex_column.av-208ulza-8-279234737fdaa59e92edaa5a5d53f64c{\nborder-radius:0px 0px 0px 0px;\npadding:0px 0px 0px 0px;\n}\n<\/style>\n<div  class='flex_column av-208ulza-8-279234737fdaa59e92edaa5a5d53f64c av_one_fifth  avia-builder-el-72  el_after_av_three_fifth  avia-builder-el-last  flex_column_div av-zero-column-padding  '     ><\/div>\n\n<\/div><\/div><\/div><!-- close content main div --><\/div><\/div><div id='av_section_14'  class='avia-section av-27evvk6-a171a1d61b8216a739d54c2753b6ff8c main_color avia-section-no-padding avia-no-border-styling  avia-builder-el-73  el_after_av_section  el_before_av_section  seprator-section avia-bg-style-scroll container_wrap sidebar_right'  ><div class='container av-section-cont-open' ><div class='template-page content  av-content-small alpha units'><div class='post-entry post-entry-type-page post-entry-42225'><div class='entry-content-wrapper clearfix'>\n\n<style type=\"text\/css\" data-created_by=\"avia_inline_auto\" id=\"style-css-av-1nu0sh2-89908e7569608181817e9805a55bea8b\">\n#top .hr.av-1nu0sh2-89908e7569608181817e9805a55bea8b{\nmargin-top:0px;\nmargin-bottom:0px;\n}\n.hr.av-1nu0sh2-89908e7569608181817e9805a55bea8b .hr-inner{\nwidth:100%;\nborder-color:#6698c9;\n}\n<\/style>\n<div  class='hr av-1nu0sh2-89908e7569608181817e9805a55bea8b hr-custom  avia-builder-el-74  avia-builder-el-no-sibling  hr-center hr-icon-no'><span class='hr-inner inner-border-av-border-thin'><span class=\"hr-inner-style\"><\/span><\/span><\/div>\n\n<\/div><\/div><\/div><!-- close content main div --><\/div><\/div><div id='av_section_15'  class='avia-section av-17n5f8m-36de84eb8b6fc6837a0f8c08b9f7cda3 main_color avia-section-default avia-no-border-styling  avia-builder-el-75  el_after_av_section  el_before_av_section  avia-bg-style-scroll container_wrap sidebar_right'  ><div class='container av-section-cont-open' ><div class='template-page content  av-content-small alpha units'><div class='post-entry post-entry-type-page post-entry-42225'><div class='entry-content-wrapper clearfix'>\n\n<style type=\"text\/css\" data-created_by=\"avia_inline_auto\" id=\"style-css-av-208ulza-6-3bea38e0c144c59bea8b35a11a01a8ea\">\n.flex_column.av-208ulza-6-3bea38e0c144c59bea8b35a11a01a8ea{\nborder-radius:0px 0px 0px 0px;\npadding:0px 0px 0px 0px;\n}\n<\/style>\n<div  class='flex_column av-208ulza-6-3bea38e0c144c59bea8b35a11a01a8ea av_one_half  avia-builder-el-76  el_before_av_one_half  avia-builder-el-first  first flex_column_div av-zero-column-padding  '     ><p>\n<style type=\"text\/css\" data-created_by=\"avia_inline_auto\" id=\"style-css-av-19u5n7q-993a2623b23ad36accef84c4a6b0c31f\">\n#top .av-special-heading.av-19u5n7q-993a2623b23ad36accef84c4a6b0c31f{\npadding-bottom:10px;\n}\nbody .av-special-heading.av-19u5n7q-993a2623b23ad36accef84c4a6b0c31f .av-special-heading-tag .heading-char{\nfont-size:25px;\n}\n.av-special-heading.av-19u5n7q-993a2623b23ad36accef84c4a6b0c31f .av-subheading{\nfont-size:15px;\n}\n<\/style>\n<div  class='av-special-heading av-19u5n7q-993a2623b23ad36accef84c4a6b0c31f av-special-heading-h1 blockquote modern-quote  avia-builder-el-77  el_before_av_textblock  avia-builder-el-first  av-linked-heading'><h1 class='av-special-heading-tag '  itemprop=\"headline\"  >Archives<\/h1><div class=\"special-heading-border\"><div class=\"special-heading-inner-border\"><\/div><\/div><\/div><br \/>\n<section  class='av_textblock_section av-jz3b6pa0-7-060f2e1f1559bce4c9e797f92dfbdd40 '   itemscope=\"itemscope\" itemtype=\"https:\/\/schema.org\/CreativeWork\" ><div class='avia_textblock'  itemprop=\"text\" ><p>Au cours des 15 ans d\u2019existence d\u2019ELAN, nous avons archiv\u00e9 de nombreuses enqu\u00eates et recherches sur les arts, des notes d\u2019ateliers, des transcriptions de panels, des rapports de projets, des documents de politique g\u00e9n\u00e9rale, des m\u00e9moires et prises de position publiques sur des questions importantes, des communiqu\u00e9s de presse et autres types de documents m\u00e9diatiques.<\/p>\n<\/div><\/section><br \/>\n\n<style type=\"text\/css\" data-created_by=\"avia_inline_auto\" id=\"style-css-av-jz3bbkn9-12-40a582ab91896e10d74ac4e21c97f898\">\n#top .hr.hr-invisible.av-jz3bbkn9-12-40a582ab91896e10d74ac4e21c97f898{\nheight:50px;\n}\n<\/style>\n<div  class='hr av-jz3bbkn9-12-40a582ab91896e10d74ac4e21c97f898 hr-invisible  avia-builder-el-79  el_after_av_textblock  el_before_av_button '><span class='hr-inner '><span class=\"hr-inner-style\"><\/span><\/span><\/div><br \/>\n<div  class='avia-button-wrap av-jz3bjwkq-2563d42cd31679e5ce9cb5e99b2be104-wrap avia-button-center  avia-builder-el-80  el_after_av_hr  avia-builder-el-last '><a href='https:\/\/www.quebec-elan.org\/documents\/?lang=fr'  class='avia-button av-jz3bjwkq-2563d42cd31679e5ce9cb5e99b2be104 av-link-btn avia-icon_select-no avia-size-large avia-position-center avia-color-theme-color'   aria-label=\"Voir les Archives\"><span class='avia_iconbox_title' >Voir les Archives<\/span><\/a><\/div><\/p><\/div>\n<style type=\"text\/css\" data-created_by=\"avia_inline_auto\" id=\"style-css-av-208ulza-5-b3397f2a3e347849d25b5f99fb09cfb0\">\n.flex_column.av-208ulza-5-b3397f2a3e347849d25b5f99fb09cfb0{\nborder-radius:0px 0px 0px 0px;\npadding:0px 0px 0px 0px;\n}\n<\/style>\n<div  class='flex_column av-208ulza-5-b3397f2a3e347849d25b5f99fb09cfb0 av_one_half  avia-builder-el-81  el_after_av_one_half  avia-builder-el-last  flex_column_div av-zero-column-padding  '     ><p>\n<style type=\"text\/css\" data-created_by=\"avia_inline_auto\" id=\"style-css-av-was7eu-2ce563c4429a488c9dfa40977e1b2645\">\n#top .av-special-heading.av-was7eu-2ce563c4429a488c9dfa40977e1b2645{\npadding-bottom:10px;\n}\nbody .av-special-heading.av-was7eu-2ce563c4429a488c9dfa40977e1b2645 .av-special-heading-tag .heading-char{\nfont-size:25px;\n}\n.av-special-heading.av-was7eu-2ce563c4429a488c9dfa40977e1b2645 .av-subheading{\nfont-size:15px;\n}\n<\/style>\n<div  class='av-special-heading av-was7eu-2ce563c4429a488c9dfa40977e1b2645 av-special-heading-h1 blockquote modern-quote  avia-builder-el-82  el_before_av_textblock  avia-builder-el-first  av-linked-heading'><h1 class='av-special-heading-tag '  itemprop=\"headline\"  >D\u00e9couvrez plus<\/h1><div class=\"special-heading-border\"><div class=\"special-heading-inner-border\"><\/div><\/div><\/div><br \/>\n<section  class='av_textblock_section av-jz3b6pa0-4-bc1af9a69fa6190cf3601c39274e6cb1 '   itemscope=\"itemscope\" itemtype=\"https:\/\/schema.org\/CreativeWork\" ><div class='avia_textblock'  itemprop=\"text\" ><p><a href=\"http:\/\/static1.1.sqspcdn.com\/static\/f\/633158\/18217574\/1337107241483\/Statistical+profile+of+artists+in+OLMC.pdf?token=oGdkLldWx8L%2FXAQ%2BDnUsSOO%2BHFM%3D\">Statistical profile of artists in OLMC<\/a>* (Patrimoine Canadien, 2011)<\/p>\n<p><a href=\"http:\/\/www.ic.gc.ca\/eic\/site\/com-com.nsf\/fra\/h_01260.html\">L\u2019\u00e9conomie creative et les communaut\u00e9s Anglophones au Qu\u00e9bec<\/a>(QUESCREN\/Industrie Canada, 2012)<\/p>\n<p><a href=\"http:\/\/www.statcan.gc.ca\/pub\/89-642-x\/2010002\/article\/introduction-fra.htm\">Portrait des minorit\u00e9s de langue officielle au Canada\u00a0: les anglophones du Qu\u00e9bec<\/a>(Statistique Canada, 2010)<\/p>\n<p><a href=\"http:\/\/open.canada.ca\/vl\/en\/doc\/publications-420351\">Decline and Prospects of the English-Speaking Communities of Quebec<\/a>* (Gouvernement du Canada &#038; Institut canadien de recherche sur les minorit\u00e9s linguistiques, 2012)<\/p>\n<p><em>* Lien ou site-web disponible exclusivement en anglais<\/em><\/p>\n<\/div><\/section><\/p><\/div>\n\n<\/div><\/div><\/div><!-- close content main div --><\/div><\/div><div id='av_section_16'  class='avia-section av-nd5ufa-5df2f77a06fa36c7a0ba3d9be06b9b00 main_color avia-section-no-padding avia-no-border-styling  avia-builder-el-84  el_after_av_section  el_before_av_section  fullwidth-section avia-bg-style-scroll container_wrap sidebar_right'  ><div class='container av-section-cont-open' ><div class='template-page content  av-content-small alpha units'><div class='post-entry post-entry-type-page post-entry-42225'><div class='entry-content-wrapper clearfix'>\n\n<style type=\"text\/css\" data-created_by=\"avia_inline_auto\" id=\"style-css-av-jz3bhb2j-599e1974f929874b10ceb12ac7ed13d6\">\n.av-horizontal-gallery.av-jz3bhb2j-599e1974f929874b10ceb12ac7ed13d6 .av-horizontal-gallery-inner{\npadding-bottom:25%;\n}\n<\/style>\n<div  class='av-horizontal-gallery av-jz3bhb2j-599e1974f929874b10ceb12ac7ed13d6 av-horizontal-gallery-large-gap av-horizontal-gallery--effect  avia-builder-el-85  avia-builder-el-no-sibling  av-slideshow-ui av-control-default av-slideshow-manual av-loop-once av-loop-manual-endless av-horizontal-gallery-1' data-slideshow-data=\"{&quot;animation&quot;:&quot;slide&quot;,&quot;autoplay&quot;:false,&quot;loop_autoplay&quot;:&quot;once&quot;,&quot;interval&quot;:5,&quot;loop_manual&quot;:&quot;manual-endless&quot;,&quot;autoplay_stopper&quot;:false,&quot;noNavigation&quot;:false,&quot;bg_slider&quot;:false,&quot;keep_padding&quot;:&quot;&quot;,&quot;hoverpause&quot;:false,&quot;show_slide_delay&quot;:0}\"  itemprop=\"image\" itemscope=\"itemscope\" itemtype=\"https:\/\/schema.org\/ImageObject\" ><div class='avia-slideshow-arrows avia-slideshow-controls' ><a href='#prev' class='prev-slide av-horizontal-gallery-prev avia-svg-icon avia-font-svg_entypo-fontello' data-av_svg_icon='left-open-big' data-av_iconset='svg_entypo-fontello' tabindex='-1' title=\"Pr\u00e9c\u00e9dent\"><svg version=\"1.1\" xmlns=\"http:\/\/www.w3.org\/2000\/svg\" width=\"15\" height=\"32\" viewBox=\"0 0 15 32\" preserveAspectRatio=\"xMidYMid meet\" aria-labelledby='av-svg-title-1' aria-describedby='av-svg-desc-1' role=\"graphics-symbol\" aria-hidden=\"true\">\n<title id='av-svg-title-1'>Pr\u00e9c\u00e9dent<\/title>\n<desc id='av-svg-desc-1'>Pr\u00e9c\u00e9dent<\/desc>\n<path d=\"M14.464 27.84q0.832 0.832 0 1.536-0.832 0.832-1.536 0l-12.544-12.608q-0.768-0.768 0-1.6l12.544-12.608q0.704-0.832 1.536 0 0.832 0.704 0 1.536l-11.456 11.904z\"><\/path>\n<\/svg><span class='avia_hidden_link_text'>Pr\u00e9c\u00e9dent<\/span><\/a><a href='#next' class='next-slide av-horizontal-gallery-next avia-svg-icon avia-font-svg_entypo-fontello' data-av_svg_icon='right-open-big' data-av_iconset='svg_entypo-fontello' tabindex='-1' title=\"Suivant\"><svg version=\"1.1\" xmlns=\"http:\/\/www.w3.org\/2000\/svg\" width=\"15\" height=\"32\" viewBox=\"0 0 15 32\" preserveAspectRatio=\"xMidYMid meet\" aria-labelledby='av-svg-title-2' aria-describedby='av-svg-desc-2' role=\"graphics-symbol\" aria-hidden=\"true\">\n<title id='av-svg-title-2'>Suivant<\/title>\n<desc id='av-svg-desc-2'>Suivant<\/desc>\n<path d=\"M0.416 27.84l11.456-11.84-11.456-11.904q-0.832-0.832 0-1.536 0.832-0.832 1.536 0l12.544 12.608q0.768 0.832 0 1.6l-12.544 12.608q-0.704 0.832-1.536 0-0.832-0.704 0-1.536z\"><\/path>\n<\/svg><span class='avia_hidden_link_text'>Suivant<\/span><\/a><\/div><div class='avia-slideshow-dots avia-slideshow-controls av-horizontal-gallery-dots fade-in'><a href='#1' class='goto-slide active' >1<\/a><a href='#2' class='goto-slide ' >2<\/a><a href='#3' class='goto-slide ' >3<\/a><a href='#4' class='goto-slide ' >4<\/a><\/div><div class='av-horizontal-gallery-inner' data-av-height='25'><div class=\"av-horizontal-gallery-slider\"><div class=\"av-horizontal-gallery-wrap noHover\"><img fetchpriority=\"high\" fetchpriority=\"high\" decoding=\"async\" fetchpriority=\"high\" class='wp-image-47108 avia-img-lazy-loading-not-47108 av-horizontal-gallery-img' width=\"551\" height=\"475\" src=\"https:\/\/www.quebec-elan.org\/wp-content\/uploads\/2022\/11\/Consortium-Joly-scaled-2.jpg\" title='Consortium-Joly-scaled' alt='' srcset=\"https:\/\/www.quebec-elan.org\/wp-content\/uploads\/2022\/11\/Consortium-Joly-scaled-2.jpg 551w, https:\/\/www.quebec-elan.org\/wp-content\/uploads\/2022\/11\/Consortium-Joly-scaled-2-300x259.jpg 300w, https:\/\/www.quebec-elan.org\/wp-content\/uploads\/2022\/11\/Consortium-Joly-scaled-2-450x388.jpg 450w\" sizes=\"(max-width: 551px) 100vw, 551px\" \/><\/div><div class=\"av-horizontal-gallery-wrap noHover\"><img fetchpriority=\"high\" fetchpriority=\"high\" decoding=\"async\" fetchpriority=\"high\" class='wp-image-47106 avia-img-lazy-loading-not-47106 av-horizontal-gallery-img' width=\"712\" height=\"475\" src=\"https:\/\/www.quebec-elan.org\/wp-content\/uploads\/2022\/11\/ELAN_AGM-9755-scaled-2.jpg\" title='ELAN_AGM-9755-scaled' alt='' srcset=\"https:\/\/www.quebec-elan.org\/wp-content\/uploads\/2022\/11\/ELAN_AGM-9755-scaled-2.jpg 712w, https:\/\/www.quebec-elan.org\/wp-content\/uploads\/2022\/11\/ELAN_AGM-9755-scaled-2-600x400.jpg 600w, https:\/\/www.quebec-elan.org\/wp-content\/uploads\/2022\/11\/ELAN_AGM-9755-scaled-2-300x200.jpg 300w, https:\/\/www.quebec-elan.org\/wp-content\/uploads\/2022\/11\/ELAN_AGM-9755-scaled-2-705x470.jpg 705w, https:\/\/www.quebec-elan.org\/wp-content\/uploads\/2022\/11\/ELAN_AGM-9755-scaled-2-450x300.jpg 450w\" sizes=\"(max-width: 712px) 100vw, 712px\" \/><\/div><div class=\"av-horizontal-gallery-wrap noHover\"><img fetchpriority=\"high\" fetchpriority=\"high\" decoding=\"async\" fetchpriority=\"high\" class='wp-image-47102 avia-img-lazy-loading-not-47102 av-horizontal-gallery-img' width=\"633\" height=\"475\" src=\"https:\/\/www.quebec-elan.org\/wp-content\/uploads\/2022\/11\/IMG_5400001-1.jpg\" title='IMG_5400001' alt='' srcset=\"https:\/\/www.quebec-elan.org\/wp-content\/uploads\/2022\/11\/IMG_5400001-1.jpg 633w, https:\/\/www.quebec-elan.org\/wp-content\/uploads\/2022\/11\/IMG_5400001-1-600x450.jpg 600w, https:\/\/www.quebec-elan.org\/wp-content\/uploads\/2022\/11\/IMG_5400001-1-300x225.jpg 300w, https:\/\/www.quebec-elan.org\/wp-content\/uploads\/2022\/11\/IMG_5400001-1-450x338.jpg 450w\" sizes=\"(max-width: 633px) 100vw, 633px\" \/><\/div><div class=\"av-horizontal-gallery-wrap noHover\"><img fetchpriority=\"high\" fetchpriority=\"high\" decoding=\"async\" fetchpriority=\"high\" class='wp-image-47104 avia-img-lazy-loading-not-47104 av-horizontal-gallery-img' width=\"946\" height=\"475\" src=\"https:\/\/www.quebec-elan.org\/wp-content\/uploads\/2022\/11\/Elan_Fringe_054-1-1.jpg\" title='Elan_Fringe_054-1' alt='' srcset=\"https:\/\/www.quebec-elan.org\/wp-content\/uploads\/2022\/11\/Elan_Fringe_054-1-1.jpg 946w, https:\/\/www.quebec-elan.org\/wp-content\/uploads\/2022\/11\/Elan_Fringe_054-1-1-600x301.jpg 600w, https:\/\/www.quebec-elan.org\/wp-content\/uploads\/2022\/11\/Elan_Fringe_054-1-1-300x151.jpg 300w, https:\/\/www.quebec-elan.org\/wp-content\/uploads\/2022\/11\/Elan_Fringe_054-1-1-768x386.jpg 768w, https:\/\/www.quebec-elan.org\/wp-content\/uploads\/2022\/11\/Elan_Fringe_054-1-1-705x354.jpg 705w, https:\/\/www.quebec-elan.org\/wp-content\/uploads\/2022\/11\/Elan_Fringe_054-1-1-450x226.jpg 450w\" sizes=\"(max-width: 946px) 100vw, 946px\" \/><\/div><\/div><\/div><\/div>\n<\/div><\/div><\/div><!-- close content main div --><\/div><\/div><div id='av_section_17'  class='avia-section av-jz3b77ol-8a33247b6f8f62c38b2abe70f6a7344f main_color avia-section-large avia-no-border-styling  avia-builder-el-86  el_after_av_section  avia-builder-el-last  avia-bg-style-scroll container_wrap sidebar_right'  ><div class='container av-section-cont-open' ><div class='template-page content  av-content-small alpha units'><div class='post-entry post-entry-type-page post-entry-42225'><div class='entry-content-wrapper clearfix'>\n\n<style type=\"text\/css\" data-created_by=\"avia_inline_auto\" id=\"style-css-av-1s522ee-7b1e532a6bd51481c06ba37d5c113b36\">\n.flex_column.av-1s522ee-7b1e532a6bd51481c06ba37d5c113b36{\nborder-radius:0px 0px 0px 0px;\npadding:0px 0px 0px 0px;\n}\n<\/style>\n<div  class='flex_column av-1s522ee-7b1e532a6bd51481c06ba37d5c113b36 av_one_fourth  avia-builder-el-87  el_before_av_one_half  avia-builder-el-first  first flex_column_div av-zero-column-padding  '     ><\/div>\n<style type=\"text\/css\" data-created_by=\"avia_inline_auto\" id=\"style-css-av-12h7r0m-2d5dd5d22af48599260baebe62843c58\">\n.flex_column.av-12h7r0m-2d5dd5d22af48599260baebe62843c58{\nborder-radius:0px 0px 0px 0px;\npadding:0px 0px 0px 0px;\n}\n<\/style>\n<div  class='flex_column av-12h7r0m-2d5dd5d22af48599260baebe62843c58 av_one_half  avia-builder-el-88  el_after_av_one_fourth  el_before_av_one_fourth  flex_column_div av-zero-column-padding  '     ><p>\n<style type=\"text\/css\" data-created_by=\"avia_inline_auto\" id=\"style-css-av-nu6ubq-fb9aaa923194ddcb836ff278159dc395\">\n#top .av-special-heading.av-nu6ubq-fb9aaa923194ddcb836ff278159dc395{\npadding-bottom:10px;\n}\nbody .av-special-heading.av-nu6ubq-fb9aaa923194ddcb836ff278159dc395 .av-special-heading-tag .heading-char{\nfont-size:25px;\n}\n.av-special-heading.av-nu6ubq-fb9aaa923194ddcb836ff278159dc395 .av-subheading{\nfont-size:15px;\n}\n<\/style>\n<div  class='av-special-heading av-nu6ubq-fb9aaa923194ddcb836ff278159dc395 av-special-heading-h1 blockquote modern-quote modern-centered  avia-builder-el-89  el_before_av_hr  avia-builder-el-first  av-linked-heading'><h1 class='av-special-heading-tag '  itemprop=\"headline\"  >Support Arts Advocacy<\/h1><div class=\"special-heading-border\"><div class=\"special-heading-inner-border\"><\/div><\/div><\/div><br \/>\n\n<style type=\"text\/css\" data-created_by=\"avia_inline_auto\" id=\"style-css-av-jz3bbkn9-3-8cc23ef0bc790d76b018e59a5765b244\">\n#top .hr.hr-invisible.av-jz3bbkn9-3-8cc23ef0bc790d76b018e59a5765b244{\nheight:50px;\n}\n<\/style>\n<div  class='hr av-jz3bbkn9-3-8cc23ef0bc790d76b018e59a5765b244 hr-invisible  avia-builder-el-90  el_after_av_heading  el_before_av_textblock '><span class='hr-inner '><span class=\"hr-inner-style\"><\/span><\/span><\/div><br \/>\n<section  class='av_textblock_section av-jz3b6pa0-2-62b3cc46a6534b9d668d65b80e12afcf '   itemscope=\"itemscope\" itemtype=\"https:\/\/schema.org\/CreativeWork\" ><div class='avia_textblock'  itemprop=\"text\" ><p>Membership is a direct way to build relationships with us, help us to accurately represent your needs, and shape policy. To ensure that our advocacy work and projects truly reflect the needs of the English-speaking arts community, <a href=\"https:\/\/www.quebec-elan.org\/membership\/#WhyJoin\">we depend on our members<\/a> to share their concerns and opinions with us.<\/p>\n<\/div><\/section><br \/>\n\n<style type=\"text\/css\" data-created_by=\"avia_inline_auto\" id=\"style-css-av-jz3bbkn9-1-44373eeb91f542ad6e396490e41ae638\">\n#top .hr.hr-invisible.av-jz3bbkn9-1-44373eeb91f542ad6e396490e41ae638{\nheight:50px;\n}\n<\/style>\n<div  class='hr av-jz3bbkn9-1-44373eeb91f542ad6e396490e41ae638 hr-invisible  avia-builder-el-92  el_after_av_textblock  el_before_av_button '><span class='hr-inner '><span class=\"hr-inner-style\"><\/span><\/span><\/div><br \/>\n<div  class='avia-button-wrap av-jz3b8ied-062afa52b25b05ca27aab291b9d19eef-wrap avia-button-center  avia-builder-el-93  el_after_av_hr  avia-builder-el-last '><a href='https:\/\/www.quebec-elan.org\/join-now\/?lang=fr'  class='avia-button av-jz3b8ied-062afa52b25b05ca27aab291b9d19eef av-link-btn avia-icon_select-no avia-size-large avia-position-center avia-color-theme-color'   aria-label=\"Devenez membre maintenant!\"><span class='avia_iconbox_title' >Devenez membre maintenant!<\/span><\/a><\/div><\/p><\/div>\n<style type=\"text\/css\" data-created_by=\"avia_inline_auto\" id=\"style-css-av-kngm1y-2acf079358419f0724bf3b933de6f8f7\">\n.flex_column.av-kngm1y-2acf079358419f0724bf3b933de6f8f7{\nborder-radius:0px 0px 0px 0px;\npadding:0px 0px 0px 0px;\n}\n<\/style>\n<div  class='flex_column av-kngm1y-2acf079358419f0724bf3b933de6f8f7 av_one_fourth  avia-builder-el-94  el_after_av_one_half  avia-builder-el-last  flex_column_div av-zero-column-padding  '     ><\/div>\n<\/div><\/div><\/div><!-- close content main div --><\/div><\/div><div id='after_section_17'  class='main_color av_default_container_wrap container_wrap sidebar_right'  ><div class='container av-section-cont-open' ><div class='template-page content  av-content-small alpha units'><div class='post-entry post-entry-type-page post-entry-42225'><div class='entry-content-wrapper clearfix'><\/p>\n","protected":false},"excerpt":{"rendered":"","protected":false},"author":5455,"featured_media":0,"parent":0,"menu_order":85,"comment_status":"closed","ping_status":"closed","template":"","meta":{"footnotes":""},"class_list":["post-42225","page","type-page","status-publish","hentry"],"yoast_head":"<!-- This site is optimized with the Yoast SEO plugin v27.4 - https:\/\/yoast.com\/product\/yoast-seo-wordpress\/ -->\n<title>D\u00e9fense des int\u00e9r\u00eats - ELAN<\/title>\n<meta name=\"robots\" content=\"index, follow, max-snippet:-1, max-image-preview:large, max-video-preview:-1\" \/>\n<link rel=\"canonical\" href=\"https:\/\/www.quebec-elan.org\/fr\/advocacy\/\" \/>\n<meta property=\"og:locale\" content=\"fr_FR\" \/>\n<meta property=\"og:type\" content=\"article\" \/>\n<meta property=\"og:title\" content=\"D\u00e9fense des int\u00e9r\u00eats - ELAN\" \/>\n<meta property=\"og:url\" content=\"https:\/\/www.quebec-elan.org\/fr\/advocacy\/\" \/>\n<meta property=\"og:site_name\" content=\"ELAN\" \/>\n<meta property=\"article:modified_time\" content=\"2022-11-11T13:17:57+00:00\" \/>\n<meta name=\"twitter:card\" content=\"summary_large_image\" \/>\n<meta name=\"twitter:label1\" content=\"Dur\u00e9e de lecture estim\u00e9e\" \/>\n\t<meta name=\"twitter:data1\" content=\"21 minutes\" \/>\n<script type=\"application\/ld+json\" class=\"yoast-schema-graph\">{\"@context\":\"https:\\\/\\\/schema.org\",\"@graph\":[{\"@type\":\"WebPage\",\"@id\":\"https:\\\/\\\/www.quebec-elan.org\\\/fr\\\/advocacy\\\/\",\"url\":\"https:\\\/\\\/www.quebec-elan.org\\\/fr\\\/advocacy\\\/\",\"name\":\"D\u00e9fense des int\u00e9r\u00eats - ELAN\",\"isPartOf\":{\"@id\":\"https:\\\/\\\/www.quebec-elan.org\\\/en\\\/#website\"},\"datePublished\":\"2022-06-21T12:00:44+00:00\",\"dateModified\":\"2022-11-11T13:17:57+00:00\",\"breadcrumb\":{\"@id\":\"https:\\\/\\\/www.quebec-elan.org\\\/fr\\\/advocacy\\\/#breadcrumb\"},\"inLanguage\":\"fr-FR\",\"potentialAction\":[{\"@type\":\"ReadAction\",\"target\":[\"https:\\\/\\\/www.quebec-elan.org\\\/fr\\\/advocacy\\\/\"]}]},{\"@type\":\"BreadcrumbList\",\"@id\":\"https:\\\/\\\/www.quebec-elan.org\\\/fr\\\/advocacy\\\/#breadcrumb\",\"itemListElement\":[{\"@type\":\"ListItem\",\"position\":1,\"name\":\"Home\",\"item\":\"https:\\\/\\\/www.quebec-elan.org\\\/fr\\\/\"},{\"@type\":\"ListItem\",\"position\":2,\"name\":\"D\u00e9fense des int\u00e9r\u00eats\"}]},{\"@type\":\"WebSite\",\"@id\":\"https:\\\/\\\/www.quebec-elan.org\\\/en\\\/#website\",\"url\":\"https:\\\/\\\/www.quebec-elan.org\\\/en\\\/\",\"name\":\"ELAN\",\"description\":\"English Language Arts Network\",\"publisher\":{\"@id\":\"https:\\\/\\\/www.quebec-elan.org\\\/en\\\/#organization\"},\"potentialAction\":[{\"@type\":\"SearchAction\",\"target\":{\"@type\":\"EntryPoint\",\"urlTemplate\":\"https:\\\/\\\/www.quebec-elan.org\\\/en\\\/?s={search_term_string}\"},\"query-input\":{\"@type\":\"PropertyValueSpecification\",\"valueRequired\":true,\"valueName\":\"search_term_string\"}}],\"inLanguage\":\"fr-FR\"},{\"@type\":\"Organization\",\"@id\":\"https:\\\/\\\/www.quebec-elan.org\\\/en\\\/#organization\",\"name\":\"ELAN - English Language Arts Network\",\"url\":\"https:\\\/\\\/www.quebec-elan.org\\\/en\\\/\",\"logo\":{\"@type\":\"ImageObject\",\"inLanguage\":\"fr-FR\",\"@id\":\"https:\\\/\\\/www.quebec-elan.org\\\/en\\\/#\\\/schema\\\/logo\\\/image\\\/\",\"url\":\"https:\\\/\\\/www.quebec-elan.org\\\/wp-content\\\/uploads\\\/2022\\\/05\\\/elan-logo-360.jpg\",\"contentUrl\":\"https:\\\/\\\/www.quebec-elan.org\\\/wp-content\\\/uploads\\\/2022\\\/05\\\/elan-logo-360.jpg\",\"width\":360,\"height\":70,\"caption\":\"ELAN - English Language Arts Network\"},\"image\":{\"@id\":\"https:\\\/\\\/www.quebec-elan.org\\\/en\\\/#\\\/schema\\\/logo\\\/image\\\/\"}}]}<\/script>\n<!-- \/ Yoast SEO plugin. -->","yoast_head_json":{"title":"D\u00e9fense des int\u00e9r\u00eats - ELAN","robots":{"index":"index","follow":"follow","max-snippet":"max-snippet:-1","max-image-preview":"max-image-preview:large","max-video-preview":"max-video-preview:-1"},"canonical":"https:\/\/www.quebec-elan.org\/fr\/advocacy\/","og_locale":"fr_FR","og_type":"article","og_title":"D\u00e9fense des int\u00e9r\u00eats - ELAN","og_url":"https:\/\/www.quebec-elan.org\/fr\/advocacy\/","og_site_name":"ELAN","article_modified_time":"2022-11-11T13:17:57+00:00","twitter_card":"summary_large_image","twitter_misc":{"Dur\u00e9e de lecture estim\u00e9e":"21 minutes"},"schema":{"@context":"https:\/\/schema.org","@graph":[{"@type":"WebPage","@id":"https:\/\/www.quebec-elan.org\/fr\/advocacy\/","url":"https:\/\/www.quebec-elan.org\/fr\/advocacy\/","name":"D\u00e9fense des int\u00e9r\u00eats - ELAN","isPartOf":{"@id":"https:\/\/www.quebec-elan.org\/en\/#website"},"datePublished":"2022-06-21T12:00:44+00:00","dateModified":"2022-11-11T13:17:57+00:00","breadcrumb":{"@id":"https:\/\/www.quebec-elan.org\/fr\/advocacy\/#breadcrumb"},"inLanguage":"fr-FR","potentialAction":[{"@type":"ReadAction","target":["https:\/\/www.quebec-elan.org\/fr\/advocacy\/"]}]},{"@type":"BreadcrumbList","@id":"https:\/\/www.quebec-elan.org\/fr\/advocacy\/#breadcrumb","itemListElement":[{"@type":"ListItem","position":1,"name":"Home","item":"https:\/\/www.quebec-elan.org\/fr\/"},{"@type":"ListItem","position":2,"name":"D\u00e9fense des int\u00e9r\u00eats"}]},{"@type":"WebSite","@id":"https:\/\/www.quebec-elan.org\/en\/#website","url":"https:\/\/www.quebec-elan.org\/en\/","name":"ELAN","description":"English Language Arts Network","publisher":{"@id":"https:\/\/www.quebec-elan.org\/en\/#organization"},"potentialAction":[{"@type":"SearchAction","target":{"@type":"EntryPoint","urlTemplate":"https:\/\/www.quebec-elan.org\/en\/?s={search_term_string}"},"query-input":{"@type":"PropertyValueSpecification","valueRequired":true,"valueName":"search_term_string"}}],"inLanguage":"fr-FR"},{"@type":"Organization","@id":"https:\/\/www.quebec-elan.org\/en\/#organization","name":"ELAN - English Language Arts Network","url":"https:\/\/www.quebec-elan.org\/en\/","logo":{"@type":"ImageObject","inLanguage":"fr-FR","@id":"https:\/\/www.quebec-elan.org\/en\/#\/schema\/logo\/image\/","url":"https:\/\/www.quebec-elan.org\/wp-content\/uploads\/2022\/05\/elan-logo-360.jpg","contentUrl":"https:\/\/www.quebec-elan.org\/wp-content\/uploads\/2022\/05\/elan-logo-360.jpg","width":360,"height":70,"caption":"ELAN - English Language Arts Network"},"image":{"@id":"https:\/\/www.quebec-elan.org\/en\/#\/schema\/logo\/image\/"}}]}},"_links":{"self":[{"href":"https:\/\/www.quebec-elan.org\/fr\/wp-json\/wp\/v2\/pages\/42225","targetHints":{"allow":["GET"]}}],"collection":[{"href":"https:\/\/www.quebec-elan.org\/fr\/wp-json\/wp\/v2\/pages"}],"about":[{"href":"https:\/\/www.quebec-elan.org\/fr\/wp-json\/wp\/v2\/types\/page"}],"author":[{"embeddable":true,"href":"https:\/\/www.quebec-elan.org\/fr\/wp-json\/wp\/v2\/users\/5455"}],"replies":[{"embeddable":true,"href":"https:\/\/www.quebec-elan.org\/fr\/wp-json\/wp\/v2\/comments?post=42225"}],"version-history":[{"count":11,"href":"https:\/\/www.quebec-elan.org\/fr\/wp-json\/wp\/v2\/pages\/42225\/revisions"}],"predecessor-version":[{"id":47111,"href":"https:\/\/www.quebec-elan.org\/fr\/wp-json\/wp\/v2\/pages\/42225\/revisions\/47111"}],"wp:attachment":[{"href":"https:\/\/www.quebec-elan.org\/fr\/wp-json\/wp\/v2\/media?parent=42225"}],"curies":[{"name":"wp","href":"https:\/\/api.w.org\/{rel}","templated":true}]}}