{"id":42229,"date":"2022-06-21T08:02:08","date_gmt":"2022-06-21T12:02:08","guid":{"rendered":"https:\/\/www.quebec-elan.org\/?page_id=42229"},"modified":"2022-08-03T05:28:11","modified_gmt":"2022-08-03T09:28:11","slug":"arts-culture-and-heritage-working-group","status":"publish","type":"page","link":"https:\/\/www.quebec-elan.org\/fr\/arts-culture-and-heritage-working-group\/","title":{"rendered":"Groupe de travail sur les arts, la culture et le patrimoine"},"content":{"rendered":"\n<style type=\"text\/css\" data-created_by=\"avia_inline_auto\" id=\"style-css-av-2w7l99a-a5b3af4205f07d2df09c0175290489f8\">\n#top .av-special-heading.av-2w7l99a-a5b3af4205f07d2df09c0175290489f8{\npadding-bottom:10px;\nfont-size:60px;\n}\nbody .av-special-heading.av-2w7l99a-a5b3af4205f07d2df09c0175290489f8 .av-special-heading-tag .heading-char{\nfont-size:25px;\n}\n#top #wrap_all .av-special-heading.av-2w7l99a-a5b3af4205f07d2df09c0175290489f8 .av-special-heading-tag{\nfont-size:60px;\n}\n.av-special-heading.av-2w7l99a-a5b3af4205f07d2df09c0175290489f8 .av-subheading{\nfont-size:15px;\n}\n\n@media only screen and (min-width: 480px) and (max-width: 767px){ \n#top #wrap_all .av-special-heading.av-2w7l99a-a5b3af4205f07d2df09c0175290489f8 .av-special-heading-tag{\nfont-size:0.8em;\n}\n}\n\n@media only screen and (max-width: 479px){ \n#top #wrap_all .av-special-heading.av-2w7l99a-a5b3af4205f07d2df09c0175290489f8 .av-special-heading-tag{\nfont-size:0.8em;\n}\n}\n<\/style>\n<div  class='av-special-heading av-2w7l99a-a5b3af4205f07d2df09c0175290489f8 av-special-heading-h1 blockquote modern-quote modern-centered  avia-builder-el-0  el_before_av_heading  avia-builder-el-first  av-inherit-size av-linked-heading'><h1 class='av-special-heading-tag '  itemprop=\"headline\"  >Groupe de travail sur les arts, la culture et le patrimoine<\/h1><div class=\"special-heading-border\"><div class=\"special-heading-inner-border\"><\/div><\/div><\/div>\n\n<style type=\"text\/css\" data-created_by=\"avia_inline_auto\" id=\"style-css-av-l50u405f-a87d1e82f54dfc0a8751fe0a08b608ce\">\n#top .av-special-heading.av-l50u405f-a87d1e82f54dfc0a8751fe0a08b608ce{\nmargin:0px 0px 0px 0px;\npadding-bottom:10px;\n}\nbody .av-special-heading.av-l50u405f-a87d1e82f54dfc0a8751fe0a08b608ce .av-special-heading-tag .heading-char{\nfont-size:25px;\n}\n.av-special-heading.av-l50u405f-a87d1e82f54dfc0a8751fe0a08b608ce .av-subheading{\nfont-size:15px;\n}\n<\/style>\n<div  class='av-special-heading av-l50u405f-a87d1e82f54dfc0a8751fe0a08b608ce av-special-heading-h3 blockquote modern-quote modern-centered  avia-builder-el-1  el_after_av_heading  el_before_av_section  avia-builder-el-last  av-linked-heading'><h3 class='av-special-heading-tag '  itemprop=\"headline\"  >Ce contenu n\u2019est pas encore disponible fran\u00e7ais.<\/h3><div class=\"special-heading-border\"><div class=\"special-heading-inner-border\"><\/div><\/div><\/div>\n<\/div><\/div><\/div><!-- close content main div --><\/div><\/div><div id='av_section_1'  class='avia-section av-iiwawu-b6f7aa63127b4e4d20d59599483cd994 main_color avia-section-default avia-no-border-styling  avia-builder-el-2  el_after_av_heading  el_before_av_section  avia-bg-style-scroll container_wrap sidebar_right'  ><div class='container av-section-cont-open' ><div class='template-page content  av-content-small alpha units'><div class='post-entry post-entry-type-page post-entry-42229'><div class='entry-content-wrapper clearfix'>\n\n<style type=\"text\/css\" data-created_by=\"avia_inline_auto\" id=\"style-css-av-59y2if2-0bcec311b05fed4bbc7df35dee93e396\">\n.flex_column.av-59y2if2-0bcec311b05fed4bbc7df35dee93e396{\nborder-radius:0px 0px 0px 0px;\npadding:0px 0px 0px 0px;\n}\n<\/style>\n<div  class='flex_column av-59y2if2-0bcec311b05fed4bbc7df35dee93e396 av_one_half  avia-builder-el-3  el_before_av_one_half  avia-builder-el-first  first flex_column_div av-zero-column-padding  '     ><style type=\"text\/css\" data-created_by=\"avia_inline_auto\" id=\"style-css-av-k5mprfuc-429d0783fe7e4c4cdb9732f44aafe097\">\n#top .av-special-heading.av-k5mprfuc-429d0783fe7e4c4cdb9732f44aafe097{\npadding-bottom:10px;\n}\nbody .av-special-heading.av-k5mprfuc-429d0783fe7e4c4cdb9732f44aafe097 .av-special-heading-tag .heading-char{\nfont-size:25px;\n}\n.av-special-heading.av-k5mprfuc-429d0783fe7e4c4cdb9732f44aafe097 .av-subheading{\nfont-size:15px;\n}\n<\/style>\n<div  class='av-special-heading av-k5mprfuc-429d0783fe7e4c4cdb9732f44aafe097 av-special-heading-h2 blockquote modern-quote  avia-builder-el-4  avia-builder-el-no-sibling  av-linked-heading'><h2 class='av-special-heading-tag '  itemprop=\"headline\"  >In 2010, ELAN collaborated with the Department of Canadian Heritage to organize an annual Arts, Culture and Heritage Working Group meeting with federal departments and agencies, including Canada Council, Telefilm, the Canadian Broadcasting Corporation (CBC), and the National Film Board of Canada (NFB).<\/h2><div class=\"special-heading-border\"><div class=\"special-heading-inner-border\"><\/div><\/div><\/div><\/div>\n<style type=\"text\/css\" data-created_by=\"avia_inline_auto\" id=\"style-css-av-51ctyta-5b07a8da4e6fc6a4e37f6b5dfb48c968\">\n.flex_column.av-51ctyta-5b07a8da4e6fc6a4e37f6b5dfb48c968{\nborder-radius:0px 0px 0px 0px;\npadding:0px 0px 0px 0px;\n}\n<\/style>\n<div  class='flex_column av-51ctyta-5b07a8da4e6fc6a4e37f6b5dfb48c968 av_one_half  avia-builder-el-5  el_after_av_one_half  el_before_av_one_half  flex_column_div av-zero-column-padding  '     ><style type=\"text\/css\" data-created_by=\"avia_inline_auto\" id=\"style-css-av-k5mqc7sn-c1d8cfb8a43c1b81d5727ca86f11f42a\">\n.avia-image-container.av-k5mqc7sn-c1d8cfb8a43c1b81d5727ca86f11f42a img.avia_image{\nbox-shadow:none;\n}\n.avia-image-container.av-k5mqc7sn-c1d8cfb8a43c1b81d5727ca86f11f42a .av-image-caption-overlay-center{\ncolor:#ffffff;\n}\n<\/style>\n<div  class='avia-image-container av-k5mqc7sn-c1d8cfb8a43c1b81d5727ca86f11f42a av-styling- avia-align-center  avia-builder-el-6  avia-builder-el-no-sibling '   itemprop=\"image\" itemscope=\"itemscope\" itemtype=\"https:\/\/schema.org\/ImageObject\" ><div class=\"avia-image-container-inner\"><div class=\"avia-image-overlay-wrap\"><img fetchpriority=\"high\" decoding=\"async\" fetchpriority=\"high\" fetchpriority=\"high\" class='wp-image-32505 avia-img-lazy-loading-not-32505 avia_image ' src=\"https:\/\/www.quebec-elan.org\/wp-content\/uploads\/2020\/01\/20170201_110549-1030x579.jpg\" alt='' title='20170201_110549'  height=\"579\" width=\"1030\"  itemprop=\"thumbnailUrl\" srcset=\"https:\/\/www.quebec-elan.org\/wp-content\/uploads\/2020\/01\/20170201_110549-1030x579.jpg 1030w, https:\/\/www.quebec-elan.org\/wp-content\/uploads\/2020\/01\/20170201_110549-scaled-600x338.jpg 600w, https:\/\/www.quebec-elan.org\/wp-content\/uploads\/2020\/01\/20170201_110549-300x169.jpg 300w, https:\/\/www.quebec-elan.org\/wp-content\/uploads\/2020\/01\/20170201_110549-768x432.jpg 768w, https:\/\/www.quebec-elan.org\/wp-content\/uploads\/2020\/01\/20170201_110549-1536x864.jpg 1536w, https:\/\/www.quebec-elan.org\/wp-content\/uploads\/2020\/01\/20170201_110549-2048x1152.jpg 2048w, https:\/\/www.quebec-elan.org\/wp-content\/uploads\/2020\/01\/20170201_110549-1500x844.jpg 1500w, https:\/\/www.quebec-elan.org\/wp-content\/uploads\/2020\/01\/20170201_110549-705x397.jpg 705w, https:\/\/www.quebec-elan.org\/wp-content\/uploads\/2020\/01\/20170201_110549-scaled.jpg 1450w\" sizes=\"(max-width: 1030px) 100vw, 1030px\" \/><\/div><\/div><\/div><\/div>\n<style type=\"text\/css\" data-created_by=\"avia_inline_auto\" id=\"style-css-av-4l14zku-7513a3f1aa96f8a3c89bb91a922812aa\">\n.flex_column.av-4l14zku-7513a3f1aa96f8a3c89bb91a922812aa{\nborder-radius:0px 0px 0px 0px;\npadding:0px 0px 0px 0px;\n}\n<\/style>\n<div  class='flex_column av-4l14zku-7513a3f1aa96f8a3c89bb91a922812aa av_one_half  avia-builder-el-7  el_after_av_one_half  el_before_av_one_half  first flex_column_div av-zero-column-padding  column-top-margin'     ><p>\n<style type=\"text\/css\" data-created_by=\"avia_inline_auto\" id=\"style-css-av-3o5ctha-96a6a0d22842bc4ef8cd00803d683fc4\">\n#top .av-special-heading.av-3o5ctha-96a6a0d22842bc4ef8cd00803d683fc4{\npadding-bottom:10px;\n}\nbody .av-special-heading.av-3o5ctha-96a6a0d22842bc4ef8cd00803d683fc4 .av-special-heading-tag .heading-char{\nfont-size:25px;\n}\n.av-special-heading.av-3o5ctha-96a6a0d22842bc4ef8cd00803d683fc4 .av-subheading{\nfont-size:15px;\n}\n<\/style>\n<div  class='av-special-heading av-3o5ctha-96a6a0d22842bc4ef8cd00803d683fc4 av-special-heading-h1 blockquote modern-quote  avia-builder-el-8  el_before_av_textblock  avia-builder-el-first  av-linked-heading'><h1 class='av-special-heading-tag '  itemprop=\"headline\"  >2010<\/h1><div class=\"special-heading-border\"><div class=\"special-heading-inner-border\"><\/div><\/div><\/div><br \/>\n<section  class='av_textblock_section av-k2w7dqpj-b3bb968125884a4618c35f9fda1770e5 '   itemscope=\"itemscope\" itemtype=\"https:\/\/schema.org\/CreativeWork\" ><div class='avia_textblock'  itemprop=\"text\" ><p>The ACH working group was inspired by a multipartite entente between the umbrella group for minority language francophone artists outside Quebec \u2013 la F\u00e9d\u00e9ration culturelle canadienne-fran\u00e7aise (FCCF) \u2013 and six federal cultural agencies. The first meeting of the English-language working group took place in November 2010.<\/p>\n<\/div><\/section><br \/>\n\n<style type=\"text\/css\" data-created_by=\"avia_inline_auto\" id=\"style-css-av-agcrpa-9c8b7d629827704b133de1f844a5dd84\">\n#top .av-special-heading.av-agcrpa-9c8b7d629827704b133de1f844a5dd84{\npadding-bottom:10px;\n}\nbody .av-special-heading.av-agcrpa-9c8b7d629827704b133de1f844a5dd84 .av-special-heading-tag .heading-char{\nfont-size:25px;\n}\n.av-special-heading.av-agcrpa-9c8b7d629827704b133de1f844a5dd84 .av-subheading{\nfont-size:15px;\n}\n<\/style>\n<div  class='av-special-heading av-agcrpa-9c8b7d629827704b133de1f844a5dd84 av-special-heading-h1 blockquote modern-quote  avia-builder-el-10  el_after_av_textblock  el_before_av_textblock  av-linked-heading'><h1 class='av-special-heading-tag '  itemprop=\"headline\"  >2012<\/h1><div class=\"special-heading-border\"><div class=\"special-heading-inner-border\"><\/div><\/div><\/div><br \/>\n<section  class='av_textblock_section av-k2w7dqpj-28-66564e80490c3bcbd44681f7208cef6e '   itemscope=\"itemscope\" itemtype=\"https:\/\/schema.org\/CreativeWork\" ><div class='avia_textblock'  itemprop=\"text\" ><p>The annual ACH working group meeting began to be jointly produced by the Quebec Regional Office of the Department of Canadian Heritage, ELAN and the Quebec Anglophone Heritage Network (QAHN).<\/p>\n<\/div><\/section><\/p><\/div>\n<style type=\"text\/css\" data-created_by=\"avia_inline_auto\" id=\"style-css-av-k5mpt57f-e9043f8f9fabf3bea3ebf5507bd6b606\">\n.flex_column.av-k5mpt57f-e9043f8f9fabf3bea3ebf5507bd6b606{\nborder-width:2px;\nborder-color:#0054a6;\nborder-style:solid;\nborder-radius:0px 0px 0px 0px;\npadding:50px 50px 50px 50px;\n}\n<\/style>\n<div  class='flex_column av-k5mpt57f-e9043f8f9fabf3bea3ebf5507bd6b606 av_one_half  avia-builder-el-12  el_after_av_one_half  avia-builder-el-last  flex_column_div  column-top-margin'     ><section  class='av_textblock_section av-k2w7dqpj-27-d43ccdf597bd590720f8388d3612526f '   itemscope=\"itemscope\" itemtype=\"https:\/\/schema.org\/CreativeWork\" ><div class='avia_textblock'  itemprop=\"text\" ><p><strong>Ten artists and two historians met with 12 senior representatives from federal cultural agencies:<\/strong><\/p>\n<ul>\n<li>Canadian Heritage \u2013 Quebec Region<\/li>\n<li>Canadian Heritage \u2013 Building Communities through Arts and Heritage (BCAH)<\/li>\n<li>Canadian Heritage Canada Cultural Spaces Fund<\/li>\n<li>Canadian Heritage \u2013 Arts Presentation<\/li>\n<li>Canadian Heritage \u2013 Celebration and Commemoration<\/li>\n<li>Canada Council for the Arts<\/li>\n<li>Canadian Broadcasting Corporation (CBC)\n<ul>\n<li>National Film Board of Canada (NFB)<\/li>\n<li>Telefilm Canada<\/li>\n<li>National Arts Centre Corporation (NAC)<\/li>\n<\/ul>\n<\/li>\n<\/ul>\n<\/div><\/section><\/div>\n\n<\/div><\/div><\/div><!-- close content main div --><\/div><\/div><div id='av_section_2'  class='avia-section av-l3zvnumn-2d09f9e239668d77017c7b23ad336665 main_color avia-section-no-padding avia-no-border-styling  avia-builder-el-14  el_after_av_section  el_before_av_section  seprator-section avia-bg-style-scroll container_wrap sidebar_right'  ><div class='container av-section-cont-open' ><div class='template-page content  av-content-small alpha units'><div class='post-entry post-entry-type-page post-entry-42229'><div class='entry-content-wrapper clearfix'>\n\n<style type=\"text\/css\" data-created_by=\"avia_inline_auto\" id=\"style-css-av-l3zvodf0-52dd34a3a964d854f9035cb19fc02bb8\">\n#top .hr.av-l3zvodf0-52dd34a3a964d854f9035cb19fc02bb8{\nmargin-top:0px;\nmargin-bottom:0px;\n}\n.hr.av-l3zvodf0-52dd34a3a964d854f9035cb19fc02bb8 .hr-inner{\nwidth:100%;\nborder-color:#6698c9;\n}\n<\/style>\n<div  class='hr av-l3zvodf0-52dd34a3a964d854f9035cb19fc02bb8 hr-custom  avia-builder-el-15  avia-builder-el-no-sibling  hr-center hr-icon-no'><span class='hr-inner inner-border-av-border-thin'><span class=\"hr-inner-style\"><\/span><\/span><\/div>\n\n<\/div><\/div><\/div><!-- close content main div --><\/div><\/div><div id='av_section_3'  class='avia-section av-k5mrihh8-7ae3da9bc8d3186b629d4d2e41d5445d main_color avia-section-default avia-no-border-styling  avia-builder-el-16  el_after_av_section  el_before_av_section  avia-bg-style-scroll container_wrap sidebar_right'  ><div class='container av-section-cont-open' ><div class='template-page content  av-content-small alpha units'><div class='post-entry post-entry-type-page post-entry-42229'><div class='entry-content-wrapper clearfix'>\n\n<style type=\"text\/css\" data-created_by=\"avia_inline_auto\" id=\"style-css-av-k5mqc7sn-29-bb0e55cf4037db764f9edc543de92719\">\n.avia-image-container.av-k5mqc7sn-29-bb0e55cf4037db764f9edc543de92719 img.avia_image{\nbox-shadow:none;\n}\n.avia-image-container.av-k5mqc7sn-29-bb0e55cf4037db764f9edc543de92719 .av-image-caption-overlay-center{\ncolor:#ffffff;\n}\n<\/style>\n<div  class='avia-image-container av-k5mqc7sn-29-bb0e55cf4037db764f9edc543de92719 av-styling- avia-align-center  avia-builder-el-17  el_before_av_textblock  avia-builder-el-first '   itemprop=\"image\" itemscope=\"itemscope\" itemtype=\"https:\/\/schema.org\/ImageObject\" ><div class=\"avia-image-container-inner\"><div class=\"avia-image-overlay-wrap\"><img fetchpriority=\"high\" fetchpriority=\"high\" decoding=\"async\" fetchpriority=\"high\" class='wp-image-32522 avia-img-lazy-loading-not-32522 avia_image ' src=\"https:\/\/www.quebec-elan.org\/wp-content\/uploads\/2020\/01\/ONF-signature-10.jpg\" alt='' title='ONF-signature-10'  height=\"625\" width=\"938\"  itemprop=\"thumbnailUrl\" srcset=\"https:\/\/www.quebec-elan.org\/wp-content\/uploads\/2020\/01\/ONF-signature-10.jpg 938w, https:\/\/www.quebec-elan.org\/wp-content\/uploads\/2020\/01\/ONF-signature-10-600x400.jpg 600w, https:\/\/www.quebec-elan.org\/wp-content\/uploads\/2020\/01\/ONF-signature-10-300x200.jpg 300w, https:\/\/www.quebec-elan.org\/wp-content\/uploads\/2020\/01\/ONF-signature-10-768x512.jpg 768w, https:\/\/www.quebec-elan.org\/wp-content\/uploads\/2020\/01\/ONF-signature-10-705x470.jpg 705w\" sizes=\"(max-width: 938px) 100vw, 938px\" \/><\/div><\/div><\/div>\n<section  class='av_textblock_section av-k2w7dqpj-25-3064b3cd3387d8cffeb3b76a2e384241 '   itemscope=\"itemscope\" itemtype=\"https:\/\/schema.org\/CreativeWork\" ><div class='avia_textblock'  itemprop=\"text\" ><p style=\"text-align: center;\"><em>Landmark agreement signed with the NFB in 2015.<br \/>\n<\/em><\/p>\n<\/div><\/section>\n\n<\/div><\/div><\/div><!-- close content main div --><\/div><\/div><div id='av_section_4'  class='avia-section av-5sio9q-f84a13e6d409a42cb2893e3ec48e4b8d main_color avia-section-no-padding avia-no-border-styling  avia-builder-el-19  el_after_av_section  el_before_av_section  seprator-section avia-bg-style-scroll container_wrap sidebar_right'  ><div class='container av-section-cont-open' ><div class='template-page content  av-content-small alpha units'><div class='post-entry post-entry-type-page post-entry-42229'><div class='entry-content-wrapper clearfix'>\n\n<style type=\"text\/css\" data-created_by=\"avia_inline_auto\" id=\"style-css-av-z3kxdq-08452b92f13fdfc5e8fb2d5a21c06931\">\n#top .hr.av-z3kxdq-08452b92f13fdfc5e8fb2d5a21c06931{\nmargin-top:0px;\nmargin-bottom:0px;\n}\n.hr.av-z3kxdq-08452b92f13fdfc5e8fb2d5a21c06931 .hr-inner{\nwidth:100%;\nborder-color:#6698c9;\n}\n<\/style>\n<div  class='hr av-z3kxdq-08452b92f13fdfc5e8fb2d5a21c06931 hr-custom  avia-builder-el-20  avia-builder-el-no-sibling  hr-center hr-icon-no'><span class='hr-inner inner-border-av-border-thin'><span class=\"hr-inner-style\"><\/span><\/span><\/div>\n\n<\/div><\/div><\/div><!-- close content main div --><\/div><\/div><div id='av_section_5'  class='avia-section av-t8cby6-c2e2056c4cd43189aba6c8c3179e83c0 main_color avia-section-default avia-no-border-styling  avia-builder-el-21  el_after_av_section  el_before_av_section  avia-bg-style-scroll container_wrap sidebar_right'  ><div class='container av-section-cont-open' ><div class='template-page content  av-content-small alpha units'><div class='post-entry post-entry-type-page post-entry-42229'><div class='entry-content-wrapper clearfix'>\n\n<style type=\"text\/css\" data-created_by=\"avia_inline_auto\" id=\"style-css-av-2k8rzxa-f10f946c8b3df58633a0b0cf85ab6549\">\n.flex_column.av-2k8rzxa-f10f946c8b3df58633a0b0cf85ab6549{\nborder-radius:0px 0px 0px 0px;\npadding:0px 0px 0px 0px;\n}\n<\/style>\n<div  class='flex_column av-2k8rzxa-f10f946c8b3df58633a0b0cf85ab6549 av_one_half  avia-builder-el-22  el_before_av_one_half  avia-builder-el-first  first flex_column_div av-zero-column-padding  '     ><p>\n<style type=\"text\/css\" data-created_by=\"avia_inline_auto\" id=\"style-css-av-2hnhdfi-302edada9def3e046071201719c98fe7\">\n#top .av-special-heading.av-2hnhdfi-302edada9def3e046071201719c98fe7{\npadding-bottom:10px;\n}\nbody .av-special-heading.av-2hnhdfi-302edada9def3e046071201719c98fe7 .av-special-heading-tag .heading-char{\nfont-size:25px;\n}\n.av-special-heading.av-2hnhdfi-302edada9def3e046071201719c98fe7 .av-subheading{\nfont-size:15px;\n}\n<\/style>\n<div  class='av-special-heading av-2hnhdfi-302edada9def3e046071201719c98fe7 av-special-heading-h1 blockquote modern-quote  avia-builder-el-23  el_before_av_textblock  avia-builder-el-first  av-linked-heading'><h1 class='av-special-heading-tag '  itemprop=\"headline\"  >2013<\/h1><div class=\"special-heading-border\"><div class=\"special-heading-inner-border\"><\/div><\/div><\/div><br \/>\n<section  class='av_textblock_section av-k2w7dqpj-23-570eed9c615b36f1c1d14adb96deda0b '   itemscope=\"itemscope\" itemtype=\"https:\/\/schema.org\/CreativeWork\" ><div class='avia_textblock'  itemprop=\"text\" ><p>ACH working group attendance increased to 20 members of ELAN and QAHN and 20 representatives from federal cultural agencies.<\/p>\n<\/div><\/section><br \/>\n\n<style type=\"text\/css\" data-created_by=\"avia_inline_auto\" id=\"style-css-av-1wp0vni-a63d355868ef9ccfe278091abdc398ec\">\n#top .av-special-heading.av-1wp0vni-a63d355868ef9ccfe278091abdc398ec{\npadding-bottom:10px;\n}\nbody .av-special-heading.av-1wp0vni-a63d355868ef9ccfe278091abdc398ec .av-special-heading-tag .heading-char{\nfont-size:25px;\n}\n.av-special-heading.av-1wp0vni-a63d355868ef9ccfe278091abdc398ec .av-subheading{\nfont-size:15px;\n}\n<\/style>\n<div  class='av-special-heading av-1wp0vni-a63d355868ef9ccfe278091abdc398ec av-special-heading-h1 blockquote modern-quote  avia-builder-el-25  el_after_av_textblock  el_before_av_textblock  av-linked-heading'><h1 class='av-special-heading-tag '  itemprop=\"headline\"  >2014<\/h1><div class=\"special-heading-border\"><div class=\"special-heading-inner-border\"><\/div><\/div><\/div><br \/>\n<section  class='av_textblock_section av-k2w7dqpj-21-51442dd00569e2475ad719a7cc0bbc25 '   itemscope=\"itemscope\" itemtype=\"https:\/\/schema.org\/CreativeWork\" ><div class='avia_textblock'  itemprop=\"text\" ><p>Ideas generated at the annual meeting of the ACH working group are developed at bi-monthly meetings by co-leaders (from arts, culture and heritage groups and from federal institutions). Additional community partners invited to attend included YES Montreal, CEDEC, QCGN, and the Quebec office of the Commissioner of Official Languages.<\/p>\n<\/div><\/section><br \/>\n\n<style type=\"text\/css\" data-created_by=\"avia_inline_auto\" id=\"style-css-av-1ox2v0e-3ea5139b158553dd6154226e81a147e7\">\n#top .av-special-heading.av-1ox2v0e-3ea5139b158553dd6154226e81a147e7{\npadding-bottom:10px;\n}\nbody .av-special-heading.av-1ox2v0e-3ea5139b158553dd6154226e81a147e7 .av-special-heading-tag .heading-char{\nfont-size:25px;\n}\n.av-special-heading.av-1ox2v0e-3ea5139b158553dd6154226e81a147e7 .av-subheading{\nfont-size:15px;\n}\n<\/style>\n<div  class='av-special-heading av-1ox2v0e-3ea5139b158553dd6154226e81a147e7 av-special-heading-h1 blockquote modern-quote  avia-builder-el-27  el_after_av_textblock  el_before_av_textblock  av-linked-heading'><h1 class='av-special-heading-tag '  itemprop=\"headline\"  >2015<\/h1><div class=\"special-heading-border\"><div class=\"special-heading-inner-border\"><\/div><\/div><\/div><br \/>\n<section  class='av_textblock_section av-k2w7dqpj-20-daf3e13fde85db6e3a352dc9cfc955be '   itemscope=\"itemscope\" itemtype=\"https:\/\/schema.org\/CreativeWork\" ><div class='avia_textblock'  itemprop=\"text\" ><p class=\"av-special-heading-tag \">Landmark collaboration agreement signed by NFB, ELAN, and the Quebec English-language Production Council (QPEC).<\/p>\n<\/div><\/section><\/p><\/div>\n<style type=\"text\/css\" data-created_by=\"avia_inline_auto\" id=\"style-css-av-k5mpt57f-26-00fece57a1f9889b17f9e9499278c74b\">\n.flex_column.av-k5mpt57f-26-00fece57a1f9889b17f9e9499278c74b{\nborder-width:2px;\nborder-color:#0054a6;\nborder-style:solid;\nborder-radius:0px 0px 0px 0px;\npadding:50px 50px 50px 50px;\n}\n<\/style>\n<div  class='flex_column av-k5mpt57f-26-00fece57a1f9889b17f9e9499278c74b av_one_half  avia-builder-el-29  el_after_av_one_half  el_before_av_one_half  flex_column_div  '     ><section  class='av_textblock_section av-k2w7dqpj-19-741ba98d2b16ef6d21e7cd3b120469fa '   itemscope=\"itemscope\" itemtype=\"https:\/\/schema.org\/CreativeWork\" ><div class='avia_textblock'  itemprop=\"text\" ><p><strong>New participants in the ACH working group included:<\/strong><\/p>\n<ul>\n<li>Industry Canada (later becomes Innovation, Science and Economic Development (ISED))<\/li>\n<li>National Capital Commission<\/li>\n<li>Parks Canada<\/li>\n<li>Foreign Affairs and International Trade Canada<\/li>\n<li>Canada Economic Development for Quebec<\/li>\n<li>Business Development Corporation<\/li>\n<li>Human Resources and Skills Development Canada (HRSDC)<\/li>\n<li>Canadian Tourism Commission<\/li>\n<li>Canadian Radio-television and Telecommunications Commission (CRTC)<\/li>\n<\/ul>\n<\/div><\/section><\/div>\n<style type=\"text\/css\" data-created_by=\"avia_inline_auto\" id=\"style-css-av-2k8rzxa-22-be143130d5cac99d050ce93b9ad77f7b\">\n.flex_column.av-2k8rzxa-22-be143130d5cac99d050ce93b9ad77f7b{\nborder-radius:0px 0px 0px 0px;\npadding:0px 0px 0px 0px;\n}\n<\/style>\n<div  class='flex_column av-2k8rzxa-22-be143130d5cac99d050ce93b9ad77f7b av_one_half  avia-builder-el-31  el_after_av_one_half  el_before_av_one_half  first flex_column_div av-zero-column-padding  column-top-margin'     ><p>\n<style type=\"text\/css\" data-created_by=\"avia_inline_auto\" id=\"style-css-av-16lxv6m-0fd48eb1646dcd41c607d34dec86b578\">\n#top .av-special-heading.av-16lxv6m-0fd48eb1646dcd41c607d34dec86b578{\npadding-bottom:10px;\n}\nbody .av-special-heading.av-16lxv6m-0fd48eb1646dcd41c607d34dec86b578 .av-special-heading-tag .heading-char{\nfont-size:25px;\n}\n.av-special-heading.av-16lxv6m-0fd48eb1646dcd41c607d34dec86b578 .av-subheading{\nfont-size:15px;\n}\n<\/style>\n<div  class='av-special-heading av-16lxv6m-0fd48eb1646dcd41c607d34dec86b578 av-special-heading-h1 blockquote modern-quote  avia-builder-el-32  el_before_av_textblock  avia-builder-el-first  av-linked-heading'><h1 class='av-special-heading-tag '  itemprop=\"headline\"  >2018<\/h1><div class=\"special-heading-border\"><div class=\"special-heading-inner-border\"><\/div><\/div><\/div><br \/>\n<section  class='av_textblock_section av-k2w7dqpj-18-cef6cdee61b3f12d416191ed74352168 '   itemscope=\"itemscope\" itemtype=\"https:\/\/schema.org\/CreativeWork\" ><div class='avia_textblock'  itemprop=\"text\" ><p class=\"av-special-heading-tag \">The federal working group is expanded to include provincial and regional institutions: le Conseil des arts et des lettres du Qu\u00e9bec (CALQ), le Conseil des arts de Montr\u00e9al (CAM), and the newly created Secretariat for Relations with English-Speaking Quebeckers. Total attendance increased to 50 participants.<\/p>\n<\/div><\/section><\/p><\/div>\n<style type=\"text\/css\" data-created_by=\"avia_inline_auto\" id=\"style-css-av-35ek4fy-5219e30e2c01dce13871a2df3a878fd1\">\n.flex_column.av-35ek4fy-5219e30e2c01dce13871a2df3a878fd1{\nborder-radius:0px 0px 0px 0px;\npadding:0px 0px 0px 0px;\n}\n<\/style>\n<div  class='flex_column av-35ek4fy-5219e30e2c01dce13871a2df3a878fd1 av_one_half  avia-builder-el-34  el_after_av_one_half  avia-builder-el-last  flex_column_div av-zero-column-padding  column-top-margin'     ><style type=\"text\/css\" data-created_by=\"avia_inline_auto\" id=\"style-css-av-k5mqc7sn-24-f6d800b0f966b1f0cfdc3b0fc3a1b86b\">\n.avia-image-container.av-k5mqc7sn-24-f6d800b0f966b1f0cfdc3b0fc3a1b86b img.avia_image{\nbox-shadow:none;\n}\n.avia-image-container.av-k5mqc7sn-24-f6d800b0f966b1f0cfdc3b0fc3a1b86b .av-image-caption-overlay-center{\ncolor:#ffffff;\n}\n<\/style>\n<div  class='avia-image-container av-k5mqc7sn-24-f6d800b0f966b1f0cfdc3b0fc3a1b86b av-styling- avia-align-center  avia-builder-el-35  avia-builder-el-no-sibling '   itemprop=\"image\" itemscope=\"itemscope\" itemtype=\"https:\/\/schema.org\/ImageObject\" ><div class=\"avia-image-container-inner\"><div class=\"avia-image-overlay-wrap\"><img fetchpriority=\"high\" decoding=\"async\" fetchpriority=\"high\" fetchpriority=\"high\" class='wp-image-32520 avia-img-lazy-loading-not-32520 avia_image ' src=\"https:\/\/www.quebec-elan.org\/wp-content\/uploads\/2020\/01\/nfb-june2019-1030x533.png\" alt='' title='nfb-june2019'  height=\"533\" width=\"1030\"  itemprop=\"thumbnailUrl\" srcset=\"https:\/\/www.quebec-elan.org\/wp-content\/uploads\/2020\/01\/nfb-june2019-1030x533.png 1030w, https:\/\/www.quebec-elan.org\/wp-content\/uploads\/2020\/01\/nfb-june2019-600x311.png 600w, https:\/\/www.quebec-elan.org\/wp-content\/uploads\/2020\/01\/nfb-june2019-300x155.png 300w, https:\/\/www.quebec-elan.org\/wp-content\/uploads\/2020\/01\/nfb-june2019-768x397.png 768w, https:\/\/www.quebec-elan.org\/wp-content\/uploads\/2020\/01\/nfb-june2019-705x365.png 705w, https:\/\/www.quebec-elan.org\/wp-content\/uploads\/2020\/01\/nfb-june2019.png 1341w\" sizes=\"(max-width: 1030px) 100vw, 1030px\" \/><\/div><\/div><\/div><\/div>\n\n<\/div><\/div><\/div><!-- close content main div --><\/div><\/div><div id='av_section_6'  class='avia-section av-z382f2-2377dcc5ae1a7da7a5245f89dabf8e26 main_color avia-section-small avia-no-border-styling  avia-builder-el-36  el_after_av_section  el_before_av_section  avia-bg-style-scroll container_wrap sidebar_right'  ><div class='container av-section-cont-open' ><div class='template-page content  av-content-small alpha units'><div class='post-entry post-entry-type-page post-entry-42229'><div class='entry-content-wrapper clearfix'>\n\n<style type=\"text\/css\" data-created_by=\"avia_inline_auto\" id=\"style-css-av-pryvoe-a7a7bc78534d14cc77bd95176eee117a\">\n#top .av-special-heading.av-pryvoe-a7a7bc78534d14cc77bd95176eee117a{\npadding-bottom:0;\n}\nbody .av-special-heading.av-pryvoe-a7a7bc78534d14cc77bd95176eee117a .av-special-heading-tag .heading-char{\nfont-size:25px;\n}\n.av-special-heading.av-pryvoe-a7a7bc78534d14cc77bd95176eee117a .av-subheading{\nfont-size:15px;\n}\n<\/style>\n<div  class='av-special-heading av-pryvoe-a7a7bc78534d14cc77bd95176eee117a av-special-heading-h1  avia-builder-el-37  avia-builder-el-no-sibling  av-linked-heading'><h1 class='av-special-heading-tag '  itemprop=\"headline\"  >Success Stories<\/h1><div class=\"special-heading-border\"><div class=\"special-heading-inner-border\"><\/div><\/div><\/div>\n\n<\/div><\/div><\/div><!-- close content main div --><\/div><\/div><div id='av_section_7'  class='avia-section av-lcpfcu-fe1211736622ba2f81ca01203cc64f1e main_color avia-section-default avia-no-border-styling  avia-builder-el-38  el_after_av_section  avia-builder-el-last  avia-bg-style-scroll container_wrap sidebar_right'  ><div class='container av-section-cont-open' ><div class='template-page content  av-content-small alpha units'><div class='post-entry post-entry-type-page post-entry-42229'><div class='entry-content-wrapper clearfix'>\n<div class='flex_column_table av-1c9sopq-dab550bfea09ffa8b0a9006078e7c74e sc-av_one_half av-equal-height-column-flextable'>\n<style type=\"text\/css\" data-created_by=\"avia_inline_auto\" id=\"style-css-av-1c9sopq-dab550bfea09ffa8b0a9006078e7c74e\">\n.flex_column.av-1c9sopq-dab550bfea09ffa8b0a9006078e7c74e{\nwidth:48%;\nmargin-left:0;\nborder-width:2px;\nborder-color:#0054a6;\nborder-style:solid;\nborder-radius:0px 0px 0px 0px;\npadding:30px 30px 30px 30px;\n}\n#top .flex_column_table.av-equal-height-column-flextable.av-1c9sopq-dab550bfea09ffa8b0a9006078e7c74e .av-flex-placeholder{\nwidth:4%;\n}\n<\/style>\n<div  class='flex_column av-1c9sopq-dab550bfea09ffa8b0a9006078e7c74e av_one_half  avia-builder-el-39  el_before_av_one_half  avia-builder-el-first  first flex_column_table_cell av-equal-height-column av-align-top  '     ><p>\n<style type=\"text\/css\" data-created_by=\"avia_inline_auto\" id=\"style-css-av-k2wafg49-219716a75f055c054b9500acc6876af4\">\n.avia-image-container.av-k2wafg49-219716a75f055c054b9500acc6876af4 img.avia_image{\nbox-shadow:none;\n}\n.avia-image-container.av-k2wafg49-219716a75f055c054b9500acc6876af4 .av-image-caption-overlay-center{\ncolor:#ffffff;\n}\n<\/style>\n<div  class='avia-image-container av-k2wafg49-219716a75f055c054b9500acc6876af4 av-styling- avia-align-center  avia-builder-el-40  el_before_av_heading  avia-builder-el-first '   itemprop=\"image\" itemscope=\"itemscope\" itemtype=\"https:\/\/schema.org\/ImageObject\" ><div class=\"avia-image-container-inner\"><div class=\"avia-image-overlay-wrap\"><img fetchpriority=\"high\" decoding=\"async\" fetchpriority=\"high\" fetchpriority=\"high\" class='wp-image-31415 avia-img-lazy-loading-not-31415 avia_image ' src=\"https:\/\/www.quebec-elan.org\/wp-content\/uploads\/2019\/11\/persistent_and_finagling_LG.jpg\" alt='' title='persistent_and_finagling_LG'  height=\"396\" width=\"704\"  itemprop=\"thumbnailUrl\" srcset=\"https:\/\/www.quebec-elan.org\/wp-content\/uploads\/2019\/11\/persistent_and_finagling_LG.jpg 704w, https:\/\/www.quebec-elan.org\/wp-content\/uploads\/2019\/11\/persistent_and_finagling_LG-600x338.jpg 600w, https:\/\/www.quebec-elan.org\/wp-content\/uploads\/2019\/11\/persistent_and_finagling_LG-300x169.jpg 300w\" sizes=\"(max-width: 704px) 100vw, 704px\" \/><\/div><\/div><\/div><br \/>\n\n<style type=\"text\/css\" data-created_by=\"avia_inline_auto\" id=\"style-css-av-28mtp9a-4c4ef683c0682583aec9e7767130f8f8\">\n#top .av-special-heading.av-28mtp9a-4c4ef683c0682583aec9e7767130f8f8{\npadding-bottom:10px;\n}\nbody .av-special-heading.av-28mtp9a-4c4ef683c0682583aec9e7767130f8f8 .av-special-heading-tag .heading-char{\nfont-size:25px;\n}\n.av-special-heading.av-28mtp9a-4c4ef683c0682583aec9e7767130f8f8 .av-subheading{\nfont-size:15px;\n}\n<\/style>\n<div  class='av-special-heading av-28mtp9a-4c4ef683c0682583aec9e7767130f8f8 av-special-heading-h2 blockquote modern-quote  avia-builder-el-41  el_after_av_image  el_before_av_textblock '><h2 class='av-special-heading-tag '  itemprop=\"headline\"  >NFB playlist of films by and about Quebec\u2019s English-speaking community<\/h2><div class=\"special-heading-border\"><div class=\"special-heading-inner-border\"><\/div><\/div><\/div><br \/>\n<section  class='av_textblock_section av-k2w7dqpj-17-b9ef4bdeb912c89b84425d4cc6a96dc8 '   itemscope=\"itemscope\" itemtype=\"https:\/\/schema.org\/CreativeWork\" ><div class='avia_textblock'  itemprop=\"text\" ><p>Featuring acclaimed works like Robin Spry&rsquo;s expose on English-speaking groups reacting to the October Crisis of 1970 (<i>Reaction: A Portrait of a Society in Crisis<\/i>), Gerry Beitel&rsquo;s documentary on Montreal political cartoonists Aislin and Serge Chapleau (<i>Nothing Sacred<\/i>),\u00a0Tanya Ballantine&rsquo;s anatomy of poverty in Montreal (<em>The Things I Cannot Change<\/em>), and Michael Rubbo&rsquo;s documentary on a city-wide campaign against air pollution led by Montr\u00e9al women (<em>Persistent and Finangling<\/em>) &#8230;<\/p>\n<\/div><\/section><br \/>\n\n<style type=\"text\/css\" data-created_by=\"avia_inline_auto\" id=\"style-css-av-k2w7b71u-8bf367d3842285b017fccfb5a7f67a21\">\n#top .hr.hr-invisible.av-k2w7b71u-8bf367d3842285b017fccfb5a7f67a21{\nheight:25px;\n}\n<\/style>\n<div  class='hr av-k2w7b71u-8bf367d3842285b017fccfb5a7f67a21 hr-invisible  avia-builder-el-43  el_after_av_textblock  el_before_av_button '><span class='hr-inner '><span class=\"hr-inner-style\"><\/span><\/span><\/div><br \/>\n<div  class='avia-button-wrap av-k2wa9mp1-0c29c377ab993f13a6f658110e27160b-wrap avia-button-left  avia-builder-el-44  el_after_av_hr  avia-builder-el-last '><a href='https:\/\/www.nfb.ca\/playlist\/role_english_community_quebec\/'  class='avia-button av-k2wa9mp1-0c29c377ab993f13a6f658110e27160b av-link-btn avia-icon_select-no avia-size-large avia-position-left avia-color-theme-color'  target=\"_blank\"  rel=\"noopener noreferrer\"  aria-label=\"Learn More\"><span class='avia_iconbox_title' >Learn More<\/span><\/a><\/div><\/p><\/div><div class='av-flex-placeholder'><\/div>\n<style type=\"text\/css\" data-created_by=\"avia_inline_auto\" id=\"style-css-av-dy9y5a-d7269e2f4453f708a6e4c2a5ad6f7f2e\">\n.flex_column.av-dy9y5a-d7269e2f4453f708a6e4c2a5ad6f7f2e{\nwidth:48%;\nmargin-left:0;\nborder-width:2px;\nborder-color:#0054a6;\nborder-style:solid;\nborder-radius:0px 0px 0px 0px;\npadding:30px 30px 30px 30px;\n}\n#top .flex_column_table.av-equal-height-column-flextable.av-dy9y5a-d7269e2f4453f708a6e4c2a5ad6f7f2e .av-flex-placeholder{\nwidth:4%;\n}\n<\/style>\n<div  class='flex_column av-dy9y5a-d7269e2f4453f708a6e4c2a5ad6f7f2e av_one_half  avia-builder-el-45  el_after_av_one_half  el_before_av_one_half  flex_column_table_cell av-equal-height-column av-align-top  '     ><p>\n<style type=\"text\/css\" data-created_by=\"avia_inline_auto\" id=\"style-css-av-k2wafg49-14-dbd85107207e397943ffffce22eba9cc\">\n.avia-image-container.av-k2wafg49-14-dbd85107207e397943ffffce22eba9cc img.avia_image{\nbox-shadow:none;\n}\n.avia-image-container.av-k2wafg49-14-dbd85107207e397943ffffce22eba9cc .av-image-caption-overlay-center{\ncolor:#ffffff;\n}\n<\/style>\n<div  class='avia-image-container av-k2wafg49-14-dbd85107207e397943ffffce22eba9cc av-styling- avia-align-center  avia-builder-el-46  el_before_av_heading  avia-builder-el-first '   itemprop=\"image\" itemscope=\"itemscope\" itemtype=\"https:\/\/schema.org\/ImageObject\" ><div class=\"avia-image-container-inner\"><div class=\"avia-image-overlay-wrap\"><img fetchpriority=\"high\" decoding=\"async\" fetchpriority=\"high\" fetchpriority=\"high\" class='wp-image-29641 avia-img-lazy-loading-not-29641 avia_image ' src=\"https:\/\/www.quebec-elan.org\/wp-content\/uploads\/2019\/08\/20180222_111914-1030x579.jpg\" alt='' title='20180222_111914'  height=\"579\" width=\"1030\"  itemprop=\"thumbnailUrl\" srcset=\"https:\/\/www.quebec-elan.org\/wp-content\/uploads\/2019\/08\/20180222_111914-1030x579.jpg 1030w, https:\/\/www.quebec-elan.org\/wp-content\/uploads\/2019\/08\/20180222_111914-scaled-600x338.jpg 600w, https:\/\/www.quebec-elan.org\/wp-content\/uploads\/2019\/08\/20180222_111914-300x169.jpg 300w, https:\/\/www.quebec-elan.org\/wp-content\/uploads\/2019\/08\/20180222_111914-768x432.jpg 768w, https:\/\/www.quebec-elan.org\/wp-content\/uploads\/2019\/08\/20180222_111914-1500x844.jpg 1500w, https:\/\/www.quebec-elan.org\/wp-content\/uploads\/2019\/08\/20180222_111914-705x397.jpg 705w, https:\/\/www.quebec-elan.org\/wp-content\/uploads\/2019\/08\/20180222_111914-450x253.jpg 450w, https:\/\/www.quebec-elan.org\/wp-content\/uploads\/2019\/08\/20180222_111914-scaled.jpg 1450w\" sizes=\"(max-width: 1030px) 100vw, 1030px\" \/><\/div><\/div><\/div><br \/>\n\n<style type=\"text\/css\" data-created_by=\"avia_inline_auto\" id=\"style-css-av-1jmmala-3bb039d73342f8e85b8c81475d1eb1ad\">\n#top .av-special-heading.av-1jmmala-3bb039d73342f8e85b8c81475d1eb1ad{\npadding-bottom:10px;\n}\nbody .av-special-heading.av-1jmmala-3bb039d73342f8e85b8c81475d1eb1ad .av-special-heading-tag .heading-char{\nfont-size:25px;\n}\n.av-special-heading.av-1jmmala-3bb039d73342f8e85b8c81475d1eb1ad .av-subheading{\nfont-size:15px;\n}\n<\/style>\n<div  class='av-special-heading av-1jmmala-3bb039d73342f8e85b8c81475d1eb1ad av-special-heading-h2 blockquote modern-quote  avia-builder-el-47  el_after_av_image  el_before_av_textblock '><h2 class='av-special-heading-tag '  itemprop=\"headline\"  >Investment in Digital Solutions research by ISED<\/h2><div class=\"special-heading-border\"><div class=\"special-heading-inner-border\"><\/div><\/div><\/div><br \/>\n<section  class='av_textblock_section av-k2w7dqpj-13-88eb86867e3ac02490d88b81e19b0ec2 '   itemscope=\"itemscope\" itemtype=\"https:\/\/schema.org\/CreativeWork\" ><div class='avia_textblock'  itemprop=\"text\" ><p>In 2016, ELAN surveyed 30+ artists and arts producers of multiple disciplines to find out whether English-speaking creators in Quebec had the tools they needed to reach the public and grow their audiences &#8230;<\/p>\n<\/div><\/section><br \/>\n\n<style type=\"text\/css\" data-created_by=\"avia_inline_auto\" id=\"style-css-av-k2w7b71u-12-7951505f9cdbc018d1fdbead8949d727\">\n#top .hr.hr-invisible.av-k2w7b71u-12-7951505f9cdbc018d1fdbead8949d727{\nheight:25px;\n}\n<\/style>\n<div  class='hr av-k2w7b71u-12-7951505f9cdbc018d1fdbead8949d727 hr-invisible  avia-builder-el-49  el_after_av_textblock  el_before_av_button '><span class='hr-inner '><span class=\"hr-inner-style\"><\/span><\/span><\/div><br \/>\n<div  class='avia-button-wrap av-k2wa9mp1-11-583f3dd9efac5aed94af552fa58a044f-wrap avia-button-left  avia-builder-el-50  el_after_av_hr  avia-builder-el-last '><a href='https:\/\/www.quebec-elan.org\/digital-solutions\/'  class='avia-button av-k2wa9mp1-11-583f3dd9efac5aed94af552fa58a044f av-link-btn avia-icon_select-no avia-size-large avia-position-left avia-color-theme-color'  target=\"_blank\"  rel=\"noopener noreferrer\"  aria-label=\"Learn More\"><span class='avia_iconbox_title' >Learn More<\/span><\/a><\/div><\/p><\/div><\/div><!--close column table wrapper. Autoclose: 1 --><div class='flex_column_table av-13wnmxq-7f132f0dedb8d09b25c6adc5da8b3008 sc-av_one_half av-equal-height-column-flextable'>\n<style type=\"text\/css\" data-created_by=\"avia_inline_auto\" id=\"style-css-av-13wnmxq-7f132f0dedb8d09b25c6adc5da8b3008\">\n.flex_column.av-13wnmxq-7f132f0dedb8d09b25c6adc5da8b3008{\nwidth:48%;\nmargin-left:0;\nborder-width:2px;\nborder-color:#0054a6;\nborder-style:solid;\nborder-radius:0px 0px 0px 0px;\npadding:30px 30px 30px 30px;\n}\n#top .flex_column_table.av-equal-height-column-flextable.av-13wnmxq-7f132f0dedb8d09b25c6adc5da8b3008 .av-flex-placeholder{\nwidth:4%;\n}\n<\/style>\n<div  class='flex_column av-13wnmxq-7f132f0dedb8d09b25c6adc5da8b3008 av_one_half  avia-builder-el-51  el_after_av_one_half  el_before_av_one_half  first flex_column_table_cell av-equal-height-column av-align-top  column-top-margin'     ><p>\n<style type=\"text\/css\" data-created_by=\"avia_inline_auto\" id=\"style-css-av-k2wafg49-10-14ecf7f40577ce4b42f7dc1ca3cd7984\">\n.avia-image-container.av-k2wafg49-10-14ecf7f40577ce4b42f7dc1ca3cd7984 img.avia_image{\nbox-shadow:none;\n}\n.avia-image-container.av-k2wafg49-10-14ecf7f40577ce4b42f7dc1ca3cd7984 .av-image-caption-overlay-center{\ncolor:#ffffff;\n}\n<\/style>\n<div  class='avia-image-container av-k2wafg49-10-14ecf7f40577ce4b42f7dc1ca3cd7984 av-styling- avia-align-center  avia-builder-el-52  el_before_av_textblock  avia-builder-el-first '   itemprop=\"image\" itemscope=\"itemscope\" itemtype=\"https:\/\/schema.org\/ImageObject\" ><div class=\"avia-image-container-inner\"><div class=\"avia-image-overlay-wrap\"><img fetchpriority=\"high\" decoding=\"async\" fetchpriority=\"high\" fetchpriority=\"high\" class='wp-image-31422 avia-img-lazy-loading-not-31422 avia_image ' src=\"https:\/\/www.quebec-elan.org\/wp-content\/uploads\/2019\/11\/moonlight2-1030x683.jpg\" alt='' title='moonlight2'  height=\"683\" width=\"1030\"  itemprop=\"thumbnailUrl\" srcset=\"https:\/\/www.quebec-elan.org\/wp-content\/uploads\/2019\/11\/moonlight2-1030x683.jpg 1030w, https:\/\/www.quebec-elan.org\/wp-content\/uploads\/2019\/11\/moonlight2-600x398.jpg 600w, https:\/\/www.quebec-elan.org\/wp-content\/uploads\/2019\/11\/moonlight2-300x199.jpg 300w, https:\/\/www.quebec-elan.org\/wp-content\/uploads\/2019\/11\/moonlight2-768x509.jpg 768w, https:\/\/www.quebec-elan.org\/wp-content\/uploads\/2019\/11\/moonlight2-705x468.jpg 705w, https:\/\/www.quebec-elan.org\/wp-content\/uploads\/2019\/11\/moonlight2.jpg 1200w\" sizes=\"(max-width: 1030px) 100vw, 1030px\" \/><\/div><\/div><\/div><br \/>\n<section  class='av_textblock_section av-k2w7dqpj-9-4b1ca79ea5a3588c909a98209c1dd7a7 '   itemscope=\"itemscope\" itemtype=\"https:\/\/schema.org\/CreativeWork\" ><div class='avia_textblock'  itemprop=\"text\" ><p><em>Moonlight still by Barry Jenkins.<\/em><\/p>\n<\/div><\/section><br \/>\n\n<style type=\"text\/css\" data-created_by=\"avia_inline_auto\" id=\"style-css-av-k9co9q-d785e581f115fcfd7743721e1b6ab2a4\">\n#top .av-special-heading.av-k9co9q-d785e581f115fcfd7743721e1b6ab2a4{\npadding-bottom:10px;\n}\nbody .av-special-heading.av-k9co9q-d785e581f115fcfd7743721e1b6ab2a4 .av-special-heading-tag .heading-char{\nfont-size:25px;\n}\n.av-special-heading.av-k9co9q-d785e581f115fcfd7743721e1b6ab2a4 .av-subheading{\nfont-size:15px;\n}\n<\/style>\n<div  class='av-special-heading av-k9co9q-d785e581f115fcfd7743721e1b6ab2a4 av-special-heading-h2 blockquote modern-quote  avia-builder-el-54  el_after_av_textblock  el_before_av_textblock '><h2 class='av-special-heading-tag '  itemprop=\"headline\"  >Hudson Film Festival<\/h2><div class=\"special-heading-border\"><div class=\"special-heading-inner-border\"><\/div><\/div><\/div><br \/>\n<section  class='av_textblock_section av-k2w7dqpj-5-fd9c8d661874b4d1808362ca11d73c9f '   itemscope=\"itemscope\" itemtype=\"https:\/\/schema.org\/CreativeWork\" ><div class='avia_textblock'  itemprop=\"text\" ><p>The Hudson Film Festival is hosted by The Hudson Film Society. Beginning its 14th season on September 16, 2019, the Society is affiliated with the Toronto International Film Festival through its outreach organization, The Film Circuit. Founded in 1989, Film Circuit is TIFF\u2019s successful film program, bringing the best of Canadian and International films and artists to communities across the country &#8230;<\/p>\n<\/div><\/section><br \/>\n\n<style type=\"text\/css\" data-created_by=\"avia_inline_auto\" id=\"style-css-av-k2w7b71u-8-6e64d8a378283e57fee908ac61f09e13\">\n#top .hr.hr-invisible.av-k2w7b71u-8-6e64d8a378283e57fee908ac61f09e13{\nheight:25px;\n}\n<\/style>\n<div  class='hr av-k2w7b71u-8-6e64d8a378283e57fee908ac61f09e13 hr-invisible  avia-builder-el-56  el_after_av_textblock  el_before_av_button '><span class='hr-inner '><span class=\"hr-inner-style\"><\/span><\/span><\/div><br \/>\n<div  class='avia-button-wrap av-k2wa9mp1-7-638655250ad64bd22acc74739afb9768-wrap avia-button-left  avia-builder-el-57  el_after_av_hr  avia-builder-el-last '><a href='http:\/\/www.hudsonfilmsociety.ca\/film-festival\/'  class='avia-button av-k2wa9mp1-7-638655250ad64bd22acc74739afb9768 av-link-btn avia-icon_select-no avia-size-large avia-position-left avia-color-theme-color'  target=\"_blank\"  rel=\"noopener noreferrer\"  aria-label=\"Learn More\"><span class='avia_iconbox_title' >Learn More<\/span><\/a><\/div><\/p><\/div><div class='av-flex-placeholder'><\/div>\n<style type=\"text\/css\" data-created_by=\"avia_inline_auto\" id=\"style-css-av-2ki6na6-5ab98fe0a3bda95eaf83dc004e14821f\">\n.flex_column.av-2ki6na6-5ab98fe0a3bda95eaf83dc004e14821f{\nwidth:48%;\nmargin-left:0;\nborder-width:2px;\nborder-color:#0054a6;\nborder-style:solid;\nborder-radius:0px 0px 0px 0px;\npadding:30px 30px 30px 30px;\n}\n#top .flex_column_table.av-equal-height-column-flextable.av-2ki6na6-5ab98fe0a3bda95eaf83dc004e14821f .av-flex-placeholder{\nwidth:4%;\n}\n<\/style>\n<div  class='flex_column av-2ki6na6-5ab98fe0a3bda95eaf83dc004e14821f av_one_half  avia-builder-el-58  el_after_av_one_half  avia-builder-el-last  flex_column_table_cell av-equal-height-column av-align-top  column-top-margin'     ><p>\n<style type=\"text\/css\" data-created_by=\"avia_inline_auto\" id=\"style-css-av-k2wafg49-6-f449809ad5b1302c0bad5af01c18a40d\">\n.avia-image-container.av-k2wafg49-6-f449809ad5b1302c0bad5af01c18a40d img.avia_image{\nbox-shadow:none;\n}\n.avia-image-container.av-k2wafg49-6-f449809ad5b1302c0bad5af01c18a40d .av-image-caption-overlay-center{\ncolor:#ffffff;\n}\n<\/style>\n<div  class='avia-image-container av-k2wafg49-6-f449809ad5b1302c0bad5af01c18a40d av-styling- avia-align-center  avia-builder-el-59  el_before_av_textblock  avia-builder-el-first '   itemprop=\"image\" itemscope=\"itemscope\" itemtype=\"https:\/\/schema.org\/ImageObject\" ><div class=\"avia-image-container-inner\"><div class=\"avia-image-overlay-wrap\"><img fetchpriority=\"high\" decoding=\"async\" fetchpriority=\"high\" fetchpriority=\"high\" class='wp-image-31418 avia-img-lazy-loading-not-31418 avia_image ' src=\"https:\/\/www.quebec-elan.org\/wp-content\/uploads\/2019\/11\/METAMORPHOSIS-still-by-Jean-Paul-Bourdier-1024x801.jpg\" alt='' title='METAMORPHOSIS-still-by-Jean-Paul-Bourdier-1024x801'  height=\"801\" width=\"1024\"  itemprop=\"thumbnailUrl\" srcset=\"https:\/\/www.quebec-elan.org\/wp-content\/uploads\/2019\/11\/METAMORPHOSIS-still-by-Jean-Paul-Bourdier-1024x801.jpg 1024w, https:\/\/www.quebec-elan.org\/wp-content\/uploads\/2019\/11\/METAMORPHOSIS-still-by-Jean-Paul-Bourdier-1024x801-600x469.jpg 600w, https:\/\/www.quebec-elan.org\/wp-content\/uploads\/2019\/11\/METAMORPHOSIS-still-by-Jean-Paul-Bourdier-1024x801-300x235.jpg 300w, https:\/\/www.quebec-elan.org\/wp-content\/uploads\/2019\/11\/METAMORPHOSIS-still-by-Jean-Paul-Bourdier-1024x801-768x601.jpg 768w, https:\/\/www.quebec-elan.org\/wp-content\/uploads\/2019\/11\/METAMORPHOSIS-still-by-Jean-Paul-Bourdier-1024x801-705x551.jpg 705w\" sizes=\"(max-width: 1024px) 100vw, 1024px\" \/><\/div><\/div><\/div><br \/>\n<section  class='av_textblock_section av-k2w7dqpj-4-8d9098f49a1ea32c0995040c673a0078 '   itemscope=\"itemscope\" itemtype=\"https:\/\/schema.org\/CreativeWork\" ><div class='avia_textblock'  itemprop=\"text\" ><p><em>METAMORPHOSIS still by Jean-Paul-Bourdier.<\/em><\/p>\n<\/div><\/section><br \/>\n\n<style type=\"text\/css\" data-created_by=\"avia_inline_auto\" id=\"style-css-av-15vkd32-896bddb35bba9b7d6021541c93182d24\">\n#top .av-special-heading.av-15vkd32-896bddb35bba9b7d6021541c93182d24{\npadding-bottom:10px;\n}\nbody .av-special-heading.av-15vkd32-896bddb35bba9b7d6021541c93182d24 .av-special-heading-tag .heading-char{\nfont-size:25px;\n}\n.av-special-heading.av-15vkd32-896bddb35bba9b7d6021541c93182d24 .av-subheading{\nfont-size:15px;\n}\n<\/style>\n<div  class='av-special-heading av-15vkd32-896bddb35bba9b7d6021541c93182d24 av-special-heading-h2 blockquote modern-quote  avia-builder-el-61  el_after_av_textblock  el_before_av_textblock '><h2 class='av-special-heading-tag '  itemprop=\"headline\"  >Wakefield Documentary Festival<\/h2><div class=\"special-heading-border\"><div class=\"special-heading-inner-border\"><\/div><\/div><\/div><br \/>\n<section  class='av_textblock_section av-k2w7dqpj-1-5f3eea81dee5f834a2981f5066f1bba0 '   itemscope=\"itemscope\" itemtype=\"https:\/\/schema.org\/CreativeWork\" ><div class='avia_textblock'  itemprop=\"text\" ><p>Wakefield Doc Fest began life as the Wakefield International Film Festival (WIFF). The first festival was in the winter early months of 2010, making the upcoming February 2019 festival the 10th edition. The festival, which became Wakefield Doc Fest in 2016 to better reflect its documentary focus, now has a second program begun September 2016, the Wakefield Doc Fest Weekend &#8230;<\/p>\n<\/div><\/section><br \/>\n\n<style type=\"text\/css\" data-created_by=\"avia_inline_auto\" id=\"style-css-av-k2w7b71u-3-b4172b6109f19c52a7d9dc8c84c3c0f0\">\n#top .hr.hr-invisible.av-k2w7b71u-3-b4172b6109f19c52a7d9dc8c84c3c0f0{\nheight:25px;\n}\n<\/style>\n<div  class='hr av-k2w7b71u-3-b4172b6109f19c52a7d9dc8c84c3c0f0 hr-invisible  avia-builder-el-63  el_after_av_textblock  el_before_av_button '><span class='hr-inner '><span class=\"hr-inner-style\"><\/span><\/span><\/div><br \/>\n<div  class='avia-button-wrap av-k2wa9mp1-2-8ad7b7b0d82882087937699e77f90f14-wrap avia-button-left  avia-builder-el-64  el_after_av_hr  avia-builder-el-last '><a href='http:\/\/wakefielddocfest.ca'  class='avia-button av-k2wa9mp1-2-8ad7b7b0d82882087937699e77f90f14 av-link-btn avia-icon_select-no avia-size-large avia-position-left avia-color-theme-color'  target=\"_blank\"  rel=\"noopener noreferrer\"  aria-label=\"Learn More\"><span class='avia_iconbox_title' >Learn More<\/span><\/a><\/div><\/p><\/div><\/div><!--close column table wrapper. Autoclose: 1 -->\n<\/div><\/div><\/div><!-- close content main div --><\/div><\/div><div id='after_section_7'  class='main_color av_default_container_wrap container_wrap sidebar_right'  ><div class='container av-section-cont-open' ><div class='template-page content  av-content-small alpha units'><div class='post-entry post-entry-type-page post-entry-42229'><div class='entry-content-wrapper clearfix'>\n","protected":false},"excerpt":{"rendered":"","protected":false},"author":5455,"featured_media":0,"parent":0,"menu_order":78,"comment_status":"closed","ping_status":"closed","template":"","meta":{"footnotes":""},"class_list":["post-42229","page","type-page","status-publish","hentry"],"yoast_head":"<!-- This site is optimized with the Yoast SEO plugin v27.4 - https:\/\/yoast.com\/product\/yoast-seo-wordpress\/ -->\n<title>Groupe de travail sur les arts, la culture et le patrimoine - ELAN<\/title>\n<meta name=\"robots\" content=\"index, follow, max-snippet:-1, max-image-preview:large, max-video-preview:-1\" \/>\n<link rel=\"canonical\" href=\"https:\/\/www.quebec-elan.org\/fr\/arts-culture-and-heritage-working-group\/\" \/>\n<meta property=\"og:locale\" content=\"fr_FR\" \/>\n<meta property=\"og:type\" content=\"article\" \/>\n<meta property=\"og:title\" content=\"Groupe de travail sur les arts, la culture et le patrimoine - ELAN\" \/>\n<meta property=\"og:url\" content=\"https:\/\/www.quebec-elan.org\/fr\/arts-culture-and-heritage-working-group\/\" \/>\n<meta property=\"og:site_name\" content=\"ELAN\" \/>\n<meta property=\"article:modified_time\" content=\"2022-08-03T09:28:11+00:00\" \/>\n<meta name=\"twitter:card\" content=\"summary_large_image\" \/>\n<meta name=\"twitter:label1\" content=\"Dur\u00e9e de lecture estim\u00e9e\" \/>\n\t<meta name=\"twitter:data1\" content=\"38 minutes\" \/>\n<script type=\"application\/ld+json\" class=\"yoast-schema-graph\">{\"@context\":\"https:\\\/\\\/schema.org\",\"@graph\":[{\"@type\":\"WebPage\",\"@id\":\"https:\\\/\\\/www.quebec-elan.org\\\/fr\\\/arts-culture-and-heritage-working-group\\\/\",\"url\":\"https:\\\/\\\/www.quebec-elan.org\\\/fr\\\/arts-culture-and-heritage-working-group\\\/\",\"name\":\"Groupe de travail sur les arts, la culture et le patrimoine - ELAN\",\"isPartOf\":{\"@id\":\"https:\\\/\\\/www.quebec-elan.org\\\/en\\\/#website\"},\"datePublished\":\"2022-06-21T12:02:08+00:00\",\"dateModified\":\"2022-08-03T09:28:11+00:00\",\"breadcrumb\":{\"@id\":\"https:\\\/\\\/www.quebec-elan.org\\\/fr\\\/arts-culture-and-heritage-working-group\\\/#breadcrumb\"},\"inLanguage\":\"fr-FR\",\"potentialAction\":[{\"@type\":\"ReadAction\",\"target\":[\"https:\\\/\\\/www.quebec-elan.org\\\/fr\\\/arts-culture-and-heritage-working-group\\\/\"]}]},{\"@type\":\"BreadcrumbList\",\"@id\":\"https:\\\/\\\/www.quebec-elan.org\\\/fr\\\/arts-culture-and-heritage-working-group\\\/#breadcrumb\",\"itemListElement\":[{\"@type\":\"ListItem\",\"position\":1,\"name\":\"Home\",\"item\":\"https:\\\/\\\/www.quebec-elan.org\\\/fr\\\/\"},{\"@type\":\"ListItem\",\"position\":2,\"name\":\"Groupe de travail sur les arts, la culture et le patrimoine\"}]},{\"@type\":\"WebSite\",\"@id\":\"https:\\\/\\\/www.quebec-elan.org\\\/en\\\/#website\",\"url\":\"https:\\\/\\\/www.quebec-elan.org\\\/en\\\/\",\"name\":\"ELAN\",\"description\":\"English Language Arts Network\",\"publisher\":{\"@id\":\"https:\\\/\\\/www.quebec-elan.org\\\/en\\\/#organization\"},\"potentialAction\":[{\"@type\":\"SearchAction\",\"target\":{\"@type\":\"EntryPoint\",\"urlTemplate\":\"https:\\\/\\\/www.quebec-elan.org\\\/en\\\/?s={search_term_string}\"},\"query-input\":{\"@type\":\"PropertyValueSpecification\",\"valueRequired\":true,\"valueName\":\"search_term_string\"}}],\"inLanguage\":\"fr-FR\"},{\"@type\":\"Organization\",\"@id\":\"https:\\\/\\\/www.quebec-elan.org\\\/en\\\/#organization\",\"name\":\"ELAN - English Language Arts Network\",\"url\":\"https:\\\/\\\/www.quebec-elan.org\\\/en\\\/\",\"logo\":{\"@type\":\"ImageObject\",\"inLanguage\":\"fr-FR\",\"@id\":\"https:\\\/\\\/www.quebec-elan.org\\\/en\\\/#\\\/schema\\\/logo\\\/image\\\/\",\"url\":\"https:\\\/\\\/www.quebec-elan.org\\\/wp-content\\\/uploads\\\/2022\\\/05\\\/elan-logo-360.jpg\",\"contentUrl\":\"https:\\\/\\\/www.quebec-elan.org\\\/wp-content\\\/uploads\\\/2022\\\/05\\\/elan-logo-360.jpg\",\"width\":360,\"height\":70,\"caption\":\"ELAN - English Language Arts Network\"},\"image\":{\"@id\":\"https:\\\/\\\/www.quebec-elan.org\\\/en\\\/#\\\/schema\\\/logo\\\/image\\\/\"}}]}<\/script>\n<!-- \/ Yoast SEO plugin. -->","yoast_head_json":{"title":"Groupe de travail sur les arts, la culture et le patrimoine - ELAN","robots":{"index":"index","follow":"follow","max-snippet":"max-snippet:-1","max-image-preview":"max-image-preview:large","max-video-preview":"max-video-preview:-1"},"canonical":"https:\/\/www.quebec-elan.org\/fr\/arts-culture-and-heritage-working-group\/","og_locale":"fr_FR","og_type":"article","og_title":"Groupe de travail sur les arts, la culture et le patrimoine - ELAN","og_url":"https:\/\/www.quebec-elan.org\/fr\/arts-culture-and-heritage-working-group\/","og_site_name":"ELAN","article_modified_time":"2022-08-03T09:28:11+00:00","twitter_card":"summary_large_image","twitter_misc":{"Dur\u00e9e de lecture estim\u00e9e":"38 minutes"},"schema":{"@context":"https:\/\/schema.org","@graph":[{"@type":"WebPage","@id":"https:\/\/www.quebec-elan.org\/fr\/arts-culture-and-heritage-working-group\/","url":"https:\/\/www.quebec-elan.org\/fr\/arts-culture-and-heritage-working-group\/","name":"Groupe de travail sur les arts, la culture et le patrimoine - ELAN","isPartOf":{"@id":"https:\/\/www.quebec-elan.org\/en\/#website"},"datePublished":"2022-06-21T12:02:08+00:00","dateModified":"2022-08-03T09:28:11+00:00","breadcrumb":{"@id":"https:\/\/www.quebec-elan.org\/fr\/arts-culture-and-heritage-working-group\/#breadcrumb"},"inLanguage":"fr-FR","potentialAction":[{"@type":"ReadAction","target":["https:\/\/www.quebec-elan.org\/fr\/arts-culture-and-heritage-working-group\/"]}]},{"@type":"BreadcrumbList","@id":"https:\/\/www.quebec-elan.org\/fr\/arts-culture-and-heritage-working-group\/#breadcrumb","itemListElement":[{"@type":"ListItem","position":1,"name":"Home","item":"https:\/\/www.quebec-elan.org\/fr\/"},{"@type":"ListItem","position":2,"name":"Groupe de travail sur les arts, la culture et le patrimoine"}]},{"@type":"WebSite","@id":"https:\/\/www.quebec-elan.org\/en\/#website","url":"https:\/\/www.quebec-elan.org\/en\/","name":"ELAN","description":"English Language Arts Network","publisher":{"@id":"https:\/\/www.quebec-elan.org\/en\/#organization"},"potentialAction":[{"@type":"SearchAction","target":{"@type":"EntryPoint","urlTemplate":"https:\/\/www.quebec-elan.org\/en\/?s={search_term_string}"},"query-input":{"@type":"PropertyValueSpecification","valueRequired":true,"valueName":"search_term_string"}}],"inLanguage":"fr-FR"},{"@type":"Organization","@id":"https:\/\/www.quebec-elan.org\/en\/#organization","name":"ELAN - English Language Arts Network","url":"https:\/\/www.quebec-elan.org\/en\/","logo":{"@type":"ImageObject","inLanguage":"fr-FR","@id":"https:\/\/www.quebec-elan.org\/en\/#\/schema\/logo\/image\/","url":"https:\/\/www.quebec-elan.org\/wp-content\/uploads\/2022\/05\/elan-logo-360.jpg","contentUrl":"https:\/\/www.quebec-elan.org\/wp-content\/uploads\/2022\/05\/elan-logo-360.jpg","width":360,"height":70,"caption":"ELAN - English Language Arts Network"},"image":{"@id":"https:\/\/www.quebec-elan.org\/en\/#\/schema\/logo\/image\/"}}]}},"_links":{"self":[{"href":"https:\/\/www.quebec-elan.org\/fr\/wp-json\/wp\/v2\/pages\/42229","targetHints":{"allow":["GET"]}}],"collection":[{"href":"https:\/\/www.quebec-elan.org\/fr\/wp-json\/wp\/v2\/pages"}],"about":[{"href":"https:\/\/www.quebec-elan.org\/fr\/wp-json\/wp\/v2\/types\/page"}],"author":[{"embeddable":true,"href":"https:\/\/www.quebec-elan.org\/fr\/wp-json\/wp\/v2\/users\/5455"}],"replies":[{"embeddable":true,"href":"https:\/\/www.quebec-elan.org\/fr\/wp-json\/wp\/v2\/comments?post=42229"}],"version-history":[{"count":6,"href":"https:\/\/www.quebec-elan.org\/fr\/wp-json\/wp\/v2\/pages\/42229\/revisions"}],"predecessor-version":[{"id":42875,"href":"https:\/\/www.quebec-elan.org\/fr\/wp-json\/wp\/v2\/pages\/42229\/revisions\/42875"}],"wp:attachment":[{"href":"https:\/\/www.quebec-elan.org\/fr\/wp-json\/wp\/v2\/media?parent=42229"}],"curies":[{"name":"wp","href":"https:\/\/api.w.org\/{rel}","templated":true}]}}