{"id":42274,"date":"2022-06-21T08:45:32","date_gmt":"2022-06-21T12:45:32","guid":{"rendered":"https:\/\/www.quebec-elan.org\/?page_id=42274"},"modified":"2022-06-28T09:42:14","modified_gmt":"2022-06-28T13:42:14","slug":"accessibility","status":"publish","type":"page","link":"https:\/\/www.quebec-elan.org\/fr\/accessibility\/","title":{"rendered":"Accessibilit\u00e9"},"content":{"rendered":"\n<style type=\"text\/css\" data-created_by=\"avia_inline_auto\" id=\"style-css-av-iaqkx8-e39d1a0ff7849bcb4c67027d20e1f0d4\">\n#top .av-special-heading.av-iaqkx8-e39d1a0ff7849bcb4c67027d20e1f0d4{\npadding-bottom:10px;\nfont-size:60px;\n}\nbody .av-special-heading.av-iaqkx8-e39d1a0ff7849bcb4c67027d20e1f0d4 .av-special-heading-tag .heading-char{\nfont-size:25px;\n}\n#top #wrap_all .av-special-heading.av-iaqkx8-e39d1a0ff7849bcb4c67027d20e1f0d4 .av-special-heading-tag{\nfont-size:60px;\n}\n.av-special-heading.av-iaqkx8-e39d1a0ff7849bcb4c67027d20e1f0d4 .av-subheading{\nfont-size:15px;\n}\n\n@media only screen and (min-width: 480px) and (max-width: 767px){ \n#top #wrap_all .av-special-heading.av-iaqkx8-e39d1a0ff7849bcb4c67027d20e1f0d4 .av-special-heading-tag{\nfont-size:0.8em;\n}\n}\n\n@media only screen and (max-width: 479px){ \n#top #wrap_all .av-special-heading.av-iaqkx8-e39d1a0ff7849bcb4c67027d20e1f0d4 .av-special-heading-tag{\nfont-size:0.8em;\n}\n}\n<\/style>\n<div  class='av-special-heading av-iaqkx8-e39d1a0ff7849bcb4c67027d20e1f0d4 av-special-heading-h1 blockquote modern-quote modern-centered  avia-builder-el-0  el_before_av_hr  avia-builder-el-first  av-inherit-size av-linked-heading'><h1 class='av-special-heading-tag '  itemprop=\"headline\"  >Accessibilit\u00e9<\/h1><div class=\"special-heading-border\"><div class=\"special-heading-inner-border\"><\/div><\/div><\/div>\n\n<style type=\"text\/css\" data-created_by=\"avia_inline_auto\" id=\"style-css-av-jz331kov-91935e23ec843ffed86d8bb1c8691f7b\">\n#top .hr.hr-invisible.av-jz331kov-91935e23ec843ffed86d8bb1c8691f7b{\nheight:50px;\n}\n<\/style>\n<div  class='hr av-jz331kov-91935e23ec843ffed86d8bb1c8691f7b hr-invisible  avia-builder-el-1  el_after_av_heading  el_before_av_textblock '><span class='hr-inner '><span class=\"hr-inner-style\"><\/span><\/span><\/div>\n<section  class='av_textblock_section av-jvzgikpl-470a8ec4ea5dfb0a66f38ea2b465f96e '   itemscope=\"itemscope\" itemtype=\"https:\/\/schema.org\/CreativeWork\" ><div class='avia_textblock'  itemprop=\"text\" ><p><span style=\"font-weight: 400;\">Nous sommes en train d\u2019\u00e9valuer l\u2019accessibilit\u00e9 de notre environnement de travail et de l\u2019ensemble de nos activit\u00e9s communautaires. Au printemps 2019, notre personnel a r\u00e9alis\u00e9 un audit approfondi concernant l\u2019accessibilit\u00e9 de notre si\u00e8ge social, et les r\u00e9sultats de cet audit ont \u00e9t\u00e9 transcrits dans un<\/span><a href=\"https:\/\/docs.google.com\/document\/d\/1K1j2vaBFWQR-XJt2W_AFXD5LISXZgdKXF4XyaTgXIaQ\/edit#heading=h.bpgrlgay03gq\"> <span style=\"font-weight: 400;\">rapport<\/span><\/a><span style=\"font-weight: 400;\">.<\/span><\/p>\n<p><span style=\"font-weight: 400;\">Nous travaillons \u00e0 am\u00e9liorer l&rsquo;accessibilit\u00e9 de nos bureaux situ\u00e9s au <strong>460 Sainte-Catherine Ouest<\/strong>, un \u00e9difice commercial du centre-ville construit en 1910.<\/span><\/p>\n<p><span style=\"font-weight: 400;\">Vous trouverez ci-dessous une liste d&rsquo;informations de base afin que les nouveaux employ\u00e9s, partenaires et membres soient conscients des obstacles qu\u2019ils peuvent rencontrer lorsqu&rsquo;ils nous rendent visite. On trouvera plus de d\u00e9tails dans le rapport complet. Nous avons d\u00e9cid\u00e9 d&rsquo;utiliser un document Google vivant afin que le rapport puisse \u00eatre mis \u00e0 jour au fur et \u00e0 mesure que des am\u00e9liorations sont apport\u00e9es ou que des besoins d&rsquo;acc\u00e8s suppl\u00e9mentaires seront port\u00e9s \u00e0 notre attention.<\/span> <span style=\"font-weight: 400;\">Veuillez noter que le personnel d\u2019ELAN travaille actuellement \u00e0 distance et que nous nous nous dirigeons vers un mode de travail hybride.<\/span><\/p>\n<\/div><\/section>\n<div  class='avia-button-wrap av-jvzhu7qh-53856dd63ab5c318737ca6e19ea5a0ec-wrap avia-button-center  avia-builder-el-3  el_after_av_textblock  el_before_av_heading '><a href='https:\/\/docs.google.com\/document\/d\/1K1j2vaBFWQR-XJt2W_AFXD5LISXZgdKXF4XyaTgXIaQ\/edit#'  class='avia-button av-jvzhu7qh-53856dd63ab5c318737ca6e19ea5a0ec av-link-btn avia-icon_select-no avia-size-large avia-position-center av-icon-on-hover avia-color-theme-color'  target=\"_blank\"  rel=\"noopener noreferrer\"  aria-label=\"Cliquer ici pour lire le rapport complet\"><span class='avia_iconbox_title' >Cliquer ici pour lire le rapport complet<\/span><\/a><\/div>\n\n<style type=\"text\/css\" data-created_by=\"avia_inline_auto\" id=\"style-css-av-k5cwq8pc-a4a134c0d56897f4b34aff59c5ee6802\">\n#top .av-special-heading.av-k5cwq8pc-a4a134c0d56897f4b34aff59c5ee6802{\npadding-bottom:10px;\n}\nbody .av-special-heading.av-k5cwq8pc-a4a134c0d56897f4b34aff59c5ee6802 .av-special-heading-tag .heading-char{\nfont-size:25px;\n}\n.av-special-heading.av-k5cwq8pc-a4a134c0d56897f4b34aff59c5ee6802 .av-subheading{\nfont-size:15px;\n}\n<\/style>\n<div  class='av-special-heading av-k5cwq8pc-a4a134c0d56897f4b34aff59c5ee6802 av-special-heading-h1  avia-builder-el-4  el_after_av_button  el_before_av_textblock  av-linked-heading'><h1 class='av-special-heading-tag '  itemprop=\"headline\"  >Pour se rendre \u00e0 nos bureaux<\/h1><div class=\"special-heading-border\"><div class=\"special-heading-inner-border\"><\/div><\/div><\/div>\n<section  class='av_textblock_section av-jvzi1w4k-e30b3bcd7db26fafc2c27efe5252cdd3 '   itemscope=\"itemscope\" itemtype=\"https:\/\/schema.org\/CreativeWork\" ><div class='avia_textblock'  itemprop=\"text\" ><ul>\n<li>La station de m\u00e9tro la plus proche est McGill (LIGNE VERTE).<\/li>\n<li>La station de m\u00e9tro accessible aux fauteuils roulants la plus proche est Place-d&rsquo;Armes (LIGNE ORANGE).<\/li>\n<li>Les lignes de bus les plus proches sont 35, 61 et 168.<\/li>\n<li>Nos bureaux ne disposent pas d\u2019un stationnement pour les visiteurs.<\/li>\n<li>La rue Sainte-Catherine est pr\u00e9sentement en construction et il arrive que la circulation pi\u00e9tonne soit d\u00e9vi\u00e9e si le trottoir est ferm\u00e9.<\/li>\n<\/ul>\n<\/div><\/section>\n\n<style type=\"text\/css\" data-created_by=\"avia_inline_auto\" id=\"style-css-av-k5cwsf34-080517b1717ca2f89aa79613f5b072c4\">\n#top .av-special-heading.av-k5cwsf34-080517b1717ca2f89aa79613f5b072c4{\npadding-bottom:10px;\n}\nbody .av-special-heading.av-k5cwsf34-080517b1717ca2f89aa79613f5b072c4 .av-special-heading-tag .heading-char{\nfont-size:25px;\n}\n.av-special-heading.av-k5cwsf34-080517b1717ca2f89aa79613f5b072c4 .av-subheading{\nfont-size:15px;\n}\n<\/style>\n<div  class='av-special-heading av-k5cwsf34-080517b1717ca2f89aa79613f5b072c4 av-special-heading-h1  avia-builder-el-6  el_after_av_textblock  el_before_av_textblock  av-linked-heading'><h1 class='av-special-heading-tag '  itemprop=\"headline\"  >Mobilit\u00e9<\/h1><div class=\"special-heading-border\"><div class=\"special-heading-inner-border\"><\/div><\/div><\/div>\n<section  class='av_textblock_section av-jvzj4lip-396f2cf56275461bad3e87e8bb66c638 '   itemscope=\"itemscope\" itemtype=\"https:\/\/schema.org\/CreativeWork\" ><div class='avia_textblock'  itemprop=\"text\" ><ul>\n<li style=\"font-weight: 400;\"><span style=\"font-weight: 400;\">Les portes de l&rsquo;entr\u00e9e principale, des espaces de bureaux et des toilettes ne sont pas automatiques.<\/span><\/li>\n<li style=\"font-weight: 400;\"><span style=\"font-weight: 400;\">Il y a cinq marches \u00e0 monter, chacune de 6 pouces de haut, entre l&rsquo;entr\u00e9e principale et les ascenseurs, avec une main courante sur le c\u00f4t\u00e9 droit.<\/span><\/li>\n<li style=\"font-weight: 400;\"><span style=\"font-weight: 400;\">Nos bureaux se trouvent dans les locaux 706 et 708 au 7<\/span><span style=\"font-weight: 400;\">e<\/span><span style=\"font-weight: 400;\"> \u00e9tage et dans le local 917 au 9<\/span><span style=\"font-weight: 400;\">e<\/span><span style=\"font-weight: 400;\"> \u00e9tage.<\/span><\/li>\n<\/ul>\n<\/div><\/section>\n\n<style type=\"text\/css\" data-created_by=\"avia_inline_auto\" id=\"style-css-av-k5cwskuj-4ec86657fb5d86045c1b5767f0ecd4cd\">\n#top .av-special-heading.av-k5cwskuj-4ec86657fb5d86045c1b5767f0ecd4cd{\npadding-bottom:10px;\n}\nbody .av-special-heading.av-k5cwskuj-4ec86657fb5d86045c1b5767f0ecd4cd .av-special-heading-tag .heading-char{\nfont-size:25px;\n}\n.av-special-heading.av-k5cwskuj-4ec86657fb5d86045c1b5767f0ecd4cd .av-subheading{\nfont-size:15px;\n}\n<\/style>\n<div  class='av-special-heading av-k5cwskuj-4ec86657fb5d86045c1b5767f0ecd4cd av-special-heading-h1  avia-builder-el-8  el_after_av_textblock  el_before_av_textblock  av-linked-heading'><h1 class='av-special-heading-tag '  itemprop=\"headline\"  >Toilettes<\/h1><div class=\"special-heading-border\"><div class=\"special-heading-inner-border\"><\/div><\/div><\/div>\n<section  class='av_textblock_section av-jvzj5jrl-703f73aa3a84e53ddc9db8327c60588b '   itemscope=\"itemscope\" itemtype=\"https:\/\/schema.org\/CreativeWork\" ><div class='avia_textblock'  itemprop=\"text\" ><ul>\n<li style=\"font-weight: 400;\"><span style=\"font-weight: 400;\">Les installations sanitaires \u00e0 plusieurs cabines sont divis\u00e9es par genre binaire, pour le moment il n&rsquo;y a pas de toilettes neutres.<\/span><\/li>\n<li style=\"font-weight: 400;\"><span style=\"font-weight: 400;\">Les toilettes ne sont pas enti\u00e8rement accessibles pour le moment. Il y a suffisamment d&rsquo;espace pour man\u0153uvrer en fauteuil roulant \u00e0 l&rsquo;int\u00e9rieur de la cabine des toilettes du 2<\/span><span style=\"font-weight: 400;\">e<\/span><span style=\"font-weight: 400;\"> \u00e9tage, mais cette cabine n&rsquo;est pas dot\u00e9e de barres d&rsquo;appui.<\/span><\/li>\n<\/ul>\n<\/div><\/section>\n\n<style type=\"text\/css\" data-created_by=\"avia_inline_auto\" id=\"style-css-av-k5cwsvf2-97123bb730931bbd521c18236c1574ef\">\n#top .av-special-heading.av-k5cwsvf2-97123bb730931bbd521c18236c1574ef{\npadding-bottom:10px;\n}\nbody .av-special-heading.av-k5cwsvf2-97123bb730931bbd521c18236c1574ef .av-special-heading-tag .heading-char{\nfont-size:25px;\n}\n.av-special-heading.av-k5cwsvf2-97123bb730931bbd521c18236c1574ef .av-subheading{\nfont-size:15px;\n}\n<\/style>\n<div  class='av-special-heading av-k5cwsvf2-97123bb730931bbd521c18236c1574ef av-special-heading-h1  avia-builder-el-10  el_after_av_textblock  el_before_av_textblock  av-linked-heading'><h1 class='av-special-heading-tag '  itemprop=\"headline\"  >Autre<\/h1><div class=\"special-heading-border\"><div class=\"special-heading-inner-border\"><\/div><\/div><\/div>\n<section  class='av_textblock_section av-jvzj6bfb-1aa2f3e67f2625c79d0ce717c5027b0a '   itemscope=\"itemscope\" itemtype=\"https:\/\/schema.org\/CreativeWork\" ><div class='avia_textblock'  itemprop=\"text\" ><ul>\n<li style=\"font-weight: 400;\"><span style=\"font-weight: 400;\">Pour l\u2019instant il n\u2019y a pas de politique officielle pour un environnement sans parfum.<\/span><\/li>\n<li style=\"font-weight: 400;\"><span style=\"font-weight: 400;\">Les animaux d&rsquo;assistance physique ou de soutien \u00e9motionnel sont les bienvenus.<\/span><\/li>\n<\/ul>\n<\/div><\/section>\n\n<style type=\"text\/css\" data-created_by=\"avia_inline_auto\" id=\"style-css-av-38etzg-efaa224de16808ce6351cedb09809c71\">\n#top .hr.av-38etzg-efaa224de16808ce6351cedb09809c71{\nmargin-top:30px;\nmargin-bottom:30px;\n}\n.hr.av-38etzg-efaa224de16808ce6351cedb09809c71 .hr-inner{\nwidth:100%;\nborder-color:#6698c9;\n}\n<\/style>\n<div  class='hr av-38etzg-efaa224de16808ce6351cedb09809c71 hr-custom  avia-builder-el-12  el_after_av_textblock  el_before_av_textblock  hr-center hr-icon-no'><span class='hr-inner inner-border-av-border-thin'><span class=\"hr-inner-style\"><\/span><\/span><\/div>\n<section  class='av_textblock_section av-jvzk4mwg-35d867011b6e6d835c77b8d55a40efca '   itemscope=\"itemscope\" itemtype=\"https:\/\/schema.org\/CreativeWork\" ><div class='avia_textblock'  itemprop=\"text\" ><p><span style=\"font-weight: 400;\">Si vous avez des <strong>commentaires ou des questions<\/strong>, aussi sp\u00e9cifiques soient-ils, nous serions ravis de vous entendre ! Appelez-nous au <strong>(514) 935-3312 ext. 26<\/strong> ou contactez-nous par courriel \u00e0 <\/span><a href=\"mailto:admin@quebec-elan.org\"><span style=\"font-weight: 400;\">admin@quebec-elan.org<\/span><\/a><span style=\"font-weight: 400;\">.<\/span><\/p>\n<\/div><\/section>\n","protected":false},"excerpt":{"rendered":"","protected":false},"author":5455,"featured_media":0,"parent":0,"menu_order":99,"comment_status":"closed","ping_status":"closed","template":"","meta":{"footnotes":""},"class_list":["post-42274","page","type-page","status-publish","hentry"],"yoast_head":"<!-- This site is optimized with the Yoast SEO plugin v27.5 - https:\/\/yoast.com\/product\/yoast-seo-wordpress\/ -->\n<title>Accessibilit\u00e9 - ELAN<\/title>\n<meta name=\"robots\" content=\"index, follow, max-snippet:-1, max-image-preview:large, max-video-preview:-1\" \/>\n<link rel=\"canonical\" href=\"https:\/\/www.quebec-elan.org\/fr\/accessibility\/\" \/>\n<meta property=\"og:locale\" content=\"fr_FR\" \/>\n<meta property=\"og:type\" content=\"article\" \/>\n<meta property=\"og:title\" content=\"Accessibilit\u00e9 - ELAN\" \/>\n<meta property=\"og:url\" content=\"https:\/\/www.quebec-elan.org\/fr\/accessibility\/\" \/>\n<meta property=\"og:site_name\" content=\"ELAN\" \/>\n<meta property=\"article:modified_time\" content=\"2022-06-28T13:42:14+00:00\" \/>\n<meta name=\"twitter:card\" content=\"summary_large_image\" \/>\n<meta name=\"twitter:label1\" content=\"Dur\u00e9e de lecture estim\u00e9e\" \/>\n\t<meta name=\"twitter:data1\" content=\"8 minutes\" \/>\n<script type=\"application\/ld+json\" class=\"yoast-schema-graph\">{\"@context\":\"https:\\\/\\\/schema.org\",\"@graph\":[{\"@type\":\"WebPage\",\"@id\":\"https:\\\/\\\/www.quebec-elan.org\\\/fr\\\/accessibility\\\/\",\"url\":\"https:\\\/\\\/www.quebec-elan.org\\\/fr\\\/accessibility\\\/\",\"name\":\"Accessibilit\u00e9 - ELAN\",\"isPartOf\":{\"@id\":\"https:\\\/\\\/www.quebec-elan.org\\\/en\\\/#website\"},\"datePublished\":\"2022-06-21T12:45:32+00:00\",\"dateModified\":\"2022-06-28T13:42:14+00:00\",\"breadcrumb\":{\"@id\":\"https:\\\/\\\/www.quebec-elan.org\\\/fr\\\/accessibility\\\/#breadcrumb\"},\"inLanguage\":\"fr-FR\",\"potentialAction\":[{\"@type\":\"ReadAction\",\"target\":[\"https:\\\/\\\/www.quebec-elan.org\\\/fr\\\/accessibility\\\/\"]}]},{\"@type\":\"BreadcrumbList\",\"@id\":\"https:\\\/\\\/www.quebec-elan.org\\\/fr\\\/accessibility\\\/#breadcrumb\",\"itemListElement\":[{\"@type\":\"ListItem\",\"position\":1,\"name\":\"Home\",\"item\":\"https:\\\/\\\/www.quebec-elan.org\\\/fr\\\/\"},{\"@type\":\"ListItem\",\"position\":2,\"name\":\"Accessibilit\u00e9\"}]},{\"@type\":\"WebSite\",\"@id\":\"https:\\\/\\\/www.quebec-elan.org\\\/en\\\/#website\",\"url\":\"https:\\\/\\\/www.quebec-elan.org\\\/en\\\/\",\"name\":\"ELAN\",\"description\":\"English Language Arts Network\",\"publisher\":{\"@id\":\"https:\\\/\\\/www.quebec-elan.org\\\/en\\\/#organization\"},\"potentialAction\":[{\"@type\":\"SearchAction\",\"target\":{\"@type\":\"EntryPoint\",\"urlTemplate\":\"https:\\\/\\\/www.quebec-elan.org\\\/en\\\/?s={search_term_string}\"},\"query-input\":{\"@type\":\"PropertyValueSpecification\",\"valueRequired\":true,\"valueName\":\"search_term_string\"}}],\"inLanguage\":\"fr-FR\"},{\"@type\":\"Organization\",\"@id\":\"https:\\\/\\\/www.quebec-elan.org\\\/en\\\/#organization\",\"name\":\"ELAN - English Language Arts Network\",\"url\":\"https:\\\/\\\/www.quebec-elan.org\\\/en\\\/\",\"logo\":{\"@type\":\"ImageObject\",\"inLanguage\":\"fr-FR\",\"@id\":\"https:\\\/\\\/www.quebec-elan.org\\\/en\\\/#\\\/schema\\\/logo\\\/image\\\/\",\"url\":\"https:\\\/\\\/www.quebec-elan.org\\\/wp-content\\\/uploads\\\/2022\\\/05\\\/elan-logo-360.jpg\",\"contentUrl\":\"https:\\\/\\\/www.quebec-elan.org\\\/wp-content\\\/uploads\\\/2022\\\/05\\\/elan-logo-360.jpg\",\"width\":360,\"height\":70,\"caption\":\"ELAN - English Language Arts Network\"},\"image\":{\"@id\":\"https:\\\/\\\/www.quebec-elan.org\\\/en\\\/#\\\/schema\\\/logo\\\/image\\\/\"}}]}<\/script>\n<!-- \/ Yoast SEO plugin. -->","yoast_head_json":{"title":"Accessibilit\u00e9 - ELAN","robots":{"index":"index","follow":"follow","max-snippet":"max-snippet:-1","max-image-preview":"max-image-preview:large","max-video-preview":"max-video-preview:-1"},"canonical":"https:\/\/www.quebec-elan.org\/fr\/accessibility\/","og_locale":"fr_FR","og_type":"article","og_title":"Accessibilit\u00e9 - ELAN","og_url":"https:\/\/www.quebec-elan.org\/fr\/accessibility\/","og_site_name":"ELAN","article_modified_time":"2022-06-28T13:42:14+00:00","twitter_card":"summary_large_image","twitter_misc":{"Dur\u00e9e de lecture estim\u00e9e":"8 minutes"},"schema":{"@context":"https:\/\/schema.org","@graph":[{"@type":"WebPage","@id":"https:\/\/www.quebec-elan.org\/fr\/accessibility\/","url":"https:\/\/www.quebec-elan.org\/fr\/accessibility\/","name":"Accessibilit\u00e9 - ELAN","isPartOf":{"@id":"https:\/\/www.quebec-elan.org\/en\/#website"},"datePublished":"2022-06-21T12:45:32+00:00","dateModified":"2022-06-28T13:42:14+00:00","breadcrumb":{"@id":"https:\/\/www.quebec-elan.org\/fr\/accessibility\/#breadcrumb"},"inLanguage":"fr-FR","potentialAction":[{"@type":"ReadAction","target":["https:\/\/www.quebec-elan.org\/fr\/accessibility\/"]}]},{"@type":"BreadcrumbList","@id":"https:\/\/www.quebec-elan.org\/fr\/accessibility\/#breadcrumb","itemListElement":[{"@type":"ListItem","position":1,"name":"Home","item":"https:\/\/www.quebec-elan.org\/fr\/"},{"@type":"ListItem","position":2,"name":"Accessibilit\u00e9"}]},{"@type":"WebSite","@id":"https:\/\/www.quebec-elan.org\/en\/#website","url":"https:\/\/www.quebec-elan.org\/en\/","name":"ELAN","description":"English Language Arts Network","publisher":{"@id":"https:\/\/www.quebec-elan.org\/en\/#organization"},"potentialAction":[{"@type":"SearchAction","target":{"@type":"EntryPoint","urlTemplate":"https:\/\/www.quebec-elan.org\/en\/?s={search_term_string}"},"query-input":{"@type":"PropertyValueSpecification","valueRequired":true,"valueName":"search_term_string"}}],"inLanguage":"fr-FR"},{"@type":"Organization","@id":"https:\/\/www.quebec-elan.org\/en\/#organization","name":"ELAN - English Language Arts Network","url":"https:\/\/www.quebec-elan.org\/en\/","logo":{"@type":"ImageObject","inLanguage":"fr-FR","@id":"https:\/\/www.quebec-elan.org\/en\/#\/schema\/logo\/image\/","url":"https:\/\/www.quebec-elan.org\/wp-content\/uploads\/2022\/05\/elan-logo-360.jpg","contentUrl":"https:\/\/www.quebec-elan.org\/wp-content\/uploads\/2022\/05\/elan-logo-360.jpg","width":360,"height":70,"caption":"ELAN - English Language Arts Network"},"image":{"@id":"https:\/\/www.quebec-elan.org\/en\/#\/schema\/logo\/image\/"}}]}},"_links":{"self":[{"href":"https:\/\/www.quebec-elan.org\/fr\/wp-json\/wp\/v2\/pages\/42274","targetHints":{"allow":["GET"]}}],"collection":[{"href":"https:\/\/www.quebec-elan.org\/fr\/wp-json\/wp\/v2\/pages"}],"about":[{"href":"https:\/\/www.quebec-elan.org\/fr\/wp-json\/wp\/v2\/types\/page"}],"author":[{"embeddable":true,"href":"https:\/\/www.quebec-elan.org\/fr\/wp-json\/wp\/v2\/users\/5455"}],"replies":[{"embeddable":true,"href":"https:\/\/www.quebec-elan.org\/fr\/wp-json\/wp\/v2\/comments?post=42274"}],"version-history":[{"count":4,"href":"https:\/\/www.quebec-elan.org\/fr\/wp-json\/wp\/v2\/pages\/42274\/revisions"}],"predecessor-version":[{"id":42329,"href":"https:\/\/www.quebec-elan.org\/fr\/wp-json\/wp\/v2\/pages\/42274\/revisions\/42329"}],"wp:attachment":[{"href":"https:\/\/www.quebec-elan.org\/fr\/wp-json\/wp\/v2\/media?parent=42274"}],"curies":[{"name":"wp","href":"https:\/\/api.w.org\/{rel}","templated":true}]}}