{"id":62213,"date":"2024-05-06T10:41:07","date_gmt":"2024-05-06T14:41:07","guid":{"rendered":"https:\/\/www.quebec-elan.org\/state-of-the-arts-v2\/"},"modified":"2024-05-24T10:30:19","modified_gmt":"2024-05-24T14:30:19","slug":"state-of-the-arts-v2","status":"publish","type":"page","link":"https:\/\/www.quebec-elan.org\/fr\/state-of-the-arts-v2\/","title":{"rendered":"\u00c9tat de l\u2019art"},"content":{"rendered":"\n<div  class='flex_column av-5xz1pjc-0a7f4824e45d8fe98a860ce06a50721e av_one_third  avia-builder-el-1  el_after_av_codeblock  el_before_av_two_third  first flex_column_div  '     ><style type=\"text\/css\" data-created_by=\"avia_inline_auto\" id=\"style-css-av-lvaeahwj-87ba680a1b7cc668c04013079018edbe\">\n.avia-image-container.av-lvaeahwj-87ba680a1b7cc668c04013079018edbe img.avia_image{\nbox-shadow:none;\n}\n.avia-image-container.av-lvaeahwj-87ba680a1b7cc668c04013079018edbe .av-image-caption-overlay-center{\ncolor:#ffffff;\n}\n<\/style>\n<div  class='avia-image-container av-lvaeahwj-87ba680a1b7cc668c04013079018edbe av-styling- avia-align-left  avia-builder-el-2  avia-builder-el-no-sibling '   itemprop=\"image\" itemscope=\"itemscope\" itemtype=\"https:\/\/schema.org\/ImageObject\" ><div class=\"avia-image-container-inner\"><div class=\"avia-image-overlay-wrap\"><img fetchpriority=\"high\" decoding=\"async\" fetchpriority=\"high\" fetchpriority=\"high\" class='wp-image-61873 avia-img-lazy-loading-not-61873 avia_image ' src=\"https:\/\/www.quebec-elan.org\/wp-content\/uploads\/2024\/04\/research-collab-action-logo-1-300x172.png\" alt='' title='research-collab-action-logo'  height=\"172\" width=\"300\"  itemprop=\"thumbnailUrl\" srcset=\"https:\/\/www.quebec-elan.org\/wp-content\/uploads\/2024\/04\/research-collab-action-logo-1-300x172.png 300w, https:\/\/www.quebec-elan.org\/wp-content\/uploads\/2024\/04\/research-collab-action-logo-1.png 399w\" sizes=\"(max-width: 300px) 100vw, 300px\" \/><\/div><\/div><\/div><\/div>\n<div  class='flex_column av-5e04sko-12b19ae89f37f203e1d993785c2489e2 av_two_third  avia-builder-el-3  el_after_av_one_third  el_before_av_one_full  flex_column_div  '     ><section  class='av_textblock_section av-lva9qalx-53b1a64d358b4f412cfe15fc1cc24a42 '   itemscope=\"itemscope\" itemtype=\"https:\/\/schema.org\/CreativeWork\" ><div class='avia_textblock'  itemprop=\"text\" ><h1 style=\"text-align: left;\">\u00c9tat de l\u2019art:<\/h1>\n<h2 style=\"text-align: left;\">\u00c9quit\u00e9, diversit\u00e9, inclusion<\/h2>\n<p>L\u2019\u00e9tat de l\u2019art sur l\u2019\u00e9quit\u00e9, la diversit\u00e9 et l\u2019inclusion (EDI) est une initiative de transformation qui a pour but de faire \u00e9voluer l\u2019inclusion dans les organismes artistiques, culturels et patrimoniaux de langue anglaise, ainsi qu\u2019au c\u0153ur de toutes les pratiques artistiques.<\/p>\n<\/div><\/section><\/div>\n<div  class='flex_column av-4z3cdk8-8ab5fd384bf39300effa0f76f7a2cfc1 av_one_full  avia-builder-el-5  el_after_av_two_third  el_before_av_one_half  first flex_column_div  column-top-margin'     ><section  class='av_textblock_section av-lva4pz5i-96417d835421e8749bf8f83cea550381 '   itemscope=\"itemscope\" itemtype=\"https:\/\/schema.org\/CreativeWork\" ><div class='avia_textblock'  itemprop=\"text\" ><p>Gr\u00e2ce au soutien de Patrimoine canadien, par le biais de son Programme d\u2019appui aux langues officielles, ce projet a \u00e9t\u00e9 r\u00e9alis\u00e9 de septembre 2022 \u00e0 mars 2024 et a \u00e9t\u00e9 d\u00e9ploy\u00e9 en 3 phases principales.<\/p>\n<\/div><\/section><\/div>\n<div  class='flex_column av-4l1t7t4-2620a10147546accc8199f4732e5d7a2 av_one_half  avia-builder-el-7  el_after_av_one_full  el_before_av_one_half  first flex_column_div  column-top-margin'     ><section  class='av_textblock_section av-lva4op84-f195f5fd5700196263b6100028eab64a '   itemscope=\"itemscope\" itemtype=\"https:\/\/schema.org\/CreativeWork\" ><div class='avia_textblock'  itemprop=\"text\" ><ol>\n<li>Phase 1 : Nous avons sond\u00e9 les artistes, les personnes qui travaillent dans le milieu de la culture ou du patrimoine et les organismes anglophones de l\u2019ensemble du Qu\u00e9bec pour acc\u00e9der \u00e0 leurs multiples connaissances, exp\u00e9riences et perspectives sur l\u2019\u00e9quit\u00e9, la diversit\u00e9 et l\u2019inclusion;<\/li>\n<li>Phase 2 : Nous avons tir\u00e9 parti de ces apprentissages pour organiser deux journ\u00e9es conf\u00e9rences, le 27 septembre et le 4 octobre 2023, afin d\u2019inviter notre communaut\u00e9 \u00e0 r\u00e9fl\u00e9chir \u00e0 l\u2019EDI et \u00e0 s\u2019engager dans une conversation sur l\u2019avenir que nous souhaitons cr\u00e9er;<\/li>\n<li>Phase 3 : Nous avons appuy\u00e9 sur ces conversations pour concevoir des solutions et des outils visant \u00e0 poursuivre le travail.<\/li>\n<\/ol>\n<\/div><\/section><br \/>\n<div  class='avia-button-wrap av-lvft4a4a-4cabd2d2094e7090c353dbf520263aa5-wrap avia-button-center  avia-builder-el-9  el_after_av_textblock  avia-builder-el-last '><a href='https:\/\/www.quebec-elan.org\/en\/editoolbox\/'  class='avia-button av-lvft4a4a-4cabd2d2094e7090c353dbf520263aa5 av-link-btn avia-icon_select-no avia-size-small avia-position-center avia-color-theme-color'   aria-label=\"Bo\u00eete \u00e0 outils EDI\"><span class='avia_iconbox_title' >Bo\u00eete \u00e0 outils EDI<\/span><\/a><\/div><\/p><\/div>\n<div  class='flex_column av-3zx5tc8-d346d95625cb1decf9d1a2b6aaf554e0 av_one_half  avia-builder-el-10  el_after_av_one_half  el_before_av_one_half  flex_column_div  column-top-margin'     ><style type=\"text\/css\" data-created_by=\"avia_inline_auto\" id=\"style-css-av-lva4tnjm-edd0c16035a80b1957d217cd9352e202\">\n.avia-image-container.av-lva4tnjm-edd0c16035a80b1957d217cd9352e202 img.avia_image{\nbox-shadow:none;\n}\n.avia-image-container.av-lva4tnjm-edd0c16035a80b1957d217cd9352e202 .av-image-caption-overlay-center{\ncolor:#ffffff;\n}\n<\/style>\n<div  class='avia-image-container av-lva4tnjm-edd0c16035a80b1957d217cd9352e202 av-styling- avia-align-center  avia-builder-el-11  avia-builder-el-no-sibling '   itemprop=\"image\" itemscope=\"itemscope\" itemtype=\"https:\/\/schema.org\/ImageObject\" ><div class=\"avia-image-container-inner\"><div class=\"avia-image-overlay-wrap\"><img fetchpriority=\"high\" decoding=\"async\" fetchpriority=\"high\" fetchpriority=\"high\" class='wp-image-61809 avia-img-lazy-loading-not-61809 avia_image ' src=\"https:\/\/www.quebec-elan.org\/wp-content\/uploads\/2024\/04\/SOTA-Logo-1-300x129.png\" alt='' title='SOTA-Logo'  height=\"129\" width=\"300\"  itemprop=\"thumbnailUrl\" srcset=\"https:\/\/www.quebec-elan.org\/wp-content\/uploads\/2024\/04\/SOTA-Logo-1-300x129.png 300w, https:\/\/www.quebec-elan.org\/wp-content\/uploads\/2024\/04\/SOTA-Logo-1-768x331.png 768w, https:\/\/www.quebec-elan.org\/wp-content\/uploads\/2024\/04\/SOTA-Logo-1-705x304.png 705w, https:\/\/www.quebec-elan.org\/wp-content\/uploads\/2024\/04\/SOTA-Logo-1-450x194.png 450w, https:\/\/www.quebec-elan.org\/wp-content\/uploads\/2024\/04\/SOTA-Logo-1-600x259.png 600w, https:\/\/www.quebec-elan.org\/wp-content\/uploads\/2024\/04\/SOTA-Logo-1.png 825w\" sizes=\"(max-width: 300px) 100vw, 300px\" \/><\/div><\/div><\/div><\/div>\n<div  class='flex_column av-d3vclk-0ab2be821c2ba85d8a14dd19b56cd2b7 av_one_half  avia-builder-el-12  el_after_av_one_half  el_before_av_one_half  first flex_column_div  column-top-margin'     ><div  class='avia-slideshow av-lvftkr5s-b2ae717a1104bfeccd77dc5ad6ab937f avia-slideshow-masonry av_slideshow avia-slide-slider  avia-builder-el-13  avia-builder-el-no-sibling  av-slideshow-ui av-control-default av-slideshow-autoplay av-loop-endless av-loop-manual-endless av-default-height-applied avia-slideshow-1' data-slideshow-options=\"{&quot;animation&quot;:&quot;slide&quot;,&quot;autoplay&quot;:true,&quot;loop_autoplay&quot;:&quot;endless&quot;,&quot;interval&quot;:5,&quot;loop_manual&quot;:&quot;manual-endless&quot;,&quot;autoplay_stopper&quot;:false,&quot;noNavigation&quot;:false,&quot;bg_slider&quot;:false,&quot;transitionSpeed&quot;:1000,&quot;keep_padding&quot;:false,&quot;hoverpause&quot;:false,&quot;show_slide_delay&quot;:0}\"  itemprop=\"image\" itemscope=\"itemscope\" itemtype=\"https:\/\/schema.org\/ImageObject\" ><ul class='avia-slideshow-inner ' style='padding-bottom: 100%;'><li  class='avia-slideshow-slide av-lvftkr5s-b2ae717a1104bfeccd77dc5ad6ab937f__0  slide-1 slide-odd'><div data-rel='slideshow-1' class='avia-slide-wrap '   ><div class='av-slideshow-caption av-lvftkr5s-b2ae717a1104bfeccd77dc5ad6ab937f__0 avia-caption'><div class=\"avia-inner-caption\"><h2 class='avia-caption-title '  itemprop=\"name\" >Deanna Smith par Casey Marie Ecker<\/h2><\/div><\/div><img fetchpriority=\"high\" decoding=\"async\" fetchpriority=\"high\" fetchpriority=\"high\" class=\"wp-image-62013 avia-img-lazy-loading-not-62013\"  src=\"https:\/\/www.quebec-elan.org\/wp-content\/uploads\/2024\/04\/Deanna-SOTA-sq-705x705.jpg\" width=\"705\" height=\"705\" title='Deanna SOTA-sq' alt=''  itemprop=\"thumbnailUrl\" srcset=\"https:\/\/www.quebec-elan.org\/wp-content\/uploads\/2024\/04\/Deanna-SOTA-sq-705x705.jpg 705w, https:\/\/www.quebec-elan.org\/wp-content\/uploads\/2024\/04\/Deanna-SOTA-sq-300x300.jpg 300w, https:\/\/www.quebec-elan.org\/wp-content\/uploads\/2024\/04\/Deanna-SOTA-sq-1030x1030.jpg 1030w, https:\/\/www.quebec-elan.org\/wp-content\/uploads\/2024\/04\/Deanna-SOTA-sq-80x80.jpg 80w, https:\/\/www.quebec-elan.org\/wp-content\/uploads\/2024\/04\/Deanna-SOTA-sq-768x768.jpg 768w, https:\/\/www.quebec-elan.org\/wp-content\/uploads\/2024\/04\/Deanna-SOTA-sq-1536x1536.jpg 1536w, https:\/\/www.quebec-elan.org\/wp-content\/uploads\/2024\/04\/Deanna-SOTA-sq-2048x2048.jpg 2048w, https:\/\/www.quebec-elan.org\/wp-content\/uploads\/2024\/04\/Deanna-SOTA-sq-36x36.jpg 36w, https:\/\/www.quebec-elan.org\/wp-content\/uploads\/2024\/04\/Deanna-SOTA-sq-180x180.jpg 180w, https:\/\/www.quebec-elan.org\/wp-content\/uploads\/2024\/04\/Deanna-SOTA-sq-1500x1500.jpg 1500w, https:\/\/www.quebec-elan.org\/wp-content\/uploads\/2024\/04\/Deanna-SOTA-sq-120x120.jpg 120w, https:\/\/www.quebec-elan.org\/wp-content\/uploads\/2024\/04\/Deanna-SOTA-sq-450x450.jpg 450w, https:\/\/www.quebec-elan.org\/wp-content\/uploads\/2024\/04\/Deanna-SOTA-sq-250x250.jpg 250w, https:\/\/www.quebec-elan.org\/wp-content\/uploads\/2024\/04\/Deanna-SOTA-sq-600x600.jpg 600w, https:\/\/www.quebec-elan.org\/wp-content\/uploads\/2024\/04\/Deanna-SOTA-sq-100x100.jpg 100w, https:\/\/www.quebec-elan.org\/wp-content\/uploads\/2024\/04\/Deanna-SOTA-sq-400x400.jpg 400w, https:\/\/www.quebec-elan.org\/wp-content\/uploads\/2024\/04\/Deanna-SOTA-sq-scaled.jpg 1450w\" sizes=\"(max-width: 705px) 100vw, 705px\" \/><\/div><\/li><li  class='avia-slideshow-slide av-lvftkr5s-b2ae717a1104bfeccd77dc5ad6ab937f__1  slide-2 slide-even'><div data-rel='slideshow-1' class='avia-slide-wrap '   ><div class='av-slideshow-caption av-lvftkr5s-b2ae717a1104bfeccd77dc5ad6ab937f__1 avia-caption'><div class=\"avia-inner-caption\"><h2 class='avia-caption-title '  itemprop=\"name\" >Guillaume Jabbour par Casey Marie Ecker<\/h2><\/div><\/div><img fetchpriority=\"high\" decoding=\"async\" fetchpriority=\"high\" fetchpriority=\"high\" class=\"wp-image-62023 avia-img-lazy-loading-not-62023\"  src=\"https:\/\/www.quebec-elan.org\/wp-content\/uploads\/2024\/04\/Guillaume-SOTA-sq-705x705.jpg\" width=\"705\" height=\"705\" title='Guillaume SOTA-sq' alt=''  itemprop=\"thumbnailUrl\" srcset=\"https:\/\/www.quebec-elan.org\/wp-content\/uploads\/2024\/04\/Guillaume-SOTA-sq-705x705.jpg 705w, https:\/\/www.quebec-elan.org\/wp-content\/uploads\/2024\/04\/Guillaume-SOTA-sq-300x300.jpg 300w, https:\/\/www.quebec-elan.org\/wp-content\/uploads\/2024\/04\/Guillaume-SOTA-sq-1030x1030.jpg 1030w, https:\/\/www.quebec-elan.org\/wp-content\/uploads\/2024\/04\/Guillaume-SOTA-sq-80x80.jpg 80w, https:\/\/www.quebec-elan.org\/wp-content\/uploads\/2024\/04\/Guillaume-SOTA-sq-768x768.jpg 768w, https:\/\/www.quebec-elan.org\/wp-content\/uploads\/2024\/04\/Guillaume-SOTA-sq-1536x1536.jpg 1536w, https:\/\/www.quebec-elan.org\/wp-content\/uploads\/2024\/04\/Guillaume-SOTA-sq-2048x2048.jpg 2048w, https:\/\/www.quebec-elan.org\/wp-content\/uploads\/2024\/04\/Guillaume-SOTA-sq-36x36.jpg 36w, https:\/\/www.quebec-elan.org\/wp-content\/uploads\/2024\/04\/Guillaume-SOTA-sq-180x180.jpg 180w, https:\/\/www.quebec-elan.org\/wp-content\/uploads\/2024\/04\/Guillaume-SOTA-sq-1500x1500.jpg 1500w, https:\/\/www.quebec-elan.org\/wp-content\/uploads\/2024\/04\/Guillaume-SOTA-sq-120x120.jpg 120w, https:\/\/www.quebec-elan.org\/wp-content\/uploads\/2024\/04\/Guillaume-SOTA-sq-450x450.jpg 450w, https:\/\/www.quebec-elan.org\/wp-content\/uploads\/2024\/04\/Guillaume-SOTA-sq-250x250.jpg 250w, https:\/\/www.quebec-elan.org\/wp-content\/uploads\/2024\/04\/Guillaume-SOTA-sq-600x600.jpg 600w, https:\/\/www.quebec-elan.org\/wp-content\/uploads\/2024\/04\/Guillaume-SOTA-sq-100x100.jpg 100w, https:\/\/www.quebec-elan.org\/wp-content\/uploads\/2024\/04\/Guillaume-SOTA-sq-400x400.jpg 400w, https:\/\/www.quebec-elan.org\/wp-content\/uploads\/2024\/04\/Guillaume-SOTA-sq-scaled.jpg 1450w\" sizes=\"(max-width: 705px) 100vw, 705px\" \/><\/div><\/li><li  class='avia-slideshow-slide av-lvftkr5s-b2ae717a1104bfeccd77dc5ad6ab937f__2  slide-3 slide-odd'><div data-rel='slideshow-1' class='avia-slide-wrap '   ><div class='av-slideshow-caption av-lvftkr5s-b2ae717a1104bfeccd77dc5ad6ab937f__2 avia-caption'><div class=\"avia-inner-caption\"><h2 class='avia-caption-title '  itemprop=\"name\" >Aimee Louw par Casey Marie Ecker<\/h2><\/div><\/div><img fetchpriority=\"high\" decoding=\"async\" fetchpriority=\"high\" fetchpriority=\"high\" class=\"wp-image-62017 avia-img-lazy-loading-not-62017\"  src=\"https:\/\/www.quebec-elan.org\/wp-content\/uploads\/2024\/04\/Aimee-Louw-SOTA-sq-705x705.jpg\" width=\"705\" height=\"705\" title='Aimee Louw SOTA-sq' alt=''  itemprop=\"thumbnailUrl\" srcset=\"https:\/\/www.quebec-elan.org\/wp-content\/uploads\/2024\/04\/Aimee-Louw-SOTA-sq-705x705.jpg 705w, https:\/\/www.quebec-elan.org\/wp-content\/uploads\/2024\/04\/Aimee-Louw-SOTA-sq-300x300.jpg 300w, https:\/\/www.quebec-elan.org\/wp-content\/uploads\/2024\/04\/Aimee-Louw-SOTA-sq-1030x1030.jpg 1030w, https:\/\/www.quebec-elan.org\/wp-content\/uploads\/2024\/04\/Aimee-Louw-SOTA-sq-80x80.jpg 80w, https:\/\/www.quebec-elan.org\/wp-content\/uploads\/2024\/04\/Aimee-Louw-SOTA-sq-768x768.jpg 768w, https:\/\/www.quebec-elan.org\/wp-content\/uploads\/2024\/04\/Aimee-Louw-SOTA-sq-1536x1536.jpg 1536w, https:\/\/www.quebec-elan.org\/wp-content\/uploads\/2024\/04\/Aimee-Louw-SOTA-sq-2048x2048.jpg 2048w, https:\/\/www.quebec-elan.org\/wp-content\/uploads\/2024\/04\/Aimee-Louw-SOTA-sq-36x36.jpg 36w, https:\/\/www.quebec-elan.org\/wp-content\/uploads\/2024\/04\/Aimee-Louw-SOTA-sq-180x180.jpg 180w, https:\/\/www.quebec-elan.org\/wp-content\/uploads\/2024\/04\/Aimee-Louw-SOTA-sq-1500x1500.jpg 1500w, https:\/\/www.quebec-elan.org\/wp-content\/uploads\/2024\/04\/Aimee-Louw-SOTA-sq-120x120.jpg 120w, https:\/\/www.quebec-elan.org\/wp-content\/uploads\/2024\/04\/Aimee-Louw-SOTA-sq-450x450.jpg 450w, https:\/\/www.quebec-elan.org\/wp-content\/uploads\/2024\/04\/Aimee-Louw-SOTA-sq-250x250.jpg 250w, https:\/\/www.quebec-elan.org\/wp-content\/uploads\/2024\/04\/Aimee-Louw-SOTA-sq-600x600.jpg 600w, https:\/\/www.quebec-elan.org\/wp-content\/uploads\/2024\/04\/Aimee-Louw-SOTA-sq-100x100.jpg 100w, https:\/\/www.quebec-elan.org\/wp-content\/uploads\/2024\/04\/Aimee-Louw-SOTA-sq-400x400.jpg 400w, https:\/\/www.quebec-elan.org\/wp-content\/uploads\/2024\/04\/Aimee-Louw-SOTA-sq-scaled.jpg 1450w\" sizes=\"(max-width: 705px) 100vw, 705px\" \/><\/div><\/li><li  class='avia-slideshow-slide av-lvftkr5s-b2ae717a1104bfeccd77dc5ad6ab937f__3  slide-4 slide-even'><div data-rel='slideshow-1' class='avia-slide-wrap '   ><div class='av-slideshow-caption av-lvftkr5s-b2ae717a1104bfeccd77dc5ad6ab937f__3 avia-caption'><div class=\"avia-inner-caption\"><h2 class='avia-caption-title '  itemprop=\"name\" >Lori Schubert par Casey Marie Ecker<\/h2><\/div><\/div><img fetchpriority=\"high\" decoding=\"async\" fetchpriority=\"high\" fetchpriority=\"high\" class=\"wp-image-62021 avia-img-lazy-loading-not-62021\"  src=\"https:\/\/www.quebec-elan.org\/wp-content\/uploads\/2024\/04\/Lori-Schubert-SOTA-sq-705x705.jpg\" width=\"705\" height=\"705\" title='Lori Schubert SOTA-sq' alt=''  itemprop=\"thumbnailUrl\" srcset=\"https:\/\/www.quebec-elan.org\/wp-content\/uploads\/2024\/04\/Lori-Schubert-SOTA-sq-705x705.jpg 705w, https:\/\/www.quebec-elan.org\/wp-content\/uploads\/2024\/04\/Lori-Schubert-SOTA-sq-300x300.jpg 300w, https:\/\/www.quebec-elan.org\/wp-content\/uploads\/2024\/04\/Lori-Schubert-SOTA-sq-1030x1030.jpg 1030w, https:\/\/www.quebec-elan.org\/wp-content\/uploads\/2024\/04\/Lori-Schubert-SOTA-sq-80x80.jpg 80w, https:\/\/www.quebec-elan.org\/wp-content\/uploads\/2024\/04\/Lori-Schubert-SOTA-sq-768x768.jpg 768w, https:\/\/www.quebec-elan.org\/wp-content\/uploads\/2024\/04\/Lori-Schubert-SOTA-sq-1536x1536.jpg 1536w, https:\/\/www.quebec-elan.org\/wp-content\/uploads\/2024\/04\/Lori-Schubert-SOTA-sq-2048x2048.jpg 2048w, https:\/\/www.quebec-elan.org\/wp-content\/uploads\/2024\/04\/Lori-Schubert-SOTA-sq-36x36.jpg 36w, https:\/\/www.quebec-elan.org\/wp-content\/uploads\/2024\/04\/Lori-Schubert-SOTA-sq-180x180.jpg 180w, https:\/\/www.quebec-elan.org\/wp-content\/uploads\/2024\/04\/Lori-Schubert-SOTA-sq-1500x1500.jpg 1500w, https:\/\/www.quebec-elan.org\/wp-content\/uploads\/2024\/04\/Lori-Schubert-SOTA-sq-120x120.jpg 120w, https:\/\/www.quebec-elan.org\/wp-content\/uploads\/2024\/04\/Lori-Schubert-SOTA-sq-450x450.jpg 450w, https:\/\/www.quebec-elan.org\/wp-content\/uploads\/2024\/04\/Lori-Schubert-SOTA-sq-250x250.jpg 250w, https:\/\/www.quebec-elan.org\/wp-content\/uploads\/2024\/04\/Lori-Schubert-SOTA-sq-600x600.jpg 600w, https:\/\/www.quebec-elan.org\/wp-content\/uploads\/2024\/04\/Lori-Schubert-SOTA-sq-100x100.jpg 100w, https:\/\/www.quebec-elan.org\/wp-content\/uploads\/2024\/04\/Lori-Schubert-SOTA-sq-400x400.jpg 400w, https:\/\/www.quebec-elan.org\/wp-content\/uploads\/2024\/04\/Lori-Schubert-SOTA-sq-scaled.jpg 1450w\" sizes=\"(max-width: 705px) 100vw, 705px\" \/><\/div><\/li><\/ul><div class='avia-slideshow-arrows avia-slideshow-controls' ><a href='#prev' class='prev-slide  avia-svg-icon avia-font-svg_entypo-fontello' data-av_svg_icon='left-open-big' data-av_iconset='svg_entypo-fontello' tabindex='-1' title=\"Pr\u00e9c\u00e9dent\"><svg version=\"1.1\" xmlns=\"http:\/\/www.w3.org\/2000\/svg\" width=\"15\" height=\"32\" viewBox=\"0 0 15 32\" preserveAspectRatio=\"xMidYMid meet\" aria-labelledby='av-svg-title-1' aria-describedby='av-svg-desc-1' role=\"graphics-symbol\" aria-hidden=\"true\">\n<title id='av-svg-title-1'>Pr\u00e9c\u00e9dent<\/title>\n<desc id='av-svg-desc-1'>Pr\u00e9c\u00e9dent<\/desc>\n<path d=\"M14.464 27.84q0.832 0.832 0 1.536-0.832 0.832-1.536 0l-12.544-12.608q-0.768-0.768 0-1.6l12.544-12.608q0.704-0.832 1.536 0 0.832 0.704 0 1.536l-11.456 11.904z\"><\/path>\n<\/svg><span class='avia_hidden_link_text'>Pr\u00e9c\u00e9dent<\/span><\/a><a href='#next' class='next-slide  avia-svg-icon avia-font-svg_entypo-fontello' data-av_svg_icon='right-open-big' data-av_iconset='svg_entypo-fontello' tabindex='-1' title=\"Suivant\"><svg version=\"1.1\" xmlns=\"http:\/\/www.w3.org\/2000\/svg\" width=\"15\" height=\"32\" viewBox=\"0 0 15 32\" preserveAspectRatio=\"xMidYMid meet\" aria-labelledby='av-svg-title-2' aria-describedby='av-svg-desc-2' role=\"graphics-symbol\" aria-hidden=\"true\">\n<title id='av-svg-title-2'>Suivant<\/title>\n<desc id='av-svg-desc-2'>Suivant<\/desc>\n<path d=\"M0.416 27.84l11.456-11.84-11.456-11.904q-0.832-0.832 0-1.536 0.832-0.832 1.536 0l12.544 12.608q0.768 0.832 0 1.6l-12.544 12.608q-0.704 0.832-1.536 0-0.832-0.704 0-1.536z\"><\/path>\n<\/svg><span class='avia_hidden_link_text'>Suivant<\/span><\/a><\/div><div class='avia-slideshow-dots avia-slideshow-controls'><a href='#1' class='goto-slide active' >1<\/a><a href='#2' class='goto-slide ' >2<\/a><a href='#3' class='goto-slide ' >3<\/a><a href='#4' class='goto-slide ' >4<\/a><\/div><\/div><\/div>\n<div  class='flex_column av-bjdbag-e2bf5b5673769993348f4435182d0f89 av_one_half  avia-builder-el-14  el_after_av_one_half  el_before_av_one_full  flex_column_div  column-top-margin'     ><section  class='av_textblock_section av-lva4rsse-1e0a69e7ed5888188930ad2549879ee4 '   itemscope=\"itemscope\" itemtype=\"https:\/\/schema.org\/CreativeWork\" ><div class='avia_textblock'  itemprop=\"text\" ><h1>Journ\u00e9es conf\u00e9rences \u00ab \u00c9tat de l\u2019art sur l\u2019EDI \u00bb (Phase 2)<\/h1>\n<p>Les deux journ\u00e9es conf\u00e9rences \u00ab \u00c9tat de l\u2019art sur l\u2019EDI \u00bb, qui se sont d\u00e9roul\u00e9es \u00e0 l\u2019automne 2023 (27 septembre et 4 octobre), ont pu compter sur la participation d\u2019une centaine de personnes d\u00e9termin\u00e9es \u00e0 favoriser des changements positifs au sein de la communaut\u00e9 artistique. La premi\u00e8re journ\u00e9e conf\u00e9rence a \u00e9t\u00e9 consacr\u00e9e au plan d\u2019action communautaire en faveur de l\u2019EDI dans le milieu des arts, qui constitue une plateforme destin\u00e9e aux efforts de collaboration et de partage des responsabilit\u00e9s.<\/p>\n<p>La seconde journ\u00e9e conf\u00e9rence a pr\u00e9sent\u00e9 un \u00e9ventail d\u2019interventions stimulantes ax\u00e9es sur des sujets pratiques : la mise en \u0153uvre des principes de l\u2019EDI dans les pratiques artistiques et organisationnelles du quotidien, des s\u00e9ances de r\u00e9flexion sur l\u2019am\u00e9lioration de l\u2019accessibilit\u00e9 et du sentiment d\u2019appartenance au sein du secteur artistique, etc. Parmi les personnes participantes figuraient <a href=\"https:\/\/www.aimeelouw.org\/\" target=\"_blank\" rel=\"noopener\">Aimee Louw<\/a> (journaliste, auteure et animatrice, CBC), <a href=\"https:\/\/qwf.org\/writer-facilitators\/deanna-smith\/\" target=\"_blank\" rel=\"noopener\">Deanna Smith<\/a> (po\u00e8te, \u00e9ducatrice en arts et justice sociale) et Tracey Paulotte (cheffe des programmes et de la sensibilisation \u00e0 la <a href=\"https:\/\/www.fondationdynastie.com\/\" target=\"_blank\" rel=\"noopener\">Fondation Dynastie<\/a>). Veuillez consulter le <a href=\"https:\/\/drive.google.com\/file\/d\/1m0cO7O4rRD1HzuN5iqlZPDZlERe-Vi3n\/view?pli=1\" target=\"_blank\" rel=\"noopener\">programme de la journ\u00e9e conf\u00e9rence et les biographies des personnes qui y ont particip\u00e9<\/a>, ainsi que\u00a0 <a href=\"https:\/\/drive.google.com\/file\/d\/1YKgPYC1tvDjtoqHEijGTUBqHVsNJT1uR\/view\" target=\"_blank\" rel=\"noopener\">l&rsquo;annexe r\u00e9sumant les activit\u00e9s de recherche effectu\u00e9es<\/a>.<\/p>\n<\/div><\/section><\/div>\n<div  class='flex_column av-2nxolm0-65d5ef3973e247d9dba0f7635b8e32a8 av_one_full  avia-builder-el-16  el_after_av_one_half  el_before_av_one_half  first flex_column_div  column-top-margin'     ><p><div  class='hr av-5amz2yw-ebe8b80e247299557c37b9edaf2576b3 hr-default  avia-builder-el-17  el_before_av_textblock  avia-builder-el-first '><span class='hr-inner '><span class=\"hr-inner-style\"><\/span><\/span><\/div><br \/>\n<section  class='av_textblock_section av-lva5xz2z-3b376c5977a0512caa10cfc79bce4bbc '   itemscope=\"itemscope\" itemtype=\"https:\/\/schema.org\/CreativeWork\" ><div class='avia_textblock title-action-plan'  itemprop=\"text\" ><h1 style=\"text-align: center;\">Plan d\u2019action communautaire<\/h1>\n<\/div><\/section><\/p><\/div>\n<div  class='flex_column av-51arlns-60c27700776ddae54dac494851bdfe68 av_one_half  avia-builder-el-19  el_after_av_one_full  el_before_av_one_half  first flex_column_div  column-top-margin'     ><section  class='av_textblock_section av-lvg2mrnw-b3125e89cce21a22ee55586f280f1f05 '   itemscope=\"itemscope\" itemtype=\"https:\/\/schema.org\/CreativeWork\" ><div class='avia_textblock'  itemprop=\"text\" ><p>La ratification officielle du <a href=\"https:\/\/drive.google.com\/file\/d\/1KxR4skCxaT07znMhRdjPwzNlO0PnOyaF\/view\" target=\"_blank\" rel=\"noopener\">plan d\u2019action communautaire<\/a> mentionn\u00e9 ci-haut \u00e9tait une \u00e9tape importante du projet d\u2019\u00e9tat de l\u2019art sur l\u2019EDI. En effet, 6 organismes et 19 personnes ont approuv\u00e9 ce plan, et un suivi continu sera assur\u00e9 pour inciter d\u2019autres organismes artistiques, culturels et patrimoniaux \u00e0 l\u2019adopter. Ce plan a \u00e9t\u00e9 traduit en fran\u00e7ais et distribu\u00e9 \u00e0 grande \u00e9chelle, pour le rendre plus accessible et \u00e9largir sa port\u00e9e aupr\u00e8s d\u2019un plus grand public.<\/p>\n<\/div><\/section><\/div>\n<div  class='flex_column av-4k8ioug-0e6033aa00f2bb76b32c19f744ee09e3 av_one_half  avia-builder-el-21  el_after_av_one_half  el_before_av_hr  flex_column_div  column-top-margin'     ><section  class='av_textblock_section av-lvg2onwi-432bf51dd288361a749e6fa3e6af57ab '   itemscope=\"itemscope\" itemtype=\"https:\/\/schema.org\/CreativeWork\" ><div class='avia_textblock'  itemprop=\"text\" ><p>Les organisations suivantes ont approuv\u00e9 le plan d&rsquo;action communautaire:<\/p>\n<ul>\n<li>4Korners<\/li>\n<li>Association of English-language Publishers of Quebec<\/li>\n<li>Playwrights\u2019 Workshop Montr\u00e9al<\/li>\n<li>Quebec Drama Federation<\/li>\n<li>Quebec Writers Federation<\/li>\n<li>Th\u00e9\u00e2tre Wakefield<\/li>\n<li>Talisman Theatre<\/li>\n<li>Community Digital Arts Hub<\/li>\n<li>Segal Centre<\/li>\n<li>100 Mile Arts Network<\/li>\n<\/ul>\n<p>Il n\u2019est pas trop tard pour passer \u00e0 l\u2019action : notre communaut\u00e9, qui regroupe des organismes engag\u00e9s \u00e0 faire de l\u2019EDI une r\u00e9alit\u00e9, est en pleine expansion.<\/p>\n<p style=\"text-align: center;\"><a class=\"avia-button av-ls1252y2-bc84e36cb1613fa991d68f56ca315f24 av-link-btn avia-icon_select-no avia-size-small avia-position-center avia-color-theme-color\" href=\"https:\/\/www.quebec-elan.org\/contactez-equipe-de-recherche-sur-letat-de-lart\/?lang=fr\"><span class=\"avia_iconbox_title\">Joignez-vous \u00e0 nous!<\/span><\/a><\/p>\n<\/div><\/section><\/div>\n<div  class='hr av-1d1ars-114da16f02f150434284080fc901a3d6 hr-default  avia-builder-el-23  el_after_av_one_half  el_before_av_one_full '><span class='hr-inner '><span class=\"hr-inner-style\"><\/span><\/span><\/div>\n<div  class='flex_column av-39h7u7c-430689e75c8d16ab7285df5b0b4b7946 av_one_full  avia-builder-el-24  el_after_av_hr  el_before_av_one_half  first flex_column_div  '     ><\/div>\n<div  class='flex_column av-6kip60-0f083d6c4d9f3f0ef6a399682ae876be av_one_half  avia-builder-el-25  el_after_av_one_full  el_before_av_one_half  first flex_column_div  column-top-margin'     ><section  class='av_textblock_section av-lva5ftbo-41ad83b71ef86f354544af7cced62ddd '   itemscope=\"itemscope\" itemtype=\"https:\/\/schema.org\/CreativeWork\" ><div class='avia_textblock'  itemprop=\"text\" ><h1>Phase 3<\/h1>\n<p>Tandis qu\u2019ELAN continue \u00e0 diriger l\u2019initiative en faveur de l\u2019EDI dans le milieu<br \/>\nartistique, les activit\u00e9s de la phase 3 du projet d\u2019\u00e9tat de l\u2019art sur l\u2019EDI a compris :<\/p>\n<h4>1. Des ateliers de suivi cibl\u00e9s<\/h4>\n<p>\u00c0 partir des connaissances acquises lors des journ\u00e9es conf\u00e9rences r\u00e9alis\u00e9es l\u2019automne dernier (voir ci-bas), ELAN a organis\u00e9 des ateliers de suivi cibl\u00e9s afin d\u2019approfondir la r\u00e9flexion sur les d\u00e9fis et les occasions favorables concernant l\u2019EDI au sein de la communaut\u00e9 artistique.<\/p>\n<h4>2. La conception d\u2019une bo\u00eete \u00e0 outils num\u00e9rique<\/h4>\n<p>ELAN s\u2019engage \u00e0 fournir des ressources pratiques \u00e0 l\u2019ensemble des membres de la communaut\u00e9. Une bo\u00eete \u00e0 outils num\u00e9rique qui permet aux individus et aux organismes de disposer d\u2019outils et de strat\u00e9gies visant \u00e0 rendre leurs pratiques plus inclusives a \u00e9t\u00e9 d\u00e9velopp\u00e9e.<\/p>\n<h4>3. La cr\u00e9ation d\u2019un m\u00e9canisme d\u2019auto\u00e9valuation<\/h4>\n<p>Pour favoriser la transparence et la responsabilit\u00e9, ELAN a r\u00e9dig\u00e9 un projet d\u2019un m\u00e9canisme de production de rapports d\u2019auto\u00e9valuation pour les artistes et les organismes qui participent au projet d\u2019\u00e9tat de l\u2019art sur l\u2019EDI, soutenant ainsi l\u2019adoption d\u2019une d\u00e9marche collective en vue d\u2019atteindre nos objectifs communs.<\/p>\n<p>Si vous souhaitez rejoindre notre communaut\u00e9 de pratique suite \u00e0 la fin du projet, veuillez nous <a href=\"https:\/\/www.quebec-elan.org\/contact-us\/?lang=fr\">contacter<\/a>.<\/p>\n<\/div><\/section><\/div>\n<div  class='flex_column av-1deatbc-40573c3a93272574e1f85c7413342222 av_one_half  avia-builder-el-27  el_after_av_one_half  el_before_av_one_half  flex_column_div  column-top-margin'     ><div  class='avia-slideshow av-lvaf74iz-17599fe736a2a311c8291b8faa8e7639 avia-slideshow-masonry av_slideshow avia-slide-slider  avia-builder-el-28  avia-builder-el-no-sibling  av-slideshow-ui av-control-default av-slideshow-autoplay av-loop-endless av-loop-manual-endless av-default-height-applied avia-slideshow-2' data-slideshow-options=\"{&quot;animation&quot;:&quot;slide&quot;,&quot;autoplay&quot;:true,&quot;loop_autoplay&quot;:&quot;endless&quot;,&quot;interval&quot;:5,&quot;loop_manual&quot;:&quot;manual-endless&quot;,&quot;autoplay_stopper&quot;:false,&quot;noNavigation&quot;:false,&quot;bg_slider&quot;:false,&quot;transitionSpeed&quot;:1000,&quot;keep_padding&quot;:false,&quot;hoverpause&quot;:false,&quot;show_slide_delay&quot;:0}\"  itemprop=\"image\" itemscope=\"itemscope\" itemtype=\"https:\/\/schema.org\/ImageObject\" ><ul class='avia-slideshow-inner ' style='padding-bottom: 100%;'><li  class='avia-slideshow-slide av-lvaf74iz-17599fe736a2a311c8291b8faa8e7639__0  slide-1 slide-odd'><div data-rel='slideshow-2' class='avia-slide-wrap '   ><div class='av-slideshow-caption av-lvaf74iz-17599fe736a2a311c8291b8faa8e7639__0 avia-caption'><div class=\"avia-inner-caption\"><h2 class='avia-caption-title '  itemprop=\"name\" >SOTA on EDI conference par Lauren Katherine Clinton<\/h2><\/div><\/div><img fetchpriority=\"high\" decoding=\"async\" fetchpriority=\"high\" fetchpriority=\"high\" class=\"wp-image-62025 avia-img-lazy-loading-not-62025\"  src=\"https:\/\/www.quebec-elan.org\/wp-content\/uploads\/2024\/04\/18-DSC02808-Sq-705x705.jpg\" width=\"705\" height=\"705\" title='18-DSC02808-Sq' alt=''  itemprop=\"thumbnailUrl\" srcset=\"https:\/\/www.quebec-elan.org\/wp-content\/uploads\/2024\/04\/18-DSC02808-Sq-705x705.jpg 705w, https:\/\/www.quebec-elan.org\/wp-content\/uploads\/2024\/04\/18-DSC02808-Sq-300x300.jpg 300w, https:\/\/www.quebec-elan.org\/wp-content\/uploads\/2024\/04\/18-DSC02808-Sq-1030x1030.jpg 1030w, https:\/\/www.quebec-elan.org\/wp-content\/uploads\/2024\/04\/18-DSC02808-Sq-80x80.jpg 80w, https:\/\/www.quebec-elan.org\/wp-content\/uploads\/2024\/04\/18-DSC02808-Sq-768x768.jpg 768w, https:\/\/www.quebec-elan.org\/wp-content\/uploads\/2024\/04\/18-DSC02808-Sq-1536x1536.jpg 1536w, https:\/\/www.quebec-elan.org\/wp-content\/uploads\/2024\/04\/18-DSC02808-Sq-2048x2048.jpg 2048w, https:\/\/www.quebec-elan.org\/wp-content\/uploads\/2024\/04\/18-DSC02808-Sq-36x36.jpg 36w, https:\/\/www.quebec-elan.org\/wp-content\/uploads\/2024\/04\/18-DSC02808-Sq-180x180.jpg 180w, https:\/\/www.quebec-elan.org\/wp-content\/uploads\/2024\/04\/18-DSC02808-Sq-1500x1500.jpg 1500w, https:\/\/www.quebec-elan.org\/wp-content\/uploads\/2024\/04\/18-DSC02808-Sq-120x120.jpg 120w, https:\/\/www.quebec-elan.org\/wp-content\/uploads\/2024\/04\/18-DSC02808-Sq-450x450.jpg 450w, https:\/\/www.quebec-elan.org\/wp-content\/uploads\/2024\/04\/18-DSC02808-Sq-250x250.jpg 250w, https:\/\/www.quebec-elan.org\/wp-content\/uploads\/2024\/04\/18-DSC02808-Sq-600x600.jpg 600w, https:\/\/www.quebec-elan.org\/wp-content\/uploads\/2024\/04\/18-DSC02808-Sq-100x100.jpg 100w, https:\/\/www.quebec-elan.org\/wp-content\/uploads\/2024\/04\/18-DSC02808-Sq-400x400.jpg 400w, https:\/\/www.quebec-elan.org\/wp-content\/uploads\/2024\/04\/18-DSC02808-Sq-scaled.jpg 1450w\" sizes=\"(max-width: 705px) 100vw, 705px\" \/><\/div><\/li><li  class='avia-slideshow-slide av-lvaf74iz-17599fe736a2a311c8291b8faa8e7639__1  slide-2 slide-even'><div data-rel='slideshow-2' class='avia-slide-wrap '   ><div class='av-slideshow-caption av-lvaf74iz-17599fe736a2a311c8291b8faa8e7639__1 avia-caption'><div class=\"avia-inner-caption\"><h2 class='avia-caption-title '  itemprop=\"name\" >SOTA on EDI conference par Casey Marie Ecker<\/h2><\/div><\/div><img fetchpriority=\"high\" decoding=\"async\" fetchpriority=\"high\" fetchpriority=\"high\" class=\"wp-image-62027 avia-img-lazy-loading-not-62027\"  src=\"https:\/\/www.quebec-elan.org\/wp-content\/uploads\/2024\/04\/Rana-Liu-X-Quinten-Vanessa-Kakim-SOTA-sq-705x705.jpg\" width=\"705\" height=\"705\" title='Rana Liu, X, Quinten, Vanessa, Kakim SOTA-sq' alt=''  itemprop=\"thumbnailUrl\" srcset=\"https:\/\/www.quebec-elan.org\/wp-content\/uploads\/2024\/04\/Rana-Liu-X-Quinten-Vanessa-Kakim-SOTA-sq-705x705.jpg 705w, https:\/\/www.quebec-elan.org\/wp-content\/uploads\/2024\/04\/Rana-Liu-X-Quinten-Vanessa-Kakim-SOTA-sq-300x300.jpg 300w, https:\/\/www.quebec-elan.org\/wp-content\/uploads\/2024\/04\/Rana-Liu-X-Quinten-Vanessa-Kakim-SOTA-sq-1030x1030.jpg 1030w, https:\/\/www.quebec-elan.org\/wp-content\/uploads\/2024\/04\/Rana-Liu-X-Quinten-Vanessa-Kakim-SOTA-sq-80x80.jpg 80w, https:\/\/www.quebec-elan.org\/wp-content\/uploads\/2024\/04\/Rana-Liu-X-Quinten-Vanessa-Kakim-SOTA-sq-768x768.jpg 768w, https:\/\/www.quebec-elan.org\/wp-content\/uploads\/2024\/04\/Rana-Liu-X-Quinten-Vanessa-Kakim-SOTA-sq-1536x1536.jpg 1536w, https:\/\/www.quebec-elan.org\/wp-content\/uploads\/2024\/04\/Rana-Liu-X-Quinten-Vanessa-Kakim-SOTA-sq-2048x2048.jpg 2048w, https:\/\/www.quebec-elan.org\/wp-content\/uploads\/2024\/04\/Rana-Liu-X-Quinten-Vanessa-Kakim-SOTA-sq-36x36.jpg 36w, https:\/\/www.quebec-elan.org\/wp-content\/uploads\/2024\/04\/Rana-Liu-X-Quinten-Vanessa-Kakim-SOTA-sq-180x180.jpg 180w, https:\/\/www.quebec-elan.org\/wp-content\/uploads\/2024\/04\/Rana-Liu-X-Quinten-Vanessa-Kakim-SOTA-sq-1500x1500.jpg 1500w, https:\/\/www.quebec-elan.org\/wp-content\/uploads\/2024\/04\/Rana-Liu-X-Quinten-Vanessa-Kakim-SOTA-sq-120x120.jpg 120w, https:\/\/www.quebec-elan.org\/wp-content\/uploads\/2024\/04\/Rana-Liu-X-Quinten-Vanessa-Kakim-SOTA-sq-450x450.jpg 450w, https:\/\/www.quebec-elan.org\/wp-content\/uploads\/2024\/04\/Rana-Liu-X-Quinten-Vanessa-Kakim-SOTA-sq-250x250.jpg 250w, https:\/\/www.quebec-elan.org\/wp-content\/uploads\/2024\/04\/Rana-Liu-X-Quinten-Vanessa-Kakim-SOTA-sq-600x600.jpg 600w, https:\/\/www.quebec-elan.org\/wp-content\/uploads\/2024\/04\/Rana-Liu-X-Quinten-Vanessa-Kakim-SOTA-sq-100x100.jpg 100w, https:\/\/www.quebec-elan.org\/wp-content\/uploads\/2024\/04\/Rana-Liu-X-Quinten-Vanessa-Kakim-SOTA-sq-400x400.jpg 400w, https:\/\/www.quebec-elan.org\/wp-content\/uploads\/2024\/04\/Rana-Liu-X-Quinten-Vanessa-Kakim-SOTA-sq-scaled.jpg 1450w\" sizes=\"(max-width: 705px) 100vw, 705px\" \/><\/div><\/li><li  class='avia-slideshow-slide av-lvaf74iz-17599fe736a2a311c8291b8faa8e7639__2  slide-3 slide-odd'><div data-rel='slideshow-2' class='avia-slide-wrap '   ><div class='av-slideshow-caption av-lvaf74iz-17599fe736a2a311c8291b8faa8e7639__2 avia-caption'><div class=\"avia-inner-caption\"><h2 class='avia-caption-title '  itemprop=\"name\" >Audience at SOTA on EDI conference par Casey Marie Ecker<\/h2><\/div><\/div><img fetchpriority=\"high\" decoding=\"async\" fetchpriority=\"high\" fetchpriority=\"high\" class=\"wp-image-62019 avia-img-lazy-loading-not-62019\"  src=\"https:\/\/www.quebec-elan.org\/wp-content\/uploads\/2024\/04\/SOTA-Audience-773x1030-sq-705x705.jpg\" width=\"705\" height=\"705\" title='SOTA-Audience-773x1030-sq' alt=''  itemprop=\"thumbnailUrl\" srcset=\"https:\/\/www.quebec-elan.org\/wp-content\/uploads\/2024\/04\/SOTA-Audience-773x1030-sq-705x705.jpg 705w, https:\/\/www.quebec-elan.org\/wp-content\/uploads\/2024\/04\/SOTA-Audience-773x1030-sq-300x300.jpg 300w, https:\/\/www.quebec-elan.org\/wp-content\/uploads\/2024\/04\/SOTA-Audience-773x1030-sq-80x80.jpg 80w, https:\/\/www.quebec-elan.org\/wp-content\/uploads\/2024\/04\/SOTA-Audience-773x1030-sq-768x768.jpg 768w, https:\/\/www.quebec-elan.org\/wp-content\/uploads\/2024\/04\/SOTA-Audience-773x1030-sq-36x36.jpg 36w, https:\/\/www.quebec-elan.org\/wp-content\/uploads\/2024\/04\/SOTA-Audience-773x1030-sq-180x180.jpg 180w, https:\/\/www.quebec-elan.org\/wp-content\/uploads\/2024\/04\/SOTA-Audience-773x1030-sq-120x120.jpg 120w, https:\/\/www.quebec-elan.org\/wp-content\/uploads\/2024\/04\/SOTA-Audience-773x1030-sq-450x450.jpg 450w, https:\/\/www.quebec-elan.org\/wp-content\/uploads\/2024\/04\/SOTA-Audience-773x1030-sq-250x250.jpg 250w, https:\/\/www.quebec-elan.org\/wp-content\/uploads\/2024\/04\/SOTA-Audience-773x1030-sq-600x600.jpg 600w, https:\/\/www.quebec-elan.org\/wp-content\/uploads\/2024\/04\/SOTA-Audience-773x1030-sq-100x100.jpg 100w, https:\/\/www.quebec-elan.org\/wp-content\/uploads\/2024\/04\/SOTA-Audience-773x1030-sq-400x400.jpg 400w, https:\/\/www.quebec-elan.org\/wp-content\/uploads\/2024\/04\/SOTA-Audience-773x1030-sq.jpg 773w\" sizes=\"(max-width: 705px) 100vw, 705px\" \/><\/div><\/li><li  class='avia-slideshow-slide av-lvaf74iz-17599fe736a2a311c8291b8faa8e7639__3  slide-4 slide-even'><div data-rel='slideshow-2' class='avia-slide-wrap '   ><div class='av-slideshow-caption av-lvaf74iz-17599fe736a2a311c8291b8faa8e7639__3 avia-caption'><div class=\"avia-inner-caption\"><h2 class='avia-caption-title '  itemprop=\"name\" >SOTA on EDI conference par Casey Marie Ecker<\/h2><\/div><\/div><img fetchpriority=\"high\" decoding=\"async\" fetchpriority=\"high\" fetchpriority=\"high\" class=\"wp-image-62015 avia-img-lazy-loading-not-62015\"  src=\"https:\/\/www.quebec-elan.org\/wp-content\/uploads\/2024\/04\/15-DSC02795-sq-705x705.jpg\" width=\"705\" height=\"705\" title='15-DSC02795-sq' alt=''  itemprop=\"thumbnailUrl\" srcset=\"https:\/\/www.quebec-elan.org\/wp-content\/uploads\/2024\/04\/15-DSC02795-sq-705x705.jpg 705w, https:\/\/www.quebec-elan.org\/wp-content\/uploads\/2024\/04\/15-DSC02795-sq-300x300.jpg 300w, https:\/\/www.quebec-elan.org\/wp-content\/uploads\/2024\/04\/15-DSC02795-sq-1030x1030.jpg 1030w, https:\/\/www.quebec-elan.org\/wp-content\/uploads\/2024\/04\/15-DSC02795-sq-80x80.jpg 80w, https:\/\/www.quebec-elan.org\/wp-content\/uploads\/2024\/04\/15-DSC02795-sq-768x768.jpg 768w, https:\/\/www.quebec-elan.org\/wp-content\/uploads\/2024\/04\/15-DSC02795-sq-1536x1536.jpg 1536w, https:\/\/www.quebec-elan.org\/wp-content\/uploads\/2024\/04\/15-DSC02795-sq-2048x2048.jpg 2048w, https:\/\/www.quebec-elan.org\/wp-content\/uploads\/2024\/04\/15-DSC02795-sq-36x36.jpg 36w, https:\/\/www.quebec-elan.org\/wp-content\/uploads\/2024\/04\/15-DSC02795-sq-180x180.jpg 180w, https:\/\/www.quebec-elan.org\/wp-content\/uploads\/2024\/04\/15-DSC02795-sq-1500x1500.jpg 1500w, https:\/\/www.quebec-elan.org\/wp-content\/uploads\/2024\/04\/15-DSC02795-sq-120x120.jpg 120w, https:\/\/www.quebec-elan.org\/wp-content\/uploads\/2024\/04\/15-DSC02795-sq-450x450.jpg 450w, https:\/\/www.quebec-elan.org\/wp-content\/uploads\/2024\/04\/15-DSC02795-sq-250x250.jpg 250w, https:\/\/www.quebec-elan.org\/wp-content\/uploads\/2024\/04\/15-DSC02795-sq-600x600.jpg 600w, https:\/\/www.quebec-elan.org\/wp-content\/uploads\/2024\/04\/15-DSC02795-sq-100x100.jpg 100w, https:\/\/www.quebec-elan.org\/wp-content\/uploads\/2024\/04\/15-DSC02795-sq-400x400.jpg 400w, https:\/\/www.quebec-elan.org\/wp-content\/uploads\/2024\/04\/15-DSC02795-sq-scaled.jpg 1450w\" sizes=\"(max-width: 705px) 100vw, 705px\" \/><\/div><\/li><\/ul><div class='avia-slideshow-arrows avia-slideshow-controls' ><a href='#prev' class='prev-slide  avia-svg-icon avia-font-svg_entypo-fontello' data-av_svg_icon='left-open-big' data-av_iconset='svg_entypo-fontello' tabindex='-1' title=\"Pr\u00e9c\u00e9dent\"><svg version=\"1.1\" xmlns=\"http:\/\/www.w3.org\/2000\/svg\" width=\"15\" height=\"32\" viewBox=\"0 0 15 32\" preserveAspectRatio=\"xMidYMid meet\" aria-labelledby='av-svg-title-3' aria-describedby='av-svg-desc-3' role=\"graphics-symbol\" aria-hidden=\"true\">\n<title id='av-svg-title-3'>Pr\u00e9c\u00e9dent<\/title>\n<desc id='av-svg-desc-3'>Pr\u00e9c\u00e9dent<\/desc>\n<path d=\"M14.464 27.84q0.832 0.832 0 1.536-0.832 0.832-1.536 0l-12.544-12.608q-0.768-0.768 0-1.6l12.544-12.608q0.704-0.832 1.536 0 0.832 0.704 0 1.536l-11.456 11.904z\"><\/path>\n<\/svg><span class='avia_hidden_link_text'>Pr\u00e9c\u00e9dent<\/span><\/a><a href='#next' class='next-slide  avia-svg-icon avia-font-svg_entypo-fontello' data-av_svg_icon='right-open-big' data-av_iconset='svg_entypo-fontello' tabindex='-1' title=\"Suivant\"><svg version=\"1.1\" xmlns=\"http:\/\/www.w3.org\/2000\/svg\" width=\"15\" height=\"32\" viewBox=\"0 0 15 32\" preserveAspectRatio=\"xMidYMid meet\" aria-labelledby='av-svg-title-4' aria-describedby='av-svg-desc-4' role=\"graphics-symbol\" aria-hidden=\"true\">\n<title id='av-svg-title-4'>Suivant<\/title>\n<desc id='av-svg-desc-4'>Suivant<\/desc>\n<path d=\"M0.416 27.84l11.456-11.84-11.456-11.904q-0.832-0.832 0-1.536 0.832-0.832 1.536 0l12.544 12.608q0.768 0.832 0 1.6l-12.544 12.608q-0.704 0.832-1.536 0-0.832-0.704 0-1.536z\"><\/path>\n<\/svg><span class='avia_hidden_link_text'>Suivant<\/span><\/a><\/div><div class='avia-slideshow-dots avia-slideshow-controls'><a href='#1' class='goto-slide active' >1<\/a><a href='#2' class='goto-slide ' >2<\/a><a href='#3' class='goto-slide ' >3<\/a><a href='#4' class='goto-slide ' >4<\/a><\/div><\/div><\/div><div  class='flex_column av-15mw348-77e3f9e60f8643cfc9bf76d3e1497613 av_one_half  avia-builder-el-29  el_after_av_one_half  el_before_av_one_half  first flex_column_div  column-top-margin'     ><\/div><\/p>\n<div  class='flex_column av-qga0mg-973c996e69766906670a2a7b5dc3fcdf av_one_half  avia-builder-el-30  el_after_av_one_half  avia-builder-el-last  flex_column_div  column-top-margin'     ><style type=\"text\/css\" data-created_by=\"avia_inline_auto\" id=\"style-css-av-lvfvicbh-5e907520162248da7af028cb9c58b264\">\n.avia-image-container.av-lvfvicbh-5e907520162248da7af028cb9c58b264 img.avia_image{\nbox-shadow:none;\n}\n.avia-image-container.av-lvfvicbh-5e907520162248da7af028cb9c58b264 .av-image-caption-overlay-center{\ncolor:#ffffff;\n}\n<\/style>\n<div  class='avia-image-container av-lvfvicbh-5e907520162248da7af028cb9c58b264 av-styling- avia-align-center  avia-builder-el-31  avia-builder-el-no-sibling '   itemprop=\"image\" itemscope=\"itemscope\" itemtype=\"https:\/\/schema.org\/ImageObject\" ><div class=\"avia-image-container-inner\"><div class=\"avia-image-overlay-wrap\"><img fetchpriority=\"high\" decoding=\"async\" fetchpriority=\"high\" fetchpriority=\"high\" class='wp-image-62162 avia-img-lazy-loading-not-62162 avia_image ' src=\"https:\/\/www.quebec-elan.org\/wp-content\/uploads\/2024\/05\/mot_reconnaissance_bil_2_bil_text_wordmark_2-eng.jpg\" alt='' title='mot_reconnaissance_bil_2_bil_text_wordmark_2-eng'  height=\"75\" width=\"280\"  itemprop=\"thumbnailUrl\"  \/><\/div><\/div><\/div><\/div>\n","protected":false},"excerpt":{"rendered":"","protected":false},"author":234,"featured_media":0,"parent":0,"menu_order":0,"comment_status":"closed","ping_status":"closed","template":"","meta":{"footnotes":""},"class_list":["post-62213","page","type-page","status-publish","hentry"],"yoast_head":"<!-- This site is optimized with the Yoast SEO plugin v27.5 - https:\/\/yoast.com\/product\/yoast-seo-wordpress\/ -->\n<title>\u00c9tat de l\u2019art - ELAN<\/title>\n<meta name=\"robots\" content=\"index, follow, max-snippet:-1, max-image-preview:large, max-video-preview:-1\" \/>\n<link rel=\"canonical\" href=\"https:\/\/www.quebec-elan.org\/fr\/state-of-the-arts-v2\/\" \/>\n<meta property=\"og:locale\" content=\"fr_FR\" \/>\n<meta property=\"og:type\" content=\"article\" \/>\n<meta property=\"og:title\" content=\"\u00c9tat de l\u2019art - ELAN\" \/>\n<meta property=\"og:url\" content=\"https:\/\/www.quebec-elan.org\/fr\/state-of-the-arts-v2\/\" \/>\n<meta property=\"og:site_name\" content=\"ELAN\" \/>\n<meta property=\"article:modified_time\" content=\"2024-05-24T14:30:19+00:00\" \/>\n<meta name=\"twitter:card\" content=\"summary_large_image\" \/>\n<meta name=\"twitter:label1\" content=\"Dur\u00e9e de lecture estim\u00e9e\" \/>\n\t<meta name=\"twitter:data1\" content=\"55 minutes\" \/>\n<script type=\"application\/ld+json\" class=\"yoast-schema-graph\">{\"@context\":\"https:\\\/\\\/schema.org\",\"@graph\":[{\"@type\":\"WebPage\",\"@id\":\"https:\\\/\\\/www.quebec-elan.org\\\/fr\\\/state-of-the-arts-v2\\\/\",\"url\":\"https:\\\/\\\/www.quebec-elan.org\\\/fr\\\/state-of-the-arts-v2\\\/\",\"name\":\"\u00c9tat de l\u2019art - ELAN\",\"isPartOf\":{\"@id\":\"https:\\\/\\\/www.quebec-elan.org\\\/en\\\/#website\"},\"datePublished\":\"2024-05-06T14:41:07+00:00\",\"dateModified\":\"2024-05-24T14:30:19+00:00\",\"breadcrumb\":{\"@id\":\"https:\\\/\\\/www.quebec-elan.org\\\/fr\\\/state-of-the-arts-v2\\\/#breadcrumb\"},\"inLanguage\":\"fr-FR\",\"potentialAction\":[{\"@type\":\"ReadAction\",\"target\":[\"https:\\\/\\\/www.quebec-elan.org\\\/fr\\\/state-of-the-arts-v2\\\/\"]}]},{\"@type\":\"BreadcrumbList\",\"@id\":\"https:\\\/\\\/www.quebec-elan.org\\\/fr\\\/state-of-the-arts-v2\\\/#breadcrumb\",\"itemListElement\":[{\"@type\":\"ListItem\",\"position\":1,\"name\":\"Home\",\"item\":\"https:\\\/\\\/www.quebec-elan.org\\\/fr\\\/\"},{\"@type\":\"ListItem\",\"position\":2,\"name\":\"\u00c9tat de l\u2019art\"}]},{\"@type\":\"WebSite\",\"@id\":\"https:\\\/\\\/www.quebec-elan.org\\\/en\\\/#website\",\"url\":\"https:\\\/\\\/www.quebec-elan.org\\\/en\\\/\",\"name\":\"ELAN\",\"description\":\"English Language Arts Network\",\"publisher\":{\"@id\":\"https:\\\/\\\/www.quebec-elan.org\\\/en\\\/#organization\"},\"potentialAction\":[{\"@type\":\"SearchAction\",\"target\":{\"@type\":\"EntryPoint\",\"urlTemplate\":\"https:\\\/\\\/www.quebec-elan.org\\\/en\\\/?s={search_term_string}\"},\"query-input\":{\"@type\":\"PropertyValueSpecification\",\"valueRequired\":true,\"valueName\":\"search_term_string\"}}],\"inLanguage\":\"fr-FR\"},{\"@type\":\"Organization\",\"@id\":\"https:\\\/\\\/www.quebec-elan.org\\\/en\\\/#organization\",\"name\":\"ELAN - English Language Arts Network\",\"url\":\"https:\\\/\\\/www.quebec-elan.org\\\/en\\\/\",\"logo\":{\"@type\":\"ImageObject\",\"inLanguage\":\"fr-FR\",\"@id\":\"https:\\\/\\\/www.quebec-elan.org\\\/en\\\/#\\\/schema\\\/logo\\\/image\\\/\",\"url\":\"https:\\\/\\\/www.quebec-elan.org\\\/wp-content\\\/uploads\\\/2022\\\/05\\\/elan-logo-360.jpg\",\"contentUrl\":\"https:\\\/\\\/www.quebec-elan.org\\\/wp-content\\\/uploads\\\/2022\\\/05\\\/elan-logo-360.jpg\",\"width\":360,\"height\":70,\"caption\":\"ELAN - English Language Arts Network\"},\"image\":{\"@id\":\"https:\\\/\\\/www.quebec-elan.org\\\/en\\\/#\\\/schema\\\/logo\\\/image\\\/\"}}]}<\/script>\n<!-- \/ Yoast SEO plugin. -->","yoast_head_json":{"title":"\u00c9tat de l\u2019art - ELAN","robots":{"index":"index","follow":"follow","max-snippet":"max-snippet:-1","max-image-preview":"max-image-preview:large","max-video-preview":"max-video-preview:-1"},"canonical":"https:\/\/www.quebec-elan.org\/fr\/state-of-the-arts-v2\/","og_locale":"fr_FR","og_type":"article","og_title":"\u00c9tat de l\u2019art - ELAN","og_url":"https:\/\/www.quebec-elan.org\/fr\/state-of-the-arts-v2\/","og_site_name":"ELAN","article_modified_time":"2024-05-24T14:30:19+00:00","twitter_card":"summary_large_image","twitter_misc":{"Dur\u00e9e de lecture estim\u00e9e":"55 minutes"},"schema":{"@context":"https:\/\/schema.org","@graph":[{"@type":"WebPage","@id":"https:\/\/www.quebec-elan.org\/fr\/state-of-the-arts-v2\/","url":"https:\/\/www.quebec-elan.org\/fr\/state-of-the-arts-v2\/","name":"\u00c9tat de l\u2019art - ELAN","isPartOf":{"@id":"https:\/\/www.quebec-elan.org\/en\/#website"},"datePublished":"2024-05-06T14:41:07+00:00","dateModified":"2024-05-24T14:30:19+00:00","breadcrumb":{"@id":"https:\/\/www.quebec-elan.org\/fr\/state-of-the-arts-v2\/#breadcrumb"},"inLanguage":"fr-FR","potentialAction":[{"@type":"ReadAction","target":["https:\/\/www.quebec-elan.org\/fr\/state-of-the-arts-v2\/"]}]},{"@type":"BreadcrumbList","@id":"https:\/\/www.quebec-elan.org\/fr\/state-of-the-arts-v2\/#breadcrumb","itemListElement":[{"@type":"ListItem","position":1,"name":"Home","item":"https:\/\/www.quebec-elan.org\/fr\/"},{"@type":"ListItem","position":2,"name":"\u00c9tat de l\u2019art"}]},{"@type":"WebSite","@id":"https:\/\/www.quebec-elan.org\/en\/#website","url":"https:\/\/www.quebec-elan.org\/en\/","name":"ELAN","description":"English Language Arts Network","publisher":{"@id":"https:\/\/www.quebec-elan.org\/en\/#organization"},"potentialAction":[{"@type":"SearchAction","target":{"@type":"EntryPoint","urlTemplate":"https:\/\/www.quebec-elan.org\/en\/?s={search_term_string}"},"query-input":{"@type":"PropertyValueSpecification","valueRequired":true,"valueName":"search_term_string"}}],"inLanguage":"fr-FR"},{"@type":"Organization","@id":"https:\/\/www.quebec-elan.org\/en\/#organization","name":"ELAN - English Language Arts Network","url":"https:\/\/www.quebec-elan.org\/en\/","logo":{"@type":"ImageObject","inLanguage":"fr-FR","@id":"https:\/\/www.quebec-elan.org\/en\/#\/schema\/logo\/image\/","url":"https:\/\/www.quebec-elan.org\/wp-content\/uploads\/2022\/05\/elan-logo-360.jpg","contentUrl":"https:\/\/www.quebec-elan.org\/wp-content\/uploads\/2022\/05\/elan-logo-360.jpg","width":360,"height":70,"caption":"ELAN - English Language Arts Network"},"image":{"@id":"https:\/\/www.quebec-elan.org\/en\/#\/schema\/logo\/image\/"}}]}},"_links":{"self":[{"href":"https:\/\/www.quebec-elan.org\/fr\/wp-json\/wp\/v2\/pages\/62213","targetHints":{"allow":["GET"]}}],"collection":[{"href":"https:\/\/www.quebec-elan.org\/fr\/wp-json\/wp\/v2\/pages"}],"about":[{"href":"https:\/\/www.quebec-elan.org\/fr\/wp-json\/wp\/v2\/types\/page"}],"author":[{"embeddable":true,"href":"https:\/\/www.quebec-elan.org\/fr\/wp-json\/wp\/v2\/users\/234"}],"replies":[{"embeddable":true,"href":"https:\/\/www.quebec-elan.org\/fr\/wp-json\/wp\/v2\/comments?post=62213"}],"version-history":[{"count":0,"href":"https:\/\/www.quebec-elan.org\/fr\/wp-json\/wp\/v2\/pages\/62213\/revisions"}],"wp:attachment":[{"href":"https:\/\/www.quebec-elan.org\/fr\/wp-json\/wp\/v2\/media?parent=62213"}],"curies":[{"name":"wp","href":"https:\/\/api.w.org\/{rel}","templated":true}]}}